{"id":104,"date":"2016-03-16T11:49:23","date_gmt":"2016-03-16T14:49:23","guid":{"rendered":"http:\/\/www.upla.cl\/gestioncurricular\/?page_id=104"},"modified":"2025-04-25T15:34:11","modified_gmt":"2025-04-25T19:34:11","slug":"descargables","status":"publish","type":"page","link":"https:\/\/www.upla.cl\/secretariadeestudios\/descargables\/","title":{"rendered":"Descargables y enlaces de Inter\u00e9s"},"content":{"rendered":"<p>[et_pb_section fb_built=\u00bb1&#8243; admin_label=\u00bbSecci\u00f3n\u00bb _builder_version=\u00bb4.16&#8243; global_module=\u00bb2586&#8243; saved_tabs=\u00bball\u00bb global_colors_info=\u00bb{}\u00bb][et_pb_row column_structure=\u00bb2_3,1_3&#8243; admin_label=\u00bbFila\u00bb _builder_version=\u00bb4.16&#8243; background_size=\u00bbinitial\u00bb background_position=\u00bbtop_left\u00bb background_repeat=\u00bbrepeat\u00bb global_colors_info=\u00bb{}\u00bb][et_pb_column type=\u00bb2_3&#8243; _builder_version=\u00bb4.16&#8243; custom_padding=\u00bb|||\u00bb global_colors_info=\u00bb{}\u00bb custom_padding__hover=\u00bb|||\u00bb][et_pb_image src=\u00bbhttps:\/\/www.upla.cl\/secretariadeestudios\/wp-content\/uploads\/2021\/12\/logo-secre-estudios.png\u00bb alt=\u00bbLogo Secretar\u00eda de Estudios UPLA\u00bb title_text=\u00bbLogo Secretar\u00eda de Estudios UPLA\u00bb url=\u00bbhttps:\/\/www.upla.cl\/secretariadeestudios\/\u00bb align=\u00bbright\u00bb admin_label=\u00bbCabecera\u00bb _builder_version=\u00bb4.16&#8243; animation_style=\u00bbfade\u00bb animation_duration=\u00bb500ms\u00bb sticky=\u00bboff\u00bb use_border_color=\u00bboff\u00bb border_color=\u00bb#ffffff\u00bb border_style=\u00bbsolid\u00bb always_center_on_mobile=\u00bboff\u00bb global_colors_info=\u00bb{}\u00bb][\/et_pb_image][\/et_pb_column][et_pb_column type=\u00bb1_3&#8243; _builder_version=\u00bb4.16&#8243; custom_padding=\u00bb|||\u00bb global_colors_info=\u00bb{}\u00bb custom_padding__hover=\u00bb|||\u00bb][et_pb_image src=\u00bbhttps:\/\/www.upla.cl\/secretariadeestudios\/wp-content\/uploads\/2025\/03\/20250311_upla_acreditada_2022-2027-color.png\u00bb alt=\u00bbUPLA Acreditada\u00bb title_text=\u00bb20250311_upla_acreditada_2022-2027-color\u00bb url=\u00bbhttps:\/\/www.upla.cl\/calidad\/acreditacion\/acreditacion-institucional\/\u00bb url_new_window=\u00bbon\u00bb admin_label=\u00bbUPLA Acreditada\u00bb _builder_version=\u00bb4.27.4&#8243; _module_preset=\u00bbdefault\u00bb global_colors_info=\u00bb{}\u00bb][\/et_pb_image][\/et_pb_column][\/et_pb_row][\/et_pb_section][et_pb_section fb_built=\u00bb1&#8243; admin_label=\u00bbsection\u00bb _builder_version=\u00bb4.16&#8243; global_colors_info=\u00bb{}\u00bb][et_pb_row _builder_version=\u00bb4.16&#8243; _module_preset=\u00bbdefault\u00bb global_colors_info=\u00bb{}\u00bb][et_pb_column type=\u00bb4_4&#8243; _builder_version=\u00bb4.16&#8243; _module_preset=\u00bbdefault\u00bb global_colors_info=\u00bb{}\u00bb][et_pb_post_title meta=\u00bboff\u00bb featured_image=\u00bboff\u00bb admin_label=\u00bbT\u00edtulo de publicaci\u00f3n\u00bb _builder_version=\u00bb4.16&#8243; title_all_caps=\u00bboff\u00bb background_color=\u00bbrgba(255,255,255,0)\u00bb parallax=\u00bbon\u00bb parallax_method=\u00bboff\u00bb use_border_color=\u00bboff\u00bb border_color=\u00bb#ffffff\u00bb border_style=\u00bbsolid\u00bb parallax_effect=\u00bbon\u00bb module_bg_color=\u00bbrgba(255,255,255,0)\u00bb global_colors_info=\u00bb{}\u00bb][\/et_pb_post_title][\/et_pb_column][\/et_pb_row][et_pb_row column_structure=\u00bb1_2,1_2&#8243; admin_label=\u00bbFila\u00bb _builder_version=\u00bb4.16&#8243; background_size=\u00bbinitial\u00bb background_position=\u00bbtop_left\u00bb background_repeat=\u00bbrepeat\u00bb width=\u00bb90%\u00bb max_width=\u00bb2560px\u00bb global_colors_info=\u00bb{}\u00bb][et_pb_column type=\u00bb1_2&#8243; _builder_version=\u00bb4.16&#8243; custom_padding=\u00bb|||\u00bb global_colors_info=\u00bb{}\u00bb custom_padding__hover=\u00bb|||\u00bb][et_pb_blurb title=\u00bbFormularios para tr\u00e1mites UPLA\u00bb use_icon=\u00bbon\u00bb font_icon=\u00bb&#xe004;||divi||400&#8243; icon_color=\u00bb#ffffff\u00bb image_icon_background_color=\u00bb#009bdb\u00bb icon_placement=\u00bbleft\u00bb image_icon_width=\u00bb40px\u00bb admin_label=\u00bbAnuncio\u00bb _builder_version=\u00bb4.16&#8243; header_font=\u00bb|600|||||||\u00bb header_font_size=\u00bb26&#8243; background_color=\u00bb#009bdb\u00bb background_size=\u00bbinitial\u00bb background_position=\u00bbtop_left\u00bb background_repeat=\u00bbrepeat\u00bb image_icon_custom_padding=\u00bb8px|8px|8px|8px|false|false\u00bb custom_padding=\u00bb5%|5%|5%|5%|true|true\u00bb animation=\u00bboff\u00bb border_radii_image=\u00bbon|100%|100%|100%|100%\u00bb border_width_all_image=\u00bb2px\u00bb border_color_all_image=\u00bb#ffffff\u00bb use_border_color=\u00bboff\u00bb border_color=\u00bb#ffffff\u00bb border_style=\u00bbsolid\u00bb icon_font_size=\u00bb20px\u00bb use_circle=\u00bbon\u00bb use_circle_border=\u00bbon\u00bb circle_border_color=\u00bb#ffffff\u00bb circle_color=\u00bb#009bdb\u00bb global_colors_info=\u00bb{}\u00bb image_icon_background_color__sticky_enabled=\u00bb#7EBEC5&#8243; image_icon_background_color__sticky=\u00bb#7EBEC5&#8243;][\/et_pb_blurb][et_pb_blurb title=\u00bbImportante\u00bb use_icon=\u00bbon\u00bb font_icon=\u00bb&#x70;||divi||400&#8243; icon_color=\u00bb#ffffff\u00bb image_icon_background_color=\u00bb#009bdb\u00bb icon_placement=\u00bbleft\u00bb image_icon_width=\u00bb40px\u00bb admin_label=\u00bbAnuncio\u00bb _builder_version=\u00bb4.17.6&#8243; header_font=\u00bb|600|||||||\u00bb header_font_size=\u00bb26&#8243; body_font=\u00bb|600|||||||\u00bb background_color=\u00bb#EDF000&#8243; background_size=\u00bbinitial\u00bb background_position=\u00bbtop_left\u00bb background_repeat=\u00bbrepeat\u00bb image_icon_custom_padding=\u00bb8px|8px|8px|8px|false|false\u00bb custom_padding=\u00bb3%|5%|3%|5%|true|true\u00bb animation=\u00bboff\u00bb border_width_all=\u00bb2px\u00bb border_color_all=\u00bb#e35000&#8243; border_radii_image=\u00bbon|100%|100%|100%|100%\u00bb border_width_all_image=\u00bb2px\u00bb border_color_all_image=\u00bb#ffffff\u00bb use_border_color=\u00bboff\u00bb border_color=\u00bb#ffffff\u00bb border_style=\u00bbsolid\u00bb icon_font_size=\u00bb20px\u00bb use_circle=\u00bbon\u00bb use_circle_border=\u00bbon\u00bb circle_border_color=\u00bb#ffffff\u00bb circle_color=\u00bb#009bdb\u00bb global_colors_info=\u00bb{}\u00bb image_icon_background_color__sticky_enabled=\u00bb#7EBEC5&#8243; image_icon_background_color__sticky=\u00bb#7EBEC5&#8243;]<\/p>\n<p>Una vez completados los siguientes formularios: suspensiones, postergaciones, solicitudes de asignatura sin prerrequisito, seminario con una asignatura y m\u00e1s cr\u00e9ditos deben ser presentadas por el \/la estudiante al Director\/a de Carrera quien visar\u00e1 y, posteriormente, firmar\u00e1 el documento.<\/p>\n<p>El\/la estudiante deber\u00e1 enviar estos formularios a la encargada de carrera del \u00e1rea de Progresi\u00f3n Curricular, que se encuentran <span style=\"text-decoration: underline;\"><a href=\"https:\/\/www.upla.cl\/secretariadeestudios\/encargadas-por-carreras\/\" title=\"Encargadas por carrera\">en este enlace.<\/a><\/span><\/p>\n<p>Respecto de la solicitud de pr\u00f3rroga, matr\u00edculas fuera de plazo y modificaciones de matr\u00edcula (fuera de plazo) deben ser despachadas por el \/la estudiante previa revisi\u00f3n del \/la Director\/a de Carrera m\u00e1s su firma, a la Srta. Marianela Luna, encargada de ventanilla virtual, al correo electr\u00f3nico: <a href=\"mailto:mluna@upla.cl\">mluna@upla.cl.<\/a><\/p>\n<p>[\/et_pb_blurb][et_pb_blurb title=\u00bbSolicitud de Asignaturas con Requisito\u00bb url=\u00bbhttps:\/\/www.upla.cl\/secretariadeestudios\/wp-content\/uploads\/2021\/12\/20211220_gestioncurricular_formulario_asignaturaconrequisito.xlsx\u00bb url_new_window=\u00bbon\u00bb use_icon=\u00bbon\u00bb font_icon=\u00bb&#xf298;||fa||400&#8243; icon_color=\u00bb#FFFFFF\u00bb icon_placement=\u00bbleft\u00bb image_icon_width=\u00bb40px\u00bb _builder_version=\u00bb4.16&#8243; _module_preset=\u00bbdefault\u00bb header_font=\u00bb|700||on|||||\u00bb header_text_color=\u00bb#FFFFFF\u00bb header_font_size=\u00bb18px\u00bb body_text_color=\u00bb#ffffff\u00bb background_color=\u00bb#009bdb\u00bb custom_padding=\u00bb20px|20px|20px|20px|true|true\u00bb link_option_url=\u00bbhttps:\/\/www.upla.cl\/secretariadeestudios\/wp-content\/uploads\/2021\/12\/20211220_gestioncurricular_formulario_asignaturaconrequisito.xlsx\u00bb link_option_url_new_window=\u00bbon\u00bb global_colors_info=\u00bb{}\u00bb]<\/p>\n<p>Formato xlsx, 45 KB<\/p>\n<p>[\/et_pb_blurb][et_pb_blurb title=\u00bbSolicitud de M\u00e1s Cr\u00e9ditos\u00bb url=\u00bbhttps:\/\/www.upla.cl\/secretariadeestudios\/wp-content\/uploads\/2021\/12\/20211220_gestioncurricular_formulario_cursarmascreditos.xlsx\u00bb url_new_window=\u00bbon\u00bb use_icon=\u00bbon\u00bb font_icon=\u00bb&#xf298;||fa||400&#8243; icon_color=\u00bb#FFFFFF\u00bb icon_placement=\u00bbleft\u00bb image_icon_width=\u00bb40px\u00bb admin_label=\u00bbFormulario: Solicitud de M\u00e1s Cr\u00e9ditos\u00bb _builder_version=\u00bb4.16&#8243; _module_preset=\u00bbdefault\u00bb header_font=\u00bb|700||on|||||\u00bb header_text_color=\u00bb#FFFFFF\u00bb header_font_size=\u00bb18px\u00bb body_text_color=\u00bb#ffffff\u00bb background_color=\u00bb#009bdb\u00bb custom_padding=\u00bb20px|20px|20px|20px|true|true\u00bb link_option_url=\u00bbhttps:\/\/www.upla.cl\/secretariadeestudios\/wp-content\/uploads\/2021\/12\/20211220_gestioncurricular_formulario_cursarmascreditos.xlsx\u00bb link_option_url_new_window=\u00bbon\u00bb global_colors_info=\u00bb{}\u00bb]<\/p>\n<p>Formato xlsx, 45 KB<\/p>\n<p>[\/et_pb_blurb][et_pb_blurb title=\u00bbMatr\u00edcula Acad\u00e9mica\u00bb url=\u00bbhttps:\/\/www.upla.cl\/secretariadeestudios\/wp-content\/uploads\/2021\/12\/20211220_gestioncurricular_formulario_matricula.xlsx\u00bb url_new_window=\u00bbon\u00bb use_icon=\u00bbon\u00bb font_icon=\u00bb&#xf298;||fa||400&#8243; icon_color=\u00bb#FFFFFF\u00bb icon_placement=\u00bbleft\u00bb image_icon_width=\u00bb40px\u00bb admin_label=\u00bbFormulario: Matr\u00edcula Acad\u00e9mica\u00bb _builder_version=\u00bb4.16&#8243; _module_preset=\u00bbdefault\u00bb header_font=\u00bb|700||on|||||\u00bb header_text_color=\u00bb#FFFFFF\u00bb header_font_size=\u00bb18px\u00bb body_text_color=\u00bb#ffffff\u00bb background_color=\u00bb#009bdb\u00bb custom_padding=\u00bb20px|20px|20px|20px|true|true\u00bb link_option_url=\u00bbhttps:\/\/www.upla.cl\/secretariadeestudios\/wp-content\/uploads\/2021\/12\/20211220_gestioncurricular_formulario_matricula.xlsx\u00bb link_option_url_new_window=\u00bbon\u00bb global_colors_info=\u00bb{}\u00bb]<\/p>\n<p>Formato xlsx, 45 KB<\/p>\n<p>[\/et_pb_blurb][et_pb_blurb title=\u00bbMatr\u00edcula Fuera de Plazo\u00bb url=\u00bbhttps:\/\/www.upla.cl\/secretariadeestudios\/wp-content\/uploads\/2021\/12\/20211220_gestioncurricular_formulario_matriculafueradeplazo.xlsx\u00bb url_new_window=\u00bbon\u00bb use_icon=\u00bbon\u00bb font_icon=\u00bb&#xf298;||fa||400&#8243; icon_color=\u00bb#FFFFFF\u00bb icon_placement=\u00bbleft\u00bb image_icon_width=\u00bb40px\u00bb admin_label=\u00bbFormulario: Matr\u00edcula Fuera de Plazo\u00bb _builder_version=\u00bb4.16&#8243; _module_preset=\u00bbdefault\u00bb header_font=\u00bb|700||on|||||\u00bb header_text_color=\u00bb#FFFFFF\u00bb header_font_size=\u00bb18px\u00bb body_text_color=\u00bb#ffffff\u00bb background_color=\u00bb#009bdb\u00bb custom_padding=\u00bb20px|20px|20px|20px|true|true\u00bb link_option_url=\u00bbhttps:\/\/www.upla.cl\/secretariadeestudios\/wp-content\/uploads\/2021\/12\/20211220_gestioncurricular_formulario_matriculafueradeplazo.xlsx\u00bb link_option_url_new_window=\u00bbon\u00bb global_colors_info=\u00bb{}\u00bb]<\/p>\n<p>Formato xlsx, 45 KB<\/p>\n<p>[\/et_pb_blurb][et_pb_blurb title=\u00bbModificaci\u00f3n de matr\u00edcula\u00bb url=\u00bbhttps:\/\/www.upla.cl\/secretariadeestudios\/wp-content\/uploads\/2022\/08\/20220804_SecretariaEstudios_formulario_modificamatricula.xlsx\u00bb url_new_window=\u00bbon\u00bb use_icon=\u00bbon\u00bb font_icon=\u00bb&#xf298;||fa||400&#8243; icon_color=\u00bb#FFFFFF\u00bb icon_placement=\u00bbleft\u00bb image_icon_width=\u00bb40px\u00bb admin_label=\u00bbFormulario: Matr\u00edcula Fuera de Plazo\u00bb _builder_version=\u00bb4.17.6&#8243; _module_preset=\u00bbdefault\u00bb header_font=\u00bb|700||on|||||\u00bb header_text_color=\u00bb#FFFFFF\u00bb header_font_size=\u00bb18px\u00bb body_text_color=\u00bb#ffffff\u00bb background_color=\u00bb#009bdb\u00bb custom_padding=\u00bb20px|20px|20px|20px|true|true\u00bb link_option_url=\u00bbhttps:\/\/www.upla.cl\/secretariadeestudios\/wp-content\/uploads\/2022\/08\/20220804_SecretariaEstudios_formulario_modificamatricula.xlsx\u00bb link_option_url_new_window=\u00bbon\u00bb global_colors_info=\u00bb{}\u00bb]<\/p>\n<p>Formato xlsx, 43 KB<\/p>\n<p>[\/et_pb_blurb][et_pb_blurb title=\u00bbSolicitud de Postergaci\u00f3n de Estudios\u00bb url=\u00bbhttps:\/\/www.upla.cl\/secretariadeestudios\/wp-content\/uploads\/2023\/03\/20230310_formulario_de_postergacion.xlsx\u00bb url_new_window=\u00bbon\u00bb use_icon=\u00bbon\u00bb font_icon=\u00bb&#xf298;||fa||400&#8243; icon_color=\u00bb#FFFFFF\u00bb icon_placement=\u00bbleft\u00bb image_icon_width=\u00bb40px\u00bb admin_label=\u00bbFormulario: Solicitud de Postergaci\u00f3n de Estudios\u00bb _builder_version=\u00bb4.20.2&#8243; _module_preset=\u00bbdefault\u00bb header_font=\u00bb|700||on|||||\u00bb header_text_color=\u00bb#FFFFFF\u00bb header_font_size=\u00bb18px\u00bb body_text_color=\u00bb#ffffff\u00bb background_color=\u00bb#009bdb\u00bb custom_padding=\u00bb20px|20px|20px|20px|true|true\u00bb link_option_url=\u00bbhttps:\/\/www.upla.cl\/secretariadeestudios\/wp-content\/uploads\/2023\/03\/20230310_formulario_de_postergacion.xlsx\u00bb link_option_url_new_window=\u00bbon\u00bb global_colors_info=\u00bb{}\u00bb]<\/p>\n<p>Formato xlsx, 53 KB<\/p>\n<p>[\/et_pb_blurb][et_pb_blurb title=\u00bbSolicitud de Postergaci\u00f3n de Pruebas Finales\u00bb url=\u00bbhttps:\/\/www.upla.cl\/secretariadeestudios\/wp-content\/uploads\/2021\/12\/20211220_gestioncurricular_formulario_postergacionpruebasfinales.xlsx\u00bb url_new_window=\u00bbon\u00bb use_icon=\u00bbon\u00bb font_icon=\u00bb&#xf298;||fa||400&#8243; icon_color=\u00bb#FFFFFF\u00bb icon_placement=\u00bbleft\u00bb image_icon_width=\u00bb40px\u00bb admin_label=\u00bbFormulario: Solicitud de Postergaci\u00f3n de Pruebas Finales\u00bb _builder_version=\u00bb4.16&#8243; _module_preset=\u00bbdefault\u00bb header_font=\u00bb|700||on|||||\u00bb header_text_color=\u00bb#FFFFFF\u00bb header_font_size=\u00bb18px\u00bb body_text_color=\u00bb#ffffff\u00bb background_color=\u00bb#009bdb\u00bb custom_padding=\u00bb20px|20px|20px|20px|true|true\u00bb link_option_url=\u00bbhttps:\/\/www.upla.cl\/secretariadeestudios\/wp-content\/uploads\/2021\/12\/20211220_gestioncurricular_formulario_postergacionpruebasfinales.xlsx\u00bb link_option_url_new_window=\u00bbon\u00bb global_colors_info=\u00bb{}\u00bb]<\/p>\n<p>Formato xlsx, 57 KB<\/p>\n<p>[\/et_pb_blurb][et_pb_blurb title=\u00bbSolicitud de Pr\u00e1ctica con Asignatura Pendiente\u00bb url=\u00bbhttps:\/\/www.upla.cl\/secretariadeestudios\/wp-content\/uploads\/2021\/12\/20211220_gestioncurricular_formulario_practicaconasignaturapendiewnte.xlsx\u00bb url_new_window=\u00bbon\u00bb use_icon=\u00bbon\u00bb font_icon=\u00bb&#xf298;||fa||400&#8243; icon_color=\u00bb#FFFFFF\u00bb icon_placement=\u00bbleft\u00bb image_icon_width=\u00bb40px\u00bb admin_label=\u00bbFormulario: Solicitud de Pr\u00e1ctica con Asignatura Pendiente\u00bb _builder_version=\u00bb4.16&#8243; _module_preset=\u00bbdefault\u00bb header_font=\u00bb|700||on|||||\u00bb header_text_color=\u00bb#FFFFFF\u00bb header_font_size=\u00bb18px\u00bb body_text_color=\u00bb#ffffff\u00bb background_color=\u00bb#009bdb\u00bb custom_padding=\u00bb20px|20px|20px|20px|true|true\u00bb link_option_url=\u00bbhttps:\/\/www.upla.cl\/secretariadeestudios\/wp-content\/uploads\/2021\/12\/20211220_gestioncurricular_formulario_practicaconasignaturapendiewnte.xlsx\u00bb link_option_url_new_window=\u00bbon\u00bb global_colors_info=\u00bb{}\u00bb]<\/p>\n<p>Formato xlsx, 57 KB<\/p>\n<p>[\/et_pb_blurb][et_pb_blurb title=\u00bbSolicitud de Pr\u00f3rroga\u00bb url=\u00bbhttps:\/\/www.upla.cl\/secretariadeestudios\/wp-content\/uploads\/2021\/12\/20211220_gestioncurricular_formulario_prorroga.xlsx\u00bb url_new_window=\u00bbon\u00bb use_icon=\u00bbon\u00bb font_icon=\u00bb&#xf298;||fa||400&#8243; icon_color=\u00bb#FFFFFF\u00bb icon_placement=\u00bbleft\u00bb image_icon_width=\u00bb40px\u00bb admin_label=\u00bbFormulario: Solicitud de Pr\u00f3rroga\u00bb _builder_version=\u00bb4.16&#8243; _module_preset=\u00bbdefault\u00bb header_font=\u00bb|700||on|||||\u00bb header_text_color=\u00bb#FFFFFF\u00bb header_font_size=\u00bb18px\u00bb body_text_color=\u00bb#ffffff\u00bb background_color=\u00bb#009bdb\u00bb custom_padding=\u00bb20px|20px|20px|20px|true|true\u00bb link_option_url=\u00bbhttps:\/\/www.upla.cl\/secretariadeestudios\/wp-content\/uploads\/2021\/12\/20211220_gestioncurricular_formulario_prorroga.xlsx\u00bb link_option_url_new_window=\u00bbon\u00bb global_colors_info=\u00bb{}\u00bb]<\/p>\n<p>Formato xlsx, 50 KB<\/p>\n<p>[\/et_pb_blurb][et_pb_blurb title=\u00bbSolicitud de Reincorporaci\u00f3n\u00bb url=\u00bbhttps:\/\/www.upla.cl\/secretariadeestudios\/wp-content\/uploads\/2021\/12\/20211220_gestioncurricular_formulario_reincorporacion.xlsx\u00bb url_new_window=\u00bbon\u00bb use_icon=\u00bbon\u00bb font_icon=\u00bb&#xf298;||fa||400&#8243; icon_color=\u00bb#FFFFFF\u00bb icon_placement=\u00bbleft\u00bb image_icon_width=\u00bb40px\u00bb admin_label=\u00bbFormulario: Solicitud de Reincorporaci\u00f3n\u00bb _builder_version=\u00bb4.16&#8243; _module_preset=\u00bbdefault\u00bb header_font=\u00bb|700||on|||||\u00bb header_text_color=\u00bb#FFFFFF\u00bb header_font_size=\u00bb18px\u00bb body_text_color=\u00bb#ffffff\u00bb background_color=\u00bb#009bdb\u00bb custom_padding=\u00bb20px|20px|20px|20px|true|true\u00bb link_option_url=\u00bbhttps:\/\/www.upla.cl\/secretariadeestudios\/wp-content\/uploads\/2021\/12\/20211220_gestioncurricular_formulario_reincorporacion.xlsx\u00bb link_option_url_new_window=\u00bbon\u00bb global_colors_info=\u00bb{}\u00bb]<\/p>\n<p>Formato xlsx, 50 KB<\/p>\n<p>[\/et_pb_blurb][et_pb_blurb title=\u00bbSolicitud de Retiro de la Carrera\u00bb url=\u00bbhttps:\/\/www.upla.cl\/secretariadeestudios\/wp-content\/uploads\/2023\/03\/20230310_formulario_de_retiro_de_carrera.xlsx\u00bb url_new_window=\u00bbon\u00bb use_icon=\u00bbon\u00bb font_icon=\u00bb&#xf298;||fa||400&#8243; icon_color=\u00bb#FFFFFF\u00bb icon_placement=\u00bbleft\u00bb image_icon_width=\u00bb40px\u00bb admin_label=\u00bbFormulario: Solicitud de Retiro de la Carrera\u00bb _builder_version=\u00bb4.20.2&#8243; _module_preset=\u00bbdefault\u00bb header_font=\u00bb|700||on|||||\u00bb header_text_color=\u00bb#FFFFFF\u00bb header_font_size=\u00bb18px\u00bb body_text_color=\u00bb#ffffff\u00bb background_color=\u00bb#009bdb\u00bb custom_padding=\u00bb20px|20px|20px|20px|true|true\u00bb link_option_url=\u00bbhttps:\/\/www.upla.cl\/secretariadeestudios\/wp-content\/uploads\/2023\/03\/20230310_formulario_de_retiro_de_carrera.xlsx\u00bb link_option_url_new_window=\u00bbon\u00bb global_colors_info=\u00bb{}\u00bb]<\/p>\n<p>Formato xlsx, 43 KB<\/p>\n<p>[\/et_pb_blurb][et_pb_blurb title=\u00bbSolicitud para Cursar Seminario de Titulaci\u00f3n con Asignatura Pendiente\u00bb url=\u00bbhttps:\/\/www.upla.cl\/secretariadeestudios\/wp-content\/uploads\/2021\/12\/20211220_gestioncurricular_formulario_seminarioconasignaturapendiente.xlsx\u00bb url_new_window=\u00bbon\u00bb use_icon=\u00bbon\u00bb font_icon=\u00bb&#xf298;||fa||400&#8243; icon_color=\u00bb#FFFFFF\u00bb icon_placement=\u00bbleft\u00bb image_icon_width=\u00bb40px\u00bb admin_label=\u00bbFormulario: Solicitud para Cursar Seminario de Titulaci\u00f3n con Asignatura Pendiente\u00bb _builder_version=\u00bb4.16&#8243; _module_preset=\u00bbdefault\u00bb header_font=\u00bb|700||on|||||\u00bb header_text_color=\u00bb#FFFFFF\u00bb header_font_size=\u00bb18px\u00bb body_text_color=\u00bb#ffffff\u00bb background_color=\u00bb#009bdb\u00bb custom_padding=\u00bb20px|20px|20px|20px|true|true\u00bb link_option_url=\u00bbhttps:\/\/www.upla.cl\/secretariadeestudios\/wp-content\/uploads\/2021\/12\/20211220_gestioncurricular_formulario_seminarioconasignaturapendiente.xlsx\u00bb link_option_url_new_window=\u00bbon\u00bb global_colors_info=\u00bb{}\u00bb]<\/p>\n<p>Formato xlsx, 46 KB<\/p>\n<p>[\/et_pb_blurb][et_pb_blurb title=\u00bbSolicitud de Certificado\u00bb url=\u00bbhttps:\/\/www.upla.cl\/secretariadeestudios\/wp-content\/uploads\/2021\/12\/20211220_gestioncurricular_formulario_solicituddecertificado.xlsx\u00bb url_new_window=\u00bbon\u00bb use_icon=\u00bbon\u00bb font_icon=\u00bb&#xf298;||fa||400&#8243; icon_color=\u00bb#FFFFFF\u00bb icon_placement=\u00bbleft\u00bb image_icon_width=\u00bb40px\u00bb admin_label=\u00bbFormulario: Solicitud de Certificado\u00bb _builder_version=\u00bb4.16&#8243; _module_preset=\u00bbdefault\u00bb header_font=\u00bb|700||on|||||\u00bb header_text_color=\u00bb#FFFFFF\u00bb header_font_size=\u00bb18px\u00bb body_text_color=\u00bb#ffffff\u00bb background_color=\u00bb#009bdb\u00bb custom_padding=\u00bb20px|20px|20px|20px|true|true\u00bb link_option_url=\u00bbhttps:\/\/www.upla.cl\/secretariadeestudios\/wp-content\/uploads\/2021\/12\/20211220_gestioncurricular_formulario_solicituddecertificado.xlsx\u00bb link_option_url_new_window=\u00bbon\u00bb global_colors_info=\u00bb{}\u00bb]<\/p>\n<p>Formato xlsx, 55 KB<\/p>\n<p>[\/et_pb_blurb][et_pb_blurb title=\u00bbSolicitud de Suspensi\u00f3n de Semestre\u00bb url=\u00bbhttps:\/\/www.upla.cl\/secretariadeestudios\/wp-content\/uploads\/2023\/03\/2023_secretaria_de_estudios_formulario_suspension.xlsx\u00bb url_new_window=\u00bbon\u00bb use_icon=\u00bbon\u00bb font_icon=\u00bb&#xf298;||fa||400&#8243; icon_color=\u00bb#FFFFFF\u00bb icon_placement=\u00bbleft\u00bb image_icon_width=\u00bb40px\u00bb admin_label=\u00bbFormulario: Solicitud de Suspensi\u00f3n de Semestre\u00bb _builder_version=\u00bb4.20.2&#8243; _module_preset=\u00bbdefault\u00bb header_font=\u00bb|700||on|||||\u00bb header_text_color=\u00bb#FFFFFF\u00bb header_font_size=\u00bb18px\u00bb body_text_color=\u00bb#ffffff\u00bb background_color=\u00bb#009bdb\u00bb custom_padding=\u00bb20px|20px|20px|20px|true|true\u00bb link_option_url=\u00bbhttps:\/\/www.upla.cl\/secretariadeestudios\/wp-content\/uploads\/2023\/03\/2023_secretaria_de_estudios_formulario_suspension.xlsx\u00bb link_option_url_new_window=\u00bbon\u00bb global_colors_info=\u00bb{}\u00bb]<\/p>\n<p>Formato xlsx, 56 KB<\/p>\n<p>[\/et_pb_blurb][et_pb_blurb title=\u00bbSolicitud de Tercera Oportunidad\u00bb url=\u00bbhttps:\/\/www.upla.cl\/secretariadeestudios\/wp-content\/uploads\/2021\/12\/20211220_gestioncurricular_formulario_terceraoportunidad.xlsx\u00bb url_new_window=\u00bbon\u00bb use_icon=\u00bbon\u00bb font_icon=\u00bb&#xf298;||fa||400&#8243; icon_color=\u00bb#FFFFFF\u00bb icon_placement=\u00bbleft\u00bb image_icon_width=\u00bb40px\u00bb admin_label=\u00bbFormulario: Solicitud de Tercera Oportunidad\u00bb _builder_version=\u00bb4.16&#8243; _module_preset=\u00bbdefault\u00bb header_font=\u00bb|700||on|||||\u00bb header_text_color=\u00bb#FFFFFF\u00bb header_font_size=\u00bb18px\u00bb body_text_color=\u00bb#ffffff\u00bb background_color=\u00bb#009bdb\u00bb custom_padding=\u00bb20px|20px|20px|20px|true|true\u00bb link_option_url=\u00bbhttps:\/\/www.upla.cl\/secretariadeestudios\/wp-content\/uploads\/2021\/12\/20211220_gestioncurricular_formulario_terceraoportunidad.xlsx\u00bb link_option_url_new_window=\u00bbon\u00bb global_colors_info=\u00bb{}\u00bb]<\/p>\n<p>Formato xlsx, 48 KB<\/p>\n<p>[\/et_pb_blurb][\/et_pb_column][et_pb_column type=\u00bb1_2&#8243; _builder_version=\u00bb4.16&#8243; custom_padding=\u00bb|||\u00bb global_colors_info=\u00bb{}\u00bb custom_padding__hover=\u00bb|||\u00bb][et_pb_blurb title=\u00bbEnlaces de inter\u00e9s\u00bb use_icon=\u00bbon\u00bb font_icon=\u00bb&#xe01e;||divi||400&#8243; icon_color=\u00bb#ffffff\u00bb image_icon_background_color=\u00bb#009bdb\u00bb icon_placement=\u00bbleft\u00bb image_icon_width=\u00bb40px\u00bb admin_label=\u00bbAnuncio\u00bb _builder_version=\u00bb4.27.4&#8243; header_font=\u00bb|600|||||||\u00bb header_font_size=\u00bb26&#8243; background_color=\u00bb#bce3fa\u00bb background_size=\u00bbinitial\u00bb background_position=\u00bbtop_left\u00bb background_repeat=\u00bbrepeat\u00bb image_icon_custom_padding=\u00bb8px|8px|8px|8px|false|false\u00bb custom_padding=\u00bb5%|5%|5%|5%|true|true\u00bb animation=\u00bboff\u00bb border_radii_image=\u00bbon|100%|100%|100%|100%\u00bb border_width_all_image=\u00bb2px\u00bb border_color_all_image=\u00bb#ffffff\u00bb use_border_color=\u00bboff\u00bb border_color=\u00bb#ffffff\u00bb border_style=\u00bbsolid\u00bb icon_font_size=\u00bb20px\u00bb use_circle=\u00bbon\u00bb use_circle_border=\u00bbon\u00bb circle_border_color=\u00bb#ffffff\u00bb circle_color=\u00bb#009bdb\u00bb global_colors_info=\u00bb{}\u00bb image_icon_background_color__sticky_enabled=\u00bb#7EBEC5&#8243; image_icon_background_color__sticky=\u00bb#7EBEC5&#8243;][\/et_pb_blurb][et_pb_button button_url=\u00bbhttp:\/\/www.upla.cl\/inicio\/2012_0327_proyecto_educativo.pdf\u00bb url_new_window=\u00bbon\u00bb button_text=\u00bbProyecto Educativo\u00bb button_alignment=\u00bbleft\u00bb admin_label=\u00bbProyecto Educativo\u00bb _builder_version=\u00bb4.16&#8243; global_colors_info=\u00bb{}\u00bb button_text_size__hover_enabled=\u00bboff\u00bb button_one_text_size__hover_enabled=\u00bboff\u00bb button_two_text_size__hover_enabled=\u00bboff\u00bb button_text_color__hover_enabled=\u00bboff\u00bb button_one_text_color__hover_enabled=\u00bboff\u00bb button_two_text_color__hover_enabled=\u00bboff\u00bb button_border_width__hover_enabled=\u00bboff\u00bb button_one_border_width__hover_enabled=\u00bboff\u00bb button_two_border_width__hover_enabled=\u00bboff\u00bb button_border_color__hover_enabled=\u00bboff\u00bb button_one_border_color__hover_enabled=\u00bboff\u00bb button_two_border_color__hover_enabled=\u00bboff\u00bb button_border_radius__hover_enabled=\u00bboff\u00bb button_one_border_radius__hover_enabled=\u00bboff\u00bb button_two_border_radius__hover_enabled=\u00bboff\u00bb button_letter_spacing__hover_enabled=\u00bboff\u00bb button_one_letter_spacing__hover_enabled=\u00bboff\u00bb button_two_letter_spacing__hover_enabled=\u00bboff\u00bb button_bg_color__hover_enabled=\u00bboff\u00bb button_one_bg_color__hover_enabled=\u00bboff\u00bb button_two_bg_color__hover_enabled=\u00bboff\u00bb][\/et_pb_button][et_pb_button button_url=\u00bbhttps:\/\/www.upla.cl\/noticias\/wp-content\/uploads\/2024\/11\/Decreto-Exento-1652-2024-Apruba-Modelo-Educativo-a-partir-2024-actualizado-3.pdf\u00bb url_new_window=\u00bbon\u00bb button_text=\u00bbModelo Educativo 2024&#8243; button_alignment=\u00bbleft\u00bb admin_label=\u00bbModelo Educativo\u00bb _builder_version=\u00bb4.27.4&#8243; global_colors_info=\u00bb{}\u00bb button_text_size__hover_enabled=\u00bboff\u00bb button_one_text_size__hover_enabled=\u00bboff\u00bb button_two_text_size__hover_enabled=\u00bboff\u00bb button_text_color__hover_enabled=\u00bboff\u00bb button_one_text_color__hover_enabled=\u00bboff\u00bb button_two_text_color__hover_enabled=\u00bboff\u00bb button_border_width__hover_enabled=\u00bboff\u00bb button_one_border_width__hover_enabled=\u00bboff\u00bb button_two_border_width__hover_enabled=\u00bboff\u00bb button_border_color__hover_enabled=\u00bboff\u00bb button_one_border_color__hover_enabled=\u00bboff\u00bb button_two_border_color__hover_enabled=\u00bboff\u00bb button_border_radius__hover_enabled=\u00bboff\u00bb button_one_border_radius__hover_enabled=\u00bboff\u00bb button_two_border_radius__hover_enabled=\u00bboff\u00bb button_letter_spacing__hover_enabled=\u00bboff\u00bb button_one_letter_spacing__hover_enabled=\u00bboff\u00bb button_two_letter_spacing__hover_enabled=\u00bboff\u00bb button_bg_color__hover_enabled=\u00bboff\u00bb button_one_bg_color__hover_enabled=\u00bboff\u00bb button_two_bg_color__hover_enabled=\u00bboff\u00bb][\/et_pb_button][et_pb_button button_url=\u00bbhttps:\/\/dapei.upla.cl\/Gestion_Estrategica\/Dashboard\/index.html\u00bb url_new_window=\u00bbon\u00bb button_text=\u00bbDatos para el an\u00e1lisis institucional\u00bb button_alignment=\u00bbleft\u00bb admin_label=\u00bbInformes estad\u00edsticos\u00bb _builder_version=\u00bb4.27.4&#8243; global_colors_info=\u00bb{}\u00bb button_text_size__hover_enabled=\u00bboff\u00bb button_one_text_size__hover_enabled=\u00bboff\u00bb button_two_text_size__hover_enabled=\u00bboff\u00bb button_text_color__hover_enabled=\u00bboff\u00bb button_one_text_color__hover_enabled=\u00bboff\u00bb button_two_text_color__hover_enabled=\u00bboff\u00bb button_border_width__hover_enabled=\u00bboff\u00bb button_one_border_width__hover_enabled=\u00bboff\u00bb button_two_border_width__hover_enabled=\u00bboff\u00bb button_border_color__hover_enabled=\u00bboff\u00bb button_one_border_color__hover_enabled=\u00bboff\u00bb button_two_border_color__hover_enabled=\u00bboff\u00bb button_border_radius__hover_enabled=\u00bboff\u00bb button_one_border_radius__hover_enabled=\u00bboff\u00bb button_two_border_radius__hover_enabled=\u00bboff\u00bb button_letter_spacing__hover_enabled=\u00bboff\u00bb button_one_letter_spacing__hover_enabled=\u00bboff\u00bb button_two_letter_spacing__hover_enabled=\u00bboff\u00bb button_bg_color__hover_enabled=\u00bboff\u00bb button_one_bg_color__hover_enabled=\u00bboff\u00bb button_two_bg_color__hover_enabled=\u00bboff\u00bb][\/et_pb_button][et_pb_button button_url=\u00bbhttps:\/\/www.upla.cl\/secretariadeestudios\/wp-content\/uploads\/2020\/05\/20200519_gestioncurricular_manualzoom_discapacidadauditiva.pdf\u00bb url_new_window=\u00bbon\u00bb button_text=\u00bbManual para clases virtuales por Zoom para estudiantes que presentan discapacidad auditiva o visual (pdf, 1 MB)\u00bb button_alignment=\u00bbleft\u00bb admin_label=\u00bbManual para clases virtuales por Zoom para estudiantes que presentan discapacidad auditiva o visual (pdf, 1 MB)\u00bb _builder_version=\u00bb4.16&#8243; custom_button=\u00bbon\u00bb button_text_color=\u00bb#ffffff\u00bb button_bg_color=\u00bb#c08de8&#8243; global_colors_info=\u00bb{}\u00bb button_text_size__hover_enabled=\u00bboff\u00bb button_one_text_size__hover_enabled=\u00bboff\u00bb button_two_text_size__hover_enabled=\u00bboff\u00bb button_text_color__hover_enabled=\u00bboff\u00bb button_one_text_color__hover_enabled=\u00bboff\u00bb button_two_text_color__hover_enabled=\u00bboff\u00bb button_border_width__hover_enabled=\u00bboff\u00bb button_one_border_width__hover_enabled=\u00bboff\u00bb button_two_border_width__hover_enabled=\u00bboff\u00bb button_border_color__hover_enabled=\u00bboff\u00bb button_one_border_color__hover_enabled=\u00bboff\u00bb button_two_border_color__hover_enabled=\u00bboff\u00bb button_border_radius__hover_enabled=\u00bboff\u00bb button_one_border_radius__hover_enabled=\u00bboff\u00bb button_two_border_radius__hover_enabled=\u00bboff\u00bb button_letter_spacing__hover_enabled=\u00bboff\u00bb button_one_letter_spacing__hover_enabled=\u00bboff\u00bb button_two_letter_spacing__hover_enabled=\u00bboff\u00bb button_bg_color__hover_enabled=\u00bboff\u00bb button_one_bg_color__hover_enabled=\u00bboff\u00bb button_two_bg_color__hover_enabled=\u00bboff\u00bb][\/et_pb_button][et_pb_blurb title=\u00bbOtros enlaces\u00bb use_icon=\u00bbon\u00bb font_icon=\u00bb&#xe02b;||divi||400&#8243; icon_color=\u00bb#000000&#8243; image_icon_background_color=\u00bb#009bdb\u00bb icon_placement=\u00bbleft\u00bb image_icon_width=\u00bb40px\u00bb admin_label=\u00bbEnlaces relacionados\u00bb _builder_version=\u00bb4.27.4&#8243; header_text_align=\u00bbleft\u00bb header_font_size=\u00bb26&#8243; body_font_size=\u00bb16&#8243; body_link_text_color=\u00bb#ffffff\u00bb background_color=\u00bb#444444&#8243; background_size=\u00bbinitial\u00bb background_position=\u00bbtop_left\u00bb background_repeat=\u00bbrepeat\u00bb image_icon_custom_padding=\u00bb8px|8px|8px|8px|false|false\u00bb text_orientation=\u00bbright\u00bb background_layout=\u00bbdark\u00bb custom_padding=\u00bb6.3%|5%|6.3%|5%|true|true\u00bb animation=\u00bboff\u00bb border_radii_image=\u00bbon|100%|100%|100%|100%\u00bb use_border_color=\u00bboff\u00bb border_color=\u00bb#ffffff\u00bb border_style=\u00bbsolid\u00bb use_circle=\u00bbon\u00bb circle_color=\u00bb#009bdb\u00bb global_colors_info=\u00bb{}\u00bb image_icon_background_color__sticky_enabled=\u00bb#7EBEC5&#8243; image_icon_background_color__sticky=\u00bb#7EBEC5&#8243;]<\/p>\n<ul>\n<li style=\"text-align: left;\"><a href=\"http:\/\/www.upla.cl\/calendarioacademico\/\" target=\"_blank\" rel=\"noopener noreferrer\">Calendario Acad\u00e9mico.<\/a><\/li>\n<li style=\"text-align: left;\"><a href=\"http:\/\/www.upla.cl\/reglamentodelestudiante\/\" target=\"_blank\" rel=\"noopener noreferrer\">Reglamento del Estudiante.<\/a><\/li>\n<li style=\"text-align: left;\"><a href=\"http:\/\/dgde.upla.cl\/\" target=\"_blank\" rel=\"noopener noreferrer\">Direcci\u00f3n General de Desarrollo Estudiantil.<\/a><\/li>\n<li style=\"text-align: left;\"><a href=\"http:\/\/www.upla.cl\/titulosygrados\" target=\"_blank\" rel=\"noopener noreferrer\">Oficina de T\u00edtulos y Grados.<\/a><\/li>\n<li style=\"text-align: left;\"><a href=\"http:\/\/www.upla.cl\/bibliotecas\" target=\"_blank\" rel=\"noopener noreferrer\">Bibliotecas<\/a>.<\/li>\n<li style=\"text-align: left;\"><a href=\"https:\/\/mail.google.com\/a\/upla.cl\/\" target=\"_blank\" rel=\"noopener noreferrer\">Correo Institucional.<\/a><\/li>\n<li style=\"text-align: left;\"><a href=\"http:\/\/www.upla.cl\" target=\"_blank\" rel=\"noopener noreferrer\">HomePage UPLA.cl<\/a><\/li>\n<li style=\"text-align: left;\"><a href=\"http:\/\/www.upla.cl\/noticias\" target=\"_blank\" rel=\"noopener noreferrer\">Sitio de Noticias<\/a><\/li>\n<li style=\"text-align: left;\"><a href=\"http:\/\/www.upla.cl\/calidad\/acreditacion\/\" target=\"_blank\" rel=\"noopener noreferrer\">Acreditaci\u00f3n<\/a>.<\/li>\n<\/ul>\n<p>[\/et_pb_blurb][\/et_pb_column][\/et_pb_row][\/et_pb_section][et_pb_section fb_built=\u00bb1&#8243; admin_label=\u00bbSecci\u00f3n footer\u00bb _builder_version=\u00bb4.27.2&#8243; _module_preset=\u00bbdefault\u00bb background_color=\u00bb#e5e5e5&#8243; background_enable_image=\u00bboff\u00bb min_height=\u00bb144.2px\u00bb custom_margin=\u00bb2px|||||\u00bb custom_padding=\u00bb50px||3px||false|false\u00bb border_width_top=\u00bb1px\u00bb border_color_top=\u00bbRGBA(255,255,255,0)\u00bb border_style_top=\u00bboutset\u00bb global_module=\u00bb2536&#8243; saved_tabs=\u00bball\u00bb collapsed=\u00bboff\u00bb global_colors_info=\u00bb{}\u00bb][et_pb_row column_structure=\u00bb1_4,1_4,1_4,1_4&#8243; _builder_version=\u00bb4.24.3&#8243; _module_preset=\u00bbdefault\u00bb max_width=\u00bb2560px\u00bb min_height=\u00bb247.9px\u00bb custom_margin=\u00bb|auto|23px|auto|false|false\u00bb custom_padding=\u00bb|20px||20px|false|true\u00bb global_colors_info=\u00bb{}\u00bb][et_pb_column type=\u00bb1_4&#8243; _builder_version=\u00bb4.20.4&#8243; _module_preset=\u00bbdefault\u00bb global_colors_info=\u00bb{}\u00bb][et_pb_image src=\u00bbhttps:\/\/www.upla.cl\/secretariadeestudios\/wp-content\/uploads\/2024\/10\/im-upla.png\u00bb alt=\u00bbUniversidad de Playa Ancha\u00bb title_text=\u00bbim-upla\u00bb url=\u00bbhttps:\/\/www.upla.cl\/portada\/\u00bb align_tablet=\u00bb\u00bb align_phone=\u00bbcenter\u00bb align_last_edited=\u00bbon|phone\u00bb _builder_version=\u00bb4.22.2&#8243; _module_preset=\u00bbdefault\u00bb custom_padding_tablet=\u00bb\u00bb custom_padding_phone=\u00bb|30px||30px|false|true\u00bb custom_padding_last_edited=\u00bbon|phone\u00bb global_colors_info=\u00bb{}\u00bb][\/et_pb_image][et_pb_text _builder_version=\u00bb4.27.2&#8243; _module_preset=\u00bbdefault\u00bb text_text_color=\u00bb#565656&#8243; text_font_size=\u00bb15px\u00bb custom_padding=\u00bb|10px|||false|false\u00bb custom_padding_tablet=\u00bb|10px|||false|false\u00bb custom_padding_phone=\u00bb|30px||30px|false|true\u00bb custom_padding_last_edited=\u00bbon|phone\u00bb text_orientation_tablet=\u00bb\u00bb text_orientation_phone=\u00bbcenter\u00bb text_orientation_last_edited=\u00bbon|desktop\u00bb global_colors_info=\u00bb{}\u00bb]<\/p>\n<p style=\"text-align: left;\"><strong>Secretar\u00eda de Estudios de la Universidad de Playa Ancha.<\/strong><\/p>\n<p style=\"text-align: left;\"><span style=\"color: #565656;\"><a href=\"https:\/\/goo.gl\/maps\/cgVi1ndZsMRnRehe9\" target=\"_blank\" rel=\"noopener\" style=\"color: #565656;\">Avenida Guillermo Gonz\u00e1lez de Hontaneda N\u00ba 855, Edificio Institucional, quinto piso.<\/a><\/span><\/p>\n<p>[\/et_pb_text][et_pb_sidebar area=\u00bbet_pb_widget_area_1&#8243; _builder_version=\u00bb4.27.2&#8243; _module_preset=\u00bbdefault\u00bb global_colors_info=\u00bb{}\u00bb][\/et_pb_sidebar][et_pb_sidebar area=\u00bbsidebar-2&#8243; _builder_version=\u00bb4.27.2&#8243; _module_preset=\u00bbdefault\u00bb global_colors_info=\u00bb{}\u00bb][\/et_pb_sidebar][\/et_pb_column][et_pb_column type=\u00bb1_4&#8243; _builder_version=\u00bb4.20.4&#8243; _module_preset=\u00bbdefault\u00bb global_colors_info=\u00bb{}\u00bb][et_pb_image src=\u00bbhttps:\/\/www.upla.cl\/secretariadeestudios\/wp-content\/uploads\/2025\/03\/20250311_upla_acreditada_2022-2027-color-1.png\u00bb alt=\u00bbUPLA_acreditada_2022-2027&#8243; title_text=\u00bb20250311_upla_acreditada_2022-2027-color\u00bb align_tablet=\u00bb\u00bb align_phone=\u00bbcenter\u00bb align_last_edited=\u00bbon|phone\u00bb _builder_version=\u00bb4.27.4&#8243; _module_preset=\u00bbdefault\u00bb width_tablet=\u00bb\u00bb width_phone=\u00bb60%\u00bb width_last_edited=\u00bbon|phone\u00bb custom_margin=\u00bb-10px||||false|false\u00bb custom_margin_tablet=\u00bb\u00bb custom_margin_phone=\u00bb\u00bb custom_margin_last_edited=\u00bbon|desktop\u00bb custom_padding=\u00bb||0px|||\u00bb global_colors_info=\u00bb{}\u00bb][\/et_pb_image][et_pb_divider color=\u00bb#009bdb\u00bb divider_position=\u00bbcenter\u00bb disabled_on=\u00bboff|off|on\u00bb _builder_version=\u00bb4.22.2&#8243; _module_preset=\u00bbdefault\u00bb global_colors_info=\u00bb{}\u00bb][\/et_pb_divider][et_pb_sidebar area=\u00bbet_pb_widget_area_4&#8243; _builder_version=\u00bb4.27.2&#8243; _module_preset=\u00bbdefault\u00bb global_colors_info=\u00bb{}\u00bb][\/et_pb_sidebar][et_pb_sidebar area=\u00bbsidebar-3&#8243; _builder_version=\u00bb4.27.2&#8243; _module_preset=\u00bbdefault\u00bb global_colors_info=\u00bb{}\u00bb][\/et_pb_sidebar][\/et_pb_column][et_pb_column type=\u00bb1_4&#8243; _builder_version=\u00bb4.22.2&#8243; _module_preset=\u00bbdefault\u00bb global_colors_info=\u00bb{}\u00bb][et_pb_blurb title=\u00bbConoce nuestras facultades\u00bb _builder_version=\u00bb4.22.2&#8243; _module_preset=\u00bbdefault\u00bb header_font=\u00bbLato|700|||||||\u00bb header_text_color=\u00bb#565656&#8243; header_font_size=\u00bb16px\u00bb body_font=\u00bbLato||||||||\u00bb body_font_size=\u00bb15px\u00bb min_height=\u00bb338.6px\u00bb custom_padding=\u00bb|10px|0px||false|false\u00bb custom_padding_tablet=\u00bb|10px|||false|false\u00bb custom_padding_phone=\u00bb|30px||30px|false|true\u00bb custom_padding_last_edited=\u00bbon|phone\u00bb header_text_align_tablet=\u00bb\u00bb header_text_align_phone=\u00bbcenter\u00bb header_text_align_last_edited=\u00bbon|phone\u00bb body_text_color_last_edited=\u00bboff|desktop\u00bb text_orientation_tablet=\u00bb\u00bb text_orientation_phone=\u00bbleft\u00bb text_orientation_last_edited=\u00bbon|phone\u00bb global_colors_info=\u00bb{}\u00bb body_text_color__hover_enabled=\u00bbon|desktop\u00bb body_text_color__hover=\u00bb#009bdb\u00bb]<\/p>\n<p><span style=\"color: #009bdb;\">\u00a0<\/span><\/p>\n<p><span style=\"color: #009bdb;\"><a href=\"https:\/\/www.upla.cl\/sanfelipe\/\" target=\"_blank\" rel=\"noopener\" style=\"color: #009bdb3;\">&gt; Campus San Felipe<\/a><\/span><\/p>\n<p><span style=\"color: #009bdb;\"><a href=\"https:\/\/www.arteupla.cl\/\" target=\"_blank\" rel=\"noopener\" style=\"color: #009bdb;\">&gt; Facultad de Arte<\/a><\/span><\/p>\n<p><span style=\"color: #009bdb;\"><a href=\"https:\/\/www.upla.cl\/cienciasactividadfisicaydeporte\/\" target=\"_blank\" rel=\"noopener\" style=\"color: #009bdb;\">&gt; Facultad de Ciencias de Actividad F\u00edsica y del Deporte<\/a><\/span><\/p>\n<p><span style=\"color: #009bdb;\"><a href=\"https:\/\/www.upla.cl\/cienciaseducacion\/\" target=\"_blank\" rel=\"noopener\" style=\"color: #009bdb;\">&gt;Facultad de Ciencias de la Educaci\u00f3n<\/a><\/span><\/p>\n<p><span style=\"color: #009bdb;\"><a href=\"https:\/\/www.upla.cl\/cienciassalud\/\" target=\"_blank\" rel=\"noopener\" style=\"color: #009bdb;\">&gt; Facultad de Ciencias de la Salud<\/a><\/span><\/p>\n<p><span style=\"color: #009bdb;\"><a href=\"https:\/\/upla.cl\/facultad\/cienciasnaturalesyexactas\/\" target=\"_blank\" rel=\"noopener\" style=\"color: #009bdb;\">&gt; Facultad de Ciencias Naturales y Exactas<\/a><\/span><\/p>\n<p><span style=\"color: #009bdb;\"><a href=\"https:\/\/www.upla.cl\/csociales\/\" target=\"_blank\" rel=\"noopener\" style=\"color: #009bdb;\">&gt; Facultad de Ciencias Sociales<\/a><\/span><\/p>\n<p><span style=\"color: #009bdb;\"><a href=\"https:\/\/upla.cl\/facultad\/humanidades\/\" target=\"_blank\" rel=\"noopener\" style=\"color: #009bdb;\">&gt; Facultad de Humanidades<\/a><\/span><\/p>\n<p><span style=\"color: #009bdb;\"><a href=\"https:\/\/www.upla.cl\/facultad\/ingenieria\/\" target=\"_blank\" rel=\"noopener\" style=\"color: #009bdb;\">&gt; Facultad de Ingenier\u00eda<\/a><\/span><\/p>\n<p>[\/et_pb_blurb][et_pb_divider color=\u00bb#009bdb\u00bb divider_position=\u00bbcenter\u00bb disabled_on=\u00bboff|off|on\u00bb _builder_version=\u00bb4.22.2&#8243; _module_preset=\u00bbdefault\u00bb global_colors_info=\u00bb{}\u00bb][\/et_pb_divider][\/et_pb_column][et_pb_column type=\u00bb1_4&#8243; _builder_version=\u00bb4.20.4&#8243; _module_preset=\u00bbdefault\u00bb global_colors_info=\u00bb{}\u00bb][et_pb_sidebar area=\u00bbet_pb_widget_area_5&#8243; _builder_version=\u00bb4.27.2&#8243; _module_preset=\u00bbdefault\u00bb global_colors_info=\u00bb{}\u00bb][\/et_pb_sidebar][et_pb_text _builder_version=\u00bb4.22.2&#8243; _module_preset=\u00bbdefault\u00bb text_font=\u00bb|700|||||||\u00bb text_text_color=\u00bb#565656&#8243; header_text_align_tablet=\u00bb\u00bb header_text_align_phone=\u00bbcenter\u00bb header_text_align_last_edited=\u00bbon|phone\u00bb global_colors_info=\u00bb{}\u00bb]<\/p>\n<p style=\"text-align: center;\"><strong>S\u00edguenos en nuestras redes sociales:<\/strong><\/p>\n<p>[\/et_pb_text][et_pb_social_media_follow icon_color=\u00bb#FFFFFF\u00bb _builder_version=\u00bb4.22.2&#8243; _module_preset=\u00bbdefault\u00bb text_orientation=\u00bbcenter\u00bb text_orientation_tablet=\u00bb\u00bb text_orientation_phone=\u00bbcenter\u00bb text_orientation_last_edited=\u00bbon|phone\u00bb global_colors_info=\u00bb{}\u00bb][et_pb_social_media_follow_network social_network=\u00bbinstagram\u00bb url=\u00bbhttps:\/\/www.instagram.com\/upla_comunica\/\u00bb _builder_version=\u00bb4.20.4&#8243; _module_preset=\u00bbdefault\u00bb background_color=\u00bb#ea2c59&#8243; global_colors_info=\u00bb{}\u00bb follow_button=\u00bboff\u00bb url_new_window=\u00bbon\u00bb]instagram[\/et_pb_social_media_follow_network][et_pb_social_media_follow_network social_network=\u00bbfacebook\u00bb url=\u00bbhttps:\/\/www.facebook.com\/uplacomunica\u00bb _builder_version=\u00bb4.20.4&#8243; _module_preset=\u00bbdefault\u00bb background_color=\u00bb#3b5998&#8243; global_colors_info=\u00bb{}\u00bb follow_button=\u00bboff\u00bb url_new_window=\u00bbon\u00bb]facebook[\/et_pb_social_media_follow_network][et_pb_social_media_follow_network social_network=\u00bbtwitter\u00bb url=\u00bbhttps:\/\/twitter.com\/upla_comunica\u00bb _builder_version=\u00bb4.22.2&#8243; _module_preset=\u00bbdefault\u00bb background_color=\u00bb#000000&#8243; global_colors_info=\u00bb{}\u00bb follow_button=\u00bboff\u00bb url_new_window=\u00bbon\u00bb]twitter[\/et_pb_social_media_follow_network][et_pb_social_media_follow_network social_network=\u00bbyoutube\u00bb url=\u00bbhttps:\/\/www.youtube.com\/user\/comunicacionesupla\u00bb _builder_version=\u00bb4.20.4&#8243; _module_preset=\u00bbdefault\u00bb background_color=\u00bb#a82400&#8243; global_colors_info=\u00bb{}\u00bb follow_button=\u00bboff\u00bb url_new_window=\u00bbon\u00bb]youtube[\/et_pb_social_media_follow_network][\/et_pb_social_media_follow][\/et_pb_column][\/et_pb_row][\/et_pb_section]<\/p>\n","protected":false},"excerpt":{"rendered":"<p>Revisa aqu\u00ed el listado de documentos descargables y enlaces de inter\u00e9s de la Universidad de Playa Ancha.<\/p>\n","protected":false},"author":1,"featured_media":0,"parent":0,"menu_order":6,"comment_status":"closed","ping_status":"closed","template":"","meta":{"_et_pb_use_builder":"on","_et_pb_old_content":"","_et_gb_content_width":"","footnotes":""},"class_list":["post-104","page","type-page","status-publish","hentry"],"_links":{"self":[{"href":"https:\/\/www.upla.cl\/secretariadeestudios\/wp-json\/wp\/v2\/pages\/104","targetHints":{"allow":["GET"]}}],"collection":[{"href":"https:\/\/www.upla.cl\/secretariadeestudios\/wp-json\/wp\/v2\/pages"}],"about":[{"href":"https:\/\/www.upla.cl\/secretariadeestudios\/wp-json\/wp\/v2\/types\/page"}],"author":[{"embeddable":true,"href":"https:\/\/www.upla.cl\/secretariadeestudios\/wp-json\/wp\/v2\/users\/1"}],"replies":[{"embeddable":true,"href":"https:\/\/www.upla.cl\/secretariadeestudios\/wp-json\/wp\/v2\/comments?post=104"}],"version-history":[{"count":0,"href":"https:\/\/www.upla.cl\/secretariadeestudios\/wp-json\/wp\/v2\/pages\/104\/revisions"}],"wp:attachment":[{"href":"https:\/\/www.upla.cl\/secretariadeestudios\/wp-json\/wp\/v2\/media?parent=104"}],"curies":[{"name":"wp","href":"https:\/\/api.w.org\/{rel}","templated":true}]}}