{"id":54,"date":"2019-01-24T10:08:35","date_gmt":"2019-01-24T13:08:35","guid":{"rendered":"https:\/\/www.upla.cl\/prevencion\/?page_id=54"},"modified":"2025-06-04T15:42:09","modified_gmt":"2025-06-04T19:42:09","slug":"inicio","status":"publish","type":"page","link":"https:\/\/www.upla.cl\/prevencion\/","title":{"rendered":"Inicio"},"content":{"rendered":"<p>[et_pb_section fb_built=\u00bb1&#8243; fullwidth=\u00bbon\u00bb _builder_version=\u00bb4.16&#8243; global_colors_info=\u00bb{}\u00bb][et_pb_fullwidth_header title=\u00bbCartillas informativas\u00bb subhead=\u00bbInformaci\u00f3n a considerar en contexto de pandemia\u00bb button_one_url=\u00bbhttps:\/\/www.upla.cl\/prevencion\/cartillas-informativas\/\u00bb button_two_url=\u00bbhttps:\/\/www.upla.cl\/prevencion\/cartillas-informativas\/\u00bb _builder_version=\u00bb4.16&#8243; title_font=\u00bb|700||on|||||\u00bb content_font_size=\u00bb18px\u00bb subhead_font=\u00bb|700|||||||\u00bb subhead_font_size=\u00bb22px\u00bb subhead_line_height=\u00bb1.3em\u00bb background_color=\u00bb#e35000&#8243; custom_padding=\u00bb3%||3%||true|false\u00bb link_option_url=\u00bbhttps:\/\/www.upla.cl\/prevencion\/cartillas-informativas\/\u00bb global_colors_info=\u00bb{}\u00bb background__hover_enabled=\u00bbon\u00bb background_color__hover=\u00bb#002b89&#8243; background_enable_color__hover=\u00bbon\u00bb]Instructivos, recomendaciones, buenas pr\u00e1cticas y consejos en general relacionados con la prevenci\u00f3n en tiempos de Covid-19[\/et_pb_fullwidth_header][\/et_pb_section][et_pb_section fb_built=\u00bb1&#8243; fullwidth=\u00bbon\u00bb _builder_version=\u00bb4.16&#8243; global_colors_info=\u00bb{}\u00bb][et_pb_fullwidth_post_slider posts_number=\u00bb3&#8243; include_categories=\u00bb9&#8243; more_text=\u00bbSigue leyendo\u00bb show_meta=\u00bboff\u00bb _builder_version=\u00bb4.16&#8243; header_font=\u00bbLato|700|||||||\u00bb header_text_align=\u00bbleft\u00bb body_font=\u00bb||||||||\u00bb body_text_align=\u00bbleft\u00bb body_font_size=\u00bb18px\u00bb meta_font=\u00bb||||||||\u00bb custom_button=\u00bbon\u00bb button_bg_color=\u00bb#009bdb\u00bb button_border_radius=\u00bb0px\u00bb button_font=\u00bb||||||||\u00bb text_orientation=\u00bbleft\u00bb custom_padding=\u00bb333px||333px||true|\u00bb global_colors_info=\u00bb{}\u00bb button_bg_color__hover_enabled=\u00bbon\u00bb button_bg_color__hover=\u00bb#e35000&#8243; button_bg_enable_color__hover=\u00bbon\u00bb button_border_color__hover_enabled=\u00bbon\u00bb][\/et_pb_fullwidth_post_slider][\/et_pb_section][et_pb_section fb_built=\u00bb1&#8243; _builder_version=\u00bb4.16&#8243; use_background_color_gradient=\u00bbon\u00bb background_color_gradient_type=\u00bbcircular\u00bb background_color_gradient_direction_radial=\u00bbtop left\u00bb background_color_gradient_stops=\u00bb#009bdb 0%|#ffffff 100%\u00bb background_color_gradient_start=\u00bb#009bdb\u00bb background_color_gradient_end=\u00bb#ffffff\u00bb background_image=\u00bbhttps:\/\/www.upla.cl\/prevencion\/wp-content\/uploads\/2019\/01\/upla_casacentral_costado.jpg\u00bb background_blend=\u00bbscreen\u00bb top_divider_style=\u00bbarrow3&#8243; top_divider_color=\u00bb#009bdb\u00bb bottom_divider_style=\u00bbarrow2&#8243; bottom_divider_color=\u00bb#009bdb\u00bb global_colors_info=\u00bb{}\u00bb][et_pb_row _builder_version=\u00bb4.16&#8243; global_colors_info=\u00bb{}\u00bb][et_pb_column type=\u00bb4_4&#8243; _builder_version=\u00bb4.16&#8243; global_colors_info=\u00bb{}\u00bb][et_pb_blurb title=\u00bbBienvenidos al sitio de la Direcci\u00f3n General de Prevenci\u00f3n de Riesgos\u00bb content_max_width=\u00bb1000px\u00bb _builder_version=\u00bb4.27.4&#8243; header_level=\u00bbh1&#8243; header_font=\u00bb|700|||||||\u00bb header_text_color=\u00bb#044f68&#8243; header_font_size=\u00bb29px\u00bb body_font=\u00bb||||||||\u00bb body_text_color=\u00bb#000000&#8243; global_colors_info=\u00bb{}\u00bb]<\/p>\n<p>La<strong> Direcci\u00f3n General de Prevenci\u00f3n de Riesgos<\/strong>, le da la m\u00e1s cordial bienvenida a este sitio web, el que pretendemos se convierta en un nexo entre la direcci\u00f3n, los funcionarios y funcionarias de todos los estamentos de la universidad, con el fin de entregarle una serie de antecedentes que esperamos, constituir\u00e1n <strong>un aporte a su diaria labor de manera que en conjunto, podamos alcanzar un alto grado de cultura preventiva para el bienestar de todos.<\/strong><\/p>\n<p>En el recorrido por este espacio virtual, daremos a conocer procedimientos, cuerpos legales asociados al quehacer preventivo, informaci\u00f3n de los Comit\u00e9s Paritarios de Higiene y Seguridad de su campus, fichas educativas y mucho m\u00e1s.<\/p>\n<p>Les invitamos a conocer este sitio, y esperamos su colaboraci\u00f3n para mejorar d\u00eda a d\u00eda por la seguridad y salud de los integrantes de la comunidad.<\/p>\n<p>[\/et_pb_blurb][\/et_pb_column][\/et_pb_row][\/et_pb_section][et_pb_section fb_built=\u00bb1&#8243; specialty=\u00bbon\u00bb padding_top_1=\u00bb0px\u00bb padding_top_2=\u00bb60px\u00bb padding_2_tablet=\u00bb0px|||10%\u00bb padding_2_phone=\u00bb\u00bb padding_2_last_edited=\u00bbon|tablet\u00bb admin_label=\u00bbFeatures\u00bb module_id=\u00bbleyesydocumentos\u00bb _builder_version=\u00bb4.16&#8243; inner_width=\u00bb100%\u00bb inner_max_width=\u00bb100%\u00bb custom_margin=\u00bb|10%||0px\u00bb custom_padding=\u00bb0|0px||0px|false|false\u00bb use_custom_width=\u00bbon\u00bb width_unit=\u00bboff\u00bb custom_width_percent=\u00bb100%\u00bb global_colors_info=\u00bb{}\u00bb][et_pb_column type=\u00bb1_2&#8243; _builder_version=\u00bb4.16&#8243; custom_padding=\u00bb|||\u00bb global_colors_info=\u00bb{}\u00bb padding_top__hover=\u00bb0px\u00bb parallax__hover=\u00bboff\u00bb parallax_method__hover=\u00bbon\u00bb custom_padding__hover=\u00bb|||\u00bb][et_pb_image src=\u00bbhttps:\/\/www.upla.cl\/prevencion\/wp-content\/uploads\/2019\/08\/docs.jpg\u00bb force_fullwidth=\u00bbon\u00bb align_tablet=\u00bbcenter\u00bb align_phone=\u00bb\u00bb align_last_edited=\u00bbon|desktop\u00bb _builder_version=\u00bb4.16&#8243; locked=\u00bboff\u00bb global_colors_info=\u00bb{}\u00bb][\/et_pb_image][\/et_pb_column][et_pb_column type=\u00bb1_2&#8243; specialty_columns=\u00bb2&#8243; _builder_version=\u00bb4.16&#8243; custom_padding=\u00bb|||\u00bb global_colors_info=\u00bb{}\u00bb padding_tablet__hover=\u00bb0px|||10%\u00bb padding_last_edited__hover=\u00bbon|tablet\u00bb padding_top__hover=\u00bb60px\u00bb parallax__hover=\u00bboff\u00bb parallax_method__hover=\u00bbon\u00bb custom_padding__hover=\u00bb|||\u00bb][et_pb_row_inner _builder_version=\u00bb4.16&#8243; global_colors_info=\u00bb{}\u00bb][et_pb_column_inner saved_specialty_column_type=\u00bb1_2&#8243; _builder_version=\u00bb4.16&#8243; custom_padding=\u00bb|||\u00bb global_colors_info=\u00bb{}\u00bb parallax__hover=\u00bboff\u00bb parallax_method__hover=\u00bbon\u00bb custom_padding__hover=\u00bb|||\u00bb][et_pb_text _builder_version=\u00bb4.16&#8243; text_font=\u00bbLato||||||||\u00bb link_font=\u00bb||||||||\u00bb ul_font=\u00bb||||||||\u00bb ol_font=\u00bb||||||||\u00bb quote_font=\u00bb||||||||\u00bb header_font=\u00bbLato||||||||\u00bb header_line_height=\u00bb1.5em\u00bb header_2_font=\u00bbLato|700|||||||\u00bb header_2_font_size=\u00bb30px\u00bb header_2_line_height=\u00bb1.2em\u00bb header_4_font=\u00bbLato||||||||\u00bb header_4_line_height=\u00bb1.5em\u00bb header_2_font_size_tablet=\u00bb\u00bb header_2_font_size_phone=\u00bb24px\u00bb header_2_font_size_last_edited=\u00bbon|phone\u00bb locked=\u00bboff\u00bb global_colors_info=\u00bb{}\u00bb]<\/p>\n<h2>Documentos<\/h2>\n<h2><span style=\"font-size: 16px;\">Revisa en esta secci\u00f3n normativas, circulares, informativos y otro tipo de documentos relacionados con la prevenci\u00f3n de accidentes del trabajo y enfermedades profesionales<\/span><\/h2>\n<p>[\/et_pb_text][\/et_pb_column_inner][\/et_pb_row_inner][et_pb_row_inner column_structure=\u00bb1_2,1_2&#8243; _builder_version=\u00bb4.16&#8243; custom_padding=\u00bb0|0px|43.1094px|0px|false|false\u00bb global_colors_info=\u00bb{}\u00bb][et_pb_column_inner type=\u00bb1_2&#8243; saved_specialty_column_type=\u00bb1_2&#8243; _builder_version=\u00bb4.16&#8243; custom_padding=\u00bb|||\u00bb global_colors_info=\u00bb{}\u00bb parallax__hover=\u00bboff\u00bb parallax_method__hover=\u00bbon\u00bb custom_padding__hover=\u00bb|||\u00bb][et_pb_text _builder_version=\u00bb4.16&#8243; text_font=\u00bbLato||||||||\u00bb text_font_size=\u00bb15px\u00bb text_line_height=\u00bb2em\u00bb header_font=\u00bbLato||||||||\u00bb header_4_font=\u00bbLato|700|||||||\u00bb header_4_line_height=\u00bb1.2em\u00bb header_4_font_size_phone=\u00bb16px\u00bb header_4_font_size_last_edited=\u00bboff|desktop\u00bb locked=\u00bboff\u00bb global_colors_info=\u00bb{}\u00bb]<\/p>\n<h4>Leyes<\/h4>\n<p>Regulaciones a nivel pa\u00eds sobre la tem\u00e1tica prevenci\u00f3n de riesgos.<\/p>\n<p><a href=\"https:\/\/www.upla.cl\/higieneyseguridad\/wp-content\/uploads\/2013\/09\/2013_0903_ley_16744.pdf\" class=\"fancybox-pdf\">Ley N\u00ba 16744\/2000: Establece normas sobre accidentes en el trabajo y enfermedades profesionales<\/a><\/p>\n<p><a href=\"https:\/\/www.upla.cl\/higieneyseguridad\/wp-content\/uploads\/2013\/09\/2013_0903_dto_0594-2000.pdf\">Decreto N\u00ba 0594\/2000:\u00a0<span>Aprueba Reglamento sobre condiciones sanitarias y ambientales b\u00e1sicas en los lugares de trabajo<\/span><\/a><\/p>\n<p><a href=\"http:\/\/bcn.cl\/1uvzu\" target=\"_blank\" rel=\"noopener noreferrer\" title=\"Decreto Supremo N\u00ba 0040\/1969 sobre prevenci\u00f3n de riesgos profesionales\">Decreto Supremo N\u00ba 0040\/1969 sobre prevenci\u00f3n de riesgos profesionales<\/a><\/p>\n<p><a href=\"https:\/\/www.upla.cl\/higieneyseguridad\/wp-content\/uploads\/2013\/09\/2013_0903_dto_0054-1969.pdf\" class=\"fancybox-pdf\">Decreto N\u00ba 0054-1969: Aprueba el Reglamento para la constituci\u00f3n y funcionamiento de los comit\u00e9s paritarios de higiene y seguridad<\/a><\/p>\n<p><a href=\"http:\/\/bcn.cl\/1uw3v\" target=\"_blank\" rel=\"noopener noreferrer\" title=\"Decreto Supremo N\u00ba 0067\/2000: sobre exenciones, rebajas y recargos de la cotizaci\u00f3n adicional diferenciada\">Decreto Supremo N\u00ba 0067\/2000: sobre exenciones, rebajas y recargos de la cotizaci\u00f3n adicional diferenciada<\/a><\/p>\n<p><a href=\"http:\/\/bcn.cl\/1v0dz\" target=\"_blank\" rel=\"noopener noreferrer\" title=\"Decreto Supremo N\u00ba 76 sobre la gesti\u00f3n de la seguidad y salud en el trabajo en obras, faenas o servicios\">Decreto Supremo N\u00ba 76 sobre la gesti\u00f3n de la seguidad y salud en el trabajo en obras, faenas o servicios<\/a><\/p>\n<p>[\/et_pb_text][\/et_pb_column_inner][et_pb_column_inner type=\u00bb1_2&#8243; saved_specialty_column_type=\u00bb1_2&#8243; _builder_version=\u00bb4.16&#8243; custom_padding=\u00bb|||\u00bb global_colors_info=\u00bb{}\u00bb parallax__hover=\u00bboff\u00bb parallax_method__hover=\u00bbon\u00bb custom_padding__hover=\u00bb|||\u00bb][et_pb_text _builder_version=\u00bb4.16&#8243; text_font=\u00bb||||||||\u00bb text_font_size=\u00bb15px\u00bb text_line_height=\u00bb2em\u00bb header_4_font=\u00bbLato|700|||||||\u00bb header_4_line_height=\u00bb1.2em\u00bb header_4_font_size_phone=\u00bb16px\u00bb header_4_font_size_last_edited=\u00bboff|desktop\u00bb locked=\u00bboff\u00bb global_colors_info=\u00bb{}\u00bb]<\/p>\n<h4>Compendio<\/h4>\n<p>El Compendio de Normas pone a disposici\u00f3n de la ciudadan\u00eda, y en particular a las instituciones reguladas, empleadores y trabajadores, toda la normativa vigente emitida por la Superintendencia de Seguridad Social en relaci\u00f3n a la Ley N\u00b0 16.744 del Seguro Social de Accidentes del Trabajo y Enfermedades Profesionales.<\/p>\n<p><a href=\"https:\/\/www.suseso.cl\/601\/w3-article-481876.html\" target=\"_blank\" rel=\"noopener noreferrer\" title=\"Compendio del Seguro de Accidentes y Enfermedades del Trabajo\">M\u00e1s informaci\u00f3n y descarga.<\/a><\/p>\n<p>[\/et_pb_text][\/et_pb_column_inner][\/et_pb_row_inner][\/et_pb_column][\/et_pb_section][et_pb_section fb_built=\u00bb1&#8243; admin_label=\u00bbServices\u00bb _builder_version=\u00bb4.16&#8243; background_color=\u00bb#ffffff\u00bb max_width=\u00bb90%\u00bb max_width_tablet=\u00bb90%\u00bb max_width_phone=\u00bb100%\u00bb max_width_last_edited=\u00bbon|tablet\u00bb module_alignment=\u00bbright\u00bb custom_margin=\u00bb|||\u00bb animation_style=\u00bbslide\u00bb animation_direction=\u00bbright\u00bb animation_intensity_slide=\u00bb5%\u00bb border_radii=\u00bbon|6px|6px|6px|6px\u00bb box_shadow_style=\u00bbpreset1&#8243; box_shadow_horizontal=\u00bb-80px\u00bb box_shadow_vertical=\u00bb-80px\u00bb box_shadow_blur=\u00bb200px\u00bb box_shadow_color=\u00bbrgba(48,106,255,0.1)\u00bb global_colors_info=\u00bb{}\u00bb][et_pb_row _builder_version=\u00bb4.16&#8243; global_colors_info=\u00bb{}\u00bb][et_pb_column type=\u00bb4_4&#8243; _builder_version=\u00bb4.16&#8243; custom_padding=\u00bb|||\u00bb global_colors_info=\u00bb{}\u00bb custom_padding__hover=\u00bb|||\u00bb][et_pb_text _builder_version=\u00bb4.16&#8243; text_font=\u00bbUbuntu||||||||\u00bb text_line_height=\u00bb1.8em\u00bb header_font=\u00bbLato||||||||\u00bb header_2_font=\u00bbLato|700|||||||\u00bb header_2_text_align=\u00bbcenter\u00bb header_2_font_size=\u00bb40px\u00bb header_2_line_height=\u00bb1.4em\u00bb header_2_font_size_tablet=\u00bb\u00bb header_2_font_size_phone=\u00bb24px\u00bb header_2_font_size_last_edited=\u00bbon|phone\u00bb global_colors_info=\u00bb{}\u00bb]<\/p>\n<h2>Comit\u00e9s paritarios de Higiene y Seguridad<\/h2>\n<p>[\/et_pb_text][et_pb_text _builder_version=\u00bb4.16&#8243; ul_text_color=\u00bb#000000&#8243; text_orientation=\u00bbcenter\u00bb global_colors_info=\u00bb{}\u00bb]Es una obligaci\u00f3n legal que se conforme un comit\u00e9 paritario de higiene y seguridad en cualquier lugar trabajo con m\u00e1s de veinticinco personas. Las tareas que establece el art\u00edculo 66 de la Ley N\u00ba 16.744, en relaci\u00f3n con el art\u00edculo 24 del D.S. N\u00ba 54 de 1968, creado por el Ministerio del Trabajo:<\/p>\n<p><span style=\"color: #e35000;\"><strong>Asesorar e instruir a los trabajadores<\/strong><\/span> para la correcta utilizaci\u00f3n de los elementos de protecci\u00f3n personal.<br \/>\n<span style=\"color: #e35000;\"><strong>Vigilar el cumplimiento, tanto por parte de las empresas, como de los trabajadores,\u00a0<\/strong><\/span>de las medidas de prevenci\u00f3n, higiene y seguridad.<br \/>\n<span style=\"color: #e35000;\"><strong>Investigar las causas de los accidentes<\/strong><\/span> del trabajo y enfermedades profesionales que se produzcan en la empresa.<br \/>\n<span style=\"color: #e35000;\"><strong>Decidir si el accidente o la enfermedad profesional<\/strong><\/span>\u00a0se debi\u00f3 a negligencia inexcusable.<br \/>\n<span style=\"color: #e35000;\"><strong>Indicar la adopci\u00f3n de todas las medidas de higiene y seguridad\u00a0<\/strong><\/span>que sirvan para la prevenci\u00f3n de riesgos profesionales.<br \/>\n<span style=\"color: #e35000;\"><strong>Cumplir las dem\u00e1s funcones o misiones<\/strong><\/span>\u00a0que le encomiende el organismo administrador respectivo.<br \/>\n<span style=\"color: #e35000;\"><strong>Promover la realizaci\u00f3n de cursos destinados a la capacitaci\u00f3n profesional de los trabajadores en organismos p\u00fablicos o privados<\/strong><\/span>\u00a0autorizados para cumplir con esa finalidad. Tambi\u00e9n pueden realizarse en la misma empresa, bajo el control y direcci\u00f3n de dichos organismos.[\/et_pb_text][\/et_pb_column][\/et_pb_row][et_pb_row _builder_version=\u00bb4.16&#8243; custom_padding=\u00bb1px|||||\u00bb global_colors_info=\u00bb{}\u00bb][et_pb_column type=\u00bb4_4&#8243; _builder_version=\u00bb4.16&#8243; global_colors_info=\u00bb{}\u00bb][et_pb_text _builder_version=\u00bb4.16&#8243; text_font=\u00bbUbuntu||||||||\u00bb text_line_height=\u00bb1.8em\u00bb header_font=\u00bbLato||||||||\u00bb header_2_font=\u00bbLato|700|||||||\u00bb header_2_text_align=\u00bbcenter\u00bb header_2_font_size=\u00bb40px\u00bb header_2_line_height=\u00bb1.4em\u00bb header_3_text_align=\u00bbcenter\u00bb custom_margin=\u00bb21px||-14px|||\u00bb header_2_font_size_tablet=\u00bb\u00bb header_2_font_size_phone=\u00bb24px\u00bb header_2_font_size_last_edited=\u00bbon|phone\u00bb global_colors_info=\u00bb{}\u00bb]<\/p>\n<h3>Comit\u00e9s paritarios de higiene y seguridad UPLA<\/h3>\n<p>[\/et_pb_text][\/et_pb_column][\/et_pb_row][et_pb_row column_structure=\u00bb1_4,1_4,1_4,1_4&#8243; _builder_version=\u00bb4.16&#8243; custom_padding=\u00bb0px|||||\u00bb global_colors_info=\u00bb{}\u00bb][et_pb_column type=\u00bb1_4&#8243; _builder_version=\u00bb4.16&#8243; custom_padding=\u00bb|||\u00bb global_colors_info=\u00bb{}\u00bb custom_padding__hover=\u00bb|||\u00bb][et_pb_blurb title=\u00bbCampus 1&#8243; url=\u00bbhttp:\/\/www.upla.cl\/higieneyseguridad\/somos\/comite-paritario-campus-1\/\u00bb url_new_window=\u00bbon\u00bb use_icon=\u00bbon\u00bb font_icon=\u00bb&#xe052;||divi||400&#8243; icon_color=\u00bb#f9b58e\u00bb icon_placement=\u00bbleft\u00bb image_icon_width=\u00bb22px\u00bb content_max_width=\u00bb100%\u00bb _builder_version=\u00bb4.16&#8243; header_font=\u00bbLato|700|||||||\u00bb header_font_size=\u00bb18px\u00bb header_line_height=\u00bb1.2em\u00bb body_font=\u00bb||||||||\u00bb body_font_size=\u00bb14px\u00bb body_line_height=\u00bb1.8em\u00bb custom_margin=\u00bb|||\u00bb link_option_url=\u00bbhttp:\/\/www.upla.cl\/higieneyseguridad\/somos\/comite-paritario-campus-1\/\u00bb link_option_url_new_window=\u00bbon\u00bb header_font_size_last_edited=\u00bboff|desktop\u00bb icon_font_size=\u00bb22px\u00bb locked=\u00bboff\u00bb global_colors_info=\u00bb{}\u00bb]<\/p>\n<p>Casa Central.<\/p>\n<p>[\/et_pb_blurb][\/et_pb_column][et_pb_column type=\u00bb1_4&#8243; _builder_version=\u00bb4.16&#8243; custom_padding=\u00bb|||\u00bb global_colors_info=\u00bb{}\u00bb custom_padding__hover=\u00bb|||\u00bb][et_pb_blurb title=\u00bbCampus 2&#8243; url=\u00bbhttp:\/\/www.upla.cl\/higieneyseguridad\/somos\/comite-paritario-campus-2\/\u00bb url_new_window=\u00bbon\u00bb use_icon=\u00bbon\u00bb font_icon=\u00bb&#xe052;||divi||400&#8243; icon_color=\u00bb#f9b58e\u00bb icon_placement=\u00bbleft\u00bb image_icon_width=\u00bb22px\u00bb content_max_width=\u00bb100%\u00bb _builder_version=\u00bb4.16&#8243; header_font=\u00bbLato|700|||||||\u00bb header_font_size=\u00bb18px\u00bb header_line_height=\u00bb1.2em\u00bb body_font=\u00bb||||||||\u00bb body_font_size=\u00bb14px\u00bb body_line_height=\u00bb1.8em\u00bb custom_margin=\u00bb|||\u00bb link_option_url=\u00bbhttp:\/\/www.upla.cl\/higieneyseguridad\/somos\/comite-paritario-campus-2\/\u00bb link_option_url_new_window=\u00bbon\u00bb header_font_size_last_edited=\u00bboff|desktop\u00bb icon_font_size=\u00bb22px\u00bb locked=\u00bboff\u00bb global_colors_info=\u00bb{}\u00bb]<\/p>\n<p>Facultad de Arte, Edificio Insitucional, Biblioteca Central y Casino Central.<\/p>\n<p>[\/et_pb_blurb][\/et_pb_column][et_pb_column type=\u00bb1_4&#8243; _builder_version=\u00bb4.16&#8243; custom_padding=\u00bb|||\u00bb global_colors_info=\u00bb{}\u00bb custom_padding__hover=\u00bb|||\u00bb][et_pb_blurb title=\u00bbCampus 3&#8243; url=\u00bbhttp:\/\/www.upla.cl\/higieneyseguridad\/somos\/comite-paritario-campus-3\/\u00bb url_new_window=\u00bbon\u00bb use_icon=\u00bbon\u00bb font_icon=\u00bb&#xe052;||divi||400&#8243; icon_color=\u00bb#f9b58e\u00bb icon_placement=\u00bbleft\u00bb image_icon_width=\u00bb22px\u00bb content_max_width=\u00bb100%\u00bb _builder_version=\u00bb4.16&#8243; header_font=\u00bbLato|700|||||||\u00bb header_font_size=\u00bb18px\u00bb header_line_height=\u00bb1.2em\u00bb body_font=\u00bb||||||||\u00bb body_font_size=\u00bb14px\u00bb body_line_height=\u00bb1.8em\u00bb custom_margin=\u00bb|||\u00bb link_option_url=\u00bbhttp:\/\/www.upla.cl\/higieneyseguridad\/somos\/comite-paritario-campus-3\/\u00bb link_option_url_new_window=\u00bbon\u00bb header_font_size_last_edited=\u00bboff|desktop\u00bb icon_font_size=\u00bb22px\u00bb locked=\u00bboff\u00bb global_colors_info=\u00bb{}\u00bb]<\/p>\n<p>Edificio de Ciencias e Ingenier\u00eda.<\/p>\n<p>[\/et_pb_blurb][\/et_pb_column][et_pb_column type=\u00bb1_4&#8243; _builder_version=\u00bb4.16&#8243; custom_padding=\u00bb|||\u00bb global_colors_info=\u00bb{}\u00bb custom_padding__hover=\u00bb|||\u00bb][et_pb_blurb title=\u00bbCampus Gran Breta\u00f1a\u00bb url=\u00bbhttp:\/\/www.upla.cl\/higieneyseguridad\/somos\/comite-paritario-campus-gran-bretana\/\u00bb url_new_window=\u00bbon\u00bb use_icon=\u00bbon\u00bb font_icon=\u00bb&#xe052;||divi||400&#8243; icon_color=\u00bb#f9b58e\u00bb icon_placement=\u00bbleft\u00bb image_icon_width=\u00bb22px\u00bb content_max_width=\u00bb100%\u00bb _builder_version=\u00bb4.16&#8243; header_font=\u00bbLato|700|||||||\u00bb header_font_size=\u00bb18px\u00bb header_line_height=\u00bb1.2em\u00bb body_font=\u00bb||||||||\u00bb body_font_size=\u00bb14px\u00bb body_line_height=\u00bb1.8em\u00bb custom_margin=\u00bb|||\u00bb link_option_url=\u00bbhttp:\/\/www.upla.cl\/higieneyseguridad\/somos\/comite-paritario-campus-gran-bretana\/\u00bb link_option_url_new_window=\u00bbon\u00bb header_font_size_last_edited=\u00bboff|desktop\u00bb icon_font_size=\u00bb22px\u00bb locked=\u00bboff\u00bb global_colors_info=\u00bb{}\u00bb]<\/p>\n<p>Valpara\u00edso.<\/p>\n<p>[\/et_pb_blurb][\/et_pb_column][\/et_pb_row][et_pb_row column_structure=\u00bb1_4,1_4,1_4,1_4&#8243; _builder_version=\u00bb4.16&#8243; global_colors_info=\u00bb{}\u00bb][et_pb_column type=\u00bb1_4&#8243; _builder_version=\u00bb4.16&#8243; custom_padding=\u00bb|||\u00bb global_colors_info=\u00bb{}\u00bb custom_padding__hover=\u00bb|||\u00bb][et_pb_blurb title=\u00bbCampus Independencia\u00bb url=\u00bbhttp:\/\/www.upla.cl\/higieneyseguridad\/somos\/comite-paritario-campus-independencia\/\u00bb url_new_window=\u00bbon\u00bb use_icon=\u00bbon\u00bb font_icon=\u00bb&#xe052;||divi||400&#8243; icon_color=\u00bb#f9b58e\u00bb icon_placement=\u00bbleft\u00bb image_icon_width=\u00bb22px\u00bb content_max_width=\u00bb100%\u00bb _builder_version=\u00bb4.16&#8243; header_font=\u00bbLato|700|||||||\u00bb header_font_size=\u00bb18px\u00bb header_line_height=\u00bb1.2em\u00bb body_font=\u00bb||||||||\u00bb body_font_size=\u00bb14px\u00bb body_line_height=\u00bb1.8em\u00bb custom_margin=\u00bb|||\u00bb link_option_url=\u00bbhttp:\/\/www.upla.cl\/higieneyseguridad\/somos\/comite-paritario-campus-independencia\/\u00bb link_option_url_new_window=\u00bbon\u00bb header_font_size_last_edited=\u00bboff|desktop\u00bb icon_font_size=\u00bb22px\u00bb locked=\u00bboff\u00bb global_colors_info=\u00bb{}\u00bb]<\/p>\n<p>Valpara\u00edso<\/p>\n<p>[\/et_pb_blurb][\/et_pb_column][et_pb_column type=\u00bb1_4&#8243; _builder_version=\u00bb4.16&#8243; custom_padding=\u00bb|||\u00bb global_colors_info=\u00bb{}\u00bb custom_padding__hover=\u00bb|||\u00bb][et_pb_blurb title=\u00bbCampus San Felipe\u00bb url=\u00bbhttp:\/\/www.upla.cl\/higieneyseguridad\/somos\/comite-paritario-campus-san-felipe\/\u00bb url_new_window=\u00bbon\u00bb use_icon=\u00bbon\u00bb font_icon=\u00bb&#xe052;||divi||400&#8243; icon_color=\u00bb#f9b58e\u00bb icon_placement=\u00bbleft\u00bb image_icon_width=\u00bb22px\u00bb content_max_width=\u00bb100%\u00bb _builder_version=\u00bb4.16&#8243; header_font=\u00bbLato|700|||||||\u00bb header_font_size=\u00bb18px\u00bb header_line_height=\u00bb1.2em\u00bb body_font=\u00bb||||||||\u00bb body_font_size=\u00bb14px\u00bb body_line_height=\u00bb1.8em\u00bb custom_margin=\u00bb|||\u00bb link_option_url=\u00bbhttp:\/\/www.upla.cl\/higieneyseguridad\/somos\/comite-paritario-campus-san-felipe\/\u00bb link_option_url_new_window=\u00bbon\u00bb header_font_size_last_edited=\u00bboff|desktop\u00bb icon_font_size=\u00bb22px\u00bb locked=\u00bboff\u00bb global_colors_info=\u00bb{}\u00bb]<\/p>\n<p>M\u00e1s informaci\u00f3n<\/p>\n<p>[\/et_pb_blurb][\/et_pb_column][et_pb_column type=\u00bb1_4&#8243; _builder_version=\u00bb4.16&#8243; custom_padding=\u00bb|||\u00bb global_colors_info=\u00bb{}\u00bb custom_padding__hover=\u00bb|||\u00bb][et_pb_blurb title=\u00bbCampus IST\u00bb url=\u00bbhttps:\/\/www.upla.cl\/higieneyseguridad\/somos\/comite-paritario-laboratorio-ist\/\u00bb url_new_window=\u00bbon\u00bb use_icon=\u00bbon\u00bb font_icon=\u00bb&#xe052;||divi||400&#8243; icon_color=\u00bb#f9b58e\u00bb icon_placement=\u00bbleft\u00bb image_icon_width=\u00bb22px\u00bb content_max_width=\u00bb100%\u00bb _builder_version=\u00bb4.16&#8243; header_font=\u00bbLato|700|||||||\u00bb header_font_size=\u00bb18px\u00bb header_line_height=\u00bb1.2em\u00bb body_font=\u00bb||||||||\u00bb body_font_size=\u00bb14px\u00bb body_line_height=\u00bb1.8em\u00bb custom_margin=\u00bb|||\u00bb link_option_url=\u00bbhttps:\/\/www.upla.cl\/higieneyseguridad\/somos\/comite-paritario-laboratorio-ist\/\u00bb link_option_url_new_window=\u00bbon\u00bb header_font_size_last_edited=\u00bboff|desktop\u00bb icon_font_size=\u00bb22px\u00bb locked=\u00bboff\u00bb global_colors_info=\u00bb{}\u00bb]<\/p>\n<p>Laboratorio Servicio de An\u00e1lisis.<\/p>\n<p>[\/et_pb_blurb][\/et_pb_column][et_pb_column type=\u00bb1_4&#8243; _builder_version=\u00bb4.16&#8243; custom_padding=\u00bb|||\u00bb global_colors_info=\u00bb{}\u00bb custom_padding__hover=\u00bb|||\u00bb][\/et_pb_column][\/et_pb_row][et_pb_row _builder_version=\u00bb4.16&#8243; custom_padding=\u00bb3px|||||\u00bb global_colors_info=\u00bb{}\u00bb][et_pb_column type=\u00bb4_4&#8243; _builder_version=\u00bb4.16&#8243; global_colors_info=\u00bb{}\u00bb][et_pb_button button_url=\u00bbhttp:\/\/www.upla.cl\/higieneyseguridad\u00bb url_new_window=\u00bbon\u00bb button_text=\u00bbVisita el sitio\u00bb button_alignment=\u00bbcenter\u00bb admin_label=\u00bbComit\u00e9s paritarios\u00bb _builder_version=\u00bb4.16&#8243; custom_button=\u00bbon\u00bb button_text_color=\u00bb#ffffff\u00bb button_bg_color=\u00bb#009bdb\u00bb button_border_width=\u00bb0px\u00bb button_font=\u00bb||||||||\u00bb global_colors_info=\u00bb{}\u00bb button_bg_color__hover_enabled=\u00bbon\u00bb button_bg_color__hover=\u00bb#e35000&#8243;][\/et_pb_button][\/et_pb_column][\/et_pb_row][\/et_pb_section][et_pb_section fb_built=\u00bb1&#8243; admin_label=\u00bbEmail and FAQ\u00bb _builder_version=\u00bb3.19.8&#8243; background_color=\u00bbrgba(85,179,219,0.63)\u00bb global_module=\u00bb114&#8243; saved_tabs=\u00bball\u00bb global_colors_info=\u00bb{}\u00bb][et_pb_row column_structure=\u00bb2_5,3_5&#8243; _builder_version=\u00bb4.16&#8243; global_colors_info=\u00bb{}\u00bb][et_pb_column type=\u00bb2_5&#8243; _builder_version=\u00bb4.16&#8243; custom_padding=\u00bb|||\u00bb global_colors_info=\u00bb{}\u00bb custom_padding__hover=\u00bb|||\u00bb][et_pb_text _builder_version=\u00bb4.16&#8243; text_font=\u00bbUbuntu||||||||\u00bb text_line_height=\u00bb1.8em\u00bb header_font=\u00bb||||||||\u00bb header_3_font=\u00bbLato|700|||||||\u00bb header_3_font_size=\u00bb40px\u00bb header_3_font_size_tablet=\u00bb35px\u00bb header_3_font_size_phone=\u00bb25px\u00bb header_3_font_size_last_edited=\u00bbon|phone\u00bb locked=\u00bboff\u00bb global_colors_info=\u00bb{}\u00bb]<\/p>\n<h3>Cont\u00e1ctanos<\/h3>\n<p>[\/et_pb_text][et_pb_contact_form captcha=\u00bboff\u00bb submit_button_text=\u00bbEnviar mensaje\u00bb module_id=\u00bbet_pb_contact_form_0&#8243; _builder_version=\u00bb4.16&#8243; _unique_id=\u00bba550e343-ce3f-4fe9-9534-a6ac46e0a839&#8243; form_field_background_color=\u00bb#f4f6f7&#8243; title_level=\u00bbh3&#8243; title_font=\u00bbLato|700|||||||\u00bb title_font_size=\u00bb30px\u00bb title_line_height=\u00bb1.5em\u00bb form_field_font=\u00bb||||||||\u00bb form_field_font_size=\u00bb16px\u00bb form_field_line_height=\u00bb1.9em\u00bb custom_button=\u00bbon\u00bb button_text_size=\u00bb18px\u00bb button_text_color=\u00bb#ffffff\u00bb button_bg_color=\u00bb#009bdb\u00bb button_border_width=\u00bb10px\u00bb button_border_color=\u00bb#009bdb\u00bb button_border_radius=\u00bb0px\u00bb button_font=\u00bbUbuntu|700|||||||\u00bb custom_margin=\u00bb||24px|\u00bb title_font_size_tablet=\u00bb35px\u00bb title_font_size_phone=\u00bb25px\u00bb title_font_size_last_edited=\u00bbon|phone\u00bb form_background_color=\u00bb#f4f6f7&#8243; global_colors_info=\u00bb{}\u00bb][et_pb_contact_field field_id=\u00bbNombre\u00bb field_title=\u00bbNombre\u00bb fullwidth_field=\u00bbon\u00bb _builder_version=\u00bb4.16&#8243; form_field_font=\u00bb||||||||\u00bb custom_margin=\u00bb||24px|\u00bb global_colors_info=\u00bb{}\u00bb button_text_size__hover_enabled=\u00bboff\u00bb button_one_text_size__hover_enabled=\u00bboff\u00bb button_two_text_size__hover_enabled=\u00bboff\u00bb button_text_color__hover_enabled=\u00bboff\u00bb button_one_text_color__hover_enabled=\u00bboff\u00bb button_two_text_color__hover_enabled=\u00bboff\u00bb button_border_width__hover_enabled=\u00bboff\u00bb button_one_border_width__hover_enabled=\u00bboff\u00bb button_two_border_width__hover_enabled=\u00bboff\u00bb button_border_color__hover_enabled=\u00bboff\u00bb button_one_border_color__hover_enabled=\u00bboff\u00bb button_two_border_color__hover_enabled=\u00bboff\u00bb button_border_radius__hover_enabled=\u00bboff\u00bb button_one_border_radius__hover_enabled=\u00bboff\u00bb button_two_border_radius__hover_enabled=\u00bboff\u00bb button_letter_spacing__hover_enabled=\u00bboff\u00bb button_one_letter_spacing__hover_enabled=\u00bboff\u00bb button_two_letter_spacing__hover_enabled=\u00bboff\u00bb button_bg_color__hover_enabled=\u00bboff\u00bb button_one_bg_color__hover_enabled=\u00bboff\u00bb button_two_bg_color__hover_enabled=\u00bboff\u00bb][\/et_pb_contact_field][et_pb_contact_field field_id=\u00bbCorreo_electr\u00f3nico\u00bb field_title=\u00bb Correo electr\u00f3nico\u00bb field_type=\u00bbemail\u00bb fullwidth_field=\u00bbon\u00bb _builder_version=\u00bb4.16&#8243; custom_margin=\u00bb||24px|\u00bb global_colors_info=\u00bb{}\u00bb button_text_size__hover_enabled=\u00bboff\u00bb button_one_text_size__hover_enabled=\u00bboff\u00bb button_two_text_size__hover_enabled=\u00bboff\u00bb button_text_color__hover_enabled=\u00bboff\u00bb button_one_text_color__hover_enabled=\u00bboff\u00bb button_two_text_color__hover_enabled=\u00bboff\u00bb button_border_width__hover_enabled=\u00bboff\u00bb button_one_border_width__hover_enabled=\u00bboff\u00bb button_two_border_width__hover_enabled=\u00bboff\u00bb button_border_color__hover_enabled=\u00bboff\u00bb button_one_border_color__hover_enabled=\u00bboff\u00bb button_two_border_color__hover_enabled=\u00bboff\u00bb button_border_radius__hover_enabled=\u00bboff\u00bb button_one_border_radius__hover_enabled=\u00bboff\u00bb button_two_border_radius__hover_enabled=\u00bboff\u00bb button_letter_spacing__hover_enabled=\u00bboff\u00bb button_one_letter_spacing__hover_enabled=\u00bboff\u00bb button_two_letter_spacing__hover_enabled=\u00bboff\u00bb button_bg_color__hover_enabled=\u00bboff\u00bb button_one_bg_color__hover_enabled=\u00bboff\u00bb button_two_bg_color__hover_enabled=\u00bboff\u00bb][\/et_pb_contact_field][et_pb_contact_field field_id=\u00bbTel\u00e9fono\u00bb field_title=\u00bbTel\u00e9fono de contacto (solo ingrese n\u00fameros)\u00bb allowed_symbols=\u00bbnumbers\u00bb fullwidth_field=\u00bbon\u00bb _builder_version=\u00bb4.16&#8243; form_field_font=\u00bb||||||||\u00bb custom_margin=\u00bb||24px|\u00bb global_colors_info=\u00bb{}\u00bb button_text_size__hover_enabled=\u00bboff\u00bb button_one_text_size__hover_enabled=\u00bboff\u00bb button_two_text_size__hover_enabled=\u00bboff\u00bb button_text_color__hover_enabled=\u00bboff\u00bb button_one_text_color__hover_enabled=\u00bboff\u00bb button_two_text_color__hover_enabled=\u00bboff\u00bb button_border_width__hover_enabled=\u00bboff\u00bb button_one_border_width__hover_enabled=\u00bboff\u00bb button_two_border_width__hover_enabled=\u00bboff\u00bb button_border_color__hover_enabled=\u00bboff\u00bb button_one_border_color__hover_enabled=\u00bboff\u00bb button_two_border_color__hover_enabled=\u00bboff\u00bb button_border_radius__hover_enabled=\u00bboff\u00bb button_one_border_radius__hover_enabled=\u00bboff\u00bb button_two_border_radius__hover_enabled=\u00bboff\u00bb button_letter_spacing__hover_enabled=\u00bboff\u00bb button_one_letter_spacing__hover_enabled=\u00bboff\u00bb button_two_letter_spacing__hover_enabled=\u00bboff\u00bb button_bg_color__hover_enabled=\u00bboff\u00bb button_one_bg_color__hover_enabled=\u00bboff\u00bb button_two_bg_color__hover_enabled=\u00bboff\u00bb][\/et_pb_contact_field][et_pb_contact_field field_id=\u00bbMensaje\u00bb field_title=\u00bbMensaje\u00bb field_type=\u00bbtext\u00bb fullwidth_field=\u00bbon\u00bb _builder_version=\u00bb4.16&#8243; custom_margin=\u00bb||24px|\u00bb global_colors_info=\u00bb{}\u00bb button_text_size__hover_enabled=\u00bboff\u00bb button_one_text_size__hover_enabled=\u00bboff\u00bb button_two_text_size__hover_enabled=\u00bboff\u00bb button_text_color__hover_enabled=\u00bboff\u00bb button_one_text_color__hover_enabled=\u00bboff\u00bb button_two_text_color__hover_enabled=\u00bboff\u00bb button_border_width__hover_enabled=\u00bboff\u00bb button_one_border_width__hover_enabled=\u00bboff\u00bb button_two_border_width__hover_enabled=\u00bboff\u00bb button_border_color__hover_enabled=\u00bboff\u00bb button_one_border_color__hover_enabled=\u00bboff\u00bb button_two_border_color__hover_enabled=\u00bboff\u00bb button_border_radius__hover_enabled=\u00bboff\u00bb button_one_border_radius__hover_enabled=\u00bboff\u00bb button_two_border_radius__hover_enabled=\u00bboff\u00bb button_letter_spacing__hover_enabled=\u00bboff\u00bb button_one_letter_spacing__hover_enabled=\u00bboff\u00bb button_two_letter_spacing__hover_enabled=\u00bboff\u00bb button_bg_color__hover_enabled=\u00bboff\u00bb button_one_bg_color__hover_enabled=\u00bboff\u00bb button_two_bg_color__hover_enabled=\u00bboff\u00bb][\/et_pb_contact_field][\/et_pb_contact_form][\/et_pb_column][et_pb_column type=\u00bb3_5&#8243; _builder_version=\u00bb4.16&#8243; custom_padding=\u00bb|||\u00bb global_colors_info=\u00bb{}\u00bb custom_padding__hover=\u00bb|||\u00bb][et_pb_text _builder_version=\u00bb4.16&#8243; text_font=\u00bbUbuntu||||||||\u00bb text_line_height=\u00bb1.8em\u00bb header_font=\u00bbLato||||||||\u00bb header_3_font=\u00bbLato|700|||||||\u00bb header_3_font_size=\u00bb40px\u00bb header_3_font_size_tablet=\u00bb35px\u00bb header_3_font_size_phone=\u00bb25px\u00bb header_3_font_size_last_edited=\u00bbon|phone\u00bb global_colors_info=\u00bb{}\u00bb]<\/p>\n<h3>Preguntas frecuentes<\/h3>\n<p>[\/et_pb_text][et_pb_toggle title=\u00bb\u00bfA qui\u00e9n debo acudir si me accidento?\u00bb open_toggle_background_color=\u00bbrgba(0,0,0,0)\u00bb closed_toggle_background_color=\u00bbrgba(0,0,0,0)\u00bb icon_color=\u00bb#009bdb\u00bb open_icon_color=\u00bb#009bdb\u00bb _builder_version=\u00bb4.16&#8243; title_level=\u00bbh6&#8243; title_font=\u00bbLato|700|||||||\u00bb title_font_size=\u00bb16px\u00bb title_line_height=\u00bb1.5em\u00bb body_font=\u00bbLato||||||||\u00bb body_font_size=\u00bb15px\u00bb body_line_height=\u00bb2em\u00bb custom_margin=\u00bb||24px|\u00bb custom_padding=\u00bb15px||15px||true\u00bb border_width_all=\u00bb2px\u00bb border_color_all=\u00bb#f4f6f7&#8243; global_colors_info=\u00bb{}\u00bb]<\/p>\n<p><strong>Si eres funcionario<\/strong>, en caso de sufrir un accidente laboral informe a su jefe directo, quien notificar\u00e1 a la Direcci\u00f3n General de Prevenci\u00f3n de Riesgos a los n\u00fameros 5830 y 5776 o a los correos <a href=\"mailto:luis.fuentes@upla.cl\">luis.fuentes@upla.cl<\/a>\u00a0y\u00a0<a href=\"mailto:karen.vargas@upla.cl\">karen.vargas@upla.cl<\/a><\/p>\n<p>Si el afectado (a) requiere traslado urgente, pida ambulancia al n\u00famero <a href=\"tel:800204000\" target=\"_blank\" rel=\"noopener noreferrer\" title=\"800 20 4000\">800 20 4000<\/a>, n\u00famero IST.<\/p>\n<p>Si el accidente reviste mayor gravedad, llame a la ambulancia de inmediato, informe posteriormente.<\/p>\n<p><span><strong>Si eres estudiante<\/strong>, y el accidente ocurre entre las 9.00 y las 20.30 horas, debe dirigirse al Servicio M\u00e9dico y Odontol\u00f3gico de la Universidad (piso 1 del edificio Institucional, ubicado en Avenida Guillermo Gonz\u00e1lez de Hontaneda 850, cerro Playa Ancha, Valpara\u00edso) <\/span><\/p>\n<p><span><strong>Si eres visitante<\/strong>, y te accidentas o eres testigo de un accidente ocurrido a visitas en los recintos de la universidad, informa o pida apoyo a alg\u00fan funcionario y llame a alguno de los siguientes n\u00fameros de porter\u00eda.<\/span><\/p>\n<p><span>&#8230; <strong><a href=\"https:\/\/www.upla.cl\/prevencion\/emergencias-y-procedimientos\/\" title=\"Emergencias y Procedimientos\">revisa aqu\u00ed m\u00e1s en detalle estas acciones<\/a><\/strong><\/span><\/p>\n<p>[\/et_pb_toggle][et_pb_toggle title=\u00bb\u00bfQu\u00e9 es un accidente de trabajo?\u00bb open_toggle_background_color=\u00bbrgba(0,0,0,0)\u00bb closed_toggle_background_color=\u00bbrgba(0,0,0,0)\u00bb icon_color=\u00bb#009bdb\u00bb open_icon_color=\u00bb#009bdb\u00bb _builder_version=\u00bb4.16&#8243; title_level=\u00bbh6&#8243; title_font=\u00bb|700|||||||\u00bb title_font_size=\u00bb16px\u00bb border_width_all=\u00bb2px\u00bb border_color_all=\u00bb#ffffff\u00bb global_colors_info=\u00bb{}\u00bb]<\/p>\n<p>Un accidente de trabajo es toda lesi\u00f3n que sufra un trabajador <strong>a causa o con ocasi\u00f3n del trabajo<\/strong>, y que produzca incapacidad o muerte.<\/p>\n<p>[\/et_pb_toggle][et_pb_toggle title=\u00bb\u00bfQu\u00e9 es un accidente de trayecto?\u00bb open_toggle_background_color=\u00bbrgba(0,0,0,0)\u00bb closed_toggle_background_color=\u00bbrgba(0,0,0,0)\u00bb icon_color=\u00bb#009bdb\u00bb open_icon_color=\u00bb#009bdb\u00bb _builder_version=\u00bb4.16&#8243; title_level=\u00bbh6&#8243; title_font=\u00bb|700|||||||\u00bb title_font_size=\u00bb16px\u00bb border_width_all=\u00bb2px\u00bb border_color_all=\u00bb#ffffff\u00bb global_colors_info=\u00bb{}\u00bb]<\/p>\n<p>Un accidente de trayecto es el que ocurre en el <strong>trayecto directo<\/strong> de ida y regreso entre la habitaci\u00f3n y el lugar de trabajo.<\/p>\n<p>[\/et_pb_toggle][et_pb_toggle title=\u00bbSi me accidento en el trayecto desde la oficina a mi casa, un d\u00eda viernes, \u00bfPuedo ir al IST? \u00bfA qui\u00e9n le aviso?\u00bb open_toggle_background_color=\u00bbrgba(0,0,0,0)\u00bb closed_toggle_background_color=\u00bbrgba(0,0,0,0)\u00bb icon_color=\u00bb#009bdb\u00bb open_icon_color=\u00bb#009bdb\u00bb _builder_version=\u00bb4.16&#8243; title_level=\u00bbh6&#8243; title_font=\u00bb|700|||||||\u00bb title_font_size=\u00bb16px\u00bb border_width_all=\u00bb2px\u00bb border_color_all=\u00bb#ffffff\u00bb global_colors_info=\u00bb{}\u00bb]<\/p>\n<p>S\u00ed, puede ir. Debe avisarle a su jefe directo.<\/p>\n<p>[\/et_pb_toggle][et_pb_toggle title=\u00bbSi voy en el micro de ida o vuelta del trabajo, y \u00e9ste colisiona, \u00bfVoy al Servicio de urgencia p\u00fablico o al IST?\u00bb open_toggle_background_color=\u00bbrgba(0,0,0,0)\u00bb closed_toggle_background_color=\u00bbrgba(0,0,0,0)\u00bb icon_color=\u00bb#009bdb\u00bb open_icon_color=\u00bb#009bdb\u00bb _builder_version=\u00bb4.16&#8243; title_level=\u00bbh6&#8243; title_font=\u00bb|700|||||||\u00bb title_font_size=\u00bb16px\u00bb border_width_all=\u00bb2px\u00bb border_color_all=\u00bb#ffffff\u00bb global_colors_info=\u00bb{}\u00bb]<\/p>\n<p>Si hay lesiones, el SAMU se encarga de trasladar a los afectados y entregar la primera atenci\u00f3n. Posteriormente ellos se coordinan con la mutual, para el retiro del paciente. Si no hay lesiones inmediatas, <strong>informe de todas maneras a su jefatura.<\/strong><\/p>\n<p>[\/et_pb_toggle][et_pb_toggle title=\u00bbSi trabajo media jornada en la UPLA y media jornada en otro establecimiento; y tengo un accidente en el trayecto al momento de trasladarme entre los dos trabajos \u00bfQu\u00e9 hago?\u00bb open_toggle_background_color=\u00bbrgba(0,0,0,0)\u00bb closed_toggle_background_color=\u00bbrgba(0,0,0,0)\u00bb icon_color=\u00bb#009bdb\u00bb open_icon_color=\u00bb#009bdb\u00bb _builder_version=\u00bb4.16&#8243; title_level=\u00bbh6&#8243; title_font=\u00bb|700|||||||\u00bb title_font_size=\u00bb16px\u00bb border_width_all=\u00bb2px\u00bb border_color_all=\u00bb#ffffff\u00bb global_colors_info=\u00bb{}\u00bb]<\/p>\n<p>Es accidente de trayecto, <strong>asumido por la mutual de la instituci\u00f3n a la cual se dirige.<\/strong><\/p>\n<p>[\/et_pb_toggle][et_pb_toggle title=\u00bb\u00bfCu\u00e1l es el rol del Departamento de Prevenci\u00f3n de Riesgos?\u00bb open_toggle_background_color=\u00bbrgba(0,0,0,0)\u00bb closed_toggle_background_color=\u00bbrgba(0,0,0,0)\u00bb icon_color=\u00bb#009bdb\u00bb open_icon_color=\u00bb#009bdb\u00bb _builder_version=\u00bb4.16&#8243; title_level=\u00bbh6&#8243; title_font=\u00bbLato|700|||||||\u00bb title_font_size=\u00bb16px\u00bb title_line_height=\u00bb1.5em\u00bb body_font=\u00bbLato||||||||\u00bb body_font_size=\u00bb15px\u00bb body_line_height=\u00bb2em\u00bb custom_margin=\u00bb||24px|\u00bb custom_padding=\u00bb15px||15px||true\u00bb border_width_all=\u00bb2px\u00bb border_color_all=\u00bb#f4f6f7&#8243; global_colors_info=\u00bb{}\u00bb]<\/p>\n<p>El Departamento de Prevenci\u00f3n de Riesgos de la Universidad de Playa Ancha cumple los objetivos de planificar, organizar, asesorar, ejecutar, supervisar y promover acciones permanentes para procurar evitar accidentes del trabajo y enfermedades profesionales en la Universidad.<\/p>\n<p style=\"text-align: right;\"><strong><a href=\"https:\/\/www.upla.cl\/prevencion\/antecedentes-de-la-unidad\/\" target=\"_blank\" rel=\"noopener noreferrer\" title=\"Sobre el Departamento de Prevenci\u00f3n de Riesgos\">M\u00e1s sobre nosotros<\/a><\/strong><\/p>\n<p>[\/et_pb_toggle][et_pb_toggle title=\u00bb\u00bfCu\u00e1l es la funci\u00f3n de los comit\u00e9s paritarios?\u00bb open_toggle_background_color=\u00bbrgba(0,0,0,0)\u00bb closed_toggle_background_color=\u00bbrgba(0,0,0,0)\u00bb icon_color=\u00bb#009bdb\u00bb open_icon_color=\u00bb#009bdb\u00bb _builder_version=\u00bb4.16&#8243; title_level=\u00bbh6&#8243; title_font=\u00bbLato|700|||||||\u00bb title_font_size=\u00bb16px\u00bb title_line_height=\u00bb1.5em\u00bb body_font=\u00bbLato||||||||\u00bb body_font_size=\u00bb15px\u00bb body_line_height=\u00bb2em\u00bb custom_margin=\u00bb||24px|\u00bb custom_padding=\u00bb15px||15px||true\u00bb border_width_all=\u00bb2px\u00bb border_color_all=\u00bb#f4f6f7&#8243; global_colors_info=\u00bb{}\u00bb]<\/p>\n<p>Los comit\u00e9s paritarios son equipos de trabajo formados por representantes de las autoridades de la universidad y de los trabajadores.<\/p>\n<p>Su prop\u00f3sito es encontrar soluciones y mejoras efectivas en los \u00e1mbitos de la protecci\u00f3n de las personas y la seguridad de toda la instituci\u00f3n&#8230; <strong><a href=\"https:\/\/www.upla.cl\/higieneyseguridad\/\" target=\"_blank\" rel=\"noopener noreferrer\" title=\"Comit\u00e9s Paritarios de Higiene y Seguridad UPLA\">sigue leyendo.<\/a><\/strong><\/p>\n<p>[\/et_pb_toggle][et_pb_toggle title=\u00bb\u00bfCu\u00e1l es el organismo encargado de fiscalizar a nivel nacional en \u00e1mbitos de prevenci\u00f3n?\u00bb open_toggle_background_color=\u00bbrgba(0,0,0,0)\u00bb closed_toggle_background_color=\u00bbrgba(0,0,0,0)\u00bb icon_color=\u00bb#009bdb\u00bb open_icon_color=\u00bb#009bdb\u00bb _builder_version=\u00bb4.16&#8243; title_level=\u00bbh6&#8243; title_font=\u00bbLato|700|||||||\u00bb title_font_size=\u00bb16px\u00bb title_line_height=\u00bb1.5em\u00bb body_font=\u00bbLato||||||||\u00bb body_font_size=\u00bb15px\u00bb body_line_height=\u00bb2em\u00bb custom_margin=\u00bb||24px|\u00bb custom_padding=\u00bb15px||15px||true\u00bb border_width_all=\u00bb2px\u00bb border_color_all=\u00bb#f4f6f7&#8243; global_colors_info=\u00bb{}\u00bb]<\/p>\n<div id=\"presentacion_pagina\" class=\"articulo margen-abajo-md collapse in\">\n<p class=\"abstract aid-18531 cid-509\">Una de las funciones fundamentales de la <strong><a href=\"https:\/\/www.suseso.cl\/\" target=\"_blank\" rel=\"noopener noreferrer\" title=\"Superintendencia de Seguridad Social\">Superintendencia de Seguridad Social<\/a><\/strong> es fiscalizar el cumplimiento de la normativa de seguridad social, para lo cual, cuenta con un conjunto de atribuciones que se relacionan con el control y regulaci\u00f3n respecto de entidades fiscalizadas (en forma integral) y respecto de reg\u00edmenes fiscalizados (en forma particular).<\/p>\n<\/div>\n<p><strong><\/strong><\/p>\n<p>[\/et_pb_toggle][et_pb_toggle title=\u00bb\u00bfQu\u00e9 es una mutual?\u00bb open_toggle_background_color=\u00bbrgba(0,0,0,0)\u00bb closed_toggle_background_color=\u00bbrgba(0,0,0,0)\u00bb icon_color=\u00bb#009bdb\u00bb open_icon_color=\u00bb#009bdb\u00bb _builder_version=\u00bb4.16&#8243; title_level=\u00bbh6&#8243; title_font=\u00bbLato|700|||||||\u00bb title_font_size=\u00bb16px\u00bb title_line_height=\u00bb1.5em\u00bb body_font=\u00bbLato||||||||\u00bb body_font_size=\u00bb15px\u00bb body_line_height=\u00bb2em\u00bb custom_margin=\u00bb||24px|\u00bb custom_padding=\u00bb15px||15px||true\u00bb border_width_all=\u00bb2px\u00bb border_color_all=\u00bb#f4f6f7&#8243; global_colors_info=\u00bb{}\u00bb]<\/p>\n<p>Es un organismo administrador de la Ley 16.744, que tiene como misi\u00f3n proteger al trabajador mediante programas preventivos y de capacitaci\u00f3n; otorgar prestaciones m\u00e9dicas; y conceder indemnizaciones, subsidios o pensiones a aquel que haya sido v\u00edctima de un siniestro o enfermedad profesional en su trabajo.<\/p>\n<p>Es un sistema solidario, no discriminatorio entre sus afiliados y de profundos principios y valores \u00e9ticos.<\/p>\n<p>Entre sus objetivos se plantea promover el descenso de los accidentes laborales y enfermedades profesionales; aumentar la productividad de las empresas; fomentar una mejor calidad de vida laboral; y cumplir con los principios de responsabilidad social empresarial.<\/p>\n<p>[\/et_pb_toggle][et_pb_toggle title=\u00bb\u00bfA qu\u00e9 mutual est\u00e1 afiliada la UPLA?\u00bb open_toggle_background_color=\u00bbrgba(0,0,0,0)\u00bb closed_toggle_background_color=\u00bbrgba(0,0,0,0)\u00bb icon_color=\u00bb#009bdb\u00bb open_icon_color=\u00bb#009bdb\u00bb _builder_version=\u00bb4.16&#8243; title_level=\u00bbh6&#8243; title_font=\u00bbLato|700|||||||\u00bb title_font_size=\u00bb16px\u00bb title_line_height=\u00bb1.5em\u00bb body_font=\u00bbLato||||||||\u00bb body_font_size=\u00bb15px\u00bb body_line_height=\u00bb2em\u00bb custom_margin=\u00bb||24px|\u00bb custom_padding=\u00bb15px||15px||true\u00bb border_width_all=\u00bb2px\u00bb border_color_all=\u00bb#f4f6f7&#8243; global_colors_info=\u00bb{}\u00bb]<\/p>\n<p>La Universidad de Playa Ancha est\u00e1 asociada al <a href=\"http:\/\/www.ist.cl\" target=\"_blank\" rel=\"noopener noreferrer\" title=\"Instituto de Seguridad del Trabajo (IST)\">Instituto de Seguridad del Trabajo (IST)<\/a><\/p>\n<p>[\/et_pb_toggle][et_pb_toggle title=\u00bbEn caso de protesta, \u00bfEn qu\u00e9 momento debo evacuar?\u00bb open_toggle_background_color=\u00bbrgba(0,0,0,0)\u00bb closed_toggle_background_color=\u00bbrgba(0,0,0,0)\u00bb icon_color=\u00bb#009bdb\u00bb open_icon_color=\u00bb#009bdb\u00bb _builder_version=\u00bb4.16&#8243; title_level=\u00bbh6&#8243; title_font=\u00bb|700|||||||\u00bb title_font_size=\u00bb16px\u00bb border_width_all=\u00bb2px\u00bb border_color_all=\u00bb#ffffff\u00bb global_colors_info=\u00bb{}\u00bb]<\/p>\n<p><strong>Si pertenece a alguna facultad, es el decano quien da la orden de evacuaci\u00f3n.<\/strong><\/p>\n<p><strong>Si no pertenece a alguna facultad, es el prorrector por medio de los mayordomos<\/strong> quienes dan la orden de evacuaci\u00f3n.<\/p>\n<p>[\/et_pb_toggle][et_pb_toggle title=\u00bbSi estoy archivando y el mueble se encuentra muy arriba, \u00bfQu\u00e9 medidas debo tomar para no accidentarme?\u00bb open_toggle_background_color=\u00bbrgba(0,0,0,0)\u00bb closed_toggle_background_color=\u00bbrgba(0,0,0,0)\u00bb icon_color=\u00bb#009bdb\u00bb open_icon_color=\u00bb#009bdb\u00bb _builder_version=\u00bb4.16&#8243; title_level=\u00bbh6&#8243; title_font=\u00bb|700|||||||\u00bb title_font_size=\u00bb16px\u00bb border_width_all=\u00bb2px\u00bb border_color_all=\u00bb#ffffff\u00bb global_colors_info=\u00bb{}\u00bb]<\/p>\n<ul>\n<li>Utilizar un piso escala<\/li>\n<li>Si debe subir sobre 1,5 m., utilizar los Elementos de Protecci\u00f3n Personal (EPP) adecuados.<\/li>\n<\/ul>\n<p>[\/et_pb_toggle][\/et_pb_column][\/et_pb_row][\/et_pb_section][et_pb_section fb_built=\u00bb1&#8243; _builder_version=\u00bb3.22.7&#8243; background_color=\u00bb#ffffff\u00bb global_module=\u00bb245&#8243; saved_tabs=\u00bball\u00bb global_colors_info=\u00bb{}\u00bb][et_pb_row column_structure=\u00bb1_6,1_6,1_6,1_6,1_6,1_6&#8243; _builder_version=\u00bb4.16&#8243; custom_padding=\u00bb0px||0px|||\u00bb global_colors_info=\u00bb{}\u00bb][et_pb_column type=\u00bb1_6&#8243; _builder_version=\u00bb4.16&#8243; custom_padding=\u00bb|||\u00bb global_colors_info=\u00bb{}\u00bb custom_padding__hover=\u00bb|||\u00bb][\/et_pb_column][et_pb_column type=\u00bb1_6&#8243; _builder_version=\u00bb4.16&#8243; custom_padding=\u00bb|||\u00bb global_colors_info=\u00bb{}\u00bb custom_padding__hover=\u00bb|||\u00bb][et_pb_image src=\u00bbhttps:\/\/www.upla.cl\/prevencion\/wp-content\/uploads\/2025\/03\/Recurso-1-e1742932761940.png\u00bb title_text=\u00bbRecurso 1&#8243; url=\u00bbhttps:\/\/www.suseso.cl\/601\/w3-channel.html\u00bb url_new_window=\u00bbon\u00bb align_tablet=\u00bbcenter\u00bb align_phone=\u00bb\u00bb align_last_edited=\u00bbon|desktop\u00bb admin_label=\u00bbSuperintendencia de Seguridad Social\u00bb _builder_version=\u00bb4.27.4&#8243; custom_margin=\u00bb||-31px|||\u00bb global_colors_info=\u00bb{}\u00bb][\/et_pb_image][\/et_pb_column][et_pb_column type=\u00bb1_6&#8243; _builder_version=\u00bb4.16&#8243; custom_padding=\u00bb|||\u00bb global_colors_info=\u00bb{}\u00bb custom_padding__hover=\u00bb|||\u00bb][et_pb_image src=\u00bbhttps:\/\/www.upla.cl\/prevencion\/wp-content\/uploads\/2025\/03\/suseso1.png\u00bb title_text=\u00bbsuseso1&#8243; url=\u00bbhttp:\/\/www.mintrab.gob.cl\u00bb url_new_window=\u00bbon\u00bb align_tablet=\u00bbcenter\u00bb align_phone=\u00bb\u00bb align_last_edited=\u00bbon|desktop\u00bb admin_label=\u00bbMinisterio del Trabajo y Previsi\u00f3n Social\u00bb _builder_version=\u00bb4.27.4&#8243; global_colors_info=\u00bb{}\u00bb][\/et_pb_image][\/et_pb_column][et_pb_column type=\u00bb1_6&#8243; _builder_version=\u00bb4.16&#8243; custom_padding=\u00bb|||\u00bb global_colors_info=\u00bb{}\u00bb custom_padding__hover=\u00bb|||\u00bb][et_pb_image src=\u00bbhttps:\/\/www.upla.cl\/prevencion\/wp-content\/uploads\/2025\/03\/isl.png\u00bb title_text=\u00bbisl\u00bb url=\u00bbhttps:\/\/www.isl.gob.cl\u00bb url_new_window=\u00bbon\u00bb align_tablet=\u00bbcenter\u00bb align_phone=\u00bb\u00bb align_last_edited=\u00bbon|desktop\u00bb admin_label=\u00bbInstituto de Seguridad Laboral (ISL)\u00bb _builder_version=\u00bb4.27.4&#8243; global_colors_info=\u00bb{}\u00bb][\/et_pb_image][\/et_pb_column][et_pb_column type=\u00bb1_6&#8243; _builder_version=\u00bb4.16&#8243; custom_padding=\u00bb|||\u00bb global_colors_info=\u00bb{}\u00bb custom_padding__hover=\u00bb|||\u00bb][et_pb_image src=\u00bbhttps:\/\/www.upla.cl\/prevencion\/wp-content\/uploads\/2019\/05\/2019_0507_prevencionderiesgos_ist-e1742932864786.jpg\u00bb title_text=\u00bb2019_0507_prevencionderiesgos_ist\u00bb url=\u00bbhttp:\/\/www.ist.cl\u00bb url_new_window=\u00bbon\u00bb align_tablet=\u00bbcenter\u00bb align_phone=\u00bb\u00bb align_last_edited=\u00bbon|desktop\u00bb admin_label=\u00bbInstituto de Seguridad del Trabajo (IST)\u00bb _builder_version=\u00bb4.27.4&#8243; global_colors_info=\u00bb{}\u00bb][\/et_pb_image][\/et_pb_column][et_pb_column type=\u00bb1_6&#8243; _builder_version=\u00bb4.16&#8243; custom_padding=\u00bb|||\u00bb global_colors_info=\u00bb{}\u00bb custom_padding__hover=\u00bb|||\u00bb][\/et_pb_column][\/et_pb_row][\/et_pb_section][et_pb_section fb_built=\u00bb1&#8243; admin_label=\u00bbSecci\u00f3n footer\u00bb _builder_version=\u00bb4.22.2&#8243; _module_preset=\u00bbdefault\u00bb background_color=\u00bb#e5e5e5&#8243; background_enable_image=\u00bboff\u00bb min_height=\u00bb144.2px\u00bb custom_margin=\u00bb2px|||||\u00bb custom_padding=\u00bb50px||3px|||\u00bb border_width_top=\u00bb1px\u00bb border_color_top=\u00bbRGBA(255,255,255,0)\u00bb border_style_top=\u00bboutset\u00bb saved_tabs=\u00bball\u00bb locked=\u00bboff\u00bb collapsed=\u00bboff\u00bb global_colors_info=\u00bb{}\u00bb][et_pb_row column_structure=\u00bb1_4,1_4,1_4,1_4&#8243; _builder_version=\u00bb4.24.3&#8243; _module_preset=\u00bbdefault\u00bb max_width=\u00bb2560px\u00bb min_height=\u00bb247.9px\u00bb custom_margin=\u00bb|auto|23px|auto|false|false\u00bb custom_padding=\u00bb|20px||20px|false|true\u00bb global_colors_info=\u00bb{}\u00bb][et_pb_column type=\u00bb1_4&#8243; _builder_version=\u00bb4.20.4&#8243; _module_preset=\u00bbdefault\u00bb global_colors_info=\u00bb{}\u00bb][et_pb_image src=\u00bbhttps:\/\/www.upla.cl\/calidad\/wp-content\/uploads\/2025\/03\/im-upla.png\u00bb alt=\u00bbUniversidad de Playa Ancha\u00bb title_text=\u00bbim-upla\u00bb url=\u00bbhttps:\/\/www.upla.cl\/portada\/\u00bb align_tablet=\u00bb\u00bb align_phone=\u00bbcenter\u00bb align_last_edited=\u00bbon|phone\u00bb _builder_version=\u00bb4.22.2&#8243; _module_preset=\u00bbdefault\u00bb custom_padding_tablet=\u00bb\u00bb custom_padding_phone=\u00bb|30px||30px|false|true\u00bb custom_padding_last_edited=\u00bbon|phone\u00bb global_colors_info=\u00bb{}\u00bb][\/et_pb_image][et_pb_text _builder_version=\u00bb4.27.4&#8243; _module_preset=\u00bbdefault\u00bb text_text_color=\u00bb#565656&#8243; text_font_size=\u00bb15px\u00bb text_line_height=\u00bb1.2em\u00bb custom_padding=\u00bb|10px|||false|false\u00bb custom_padding_tablet=\u00bb|10px|||false|false\u00bb custom_padding_phone=\u00bb|30px||30px|false|true\u00bb custom_padding_last_edited=\u00bbon|phone\u00bb text_orientation_tablet=\u00bb\u00bb text_orientation_phone=\u00bbcenter\u00bb text_orientation_last_edited=\u00bbon|desktop\u00bb global_colors_info=\u00bb{}\u00bb]<\/p>\n<p style=\"text-align: left;\"><strong>Direcci\u00f3n General de Prevenci\u00f3n de Riesgos de la Universidad de Playa Ancha.<\/strong><\/p>\n<p style=\"text-align: left;\">Blanco 737, Valpara\u00edso.<\/p>\n<p>[\/et_pb_text][\/et_pb_column][et_pb_column type=\u00bb1_4&#8243; _builder_version=\u00bb4.20.4&#8243; _module_preset=\u00bbdefault\u00bb global_colors_info=\u00bb{}\u00bb][et_pb_image src=\u00bbhttps:\/\/www.upla.cl\/calidad\/wp-content\/uploads\/2025\/03\/20250311_upla_acreditada_2022-2027-color.png\u00bb alt=\u00bbUPLA_acreditada_2022-2027&#8243; title_text=\u00bb20230713_upla-acreditada\u00bb align_tablet=\u00bb\u00bb align_phone=\u00bbcenter\u00bb align_last_edited=\u00bbon|phone\u00bb _builder_version=\u00bb4.27.4&#8243; _module_preset=\u00bbdefault\u00bb width_tablet=\u00bb\u00bb width_phone=\u00bb60%\u00bb width_last_edited=\u00bbon|phone\u00bb custom_margin=\u00bb-10px||||false|false\u00bb custom_margin_tablet=\u00bb\u00bb custom_margin_phone=\u00bb\u00bb custom_margin_last_edited=\u00bbon|desktop\u00bb custom_padding=\u00bb||0px|||\u00bb global_colors_info=\u00bb{}\u00bb][\/et_pb_image][\/et_pb_column][et_pb_column type=\u00bb1_4&#8243; _builder_version=\u00bb4.22.2&#8243; _module_preset=\u00bbdefault\u00bb global_colors_info=\u00bb{}\u00bb][et_pb_blurb title=\u00bbConoce nuestras facultades\u00bb _builder_version=\u00bb4.27.4&#8243; _module_preset=\u00bbdefault\u00bb header_font=\u00bbLato|700|||||||\u00bb header_text_color=\u00bb#565656&#8243; header_font_size=\u00bb16px\u00bb body_font=\u00bbLato||||||||\u00bb body_font_size=\u00bb15px\u00bb min_height=\u00bb338.6px\u00bb custom_padding=\u00bb|||3%|false|false\u00bb custom_padding_tablet=\u00bb|10px|||false|false\u00bb custom_padding_phone=\u00bb|30px||30px|false|true\u00bb custom_padding_last_edited=\u00bbon|phone\u00bb header_text_align_tablet=\u00bb\u00bb header_text_align_phone=\u00bbcenter\u00bb header_text_align_last_edited=\u00bbon|phone\u00bb body_text_color_last_edited=\u00bboff|desktop\u00bb text_orientation_tablet=\u00bb\u00bb text_orientation_phone=\u00bbleft\u00bb text_orientation_last_edited=\u00bbon|phone\u00bb global_colors_info=\u00bb{}\u00bb body_text_color__hover_enabled=\u00bbon|desktop\u00bb body_text_color__hover=\u00bb#009bdb\u00bb]<\/p>\n<ul>\n<li><span style=\"color: #009bdb;\">\u00a0<\/span><span style=\"color: #009bdb;\"><a href=\"https:\/\/www.upla.cl\/sanfelipe\/\" target=\"_blank\" rel=\"noopener\" style=\"color: #009bdb3;\">Campus San Felipe<\/a><\/span><\/li>\n<li><a href=\"https:\/\/www.arteupla.cl\/\" target=\"_blank\" rel=\"noopener\" style=\"color: #009bdb;\">Facultad de Arte<\/a><\/li>\n<li><a href=\"https:\/\/www.upla.cl\/cienciasactividadfisicaydeporte\/\" target=\"_blank\" rel=\"noopener\" style=\"color: #009bdb;\">Facultad de Ciencias de Actividad F\u00edsica y del Deporte<\/a><\/li>\n<li><a href=\"https:\/\/www.upla.cl\/cienciaseducacion\/\" target=\"_blank\" rel=\"noopener\" style=\"color: #009bdb;\">Facultad de Ciencias de la Educaci\u00f3n<\/a><\/li>\n<li><a href=\"https:\/\/www.upla.cl\/cienciassalud\/\" target=\"_blank\" rel=\"noopener\" style=\"color: #009bdb;\">Facultad de Ciencias de la Salud<\/a><\/li>\n<li><a href=\"https:\/\/upla.cl\/facultad\/cienciasnaturalesyexactas\/\" target=\"_blank\" rel=\"noopener\" style=\"color: #009bdb;\">Facultad de Ciencias Naturales y Exactas<\/a><\/li>\n<li><a href=\"https:\/\/www.upla.cl\/csociales\/\" target=\"_blank\" rel=\"noopener\" style=\"color: #009bdb;\">Facultad de Ciencias Sociales<\/a><\/li>\n<li><a href=\"https:\/\/upla.cl\/facultad\/humanidades\/\" target=\"_blank\" rel=\"noopener\" style=\"color: #009bdb;\">Facultad de Humanidades<\/a><\/li>\n<li><a href=\"https:\/\/www.upla.cl\/facultad\/ingenieria\/\" target=\"_blank\" rel=\"noopener\" style=\"color: #009bdb;\">Facultad de Ingenier\u00eda<\/a><\/li>\n<\/ul>\n<p>[\/et_pb_blurb][\/et_pb_column][et_pb_column type=\u00bb1_4&#8243; _builder_version=\u00bb4.20.4&#8243; _module_preset=\u00bbdefault\u00bb global_colors_info=\u00bb{}\u00bb][et_pb_text _builder_version=\u00bb4.27.4&#8243; _module_preset=\u00bbdefault\u00bb text_font=\u00bb|700|||||||\u00bb text_text_color=\u00bb#565656&#8243; text_line_height=\u00bb1.2em\u00bb custom_padding=\u00bb||8%||false|false\u00bb header_text_align_tablet=\u00bb\u00bb header_text_align_phone=\u00bbcenter\u00bb header_text_align_last_edited=\u00bbon|phone\u00bb global_colors_info=\u00bb{}\u00bb]<\/p>\n<p style=\"text-align: center;\"><strong>Buscar en UPLA.cl:<\/strong><\/p>\n<p style=\"text-align: right;\"><strong><\/strong><\/p>\n<form id=\"accesos\" action=\"\" style=\"text-align: center;\"><select name=\"sitio\" onchange=\"window.location = (document.forms.accesos.sitio[document.forms.accesos.sitio.selectedIndex].value);\"><option>Acceso directo:<\/option><option value=\"http:\/\/www.upla.cl\/\">UPLA.cl<\/option><option value=\"http:\/\/sitios.upla.cl\/universidad\/\">La Universidad<\/option><option value=\"http:\/\/sitios.upla.cl\/organigrama\/\">Organigrama<\/option><option value=\"https:\/\/www.upla.cl\/calidad\/acreditacion-upla\/\">Acreditaci\u00f3n<\/option><option value=\"http:\/\/sitios.upla.cl\/campus\/\">Campus &#8211; C\u00f3mo llegar<\/option><option value=\"http:\/\/sitios.upla.cl\/san_felipe\/\">Campus San Felipe<\/option><option value=\"http:\/\/www.upla.cl\/bibliotecas\/\">Bibliotecas<\/option><option value=\"http:\/\/sitios.upla.cl\/principales_oficinas\/\">Oficinas y unidades acad\u00e9micas<\/option><option value=\"http:\/\/sitios.upla.cl\/calendario_academico\/\">Calendario Acad\u00e9mico<\/option><option value=\"http:\/\/sitios.upla.cl\/dgrrii\/\">Relaciones Internacionales<\/option><option value=\"http:\/\/sitios.upla.cl\/egresados\/index.html\">Egresados<\/option><option value=\"http:\/\/alumnos.upla.cl\/webmail\/\">Correo electr\u00f3nico estudiantes<\/option><option value=\"http:\/\/sitios.upla.cl\/dae\/\">Desarrollo Estudiantil<\/option><option value=\"https:\/\/www.upla.cl\/admision\/ayudas-estudiantiles\/\">Becas y Ayudas<\/option><option value=\"http:\/\/sitios.upla.cl\/dae\/serv_medico.html\">Servicio M\u00e9dico<\/option><option value=\"http:\/\/sitios.upla.cl\/soupa\/\">Serv. de Orientaci\u00f3n Universitaria<\/option><option value=\"http:\/\/sitios.upla.cl\/practicas\/\">Pr\u00e1cticas<\/option><option value=\"http:\/\/sitios.upla.cl\/titulosygrados\/\">T\u00edtulos y Grados<\/option><option value=\"https:\/\/www.recaudaciones.bancochile.cl\/cliente\/pgdr\/appfront\/Pag_Login.aspx?IdCon=19\">Portal de Pagos<\/option><option value=\"http:\/\/webmail.upla.cl\/\">Correo electr\u00f3nico institucional<\/option><option value=\"http:\/\/sitios.upla.cl\/proy_investigacion\/\">Direcci\u00f3n General de Investigaci\u00f3n<\/option><option value=\"http:\/\/sitios.upla.cl\/dapei\/\">Planificaci\u00f3n Estrat\u00e9gica<\/option><option value=\"https:\/\/www.upla.cl\/calidad\/\">DIRGECAL<\/option><option value=\"http:\/\/www.arteupla.cl\/\">Arte<\/option><option value=\"http:\/\/creal.upla.cl\/humanidades\/\">Humanidades<\/option><option value=\"http:\/\/www.upla.cl\/educacion\/\">Cs. de la Educaci\u00f3n<\/option><option value=\"http:\/\/www.upla.cl\/actividadfisica\/\">Cs. de la Act. F\u00edsica y del Deporte<\/option><option value=\"http:\/\/www.upla.cl\/ciencias\">Ciencias Naturales y Exactas<\/option><option value=\"http:\/\/www.upla.cl\/cienciasdelasalud\/\">Ciencias de la Salud<\/option><option value=\"http:\/\/www.upla.cl\/facultades\/facultaddecienciassociales.html\">Ciencias Sociales<\/option><option value=\"http:\/\/www.upla.cl\/ingenieria\">Ingenier\u00eda<\/option><\/select><\/form>\n<p>[\/et_pb_text][et_pb_text _builder_version=\u00bb4.22.2&#8243; _module_preset=\u00bbdefault\u00bb text_font=\u00bb|700|||||||\u00bb text_text_color=\u00bb#565656&#8243; text_line_height=\u00bb1.2em\u00bb header_text_align_tablet=\u00bb\u00bb header_text_align_phone=\u00bbcenter\u00bb header_text_align_last_edited=\u00bbon|phone\u00bb global_colors_info=\u00bb{}\u00bb]<\/p>\n<p style=\"text-align: center;\"><strong>S\u00edguenos en nuestras redes sociales:<\/strong><\/p>\n<p>[\/et_pb_text][et_pb_social_media_follow icon_color=\u00bb#FFFFFF\u00bb _builder_version=\u00bb4.22.2&#8243; _module_preset=\u00bbdefault\u00bb text_orientation=\u00bbcenter\u00bb text_orientation_tablet=\u00bb\u00bb text_orientation_phone=\u00bbcenter\u00bb text_orientation_last_edited=\u00bbon|phone\u00bb global_colors_info=\u00bb{}\u00bb][et_pb_social_media_follow_network social_network=\u00bbinstagram\u00bb url=\u00bbhttps:\/\/www.instagram.com\/upla_comunica\/\u00bb _builder_version=\u00bb4.20.4&#8243; _module_preset=\u00bbdefault\u00bb background_color=\u00bb#ea2c59&#8243; global_colors_info=\u00bb{}\u00bb follow_button=\u00bboff\u00bb url_new_window=\u00bbon\u00bb]instagram[\/et_pb_social_media_follow_network][et_pb_social_media_follow_network social_network=\u00bbfacebook\u00bb url=\u00bbhttps:\/\/www.facebook.com\/uplacomunica\u00bb _builder_version=\u00bb4.20.4&#8243; _module_preset=\u00bbdefault\u00bb background_color=\u00bb#3b5998&#8243; global_colors_info=\u00bb{}\u00bb follow_button=\u00bboff\u00bb url_new_window=\u00bbon\u00bb]facebook[\/et_pb_social_media_follow_network][et_pb_social_media_follow_network social_network=\u00bbtwitter\u00bb url=\u00bbhttps:\/\/twitter.com\/upla_comunica\u00bb _builder_version=\u00bb4.22.2&#8243; _module_preset=\u00bbdefault\u00bb background_color=\u00bb#000000&#8243; global_colors_info=\u00bb{}\u00bb follow_button=\u00bboff\u00bb url_new_window=\u00bbon\u00bb]twitter[\/et_pb_social_media_follow_network][et_pb_social_media_follow_network social_network=\u00bbyoutube\u00bb url=\u00bbhttps:\/\/www.youtube.com\/user\/comunicacionesupla\u00bb _builder_version=\u00bb4.20.4&#8243; _module_preset=\u00bbdefault\u00bb background_color=\u00bb#a82400&#8243; global_colors_info=\u00bb{}\u00bb follow_button=\u00bboff\u00bb url_new_window=\u00bbon\u00bb]youtube[\/et_pb_social_media_follow_network][\/et_pb_social_media_follow][\/et_pb_column][\/et_pb_row][\/et_pb_section]<\/p>\n","protected":false},"excerpt":{"rendered":"<p>Instructivos, recomendaciones, buenas pr\u00e1cticas y consejos en general relacionados con la prevenci\u00f3n en tiempos de Covid-19La Direcci\u00f3n General de Prevenci\u00f3n de Riesgos, le da la m\u00e1s cordial bienvenida a este sitio web, el que pretendemos se convierta en un nexo entre la direcci\u00f3n, los funcionarios y funcionarias de todos los estamentos de la universidad, con [&hellip;]<\/p>\n","protected":false},"author":1,"featured_media":0,"parent":0,"menu_order":0,"comment_status":"closed","ping_status":"closed","template":"","meta":{"_et_pb_use_builder":"on","_et_pb_old_content":"","_et_gb_content_width":"","footnotes":""},"class_list":["post-54","page","type-page","status-publish","hentry"],"_links":{"self":[{"href":"https:\/\/www.upla.cl\/prevencion\/wp-json\/wp\/v2\/pages\/54","targetHints":{"allow":["GET"]}}],"collection":[{"href":"https:\/\/www.upla.cl\/prevencion\/wp-json\/wp\/v2\/pages"}],"about":[{"href":"https:\/\/www.upla.cl\/prevencion\/wp-json\/wp\/v2\/types\/page"}],"author":[{"embeddable":true,"href":"https:\/\/www.upla.cl\/prevencion\/wp-json\/wp\/v2\/users\/1"}],"replies":[{"embeddable":true,"href":"https:\/\/www.upla.cl\/prevencion\/wp-json\/wp\/v2\/comments?post=54"}],"version-history":[{"count":48,"href":"https:\/\/www.upla.cl\/prevencion\/wp-json\/wp\/v2\/pages\/54\/revisions"}],"predecessor-version":[{"id":738,"href":"https:\/\/www.upla.cl\/prevencion\/wp-json\/wp\/v2\/pages\/54\/revisions\/738"}],"wp:attachment":[{"href":"https:\/\/www.upla.cl\/prevencion\/wp-json\/wp\/v2\/media?parent=54"}],"curies":[{"name":"wp","href":"https:\/\/api.w.org\/{rel}","templated":true}]}}