{"id":818,"date":"2014-10-27T13:22:32","date_gmt":"2014-10-27T16:22:32","guid":{"rendered":"http:\/\/www.upla.cl\/postgrado\/?page_id=818"},"modified":"2016-05-04T11:43:25","modified_gmt":"2016-05-04T15:43:25","slug":"metodologia-archivistica","status":"publish","type":"page","link":"https:\/\/www.upla.cl\/postgrado\/cursos\/metodologia-archivistica\/","title":{"rendered":"Metodolog\u00eda archiv\u00edstica"},"content":{"rendered":"<p>&nbsp;<\/p>\n<p><img loading=\"lazy\" decoding=\"async\" class=\"alignleft size-full wp-image-1425\" src=\"https:\/\/www.upla.cl\/postgrado\/wp-content\/uploads\/2014\/10\/2016_0426_postgrado_curso_archivistica.jpg\" alt=\"2016_0426_postgrado_curso_archivistica\" width=\"640\" height=\"320\" srcset=\"https:\/\/www.upla.cl\/postgrado\/wp-content\/uploads\/2014\/10\/2016_0426_postgrado_curso_archivistica.jpg 640w, https:\/\/www.upla.cl\/postgrado\/wp-content\/uploads\/2014\/10\/2016_0426_postgrado_curso_archivistica-300x150.jpg 300w\" sizes=\"(max-width: 640px) 100vw, 640px\" \/><\/p>\n<h3>Curso de postgrado:\u00a0Metodolog\u00eda Archiv\u00edstica: Clasificaci\u00f3n, ordenaci\u00f3n y descripci\u00f3n en archivos<\/h3>\n<h4>Presentaci\u00f3n<\/h4>\n<p>Curso te\u00f3rico \u2013 pr\u00e1ctico que realiza un acercamiento a los conceptos de Archiv\u00edstica, Archivo y Documento de Archivo, proporcionando las herramientas b\u00e1sicas para una adecuada Clasificaci\u00f3n, Ordenaci\u00f3n y Descripci\u00f3n Archiv\u00edstica, tanto en el \u00e1mbito de los Archivos P\u00fablicos como Privados.<\/p>\n<h4>Objetivo<\/h4>\n<p>Introducir a los participantes en los conocimientos b\u00e1sicos que fundamentan la Archiv\u00edstica como disciplina, proporcion\u00e1ndoles acceso a los t\u00e9rminos, conceptos y principios fundamentales, como tambi\u00e9n a la metodolog\u00eda que le es propia a fin de desarrollar un trabajo archiv\u00edstico.<\/p>\n<h4>Plan de Estudios<\/h4>\n\n<table id=\"tablepress-40\" class=\"tablepress tablepress-id-40\">\n<thead>\n<tr class=\"row-1\">\n\t<th class=\"column-1\">Contenidos<\/th>\n<\/tr>\n<\/thead>\n<tbody class=\"row-striping row-hover\">\n<tr class=\"row-2\">\n\t<td class=\"column-1\">- M\u00f3dulo 1: Bases te\u00f3ricas que fundamentan la Archiv\u00edstica.<br \/>\n- M\u00f3dulo 2: Clasificaci\u00f3n Archiv\u00edstica.<br \/>\n- M\u00f3dulo 3: Ordenaci\u00f3n Archiv\u00edstica.<br \/>\n- M\u00f3dulo 4: Descripci\u00f3n Archiv\u00edstica.<\/td>\n<\/tr>\n<\/tbody>\n<\/table>\n<!-- #tablepress-40 from cache -->\n<h4>Modalidad<\/h4>\n<p>Semipresencial.<\/p>\n<p>216 horas totales, distribuidas en:<\/p>\n<ul>\n<li>Clases te\u00f3rico-pr\u00e1cticas.<\/li>\n<li>Tutor\u00edas a trav\u00e9s de E-Aula.<\/li>\n<li>Trabajo aut\u00f3nomo del estudiante.<\/li>\n<\/ul>\n<h4>Vacantes<\/h4>\n<p>10.<\/p>\n<h4>Requisitos<\/h4>\n<ul>\n<li>Certificado de Licenciatura y\/o T\u00edtulo Profesional.<\/li>\n<li>Curr\u00edculum vitae.<\/li>\n<li>Dos fotos tama\u00f1o carnet, a color, con nombre y RUT.<\/li>\n<li>Fotocopia c\u00e9dula de identidad por ambos lados.<\/li>\n<li>Formulario de Postulaci\u00f3n.<\/li>\n<\/ul>\n<h4>Postulaciones<\/h4>\n<p>Hasta el 29 de\u00a0abril\u00a0de 2016.<\/p>\n<p>Entrega de antecedentes hasta el 13 de mayo de 2016 en la Facultad de Ciencias Sociales (segundo piso de la Casa Central)<\/p>\n<h4>Inicio<\/h4>\n<p>Junio de 2016.<\/p>\n<h4>Clases<\/h4>\n<ul>\n<li>S\u00e1bado 11 de junio: Virtual.<\/li>\n<li>S\u00e1bado 18 de junio: Presencial.<\/li>\n<li>S\u00e1bado 25 de junio: Presencial.<\/li>\n<li>S\u00e1bado 2 de julio: Presencial.<\/li>\n<\/ul>\n<p>Horario: de 10 a 18.00 horas.<\/p>\n<h4>Acad\u00e9mico(a)<\/h4>\n<p>Carolina Santelices Werchez<br \/>\nBibliotec\u00f3loga. Mag\u00edster en Pedagog\u00eda Universitaria &#8211; Coordinadora del Mag\u00edster en Bibliotecolog\u00eda e Informaci\u00f3n.<\/p>\n<h4>Acad\u00e9mica invitada<\/h4>\n<p>Cecilia Guzm\u00e1n Bast\u00edas<br \/>\nBibliotec\u00f3loga. Conservadora del Archivo Hist\u00f3rico de la Armada de Chile.<\/p>\n<h4>Valor<\/h4>\n<p>Inscripci\u00f3n: $ 21.000.-<br \/>\nArancel2016: $ 263.000.-<\/p>\n<h4>Inscripciones<\/h4>\n<p>Escuela de Postgrado<br \/>\nCorreo electr\u00f3nico: <a href=\"mailto:escueladepostgrado@upla.cl\">escueladepostgrado@upla.cl<\/a><br \/>\nTel\u00e9fonos: +56 32 2500197 &#8211; +56 32 2624710.<\/p>\n<h4>Notas<\/h4>\n<p>La aprobaci\u00f3n del curso cuenta con certificaci\u00f3n y puede ser convalidado en el Programa de Mag\u00edster en Bibliotecolog\u00eda e Informaci\u00f3n de la Universidad de Playa Ancha.<\/p>\n<p><a href=\"https:\/\/www.upla.cl\/postgrado\/wp-content\/uploads\/2014\/10\/2016_0504_postgrado_cursoarchivistica.pdf\">Descarga aqu\u00ed la ficha en formato pdf<\/a><\/p>\n","protected":false},"excerpt":{"rendered":"<p>&nbsp; Curso de postgrado:\u00a0Metodolog\u00eda Archiv\u00edstica: Clasificaci\u00f3n, ordenaci\u00f3n y descripci\u00f3n en archivos Presentaci\u00f3n Curso te\u00f3rico \u2013 pr\u00e1ctico que realiza un acercamiento a los conceptos de Archiv\u00edstica, Archivo y Documento de Archivo, proporcionando las herramientas b\u00e1sicas para una adecuada Clasificaci\u00f3n, Ordenaci\u00f3n y Descripci\u00f3n Archiv\u00edstica, tanto en el \u00e1mbito de los Archivos P\u00fablicos como Privados. Objetivo Introducir a [&hellip;]<\/p>\n","protected":false},"author":2,"featured_media":1425,"parent":813,"menu_order":4,"comment_status":"closed","ping_status":"closed","template":"","meta":{"_et_pb_use_builder":"","_et_pb_old_content":"","_et_gb_content_width":"","footnotes":""},"class_list":["post-818","page","type-page","status-publish","has-post-thumbnail","hentry"],"_links":{"self":[{"href":"https:\/\/www.upla.cl\/postgrado\/wp-json\/wp\/v2\/pages\/818","targetHints":{"allow":["GET"]}}],"collection":[{"href":"https:\/\/www.upla.cl\/postgrado\/wp-json\/wp\/v2\/pages"}],"about":[{"href":"https:\/\/www.upla.cl\/postgrado\/wp-json\/wp\/v2\/types\/page"}],"author":[{"embeddable":true,"href":"https:\/\/www.upla.cl\/postgrado\/wp-json\/wp\/v2\/users\/2"}],"replies":[{"embeddable":true,"href":"https:\/\/www.upla.cl\/postgrado\/wp-json\/wp\/v2\/comments?post=818"}],"version-history":[{"count":11,"href":"https:\/\/www.upla.cl\/postgrado\/wp-json\/wp\/v2\/pages\/818\/revisions"}],"predecessor-version":[{"id":1436,"href":"https:\/\/www.upla.cl\/postgrado\/wp-json\/wp\/v2\/pages\/818\/revisions\/1436"}],"up":[{"embeddable":true,"href":"https:\/\/www.upla.cl\/postgrado\/wp-json\/wp\/v2\/pages\/813"}],"wp:featuredmedia":[{"embeddable":true,"href":"https:\/\/www.upla.cl\/postgrado\/wp-json\/wp\/v2\/media\/1425"}],"wp:attachment":[{"href":"https:\/\/www.upla.cl\/postgrado\/wp-json\/wp\/v2\/media?parent=818"}],"curies":[{"name":"wp","href":"https:\/\/api.w.org\/{rel}","templated":true}]}}