{"id":3857,"date":"2020-09-25T14:03:18","date_gmt":"2020-09-25T17:03:18","guid":{"rendered":"https:\/\/www.upla.cl\/postgrado\/?page_id=3857"},"modified":"2026-04-10T12:34:16","modified_gmt":"2026-04-10T16:34:16","slug":"liderazgo-y-gestion-de-organizaciones-educativas","status":"publish","type":"page","link":"https:\/\/www.upla.cl\/postgrado\/magisteres\/liderazgo-y-gestion-de-organizaciones-educativas\/","title":{"rendered":"Mag\u00edster en Liderazgo y Gesti\u00f3n de Organizaciones Educativas"},"content":{"rendered":"<p>[et_pb_section fb_built=\u00bb1&#8243; admin_label=\u00bbUPLA &#8211; Postgrado\u00bb module_id=\u00bbinicio\u00bb _builder_version=\u00bb3.0.89&#8243; custom_padding=\u00bb0px|0px|0|0px\u00bb global_module=\u00bb2025&#8243; global_colors_info=\u00bb{}\u00bb][\/et_pb_section][et_pb_section fb_built=\u00bb1&#8243; fullwidth=\u00bbon\u00bb _builder_version=\u00bb4.27.4&#8243; _module_preset=\u00bbdefault\u00bb global_colors_info=\u00bb{}\u00bb][et_pb_fullwidth_post_title meta=\u00bboff\u00bb featured_placement=\u00bbbackground\u00bb _builder_version=\u00bb4.27.4&#8243; _module_preset=\u00bbdefault\u00bb title_font=\u00bb|700||on|||||\u00bb title_text_color=\u00bb#FFFFFF\u00bb title_font_size=\u00bb35px\u00bb background_color=\u00bb#b55103&#8243; background_image=\u00bbhttps:\/\/www.upla.cl\/postgrado\/wp-content\/uploads\/2025\/11\/20251124_postgrado-mg-en-liderazgo.jpg\u00bb background_blend=\u00bbmultiply\u00bb custom_padding=\u00bb250px||250px||true|false\u00bb global_colors_info=\u00bb{}\u00bb][\/et_pb_fullwidth_post_title][\/et_pb_section][et_pb_section fb_built=\u00bb1&#8243; _builder_version=\u00bb4.16&#8243; global_colors_info=\u00bb{}\u00bb][et_pb_row column_structure=\u00bb3_4,1_4&#8243; use_custom_gutter=\u00bbon\u00bb gutter_width=\u00bb2&#8243; _builder_version=\u00bb4.16&#8243; global_colors_info=\u00bb{}\u00bb][et_pb_column type=\u00bb3_4&#8243; _builder_version=\u00bb4.16&#8243; custom_padding=\u00bb|||\u00bb global_colors_info=\u00bb{}\u00bb custom_padding__hover=\u00bb|||\u00bb][et_pb_video src=\u00bbhttps:\/\/youtu.be\/rLc8yKLAtNk\u00bb src_webm=\u00bbhttps:\/\/youtu.be\/rLc8yKLAtNk\u00bb admin_label=\u00bbVideo Mag\u00edster en Liderazgo\u00bb _builder_version=\u00bb4.22.1&#8243; _module_preset=\u00bbdefault\u00bb global_colors_info=\u00bb{}\u00bb][\/et_pb_video][et_pb_accordion admin_label=\u00bbAcorde\u00f3n: ficha programa\u00bb _builder_version=\u00bb4.27.5&#8243; hover_enabled=\u00bb0&#8243; global_colors_info=\u00bb{}\u00bb sticky_enabled=\u00bb0&#8243;][et_pb_accordion_item title=\u00bbPresentaci\u00f3n\u00bb open=\u00bbon\u00bb _builder_version=\u00bb4.27.4&#8243; global_colors_info=\u00bb{}\u00bb]<\/p>\n<p>El Mag\u00edster en Liderazgo y Gesti\u00f3n de Organizaciones Educativas de la Facultad de Ciencias de la Educaci\u00f3n de la Universidad de Playa Ancha, responde a la creciente necesidad de profesionales capaces de liderar procesos de mejora en contextos educativos diversos. Su objetivo es formar especialistas en liderazgo transformador y gesti\u00f3n educativa, con competencias para dise\u00f1ar, implementar y evaluar intervenciones situadas, integrando teor\u00eda, pr\u00e1ctica e investigaci\u00f3n aplicada.<\/p>\n<p>De car\u00e1cter profesional y con una duraci\u00f3n de cuatro semestres, el programa se imparte en modalidad presencial con horarios adaptados, lo que permite compatibilizar la formaci\u00f3n con responsabilidades laborales y personales. Se distingue por su enfoque integral, el acompa\u00f1amiento continuo al estudiantado y un cuerpo acad\u00e9mico altamente calificado en liderazgo, gesti\u00f3n institucional y pol\u00edticas p\u00fablicas.<\/p>\n<p>[\/et_pb_accordion_item][et_pb_accordion_item title=\u00bbPerfil de ingreso\u00bb _builder_version=\u00bb4.27.4&#8243; global_colors_info=\u00bb{}\u00bb open=\u00bboff\u00bb]<\/p>\n<p>El Mag\u00edster en Liderazgo y Gesti\u00f3n de Organizaciones Educativas de la Universidad de Playa Ancha est\u00e1 dirigido a profesionales de distintas disciplinas que se desempe\u00f1an en organizaciones o en \u00e1mbitos vinculados al sistema educativo en sus diversos niveles. Se espera que cuenten con experiencia en educaci\u00f3n y que busquen fortalecer sus competencias en liderazgo, gesti\u00f3n e investigaci\u00f3n aplicada para impulsar procesos de mejora institucional.<\/p>\n<p>[\/et_pb_accordion_item][et_pb_accordion_item title=\u00bb\u00c1reas de desarrollo\u00bb _builder_version=\u00bb4.27.4&#8243; global_colors_info=\u00bb{}\u00bb open=\u00bboff\u00bb]<\/p>\n<p>El Mag\u00edster en Liderazgo y Gesti\u00f3n de Organizaciones Educativas se estructura en dos \u00e1reas de desarrollo complementarias que fortalecen el ejercicio profesional:<\/p>\n<p><strong>Gesti\u00f3n educativa estrat\u00e9gica para la mejora continua:<\/strong> Esta \u00e1rea se orienta al fortalecimiento de habilidades para la planificaci\u00f3n, direcci\u00f3n y evaluaci\u00f3n estrat\u00e9gica de organizaciones educativas. Su enfoque se centra en la optimizaci\u00f3n de procesos organizacionales y la toma de decisiones informadas mediante metodolog\u00edas de gesti\u00f3n situadas, asegurando una mejora continua que responda a las din\u00e1micas del entorno educativo.<\/p>\n<p><strong>Liderazgo educativo centrado en el aprendizaje organizacional:<\/strong> Esta \u00e1rea se orienta al desarrollo de habilidades para liderar estrat\u00e9gicamente comunidades educativas, promoviendo la mejora del aprendizaje organizacional. Su enfoque se centra en la construcci\u00f3n de una visi\u00f3n compartida, el fortalecimiento del trabajo colaborativo y la aplicaci\u00f3n de modelos de liderazgo innovadores que integren procesos educativos con su contexto sociocultural.<\/p>\n<p>[\/et_pb_accordion_item][et_pb_accordion_item title=\u00bbPlan de estudios\u00bb _builder_version=\u00bb4.27.4&#8243; global_colors_info=\u00bb{}\u00bb open=\u00bboff\u00bb]<\/p>\n<table border=\"1\" width=\"100%\" cellpadding=\"1\">\n<tbody>\n<tr>\n<td width=\"213\"><strong>Primer semestre<\/strong><\/td>\n<td width=\"213\"><strong>Segundo semestre<\/strong><\/td>\n<\/tr>\n<tr>\n<td width=\"213\">\n<ul>\n<li><strong>Pol\u00edtica Educativa para la Gesti\u00f3n y el Liderazgo de las Organizaciones<\/strong>: examina marcos normativos y pol\u00edticas p\u00fablicas que inciden en la gesti\u00f3n y el liderazgo educativo, orientando su an\u00e1lisis a la toma de decisiones estrat\u00e9gicas en contextos institucionales.<\/li>\n<li><strong>Modelos y Enfoques de la Gesti\u00f3n Educativa<\/strong>: presenta perspectivas te\u00f3ricas y pr\u00e1cticas sobre la gesti\u00f3n de organizaciones educativas, facilitando su aplicaci\u00f3n situada en procesos de mejora institucional.<\/li>\n<li><strong>Liderazgo en la Organizaci\u00f3n Educativa<\/strong>: entrega herramientas conceptuales y pr\u00e1cticas para comprender el liderazgo en contextos educativos, orientando su aplicaci\u00f3n estrat\u00e9gica en procesos institucionales.<\/li>\n<\/ul>\n<\/td>\n<td width=\"213\">\n<ul>\n<li><strong>Investigaci\u00f3n Educativa Aplicada<\/strong>: proporciona fundamentos metodol\u00f3gicos para el dise\u00f1o e implementaci\u00f3n de investigaciones situadas, orientadas a la mejora continua de organizaciones educativas.<\/li>\n<li><strong>Gesti\u00f3n Estrat\u00e9gica del Curr\u00edculum en la Organizaci\u00f3n Educativa<\/strong>: aborda el curr\u00edculum como eje articulador de la gesti\u00f3n institucional, entregando herramientas para su planificaci\u00f3n, evaluaci\u00f3n y mejora estrat\u00e9gica.<br \/><strong><\/strong><\/li>\n<li><strong>Evaluaci\u00f3n y Planificaci\u00f3n Estrat\u00e9gica para la Mejora Continua de las Organizaciones Educativas<\/strong>: ofrece metodolog\u00edas para conducir procesos de evaluaci\u00f3n y planificaci\u00f3n institucional, asegurando su coherencia con los desaf\u00edos del entorno educativo.<br \/>Liderazgo Educativo para la Gesti\u00f3n del Clima y Cultura Organizacional: analiza dimensiones del clima y la cultura organizacional, entregando herramientas para liderar procesos que fortalezcan la identidad y colaboraci\u00f3n institucional.<\/li>\n<\/ul>\n<\/td>\n<\/tr>\n<tr>\n<td width=\"213\"><strong>Tercer semestre<\/strong><\/td>\n<td width=\"213\">\u00a0<strong>Cuarto semestre<\/strong><\/td>\n<\/tr>\n<tr>\n<td width=\"213\">\n<ul>\n<li><strong>Gesti\u00f3n Econ\u00f3mica en Sistemas Educativos<\/strong>: introduce herramientas para la administraci\u00f3n eficiente de recursos en organizaciones educativas, considerando criterios de equidad, sostenibilidad y pertinencia territorial.<\/li>\n<li><strong>Gesti\u00f3n de Proyectos Educativos para la Mejora Continua<\/strong>: Entrega herramientas para el dise\u00f1o, implementaci\u00f3n y evaluaci\u00f3n de proyectos institucionales, orientados a la mejora educativa en contextos diversos.<\/li>\n<li><strong>Habilidades de Liderazgo para la Mejora de la Organizaci\u00f3n Educativa<\/strong>: Examina enfoques y pr\u00e1cticas de liderazgo adaptativo, orientando su aplicaci\u00f3n a la conducci\u00f3n estrat\u00e9gica de procesos de cambio institucional.<\/li>\n<li><strong>Trabajo de Grado I<\/strong>: inicia el dise\u00f1o de una intervenci\u00f3n situada en una organizaci\u00f3n educativa, integrando liderazgo, gesti\u00f3n e investigaci\u00f3n aplicada.<br \/><strong><\/strong><\/li>\n<li><strong>Seminario Electivo<\/strong>: ofrece un espacio de profundizaci\u00f3n en tem\u00e1ticas emergentes del campo educativo, seg\u00fan intereses profesionales y pertinencia territorial.<\/li>\n<\/ul>\n<p>&nbsp;<\/p>\n<\/td>\n<td width=\"213\">\n<ul>\n<li><strong>Trabajo de Grado II<\/strong>: consiste en la implementaci\u00f3n de una intervenci\u00f3n aplicada con impacto real en una organizaci\u00f3n educativa, articulando saberes del programa en un proceso de mejora institucional contextualizado.<\/li>\n<\/ul>\n<\/td>\n<\/tr>\n<\/tbody>\n<\/table>\n<p>[\/et_pb_accordion_item][et_pb_accordion_item title=\u00bbPerfil de egreso\u00bb _builder_version=\u00bb4.27.4&#8243; global_colors_info=\u00bb{}\u00bb open=\u00bboff\u00bb]<\/p>\n<p>El egresado o la egresada del Mag\u00edster en Liderazgo y Gesti\u00f3n de Organizaciones Educativas de la Universidad de Playa Ancha es un profesional altamente especializado o especializada, con competencias s\u00f3lidas para liderar estrat\u00e9gicamente y gestionar organizaciones educativas de manera cr\u00edtica y contextualizada. Su formaci\u00f3n le permite:<\/p>\n<ul>\n<li>Analizar integralmente los procesos de liderazgo y gesti\u00f3n institucional.<\/li>\n<li>Dise\u00f1ar e implementar planes de mejoramiento innovadores, centrados en el aprendizaje.<\/li>\n<li>Articular coherentemente los procesos internos con el entorno socio-cultural.<\/li>\n<li>Aplicar modelos de liderazgo estrat\u00e9gico y metodolog\u00edas de investigaci\u00f3n educativa para la toma de decisiones informadas.<\/li>\n<\/ul>\n<p>Contribuye activamente a la transformaci\u00f3n sostenible y al mejoramiento continuo de organizaciones educativas, respondiendo con eficacia a los desaf\u00edos del entorno<\/p>\n<p>[\/et_pb_accordion_item][et_pb_accordion_item title=\u00bbCuerpo acad\u00e9mico\u00bb _builder_version=\u00bb4.27.4&#8243; global_colors_info=\u00bb{}\u00bb open=\u00bboff\u00bb]<\/p>\n<p><strong>Ruth Ar\u00e9valo Ar\u00e9valo<\/strong><br \/>Doctora en Curr\u00edculum, Profesorado e Instituciones Educativas, Universidad de Granada, Espa\u00f1a.<br \/>Mag\u00edster en Administraci\u00f3n Educacional, menci\u00f3n en Gesti\u00f3n de Sistemas Educativos, Universidad de Playa Ancha, Chile.<br \/>Educadora de P\u00e1rvulos, Universidad de Playa Ancha, Chile.<\/p>\n<p><strong>Marta Casta\u00f1eda Meneses<\/strong><br \/>Doctora en Did\u00e1ctica de las Ciencias Sociales, Universidad Aut\u00f3noma de Barcelona, Espa\u00f1a<br \/>M\u00e1ster de Iniciaci\u00f3n a la Investigaci\u00f3n, Universidad Aut\u00f3noma de Barcelona, Espa\u00f1a.<br \/>Mag\u00edster en Administraci\u00f3n Educacional, menci\u00f3n Gesti\u00f3n de Sistemas Educativos, Universidad de Playa Ancha, Chile<br \/>Profesora de Estado en Educaci\u00f3n General B\u00e1sica, Universidad de Chile<\/p>\n<p><strong>Claudia Concha Erices<\/strong><br \/>Doctora en Educaci\u00f3n, Universidad de Playa Ancha.<br \/>Mag\u00edster en Evaluaci\u00f3n Educacional, Universidad de Playa Ancha, Chile.<br \/>Educadora de P\u00e1rvulos, Universidad de Playa Ancha, Chile.<\/p>\n<p><strong>Alejandro Gallardo Jaque<\/strong><br \/>Doctor en Educaci\u00f3n, Universidad de Girona, Espa\u00f1a<br \/>Mag\u00edster en Orientaci\u00f3n Educacional, Universidad de Playa Ancha, Chile<br \/>Profesor de Biolog\u00eda, Pontificia Universidad Cat\u00f3lica de Valpara\u00edso, Chile<\/p>\n<p><strong>Patricio Ib\u00e1\u00f1ez Le\u00f3n<\/strong><br \/>Doctor en Ciencias de la Educaci\u00f3n, Universidad de La Serena, Chile.<br \/>Mag\u00edster en Historia de Chile y Am\u00e9rica, Universidad de Valpara\u00edso, Chile.<br \/>Profesor de Estado en Historia y Geograf\u00eda, Universidad de Playa Ancha, Chile.<\/p>\n<p><strong>Mar\u00eda Jacqueline Rojas R\u00edos<\/strong><br \/>Doctora en Pol\u00edtica y Gesti\u00f3n Educativa, Universidad de Playa Ancha, Chile<br \/>Mag\u00edster en Gesti\u00f3n de Pol\u00edticas Nacionales, menci\u00f3n en Educaci\u00f3n y Cultura, Universidad de Playa Ancha, Chile<br \/>Asistente Social, Pontificia Universidad Cat\u00f3lica de Valpara\u00edso, Chile<\/p>\n<p><strong>Marcela Sep\u00falveda Riveros<\/strong><br \/>Doctora en Educaci\u00f3n, Universidad de Girona, Espa\u00f1a<br \/>Mag\u00edster en Liderazgo y Gesti\u00f3n Educativa, UNAB, Chile<br \/>Profesora de Estado en Educaci\u00f3n B\u00e1sica, Universidad de Playa Ancha, Chile<\/p>\n<p><strong>Alejandro Verdugo Pe\u00f1aloza<\/strong><br \/>Doctor en Educaci\u00f3n, menci\u00f3n Internacional, Universidad Aut\u00f3noma de Barcelona, Espa\u00f1a.<br \/>Mag\u00edster en Evaluaci\u00f3n Educacional, Universidad de Playa Ancha, Chile<br \/>Profesor de Educaci\u00f3n B\u00e1sica, menci\u00f3n en Computaci\u00f3n y Licenciado en Educaci\u00f3n,<br \/>Universidad de Playa Ancha, Chile<\/p>\n<p><strong>Javier Vergara N\u00fa\u00f1ez<\/strong><br \/>Doctor en Ciencias de la Educaci\u00f3n, Universidad Cat\u00f3lica de Lovaina, B\u00e9lgica<br \/>Mag\u00edster en Educaci\u00f3n, menci\u00f3n Curr\u00edculum, Pontificia Universidad Cat\u00f3lica de Valpara\u00edso, Chile<br \/>Profesor de Historia y Geograf\u00eda, Universidad de Playa Ancha, Chile<\/p>\n<p><strong>Sebasti\u00e1n Lepe Segovia<\/strong><br \/>Doctor en Educaci\u00f3n, Universidad de Barcelona, Espa\u00f1a.<br \/>M\u00e1ster en gesti\u00f3n y organizaci\u00f3n de centros educativos, Universidad de Barcelona, Espa\u00f1a.<br \/>Profesor Educaci\u00f3n B\u00e1sica menci\u00f3n Lenguaje y Comunicaci\u00f3n y Licenciado en Educaci\u00f3n,<br \/>Universidad de Playa Ancha, Chile<\/p>\n<p>[\/et_pb_accordion_item][et_pb_accordion_item title=\u00bbModalidad\u00bb _builder_version=\u00bb4.27.5&#8243; hover_enabled=\u00bb0&#8243; global_colors_info=\u00bb{}\u00bb open=\u00bboff\u00bb sticky_enabled=\u00bb0&#8243;]<\/p>\n<ul>\n<li>Semipresencial.<\/li>\n<\/ul>\n<p>[\/et_pb_accordion_item][et_pb_accordion_item title=\u00bbRequisitos\u00bb _builder_version=\u00bb4.27.4&#8243; global_colors_info=\u00bb{}\u00bb open=\u00bboff\u00bb]<\/p>\n<p>Los y las postulantes deben completar el formulario de postulaci\u00f3n online y adjuntar los siguientes documentos:<\/p>\n<ul>\n<li>Copia Licencia de Ense\u00f1anza Media.<\/li>\n<li>Fotocopia de c\u00e9dula de identidad chilena vigente por ambos lados (postulantes nacionales como extranjeros residentes) o fotocopia de pasaporte vigente (postulantes extranjeros)*.<\/li>\n<li>Original o copia del certificado de Licenciatura y\/o T\u00edtulo Profesional o equivalente legalizada ante notario.<\/li>\n<li>Original o copia de la concentraci\u00f3n de notas de pregrado legalizada ante notario.<\/li>\n<li>Curr\u00edculum Vitae extendido (<a href=\"https:\/\/www.upla.cl\/postgrado\/wp-content\/uploads\/2025\/11\/20250603_cv_mg-mlgoe.docx\" target=\"_blank\" rel=\"noopener\" title=\"Descargar formato sugerido\">Descargar formato sugerido<\/a>).<\/li>\n<li>Una o dos cartas de recomendaci\u00f3n (<a href=\"https:\/\/www.upla.cl\/postgrado\/wp-content\/uploads\/2025\/11\/20250603_carta-recomendacion_mg-mlgoe_mbs.docx\" target=\"_blank\" rel=\"noopener\" title=\"Descargar formato sugerido\">Descargar formato sugerido<\/a>).<\/li>\n<li>Carta de intenci\u00f3n de postular al programa (<a href=\"https:\/\/www.upla.cl\/postgrado\/wp-content\/uploads\/2025\/11\/20250603_carta-intencion_mg-mlgoe.docx\" target=\"_blank\" rel=\"noopener\" title=\"Descargar Formato sugerido\">Descargar Formato sugerido<\/a>).<\/li>\n<\/ul>\n<p>(*) Las y los postulantes del extranjero deber\u00e1n presentar sus documentos apostillados (Convenio de Apostilla de la Haya). Pa\u00edses no adscritos a dicho convenio deben presentar los documentos visados por el C\u00f3nsul chileno en el pa\u00eds de origen y por el Ministerio de Relaciones Exteriores en Chile.<br \/>(**) El Consejo acad\u00e9mico del Programa evaluar\u00e1 los antecedentes. Luego los estudiantes ser\u00e1n citados a una entrevista personal.<\/p>\n<p>[\/et_pb_accordion_item][et_pb_accordion_item title=\u00bbDuraci\u00f3n\u00bb _builder_version=\u00bb4.27.4&#8243; global_colors_info=\u00bb{}\u00bb open=\u00bboff\u00bb]<\/p>\n<p>4 semestres.<\/p>\n<p>[\/et_pb_accordion_item][et_pb_accordion_item title=\u00bbCoordinaci\u00f3n\u00bb _builder_version=\u00bb4.27.4&#8243; global_colors_info=\u00bb{}\u00bb open=\u00bboff\u00bb]<\/p>\n<p>Dra. Ruth Ar\u00e9valo Ar\u00e9valo<br \/>Correo electr\u00f3nico: <a href=\"mailto:mag.liderazgoygestion@upla.cl\" target=\"_blank\" rel=\"noopener\" title=\"escribir a la coordinaci\u00f3n del programa\">mag.liderazgoygestion@upla.cl<\/a><\/p>\n<p>[\/et_pb_accordion_item][et_pb_accordion_item title=\u00bbConsejo del programa\u00bb _builder_version=\u00bb4.27.4&#8243; global_colors_info=\u00bb{}\u00bb open=\u00bboff\u00bb]<\/p>\n<p>Dra. Ruth Ar\u00e9valo Ar\u00e9valo.<br \/>Dra. Marta Casta\u00f1eda Meneses.<br \/>Dr. Patricio Ib\u00e1\u00f1ez Le\u00f3n<br \/>Dra. Marcela Sep\u00falveda Riveros.<br \/>Dra. Jacqueline Rojas R\u00edos.<\/p>\n<p>[\/et_pb_accordion_item][et_pb_accordion_item title=\u00bbUnidad acad\u00e9mica responsable\u00bb _builder_version=\u00bb4.27.4&#8243; global_colors_info=\u00bb{}\u00bb open=\u00bboff\u00bb]<\/p>\n<p><a href=\"http:\/\/www.upla.cl\/educacion\" target=\"_blank\" rel=\"noopener noreferrer\">Facultad de Ciencias de la Educaci\u00f3n<\/a><\/p>\n<p>[\/et_pb_accordion_item][et_pb_accordion_item title=\u00bbM\u00e1s informaci\u00f3n\u00bb _builder_version=\u00bb4.27.4&#8243; global_colors_info=\u00bb{}\u00bb open=\u00bboff\u00bb]<\/p>\n<p>Consultas sobre el programa:<br \/><a href=\"mailto:mag.liderazgoygestion@upla.cl\" target=\"_blank\" rel=\"noopener\">mag.liderazgoygestion@upla.cl<\/a><br \/><a href=\"mailto:escueladepostgrado@upla.cl\" target=\"_blank\" rel=\"noopener\">escueladepostgrado@upla.cl<\/a><\/p>\n<p>[\/et_pb_accordion_item][et_pb_accordion_item title=\u00bbFecha de inicio\u00bb _builder_version=\u00bb4.27.5&#8243; hover_enabled=\u00bb0&#8243; global_colors_info=\u00bb{}\u00bb open=\u00bboff\u00bb sticky_enabled=\u00bb0&#8243;]<\/p>\n<p>Agosto de 2026.<\/p>\n<p>[\/et_pb_accordion_item][et_pb_accordion_item title=\u00bbD\u00edas y horarios\u00bb _builder_version=\u00bb4.27.4&#8243; global_colors_info=\u00bb{}\u00bb open=\u00bboff\u00bb]<\/p>\n<p>S\u00e1bados de 9.00 a 13.00 horas y de 14.30 a 18.00 horas.<\/p>\n<p>[\/et_pb_accordion_item][\/et_pb_accordion][et_pb_blurb title=\u00bbAcreditaci\u00f3n\u00bb url=\u00bbhttps:\/\/www.upla.cl\/calidad\/acreditacion\/programas-postgrado-acreditados-2\/\u00bb url_new_window=\u00bbon\u00bb use_icon=\u00bbon\u00bb font_icon=\u00bb&#x5a;||divi||400&#8243; icon_color=\u00bb#009966&#8243; icon_placement=\u00bbleft\u00bb image_icon_width=\u00bb39px\u00bb content_max_width=\u00bb1100px\u00bb _builder_version=\u00bb4.23.1&#8243; _module_preset=\u00bbdefault\u00bb header_font=\u00bb|700|||||||\u00bb header_text_color=\u00bb#686868&#8243; header_font_size=\u00bb25px\u00bb body_font=\u00bb|700|||||||\u00bb body_text_color=\u00bb#0C71C3&#8243; body_font_size=\u00bb18px\u00bb background_color=\u00bb#FFFFFF\u00bb custom_padding=\u00bb20px|50px|20px|50px|true|true\u00bb link_option_url=\u00bbhttps:\/\/www.upla.cl\/calidad\/acreditacion\/programas-postgrado-acreditados-2\/\u00bb link_option_url_new_window=\u00bbon\u00bb box_shadow_style=\u00bbpreset1&#8243; icon_font_size=\u00bb39px\u00bb global_module=\u00bb98647&#8243; saved_tabs=\u00bball\u00bb global_colors_info=\u00bb{}\u00bb transform_styles__hover_enabled=\u00bbon|hover\u00bb transform_scale__hover_enabled=\u00bbon|hover\u00bb transform_translate__hover_enabled=\u00bbon|desktop\u00bb transform_rotate__hover_enabled=\u00bbon|desktop\u00bb transform_skew__hover_enabled=\u00bbon|desktop\u00bb transform_origin__hover_enabled=\u00bbon|desktop\u00bb transform_scale__hover=\u00bb95%|95%\u00bb]<\/p>\n<p>Revisa el estado de la acreditaci\u00f3n de este programa en <a href=\"https:\/\/www.upla.cl\/calidad\/acreditacion\/programas-postgrado-acreditados-2\/\" target=\"_blank\" rel=\"noopener\" title=\"Acreditaci\u00f3n de Programas de Postgrado UPLA\"><span style=\"text-decoration: underline;\"><strong>este enlace<\/strong><\/span><\/a><\/p>\n<p>[\/et_pb_blurb][\/et_pb_column][et_pb_column type=\u00bb1_4&#8243; _builder_version=\u00bb4.16&#8243; custom_padding=\u00bb|||\u00bb global_colors_info=\u00bb{}\u00bb custom_padding__hover=\u00bb|||\u00bb][et_pb_blurb title=\u00bbPostula aqu\u00ed\u00bb url=\u00bbhttps:\/\/acceso.upla.cl\/Postulacion_Postgrado\/Portal\/Index\u00bb url_new_window=\u00bbon\u00bb use_icon=\u00bbon\u00bb font_icon=\u00bb&#x6c;||divi||400&#8243; icon_color=\u00bb#FFFFFF\u00bb icon_placement=\u00bbleft\u00bb image_icon_width=\u00bb50px\u00bb disabled_on=\u00bboff|off|off\u00bb admin_label=\u00bbPostulaci\u00f3n de postgrado\u00bb _builder_version=\u00bb4.27.5&#8243; _module_preset=\u00bbdefault\u00bb header_font=\u00bb|800|||||||\u00bb header_text_color=\u00bb#FFFFFF\u00bb header_font_size=\u00bb23px\u00bb body_font=\u00bb|600|||||||\u00bb body_text_color=\u00bb#FFFFFF\u00bb body_font_size=\u00bb13px\u00bb background_color=\u00bb#006b8e\u00bb custom_padding=\u00bb20px|10px|20px|10px|true|true\u00bb link_option_url=\u00bbhttps:\/\/acceso.upla.cl\/Postulacion_Postgrado\/Portal\/Index\u00bb link_option_url_new_window=\u00bbon\u00bb global_module=\u00bb129011&#8243; saved_tabs=\u00bball\u00bb global_colors_info=\u00bb{}\u00bb header_text_color__hover_enabled=\u00bbon|hover\u00bb header_text_color__hover=\u00bb#bce3fa\u00bb icon_color__hover_enabled=\u00bbon|hover\u00bb icon_color__hover=\u00bb#bce3fa\u00bb]<\/p>\n<p>a los programas de postgrado<\/p>\n<p>[\/et_pb_blurb][et_pb_button button_url=\u00bbhttps:\/\/www.upla.cl\/postgrado\/formulario-de-solicitud-de-informacion-de-programas\/\u00bb button_text=\u00bbSolicita m\u00e1s informaci\u00f3n sobre nuestros programas\u00bb admin_label=\u00bbBot\u00f3n Solicita m\u00e1s informaci\u00f3n sobre nuestros programas\u00bb _builder_version=\u00bb4.16&#8243; global_colors_info=\u00bb{}\u00bb button_text_size__hover_enabled=\u00bboff\u00bb button_one_text_size__hover_enabled=\u00bboff\u00bb button_two_text_size__hover_enabled=\u00bboff\u00bb button_text_color__hover_enabled=\u00bboff\u00bb button_one_text_color__hover_enabled=\u00bboff\u00bb button_two_text_color__hover_enabled=\u00bboff\u00bb button_border_width__hover_enabled=\u00bboff\u00bb button_one_border_width__hover_enabled=\u00bboff\u00bb button_two_border_width__hover_enabled=\u00bboff\u00bb button_border_color__hover_enabled=\u00bboff\u00bb button_one_border_color__hover_enabled=\u00bboff\u00bb button_two_border_color__hover_enabled=\u00bboff\u00bb button_border_radius__hover_enabled=\u00bboff\u00bb button_one_border_radius__hover_enabled=\u00bboff\u00bb button_two_border_radius__hover_enabled=\u00bboff\u00bb button_letter_spacing__hover_enabled=\u00bboff\u00bb button_one_letter_spacing__hover_enabled=\u00bboff\u00bb button_two_letter_spacing__hover_enabled=\u00bboff\u00bb button_bg_color__hover_enabled=\u00bboff\u00bb button_one_bg_color__hover_enabled=\u00bboff\u00bb button_two_bg_color__hover_enabled=\u00bboff\u00bb][\/et_pb_button][et_pb_button button_url=\u00bbhttps:\/\/www.upla.cl\/postgrado\/escuela-de-postgrado\/aranceles\/\u00bb button_text=\u00bbAranceles\u00bb admin_label=\u00bbBot\u00f3n aranceles\u00bb _builder_version=\u00bb4.16&#8243; global_colors_info=\u00bb{}\u00bb button_text_size__hover_enabled=\u00bboff\u00bb button_one_text_size__hover_enabled=\u00bboff\u00bb button_two_text_size__hover_enabled=\u00bboff\u00bb button_text_color__hover_enabled=\u00bboff\u00bb button_one_text_color__hover_enabled=\u00bboff\u00bb button_two_text_color__hover_enabled=\u00bboff\u00bb button_border_width__hover_enabled=\u00bboff\u00bb button_one_border_width__hover_enabled=\u00bboff\u00bb button_two_border_width__hover_enabled=\u00bboff\u00bb button_border_color__hover_enabled=\u00bboff\u00bb button_one_border_color__hover_enabled=\u00bboff\u00bb button_two_border_color__hover_enabled=\u00bboff\u00bb button_border_radius__hover_enabled=\u00bboff\u00bb button_one_border_radius__hover_enabled=\u00bboff\u00bb button_two_border_radius__hover_enabled=\u00bboff\u00bb button_letter_spacing__hover_enabled=\u00bboff\u00bb button_one_letter_spacing__hover_enabled=\u00bboff\u00bb button_two_letter_spacing__hover_enabled=\u00bboff\u00bb button_bg_color__hover_enabled=\u00bboff\u00bb button_one_bg_color__hover_enabled=\u00bboff\u00bb button_two_bg_color__hover_enabled=\u00bboff\u00bb][\/et_pb_button][et_pb_button button_url=\u00bbhttps:\/\/www.upla.cl\/postgrado\/escuela-de-postgrado\/becas-de-postgrado\/\u00bb button_text=\u00bbBecas\u00bb admin_label=\u00bbBot\u00f3n becas\u00bb _builder_version=\u00bb4.16&#8243; global_colors_info=\u00bb{}\u00bb button_text_size__hover_enabled=\u00bboff\u00bb button_one_text_size__hover_enabled=\u00bboff\u00bb button_two_text_size__hover_enabled=\u00bboff\u00bb button_text_color__hover_enabled=\u00bboff\u00bb button_one_text_color__hover_enabled=\u00bboff\u00bb button_two_text_color__hover_enabled=\u00bboff\u00bb button_border_width__hover_enabled=\u00bboff\u00bb button_one_border_width__hover_enabled=\u00bboff\u00bb button_two_border_width__hover_enabled=\u00bboff\u00bb button_border_color__hover_enabled=\u00bboff\u00bb button_one_border_color__hover_enabled=\u00bboff\u00bb button_two_border_color__hover_enabled=\u00bboff\u00bb button_border_radius__hover_enabled=\u00bboff\u00bb button_one_border_radius__hover_enabled=\u00bboff\u00bb button_two_border_radius__hover_enabled=\u00bboff\u00bb button_letter_spacing__hover_enabled=\u00bboff\u00bb button_one_letter_spacing__hover_enabled=\u00bboff\u00bb button_two_letter_spacing__hover_enabled=\u00bboff\u00bb button_bg_color__hover_enabled=\u00bboff\u00bb button_one_bg_color__hover_enabled=\u00bboff\u00bb button_two_bg_color__hover_enabled=\u00bboff\u00bb][\/et_pb_button][et_pb_button button_url=\u00bbhttp:\/\/www.upla.cl\/educacion\u00bb url_new_window=\u00bbon\u00bb button_text=\u00bbFacultad de Ciencias de la Educaci\u00f3n\u00bb admin_label=\u00bbBot\u00f3n Facultad\u00bb _builder_version=\u00bb4.16&#8243; custom_button=\u00bbon\u00bb button_border_color=\u00bb#b55103&#8243; global_colors_info=\u00bb{}\u00bb button_text_size__hover_enabled=\u00bboff\u00bb button_one_text_size__hover_enabled=\u00bboff\u00bb button_two_text_size__hover_enabled=\u00bboff\u00bb button_text_color__hover_enabled=\u00bboff\u00bb button_one_text_color__hover_enabled=\u00bboff\u00bb button_two_text_color__hover_enabled=\u00bboff\u00bb button_border_width__hover_enabled=\u00bboff\u00bb button_one_border_width__hover_enabled=\u00bboff\u00bb button_two_border_width__hover_enabled=\u00bboff\u00bb button_border_color__hover_enabled=\u00bboff\u00bb button_one_border_color__hover_enabled=\u00bboff\u00bb button_two_border_color__hover_enabled=\u00bboff\u00bb button_border_radius__hover_enabled=\u00bboff\u00bb button_one_border_radius__hover_enabled=\u00bboff\u00bb button_two_border_radius__hover_enabled=\u00bboff\u00bb button_letter_spacing__hover_enabled=\u00bboff\u00bb button_one_letter_spacing__hover_enabled=\u00bboff\u00bb button_two_letter_spacing__hover_enabled=\u00bboff\u00bb button_bg_color__hover_enabled=\u00bboff\u00bb button_one_bg_color__hover_enabled=\u00bboff\u00bb button_two_bg_color__hover_enabled=\u00bboff\u00bb][\/et_pb_button][\/et_pb_column][\/et_pb_row][\/et_pb_section]<\/p>\n","protected":false},"excerpt":{"rendered":"<p>El Mag\u00edster en Liderazgo y Gesti\u00f3n de Organizaciones Educativas de la Facultad de Ciencias de la Educaci\u00f3n de la Universidad de Playa Ancha, responde a la creciente necesidad de profesionales capaces de liderar procesos de mejora en contextos educativos diversos. Su objetivo es formar especialistas en liderazgo transformador y gesti\u00f3n educativa, con competencias para dise\u00f1ar, implementar y evaluar intervenciones situadas, integrando teor\u00eda, pr\u00e1ctica e investigaci\u00f3n aplicada.<\/p>\n","protected":false},"author":2,"featured_media":129156,"parent":9,"menu_order":16,"comment_status":"closed","ping_status":"closed","template":"","meta":{"_et_pb_use_builder":"on","_et_pb_old_content":"","_et_gb_content_width":"","footnotes":""},"class_list":["post-3857","page","type-page","status-publish","has-post-thumbnail","hentry"],"_links":{"self":[{"href":"https:\/\/www.upla.cl\/postgrado\/wp-json\/wp\/v2\/pages\/3857","targetHints":{"allow":["GET"]}}],"collection":[{"href":"https:\/\/www.upla.cl\/postgrado\/wp-json\/wp\/v2\/pages"}],"about":[{"href":"https:\/\/www.upla.cl\/postgrado\/wp-json\/wp\/v2\/types\/page"}],"author":[{"embeddable":true,"href":"https:\/\/www.upla.cl\/postgrado\/wp-json\/wp\/v2\/users\/2"}],"replies":[{"embeddable":true,"href":"https:\/\/www.upla.cl\/postgrado\/wp-json\/wp\/v2\/comments?post=3857"}],"version-history":[{"count":71,"href":"https:\/\/www.upla.cl\/postgrado\/wp-json\/wp\/v2\/pages\/3857\/revisions"}],"predecessor-version":[{"id":129304,"href":"https:\/\/www.upla.cl\/postgrado\/wp-json\/wp\/v2\/pages\/3857\/revisions\/129304"}],"up":[{"embeddable":true,"href":"https:\/\/www.upla.cl\/postgrado\/wp-json\/wp\/v2\/pages\/9"}],"wp:featuredmedia":[{"embeddable":true,"href":"https:\/\/www.upla.cl\/postgrado\/wp-json\/wp\/v2\/media\/129156"}],"wp:attachment":[{"href":"https:\/\/www.upla.cl\/postgrado\/wp-json\/wp\/v2\/media?parent=3857"}],"curies":[{"name":"wp","href":"https:\/\/api.w.org\/{rel}","templated":true}]}}