{"id":134746,"date":"2025-11-14T00:39:46","date_gmt":"2025-11-14T03:39:46","guid":{"rendered":"https:\/\/www.upla.cl\/institutotecnologico\/?page_id=134746"},"modified":"2025-12-17T10:15:11","modified_gmt":"2025-12-17T13:15:11","slug":"tecnico-o-tecnica-asistente-de-la-educacion","status":"publish","type":"page","link":"https:\/\/www.upla.cl\/institutotecnologico\/tecnico-o-tecnica-asistente-de-la-educacion\/","title":{"rendered":"T\u00e9cnico o t\u00e9cnica Asistente de la Educaci\u00f3n"},"content":{"rendered":"<p>[et_pb_section fb_built=\u00bb1&#8243; admin_label=\u00bbBanner carrera con info instant\u00e1nea\u00bb _builder_version=\u00bb4.27.4&#8243; background_color=\u00bbrgba(0,0,0,0.47)\u00bb background_image=\u00bbhttps:\/\/www.upla.cl\/institutotecnologico\/wp-content\/uploads\/2025\/11\/escuelabasica500.jpg\u00bb background_blend=\u00bbhue\u00bb custom_margin=\u00bb|||\u00bb custom_padding=\u00bb2.5%||10.3%|||\u00bb global_colors_info=\u00bb{}\u00bb][et_pb_row column_structure=\u00bb1_2,1_2&#8243; _builder_version=\u00bb4.19.3&#8243; _module_preset=\u00bbdefault\u00bb global_colors_info=\u00bb{}\u00bb][et_pb_column type=\u00bb1_2&#8243; _builder_version=\u00bb4.19.3&#8243; _module_preset=\u00bbdefault\u00bb global_colors_info=\u00bb{}\u00bb][et_pb_cta title=\u00bbT\u00e9cnico o T\u00e9cnica Asistente de la Educaci\u00f3n\u00bb button_url=\u00bb#\u00bb _builder_version=\u00bb4.27.4&#8243; header_level=\u00bbh1&#8243; header_font=\u00bbLato|900||on|||||\u00bb header_font_size=\u00bb40px\u00bb header_letter_spacing=\u00bb1px\u00bb header_line_height=\u00bb1.2em\u00bb body_font=\u00bbLato||||||||\u00bb body_font_size=\u00bb18px\u00bb body_line_height=\u00bb1.5em\u00bb use_background_color=\u00bboff\u00bb text_orientation=\u00bbleft\u00bb max_width=\u00bb750px\u00bb module_alignment=\u00bbleft\u00bb custom_margin=\u00bb61px|||||\u00bb animation_style=\u00bbfold\u00bb animation_intensity_fold=\u00bb16%\u00bb header_font_size_tablet=\u00bb46px\u00bb header_font_size_phone=\u00bb\u00bb header_font_size_last_edited=\u00bbon|tablet\u00bb header_text_shadow_style=\u00bbpreset3&#8243; header_text_shadow_color=\u00bbrgba(0,0,0,0.6)\u00bb text_shadow_style=\u00bbpreset3&#8243; button_letter_spacing_hover=\u00bb2px\u00bb global_colors_info=\u00bb%91%93&#8243; button_text_size__hover_enabled=\u00bboff\u00bb button_one_text_size__hover_enabled=\u00bboff\u00bb button_two_text_size__hover_enabled=\u00bboff\u00bb button_text_color__hover_enabled=\u00bboff\u00bb button_one_text_color__hover_enabled=\u00bboff\u00bb button_two_text_color__hover_enabled=\u00bboff\u00bb button_border_width__hover_enabled=\u00bboff\u00bb button_one_border_width__hover_enabled=\u00bboff\u00bb button_two_border_width__hover_enabled=\u00bboff\u00bb button_border_color__hover_enabled=\u00bboff\u00bb button_one_border_color__hover_enabled=\u00bboff\u00bb button_two_border_color__hover_enabled=\u00bboff\u00bb button_border_radius__hover_enabled=\u00bboff\u00bb button_one_border_radius__hover_enabled=\u00bboff\u00bb button_two_border_radius__hover_enabled=\u00bboff\u00bb button_letter_spacing__hover_enabled=\u00bbon\u00bb button_letter_spacing__hover=\u00bb2px\u00bb button_one_letter_spacing__hover_enabled=\u00bboff\u00bb button_two_letter_spacing__hover_enabled=\u00bboff\u00bb button_bg_color__hover_enabled=\u00bboff\u00bb button_one_bg_color__hover_enabled=\u00bboff\u00bb button_two_bg_color__hover_enabled=\u00bboff\u00bb]<\/p>\n<p><strong>T\u00edtulo: T\u00e9cnico o T\u00e9cnica de Nivel Superior Asistente de la Educaci\u00f3n.<\/strong><br \/><strong>Modalidad: En l\u00ednea (virtual).<\/strong><br \/><strong>Duraci\u00f3n: Cinco semestres, incluida la pr\u00e1ctica profesional.<\/strong><\/p>\n<p>[\/et_pb_cta][\/et_pb_column][et_pb_column type=\u00bb1_2&#8243; _builder_version=\u00bb4.19.3&#8243; _module_preset=\u00bbdefault\u00bb global_colors_info=\u00bb{}\u00bb][\/et_pb_column][\/et_pb_row][\/et_pb_section][et_pb_section fb_built=\u00bb1&#8243; admin_label=\u00bbPerfil y bienvenida\u00bb _builder_version=\u00bb4.22.1&#8243; _module_preset=\u00bbdefault\u00bb custom_margin=\u00bb||0px||false|false\u00bb custom_padding=\u00bb54px|0px|50px|0px|false|false\u00bb global_colors_info=\u00bb{}\u00bb][et_pb_row column_structure=\u00bb1_2,1_2&#8243; use_custom_gutter=\u00bbon\u00bb _builder_version=\u00bb4.22.2&#8243; _module_preset=\u00bbdefault\u00bb background_color=\u00bb#FFFFFF\u00bb max_width=\u00bb2560px\u00bb min_height=\u00bb427px\u00bb custom_margin=\u00bb-9.1%|auto|12px|auto|false|false\u00bb custom_margin_tablet=\u00bb-10%||12px||false|false\u00bb custom_margin_phone=\u00bb-150px||||false|false\u00bb custom_margin_last_edited=\u00bbon|phone\u00bb custom_padding=\u00bb70px|0px|70px|0px|false|false\u00bb animation_style=\u00bbslide\u00bb border_radii=\u00bbon|15px|15px|15px|15px\u00bb border_width_top=\u00bb18px\u00bb border_color_top=\u00bb#565656&#8243; border_style_top=\u00bboutset\u00bb box_shadow_style=\u00bbpreset3&#8243; box_shadow_vertical=\u00bb39px\u00bb box_shadow_blur=\u00bb80px\u00bb global_colors_info=\u00bb{}\u00bb][et_pb_column type=\u00bb1_2&#8243; _builder_version=\u00bb4.22.1&#8243; _module_preset=\u00bbdefault\u00bb global_colors_info=\u00bb{}\u00bb][et_pb_blurb image_icon_background_color=\u00bb#bdc1c9&#8243; image_icon_width=\u00bb19px\u00bb icon_alignment=\u00bbleft\u00bb icon_alignment_tablet=\u00bbleft\u00bb icon_alignment_phone=\u00bbleft\u00bb icon_alignment_last_edited=\u00bbon|desktop\u00bb admin_label=\u00bbperfil del egresado\/a\u00bb _builder_version=\u00bb4.27.4&#8243; _module_preset=\u00bbdefault\u00bb header_level=\u00bbh2&#8243; header_font=\u00bbLato|900|||||||\u00bb header_text_align=\u00bbleft\u00bb header_text_color=\u00bb#004562&#8243; header_font_size=\u00bb25px\u00bb body_font=\u00bbLato||||||||\u00bb body_text_align=\u00bbleft\u00bb body_text_color=\u00bb#565656&#8243; body_font_size=\u00bb16px\u00bb body_line_height=\u00bb1.6em\u00bb image_icon_custom_padding=\u00bb25px|25px|25px|25px|true|true\u00bb text_orientation=\u00bbcenter\u00bb custom_margin=\u00bb-23px|||||\u00bb custom_padding=\u00bb30px|28px||30px|false|false\u00bb animation=\u00bboff\u00bb border_radii_image=\u00bbon|100%|100%|100%|100%\u00bb global_colors_info=\u00bb{}\u00bb]<\/p>\n<h2>Perfil<\/h2>\n<p>El T\u00e9cnico y la T\u00e9cnia de Nivel Superior Asistente de la Educaci\u00f3n de la Universidad de Playa Ancha apoyan la gesti\u00f3n pedag\u00f3gica, administrativa y de convivencia en establecimientos escolares, ejecutando intervenciones inclusivas y colaborativas con estudiantes, docentes y equipos directivos, conforme a los est\u00e1ndares del sistema educativo nacional. Coadyuvan en la gesti\u00f3n de documentaci\u00f3n y registros escolares, utilizan herramientas digitales para la administraci\u00f3n y el aprendizaje, y contribuyen a la resoluci\u00f3n de conflictos y la promoci\u00f3n de ambientes educativos seguros, equitativos y respetuosos de la diversidad. Aplican protocolos \u00a1 institucionales y normativos vigentes, act\u00faan con \u00e9tica y responsabilidad social, y demuestran pensamiento cr\u00edtico y comunicaci\u00f3n efectiva en la atenci\u00f3n a la comunidad escolar.<\/p>\n<p>Asimismo, desarrollan funciones diferenciadas en apoyo de aula, inspector\u00eda y secretariado. En cada una de ellas, aseguran la calidad del servicio educativo y contribuyen a la mejora continua, conforme a los marcos regulatorios vigentes.<\/p>\n<p>[\/et_pb_blurb][\/et_pb_column][et_pb_column type=\u00bb1_2&#8243; _builder_version=\u00bb4.22.1&#8243; _module_preset=\u00bbdefault\u00bb global_colors_info=\u00bb{}\u00bb][et_pb_button button_url=\u00bbhttps:\/\/acceso.upla.cl\/PostulacionesMatricula_Itec\/Portal\/Index\u00bb url_new_window=\u00bbon\u00bb button_text=\u00bbPostulaciones abiertas\u00bb button_alignment=\u00bbcenter\u00bb admin_label=\u00bbPostulaciones abiertas\u00bb _builder_version=\u00bb4.27.4&#8243; _module_preset=\u00bbdefault\u00bb custom_button=\u00bbon\u00bb button_text_size=\u00bb30px\u00bb button_bg_color=\u00bb#009ce3&#8243; button_border_width=\u00bb1px\u00bb button_border_color=\u00bb#FFFFFF\u00bb button_border_radius=\u00bb15px\u00bb button_font=\u00bb&#8211;et_global_body_font|700||on|||||\u00bb button_icon=\u00bb&#x35;||divi||400&#8243; background_layout=\u00bbdark\u00bb custom_margin=\u00bb||3%||false|false\u00bb global_module=\u00bb134687&#8243; saved_tabs=\u00bball\u00bb global_colors_info=\u00bb{}\u00bb][\/et_pb_button][et_pb_button button_url=\u00bbhttps:\/\/www.upla.cl\/institutotecnologico\/wp-content\/uploads\/2025\/12\/20251217_tec-asit-educ.pdf\u00bb url_new_window=\u00bbon\u00bb button_text=\u00bbDescarga aqu\u00ed el folleto\u00bb button_alignment=\u00bbcenter\u00bb disabled_on=\u00bboff|off|off\u00bb admin_label=\u00bbbotonfolleto\u00bb _builder_version=\u00bb4.27.5&#8243; _module_preset=\u00bbdefault\u00bb custom_button=\u00bbon\u00bb button_text_size=\u00bb22px\u00bb button_bg_image=\u00bbhttps:\/\/www.upla.cl\/institutotecnologico\/wp-content\/uploads\/2023\/10\/20231012_fondodescarga-folleto.png\u00bb button_border_width=\u00bb0px\u00bb button_border_radius=\u00bb15px\u00bb button_font=\u00bb|700|||||||\u00bb button_icon=\u00bb&#xf1c1;||fa||400&#8243; custom_margin=\u00bb||5%||false|false\u00bb custom_margin_tablet=\u00bb20%||5%||false|false\u00bb custom_margin_phone=\u00bb20%||5%||false|false\u00bb custom_margin_last_edited=\u00bbon|tablet\u00bb custom_padding=\u00bb0.3%|10%|0.3%|5%|true|false\u00bb hover_enabled=\u00bb0&#8243; global_colors_info=\u00bb{}\u00bb button_bg_color__hover_enabled=\u00bbon|hover\u00bb button_text_size__hover_enabled=\u00bbon|hover\u00bb transform_styles__hover_enabled=\u00bbon|hover\u00bb transform_scale__hover_enabled=\u00bbon|hover\u00bb transform_translate__hover_enabled=\u00bbon|desktop\u00bb transform_rotate__hover_enabled=\u00bbon|desktop\u00bb transform_skew__hover_enabled=\u00bbon|desktop\u00bb transform_origin__hover_enabled=\u00bbon|desktop\u00bb button_text_size__hover=\u00bb22px\u00bb sticky_enabled=\u00bb0&#8243;][\/et_pb_button][et_pb_team_member name=\u00bbContacto\u00bb admin_label=\u00bbDirecci\u00f3n de carrera\u00bb _builder_version=\u00bb4.27.4&#8243; _module_preset=\u00bbdefault\u00bb header_text_align=\u00bbcenter\u00bb header_text_color=\u00bb#565656&#8243; header_font_size=\u00bb20px\u00bb header_line_height=\u00bb0.3em\u00bb body_font=\u00bb||||||||\u00bb body_text_align=\u00bbcenter\u00bb body_text_color=\u00bb#004562&#8243; body_font_size=\u00bb16px\u00bb position_font=\u00bb|600|||||||\u00bb position_text_align=\u00bbcenter\u00bb position_text_color=\u00bb#565656&#8243; position_font_size=\u00bb16px\u00bb position_line_height=\u00bb1.8em\u00bb text_orientation=\u00bbcenter\u00bb width=\u00bb100%\u00bb max_width=\u00bb90%\u00bb max_width_tablet=\u00bb100%\u00bb max_width_phone=\u00bb70%\u00bb max_width_last_edited=\u00bbon|desktop\u00bb module_alignment=\u00bbcenter\u00bb custom_margin=\u00bb||||false|false\u00bb custom_padding=\u00bb10px||10px||true|false\u00bb header_text_align_tablet=\u00bbcenter\u00bb header_text_align_phone=\u00bbcenter\u00bb header_text_align_last_edited=\u00bbon|phone\u00bb border_color_all_image=\u00bb#004562&#8243; global_colors_info=\u00bb{}\u00bb]<\/p>\n<p><a href=\"mailto:institutotecnologico@upla.cl\">institutotecnologico@upla.cl<\/a><\/p>\n<p>[\/et_pb_team_member][et_pb_button button_url=\u00bbhttps:\/\/www.upla.cl\/institutotecnologico\/contacto\/\u00bb button_text=\u00bbIngresa al Formulario de Contacto\u00bb button_alignment=\u00bbcenter\u00bb admin_label=\u00bbBot\u00f3n Formulario de Contacto\u00bb _builder_version=\u00bb4.27.4&#8243; _module_preset=\u00bbdefault\u00bb custom_button=\u00bbon\u00bb button_text_size=\u00bb16px\u00bb button_text_color=\u00bb#ffffff\u00bb button_bg_color=\u00bb#565656&#8243; button_border_width=\u00bb0px\u00bb button_border_radius=\u00bb6px\u00bb button_letter_spacing=\u00bb0px\u00bb button_font=\u00bbLato|700|||||||\u00bb button_icon=\u00bb&#x35;||divi||400&#8243; animation_style=\u00bbzoom\u00bb button_bg_color_last_edited=\u00bboff|tablet\u00bb box_shadow_style=\u00bbpreset3&#8243; box_shadow_color=\u00bbrgba(250,127,40,0.4)\u00bb global_colors_info=\u00bb{}\u00bb button_bg_color__hover_enabled=\u00bbon|hover\u00bb button_bg_color__hover=\u00bb#009bcd\u00bb button_bg_enable_color__hover=\u00bbon\u00bb][\/et_pb_button][\/et_pb_column][\/et_pb_row][\/et_pb_section][et_pb_section fb_built=\u00bb1&#8243; admin_label=\u00bbCampo-aranceles y requisitos\u00bb _builder_version=\u00bb4.22.1&#8243; _module_preset=\u00bbdefault\u00bb custom_margin=\u00bb||0px||false|false\u00bb custom_padding=\u00bb30px|0px|50px|0px|false|false\u00bb global_colors_info=\u00bb{}\u00bb][et_pb_row column_structure=\u00bb1_3,1_3,1_3&#8243; use_custom_gutter=\u00bbon\u00bb gutter_width=\u00bb1.2&#8243; _builder_version=\u00bb4.27.4&#8243; _module_preset=\u00bbdefault\u00bb background_color=\u00bbRGBA(255,255,255,0)\u00bb max_width=\u00bb2560px\u00bb min_height=\u00bb360px\u00bb custom_margin=\u00bb0%|auto|10px|auto|false|true\u00bb custom_padding=\u00bb19px|0px|38px|0px|false|false\u00bb animation_style=\u00bbslide\u00bb animation_direction=\u00bbbottom\u00bb animation_intensity_slide=\u00bb6%\u00bb animation_starting_opacity=\u00bb100%\u00bb animation_starting_opacity_tablet=\u00bb100%\u00bb animation_starting_opacity_phone=\u00bb100%\u00bb animation_starting_opacity_last_edited=\u00bbon|desktop\u00bb border_color_all=\u00bb#0C71C3&#8243; border_style_all=\u00bboutset\u00bb border_color_top=\u00bbRGBA(255,255,255,0)\u00bb border_style_top=\u00bboutset\u00bb border_color_bottom=\u00bbRGBA(255,255,255,0)\u00bb global_colors_info=\u00bb{}\u00bb][et_pb_column type=\u00bb1_3&#8243; _builder_version=\u00bb4.22.1&#8243; _module_preset=\u00bbdefault\u00bb global_colors_info=\u00bb{}\u00bb][et_pb_blurb title=\u00bbCampo laboral\u00bb image_icon_background_color=\u00bb#bdc1c9&#8243; content_last_edited=\u00bboff|desktop\u00bb _builder_version=\u00bb4.27.4&#8243; _module_preset=\u00bbdefault\u00bb header_level=\u00bbh2&#8243; header_font=\u00bbLato|900|||||||\u00bb header_text_align=\u00bbleft\u00bb header_text_color=\u00bb#565656&#8243; header_font_size=\u00bb25px\u00bb body_font=\u00bbLato||||||||\u00bb body_text_align=\u00bbleft\u00bb body_text_color=\u00bb#565656&#8243; body_font_size=\u00bb16px\u00bb body_line_height=\u00bb1.6em\u00bb image_icon_custom_padding=\u00bb25px|25px|25px|25px|true|true\u00bb text_orientation=\u00bbcenter\u00bb custom_padding=\u00bb30px|||30px|false|false\u00bb animation=\u00bboff\u00bb border_radii_image=\u00bbon|100%|100%|100%|100%\u00bb global_colors_info=\u00bb{}\u00bb]<\/p>\n<p>El T\u00e9cnico o la T\u00e9cnica de Nivel Superior Asistente de la Educaci\u00f3n del Instituto Tecnol\u00f3gico de la Universidad de Playa Ancha (UPLA) se pueden desempe\u00f1ar en labores de apoyo en la gesti\u00f3n pedag\u00f3gica, administrativa y de convivencia en establecimientos educativos. Desarrollan adem\u00e1s funciones diferenciadas de apoyo de aula, inspector\u00eda y secretariado.<\/p>\n<p>[\/et_pb_blurb][\/et_pb_column][et_pb_column type=\u00bb1_3&#8243; _builder_version=\u00bb4.22.1&#8243; _module_preset=\u00bbdefault\u00bb global_colors_info=\u00bb{}\u00bb][et_pb_text _builder_version=\u00bb4.27.4&#8243; _module_preset=\u00bbdefault\u00bb text_font=\u00bb|800|||||||\u00bb text_text_color=\u00bb#565656&#8243; text_font_size=\u00bb25px\u00bb text_line_height=\u00bb1.6em\u00bb text_orientation=\u00bbcenter\u00bb custom_padding=\u00bb20px||||false|false\u00bb global_colors_info=\u00bb{}\u00bb]<\/p>\n<p>Valores para quienes ingresan en 2026<\/p>\n<p>[\/et_pb_text][et_pb_text _builder_version=\u00bb4.27.4&#8243; _module_preset=\u00bbdefault\u00bb custom_margin=\u00bb5%||||false|false\u00bb global_colors_info=\u00bb{}\u00bb]<\/p>\n<p style=\"text-align: center;\"><strong>Matr\u00edcula<\/strong><\/p>\n<h4 style=\"text-align: center; font-size: 25px; font-weight: 900;\">$185.000.-<\/h4>\n<p style=\"text-align: center;\"><strong>Arancel anual<\/strong><\/p>\n<h4 style=\"text-align: center; font-size: 25px; font-weight: 900;\">$1.800.000.-<\/h4>\n<p>[\/et_pb_text][et_pb_text disabled_on=\u00bbon|on|off\u00bb _builder_version=\u00bb4.27.4&#8243; _module_preset=\u00bbdefault\u00bb text_text_color=\u00bb#565656&#8243; text_font_size=\u00bb16px\u00bb text_line_height=\u00bb1.6em\u00bb text_orientation=\u00bbcenter\u00bb custom_margin=\u00bb2.5%||||false|false\u00bb global_colors_info=\u00bb{}\u00bb]<\/p>\n<p><span style=\"text-decoration: underline;\"><strong><a href=\"https:\/\/www.upla.cl\/institutotecnologico\/admision\/aranceles\/\" target=\"_blank\" rel=\"noopener\">Revisa aqu\u00ed la informaci\u00f3n de Aranceles<\/a><\/strong><\/span><\/p>\n<p>[\/et_pb_text][\/et_pb_column][et_pb_column type=\u00bb1_3&#8243; _builder_version=\u00bb4.22.1&#8243; _module_preset=\u00bbdefault\u00bb global_colors_info=\u00bb{}\u00bb][et_pb_blurb title=\u00bbRequisitos de ingreso\u00bb image_icon_background_color=\u00bb#bdc1c9&#8243; content_last_edited=\u00bboff|desktop\u00bb _builder_version=\u00bb4.22.2&#8243; _module_preset=\u00bbdefault\u00bb header_level=\u00bbh2&#8243; header_font=\u00bbLato|900|||||||\u00bb header_text_align=\u00bbleft\u00bb header_text_color=\u00bb#565656&#8243; header_font_size=\u00bb25px\u00bb body_font=\u00bbLato||||||||\u00bb body_text_align=\u00bbleft\u00bb body_text_color=\u00bb#565656&#8243; body_font_size=\u00bb16px\u00bb body_line_height=\u00bb1.6em\u00bb image_icon_custom_padding=\u00bb25px|25px|25px|25px|true|true\u00bb text_orientation=\u00bbcenter\u00bb custom_padding=\u00bb30px|||30px|false|false\u00bb animation=\u00bboff\u00bb border_radii_image=\u00bbon|100%|100%|100%|100%\u00bb global_colors_info=\u00bb{}\u00bb]<\/p>\n<ul>\n<li>Licencia de Ense\u00f1anza Media (fotocopia legalizada o <a href=\"http:\/\/certificados.mineduc.cl\/mvc\/home\/index\" target=\"_blank\" rel=\"noopener\">web Mineduc<\/a>)<\/li>\n<li>Concentraci\u00f3n de notas de Ense\u00f1anza Media (original o <a href=\"http:\/\/certificados.mineduc.cl\/mvc\/home\/index\" target=\"_blank\" rel=\"noopener\">web Mineduc<\/a>)<\/li>\n<li>Fotocopia C\u00e9dula de Identidad<\/li>\n<\/ul>\n<p>[\/et_pb_blurb][\/et_pb_column][\/et_pb_row][\/et_pb_section][et_pb_section fb_built=\u00bb1&#8243; admin_label=\u00bbMalla curricular\u00bb _builder_version=\u00bb4.22.1&#8243; _module_preset=\u00bbdefault\u00bb background_color=\u00bb#f4f4f4&#8243; custom_margin=\u00bb||0px||false|false\u00bb custom_padding=\u00bb50px|0px|50px|0px|false|false\u00bb global_colors_info=\u00bb{}\u00bb][et_pb_row use_custom_gutter=\u00bbon\u00bb gutter_width=\u00bb1.2&#8243; custom_padding_last_edited=\u00bbon|phone\u00bb _builder_version=\u00bb4.22.1&#8243; _module_preset=\u00bbdefault\u00bb background_color=\u00bbRGBA(255,255,255,0)\u00bb max_width=\u00bb2560px\u00bb min_height=\u00bb100px\u00bb min_height_tablet=\u00bb100px\u00bb min_height_phone=\u00bb100px\u00bb min_height_last_edited=\u00bbon|phone\u00bb custom_margin=\u00bb-3.3%|auto|10px|auto|false|true\u00bb custom_padding=\u00bb19px|0px|50px|0px|false|false\u00bb custom_padding_tablet=\u00bb19px|0px|50px|0px|false|false\u00bb custom_padding_phone=\u00bb0px|0px|0px|0px|true|false\u00bb animation_style=\u00bbslide\u00bb animation_direction=\u00bbbottom\u00bb animation_intensity_slide=\u00bb6%\u00bb animation_starting_opacity=\u00bb100%\u00bb animation_starting_opacity_tablet=\u00bb100%\u00bb animation_starting_opacity_phone=\u00bb100%\u00bb animation_starting_opacity_last_edited=\u00bbon|desktop\u00bb border_radii=\u00bbon|15px|15px|15px|15px\u00bb border_color_top=\u00bbRGBA(255,255,255,0)\u00bb border_style_top=\u00bboutset\u00bb global_colors_info=\u00bb{}\u00bb][et_pb_column type=\u00bb4_4&#8243; _builder_version=\u00bb4.22.1&#8243; _module_preset=\u00bbdefault\u00bb global_colors_info=\u00bb{}\u00bb][et_pb_text _builder_version=\u00bb4.22.2&#8243; _module_preset=\u00bbdefault\u00bb text_font=\u00bb|800|||||||\u00bb text_text_color=\u00bb#004562&#8243; text_font_size=\u00bb25px\u00bb text_line_height=\u00bb1.6em\u00bb header_2_font=\u00bb|700|||||||\u00bb header_2_text_align=\u00bbleft\u00bb header_2_text_color=\u00bb#565656&#8243; header_2_font_size=\u00bb32px\u00bb text_orientation=\u00bbcenter\u00bb custom_padding=\u00bb20px||20px|30px|false|false\u00bb global_colors_info=\u00bb{}\u00bb]<\/p>\n<h2 style=\"text-align: left;\">Malla curricular<\/h2>\n<p>[\/et_pb_text][\/et_pb_column][\/et_pb_row][et_pb_row column_structure=\u00bb1_3,1_3,1_3&#8243; _builder_version=\u00bb4.22.1&#8243; _module_preset=\u00bbdefault\u00bb custom_padding=\u00bb29px||29px|||\u00bb border_color_all=\u00bb#009bdb\u00bb border_style_all=\u00bboutset\u00bb border_width_bottom=\u00bb1px\u00bb border_color_bottom=\u00bb#009bdb\u00bb border_style_bottom=\u00bboutset\u00bb global_colors_info=\u00bb{}\u00bb][et_pb_column type=\u00bb1_3&#8243; _builder_version=\u00bb4.22.1&#8243; _module_preset=\u00bbdefault\u00bb global_colors_info=\u00bb{}\u00bb][et_pb_text _builder_version=\u00bb4.22.2&#8243; _module_preset=\u00bbdefault\u00bb text_font=\u00bbLato|900|||||||\u00bb text_text_color=\u00bbRGBA(255,255,255,0)\u00bb text_font_size=\u00bb25px\u00bb header_font_size=\u00bb26px\u00bb header_2_font=\u00bb|800|||||||\u00bb header_2_text_align=\u00bbright\u00bb header_2_text_color=\u00bb#565656&#8243; header_2_font_size=\u00bb25px\u00bb background_color=\u00bbRGBA(255,255,255,0)\u00bb text_orientation=\u00bbcenter\u00bb custom_margin=\u00bb||||false|false\u00bb custom_padding=\u00bb10px|||26px|false|false\u00bb border_radii=\u00bboff||||\u00bb global_colors_info=\u00bb{}\u00bb]<\/p>\n<h2 style=\"text-align: left;\">Primer a\u00f1o<\/h2>\n<p>[\/et_pb_text][\/et_pb_column][et_pb_column type=\u00bb1_3&#8243; _builder_version=\u00bb4.22.1&#8243; _module_preset=\u00bbdefault\u00bb global_colors_info=\u00bb{}\u00bb][et_pb_text _builder_version=\u00bb4.27.4&#8243; _module_preset=\u00bbdefault\u00bb text_font=\u00bbLato||||||||\u00bb text_text_color=\u00bb#565656&#8243; text_font_size=\u00bb16px\u00bb text_line_height=\u00bb1.2em\u00bb header_2_font=\u00bb||||||||\u00bb header_2_text_color=\u00bb#0C71C3&#8243; header_3_text_color=\u00bb#009bdb\u00bb min_height_tablet=\u00bb\u00bb min_height_phone=\u00bb\u00bb min_height_last_edited=\u00bbon|tablet\u00bb height_tablet=\u00bb\u00bb height_phone=\u00bb\u00bb height_last_edited=\u00bbon|phone\u00bb custom_padding=\u00bb2px|0px|2px|0px|true|true\u00bb border_radii=\u00bboff|||20px|\u00bb border_color_all=\u00bb#009bdb\u00bb border_style_all=\u00bboutset\u00bb global_colors_info=\u00bb{}\u00bb height__hover_enabled=\u00bboff|desktop\u00bb]<\/p>\n<h3>Primer semestre<\/h3>\n<ul>\n<li>TIC para la Vida Acad\u00e9mica<\/li>\n<li>Comunicaci\u00f3n Oral y Escrita en Espa\u00f1ol<\/li>\n<li>Sistema Escolar y Organizaci\u00f3n de las Instituciones Escolares<\/li>\n<li>Procesos Administrativos y Registros Escolares<\/li>\n<li>Prevenci\u00f3n de Riesgos y Primeros Auxilios en Contextos Escolares<\/li>\n<li>Identidad, \u00c9tica y Rol del Asistente de la Educaci\u00f3n<\/li>\n<\/ul>\n<p>[\/et_pb_text][\/et_pb_column][et_pb_column type=\u00bb1_3&#8243; _builder_version=\u00bb4.22.1&#8243; _module_preset=\u00bbdefault\u00bb global_colors_info=\u00bb{}\u00bb][et_pb_text _builder_version=\u00bb4.27.4&#8243; _module_preset=\u00bbdefault\u00bb text_font=\u00bbLato||||||||\u00bb text_text_color=\u00bb#565656&#8243; text_font_size=\u00bb16px\u00bb text_line_height=\u00bb1.2em\u00bb header_2_font=\u00bb||||||||\u00bb header_2_text_color=\u00bb#0C71C3&#8243; header_3_text_color=\u00bb#009bdb\u00bb min_height_tablet=\u00bb\u00bb min_height_phone=\u00bb\u00bb min_height_last_edited=\u00bbon|tablet\u00bb height_tablet=\u00bb\u00bb height_phone=\u00bb\u00bb height_last_edited=\u00bbon|phone\u00bb custom_padding=\u00bb2px|0px|2px|0px|true|true\u00bb border_radii=\u00bboff|||20px|\u00bb border_color_all=\u00bb#009bdb\u00bb border_style_all=\u00bboutset\u00bb global_colors_info=\u00bb{}\u00bb height__hover_enabled=\u00bboff|desktop\u00bb]<\/p>\n<h3>Segundo semestre<\/h3>\n<ul>\n<li>Lengua Extranjera (Ingl\u00e9s) Oral y Escrita, Nivel Elemental<\/li>\n<li>Elaboraci\u00f3n de Materiales Did\u00e1cticos para el Aula Escolar<\/li>\n<li>Desarrollo Psicosocial y Emocional del Ni\u00f1o y Adolescente<\/li>\n<li>Comunicaci\u00f3n Asertiva y Atenci\u00f3n de P\u00fablico en Contextos Escolares<\/li>\n<li>Normativa, Reglamentos y Protocolos de Convivencia Escolar<\/li>\n<li>TIC para la Gesti\u00f3n y el Apoyo Educativo<\/li>\n<\/ul>\n<p>[\/et_pb_text][\/et_pb_column][\/et_pb_row][et_pb_row column_structure=\u00bb1_3,1_3,1_3&#8243; _builder_version=\u00bb4.22.2&#8243; _module_preset=\u00bbdefault\u00bb custom_padding=\u00bb29px||29px|||\u00bb border_radii=\u00bboff||||\u00bb border_color_all=\u00bbRGBA(255,255,255,0)\u00bb border_color_top=\u00bbRGBA(255,255,255,0)\u00bb border_color_right=\u00bbRGBA(255,255,255,0)\u00bb border_style_bottom=\u00bboutset\u00bb border_color_left=\u00bbRGBA(255,255,255,0)\u00bb border_style_left=\u00bboutset\u00bb global_colors_info=\u00bb{}\u00bb][et_pb_column type=\u00bb1_3&#8243; _builder_version=\u00bb4.22.1&#8243; _module_preset=\u00bbdefault\u00bb global_colors_info=\u00bb{}\u00bb][et_pb_text _builder_version=\u00bb4.22.2&#8243; _module_preset=\u00bbdefault\u00bb text_font=\u00bbLato|900|||||||\u00bb text_text_color=\u00bbRGBA(255,255,255,0)\u00bb text_font_size=\u00bb25px\u00bb header_font_size=\u00bb26px\u00bb header_2_font=\u00bb|800|||||||\u00bb header_2_text_align=\u00bbright\u00bb header_2_text_color=\u00bb#565656&#8243; header_2_font_size=\u00bb25px\u00bb background_color=\u00bbRGBA(255,255,255,0)\u00bb text_orientation=\u00bbcenter\u00bb custom_margin=\u00bb||||false|false\u00bb custom_padding=\u00bb10px|||26px|false|false\u00bb border_radii=\u00bboff||||\u00bb global_colors_info=\u00bb{}\u00bb]<\/p>\n<h2 style=\"text-align: left;\">Segundo a\u00f1o<\/h2>\n<p>[\/et_pb_text][\/et_pb_column][et_pb_column type=\u00bb1_3&#8243; _builder_version=\u00bb4.22.1&#8243; _module_preset=\u00bbdefault\u00bb global_colors_info=\u00bb{}\u00bb][et_pb_text _builder_version=\u00bb4.27.5&#8243; _module_preset=\u00bbdefault\u00bb text_font=\u00bbLato||||||||\u00bb text_text_color=\u00bb#565656&#8243; text_font_size=\u00bb16px\u00bb text_line_height=\u00bb1.2em\u00bb header_2_font=\u00bb||||||||\u00bb header_2_text_color=\u00bb#0C71C3&#8243; header_3_text_color=\u00bb#009bdb\u00bb min_height_tablet=\u00bb\u00bb min_height_phone=\u00bb\u00bb min_height_last_edited=\u00bbon|tablet\u00bb height_tablet=\u00bb\u00bb height_phone=\u00bb\u00bb height_last_edited=\u00bbon|phone\u00bb custom_padding=\u00bb2px|2%|2px|0px|true|false\u00bb hover_enabled=\u00bb0&#8243; border_radii=\u00bboff|||20px|\u00bb border_color_all=\u00bb#009bdb\u00bb border_style_all=\u00bboutset\u00bb global_colors_info=\u00bb{}\u00bb height__hover_enabled=\u00bboff|desktop\u00bb sticky_enabled=\u00bb0&#8243;]<\/p>\n<h3>Tercer semestre<\/h3>\n<ul>\n<li>Territorio, Comunidad, Familia y Educaci\u00f3n Intercultural<\/li>\n<li>Apoyo Pedag\u00f3gico en Aula Escolar<\/li>\n<li>Apoyos Educativos Personalizados e Inclusivos<\/li>\n<li>Gesti\u00f3n de Informaci\u00f3n y Documentaci\u00f3n Escolar<\/li>\n<li>Derechos y Protecci\u00f3n Infantojuvenil en Contextos Escolares<\/li>\n<li>Pr\u00e1ctica de Observaci\u00f3n<\/li>\n<\/ul>\n<p>[\/et_pb_text][\/et_pb_column][et_pb_column type=\u00bb1_3&#8243; _builder_version=\u00bb4.22.1&#8243; _module_preset=\u00bbdefault\u00bb global_colors_info=\u00bb{}\u00bb][et_pb_text _builder_version=\u00bb4.27.5&#8243; _module_preset=\u00bbdefault\u00bb text_font=\u00bbLato||||||||\u00bb text_text_color=\u00bb#565656&#8243; text_font_size=\u00bb16px\u00bb text_line_height=\u00bb1.2em\u00bb header_2_font=\u00bb||||||||\u00bb header_2_text_color=\u00bb#0C71C3&#8243; header_3_text_color=\u00bb#009bdb\u00bb min_height_tablet=\u00bb\u00bb min_height_phone=\u00bb\u00bb min_height_last_edited=\u00bbon|tablet\u00bb height_tablet=\u00bb\u00bb height_phone=\u00bb\u00bb height_last_edited=\u00bbon|phone\u00bb custom_padding=\u00bb2px|0px|2px|0px|true|true\u00bb hover_enabled=\u00bb0&#8243; border_radii=\u00bboff|||20px|\u00bb border_color_all=\u00bb#009bdb\u00bb border_style_all=\u00bboutset\u00bb global_colors_info=\u00bb{}\u00bb height__hover_enabled=\u00bboff|desktop\u00bb sticky_enabled=\u00bb0&#8243;]<\/p>\n<h3>Cuarto semestre<\/h3>\n<ul>\n<li>Sello UPLA<\/li>\n<li>Proyecci\u00f3n Laboral e Innovaci\u00f3n<\/li>\n<li>Apoyo en Procesos de Evaluaci\u00f3n de Aprendizajes en Aula Escolar<\/li>\n<li>Gesti\u00f3n de Conflictos y Mediaci\u00f3n en Contextos Escolares<\/li>\n<li>Supervisi\u00f3n y Gesti\u00f3n de Ambientes Escolares<\/li>\n<li>Pr\u00e1ctica de Intervenci\u00f3n Supervisada<\/li>\n<\/ul>\n<p>[\/et_pb_text][\/et_pb_column][\/et_pb_row][et_pb_row column_structure=\u00bb1_3,1_3,1_3&#8243; _builder_version=\u00bb4.27.5&#8243; _module_preset=\u00bbdefault\u00bb custom_padding=\u00bb29px||29px|||\u00bb hover_enabled=\u00bb0&#8243; border_radii=\u00bboff||||\u00bb border_color_all=\u00bbRGBA(255,255,255,0)\u00bb border_color_top=\u00bb#009fe3&#8243; border_color_right=\u00bbRGBA(255,255,255,0)\u00bb border_style_bottom=\u00bboutset\u00bb border_color_left=\u00bbRGBA(255,255,255,0)\u00bb border_style_left=\u00bboutset\u00bb global_colors_info=\u00bb{}\u00bb border_width_top=\u00bb1px\u00bb border_style_top=\u00bboutset\u00bb sticky_enabled=\u00bb0&#8243;][et_pb_column type=\u00bb1_3&#8243; _builder_version=\u00bb4.22.1&#8243; _module_preset=\u00bbdefault\u00bb global_colors_info=\u00bb{}\u00bb][et_pb_text _builder_version=\u00bb4.27.4&#8243; _module_preset=\u00bbdefault\u00bb text_font=\u00bbLato|900|||||||\u00bb text_text_color=\u00bbRGBA(255,255,255,0)\u00bb text_font_size=\u00bb25px\u00bb header_font_size=\u00bb26px\u00bb header_2_font=\u00bb|800|||||||\u00bb header_2_text_align=\u00bbright\u00bb header_2_text_color=\u00bb#565656&#8243; header_2_font_size=\u00bb25px\u00bb background_color=\u00bbRGBA(255,255,255,0)\u00bb text_orientation=\u00bbcenter\u00bb custom_margin=\u00bb||||false|false\u00bb custom_padding=\u00bb10px|||26px|false|false\u00bb border_radii=\u00bboff||||\u00bb global_colors_info=\u00bb{}\u00bb]<\/p>\n<h2 style=\"text-align: left;\">Tercer a\u00f1o<\/h2>\n<p>[\/et_pb_text][\/et_pb_column][et_pb_column type=\u00bb1_3&#8243; _builder_version=\u00bb4.22.1&#8243; _module_preset=\u00bbdefault\u00bb global_colors_info=\u00bb{}\u00bb][et_pb_text _builder_version=\u00bb4.27.4&#8243; _module_preset=\u00bbdefault\u00bb text_font=\u00bbLato||||||||\u00bb text_text_color=\u00bb#565656&#8243; text_font_size=\u00bb16px\u00bb text_line_height=\u00bb1.2em\u00bb header_2_font=\u00bb||||||||\u00bb header_2_text_color=\u00bb#0C71C3&#8243; header_3_text_color=\u00bb#009bdb\u00bb min_height_tablet=\u00bb\u00bb min_height_phone=\u00bb\u00bb min_height_last_edited=\u00bbon|tablet\u00bb height_tablet=\u00bb\u00bb height_phone=\u00bb\u00bb height_last_edited=\u00bbon|phone\u00bb custom_padding=\u00bb2px|0px|2px|0px|true|true\u00bb border_radii=\u00bboff|||20px|\u00bb border_color_all=\u00bb#009bdb\u00bb border_style_all=\u00bboutset\u00bb global_colors_info=\u00bb{}\u00bb height__hover_enabled=\u00bboff|desktop\u00bb]<\/p>\n<h3>Quinto semestre<\/h3>\n<ul>\n<li>Formaci\u00f3n Complementaria<\/li>\n<li>Trabajo de Titulaci\u00f3n<\/li>\n<li>Pr\u00e1ctica Profesional<\/li>\n<\/ul>\n<p>[\/et_pb_text][\/et_pb_column][et_pb_column type=\u00bb1_3&#8243; _builder_version=\u00bb4.22.1&#8243; _module_preset=\u00bbdefault\u00bb global_colors_info=\u00bb{}\u00bb][\/et_pb_column][\/et_pb_row][\/et_pb_section][et_pb_section fb_built=\u00bb1&#8243; admin_label=\u00bbBecas y beneficios\u00bb module_id=\u00bbbeneficiosestudiantiles\u00bb _builder_version=\u00bb4.27.4&#8243; _module_preset=\u00bbdefault\u00bb custom_margin=\u00bb||0px||false|false\u00bb custom_padding=\u00bb50px|0px||0px|false|false\u00bb global_module=\u00bb132715&#8243; saved_tabs=\u00bball\u00bb global_colors_info=\u00bb{}\u00bb][et_pb_row column_structure=\u00bb1_3,1_3,1_3&#8243; use_custom_gutter=\u00bbon\u00bb gutter_width=\u00bb1.3&#8243; custom_padding_last_edited=\u00bbon|phone\u00bb _builder_version=\u00bb4.22.2&#8243; _module_preset=\u00bbdefault\u00bb background_color=\u00bbRGBA(255,255,255,0)\u00bb max_width=\u00bb2560px\u00bb min_height=\u00bb350px\u00bb custom_margin=\u00bb-3.3%|auto|10px|auto|false|true\u00bb custom_padding=\u00bb50px|0px|14px|0px|false|false\u00bb custom_padding_tablet=\u00bb\u00bb custom_padding_phone=\u00bb0px|0px|14px|0px|false|false\u00bb animation_style=\u00bbslide\u00bb animation_direction=\u00bbbottom\u00bb animation_intensity_slide=\u00bb6%\u00bb animation_starting_opacity=\u00bb100%\u00bb animation_starting_opacity_tablet=\u00bb100%\u00bb animation_starting_opacity_phone=\u00bb100%\u00bb animation_starting_opacity_last_edited=\u00bbon|desktop\u00bb border_radii=\u00bbon|15px|15px|15px|15px\u00bb border_color_top=\u00bbRGBA(255,255,255,0)\u00bb border_style_top=\u00bboutset\u00bb global_colors_info=\u00bb{}\u00bb][et_pb_column type=\u00bb1_3&#8243; _builder_version=\u00bb4.22.1&#8243; _module_preset=\u00bbdefault\u00bb global_colors_info=\u00bb{}\u00bb][et_pb_text _builder_version=\u00bb4.27.4&#8243; _module_preset=\u00bbdefault\u00bb text_font=\u00bb|800|||||||\u00bb text_text_color=\u00bb#004562&#8243; text_font_size=\u00bb25px\u00bb text_line_height=\u00bb1.6em\u00bb header_2_font=\u00bb|700|||||||\u00bb header_2_text_align=\u00bbleft\u00bb header_2_text_color=\u00bb#565656&#8243; header_2_font_size=\u00bb32px\u00bb text_orientation=\u00bbcenter\u00bb custom_padding=\u00bb20px||20px|30px|false|false\u00bb global_colors_info=\u00bb{}\u00bb]<\/p>\n<h2 style=\"text-align: left;\">Becas y beneficios<\/h2>\n<p>[\/et_pb_text][et_pb_text _builder_version=\u00bb4.27.4&#8243; _module_preset=\u00bbdefault\u00bb custom_padding=\u00bb||20px|30px|false|false\u00bb global_colors_info=\u00bb{}\u00bb]<\/p>\n<p><strong>*<\/strong> Carreras en modalidad en l\u00ednea no est\u00e1n adscritas a gratuidad.<\/p>\n<p>[\/et_pb_text][\/et_pb_column][et_pb_column type=\u00bb1_3&#8243; _builder_version=\u00bb4.22.1&#8243; _module_preset=\u00bbdefault\u00bb global_colors_info=\u00bb{}\u00bb][et_pb_blurb title=\u00bbBeneficios estudiantiles estatales para la Educaci\u00f3n Superior\u00bb url=\u00bbhttps:\/\/portal.beneficiosestudiantiles.cl\/\u00bb url_new_window=\u00bbon\u00bb image=\u00bbhttps:\/\/www.upla.cl\/institutotecnologico\/wp-content\/uploads\/2025\/09\/popup-sliderbanner-notaweb_sliderbanner1.jpg\u00bb alt=\u00bbBanner FUAS 2026&#8243; _builder_version=\u00bb4.27.4&#8243; _module_preset=\u00bbdefault\u00bb header_text_color=\u00bb#009bdb\u00bb body_text_color=\u00bb#565656&#8243; body_line_height=\u00bb1.2em\u00bb background_enable_image=\u00bboff\u00bb custom_padding=\u00bb|15px|||false|false\u00bb animation_direction=\u00bbright\u00bb animation=\u00bbright\u00bb link_option_url=\u00bbhttps:\/\/portal.beneficiosestudiantiles.cl\/\u00bb link_option_url_new_window=\u00bbon\u00bb border_radii_image=\u00bbon|5px|5px|5px|5px\u00bb box_shadow_style_image=\u00bbpreset3&#8243; global_colors_info=\u00bb{}\u00bb]<\/p>\n<p>Ingresa al portal de beneficios.<\/p>\n<p>[\/et_pb_blurb][\/et_pb_column][et_pb_column type=\u00bb1_3&#8243; _builder_version=\u00bb4.22.1&#8243; _module_preset=\u00bbdefault\u00bb global_colors_info=\u00bb{}\u00bb][et_pb_blurb title=\u00bbBeneficios de la Direcci\u00f3n General de Desarrollo Estudiantil UPLA\u00bb url=\u00bbhttps:\/\/www.upla.cl\/desarrolloestudiantil\/\u00bb url_new_window=\u00bbon\u00bb image=\u00bbhttps:\/\/www.upla.cl\/institutotecnologico\/wp-content\/uploads\/2023\/10\/20230913_becasybeneficios-dgde.png\u00bb _builder_version=\u00bb4.27.3&#8243; _module_preset=\u00bbdefault\u00bb header_text_color=\u00bb#009bdb\u00bb body_text_color=\u00bb#565656&#8243; body_line_height=\u00bb1.2em\u00bb background_enable_image=\u00bboff\u00bb custom_padding=\u00bb|15px|||false|false\u00bb animation_direction=\u00bbright\u00bb animation=\u00bbright\u00bb link_option_url=\u00bbhttps:\/\/www.upla.cl\/desarrolloestudiantil\/\u00bb link_option_url_new_window=\u00bbon\u00bb border_radii_image=\u00bbon|5px|5px|5px|5px\u00bb box_shadow_style_image=\u00bbpreset3&#8243; global_colors_info=\u00bb{}\u00bb]<\/p>\n<p>Aqu\u00ed encontrar\u00e1s informaci\u00f3n sobre nuestras becas.<\/p>\n<p>[\/et_pb_blurb][\/et_pb_column][\/et_pb_row][\/et_pb_section]<\/p>\n","protected":false},"excerpt":{"rendered":"<p>El t\u00e9cnico y la t\u00e9cnica de Nivel Superior Asistente de la Educaci\u00f3n del Instituto Tecnol\u00f3gico de la Universidad de Playa Ancha apoya la gesti\u00f3n pedag\u00f3gica, administrativa y de convivencia en establecimientos escolares, ejecutando intervenciones inclusivas y colaborativas con estudiantes, docentes y equipos directivos, conforme a los est\u00e1ndares del sistema educativo nacional.<\/p>\n","protected":false},"author":1,"featured_media":134747,"parent":0,"menu_order":0,"comment_status":"closed","ping_status":"closed","template":"","meta":{"_et_pb_use_builder":"on","_et_pb_old_content":"","_et_gb_content_width":"","_joinchat":[],"footnotes":""},"class_list":["post-134746","page","type-page","status-publish","has-post-thumbnail","hentry"],"_links":{"self":[{"href":"https:\/\/www.upla.cl\/institutotecnologico\/wp-json\/wp\/v2\/pages\/134746","targetHints":{"allow":["GET"]}}],"collection":[{"href":"https:\/\/www.upla.cl\/institutotecnologico\/wp-json\/wp\/v2\/pages"}],"about":[{"href":"https:\/\/www.upla.cl\/institutotecnologico\/wp-json\/wp\/v2\/types\/page"}],"author":[{"embeddable":true,"href":"https:\/\/www.upla.cl\/institutotecnologico\/wp-json\/wp\/v2\/users\/1"}],"replies":[{"embeddable":true,"href":"https:\/\/www.upla.cl\/institutotecnologico\/wp-json\/wp\/v2\/comments?post=134746"}],"version-history":[{"count":9,"href":"https:\/\/www.upla.cl\/institutotecnologico\/wp-json\/wp\/v2\/pages\/134746\/revisions"}],"predecessor-version":[{"id":134891,"href":"https:\/\/www.upla.cl\/institutotecnologico\/wp-json\/wp\/v2\/pages\/134746\/revisions\/134891"}],"wp:featuredmedia":[{"embeddable":true,"href":"https:\/\/www.upla.cl\/institutotecnologico\/wp-json\/wp\/v2\/media\/134747"}],"wp:attachment":[{"href":"https:\/\/www.upla.cl\/institutotecnologico\/wp-json\/wp\/v2\/media?parent=134746"}],"curies":[{"name":"wp","href":"https:\/\/api.w.org\/{rel}","templated":true}]}}