{"id":17228415,"date":"2025-08-26T13:50:26","date_gmt":"2025-08-26T17:50:26","guid":{"rendered":"https:\/\/www.upla.cl\/innovacioncurricular\/?page_id=17228415"},"modified":"2025-08-27T12:37:48","modified_gmt":"2025-08-27T16:37:48","slug":"materiales-de-apoyo","status":"publish","type":"page","link":"https:\/\/www.upla.cl\/innovacioncurricular\/materiales-de-apoyo\/","title":{"rendered":"Materiales de apoyo"},"content":{"rendered":"<p>[et_pb_section fb_built=\u00bb1&#8243; fullwidth=\u00bbon\u00bb admin_label=\u00bbSecci\u00f3n\u00bb _builder_version=\u00bb4.27.4&#8243; background_color=\u00bbrgba(0,0,0,0.34)\u00bb background_image=\u00bbhttps:\/\/www.upla.cl\/innovacioncurricular\/wp-content\/uploads\/2025\/07\/20250731_deic-institucional.jpg\u00bb background_position=\u00bbtop_left\u00bb background_blend=\u00bbmultiply\u00bb custom_padding=\u00bb|0px|5%|0px|false|false\u00bb bottom_divider_style=\u00bbramp2&#8243; bottom_divider_color=\u00bb#FFFFFF\u00bb bottom_divider_flip=\u00bbvertical\u00bb global_colors_info=\u00bb{}\u00bb][et_pb_fullwidth_post_title meta=\u00bboff\u00bb featured_image=\u00bboff\u00bb text_color=\u00bblight\u00bb _builder_version=\u00bb4.27.4&#8243; background_size=\u00bbinitial\u00bb background_position=\u00bbtop_left\u00bb background_repeat=\u00bbrepeat\u00bb custom_padding=\u00bb10%||5%||false|false\u00bb hover_enabled=\u00bb0&#8243; global_colors_info=\u00bb{}\u00bb title_font_size=\u00bb40px\u00bb title_font=\u00bb|700|||||||\u00bb sticky_enabled=\u00bb0&#8243;][\/et_pb_fullwidth_post_title][\/et_pb_section][et_pb_section fb_built=\u00bb1&#8243; disabled_on=\u00bbon|on|on\u00bb _builder_version=\u00bb4.27.4&#8243; background_color=\u00bb#f4f4f4&#8243; custom_padding=\u00bb3%|0px|3%|0px|true|false\u00bb disabled=\u00bbon\u00bb global_colors_info=\u00bb{}\u00bb][et_pb_row _builder_version=\u00bb4.16&#8243; background_size=\u00bbinitial\u00bb background_position=\u00bbtop_left\u00bb background_repeat=\u00bbrepeat\u00bb custom_padding=\u00bb0px|0px|16px|0px|false|false\u00bb global_colors_info=\u00bb{}\u00bb][et_pb_column type=\u00bb4_4&#8243; _builder_version=\u00bb4.16&#8243; custom_padding=\u00bb|||\u00bb global_colors_info=\u00bb{}\u00bb custom_padding__hover=\u00bb|||\u00bb][et_pb_text _builder_version=\u00bb4.27.4&#8243; _module_preset=\u00bbdefault\u00bb text_font_size=\u00bb18px\u00bb global_colors_info=\u00bb{}\u00bb]<\/p>\n<p>En esta secci\u00f3n podr\u00e1 encontrar y acceder a informaci\u00f3n y recursos para desarrollar e implementar en las respectivas unidades acad\u00e9micas los procesos de revisi\u00f3n de la Innovaci\u00f3n Curricular, organizados en: Documentos Orientadores de Trabajo, Est\u00e1ndares Nacionales e Internacionales, Decretos Exentos y Formatos Modelos en versi\u00f3n editable.<\/p>\n<p>[\/et_pb_text][\/et_pb_column][\/et_pb_row][\/et_pb_section][et_pb_section fb_built=\u00bb1&#8243; specialty=\u00bbon\u00bb admin_label=\u00bbTimeline\u00bb _builder_version=\u00bb4.27.4&#8243; background_color=\u00bbRGBA(255,255,255,0)\u00bb global_colors_info=\u00bb{}\u00bb][et_pb_column type=\u00bb1_3&#8243; _builder_version=\u00bb4.16&#8243; custom_padding=\u00bb|||\u00bb global_colors_info=\u00bb{}\u00bb custom_padding__hover=\u00bb|||\u00bb][et_pb_text _builder_version=\u00bb4.27.4&#8243; text_font=\u00bb|600|||||||\u00bb text_line_height=\u00bb1.8em\u00bb header_2_font=\u00bb&#8211;et_global_body_font|600|||||||\u00bb header_2_text_color=\u00bb#009BDB\u00bb header_2_font_size=\u00bb160%\u00bb header_3_text_color=\u00bb#004562&#8243; header_4_font=\u00bb&#8211;et_global_body_font||||||||\u00bb header_4_text_color=\u00bb#004562&#8243; header_4_font_size=\u00bb20px\u00bb header_4_line_height=\u00bb1.4em\u00bb header_2_font_size_tablet=\u00bb60px\u00bb header_2_font_size_phone=\u00bb35px\u00bb header_2_font_size_last_edited=\u00bbon|phone\u00bb header_4_font_size_tablet=\u00bb20px\u00bb header_4_font_size_phone=\u00bb14px\u00bb header_4_font_size_last_edited=\u00bbon|phone\u00bb locked=\u00bboff\u00bb global_colors_info=\u00bb{}\u00bb]<\/p>\n<h2>Recursos de apoyo<\/h2>\n<h3>\/ Material de apoyo<\/h3>\n<p>[\/et_pb_text][\/et_pb_column][et_pb_column type=\u00bb2_3&#8243; specialty_columns=\u00bb2&#8243; _builder_version=\u00bb4.16&#8243; custom_padding=\u00bb|||\u00bb global_colors_info=\u00bb{}\u00bb custom_padding__hover=\u00bb|||\u00bb][et_pb_row_inner _builder_version=\u00bb4.27.4&#8243; custom_padding=\u00bb|||30px|false|false\u00bb border_color_all=\u00bb#e94558&#8243; border_width_left=\u00bb2px\u00bb border_color_left=\u00bb#565656&#8243; global_colors_info=\u00bb{}\u00bb][et_pb_column_inner saved_specialty_column_type=\u00bb2_3&#8243; _builder_version=\u00bb4.16&#8243; global_colors_info=\u00bb{}\u00bb][et_pb_blurb title=\u00bbPerfil Acad\u00e9mico UPLA\u00bb url=\u00bbhttp:\/\/Descargar%20documento\u00bb url_new_window=\u00bbon\u00bb use_icon=\u00bbon\u00bb font_icon=\u00bb&#xe05b;||divi||400&#8243; icon_color=\u00bb#009BDB\u00bb icon_placement=\u00bbleft\u00bb image_icon_width=\u00bb40px\u00bb content_max_width=\u00bb100%\u00bb _builder_version=\u00bb4.27.4&#8243; header_font=\u00bb&#8211;et_global_body_font|700|||||||\u00bb header_text_color=\u00bb#009BDB\u00bb header_font_size=\u00bb20px\u00bb header_line_height=\u00bb1.4em\u00bb body_font=\u00bb&#8211;et_global_body_font||||||||\u00bb body_text_color=\u00bb#565656&#8243; custom_margin=\u00bb|||-51px|false|false\u00bb link_option_url=\u00bbDescargar documento\u00bb link_option_url_new_window=\u00bbon\u00bb body_font_size_tablet=\u00bb18px\u00bb body_font_size_phone=\u00bb16px\u00bb body_font_size_last_edited=\u00bbon|phone\u00bb icon_font_size=\u00bb40px\u00bb locked=\u00bboff\u00bb global_colors_info=\u00bb{}\u00bb]<\/p>\n<p>Documento PDF, 5 MB.<a href=\"https:\/\/www.upla.cl\/innovacioncurricular\/wp-content\/uploads\/2023\/10\/RESUMEN-FINAL-PERFIL-ACADEMICO-UPLA.pdf\" target=\"_blank\" rel=\"noopener\" title=\"Descargar documento\"><\/a><\/p>\n<p>[\/et_pb_blurb][\/et_pb_column_inner][\/et_pb_row_inner][et_pb_row_inner _builder_version=\u00bb4.27.4&#8243; custom_padding=\u00bb|||30px|false|false\u00bb border_color_all=\u00bb#e94558&#8243; border_width_left=\u00bb2px\u00bb border_color_left=\u00bb#565656&#8243; global_colors_info=\u00bb{}\u00bb][et_pb_column_inner saved_specialty_column_type=\u00bb2_3&#8243; _builder_version=\u00bb4.16&#8243; global_colors_info=\u00bb{}\u00bb][et_pb_blurb title=\u00bbDecretos Institucionales\u00bb url_new_window=\u00bbon\u00bb use_icon=\u00bbon\u00bb font_icon=\u00bb&#xe05b;||divi||400&#8243; icon_color=\u00bb#009BDB\u00bb icon_placement=\u00bbleft\u00bb image_icon_width=\u00bb40px\u00bb content_max_width=\u00bb100%\u00bb _builder_version=\u00bb4.27.4&#8243; header_font=\u00bb&#8211;et_global_body_font|700|||||||\u00bb header_text_color=\u00bb#009BDB\u00bb header_font_size=\u00bb20px\u00bb header_line_height=\u00bb1.4em\u00bb body_font=\u00bb&#8211;et_global_body_font||||||||\u00bb body_text_color=\u00bb#565656&#8243; custom_margin=\u00bb|||-51px|false|false\u00bb body_font_size_tablet=\u00bb18px\u00bb body_font_size_phone=\u00bb16px\u00bb body_font_size_last_edited=\u00bbon|phone\u00bb icon_font_size=\u00bb40px\u00bb locked=\u00bboff\u00bb global_colors_info=\u00bb{}\u00bb][\/et_pb_blurb][et_pb_accordion open_toggle_text_color=\u00bb#009BDB\u00bb open_toggle_background_color=\u00bb#FFFFFF\u00bb closed_toggle_text_color=\u00bb#565656&#8243; closed_toggle_background_color=\u00bb#FFFFFF\u00bb toggle_icon=\u00bb&#x43;||divi||400&#8243; icon_color=\u00bb#009BDB\u00bb use_icon_font_size=\u00bbon\u00bb icon_font_size=\u00bb30px\u00bb _builder_version=\u00bb4.27.4&#8243; _module_preset=\u00bbdefault\u00bb toggle_text_color=\u00bb#565656&#8243; toggle_font_size=\u00bb20px\u00bb closed_toggle_font_size=\u00bb20px\u00bb body_text_color=\u00bb#565656&#8243; body_font_size=\u00bb100%\u00bb body_line_height=\u00bb1.3em\u00bb border_width_all=\u00bb0px\u00bb border_color_all=\u00bb#ffffff\u00bb border_width_bottom=\u00bb1px\u00bb border_color_bottom=\u00bb#009bdb\u00bb border_style_bottom=\u00bboutset\u00bb global_colors_info=\u00bb{}\u00bb][et_pb_accordion_item title=\u00bbA\u00f1o 2011&#8243; open=\u00bbon\u00bb open_toggle_text_color=\u00bb#009BDB\u00bb _builder_version=\u00bb4.27.4&#8243; _module_preset=\u00bbdefault\u00bb border_width_all=\u00bb1px\u00bb border_style_all=\u00bbdashed\u00bb global_colors_info=\u00bb{}\u00bb toggle_text_color=\u00bb#565656&#8243; toggle_font=\u00bb|600|||||||\u00bb]<\/p>\n<ul>\n<li><a href=\"https:\/\/www.upla.cl\/innovacioncurricular\/wp-content\/uploads\/2023\/08\/Decreto-Exento-0191-2011_Creacion-DEIC.pdf\" title=\"D.E. 0191\/2011\" target=\"_blank\" rel=\"noopener\">D.E. 0191\/2011<\/a> Crea DEIC<\/li>\n<li><a href=\"https:\/\/www.upla.cl\/innovacioncurricular\/wp-content\/uploads\/2023\/09\/dto_exto_0356-2011.pdf\" target=\"_blank\" rel=\"noopener\" title=\"D.E. 0356\/2011\">D.E. 0356\/2011<\/a> Modifica criterios para la asignaci\u00f3n de Carga Acad\u00e9mica, en los t\u00e9rminos que indica<\/li>\n<\/ul>\n<p>[\/et_pb_accordion_item][et_pb_accordion_item title=\u00bbA\u00f1o 2012&#8243; open_toggle_text_color=\u00bb#009BDB\u00bb _builder_version=\u00bb4.27.4&#8243; _module_preset=\u00bbdefault\u00bb border_width_all=\u00bb1px\u00bb border_style_all=\u00bbdashed\u00bb global_colors_info=\u00bb{}\u00bb toggle_text_color=\u00bb#565656&#8243; toggle_font=\u00bb|600|||||||\u00bb open=\u00bboff\u00bb]<\/p>\n<ul><\/ul>\n<ul>\n<li><a href=\"https:\/\/www.upla.cl\/innovacioncurricular\/wp-content\/uploads\/2012\/06\/Decreto-Exento-4133-2012_SCTChile_UPLA.pdf\" target=\"_blank\" rel=\"noopener\" title=\"D.E. 4133\/2012\">D.E. 4133\/2012<\/a> Establece sistema de cr\u00e9ditos transferibles en la Universidad de Playa Ancha. y su modificaci\u00f3n en <a href=\"https:\/\/www.upla.cl\/innovacioncurricular\/wp-content\/uploads\/2020\/04\/Decreto-Exento-0120-2020.pdf\" target=\"_blank\" rel=\"noopener\" title=\"D.E. N\u00b00120\/2020\">D.E. N\u00b00120\/2020<\/a><\/li>\n<li><a href=\"https:\/\/www.upla.cl\/innovacioncurricular\/wp-content\/uploads\/2012\/06\/1862_2012-Comisiones-Curriculares.pdf\" target=\"_blank\" rel=\"noopener\" title=\"D.E. 1862\/2012\">D.E. 1862\/2012<\/a> Modifica D.E. N\u00b00432\/2010 que aprueba el reglamento de comisiones curriculares de la Universidad de Playa Ancha.<\/li>\n<\/ul>\n<p>[\/et_pb_accordion_item][et_pb_accordion_item title=\u00bbA\u00f1o 2013&#8243; open_toggle_text_color=\u00bb#009BDB\u00bb _builder_version=\u00bb4.27.4&#8243; _module_preset=\u00bbdefault\u00bb border_width_all=\u00bb1px\u00bb border_style_all=\u00bbdashed\u00bb global_colors_info=\u00bb{}\u00bb toggle_text_color=\u00bb#565656&#8243; toggle_font=\u00bb|600|||||||\u00bb open=\u00bboff\u00bb]<\/p>\n<ul><\/ul>\n<ul><\/ul>\n<ul>\n<li><a href=\"https:\/\/www.upla.cl\/innovacioncurricular\/wp-content\/uploads\/2012\/06\/Decreto-Exento-3288-2013-Estructura-Curricular-4-de-julio-de-2013.pdf\" target=\"_blank\" rel=\"noopener\" title=\"D.E. 3288\/2013\">D.E. 3288\/2013<\/a> Aprueba estructura curricular para las carreras de Educaci\u00f3n\/ Pedagog\u00eda, a contar del a\u00f1o 2014<\/li>\n<li><a href=\"https:\/\/www.upla.cl\/innovacioncurricular\/wp-content\/uploads\/2021\/05\/2013_0906_postgrados_dto_exto_2054-2013_rglto_gral.pdf\" target=\"_blank\" rel=\"noopener\" title=\"D.E. 2054\/2013\">D.E. 2054\/2013<\/a> Aprueba reglamento general de Postgrado de la Universidad de Playa Ancha de Cs. de la Educaci\u00f3n y deroga D.E. N\u00b0 0454\/2006 de Rector\u00eda<\/li>\n<\/ul>\n<p>[\/et_pb_accordion_item][et_pb_accordion_item title=\u00bbA\u00f1o 2014&#8243; open_toggle_text_color=\u00bb#009BDB\u00bb _builder_version=\u00bb4.27.4&#8243; _module_preset=\u00bbdefault\u00bb border_width_all=\u00bb1px\u00bb border_style_all=\u00bbdashed\u00bb global_colors_info=\u00bb{}\u00bb toggle_text_color=\u00bb#565656&#8243; toggle_font=\u00bb|600|||||||\u00bb open=\u00bboff\u00bb]<\/p>\n<ul>\n<li><a href=\"https:\/\/www.upla.cl\/innovacioncurricular\/wp-content\/uploads\/2020\/11\/3434-2014.pdf\" target=\"_blank\" rel=\"noopener\" title=\"D.E. 3434\/2014\">D.E. 3434\/2014<\/a> Aprueba reglamento de Post\u00edtulo de la Universidad de Playa Ancha.<\/li>\n<\/ul>\n<p>[\/et_pb_accordion_item][et_pb_accordion_item title=\u00bbA\u00f1o 2017&#8243; open_toggle_text_color=\u00bb#009BDB\u00bb _builder_version=\u00bb4.27.4&#8243; _module_preset=\u00bbdefault\u00bb border_width_all=\u00bb1px\u00bb border_style_all=\u00bbdashed\u00bb global_colors_info=\u00bb{}\u00bb toggle_text_color=\u00bb#565656&#8243; toggle_font=\u00bb|600|||||||\u00bb open=\u00bboff\u00bb]<\/p>\n<ul>\n<li><a href=\"https:\/\/www.upla.cl\/innovacioncurricular\/wp-content\/uploads\/2012\/06\/Decreto-Exento-1124-2017.pdf\" target=\"_blank\" rel=\"noopener\" title=\"D.E. 1124\/2017\">D.E. 1124\/2017<\/a> Aprueba creaci\u00f3n del ciclo de Bachillerato en la estructura curricular de las carreras de Educaci\u00f3n\/Pedagog\u00eda de la UPLA<\/li>\n<li><a href=\"https:\/\/www.upla.cl\/innovacioncurricular\/wp-content\/uploads\/2018\/11\/Decreto-Exento-0837-2017.pdf\" target=\"_blank\" rel=\"noopener\">D.E. 0837\/2017<\/a> Modifica <a href=\"https:\/\/www.upla.cl\/innovacioncurricular\/wp-content\/uploads\/2024\/07\/2017_0808_marconormativo_normasorganicas_jul-2017_dto_exto_0565-2017_oficial.pdf\" target=\"_blank\" rel=\"noopener\" title=\"D.E. N\u00b0 0565\/2017\">D.E. N\u00b0 0565\/2017<\/a> que aprob\u00f3 acuerdo del Consejo Acad\u00e9mico sobre nombre de las actividades formativas de los planes de estudios 2014 para las carreras de Pedagog\u00edas<\/li>\n<\/ul>\n<ul><\/ul>\n<p>[\/et_pb_accordion_item][et_pb_accordion_item title=\u00bbA\u00f1o 2018&#8243; open_toggle_text_color=\u00bb#009BDB\u00bb _builder_version=\u00bb4.27.4&#8243; _module_preset=\u00bbdefault\u00bb border_width_all=\u00bb1px\u00bb border_style_all=\u00bbdashed\u00bb global_colors_info=\u00bb{}\u00bb toggle_text_color=\u00bb#565656&#8243; toggle_font=\u00bb|600|||||||\u00bb open=\u00bboff\u00bb]<\/p>\n<ul>\n<li><a href=\"https:\/\/www.upla.cl\/innovacioncurricular\/wp-content\/uploads\/2018\/07\/Decreto-Exento-0081-2018.pdf\" target=\"_blank\" rel=\"noopener\" title=\"D.E. 0081\/2018\">D.E. 0081\/2018<\/a> Fija normas especiales para trabajos de s\u00edntesis profesional, egreso y titulaci\u00f3n de alumnos que pertenecen a carreras de Pedagog\u00edas innovadas.<\/li>\n<\/ul>\n<ul><\/ul>\n<p>[\/et_pb_accordion_item][et_pb_accordion_item title=\u00bbA\u00f1o 2019&#8243; open_toggle_text_color=\u00bb#009BDB\u00bb _builder_version=\u00bb4.27.4&#8243; _module_preset=\u00bbdefault\u00bb border_width_all=\u00bb1px\u00bb border_style_all=\u00bbdashed\u00bb global_colors_info=\u00bb{}\u00bb toggle_text_color=\u00bb#565656&#8243; toggle_font=\u00bb|600|||||||\u00bb open=\u00bboff\u00bb]<\/p>\n<ul>\n<li><a href=\"https:\/\/www.upla.cl\/innovacioncurricular\/wp-content\/uploads\/2023\/09\/2019_0410_normasorganicas_mar-2019_dto_exto_0137-2019-Horario-de-clases.pdf\" target=\"_blank\" rel=\"noopener\" title=\"D.E. 0137\/2019\">D.E. 0137\/2019<\/a> Aprueba duraci\u00f3n de los per\u00edodos de clases a contar del a\u00f1o 2019<\/li>\n<\/ul>\n<ul><\/ul>\n<p>[\/et_pb_accordion_item][et_pb_accordion_item title=\u00bbA\u00f1o 2020&#8243; open_toggle_text_color=\u00bb#009BDB\u00bb _builder_version=\u00bb4.27.4&#8243; _module_preset=\u00bbdefault\u00bb border_width_all=\u00bb1px\u00bb border_style_all=\u00bbdashed\u00bb global_colors_info=\u00bb{}\u00bb toggle_text_color=\u00bb#565656&#8243; toggle_font=\u00bb|600|||||||\u00bb open=\u00bboff\u00bb]<\/p>\n<ul>\n<li><a href=\"https:\/\/www.upla.cl\/innovacioncurricular\/wp-content\/uploads\/2022\/07\/Decreto-Exento-0022-2020_Acuerdo-Junta-Directiva.pdf\" target=\"_blank\" rel=\"noopener\" title=\"D.E. 0022\/2020\">D.E. 0022\/2020<\/a> Aprueba acuerdo de la Junta Directiva en orden a aprobar el otorgamiento de certificaciones o diplomas de los cursos, capacitaciones, acciones u otras actividades que no sean conducentes a grado acad\u00e9mico<\/li>\n<li><a href=\"https:\/\/www.upla.cl\/innovacioncurricular\/wp-content\/uploads\/2020\/12\/Decreto-Exento-0778-2020-DEROGA-D.EX_.-1860-2012-Y-APRUEBA-NUEVO-REGLAMENTO-GENERAL-DE-FACULTADES.pdf\" target=\"_blank\" rel=\"noopener\" title=\"D.E. 0778\/2020\">D.E. 0778\/2020<\/a> Deroga D.E. N\u00b01860\/2012 de Rector\u00eda y aprueba nuevo reglamento general de Facultades y su modificaci\u00f3n en <a href=\"https:\/\/www.upla.cl\/innovacioncurricular\/wp-content\/uploads\/2021\/05\/Decreto-Exento-0244-2021-MODIF.-D.EX_.-778-2020-QUE-APROBO-NUEVO-REGLAMENTO-GENERAL-DE-FACULTADES.pdf\" target=\"_blank\" rel=\"noopener\" title=\"D.E. N\u00b0 0244\/2021\">D.E. N\u00b0 0244\/2021<\/a><\/li>\n<\/ul>\n<ul><\/ul>\n<p>[\/et_pb_accordion_item][et_pb_accordion_item title=\u00bbA\u00f1o 2023&#8243; open_toggle_text_color=\u00bb#009BDB\u00bb _builder_version=\u00bb4.27.4&#8243; _module_preset=\u00bbdefault\u00bb border_width_all=\u00bb1px\u00bb border_style_all=\u00bbdashed\u00bb global_colors_info=\u00bb{}\u00bb toggle_text_color=\u00bb#565656&#8243; toggle_font=\u00bb|600|||||||\u00bb open=\u00bboff\u00bb]<\/p>\n<ul>\n<li><a href=\"https:\/\/www.upla.cl\/innovacioncurricular\/wp-content\/uploads\/2024\/01\/Decreto-Exento-1873-2023-Mof.-Dex.-191-2011-Crea-Direcc.-Estudios-Innov.Curricular.pdf\" target=\"_blank\" rel=\"noopener\" title=\"D.E. 1873\/2023\">D.E. 1873\/2023<\/a> Modifica <a href=\"https:\/\/www.upla.cl\/innovacioncurricular\/wp-content\/uploads\/2023\/08\/Decreto-Exento-0191-2011_Creacion-DEIC.pdf\" target=\"_blank\" rel=\"noopener\" title=\"D.E: 0191\/2011\">D.E: 0191\/2011<\/a> de Rector\u00eda que creo la DEIC<\/li>\n<li><a href=\"https:\/\/www.upla.cl\/innovacioncurricular\/wp-content\/uploads\/2023\/06\/Decreto-Exento-0174-2023-Fija-texto-refundido-Reglamento-del-Alumno-aprob.Dex_.-277-2005.pdf\" target=\"_blank\" rel=\"noopener\" title=\"D.E. 0174\/2023\">D.E. 0174\/2023<\/a> Fija texto refundido del reglamento del alumno de la Universidad de Playa Ancha de Ciencias de la Educaci\u00f3n aprobado por D.E. N\u00b0 0277\/2005<\/li>\n<li><a href=\"https:\/\/www.upla.cl\/innovacioncurricular\/wp-content\/uploads\/2023\/12\/Decreto-Exento-1651-2023-Mod.Dex_.-775-2021-Reglamento-Academico.pdf\" target=\"_blank\" rel=\"noopener\" title=\"D.E. 1651\/2023\">D.E. 1651\/2023<\/a> Modifica D.E. N\u00b0 0775\/2021 que aprueba el reglamento del\/la acad\u00e9mico\/a, en sentido que indica<\/li>\n<li><a href=\"https:\/\/www.upla.cl\/innovacioncurricular\/wp-content\/uploads\/2024\/09\/Copia-de-Decreto-Exento-0241-2023-APRUEBA-CREACION-Y-PLAN-DE-ESTUDIO-DEL-DIPLOMADO-EN-DESARROLLO-CURRICULAR-PARA-LA-EDUCACION-SUPERIOR-1.pdf\" target=\"_blank\" rel=\"noopener\" title=\"D.E. 0241\/2023\">D.E. 0241\/2023<\/a> Aprueba creaci\u00f3n y plan de estudio del Diplomado en Desarrollo Curricular para Educaci\u00f3n Superior<\/li>\n<\/ul>\n<ul><\/ul>\n<p>[\/et_pb_accordion_item][et_pb_accordion_item title=\u00bbA\u00f1o 2024&#8243; open_toggle_text_color=\u00bb#009BDB\u00bb _builder_version=\u00bb4.27.4&#8243; _module_preset=\u00bbdefault\u00bb border_width_all=\u00bb1px\u00bb border_style_all=\u00bbdashed\u00bb global_colors_info=\u00bb{}\u00bb toggle_text_color=\u00bb#565656&#8243; toggle_font=\u00bb|600|||||||\u00bb open=\u00bboff\u00bb]<\/p>\n<ul>\n<li><a href=\"https:\/\/www.upla.cl\/innovacioncurricular\/wp-content\/uploads\/2024\/08\/Decreto-Exento-0645-2024-Procedimiento-ajustes-curriculares-carreras-Pregrado-y-Prog.Postgrado.pdf\" target=\"_blank\" rel=\"noopener\" title=\"D.E. 0645\/2024\">D.E. 0645\/2024<\/a> Aprueba procedimiento para la ejecuci\u00f3n de ajustes curriculares de las carreras de Pregrado y programas de Postgrado de la Universidad<\/li>\n<\/ul>\n<ul><\/ul>\n<p>[\/et_pb_accordion_item][\/et_pb_accordion][\/et_pb_column_inner][\/et_pb_row_inner][et_pb_row_inner _builder_version=\u00bb4.27.4&#8243; custom_padding=\u00bb|||30px|false|false\u00bb border_color_all=\u00bb#e94558&#8243; border_width_left=\u00bb2px\u00bb border_color_left=\u00bb#565656&#8243; global_colors_info=\u00bb{}\u00bb][et_pb_column_inner saved_specialty_column_type=\u00bb2_3&#8243; _builder_version=\u00bb4.16&#8243; global_colors_info=\u00bb{}\u00bb][et_pb_blurb title=\u00bbDecretos Nacionales\u00bb url_new_window=\u00bbon\u00bb use_icon=\u00bbon\u00bb font_icon=\u00bb&#xe05b;||divi||400&#8243; icon_color=\u00bb#009BDB\u00bb icon_placement=\u00bbleft\u00bb image_icon_width=\u00bb40px\u00bb content_max_width=\u00bb100%\u00bb _builder_version=\u00bb4.27.4&#8243; header_font=\u00bb&#8211;et_global_body_font|700|||||||\u00bb header_text_color=\u00bb#009BDB\u00bb header_font_size=\u00bb20px\u00bb header_line_height=\u00bb1.4em\u00bb body_font=\u00bb&#8211;et_global_body_font||||||||\u00bb body_text_color=\u00bb#565656&#8243; custom_margin=\u00bb|||-51px|false|false\u00bb body_font_size_tablet=\u00bb18px\u00bb body_font_size_phone=\u00bb16px\u00bb body_font_size_last_edited=\u00bbon|phone\u00bb icon_font_size=\u00bb40px\u00bb locked=\u00bboff\u00bb global_colors_info=\u00bb{}\u00bb][\/et_pb_blurb][et_pb_accordion open_toggle_text_color=\u00bb#009BDB\u00bb open_toggle_background_color=\u00bb#FFFFFF\u00bb closed_toggle_text_color=\u00bb#565656&#8243; closed_toggle_background_color=\u00bb#FFFFFF\u00bb toggle_icon=\u00bb&#x43;||divi||400&#8243; icon_color=\u00bb#009BDB\u00bb use_icon_font_size=\u00bbon\u00bb icon_font_size=\u00bb30px\u00bb _builder_version=\u00bb4.27.4&#8243; _module_preset=\u00bbdefault\u00bb toggle_text_color=\u00bb#565656&#8243; toggle_font_size=\u00bb130%\u00bb closed_toggle_font_size=\u00bb130%\u00bb body_text_color=\u00bb#565656&#8243; body_font_size=\u00bb100%\u00bb body_line_height=\u00bb1.3em\u00bb border_width_all=\u00bb0px\u00bb border_color_all=\u00bb#ffffff\u00bb border_width_bottom=\u00bb1px\u00bb border_color_bottom=\u00bb#009bdb\u00bb border_style_bottom=\u00bboutset\u00bb global_colors_info=\u00bb{}\u00bb][et_pb_accordion_item title=\u00bbA\u00f1o 2006&#8243; open=\u00bbon\u00bb open_toggle_text_color=\u00bb#009BDB\u00bb _builder_version=\u00bb4.27.4&#8243; _module_preset=\u00bbdefault\u00bb body_link_font=\u00bb||||on||||\u00bb body_link_text_color=\u00bb#009BDB\u00bb border_width_all=\u00bb1px\u00bb border_style_all=\u00bbdashed\u00bb global_colors_info=\u00bb{}\u00bb toggle_text_color=\u00bb#565656&#8243; toggle_font=\u00bb|600|||||||\u00bb]<\/p>\n<ul>\n<li><a href=\"https:\/\/www.bcn.cl\/leychile\/navegar?idNorma=255323\" target=\"_blank\" rel=\"noopener\" title=\"Ley 20129\">Ley 20129<\/a> Establece un sistema nacional de aseguramiento de la calidad de la Educaci\u00f3n Superior<\/li>\n<\/ul>\n<p>[\/et_pb_accordion_item][et_pb_accordion_item title=\u00bbA\u00f1o 2009&#8243; open_toggle_text_color=\u00bb#009BDB\u00bb _builder_version=\u00bb4.27.4&#8243; _module_preset=\u00bbdefault\u00bb body_link_font=\u00bb||||on||||\u00bb body_link_text_color=\u00bb#009BDB\u00bb border_width_all=\u00bb1px\u00bb border_style_all=\u00bbdashed\u00bb global_colors_info=\u00bb{}\u00bb toggle_text_color=\u00bb#565656&#8243; toggle_font=\u00bb|600|||||||\u00bb open=\u00bboff\u00bb]<\/p>\n<ul>\n<li><a href=\"https:\/\/bcn.cl\/29xpy\" target=\"_blank\" rel=\"noopener\" title=\"Ley 20370\">Ley 20370<\/a> Establece la Ley General de Educaci\u00f3n, DFL 2 fija texto refundido, coordinado y sistematizado de la Ley N\u00ba20.370 con las normas no derogadas del Decreto con fuerza de Ley N\u00ba 1, de 2005<\/li>\n<\/ul>\n<p>[\/et_pb_accordion_item][et_pb_accordion_item title=\u00bbA\u00f1o 2013&#8243; open_toggle_text_color=\u00bb#009BDB\u00bb _builder_version=\u00bb4.27.4&#8243; _module_preset=\u00bbdefault\u00bb body_link_font=\u00bb||||on||||\u00bb body_link_text_color=\u00bb#009BDB\u00bb border_width_all=\u00bb1px\u00bb border_style_all=\u00bbdashed\u00bb global_colors_info=\u00bb{}\u00bb toggle_text_color=\u00bb#565656&#8243; toggle_font=\u00bb|600|||||||\u00bb open=\u00bboff\u00bb]<\/p>\n<ul>\n<li><a href=\"https:\/\/www.upla.cl\/innovacioncurricular\/wp-content\/uploads\/2022\/07\/isced-fields-of-education-and-training-2013-sp.pdf\" target=\"_blank\" rel=\"noopener\" title=\"Campos de educaci\u00f3n y capacitaci\u00f3n 2013\">Campos de educaci\u00f3n y capacitaci\u00f3n 2013 de la CINE (ISCED-F 2013)<\/a> Manual que acompa\u00f1a la Clasificaci\u00f3n Internacional Normalizada de la Educaci\u00f3n 2011<\/li>\n<\/ul>\n<p>[\/et_pb_accordion_item][et_pb_accordion_item title=\u00bbA\u00f1o 2014&#8243; open_toggle_text_color=\u00bb#009BDB\u00bb _builder_version=\u00bb4.27.4&#8243; _module_preset=\u00bbdefault\u00bb body_link_font=\u00bb||||on||||\u00bb body_link_text_color=\u00bb#009BDB\u00bb border_width_all=\u00bb1px\u00bb border_style_all=\u00bbdashed\u00bb global_colors_info=\u00bb{}\u00bb toggle_text_color=\u00bb#565656&#8243; toggle_font=\u00bb|600|||||||\u00bb open=\u00bboff\u00bb]<\/p>\n<ul>\n<li><a href=\"https:\/\/www.upla.cl\/innovacioncurricular\/wp-content\/uploads\/2012\/06\/MARCO-DE-CUALIFICACIONES-CHILE-Oct2015.pdf\" target=\"_blank\" rel=\"noopener\" title=\"Marco Nacional de Cualificaciones para la Educaci\u00f3n Superior\">Marco Nacional de Cualificaciones para la Educaci\u00f3n Superior<\/a><\/li>\n<\/ul>\n<p>[\/et_pb_accordion_item][et_pb_accordion_item title=\u00bbA\u00f1o 2015&#8243; open_toggle_text_color=\u00bb#009BDB\u00bb _builder_version=\u00bb4.27.4&#8243; _module_preset=\u00bbdefault\u00bb body_link_font=\u00bb||||on||||\u00bb body_link_text_color=\u00bb#009BDB\u00bb border_width_all=\u00bb1px\u00bb border_style_all=\u00bbdashed\u00bb global_colors_info=\u00bb{}\u00bb toggle_text_color=\u00bb#565656&#8243; toggle_font=\u00bb|600|||||||\u00bb open=\u00bboff\u00bb]<\/p>\n<ul>\n<li><a href=\"https:\/\/www.bcn.cl\/leychile\/navegar?idNorma=1078172\" target=\"_blank\" rel=\"noopener\" title=\"Ley 20.845\">Ley 20.845<\/a> De inclusi\u00f3n escolar que regula la admisi\u00f3n de los y las estudiantes, elimina el financiamiento compartido y proh\u00edbe el lucro en establecimientos educacionales que reciben aportes del Estado<\/li>\n<li><a href=\"https:\/\/www.upla.cl\/innovacioncurricular\/wp-content\/uploads\/2022\/06\/Manual-SCT-Chile-1.pdf\" target=\"_blank\" rel=\"noopener\" title=\"Manual para la implementaci\u00f3n del sistema de Cr\u00e9ditos acad\u00e9micos Transferibles SCT-Chile\">Manual para la implementaci\u00f3n del sistema de Cr\u00e9ditos acad\u00e9micos Transferibles SCT-Chile<\/a><\/li>\n<\/ul>\n<p>[\/et_pb_accordion_item][et_pb_accordion_item title=\u00bbA\u00f1o 2016&#8243; open_toggle_text_color=\u00bb#009BDB\u00bb _builder_version=\u00bb4.27.4&#8243; _module_preset=\u00bbdefault\u00bb body_link_font=\u00bb||||on||||\u00bb body_link_text_color=\u00bb#009BDB\u00bb border_width_all=\u00bb1px\u00bb border_style_all=\u00bbdashed\u00bb global_colors_info=\u00bb{}\u00bb toggle_text_color=\u00bb#565656&#8243; toggle_font=\u00bb|600|||||||\u00bb open=\u00bboff\u00bb]<\/p>\n<ul>\n<li><a href=\"https:\/\/www.bcn.cl\/leychile\/navegar?idNorma=1088963\" target=\"_blank\" rel=\"noopener\" title=\"Ley 20911 \">Ley 20911 <\/a> Crea el plan de formaci\u00f3n ciudadana para los establecimientos educacionales reconocidos por el Estado.<\/li>\n<li><a href=\"https:\/\/www.bcn.cl\/leychile\/navegar?idNorma=1087343\" target=\"_blank\" rel=\"noopener\" title=\"Ley 20.903\">Ley 20.903 <\/a> Crea el sistema de desarrollo profesional docente y modifica otras normas.<\/li>\n<\/ul>\n<p>[\/et_pb_accordion_item][et_pb_accordion_item title=\u00bbA\u00f1o 2018&#8243; open_toggle_text_color=\u00bb#009BDB\u00bb _builder_version=\u00bb4.27.4&#8243; _module_preset=\u00bbdefault\u00bb body_link_font=\u00bb||||on||||\u00bb body_link_text_color=\u00bb#009BDB\u00bb border_width_all=\u00bb1px\u00bb border_style_all=\u00bbdashed\u00bb global_colors_info=\u00bb{}\u00bb toggle_text_color=\u00bb#565656&#8243; toggle_font=\u00bb|600|||||||\u00bb open=\u00bboff\u00bb]<\/p>\n<ul>\n<li><a href=\"https:\/\/www.bcn.cl\/leychile\/navegar?idNorma=1119253\" target=\"_blank\" rel=\"noopener\" title=\"Ley 21094\">Ley 21094<\/a> y <a href=\"https:\/\/www.bcn.cl\/leychile\/navegar?idNorma=1118991\" target=\"_blank\" rel=\"noopener\" title=\"Ley 21091\">Ley 21091<\/a> Sobre Universidades Estatales.<\/li>\n<li><a href=\"https:\/\/www.bcn.cl\/leychile\/navegar?idNorma=1126480\" target=\"_blank\" rel=\"noopener\" title=\"Ley 21.120\">Ley 21.120<\/a> Reconoce y da protecci\u00f3n al derecho a la identidad de g\u00e9nero.<\/li>\n<\/ul>\n<p>[\/et_pb_accordion_item][et_pb_accordion_item title=\u00bbA\u00f1o 2021&#8243; open_toggle_text_color=\u00bb#009BDB\u00bb _builder_version=\u00bb4.27.4&#8243; _module_preset=\u00bbdefault\u00bb body_link_font=\u00bb||||on||||\u00bb body_link_text_color=\u00bb#009BDB\u00bb border_width_all=\u00bb1px\u00bb border_style_all=\u00bbdashed\u00bb global_colors_info=\u00bb{}\u00bb toggle_text_color=\u00bb#565656&#8243; toggle_font=\u00bb|600|||||||\u00bb open=\u00bboff\u00bb]<\/p>\n<ul>\n<li><a href=\"https:\/\/www.bcn.cl\/leychile\/navegar?idNorma=1165023\" target=\"_blank\" rel=\"noopener\" title=\"Ley 21.369\">Ley 21.369<\/a> Regula el acoso sexual, la violencia y la discriminaci\u00f3n de g\u00e9nero en el \u00e1mbito de la Educaci\u00f3n Superior.<\/li>\n<\/ul>\n<p>[\/et_pb_accordion_item][\/et_pb_accordion][et_pb_blurb title=\u00bbFormatos\u00bb url_new_window=\u00bbon\u00bb use_icon=\u00bbon\u00bb font_icon=\u00bb&#xe05b;||divi||400&#8243; icon_color=\u00bb#009BDB\u00bb icon_placement=\u00bbleft\u00bb image_icon_width=\u00bb40px\u00bb content_max_width=\u00bb100%\u00bb _builder_version=\u00bb4.27.4&#8243; header_font=\u00bb&#8211;et_global_body_font|700|||||||\u00bb header_text_color=\u00bb#009BDB\u00bb header_font_size=\u00bb20px\u00bb header_line_height=\u00bb1.4em\u00bb body_font=\u00bb&#8211;et_global_body_font||||||||\u00bb body_text_color=\u00bb#565656&#8243; custom_margin=\u00bb50px|||-51px|false|false\u00bb body_font_size_tablet=\u00bb18px\u00bb body_font_size_phone=\u00bb16px\u00bb body_font_size_last_edited=\u00bbon|phone\u00bb icon_font_size=\u00bb40px\u00bb locked=\u00bboff\u00bb global_colors_info=\u00bb{}\u00bb]<\/p>\n<ul>\n<li><a href=\"https:\/\/www.upla.cl\/innovacioncurricular\/wp-content\/uploads\/2024\/08\/Formato-Presentacion-Carreras-Armonizacion-Curricular.pptx\" target=\"_blank\" rel=\"noopener\" title=\"Formato de presentaci\u00f3n de Armonizaci\u00f3n Curricular de Carrera\">Formato de presentaci\u00f3n de Armonizaci\u00f3n Curricular de Carrera<\/a>.<\/li>\n<li><a href=\"https:\/\/www.upla.cl\/innovacioncurricular\/wp-content\/uploads\/2024\/08\/Formato-Presentacion-Carreras-Ajustes-Curriculares-Mayores1.pptx\" target=\"_blank\" rel=\"noopener\" title=\"Formato de presentaci\u00f3n de Ajustes Curriculares Mayores de Carrera\">Formato de presentaci\u00f3n de Ajustes Curriculares Mayores de Carrera<\/a>.<\/li>\n<li><a href=\"https:\/\/www.upla.cl\/innovacioncurricular\/wp-content\/uploads\/2024\/08\/ANEXO-2-PROTOCOLO-DE-AJUSTES-CURRICULARES-MAYORES-OFICIAL.docx\" target=\"_blank\" rel=\"noopener\" title=\"Protocolo de Ajustes Curriculares Mayores\">Protocolo de Ajustes Curriculares Mayores<\/a>.<\/li>\n<li><a href=\"https:\/\/www.upla.cl\/innovacioncurricular\/wp-content\/uploads\/2024\/08\/ANEXO-1PROTOCOLO-DE-AJUSTES-CURRICULARES-MENORES-DEF-03-05-20241.docx\" target=\"_blank\" rel=\"noopener\" title=\"Protocolo de Ajustes Curriculares Menores\">Protocolo de Ajustes Curriculares Menores<\/a>.<\/li>\n<li><a href=\"https:\/\/www.upla.cl\/innovacioncurricular\/wp-content\/uploads\/2024\/08\/PAUTA-REVISAR-PROGRAMA-DE-ASIGNATURA1.docx\" target=\"_blank\" rel=\"noopener\" title=\"Pauta de cotejo para revisar la construcci\u00f3n de un Programa de Actividad Curricular\">Pauta de cotejo para revisar la construcci\u00f3n de un Programa de Actividad Curricular<\/a>.<\/li>\n<li><a href=\"https:\/\/www.upla.cl\/innovacioncurricular\/wp-content\/uploads\/2023\/10\/Matriz-de-equivalencia.docx\" target=\"_blank\" rel=\"noopener\" title=\"Matriz de Equivalencia o Tabla de Convergencia\">Matriz de Equivalencia o Tabla de Convergencia<\/a>.<\/li>\n<li><a href=\"https:\/\/www.upla.cl\/innovacioncurricular\/wp-content\/uploads\/2025\/08\/10150826_4-2-56-materialesdeapoyo_formatosmodelo_matriz-de-tributacion-de-competencias_disciplinares.xlsx\" target=\"_blank\" rel=\"noopener\" title=\"Matriz de tributaci\u00f3n de competencias del Perfil de Egreso (disciplinares)\">Matriz de tributaci\u00f3n de competencias del Perfil de Egreso (disciplinares)<\/a>.<\/li>\n<li><a href=\"https:\/\/www.upla.cl\/innovacioncurricular\/wp-content\/uploads\/2025\/08\/10150826_4-2-55-materialesdeapoyo_formatosmodelo_matriz-de-tributacion-de-competencias_pedagogias.xlsx\" target=\"_blank\" rel=\"noopener\" title=\"Matriz de tributaci\u00f3n de competencias del Perfil de Egreso (pedagog\u00edas)\">Matriz de tributaci\u00f3n de competencias del Perfil de Egreso (pedagog\u00edas)<\/a>.<\/li>\n<li><a href=\"https:\/\/www.upla.cl\/innovacioncurricular\/wp-content\/uploads\/2023\/10\/Plan-de-Estudios-SCT-chile-para-carreras-disciplinares.xlsx\" target=\"_blank\" rel=\"noopener\" title=\"Plan de Estudios SCT-Chile para carreras disciplinares\">Plan de Estudios SCT-Chile para carreras disciplinares<\/a>.<\/li>\n<li><a href=\"https:\/\/www.upla.cl\/innovacioncurricular\/wp-content\/uploads\/2023\/10\/Plan-de-Estudios-SCT-chile-para-carreras-pedagogicas.xlsx\" target=\"_blank\" rel=\"noopener\" title=\"Plan de Estudios SCT-Chile para carreras pedag\u00f3gicas\">Plan de Estudios SCT-Chile para carreras pedag\u00f3gicas<\/a>.<\/li>\n<li><a href=\"https:\/\/www.upla.cl\/innovacioncurricular\/wp-content\/uploads\/2024\/01\/Ejemplo-TNS-Malla-Curricular-4-semestres.xlsx\" target=\"_blank\" rel=\"noopener\" title=\"Malla Curricular 4 semestres TNS.\">Malla Curricular 4 semestres TNS.<\/a><\/li>\n<li><a href=\"https:\/\/www.upla.cl\/innovacioncurricular\/wp-content\/uploads\/2024\/01\/Ejemplo-disciplinar-Malla-Curricular-9-semestres.xlsx\" target=\"_blank\" rel=\"noopener\" title=\"Malla Curricular 9 semestres (disciplinar)\">Malla Curricular 9 semestres (disciplinar)<\/a>.<\/li>\n<li><a href=\"https:\/\/www.upla.cl\/innovacioncurricular\/wp-content\/uploads\/2024\/01\/Ejemplo-carrera-de-la-salud-Malla-Curricular-10-semestres.xlsx\" target=\"_blank\" rel=\"noopener\" title=\"Malla Curricular 10 semestres (carrera de la salud)\">Malla Curricular 10 semestres (carrera de la salud)<\/a>.<\/li>\n<li><a href=\"https:\/\/www.upla.cl\/innovacioncurricular\/wp-content\/uploads\/2024\/01\/Ejemplo-disciplinar-Malla-Curricular-10-semestres.xlsx\" target=\"_blank\" rel=\"noopener\" title=\"Malla Curricular 10 semestres (disciplinar)\">Malla Curricular 10 semestres (disciplinar)<\/a>.<\/li>\n<li><a href=\"https:\/\/www.upla.cl\/innovacioncurricular\/wp-content\/uploads\/2023\/09\/Ejemplo-pedagogia-Malla-Curricular-10-semestres.xlsx\" target=\"_blank\" rel=\"noopener\" title=\"Malla Curricular 10 semestres (pedagog\u00edas)\">Malla Curricular 10 semestres (pedagog\u00edas)<\/a>.<\/li>\n<li><a href=\"https:\/\/www.upla.cl\/innovacioncurricular\/wp-content\/uploads\/2023\/03\/Formato-Actividad-Curricular-Postgrado-2023.docx\" target=\"_blank\" rel=\"noopener\" title=\"Formato de Actividad Curricular Postgrado.\">Formato de Actividad Curricular Postgrado.<\/a><\/li>\n<li><a href=\"https:\/\/www.upla.cl\/innovacioncurricular\/wp-content\/uploads\/2023\/09\/Formato-Actividad-Curricular-Pregrado-20231.docx\" target=\"_blank\" rel=\"noopener\" title=\"Formato de Actividad Curricular Pregrado\">Formato de Actividad Curricular Pregrado<\/a>.<\/li>\n<li><a href=\"https:\/\/www.upla.cl\/innovacioncurricular\/wp-content\/uploads\/2023\/10\/Formato-Actividad-Curricular-Pregrado-Pedagogia.docx\" target=\"_blank\" rel=\"noopener\" title=\"Formato de Actividad Curricular Pregrado (pedagog\u00eda).\">Formato de Actividad Curricular Pregrado (pedagog\u00eda).<\/a><\/li>\n<li><a href=\"https:\/\/www.upla.cl\/innovacioncurricular\/wp-content\/uploads\/2023\/11\/FORMATO-PARA-EL-DISENO-DE-PROGRAMAS-DE-POSTITULOS-Y-DIPLOMADOS-NOV-2023.docx\" target=\"_blank\" rel=\"noopener\" title=\"Formato para el dise\u00f1o de programas de Post\u00edtulos y Diplomados.\">Formato para el dise\u00f1o de programas de Post\u00edtulos y Diplomados.<\/a><\/li>\n<li><a href=\"https:\/\/www.upla.cl\/innovacioncurricular\/wp-content\/uploads\/2023\/11\/Propuesta-Formativa-de-Carrera.docx\" target=\"_blank\" rel=\"noopener\" title=\"Propuesta Formativa de Carrera\">Propuesta Formativa de Carrera<\/a>.<\/li>\n<li><a href=\"https:\/\/www.upla.cl\/innovacioncurricular\/wp-content\/uploads\/2024\/09\/FORMATO-INNOVACION-CURRICULAR-.docx\" target=\"_blank\" rel=\"noopener\" title=\"Formato de Innovaci\u00f3n Curricular.\">Formato de Innovaci\u00f3n Curricular.<\/a><\/li>\n<\/ul>\n<p>[\/et_pb_blurb][et_pb_blurb title=\u00bbOrientaciones\u00bb url_new_window=\u00bbon\u00bb use_icon=\u00bbon\u00bb font_icon=\u00bb&#xe05b;||divi||400&#8243; icon_color=\u00bb#009BDB\u00bb icon_placement=\u00bbleft\u00bb image_icon_width=\u00bb40px\u00bb content_max_width=\u00bb100%\u00bb _builder_version=\u00bb4.27.4&#8243; header_font=\u00bb&#8211;et_global_body_font|700|||||||\u00bb header_text_color=\u00bb#009BDB\u00bb header_font_size=\u00bb20px\u00bb header_line_height=\u00bb1.4em\u00bb body_font=\u00bb&#8211;et_global_body_font||||||||\u00bb body_text_color=\u00bb#565656&#8243; custom_margin=\u00bb50px|||-51px|false|false\u00bb body_font_size_tablet=\u00bb18px\u00bb body_font_size_phone=\u00bb16px\u00bb body_font_size_last_edited=\u00bbon|phone\u00bb icon_font_size=\u00bb40px\u00bb locked=\u00bboff\u00bb global_colors_info=\u00bb{}\u00bb]<\/p>\n<ul>\n<li><a href=\"https:\/\/www.upla.cl\/innovacioncurricular\/wp-content\/uploads\/2012\/06\/Itinerario-base-inovacion-curricular2017.pdf\" target=\"_blank\" rel=\"noopener\" title=\"Itinerario base de Innovaci\u00f3n Curricular (edici\u00f3n 2017).\">Itinerario base de Innovaci\u00f3n Curricular (edici\u00f3n 2017).<\/a><\/li>\n<li><a href=\"https:\/\/www.upla.cl\/innovacioncurricular\/wp-content\/uploads\/2023\/08\/Marco-de-Actuacion-DEIC-2023-agosto.pdf\" target=\"_blank\" rel=\"noopener\" title=\"Marco de Actuaci\u00f3n DEIC (2023).\">Marco de Actuaci\u00f3n DEIC (2023).<\/a><\/li>\n<li><a href=\"https:\/\/upla.cl\/gestionestrategica\/wp-content\/uploads\/2025\/07\/PEI-2024-2030.pdf\" target=\"_blank\" rel=\"noopener\" title=\"Plan Estrat\u00e9gico Instucional (2024-2030).\">Plan Estrat\u00e9gico Instucional (2024-2030).<\/a><\/li>\n<li><a href=\"https:\/\/www.upla.cl\/innovacioncurricular\/wp-content\/uploads\/2023\/01\/Estrategias_Metodologicas-Dr.-Ruay.pdf\" target=\"_blank\" rel=\"noopener\" title=\"Estrategias Metodol\u00f3gicas Activas-Participativas para Desarrollar Competencias (Dr. Rodrigo Ruay).\">Estrategias Metodol\u00f3gicas Activas-Participativas para Desarrollar Competencias (Dr. Rodrigo Ruay).<\/a><\/li>\n<li><a href=\"https:\/\/www.upla.cl\/innovacioncurricular\/wp-content\/uploads\/2023\/11\/COMPETENCIAS-DE-LA-FORMACION-TRANSVERSAL-UNIVERSIDAD-DE-PLAYA-ANCHA.pdf\" target=\"_blank\" rel=\"noopener\" title=\"Competencias de la Formaci\u00f3n Transversal Universidad de Playa Ancha: Competencia Sello.\">Competencias de la Formaci\u00f3n Transversal Universidad de Playa Ancha: Competencia Sello.<\/a><\/li>\n<li><a href=\"https:\/\/www.upla.cl\/innovacioncurricular\/wp-content\/uploads\/2023\/11\/GLOSARIO-DEIC.pdf\" target=\"_blank\" rel=\"noopener\" title=\"Glosario DEIC.\">Glosario DEIC.<\/a><\/li>\n<li><a href=\"https:\/\/www.upla.cl\/innovacioncurricular\/wp-content\/uploads\/2023\/04\/ORIENTACIONES-PARA-EL-LEVANTAMIENTO-Y-VALIDACION-DEL-PERFIL-DE-EGRESO-DE-POSTGRADO.pdf\" target=\"_blank\" rel=\"noopener\" title=\"Orientaciones para el levantamiento y validaci\u00f3n del Perfil de Egreso de Postgrado.\">Orientaciones para el levantamiento y validaci\u00f3n del Perfil de Egreso de Postgrado.<\/a><\/li>\n<li><a href=\"https:\/\/www.upla.cl\/innovacioncurricular\/wp-content\/uploads\/2023\/03\/DOCUMENTO-DE-TRABAJO-ORIENTACIONES-PARA-EL-LEVANTAMIENTO-Y-VALIDACION-DEL-PERFIL-DE-EGRESO-DE-PREGRADO.pdf\" target=\"_blank\" rel=\"noopener\" title=\"Orientaciones para el levantamiento y validaci\u00f3n del Perfil de Egreso de Pregrado.\">Orientaciones para el levantamiento y validaci\u00f3n del Perfil de Egreso de Pregrado.<\/a><\/li>\n<\/ul>\n<p>[\/et_pb_blurb][\/et_pb_column_inner][\/et_pb_row_inner][\/et_pb_column][\/et_pb_section][et_pb_section fb_built=\u00bb1&#8243; next_background_color=\u00bb#e5e5e5&#8243; _builder_version=\u00bb4.27.4&#8243; _module_preset=\u00bbdefault\u00bb custom_padding=\u00bb4px||4px|||\u00bb bottom_divider_style=\u00bbramp2&#8243; bottom_divider_flip=\u00bbhorizontal\u00bb global_colors_info=\u00bb{}\u00bb][\/et_pb_section]<\/p>\n","protected":false},"excerpt":{"rendered":"<p>En esta secci\u00f3n podr\u00e1 encontrar y acceder a informaci\u00f3n y recursos para desarrollar e implementar en las respectivas unidades acad\u00e9micas los procesos de revisi\u00f3n de la Innovaci\u00f3n Curricular, organizados en: Documentos Orientadores de Trabajo, Est\u00e1ndares Nacionales e Internacionales, Decretos Exentos y Formatos Modelos en versi\u00f3n editable.Recursos de apoyo \/ Material de apoyoDocumento PDF, 5 MB. [&hellip;]<\/p>\n","protected":false},"author":4,"featured_media":0,"parent":0,"menu_order":0,"comment_status":"closed","ping_status":"closed","template":"","meta":{"_et_pb_use_builder":"on","_et_pb_old_content":"","_et_gb_content_width":"","footnotes":""},"class_list":["post-17228415","page","type-page","status-publish","hentry"],"_links":{"self":[{"href":"https:\/\/www.upla.cl\/innovacioncurricular\/wp-json\/wp\/v2\/pages\/17228415","targetHints":{"allow":["GET"]}}],"collection":[{"href":"https:\/\/www.upla.cl\/innovacioncurricular\/wp-json\/wp\/v2\/pages"}],"about":[{"href":"https:\/\/www.upla.cl\/innovacioncurricular\/wp-json\/wp\/v2\/types\/page"}],"author":[{"embeddable":true,"href":"https:\/\/www.upla.cl\/innovacioncurricular\/wp-json\/wp\/v2\/users\/4"}],"replies":[{"embeddable":true,"href":"https:\/\/www.upla.cl\/innovacioncurricular\/wp-json\/wp\/v2\/comments?post=17228415"}],"version-history":[{"count":21,"href":"https:\/\/www.upla.cl\/innovacioncurricular\/wp-json\/wp\/v2\/pages\/17228415\/revisions"}],"predecessor-version":[{"id":17228594,"href":"https:\/\/www.upla.cl\/innovacioncurricular\/wp-json\/wp\/v2\/pages\/17228415\/revisions\/17228594"}],"wp:attachment":[{"href":"https:\/\/www.upla.cl\/innovacioncurricular\/wp-json\/wp\/v2\/media?parent=17228415"}],"curies":[{"name":"wp","href":"https:\/\/api.w.org\/{rel}","templated":true}]}}