{"id":128918,"date":"2025-08-20T17:02:33","date_gmt":"2025-08-20T21:02:33","guid":{"rendered":"https:\/\/www.upla.cl\/innovacioncurricular\/?page_id=128918"},"modified":"2025-09-11T14:11:29","modified_gmt":"2025-09-11T17:11:29","slug":"nuestra-labor","status":"publish","type":"page","link":"https:\/\/www.upla.cl\/innovacioncurricular\/somos\/nuestra-labor\/","title":{"rendered":"Nuestra labor"},"content":{"rendered":"<p>[et_pb_section fb_built=\u00bb1&#8243; fullwidth=\u00bbon\u00bb next_background_color=\u00bb#FFFFFF\u00bb admin_label=\u00bbSecci\u00f3n\u00bb _builder_version=\u00bb4.27.4&#8243; background_color=\u00bbrgba(0,0,0,0.34)\u00bb background_image=\u00bbhttps:\/\/www.upla.cl\/innovacioncurricular\/wp-content\/uploads\/2025\/07\/upla2.jpg\u00bb background_position=\u00bbtop_left\u00bb background_blend=\u00bbmultiply\u00bb height=\u00bb300px\u00bb custom_padding=\u00bb0px|0px|110px|0px|false|false\u00bb bottom_divider_style=\u00bbramp2&#8243; bottom_divider_flip=\u00bbvertical\u00bb global_colors_info=\u00bb{}\u00bb][et_pb_fullwidth_post_title meta=\u00bboff\u00bb featured_image=\u00bboff\u00bb text_color=\u00bblight\u00bb _builder_version=\u00bb4.27.4&#8243; background_size=\u00bbinitial\u00bb background_position=\u00bbtop_left\u00bb background_repeat=\u00bbrepeat\u00bb custom_padding=\u00bb10%||||false|false\u00bb global_colors_info=\u00bb{}\u00bb][\/et_pb_fullwidth_post_title][\/et_pb_section][et_pb_section fb_built=\u00bb1&#8243; custom_padding_last_edited=\u00bboff|desktop\u00bb admin_label=\u00bbnumeraci\u00f3n\u00bb _builder_version=\u00bb4.27.4&#8243; background_color=\u00bb#FFFFFF\u00bb background_enable_image=\u00bboff\u00bb background_position=\u00bbtop_left\u00bb background_horizontal_offset=\u00bb37%\u00bb width=\u00bb100%\u00bb module_alignment=\u00bbcenter\u00bb custom_margin=\u00bb5%||0%||false|false\u00bb custom_padding=\u00bb0px||0||false|false\u00bb custom_padding_tablet=\u00bb||120px|\u00bb sticky_position=\u00bbtop_bottom\u00bb sticky_position_tablet=\u00bbtop_bottom\u00bb sticky_position_phone=\u00bbnone\u00bb sticky_position_last_edited=\u00bbon|phone\u00bb global_colors_info=\u00bb{}\u00bb][et_pb_row column_structure=\u00bb1_4,1_4,1_4,1_4&#8243; use_custom_gutter=\u00bbon\u00bb _builder_version=\u00bb4.27.4&#8243; width=\u00bb100%\u00bb custom_margin=\u00bb3%|auto||auto|false|false\u00bb custom_margin_tablet=\u00bb0px||0px||false\u00bb custom_margin_phone=\u00bb||||false|false\u00bb custom_margin_last_edited=\u00bbon|desktop\u00bb border_color_all=\u00bbrgba(0,0,0,0.12)\u00bb border_width_top=\u00bb2px\u00bb global_colors_info=\u00bb{}\u00bb][et_pb_column type=\u00bb1_4&#8243; _builder_version=\u00bb4.16&#8243; custom_padding=\u00bb0px|||\u00bb global_colors_info=\u00bb{}\u00bb custom_padding__hover=\u00bb|||\u00bb][et_pb_button button_url=\u00bbhttps:\/\/www.upla.cl\/innovacioncurricular\/?page_id=128918&#038;preview=true#actuacion\u00bb button_text=\u00bbMarco de actuaci\u00f3n\u00bb button_alignment=\u00bbcenter\u00bb _builder_version=\u00bb4.27.4&#8243; _module_preset=\u00bbdefault\u00bb custom_button=\u00bbon\u00bb button_text_size=\u00bb18px\u00bb button_text_color=\u00bb#FFFFFF\u00bb button_bg_color=\u00bb#009BDB\u00bb button_border_color=\u00bbRGBA(255,255,255,0)\u00bb button_border_radius=\u00bb3px\u00bb button_letter_spacing=\u00bb0px\u00bb button_font=\u00bb&#8211;et_global_body_font|600|||||||\u00bb button_icon=\u00bb&#xf13a;||fa||900&#8243; background_layout=\u00bbdark\u00bb custom_margin=\u00bb-65px||||false|false\u00bb custom_margin_tablet=\u00bb||0px||false|false\u00bb custom_margin_phone=\u00bb||5%||false|false\u00bb custom_margin_last_edited=\u00bbon|phone\u00bb custom_padding=\u00bb15px|30px|15px|30px|true|true\u00bb button_text_color_hover=\u00bb#ffffff\u00bb button_bg_color_hover=\u00bb#29cb8b\u00bb global_colors_info=\u00bb{}\u00bb button_text_size__hover_enabled=\u00bboff\u00bb button_one_text_size__hover_enabled=\u00bboff\u00bb button_two_text_size__hover_enabled=\u00bboff\u00bb button_text_color__hover_enabled=\u00bbon|desktop\u00bb button_text_color__hover=\u00bb#FFFFFF\u00bb button_one_text_color__hover_enabled=\u00bboff\u00bb button_two_text_color__hover_enabled=\u00bboff\u00bb button_border_width__hover_enabled=\u00bboff\u00bb button_one_border_width__hover_enabled=\u00bboff\u00bb button_two_border_width__hover_enabled=\u00bboff\u00bb button_border_color__hover_enabled=\u00bboff\u00bb button_one_border_color__hover_enabled=\u00bboff\u00bb button_two_border_color__hover_enabled=\u00bboff\u00bb button_border_radius__hover_enabled=\u00bbon|hover\u00bb button_one_border_radius__hover_enabled=\u00bboff\u00bb button_two_border_radius__hover_enabled=\u00bboff\u00bb button_letter_spacing__hover_enabled=\u00bbon|hover\u00bb button_one_letter_spacing__hover_enabled=\u00bboff\u00bb button_two_letter_spacing__hover_enabled=\u00bboff\u00bb button_bg_color__hover_enabled=\u00bbon|desktop\u00bb button_bg_color__hover=\u00bb#009BDB\u00bb button_one_bg_color__hover_enabled=\u00bboff\u00bb button_two_bg_color__hover_enabled=\u00bboff\u00bb button_bg_enable_color__hover=\u00bbon\u00bb button_border_radius__hover=\u00bb3px\u00bb button_letter_spacing__hover=\u00bb0px\u00bb][\/et_pb_button][\/et_pb_column][et_pb_column type=\u00bb1_4&#8243; _builder_version=\u00bb4.16&#8243; custom_padding=\u00bb|||\u00bb global_colors_info=\u00bb{}\u00bb custom_padding__hover=\u00bb|||\u00bb][et_pb_button button_url=\u00bbhttps:\/\/www.upla.cl\/innovacioncurricular\/?page_id=128918&#038;preview=true#articulacion\u00bb button_text=\u00bbArticulaci\u00f3n Institucional\u00bb button_alignment=\u00bbcenter\u00bb _builder_version=\u00bb4.27.4&#8243; _module_preset=\u00bbdefault\u00bb custom_button=\u00bbon\u00bb button_text_size=\u00bb18px\u00bb button_text_color=\u00bb#FFFFFF\u00bb button_bg_color=\u00bb#009BDB\u00bb button_border_color=\u00bbRGBA(255,255,255,0)\u00bb button_border_radius=\u00bb3px\u00bb button_letter_spacing=\u00bb0px\u00bb button_font=\u00bb&#8211;et_global_body_font|600|||||||\u00bb button_icon=\u00bb&#xf13a;||fa||900&#8243; background_layout=\u00bbdark\u00bb custom_margin=\u00bb-65px||||false|false\u00bb custom_margin_tablet=\u00bb||0px||false|false\u00bb custom_margin_phone=\u00bb1px||||false|false\u00bb custom_margin_last_edited=\u00bbon|phone\u00bb custom_padding=\u00bb15px|30px|15px|30px|true|true\u00bb button_text_color_hover=\u00bb#ffffff\u00bb button_bg_color_hover=\u00bb#29cb8b\u00bb global_colors_info=\u00bb{}\u00bb button_text_size__hover_enabled=\u00bboff\u00bb button_one_text_size__hover_enabled=\u00bboff\u00bb button_two_text_size__hover_enabled=\u00bboff\u00bb button_text_color__hover_enabled=\u00bbon|desktop\u00bb button_text_color__hover=\u00bb#FFFFFF\u00bb button_one_text_color__hover_enabled=\u00bboff\u00bb button_two_text_color__hover_enabled=\u00bboff\u00bb button_border_width__hover_enabled=\u00bboff\u00bb button_one_border_width__hover_enabled=\u00bboff\u00bb button_two_border_width__hover_enabled=\u00bboff\u00bb button_border_color__hover_enabled=\u00bboff\u00bb button_one_border_color__hover_enabled=\u00bboff\u00bb button_two_border_color__hover_enabled=\u00bboff\u00bb button_border_radius__hover_enabled=\u00bbon|hover\u00bb button_one_border_radius__hover_enabled=\u00bboff\u00bb button_two_border_radius__hover_enabled=\u00bboff\u00bb button_letter_spacing__hover_enabled=\u00bbon|hover\u00bb button_one_letter_spacing__hover_enabled=\u00bboff\u00bb button_two_letter_spacing__hover_enabled=\u00bboff\u00bb button_bg_color__hover_enabled=\u00bbon|desktop\u00bb button_bg_color__hover=\u00bb#009BDB\u00bb button_one_bg_color__hover_enabled=\u00bboff\u00bb button_two_bg_color__hover_enabled=\u00bboff\u00bb button_bg_enable_color__hover=\u00bbon\u00bb button_border_radius__hover=\u00bb3px\u00bb button_letter_spacing__hover=\u00bb0px\u00bb][\/et_pb_button][\/et_pb_column][et_pb_column type=\u00bb1_4&#8243; _builder_version=\u00bb4.16&#8243; custom_padding=\u00bb|||\u00bb global_colors_info=\u00bb{}\u00bb custom_padding__hover=\u00bb|||\u00bb][et_pb_button button_url=\u00bbhttps:\/\/www.upla.cl\/innovacioncurricular\/?page_id=128918&#038;preview=true#apoyo\u00bb button_text=\u00bb\u00c1reas de apoyo\u00bb button_alignment=\u00bbcenter\u00bb _builder_version=\u00bb4.27.4&#8243; _module_preset=\u00bbdefault\u00bb custom_button=\u00bbon\u00bb button_text_size=\u00bb18px\u00bb button_text_color=\u00bb#FFFFFF\u00bb button_bg_color=\u00bb#009BDB\u00bb button_border_color=\u00bbRGBA(255,255,255,0)\u00bb button_border_radius=\u00bb3px\u00bb button_letter_spacing=\u00bb0px\u00bb button_font=\u00bb&#8211;et_global_body_font|600|||||||\u00bb button_icon=\u00bb&#xf13a;||fa||900&#8243; background_layout=\u00bbdark\u00bb custom_margin=\u00bb-65px||||false|false\u00bb custom_margin_tablet=\u00bb||0px||false|false\u00bb custom_margin_phone=\u00bb1px||||false|false\u00bb custom_margin_last_edited=\u00bbon|phone\u00bb custom_padding=\u00bb15px|30px|15px|30px|true|true\u00bb button_text_color_hover=\u00bb#ffffff\u00bb button_bg_color_hover=\u00bb#29cb8b\u00bb global_colors_info=\u00bb{}\u00bb button_text_size__hover_enabled=\u00bboff\u00bb button_one_text_size__hover_enabled=\u00bboff\u00bb button_two_text_size__hover_enabled=\u00bboff\u00bb button_text_color__hover_enabled=\u00bbon|desktop\u00bb button_text_color__hover=\u00bb#FFFFFF\u00bb button_one_text_color__hover_enabled=\u00bboff\u00bb button_two_text_color__hover_enabled=\u00bboff\u00bb button_border_width__hover_enabled=\u00bboff\u00bb button_one_border_width__hover_enabled=\u00bboff\u00bb button_two_border_width__hover_enabled=\u00bboff\u00bb button_border_color__hover_enabled=\u00bboff\u00bb button_one_border_color__hover_enabled=\u00bboff\u00bb button_two_border_color__hover_enabled=\u00bboff\u00bb button_border_radius__hover_enabled=\u00bbon|hover\u00bb button_one_border_radius__hover_enabled=\u00bboff\u00bb button_two_border_radius__hover_enabled=\u00bboff\u00bb button_letter_spacing__hover_enabled=\u00bbon|hover\u00bb button_one_letter_spacing__hover_enabled=\u00bboff\u00bb button_two_letter_spacing__hover_enabled=\u00bboff\u00bb button_bg_color__hover_enabled=\u00bbon|desktop\u00bb button_bg_color__hover=\u00bb#009BDB\u00bb button_one_bg_color__hover_enabled=\u00bboff\u00bb button_two_bg_color__hover_enabled=\u00bboff\u00bb button_bg_enable_color__hover=\u00bbon\u00bb button_border_radius__hover=\u00bb3px\u00bb button_letter_spacing__hover=\u00bb0px\u00bb][\/et_pb_button][\/et_pb_column][et_pb_column type=\u00bb1_4&#8243; _builder_version=\u00bb4.16&#8243; custom_padding=\u00bb|||\u00bb global_colors_info=\u00bb{}\u00bb custom_padding__hover=\u00bb|||\u00bb][et_pb_button button_url=\u00bbhttps:\/\/www.upla.cl\/innovacioncurricular\/?page_id=128918&#038;preview=true#tareas\u00bb button_text=\u00bbTareas Planificadas\u00bb button_alignment=\u00bbcenter\u00bb _builder_version=\u00bb4.27.4&#8243; _module_preset=\u00bbdefault\u00bb custom_button=\u00bbon\u00bb button_text_size=\u00bb18px\u00bb button_text_color=\u00bb#FFFFFF\u00bb button_bg_color=\u00bb#009BDB\u00bb button_border_color=\u00bbRGBA(255,255,255,0)\u00bb button_border_radius=\u00bb3px\u00bb button_letter_spacing=\u00bb0px\u00bb button_font=\u00bb&#8211;et_global_body_font|600|||||||\u00bb button_icon=\u00bb&#xf13a;||fa||900&#8243; background_layout=\u00bbdark\u00bb custom_margin=\u00bb-65px||||false|false\u00bb custom_margin_tablet=\u00bb||0px||false|false\u00bb custom_margin_phone=\u00bb1px||1px||true|false\u00bb custom_margin_last_edited=\u00bbon|phone\u00bb custom_padding=\u00bb15px|30px|15px|30px|true|true\u00bb button_text_color_hover=\u00bb#ffffff\u00bb button_bg_color_hover=\u00bb#29cb8b\u00bb global_colors_info=\u00bb{}\u00bb button_text_size__hover_enabled=\u00bboff\u00bb button_one_text_size__hover_enabled=\u00bboff\u00bb button_two_text_size__hover_enabled=\u00bboff\u00bb button_text_color__hover_enabled=\u00bbon|desktop\u00bb button_text_color__hover=\u00bb#FFFFFF\u00bb button_one_text_color__hover_enabled=\u00bboff\u00bb button_two_text_color__hover_enabled=\u00bboff\u00bb button_border_width__hover_enabled=\u00bboff\u00bb button_one_border_width__hover_enabled=\u00bboff\u00bb button_two_border_width__hover_enabled=\u00bboff\u00bb button_border_color__hover_enabled=\u00bboff\u00bb button_one_border_color__hover_enabled=\u00bboff\u00bb button_two_border_color__hover_enabled=\u00bboff\u00bb button_border_radius__hover_enabled=\u00bbon|hover\u00bb button_one_border_radius__hover_enabled=\u00bboff\u00bb button_two_border_radius__hover_enabled=\u00bboff\u00bb button_letter_spacing__hover_enabled=\u00bbon|hover\u00bb button_one_letter_spacing__hover_enabled=\u00bboff\u00bb button_two_letter_spacing__hover_enabled=\u00bboff\u00bb button_bg_color__hover_enabled=\u00bbon|desktop\u00bb button_bg_color__hover=\u00bb#009BDB\u00bb button_one_bg_color__hover_enabled=\u00bboff\u00bb button_two_bg_color__hover_enabled=\u00bboff\u00bb button_bg_enable_color__hover=\u00bbon\u00bb button_border_radius__hover=\u00bb3px\u00bb button_letter_spacing__hover=\u00bb0px\u00bb][\/et_pb_button][\/et_pb_column][\/et_pb_row][\/et_pb_section][et_pb_section fb_built=\u00bb1&#8243; module_id=\u00bbmarco\u00bb _builder_version=\u00bb4.27.4&#8243; background_color=\u00bb#FFFFFF\u00bb custom_padding=\u00bb3%|0px|3%|0px|true|false\u00bb global_colors_info=\u00bb{}\u00bb][et_pb_row _builder_version=\u00bb4.27.4&#8243; _module_preset=\u00bbdefault\u00bb global_colors_info=\u00bb{}\u00bb][et_pb_column type=\u00bb4_4&#8243; _builder_version=\u00bb4.27.4&#8243; _module_preset=\u00bbdefault\u00bb global_colors_info=\u00bb{}\u00bb][et_pb_text _builder_version=\u00bb4.27.4&#8243; _module_preset=\u00bbdefault\u00bb header_2_font=\u00bb|600|||||||\u00bb header_2_text_color=\u00bb#009BDB\u00bb header_3_text_align=\u00bbleft\u00bb header_3_text_color=\u00bb#565656&#8243; global_colors_info=\u00bb{}\u00bb]<\/p>\n<h2>Marco de actuaci\u00f3n<\/h2>\n<h3>\/ Referentes internos<\/h3>\n<p>[\/et_pb_text][\/et_pb_column][\/et_pb_row][et_pb_row column_structure=\u00bb1_4,1_4,1_4,1_4&#8243; _builder_version=\u00bb4.27.4&#8243; _module_preset=\u00bbdefault\u00bb global_colors_info=\u00bb{}\u00bb][et_pb_column type=\u00bb1_4&#8243; _builder_version=\u00bb4.27.4&#8243; _module_preset=\u00bbdefault\u00bb global_colors_info=\u00bb{}\u00bb][et_pb_blurb title=\u00bbModelo Educativo Institucional\u00bb use_icon=\u00bbon\u00bb font_icon=\u00bb&#xe022;||divi||400&#8243; image_icon_width=\u00bb50px\u00bb _builder_version=\u00bb4.27.4&#8243; _module_preset=\u00bbdefault\u00bb header_text_align=\u00bbcenter\u00bb global_colors_info=\u00bb{}\u00bb][\/et_pb_blurb][\/et_pb_column][et_pb_column type=\u00bb1_4&#8243; _builder_version=\u00bb4.27.4&#8243; _module_preset=\u00bbdefault\u00bb global_colors_info=\u00bb{}\u00bb][et_pb_blurb title=\u00bbDecretos exentos institucionales\u00bb use_icon=\u00bbon\u00bb font_icon=\u00bb&#x69;||divi||400&#8243; image_icon_width=\u00bb50px\u00bb _builder_version=\u00bb4.27.4&#8243; _module_preset=\u00bbdefault\u00bb header_text_align=\u00bbcenter\u00bb global_colors_info=\u00bb{}\u00bb][\/et_pb_blurb][\/et_pb_column][et_pb_column type=\u00bb1_4&#8243; _builder_version=\u00bb4.27.4&#8243; _module_preset=\u00bbdefault\u00bb global_colors_info=\u00bb{}\u00bb][et_pb_blurb title=\u00bbOrientaciones y regulaciones curriculares (Itinerario)\u00bb use_icon=\u00bbon\u00bb font_icon=\u00bb&#xe01c;||divi||400&#8243; image_icon_width=\u00bb50px\u00bb _builder_version=\u00bb4.27.4&#8243; _module_preset=\u00bbdefault\u00bb header_text_align=\u00bbcenter\u00bb global_colors_info=\u00bb{}\u00bb][\/et_pb_blurb][\/et_pb_column][et_pb_column type=\u00bb1_4&#8243; _builder_version=\u00bb4.27.4&#8243; _module_preset=\u00bbdefault\u00bb global_colors_info=\u00bb{}\u00bb][et_pb_blurb title=\u00bbReglamentos y normativas de pre y postgrado\u00bb use_icon=\u00bbon\u00bb font_icon=\u00bb&#xe101;||divi||400&#8243; image_icon_width=\u00bb50px\u00bb _builder_version=\u00bb4.27.4&#8243; _module_preset=\u00bbdefault\u00bb header_text_align=\u00bbcenter\u00bb global_colors_info=\u00bb{}\u00bb][\/et_pb_blurb][\/et_pb_column][\/et_pb_row][\/et_pb_section][et_pb_section fb_built=\u00bb1&#8243; _builder_version=\u00bb4.27.4&#8243; background_color=\u00bb#f4f4f4&#8243; custom_padding=\u00bb3%|0px|3%|0px|true|false\u00bb global_colors_info=\u00bb{}\u00bb][et_pb_row _builder_version=\u00bb4.27.4&#8243; _module_preset=\u00bbdefault\u00bb global_colors_info=\u00bb{}\u00bb][et_pb_column type=\u00bb4_4&#8243; _builder_version=\u00bb4.27.4&#8243; _module_preset=\u00bbdefault\u00bb global_colors_info=\u00bb{}\u00bb][et_pb_text _builder_version=\u00bb4.27.4&#8243; _module_preset=\u00bbdefault\u00bb header_2_font=\u00bb|600|||||||\u00bb header_2_text_color=\u00bb#009BDB\u00bb header_3_text_align=\u00bbleft\u00bb header_3_text_color=\u00bb#565656&#8243; global_colors_info=\u00bb{}\u00bb]<\/p>\n<h2>Marco de actuaci\u00f3n<\/h2>\n<h3>\/ Referentes externos<\/h3>\n<p>[\/et_pb_text][\/et_pb_column][\/et_pb_row][et_pb_row column_structure=\u00bb1_4,1_4,1_4,1_4&#8243; _builder_version=\u00bb4.27.4&#8243; _module_preset=\u00bbdefault\u00bb global_colors_info=\u00bb{}\u00bb][et_pb_column type=\u00bb1_4&#8243; _builder_version=\u00bb4.27.4&#8243; _module_preset=\u00bbdefault\u00bb global_colors_info=\u00bb{}\u00bb][et_pb_blurb title=\u00bbMinisterio de Educaci\u00f3n\u00bb url=\u00bbhttps:\/\/www.mineduc.cl\u00bb url_new_window=\u00bbon\u00bb image=\u00bbhttps:\/\/www.upla.cl\/innovacioncurricular\/wp-content\/uploads\/2025\/08\/color_MinEducacion.png\u00bb alt=\u00bbLogo del Ministerio de Educaci\u00f3n, Chile.\u00bb image_icon_width=\u00bb56%\u00bb _builder_version=\u00bb4.27.4&#8243; _module_preset=\u00bbdefault\u00bb header_text_align=\u00bbcenter\u00bb header_text_color=\u00bb#009BDB\u00bb link_option_url=\u00bbhttps:\/\/www.mineduc.cl\u00bb link_option_url_new_window=\u00bbon\u00bb global_colors_info=\u00bb{}\u00bb]<\/p>\n<p>Responsable del desarrollo de pol\u00edticas que promuevan la calidad, pertinencia articulaci\u00f3n, inclusi\u00f3n y equidad en el desarrollo de las funciones de las instituciones de Educaci\u00f3n Superior.<\/p>\n<p>[\/et_pb_blurb][\/et_pb_column][et_pb_column type=\u00bb1_4&#8243; _builder_version=\u00bb4.27.4&#8243; _module_preset=\u00bbdefault\u00bb global_colors_info=\u00bb{}\u00bb][et_pb_blurb title=\u00bbSuperintendencia de Educaci\u00f3n Superior\u00bb url=\u00bbhttps:\/\/www.sesuperior.cl\/es_cl\/\u00bb url_new_window=\u00bbon\u00bb image=\u00bbhttps:\/\/www.upla.cl\/innovacioncurricular\/wp-content\/uploads\/2025\/08\/ses-logo.png\u00bb alt=\u00bbLogo SES\u00bb image_icon_width=\u00bb65%\u00bb _builder_version=\u00bb4.27.4&#8243; _module_preset=\u00bbdefault\u00bb header_text_align=\u00bbcenter\u00bb header_text_color=\u00bb#009BDB\u00bb link_option_url=\u00bbhttps:\/\/www.sesuperior.cl\/es_cl\/\u00bb link_option_url_new_window=\u00bbon\u00bb global_colors_info=\u00bb{}\u00bb]<\/p>\n<p>A cargo de la funci\u00f3n de fiscalizaci\u00f3n del cumplimiento, por parte de las instituciones de Educaci\u00f3n Superior, de las normas aplicables a dicho sector, en especial, a la consecuci\u00f3n de los fines que les son propios; as\u00ed como el cumplimiento de sus compromisos financieros, administrativos y acad\u00e9micos.<\/p>\n<p>[\/et_pb_blurb][\/et_pb_column][et_pb_column type=\u00bb1_4&#8243; _builder_version=\u00bb4.27.4&#8243; _module_preset=\u00bbdefault\u00bb global_colors_info=\u00bb{}\u00bb][et_pb_blurb title=\u00bbConsejo Nacional de Educaci\u00f3n (CNED)\u00bb url=\u00bbhttps:\/\/cned.cl\u00bb url_new_window=\u00bbon\u00bb image=\u00bbhttps:\/\/www.upla.cl\/innovacioncurricular\/wp-content\/uploads\/2025\/08\/cned2.png\u00bb alt=\u00bbLogo CNED\u00bb image_icon_width=\u00bb65%\u00bb _builder_version=\u00bb4.27.4&#8243; _module_preset=\u00bbdefault\u00bb header_text_align=\u00bbcenter\u00bb header_text_color=\u00bb#009BDB\u00bb link_option_url=\u00bbhttps:\/\/cned.cl\u00bb link_option_url_new_window=\u00bbon\u00bb global_colors_info=\u00bb{}\u00bb]<\/p>\n<p>Posee la funci\u00f3n de licenciamiento de las nuevas instituciones de Educaci\u00f3n Superior privadas, llevado a cabo a trav\u00e9s de diversos mecanismos de evaluaci\u00f3n peri\u00f3dica del desempe\u00f1o de la instituci\u00f3n.<\/p>\n<p>[\/et_pb_blurb][\/et_pb_column][et_pb_column type=\u00bb1_4&#8243; _builder_version=\u00bb4.27.4&#8243; _module_preset=\u00bbdefault\u00bb global_colors_info=\u00bb{}\u00bb][et_pb_blurb title=\u00bbConsejo Nacional de Acreditaci\u00f3n (CNA)\u00bb url=\u00bbhttps:\/\/www.cnachile.cl\/Paginas\/Inicio.aspx\u00bb url_new_window=\u00bbon\u00bb image=\u00bbhttps:\/\/www.upla.cl\/innovacioncurricular\/wp-content\/uploads\/2025\/08\/CNA-logo-scaled.png\u00bb alt=\u00bbLogo CNA\u00bb image_icon_width=\u00bb75%\u00bb _builder_version=\u00bb4.27.4&#8243; _module_preset=\u00bbdefault\u00bb header_text_align=\u00bbcenter\u00bb header_text_color=\u00bb#009BDB\u00bb image_icon_custom_margin=\u00bb||||false|false\u00bb image_icon_custom_padding=\u00bb10%||10%||true|false\u00bb link_option_url=\u00bbhttps:\/\/www.cnachile.cl\/Paginas\/Inicio.aspx\u00bb link_option_url_new_window=\u00bbon\u00bb global_colors_info=\u00bb{}\u00bb]<\/p>\n<p>A cargo de la funci\u00f3n de acreditaci\u00f3n institucional de las instituciones de Educaci\u00f3n Superior aut\u00f3nomas y la acreditaci\u00f3n de carreras o programas de pregrado y postgrado.<\/p>\n<p>[\/et_pb_blurb][\/et_pb_column][\/et_pb_row][\/et_pb_section][et_pb_section fb_built=\u00bb1&#8243; module_id=\u00bbarticulacion\u00bb _builder_version=\u00bb4.27.4&#8243; _module_preset=\u00bbdefault\u00bb global_colors_info=\u00bb{}\u00bb][et_pb_row column_structure=\u00bb1_2,1_2&#8243; _builder_version=\u00bb4.27.4&#8243; _module_preset=\u00bbdefault\u00bb width=\u00bb90%\u00bb custom_padding=\u00bb5%|5%|5%|5%|true|true\u00bb border_radii=\u00bbon|15px|15px|15px|15px\u00bb border_width_all=\u00bb1px\u00bb border_color_all=\u00bb#009BDB\u00bb border_style_all=\u00bboutset\u00bb global_colors_info=\u00bb{}\u00bb][et_pb_column type=\u00bb1_2&#8243; _builder_version=\u00bb4.27.4&#8243; _module_preset=\u00bbdefault\u00bb global_colors_info=\u00bb{}\u00bb][et_pb_text _builder_version=\u00bb4.27.4&#8243; _module_preset=\u00bbdefault\u00bb header_2_font=\u00bb|600|||||||\u00bb header_2_text_color=\u00bb#009BDB\u00bb header_3_text_align=\u00bbleft\u00bb header_3_text_color=\u00bb#565656&#8243; global_colors_info=\u00bb{}\u00bb]<\/p>\n<h2>Articulaci\u00f3n Institucional<\/h2>\n<p>[\/et_pb_text][et_pb_text _builder_version=\u00bb4.27.4&#8243; _module_preset=\u00bbdefault\u00bb global_colors_info=\u00bb{}\u00bb]<\/p>\n<ul>\n<li>Comisiones curriculares de carreras (Pregrado).<\/li>\n<li>Claustros acad\u00e9micos de programas de postgrado (Escuela de Postgrado).<\/li>\n<li>Educaci\u00f3n continua para asesor\u00edas y orientaciones en el dise\u00f1o de post\u00edtulos y diplomados (Centro de<\/li>\n<li>Educaci\u00f3n Continua y Escuela de Postgrado).<\/li>\n<li>Ruta para aprobaci\u00f3n de propuestas formativas de pre y postgrado en su presentaci\u00f3n ante Consejos Acad\u00e9micos (Direcci\u00f3n General de An\u00e1lisis y Planificaci\u00f3n Estrat\u00e9gica Institucional \u2013 Secretar\u00eda de Estudios \u2013 Vicerrector\u00eda de Administraci\u00f3n y Finanzas).<\/li>\n<li>Trabajo colaborativo en informes de autoevaluaci\u00f3n y planes de mejora de carreras pedag\u00f3gicas (Direcci\u00f3n General de Gesti\u00f3n de la Calidad).<\/li>\n<li>Trabajo para el cumplimiento y respuesta a proyectos Mineduc (Vicerrector\u00eda Acad\u00e9mica \u2013 Direcci\u00f3n General de An\u00e1lisis y Planificaci\u00f3n Estrat\u00e9gica Institucional \u2013 Vicerrector\u00eda de Administraci\u00f3n y Finanzas).<\/li>\n<li>Publicaciones de resultados de Evaluaci\u00f3n Diagn\u00f3stica, coordinaci\u00f3n para publicaci\u00f3n y posteriores resultados de encuesta de carga acad\u00e9mica (Inform\u00e1tica y Comunicaciones).<\/li>\n<li>Diplomado en Desarrollo Curricular para la Educaci\u00f3n Superior (Unidad de Acompa\u00f1amiento Docente \u2013 Centro de Educaci\u00f3n Continua).<\/li>\n<\/ul>\n<p>[\/et_pb_text][\/et_pb_column][et_pb_column type=\u00bb1_2&#8243; _builder_version=\u00bb4.27.4&#8243; _module_preset=\u00bbdefault\u00bb global_colors_info=\u00bb{}\u00bb][et_pb_image src=\u00bbhttps:\/\/www.upla.cl\/innovacioncurricular\/wp-content\/uploads\/2025\/09\/20250911_deic-esquema-articulacion.png\u00bb alt=\u00bbEsquema articulaci\u00f3n DEIC\u00bb title_text=\u00bbEsquema articulaci\u00f3n DEIC\u00bb _builder_version=\u00bb4.27.4&#8243; _module_preset=\u00bbdefault\u00bb hover_enabled=\u00bb0&#8243; global_colors_info=\u00bb{}\u00bb sticky_enabled=\u00bb0&#8243;][\/et_pb_image][\/et_pb_column][\/et_pb_row][\/et_pb_section][et_pb_section fb_built=\u00bb1&#8243; module_id=\u00bbapoyo\u00bb _builder_version=\u00bb4.27.4&#8243; background_color=\u00bb#FFFFFF\u00bb custom_padding=\u00bb30px|0px|16px|0px|false|false\u00bb global_colors_info=\u00bb{}\u00bb][et_pb_row _builder_version=\u00bb4.27.4&#8243; _module_preset=\u00bbdefault\u00bb global_colors_info=\u00bb{}\u00bb][et_pb_column type=\u00bb4_4&#8243; _builder_version=\u00bb4.27.4&#8243; _module_preset=\u00bbdefault\u00bb global_colors_info=\u00bb{}\u00bb][et_pb_text _builder_version=\u00bb4.27.4&#8243; _module_preset=\u00bbdefault\u00bb header_2_font=\u00bb|600|||||||\u00bb header_2_text_align=\u00bbleft\u00bb header_2_text_color=\u00bb#009BDB\u00bb header_3_text_align=\u00bbleft\u00bb header_3_text_color=\u00bb#565656&#8243; global_colors_info=\u00bb{}\u00bb]<\/p>\n<h2>\u00c1reas de apoyo<\/h2>\n<p>[\/et_pb_text][et_pb_accordion open_toggle_text_color=\u00bb#004562&#8243; open_toggle_background_color=\u00bb#FFFFFF\u00bb closed_toggle_text_color=\u00bb#565656&#8243; closed_toggle_background_color=\u00bb#FFFFFF\u00bb toggle_icon=\u00bb&#x43;||divi||400&#8243; icon_color=\u00bb#565656&#8243; use_icon_font_size=\u00bbon\u00bb icon_font_size=\u00bb30px\u00bb _builder_version=\u00bb4.27.4&#8243; _module_preset=\u00bbdefault\u00bb toggle_text_color=\u00bb#565656&#8243; toggle_font_size=\u00bb160%\u00bb closed_toggle_font_size=\u00bb130%\u00bb body_text_color=\u00bb#565656&#8243; body_font_size=\u00bb100%\u00bb body_line_height=\u00bb1.3em\u00bb border_width_all=\u00bb0px\u00bb border_color_all=\u00bb#ffffff\u00bb border_width_bottom=\u00bb1px\u00bb border_color_bottom=\u00bb#009bdb\u00bb border_style_bottom=\u00bboutset\u00bb global_colors_info=\u00bb{}\u00bb][et_pb_accordion_item title=\u00bbAsesor\u00eda en dise\u00f1o y redise\u00f1o curriculares de pre y postgrado\u00bb open=\u00bbon\u00bb open_toggle_text_color=\u00bb#565656&#8243; _builder_version=\u00bb4.27.4&#8243; _module_preset=\u00bbdefault\u00bb border_width_all=\u00bb1px\u00bb border_style_all=\u00bbdashed\u00bb global_colors_info=\u00bb{}\u00bb toggle_text_color=\u00bb#565656&#8243; toggle_level=\u00bbh5&#8243; toggle_font_size=\u00bb130%\u00bb]<\/p>\n<ul>\n<li>Acompa\u00f1amiento a las comisiones curriculares en la elaboraci\u00f3n de propuestas formativas de pre y postgrado.<\/li>\n<li>Revisi\u00f3n, seguimiento y retroalimentaci\u00f3n de las propuestas formativas.<\/li>\n<li>Validaci\u00f3n y V.\u00b0B.\u00b0 del redise\u00f1o de la propuesta formativa para pre y postgrado.<\/li>\n<li>Elaboraci\u00f3n de documentos orientadores asociados a estos procesos.<\/li>\n<\/ul>\n<p>[\/et_pb_accordion_item][et_pb_accordion_item title=\u00bbSeguimiento y monitoreo del curr\u00edculum\u00bb open_toggle_text_color=\u00bb#565656&#8243; _builder_version=\u00bb4.27.4&#8243; _module_preset=\u00bbdefault\u00bb border_width_all=\u00bb1px\u00bb border_style_all=\u00bbdashed\u00bb global_colors_info=\u00bb{}\u00bb toggle_text_color=\u00bb#565656&#8243; toggle_level=\u00bbh5&#8243; toggle_font_size=\u00bb130%\u00bb open=\u00bboff\u00bb]<\/p>\n<ul>\n<li>Definir y dise\u00f1ar mecanismos de diagn\u00f3stico, seguimiento y monitoreo de la implementaci\u00f3n y apropiaci\u00f3n del curr\u00edculum.<\/li>\n<li>Evidenciar hitos y mecanismos para evaluar el cierre de cada ciclo formativo.<\/li>\n<li>Relevar los ajustes mayores y menores a la propuesta formativa.<\/li>\n<\/ul>\n<p>[\/et_pb_accordion_item][et_pb_accordion_item title=\u00bbEvaluaci\u00f3n de la implementaci\u00f3n del curr\u00edculum\u00bb open_toggle_text_color=\u00bb#565656&#8243; _builder_version=\u00bb4.27.4&#8243; _module_preset=\u00bbdefault\u00bb border_width_all=\u00bb1px\u00bb border_style_all=\u00bbdashed\u00bb global_colors_info=\u00bb{}\u00bb toggle_text_color=\u00bb#565656&#8243; toggle_level=\u00bbh5&#8243; toggle_font_size=\u00bb130%\u00bb open=\u00bboff\u00bb]<\/p>\n<ul>\n<li>Determinar las condiciones esenciales para la implementaci\u00f3n de la propuesta formativa.<\/li>\n<li>Evaluaci\u00f3n de la implementaci\u00f3n de la propuesta formativa.<\/li>\n<li>Acompa\u00f1amiento y monitoreo de la cobertura curricular y el avance del itinerario formativo.<\/li>\n<li>Evaluaci\u00f3n de la apropiaci\u00f3n curricular de los principales actores del proceso formativo.<\/li>\n<\/ul>\n<p>[\/et_pb_accordion_item][et_pb_accordion_item title=\u00bbProyectos De Financiamiento Externo\u00bb open_toggle_text_color=\u00bb#565656&#8243; title_last_edited=\u00bboff|desktop\u00bb _builder_version=\u00bb4.27.4&#8243; _module_preset=\u00bbdefault\u00bb border_width_all=\u00bb1px\u00bb border_style_all=\u00bbdashed\u00bb global_colors_info=\u00bb{}\u00bb toggle_text_color=\u00bb#565656&#8243; toggle_level=\u00bbh5&#8243; toggle_font_size=\u00bb130%\u00bb open=\u00bboff\u00bb]<\/p>\n<ul>\n<li>Implementaci\u00f3n y cumplimiento de los objetivos espec\u00edficos concernientes a la unidad en proyectos con financiamiento externo.<\/li>\n<li>Desarrollo colaborativo cuando existen objetivos espec\u00edficos que involucran a m\u00e1s unidades.<\/li>\n<li>Contribuci\u00f3n a la elaboraci\u00f3n de informes de avance semestral asociados a los proyectos.<\/li>\n<\/ul>\n<p>[\/et_pb_accordion_item][et_pb_accordion_item title=\u00bbAcompa\u00f1amiento Curricular \/ Pedag\u00f3gico en Procesos de Acreditaci\u00f3n\u00bb open_toggle_text_color=\u00bb#565656&#8243; title_last_edited=\u00bboff|desktop\u00bb _builder_version=\u00bb4.27.4&#8243; _module_preset=\u00bbdefault\u00bb border_style_all=\u00bbdashed\u00bb global_colors_info=\u00bb{}\u00bb toggle_text_color=\u00bb#565656&#8243; toggle_level=\u00bbh5&#8243; toggle_font_size=\u00bb130%\u00bb open=\u00bboff\u00bb]<\/p>\n<ul>\n<li>Conocer los criterios y est\u00e1ndares establecidos por la Comisi\u00f3n Nacional de Acreditaci\u00f3n (CNA).<\/li>\n<li>Realizaci\u00f3n de acompa\u00f1amiento y asesor\u00edas tendientes al cumplimiento de lo requerido por la Comisi\u00f3n Nacional de Acreditaci\u00f3n (CNA).<\/li>\n<li>Apoyo en la confecci\u00f3n de los preinformes de autoevaluaci\u00f3n a las carreras.<\/li>\n<li>Apoyo en la elaboraci\u00f3n de los planes de mejora de las carreras con fines de reacreditaci\u00f3n.<\/li>\n<li>Gesti\u00f3n documental con base en lo curricular para facilitar el acceso a la informaci\u00f3n por pares.<\/li>\n<\/ul>\n<p>[\/et_pb_accordion_item][\/et_pb_accordion][\/et_pb_column][\/et_pb_row][\/et_pb_section][et_pb_section fb_built=\u00bb1&#8243; module_id=\u00bbtareas\u00bb _builder_version=\u00bb4.27.4&#8243; _module_preset=\u00bbdefault\u00bb background_color=\u00bb#f4f4f4&#8243; global_colors_info=\u00bb{}\u00bb][et_pb_row _builder_version=\u00bb4.27.4&#8243; _module_preset=\u00bbdefault\u00bb global_colors_info=\u00bb{}\u00bb][et_pb_column type=\u00bb4_4&#8243; _builder_version=\u00bb4.27.4&#8243; _module_preset=\u00bbdefault\u00bb global_colors_info=\u00bb{}\u00bb][et_pb_text _builder_version=\u00bb4.27.4&#8243; _module_preset=\u00bbdefault\u00bb header_2_font=\u00bb|600|||||||\u00bb header_2_text_align=\u00bbleft\u00bb header_2_text_color=\u00bb#009BDB\u00bb header_3_text_align=\u00bbleft\u00bb header_3_text_color=\u00bb#565656&#8243; global_colors_info=\u00bb{}\u00bb]<\/p>\n<h2>Tareas planificadas<\/h2>\n<p>[\/et_pb_text][\/et_pb_column][\/et_pb_row][et_pb_row column_structure=\u00bb1_6,1_6,1_6,1_6,1_6,1_6&#8243; _builder_version=\u00bb4.27.4&#8243; _module_preset=\u00bbdefault\u00bb global_colors_info=\u00bb{}\u00bb][et_pb_column type=\u00bb1_6&#8243; _builder_version=\u00bb4.27.4&#8243; _module_preset=\u00bbdefault\u00bb global_colors_info=\u00bb{}\u00bb][et_pb_text _builder_version=\u00bb4.27.4&#8243; _module_preset=\u00bbdefault\u00bb text_font=\u00bb|800|||||||\u00bb text_text_color=\u00bb#FFFFFF\u00bb header_4_text_align=\u00bbcenter\u00bb header_4_text_color=\u00bb#565656&#8243; background_color=\u00bb#009BDB\u00bb text_orientation=\u00bbcenter\u00bb min_height=\u00bb177px\u00bb custom_padding=\u00bb10%|10%|10%|10%|true|true\u00bb border_radii=\u00bbon|15px|15px|15px|15px\u00bb border_width_all=\u00bb1px\u00bb border_color_all=\u00bb#009BDB\u00bb global_colors_info=\u00bb{}\u00bb]<\/p>\n<p>Actualizaci\u00f3n del Modelo Educativo<\/p>\n<p>[\/et_pb_text][\/et_pb_column][et_pb_column type=\u00bb1_6&#8243; _builder_version=\u00bb4.27.4&#8243; _module_preset=\u00bbdefault\u00bb global_colors_info=\u00bb{}\u00bb][et_pb_text _builder_version=\u00bb4.27.4&#8243; _module_preset=\u00bbdefault\u00bb text_font=\u00bb|800|||||||\u00bb text_text_color=\u00bb#FFFFFF\u00bb header_4_text_align=\u00bbcenter\u00bb header_4_text_color=\u00bb#565656&#8243; background_color=\u00bb#009BDB\u00bb text_orientation=\u00bbcenter\u00bb min_height=\u00bb177px\u00bb custom_padding=\u00bb10%|10%|10%|10%|true|true\u00bb border_radii=\u00bbon|15px|15px|15px|15px\u00bb border_width_all=\u00bb1px\u00bb border_color_all=\u00bb#009BDB\u00bb global_colors_info=\u00bb{}\u00bb]Asesorar a carreras disciplinares en su redise\u00f1o curricular[\/et_pb_text][\/et_pb_column][et_pb_column type=\u00bb1_6&#8243; _builder_version=\u00bb4.27.4&#8243; _module_preset=\u00bbdefault\u00bb global_colors_info=\u00bb{}\u00bb][et_pb_text _builder_version=\u00bb4.27.4&#8243; _module_preset=\u00bbdefault\u00bb text_font=\u00bb|800|||||||\u00bb text_text_color=\u00bb#FFFFFF\u00bb header_4_text_align=\u00bbcenter\u00bb header_4_text_color=\u00bb#565656&#8243; background_color=\u00bb#009BDB\u00bb text_orientation=\u00bbcenter\u00bb min_height=\u00bb177px\u00bb custom_padding=\u00bb10%|10%|10%|10%|true|true\u00bb border_radii=\u00bbon|15px|15px|15px|15px\u00bb border_width_all=\u00bb1px\u00bb border_color_all=\u00bb#009BDB\u00bb global_colors_info=\u00bb{}\u00bb]Evaluaci\u00f3n de la innovaci\u00f3n curricular[\/et_pb_text][\/et_pb_column][et_pb_column type=\u00bb1_6&#8243; _builder_version=\u00bb4.27.4&#8243; _module_preset=\u00bbdefault\u00bb global_colors_info=\u00bb{}\u00bb][et_pb_text _builder_version=\u00bb4.27.4&#8243; _module_preset=\u00bbdefault\u00bb text_font=\u00bb|800|||||||\u00bb text_text_color=\u00bb#FFFFFF\u00bb header_4_text_align=\u00bbcenter\u00bb header_4_text_color=\u00bb#565656&#8243; background_color=\u00bb#009BDB\u00bb text_orientation=\u00bbcenter\u00bb min_height=\u00bb177px\u00bb custom_padding=\u00bb10%|10%|10%|10%|true|true\u00bb border_radii=\u00bbon|15px|15px|15px|15px\u00bb border_width_all=\u00bb1px\u00bb border_color_all=\u00bb#009BDB\u00bb global_colors_info=\u00bb{}\u00bb]Redise\u00f1o de programas de pre y postgrado[\/et_pb_text][\/et_pb_column][et_pb_column type=\u00bb1_6&#8243; _builder_version=\u00bb4.27.4&#8243; _module_preset=\u00bbdefault\u00bb global_colors_info=\u00bb{}\u00bb][et_pb_text _builder_version=\u00bb4.27.4&#8243; _module_preset=\u00bbdefault\u00bb text_font=\u00bb|800|||||||\u00bb text_text_color=\u00bb#FFFFFF\u00bb header_4_text_align=\u00bbcenter\u00bb header_4_text_color=\u00bb#565656&#8243; background_color=\u00bb#009BDB\u00bb text_orientation=\u00bbcenter\u00bb min_height=\u00bb177px\u00bb custom_padding=\u00bb10%|10%|10%|10%|true|true\u00bb border_radii=\u00bbon|15px|15px|15px|15px\u00bb border_width_all=\u00bb1px\u00bb border_color_all=\u00bb#009BDB\u00bb global_colors_info=\u00bb{}\u00bb]Acompa\u00f1amiento con fines de acreditaci\u00f3n a carreras pedag\u00f3gicas: planes de mejora[\/et_pb_text][\/et_pb_column][et_pb_column type=\u00bb1_6&#8243; _builder_version=\u00bb4.27.4&#8243; _module_preset=\u00bbdefault\u00bb global_colors_info=\u00bb{}\u00bb][et_pb_text _builder_version=\u00bb4.27.4&#8243; _module_preset=\u00bbdefault\u00bb text_font=\u00bb|800|||||||\u00bb text_text_color=\u00bb#FFFFFF\u00bb header_4_text_align=\u00bbcenter\u00bb header_4_text_color=\u00bb#565656&#8243; background_color=\u00bb#009BDB\u00bb text_orientation=\u00bbcenter\u00bb min_height=\u00bb177px\u00bb custom_padding=\u00bb10%|10%|10%|10%|true|true\u00bb border_radii=\u00bbon|15px|15px|15px|15px\u00bb border_width_all=\u00bb1px\u00bb border_color_all=\u00bb#009BDB\u00bb global_colors_info=\u00bb{}\u00bb]Evaluaci\u00f3n intermedia del Perfil de Egreso[\/et_pb_text][\/et_pb_column][\/et_pb_row][\/et_pb_section][et_pb_section fb_built=\u00bb1&#8243; next_background_color=\u00bb#e5e5e5&#8243; _builder_version=\u00bb4.27.4&#8243; _module_preset=\u00bbdefault\u00bb background_color=\u00bb#f4f4f4&#8243; custom_padding=\u00bb4px||4px|||\u00bb bottom_divider_style=\u00bbramp2&#8243; bottom_divider_flip=\u00bbhorizontal\u00bb global_colors_info=\u00bb{}\u00bb][\/et_pb_section]<\/p>\n","protected":false},"excerpt":{"rendered":"<p>Marco de actuaci\u00f3n \/ Referentes internosMarco de actuaci\u00f3n \/ Referentes externosResponsable del desarrollo de pol\u00edticas que promuevan la calidad, pertinencia articulaci\u00f3n, inclusi\u00f3n y equidad en el desarrollo de las funciones de las instituciones de Educaci\u00f3n Superior.A cargo de la funci\u00f3n de fiscalizaci\u00f3n del cumplimiento, por parte de las instituciones de Educaci\u00f3n Superior, de las normas [&hellip;]<\/p>\n","protected":false},"author":4,"featured_media":0,"parent":20,"menu_order":0,"comment_status":"closed","ping_status":"closed","template":"","meta":{"_et_pb_use_builder":"on","_et_pb_old_content":"","_et_gb_content_width":"","footnotes":""},"class_list":["post-128918","page","type-page","status-publish","hentry"],"_links":{"self":[{"href":"https:\/\/www.upla.cl\/innovacioncurricular\/wp-json\/wp\/v2\/pages\/128918","targetHints":{"allow":["GET"]}}],"collection":[{"href":"https:\/\/www.upla.cl\/innovacioncurricular\/wp-json\/wp\/v2\/pages"}],"about":[{"href":"https:\/\/www.upla.cl\/innovacioncurricular\/wp-json\/wp\/v2\/types\/page"}],"author":[{"embeddable":true,"href":"https:\/\/www.upla.cl\/innovacioncurricular\/wp-json\/wp\/v2\/users\/4"}],"replies":[{"embeddable":true,"href":"https:\/\/www.upla.cl\/innovacioncurricular\/wp-json\/wp\/v2\/comments?post=128918"}],"version-history":[{"count":31,"href":"https:\/\/www.upla.cl\/innovacioncurricular\/wp-json\/wp\/v2\/pages\/128918\/revisions"}],"predecessor-version":[{"id":17228614,"href":"https:\/\/www.upla.cl\/innovacioncurricular\/wp-json\/wp\/v2\/pages\/128918\/revisions\/17228614"}],"up":[{"embeddable":true,"href":"https:\/\/www.upla.cl\/innovacioncurricular\/wp-json\/wp\/v2\/pages\/20"}],"wp:attachment":[{"href":"https:\/\/www.upla.cl\/innovacioncurricular\/wp-json\/wp\/v2\/media?parent=128918"}],"curies":[{"name":"wp","href":"https:\/\/api.w.org\/{rel}","templated":true}]}}