{"id":99618,"date":"2017-07-24T14:56:00","date_gmt":"2017-07-24T14:56:00","guid":{"rendered":"http:\/\/www.upla.cl\/facultad\/ingenieria\/?page_id=99618"},"modified":"2026-03-13T15:07:24","modified_gmt":"2026-03-13T18:07:24","slug":"academicas-y-academicos","status":"publish","type":"page","link":"https:\/\/www.upla.cl\/facultad\/ingenieria\/academicas-y-academicos\/","title":{"rendered":"Acad\u00e9micas y acad\u00e9micos"},"content":{"rendered":"<p>[et_pb_section fb_built=\u00bb1&#8243; fullwidth=\u00bbon\u00bb _builder_version=\u00bb4.16&#8243; custom_padding=\u00bb0px|0px|0px|0px\u00bb global_colors_info=\u00bb{}\u00bb][et_pb_fullwidth_image src=\u00bbhttps:\/\/www.upla.cl\/facultad\/ingenieria\/wp-content\/uploads\/2016\/11\/noticia10.png\u00bb _builder_version=\u00bb4.16&#8243; global_colors_info=\u00bb{}\u00bb][\/et_pb_fullwidth_image][\/et_pb_section][et_pb_section fb_built=\u00bb1&#8243; _builder_version=\u00bb4.16&#8243; custom_padding=\u00bb0px|0px|17px|0px\u00bb global_colors_info=\u00bb{}\u00bb][et_pb_row admin_label=\u00bbrow\u00bb module_class=\u00bb et_pb_row_fullwidth\u00bb _builder_version=\u00bb4.16&#8243; background_color=\u00bb#009bdb\u00bb background_size=\u00bbinitial\u00bb background_position=\u00bbtop_left\u00bb background_repeat=\u00bbrepeat\u00bb width=\u00bb100%\u00bb width_tablet=\u00bb100%\u00bb width_phone=\u00bb\u00bb width_last_edited=\u00bbon|desktop\u00bb max_width=\u00bb100%\u00bb max_width_tablet=\u00bb100%\u00bb max_width_phone=\u00bb\u00bb max_width_last_edited=\u00bbon|desktop\u00bb custom_padding=\u00bb14px|0px|0px|0px\u00bb make_fullwidth=\u00bbon\u00bb global_colors_info=\u00bb{}\u00bb][et_pb_column type=\u00bb4_4&#8243; _builder_version=\u00bb4.16&#8243; background_position=\u00bbtop_left\u00bb custom_padding=\u00bb|||\u00bb global_colors_info=\u00bb{}\u00bb custom_padding__hover=\u00bb|||\u00bb][et_pb_cta title=\u00bbACAD\u00c9MICOS\u00bb _builder_version=\u00bb4.16&#8243; use_background_color=\u00bboff\u00bb text_orientation=\u00bbleft\u00bb custom_margin=\u00bb15px|||\u00bb custom_padding=\u00bb|||25px\u00bb border_style=\u00bbsolid\u00bb global_colors_info=\u00bb{}\u00bb button_text_size__hover_enabled=\u00bboff\u00bb button_one_text_size__hover_enabled=\u00bboff\u00bb button_two_text_size__hover_enabled=\u00bboff\u00bb button_text_color__hover_enabled=\u00bboff\u00bb button_one_text_color__hover_enabled=\u00bboff\u00bb button_two_text_color__hover_enabled=\u00bboff\u00bb button_border_width__hover_enabled=\u00bboff\u00bb button_one_border_width__hover_enabled=\u00bboff\u00bb button_two_border_width__hover_enabled=\u00bboff\u00bb button_border_color__hover_enabled=\u00bboff\u00bb button_one_border_color__hover_enabled=\u00bboff\u00bb button_two_border_color__hover_enabled=\u00bboff\u00bb button_border_radius__hover_enabled=\u00bboff\u00bb button_one_border_radius__hover_enabled=\u00bboff\u00bb button_two_border_radius__hover_enabled=\u00bboff\u00bb button_letter_spacing__hover_enabled=\u00bboff\u00bb button_one_letter_spacing__hover_enabled=\u00bboff\u00bb button_two_letter_spacing__hover_enabled=\u00bboff\u00bb button_bg_color__hover_enabled=\u00bboff\u00bb button_one_bg_color__hover_enabled=\u00bboff\u00bb button_two_bg_color__hover_enabled=\u00bboff\u00bb][\/et_pb_cta][\/et_pb_column][\/et_pb_row][\/et_pb_section][et_pb_section fb_built=\u00bb1&#8243; disabled_on=\u00bboff|off|off\u00bb _builder_version=\u00bb4.27.4&#8243; custom_padding=\u00bb0px|0px|48.55px|0px\u00bb global_colors_info=\u00bb{}\u00bb][et_pb_row _builder_version=\u00bb4.27.4&#8243; _module_preset=\u00bbdefault\u00bb global_colors_info=\u00bb{}\u00bb][et_pb_column type=\u00bb4_4&#8243; _builder_version=\u00bb4.27.4&#8243; _module_preset=\u00bbdefault\u00bb global_colors_info=\u00bb{}\u00bb][et_pb_text disabled_on=\u00bboff|off|off\u00bb _builder_version=\u00bb4.27.4&#8243; _module_preset=\u00bbdefault\u00bb custom_margin=\u00bb5%||5%||true|false\u00bb global_colors_info=\u00bb{}\u00bb]<\/p>\n<h3>Departamento de Ciencia de Datos e Inform\u00e1tica<\/h3>\n<p>[\/et_pb_text][\/et_pb_column][\/et_pb_row][et_pb_row column_structure=\u00bb1_4,1_4,1_4,1_4&#8243; disabled_on=\u00bboff|off|off\u00bb _builder_version=\u00bb4.27.4&#8243; _module_preset=\u00bbdefault\u00bb min_height=\u00bb686.1px\u00bb custom_padding=\u00bb19px|||||\u00bb global_colors_info=\u00bb{}\u00bb][et_pb_column type=\u00bb1_4&#8243; _builder_version=\u00bb4.27.4&#8243; _module_preset=\u00bbdefault\u00bb global_colors_info=\u00bb{}\u00bb][et_pb_team_member name=\u00bbMario Andres Bruno Mel\u00e9ndez\u00bb image_url=\u00bbhttps:\/\/www.upla.cl\/facultad\/ingenieria\/wp-content\/uploads\/2025\/08\/BRUNO.jpg\u00bb admin_label=\u00bbMar\u00eda Fernanda Agudelo Vizcaino\u00bb _builder_version=\u00bb4.27.5&#8243; _module_preset=\u00bbdefault\u00bb header_text_color=\u00bb#592c00&#8243; position_font=\u00bb|800|||||||\u00bb position_text_color=\u00bb#316d1e\u00bb body_link_font=\u00bb||||on|||#009BDB|\u00bb width=\u00bb80%\u00bb hover_enabled=\u00bb0&#8243; border_radii_image=\u00bbon|180px|180px|180px|180px\u00bb border_width_all_image=\u00bb3px\u00bb border_color_all_image=\u00bb#592c00&#8243; global_colors_info=\u00bb{}\u00bb sticky_enabled=\u00bb0&#8243;]<strong>Correo electr\u00f3nico:<br \/>\n<a href=\"mailto:mbruno@upla.cl\" data-mce-fragment=\"1\">mbruno@upla.cl<\/a>\u200b<\/strong><\/p>\n<p><strong> <\/strong><\/p>\n<p><strong><\/strong><\/p>\n<p><span>Doctor en Investigaci\u00f3n, Universit\u00e1 degli Studi de Firenze, Italia.<\/span><\/p>\n<p><span>Ingeniero de Ejecuci\u00f3n en Inform\u00e1tica, Universidad T\u00e9cnica Federico Santa Mar\u00eda, Valpara\u00edso, Chile.<\/span>[\/et_pb_team_member][et_pb_toggle title=\u00bbM\u00e1s informaci\u00f3n\u00bb open_toggle_background_color=\u00bb#FFFFFF\u00bb closed_toggle_background_color=\u00bb#FFFFFF\u00bb icon_color=\u00bb#009bdb\u00bb _builder_version=\u00bb4.27.5&#8243; _module_preset=\u00bbdefault\u00bb width=\u00bb80%\u00bb custom_margin=\u00bb5%||||false|false\u00bb border_radii=\u00bbon|15px|15px|15px|15px\u00bb border_color_all=\u00bb#009bdb\u00bb border_style_all=\u00bboutset\u00bb global_colors_info=\u00bb{}\u00bb]<\/p>\n<p><strong>Intereses de investigaci\u00f3n<\/strong><br \/><span>M\u00e9todos y t\u00e9cnicas de aplicabilidad social, IoT, Cloud, Agro inform\u00e1tica, Videojuegos serios, Inteligencia artificial, Inteligencia Computacional.<br \/><\/span><\/p>\n<p><strong>Participaciones<\/strong><br \/><span>Miembro de IEEE, Cap\u00edtulo Chile IEEE Computational Intelligence Society, IEEE Computer Society, IEEE Cloud Computing Community, IEEE Smart Cities; y Asociaci\u00f3n Chilena de Reconocimiento de Patrones ACHIRP.<br \/><\/span><br \/><span>Representante y Coordinador de la Red Internacional en Desarrollo y Producci\u00f3n de Videojuegos ante Facultad de Ingenier\u00eda, Universidad de Playa Ancha, y IEEE CIS Chile.<\/span><\/p>\n<p>[\/et_pb_toggle][\/et_pb_column][et_pb_column type=\u00bb1_4&#8243; _builder_version=\u00bb4.27.4&#8243; _module_preset=\u00bbdefault\u00bb global_colors_info=\u00bb{}\u00bb][et_pb_team_member name=\u00bbJavier  Andres Castillo Allaria\u00bb image_url=\u00bbhttps:\/\/www.upla.cl\/facultad\/ingenieria\/wp-content\/uploads\/2025\/08\/CASTILLO-1.jpg\u00bb admin_label=\u00bbMar\u00eda Fernanda Agudelo Vizcaino\u00bb _builder_version=\u00bb4.27.4&#8243; _module_preset=\u00bbdefault\u00bb header_text_color=\u00bb#592c00&#8243; position_font=\u00bb|800|||||||\u00bb position_text_color=\u00bb#316d1e\u00bb body_link_font=\u00bb||||on|||#009BDB|\u00bb width=\u00bb80%\u00bb custom_margin=\u00bb||||false|false\u00bb border_radii_image=\u00bbon|180px|180px|180px|180px\u00bb border_width_all_image=\u00bb3px\u00bb border_color_all_image=\u00bb#592c00&#8243; global_colors_info=\u00bb{}\u00bb]<\/p>\n<p><strong>Correo electr\u00f3nico:<br \/><a href=\"mailto:franklin.johnson@upla.cl\"><\/a><a href=\"mailto:fyunniss@upla.cl\"><\/a><a href=\"mailto:javier.castillo@upla.cl\">javier.castillo@upla.cl<\/a><a href=\"mailto:fyunniss@upla.cl\"><\/a><\/strong><\/p>\n<p><span>Licenciado en Ciencias de la Informaci\u00f3n, Universidad de Playa Ancha, Chile.<\/span><\/p>\n<p><span>Director de la carrera de Ingenier\u00eda Inform\u00e1tica, Universidad de Playa Ancha.<\/span><\/p>\n<p><a href=\"https:\/\/doi.org\/10.17163\/alt.v15n1.2020.02\" target=\"_blank\" rel=\"noopener\"><img loading=\"lazy\" decoding=\"async\" src=\"https:\/\/upload.wikimedia.org\/wikipedia\/commons\/e\/eb\/Molde_cover_alteridad_tw.jpg\" alt=\"Alteridad (revista) - Wikipedia, la enciclopedia libre\" width=\"33\" height=\"33\" \/><\/a><\/p>\n<p>[\/et_pb_team_member][et_pb_toggle title=\u00bbM\u00e1s informaci\u00f3n\u00bb open_toggle_background_color=\u00bb#FFFFFF\u00bb closed_toggle_background_color=\u00bb#FFFFFF\u00bb icon_color=\u00bb#009bdb\u00bb _builder_version=\u00bb4.27.4&#8243; _module_preset=\u00bbdefault\u00bb width=\u00bb80%\u00bb custom_margin=\u00bb5%||||false|false\u00bb border_radii=\u00bbon|15px|15px|15px|15px\u00bb border_color_all=\u00bb#009bdb\u00bb border_style_all=\u00bboutset\u00bb global_colors_info=\u00bb{}\u00bb]<\/p>\n<p><strong>L\u00edneas prioritarias:<\/strong><br \/><span>Uso de Tecnolog\u00edas en aprendizaje activo como: Arduinos, sensores y software.<br \/><\/span><br \/><strong>Proyectos en coautor\u00eda:<\/strong><br \/><span>Ingenier\u00eda de Invernaderos para el cuidado de recursos naturales, Red intergeneracional de formaci\u00f3n de competencias para el cultivo de hortalizas en espacios confinados, producci\u00f3n sostenible de plantines de hierbas medicinales y arom\u00e1ticas en invernadero.<br \/><\/span><br \/><strong>Publicaciones:<\/strong><br \/><span>Realidad aumentada y stellarium: astronom\u00eda para ni\u00f1os y ni\u00f1as de cinco a\u00f1os<\/span><br \/><span><strong>Tipo de publicaci\u00f3n:<\/strong> Cap\u00edtulo de libro.<\/span><br \/><span>Autores: P\u00e9rez-Lisboa, S., R\u00edos-Binimelis, C., Castillo Allaria J.<\/span><br \/><span><strong>Revista:<\/strong> Alteridad. Revista de Educaci\u00f3n<\/span><br \/><span><strong>ISBN:<\/strong> 978-958-5405-05-9<\/span><\/p>\n<p>&nbsp;<\/p>\n<p>[\/et_pb_toggle][\/et_pb_column][et_pb_column type=\u00bb1_4&#8243; _builder_version=\u00bb4.27.4&#8243; _module_preset=\u00bbdefault\u00bb global_colors_info=\u00bb{}\u00bb][et_pb_team_member name=\u00bbRicardo Adolfo Contreras Toloza \u00bb image_url=\u00bbhttps:\/\/www.upla.cl\/facultad\/ingenieria\/wp-content\/uploads\/2025\/08\/CONTRERAS.jpg\u00bb admin_label=\u00bbMar\u00eda Fernanda Agudelo Vizcaino\u00bb _builder_version=\u00bb4.27.4&#8243; _module_preset=\u00bbdefault\u00bb header_text_color=\u00bb#592c00&#8243; position_font=\u00bb|800|||||||\u00bb position_text_color=\u00bb#316d1e\u00bb body_link_font=\u00bb||||on|||#009BDB|\u00bb width=\u00bb80%\u00bb border_radii_image=\u00bbon|180px|180px|180px|180px\u00bb border_width_all_image=\u00bb3px\u00bb border_color_all_image=\u00bb#592c00&#8243; global_colors_info=\u00bb{}\u00bb]<\/p>\n<p><strong>Correo electr\u00f3nico:<br \/><a href=\"mailto:delia.ibacache@upla.cl\"><\/a><a href=\"mailto:rcontreras@upla.cl\" target=\"_blank\" rel=\"noopener\">rcontreras@upla.cl<\/a><a href=\"mailto:delia.ibacache@upla.cl\"><\/a><\/strong><\/p>\n<p>Ingeniero Civil Inform\u00e1tico.<\/p>\n<p>Licenciado en Ciencias de la Ingenier\u00eda.<\/p>\n<p><span><\/span><\/p>\n<p>[\/et_pb_team_member][\/et_pb_column][et_pb_column type=\u00bb1_4&#8243; _builder_version=\u00bb4.27.4&#8243; _module_preset=\u00bbdefault\u00bb global_colors_info=\u00bb{}\u00bb][et_pb_team_member name=\u00bbMiguel Roberto Guevara Albornoz\u00bb image_url=\u00bbhttps:\/\/www.upla.cl\/facultad\/ingenieria\/wp-content\/uploads\/2025\/08\/GUEVARA.jpg\u00bb admin_label=\u00bbMar\u00eda Fernanda Agudelo Vizcaino\u00bb _builder_version=\u00bb4.27.4&#8243; _module_preset=\u00bbdefault\u00bb header_text_color=\u00bb#592c00&#8243; position_font=\u00bb|800|||||||\u00bb position_text_color=\u00bb#316d1e\u00bb body_link_font=\u00bb||||on|||#009BDB|\u00bb width=\u00bb80%\u00bb custom_margin=\u00bb||||false|false\u00bb custom_padding=\u00bb||0px|||\u00bb border_radii_image=\u00bbon|180px|180px|180px|180px\u00bb border_width_all_image=\u00bb3px\u00bb border_color_all_image=\u00bb#592c00&#8243; global_colors_info=\u00bb{}\u00bb]<\/p>\n<p><strong>Correo electr\u00f3nico:<br \/><a href=\"mailto:miguel.guevara@upla.cl\">miguel.guevara@upla.cl<\/a><\/strong><\/p>\n<p><span>Doctor en Ingenier\u00eda Inform\u00e1tica, Universidad T\u00e9cnica Federico Santa Mar\u00eda, Chile.<\/span><\/p>\n<p><span>Mag\u00edster en Ciencias de la Ingenier\u00eda Inform\u00e1tica, Universidad T\u00e9cnica Federico Santa Mar\u00eda, Chile.<\/span><\/p>\n<p>Mag\u00edster en Tecnolog\u00edas de la Informaci\u00f3n, Universidad T\u00e9cnica Federico Santa Mar\u00eda, Chile.<\/p>\n<p>Ingeniero Inform\u00e1tico, Universidad Central del Ecuador, Ecuador.<span><\/span><\/p>\n<p><span><a href=\"https:\/\/doi.org\/10.17163\/alt.v15n1.2020.02\" target=\"_blank\" rel=\"noopener\" title=\"Realidad aumentada y stellarium: astronom\u00eda para ni\u00f1os y ni\u00f1as de cinco a\u00f1os\"><\/a><a href=\"https:\/\/orcid.org\/0000-0002-2319-5184\" target=\"_blank\" rel=\"noopener\" title=\"ORCID\"><img loading=\"lazy\" decoding=\"async\" src=\"https:\/\/upload.wikimedia.org\/wikipedia\/commons\/thumb\/0\/06\/ORCID_iD.svg\/2048px-ORCID_iD.svg.png\" jsaction=\"\" class=\"sFlh5c FyHeAf iPVvYb\" alt=\"File:ORCID iD.svg - Wikimedia Commons\" jsname=\"kn3ccd\" width=\"25\" height=\"25\" \/><\/a> <\/span><\/p>\n<p>[\/et_pb_team_member][et_pb_toggle title=\u00bbM\u00e1s informaci\u00f3n\u00bb open_toggle_background_color=\u00bb#FFFFFF\u00bb closed_toggle_background_color=\u00bb#FFFFFF\u00bb icon_color=\u00bb#009bdb\u00bb _builder_version=\u00bb4.27.4&#8243; _module_preset=\u00bbdefault\u00bb width=\u00bb80%\u00bb custom_margin=\u00bb5%||||false|false\u00bb border_radii=\u00bbon|15px|15px|15px|15px\u00bb border_color_all=\u00bb#009bdb\u00bb border_style_all=\u00bboutset\u00bb global_colors_info=\u00bb{}\u00bb]<\/p>\n<p><span><strong>Intereses de investigaci\u00f3n:<br \/><\/strong>Cienciometr\u00eda, An\u00e1lisis de datos, Visualizaci\u00f3n de datos, Redes complejas.<\/span><\/p>\n<p>&nbsp;<\/p>\n<p>[\/et_pb_toggle][\/et_pb_column][\/et_pb_row][et_pb_row column_structure=\u00bb1_4,1_4,1_4,1_4&#8243; disabled_on=\u00bboff|off|off\u00bb _builder_version=\u00bb4.27.4&#8243; _module_preset=\u00bbdefault\u00bb min_height=\u00bb686.1px\u00bb custom_padding=\u00bb19px|||||\u00bb global_colors_info=\u00bb{}\u00bb][et_pb_column type=\u00bb1_4&#8243; _builder_version=\u00bb4.27.4&#8243; _module_preset=\u00bbdefault\u00bb global_colors_info=\u00bb{}\u00bb][et_pb_team_member name=\u00bbMauricio Bryam Hernandez Flores \u00bb image_url=\u00bbhttps:\/\/www.upla.cl\/facultad\/ingenieria\/wp-content\/uploads\/2025\/08\/HERNANDEZ.jpg\u00bb admin_label=\u00bbMar\u00eda Fernanda Agudelo Vizcaino\u00bb _builder_version=\u00bb4.27.4&#8243; _module_preset=\u00bbdefault\u00bb header_text_color=\u00bb#592c00&#8243; position_font=\u00bb|800|||||||\u00bb position_text_color=\u00bb#316d1e\u00bb body_link_font=\u00bb||||on|||#009BDB|\u00bb width=\u00bb80%\u00bb custom_margin=\u00bb||||false|false\u00bb border_radii_image=\u00bbon|180px|180px|180px|180px\u00bb border_width_all_image=\u00bb3px\u00bb border_color_all_image=\u00bb#592c00&#8243; global_colors_info=\u00bb{}\u00bb]<\/p>\n<p><strong>Correo electr\u00f3nico:<br \/><a href=\"mailto:mhernandez@upla.cl\" target=\"_blank\" rel=\"noopener\">mhernandez@upla.cl<\/a><\/strong><strong><\/strong><\/p>\n<p>Ingeniero en Inform\u00e1tica, Universidad T\u00e9cnica Federico Santa Mar\u00eda, Chile.<\/p>\n<p>Contador P\u00fablico y Auditor, Universidad T\u00e9cnica Federico Santa Mar\u00eda, Chile.<\/p>\n<p>&nbsp;<\/p>\n<p>&nbsp;<\/p>\n<p><strong><\/strong><\/p>\n<p>[\/et_pb_team_member][et_pb_toggle title=\u00bbM\u00e1s informaci\u00f3n\u00bb open_toggle_background_color=\u00bb#FFFFFF\u00bb closed_toggle_background_color=\u00bb#FFFFFF\u00bb icon_color=\u00bb#009bdb\u00bb _builder_version=\u00bb4.27.4&#8243; _module_preset=\u00bbdefault\u00bb width=\u00bb80%\u00bb custom_margin=\u00bb5%||||false|false\u00bb border_radii=\u00bbon|15px|15px|15px|15px\u00bb border_color_all=\u00bb#009bdb\u00bb border_style_all=\u00bboutset\u00bb global_colors_info=\u00bb{}\u00bb]<\/p>\n<p><span><strong>Intereses de investigaci\u00f3n:<\/strong><br \/>Optimizaci\u00f3n combinatoria, Programaci\u00f3n con restricciones, Metaheur\u00edsticas.<\/span><\/p>\n<div><strong>Participantes: <\/strong><br \/>Director General del OTEC de la Universidad de Playa Ancha.<\/div>\n<div><\/div>\n<p><span><br \/><\/span><span><\/span><\/p>\n<p>&nbsp;<\/p>\n<p>[\/et_pb_toggle][\/et_pb_column][et_pb_column type=\u00bb1_4&#8243; _builder_version=\u00bb4.27.4&#8243; _module_preset=\u00bbdefault\u00bb global_colors_info=\u00bb{}\u00bb][et_pb_team_member name=\u00bbDelia Veronica Ibacache Bast\u00edas\u00bb image_url=\u00bbhttps:\/\/www.upla.cl\/facultad\/ingenieria\/wp-content\/uploads\/2025\/08\/DELIA.jpg\u00bb admin_label=\u00bbMar\u00eda Fernanda Agudelo Vizcaino\u00bb _builder_version=\u00bb4.27.4&#8243; _module_preset=\u00bbdefault\u00bb header_text_color=\u00bb#592c00&#8243; position_font=\u00bb|800|||||||\u00bb position_text_color=\u00bb#316d1e\u00bb body_link_font=\u00bb||||on|||#009BDB|\u00bb width=\u00bb80%\u00bb border_radii_image=\u00bbon|180px|180px|180px|180px\u00bb border_width_all_image=\u00bb3px\u00bb border_color_all_image=\u00bb#592c00&#8243; locked=\u00bboff\u00bb global_colors_info=\u00bb{}\u00bb]<\/p>\n<p><strong>Correo electr\u00f3nico: <br \/><a href=\"mailto:delia.ibacache@upla.cl\">delia.ibacache@upla.cl<\/a><\/strong><\/p>\n<p><span>Mag\u00edster en Ingenier\u00eda Inform\u00e1tica, Pontificia Universidad Cat\u00f3lica de Valpara\u00edso, Chile.<\/span><br \/><span><\/span><\/p>\n<p><span>Ingeniera en Ejecuci\u00f3n Inform\u00e1tica, Universidad T\u00e9cnica Federico Santa Mar\u00eda, Chile.<\/span><br \/><span><\/span><\/p>\n<p><span>Post\u00edtulo en Ingenier\u00eda de Software, Universitat Oberta de Catalunya (UOC), Espa\u00f1a.<\/span><\/p>\n<p><span> <\/span><br \/><span>Diplomado en Formaci\u00f3n Virtual Universitaria, Pontificia Universidad Cat\u00f3lica de Valpara\u00edso, Chile.<\/span><\/p>\n<p>[\/et_pb_team_member][et_pb_toggle title=\u00bbM\u00e1s informaci\u00f3n\u00bb open_toggle_background_color=\u00bb#FFFFFF\u00bb closed_toggle_background_color=\u00bb#FFFFFF\u00bb icon_color=\u00bb#009bdb\u00bb _builder_version=\u00bb4.27.4&#8243; _module_preset=\u00bbdefault\u00bb width=\u00bb80%\u00bb custom_margin=\u00bb5%||||false|false\u00bb border_radii=\u00bbon|15px|15px|15px|15px\u00bb border_color_all=\u00bb#009bdb\u00bb border_style_all=\u00bboutset\u00bb global_colors_info=\u00bb{}\u00bb]<\/p>\n<p><span><strong>Certificaciones en:<\/strong>\u00a0<br \/>Python, Scrum, Cloud Computing, y Administraci\u00f3n de Bases de Datos Oracle.<br \/><\/span><br \/><span><strong>Especialidad:<\/strong>\u00a0<br \/>Sistemas Operativos, Redes de Computadores, \u00a0An\u00e1lisis y Dise\u00f1o de Software y Gesti\u00f3n de Proyectos Inform\u00e1ticos.<br \/><\/span><br \/><strong>Intereses de investigaci\u00f3n:<span>\u00a0<br \/><\/span><\/strong><span>Metodolog\u00edas activas de ense\u00f1anza y modelo de aula invertida en la ense\u00f1anza de programaci\u00f3n.<\/span><\/p>\n<p>[\/et_pb_toggle][\/et_pb_column][et_pb_column type=\u00bb1_4&#8243; _builder_version=\u00bb4.27.4&#8243; _module_preset=\u00bbdefault\u00bb global_colors_info=\u00bb{}\u00bb][et_pb_team_member name=\u00bbFrancesca Lucia Iunissi Cubillos\u00bb image_url=\u00bbhttps:\/\/www.upla.cl\/facultad\/ingenieria\/wp-content\/uploads\/2025\/06\/faroupla.png.png\u00bb admin_label=\u00bbMar\u00eda Fernanda Agudelo Vizcaino\u00bb _builder_version=\u00bb4.27.4&#8243; _module_preset=\u00bbdefault\u00bb header_text_color=\u00bb#592c00&#8243; position_font=\u00bb|800|||||||\u00bb position_text_color=\u00bb#316d1e\u00bb body_link_font=\u00bb||||on|||#009BDB|\u00bb width=\u00bb80%\u00bb custom_margin=\u00bb||||false|false\u00bb border_radii_image=\u00bbon|180px|180px|180px|180px\u00bb border_width_all_image=\u00bb3px\u00bb border_color_all_image=\u00bb#592c00&#8243; global_colors_info=\u00bb{}\u00bb]<\/p>\n<p><strong>Correo electr\u00f3nico:<br \/><a href=\"mailto:franklin.johnson@upla.cl\"><\/a><a href=\"mailto:fyunniss@upla.cl\">fyunniss@upla.cl<\/a><\/strong><\/p>\n<p><span style=\"font-size: 14px;\">Mag\u00edster en Inform\u00e1tica Educativa, Universidad de La Frontera, Temuco, Chile.<\/span><\/p>\n<p><span style=\"font-size: 14px;\"><br \/>Diplomada en Herramientas para la Formaci\u00f3n Digital, Universidad Adolfo Ib\u00e1\u00f1ez, Vi\u00f1a del Mar, Chile.<br \/><\/span><\/p>\n<p><span style=\"font-size: 14px;\">Diplomada en Gesti\u00f3n de la Calidad, Universidad Tecnol\u00f3gica de Chile.<br \/><\/span><\/p>\n<p><span style=\"font-size: 14px;\">Ingeniera Inform\u00e1tica, Universidad T\u00e9cnico Federico Santa Mar\u00eda, Valpara\u00edso, Chile<\/span><span><\/span><\/p>\n<p>[\/et_pb_team_member][\/et_pb_column][et_pb_column type=\u00bb1_4&#8243; _builder_version=\u00bb4.27.4&#8243; _module_preset=\u00bbdefault\u00bb global_colors_info=\u00bb{}\u00bb][et_pb_team_member name=\u00bbFranklin Andres Johnson Parejas\u00bb image_url=\u00bbhttps:\/\/www.upla.cl\/facultad\/ingenieria\/wp-content\/uploads\/2025\/08\/FRANKLIN.jpg\u00bb admin_label=\u00bbMar\u00eda Fernanda Agudelo Vizcaino\u00bb _builder_version=\u00bb4.27.4&#8243; _module_preset=\u00bbdefault\u00bb header_text_color=\u00bb#592c00&#8243; position_font=\u00bb|800|||||||\u00bb position_text_color=\u00bb#316d1e\u00bb body_link_font=\u00bb||||on|||#009BDB|\u00bb width=\u00bb80%\u00bb custom_margin=\u00bb||||false|false\u00bb custom_padding=\u00bb||0px|0px||\u00bb border_radii_image=\u00bbon|180px|180px|180px|180px\u00bb border_width_all_image=\u00bb3px\u00bb border_color_all_image=\u00bb#592c00&#8243; global_colors_info=\u00bb{}\u00bb]<\/p>\n<p><strong>Correo electr\u00f3nico:<\/strong><br \/><a href=\"mailto:franklin.johnson@upla.cl\">franklin.johnson@upla.cl<\/a><a href=\"mailto:javier.castillo@upla.cl\" target=\"_blank\" rel=\"noopener\" title=\"javier.castillo@upla.cl\"><\/a><\/p>\n<p><span>Doctor en Ingenier\u00eda Inform\u00e1tica, Pontificia Universidad Cat\u00f3lica de Valpara\u00edso, Chile.<\/span><\/p>\n<p><span><br \/>Mag\u00edster en Ciencias de la Ingenier\u00eda Inform\u00e1tica, Pontificia Universidad Cat\u00f3lica de Valpara\u00edso, Chile.<\/span><\/p>\n<p><span><br \/>Ingeniero Civil Inform\u00e1tico, Pontificia Universidad Cat\u00f3lica de Valpara\u00edso, Chile.<\/span><\/p>\n<p><span><a href=\"https:\/\/www.researchgate.net\/profile\/Franklin-Johnson-Parejas\" target=\"_blank\" rel=\"noopener\"><\/a><a href=\"https:\/\/www.researchgate.net\/profile\/Franklin-Johnson-Parejas\" target=\"_blank\" rel=\"noopener\"><img loading=\"lazy\" decoding=\"async\" src=\"https:\/\/upload.wikimedia.org\/wikipedia\/commons\/thumb\/5\/5e\/ResearchGate_icon_SVG.svg\/2048px-ResearchGate_icon_SVG.svg.png\" alt=\"File:ResearchGate icon SVG.svg - Wikimedia Commons\" width=\"25\" height=\"25\" \/><\/a> <a href=\"https:\/\/orcid.org\/0000-0003-4522-3809\" target=\"_blank\" rel=\"noopener\" title=\"ORCID\"><img loading=\"lazy\" decoding=\"async\" src=\"https:\/\/upload.wikimedia.org\/wikipedia\/commons\/thumb\/0\/06\/ORCID_iD.svg\/2048px-ORCID_iD.svg.png\" jsaction=\"\" class=\"sFlh5c FyHeAf iPVvYb\" alt=\"File:ORCID iD.svg - Wikimedia Commons\" jsname=\"kn3ccd\" width=\"25\" height=\"25\" \/><\/a> <a href=\"https:\/\/scholar.google.com\/citationshl=es&amp;user=UBd6oewAAAAJ\" target=\"_blank\" rel=\"noopener\"><img loading=\"lazy\" decoding=\"async\" src=\"https:\/\/encrypted-tbn0.gstatic.com\/images?q=tbn:ANd9GcS9y7tDNBE8Tha5rN1XqDJyqvoBfrQvzK08Yg&amp;s\" alt=\"My Sgem Call For Reviewers\" width=\"25\" height=\"25\" \/> <img loading=\"lazy\" decoding=\"async\" src=\"https:\/\/alfred.app\/workflows\/alfredapp\/google-scholar-suggest\/icon.png\" alt=\"Alfred Gallery \u2022 Workflows \u2022 Google Scholar Suggest\" width=\"29\" height=\"29\" \/><\/a><\/span><\/p>\n<p>[\/et_pb_team_member][\/et_pb_column][\/et_pb_row][et_pb_row column_structure=\u00bb1_4,1_4,1_4,1_4&#8243; disabled_on=\u00bboff|off|off\u00bb _builder_version=\u00bb4.27.4&#8243; _module_preset=\u00bbdefault\u00bb min_height=\u00bb686.1px\u00bb custom_padding=\u00bb19px|||||\u00bb global_colors_info=\u00bb{}\u00bb][et_pb_column type=\u00bb1_4&#8243; _builder_version=\u00bb4.27.4&#8243; _module_preset=\u00bbdefault\u00bb global_colors_info=\u00bb{}\u00bb][et_pb_team_member name=\u00bbCristian Rodrigo Ubal Nu\u00f1ez\u00bb image_url=\u00bbhttps:\/\/www.upla.cl\/facultad\/ingenieria\/wp-content\/uploads\/2025\/06\/faroupla.png.png\u00bb admin_label=\u00bbMar\u00eda Fernanda Agudelo Vizcaino\u00bb _builder_version=\u00bb4.27.4&#8243; _module_preset=\u00bbdefault\u00bb header_text_color=\u00bb#592c00&#8243; position_font=\u00bb|800|||||||\u00bb position_text_color=\u00bb#316d1e\u00bb body_link_font=\u00bb||||on|||#009BDB|\u00bb width=\u00bb80%\u00bb custom_margin=\u00bb||||false|false\u00bb border_radii_image=\u00bbon|180px|180px|180px|180px\u00bb border_width_all_image=\u00bb3px\u00bb border_color_all_image=\u00bb#592c00&#8243; global_colors_info=\u00bb{}\u00bb]<\/p>\n<p><strong>Correo electr\u00f3nico:<br \/><\/strong><strong style=\"font-size: 14px;\"><a href=\"mailto:cristian.ubal@upla.cl\" target=\"_blank\" rel=\"noopener\">cristian.ubal@upla.cl<\/a><\/strong><\/p>\n<p><span>Doctor en Estad\u00edstica, Universidad de Valpara\u00edso, Valpara\u00edso, Chile.<\/p>\n<p><\/span><span>Mag\u00edster en Estad\u00edstica Aplicada, Universidad de Concepci\u00f3n, Concepci\u00f3n, Chile.<\/p>\n<p><\/span><span>Ingeniero Estad\u00edstico, Universidad de Concepci\u00f3n, Concepci\u00f3n, Chile.<\/span><\/p>\n<p><span><\/span><\/p>\n<p><span><\/span><\/p>\n<p>[\/et_pb_team_member][\/et_pb_column][et_pb_column type=\u00bb1_4&#8243; _builder_version=\u00bb4.27.4&#8243; _module_preset=\u00bbdefault\u00bb global_colors_info=\u00bb{}\u00bb][et_pb_team_member name=\u00bbLeandro Anibal Vivanco Huerta \u00bb image_url=\u00bbhttps:\/\/www.upla.cl\/facultad\/ingenieria\/wp-content\/uploads\/2025\/06\/faroupla.png.png\u00bb admin_label=\u00bbMar\u00eda Fernanda Agudelo Vizcaino\u00bb _builder_version=\u00bb4.27.4&#8243; _module_preset=\u00bbdefault\u00bb header_text_color=\u00bb#592c00&#8243; position_font=\u00bb|800|||||||\u00bb position_text_color=\u00bb#316d1e\u00bb body_link_font=\u00bb||||on|||#009BDB|\u00bb width=\u00bb80%\u00bb custom_margin=\u00bb||-17px||false|false\u00bb border_radii_image=\u00bbon|180px|180px|180px|180px\u00bb border_width_all_image=\u00bb3px\u00bb border_color_all_image=\u00bb#592c00&#8243; global_colors_info=\u00bb{}\u00bb]<\/p>\n<p><strong>Correo electr\u00f3nico:<\/strong><br \/><strong><a href=\"mailto:lvivanco@upla.cl\" target=\"_blank\" rel=\"noopener\" title=\"lvivanco@upla.cl\">vivanco@upla.cl<\/a><\/strong><\/p>\n<p>Ingeniero de Ejecuci\u00f3n en inform\u00e1tica, Universidad T\u00e9cnica Federico Santa Mar\u00eda, Valpara\u00edso, Chile.<\/p>\n<p>Mag\u00edster en Bibliotecolog\u00eda e Informaci\u00f3n, Universidad de Playa Ancha, Valpara\u00edso, Chile.<\/p>\n<p>Licenciado en Gesti\u00f3n de Calidad Total, Universidad Cat\u00f3lica del Norte, Antofagasta, Chile.<\/p>\n<p>Licenciado en Educaci\u00f3n, Universidad de Playa Ancha, Valpara\u00edso, Chile.<\/p>\n<p><a href=\"https:\/\/www.researchgate.net\/profile\/Leandro_Vivanco\" target=\"_blank\" rel=\"noopener\" title=\"ORCID\"><span><\/span><\/a><a href=\"https:\/\/www.researchgate.net\/profile\/Leandro_Vivanco\" target=\"_blank\" rel=\"noopener\"><img loading=\"lazy\" decoding=\"async\" src=\"https:\/\/upload.wikimedia.org\/wikipedia\/commons\/thumb\/5\/5e\/ResearchGate_icon_SVG.svg\/2048px-ResearchGate_icon_SVG.svg.png\" alt=\"File:ResearchGate icon SVG.svg - Wikimedia Commons\" width=\"25\" height=\"25\" \/><\/a><\/p>\n<p><a href=\"https:\/\/scholar.google.com\/citations?hl=es&amp;user=1dEYLHUAAAAJ\" target=\"_blank\" rel=\"noopener\" title=\"Google scholar\"><\/a><\/p>\n<p>[\/et_pb_team_member][\/et_pb_column][et_pb_column type=\u00bb1_4&#8243; _builder_version=\u00bb4.27.4&#8243; _module_preset=\u00bbdefault\u00bb global_colors_info=\u00bb{}\u00bb][\/et_pb_column][et_pb_column type=\u00bb1_4&#8243; _builder_version=\u00bb4.27.4&#8243; _module_preset=\u00bbdefault\u00bb global_colors_info=\u00bb{}\u00bb][\/et_pb_column][\/et_pb_row][\/et_pb_section][et_pb_section fb_built=\u00bb1&#8243; disabled_on=\u00bboff|off|off\u00bb _builder_version=\u00bb4.27.4&#8243; custom_padding=\u00bb0px|0px|48.55px|0px\u00bb global_colors_info=\u00bb{}\u00bb][et_pb_row _builder_version=\u00bb4.27.4&#8243; _module_preset=\u00bbdefault\u00bb global_colors_info=\u00bb{}\u00bb][et_pb_column type=\u00bb4_4&#8243; _builder_version=\u00bb4.27.4&#8243; _module_preset=\u00bbdefault\u00bb global_colors_info=\u00bb{}\u00bb][et_pb_text _builder_version=\u00bb4.27.4&#8243; _module_preset=\u00bbdefault\u00bb custom_margin=\u00bb5%||5%||true|false\u00bb global_colors_info=\u00bb{}\u00bb]<\/p>\n<h3>Departamento de Ingenier\u00eda Industrial y Gesti\u00f3n Organizacional<\/h3>\n<p>[\/et_pb_text][\/et_pb_column][\/et_pb_row][et_pb_row column_structure=\u00bb1_4,1_4,1_4,1_4&#8243; _builder_version=\u00bb4.27.4&#8243; _module_preset=\u00bbdefault\u00bb custom_padding=\u00bb||14px|||\u00bb global_colors_info=\u00bb{}\u00bb][et_pb_column type=\u00bb1_4&#8243; _builder_version=\u00bb4.27.4&#8243; _module_preset=\u00bbdefault\u00bb global_colors_info=\u00bb{}\u00bb][et_pb_team_member name=\u00bbH\u00e9ctor Ricardo Acevedo Almonacid\u00bb image_url=\u00bbhttps:\/\/www.upla.cl\/facultad\/ingenieria\/wp-content\/uploads\/2025\/08\/ACEVEDO-1.jpg\u00bb admin_label=\u00bbMar\u00eda Fernanda Agudelo Vizcaino\u00bb _builder_version=\u00bb4.27.4&#8243; _module_preset=\u00bbdefault\u00bb header_text_color=\u00bb#592c00&#8243; position_font=\u00bb|800|||||||\u00bb position_text_color=\u00bb#316d1e\u00bb body_link_font=\u00bb||||on|||#009BDB|\u00bb width=\u00bb80%\u00bb border_radii_image=\u00bbon|180px|180px|180px|180px\u00bb border_width_all_image=\u00bb3px\u00bb border_color_all_image=\u00bb#592c00&#8243; global_colors_info=\u00bb{}\u00bb]<\/p>\n<p><strong>Correo electr\u00f3nico:<\/strong><br \/><a href=\"mailto:hacevedo@upla.cl\" target=\"_blank\" rel=\"noopener\" title=\"hacevedo@upla.cl\">hacevedo@upla.cl<\/a><\/p>\n<p>Doctor en Ingenier\u00eda de Sistemas, Universidad Federal de R\u00edo de Janeiro, Brasil.<\/p>\n<p>Mag\u00edster en Ingenier\u00eda de Sistemas, Universidad Federal de R\u00edo de Janeiro, Brasil.<\/p>\n<p>Ingeniero Comercial, Universidad de Chile.<\/p>\n<p>[\/et_pb_team_member][et_pb_toggle title=\u00bbM\u00e1s informaci\u00f3n\u00bb open_toggle_background_color=\u00bb#FFFFFF\u00bb closed_toggle_background_color=\u00bb#FFFFFF\u00bb icon_color=\u00bb#009bdb\u00bb _builder_version=\u00bb4.27.4&#8243; _module_preset=\u00bbdefault\u00bb width=\u00bb80%\u00bb custom_margin=\u00bb5%||||false|false\u00bb border_radii=\u00bbon|15px|15px|15px|15px\u00bb border_color_all=\u00bb#009bdb\u00bb border_style_all=\u00bboutset\u00bb global_colors_info=\u00bb{}\u00bb]<\/p>\n<p><strong>Especialidad:<\/strong><span> Teor\u00eda de Sistemas.<\/span><\/p>\n<p>[\/et_pb_toggle][\/et_pb_column][et_pb_column type=\u00bb1_4&#8243; _builder_version=\u00bb4.27.4&#8243; _module_preset=\u00bbdefault\u00bb global_colors_info=\u00bb{}\u00bb][et_pb_team_member name=\u00bbDiego Armando Cabrera Pinilla \u00bb image_url=\u00bbhttps:\/\/www.upla.cl\/facultad\/ingenieria\/wp-content\/uploads\/2025\/08\/CABRERA.jpg\u00bb admin_label=\u00bbMar\u00eda Fernanda Agudelo Vizcaino\u00bb _builder_version=\u00bb4.27.4&#8243; _module_preset=\u00bbdefault\u00bb header_text_color=\u00bb#592c00&#8243; position_font=\u00bb|800|||||||\u00bb position_text_color=\u00bb#316d1e\u00bb body_link_font=\u00bb||||on|||#009BDB|\u00bb width=\u00bb80%\u00bb custom_margin=\u00bb||||false|false\u00bb border_radii_image=\u00bbon|180px|180px|180px|180px\u00bb border_width_all_image=\u00bb3px\u00bb border_color_all_image=\u00bb#592c00&#8243; global_colors_info=\u00bb{}\u00bb]<\/p>\n<p><strong>Correo electr\u00f3nico:<\/strong><br \/><a href=\"mailto:claudio.gamero@upla.cl\" target=\"_blank\" rel=\"noopener\" title=\"claudio.gamero@upla.cl\"><\/a><a href=\"mailto:diego.cabrera@upla.cl\" target=\"_blank\" rel=\"noopener\">diego.cabrera@upla.c<\/a><a href=\"mailto:claudio.gamero@upla.cl\" target=\"_blank\" rel=\"noopener\" title=\"claudio.gamero@upla.cl\">l<\/a><\/p>\n<p>Mag\u00edster en Formulaci\u00f3n y Evaluaci\u00f3n de Proyectos, Universidad Aut\u00f3noma de Chile.<\/p>\n<p>Ingeniero Civil Industrial, Universidad de Playa Ancha, Valpara\u00edso, Chile.<\/p>\n<p>&nbsp;<\/p>\n<p>[\/et_pb_team_member][et_pb_toggle title=\u00bbM\u00e1s informaci\u00f3n\u00bb open_toggle_background_color=\u00bb#FFFFFF\u00bb closed_toggle_background_color=\u00bb#FFFFFF\u00bb icon_color=\u00bb#009bdb\u00bb _builder_version=\u00bb4.27.4&#8243; _module_preset=\u00bbdefault\u00bb width=\u00bb80%\u00bb custom_margin=\u00bb5%||||false|false\u00bb border_radii=\u00bbon|15px|15px|15px|15px\u00bb border_color_all=\u00bb#009bdb\u00bb border_style_all=\u00bboutset\u00bb global_colors_info=\u00bb{}\u00bb]<\/p>\n<p><strong>\u00c1reas de inter\u00e9s profesional:<br \/><\/strong>Formulaci\u00f3n y evaluaci\u00f3n de proyectos con impacto social, metodolog\u00edas de innovaci\u00f3n para organizaciones comunitarias, emprendimientos sociales, gesti\u00f3n estrat\u00e9gica en el sector p\u00fablico y privado, innovaci\u00f3n en docencia universitaria, desarrollo territorial, y fomento a la econom\u00eda social, solidaria y circular.<\/p>\n<p><strong>Participaciones y experiencias relevantes:<br \/><\/strong>Asesor de proyectos en organizaciones sociales, juntas de vecinos, cooperativas y pymes en la Regi\u00f3n de Valpara\u00edso, con \u00e9nfasis en la postulaci\u00f3n a fondos concursables y programas p\u00fablicos de fomento.<\/p>\n<p>Creador y facilitador de talleres en metodolog\u00edas como Design Thinking y modelos Canvas para instituciones educativas, territoriales y comunitarias.<\/p>\n<p>Miembro activo en instancias de fortalecimiento curricular, vinculaci\u00f3n con el medio y actualizaci\u00f3n docente, incluyendo formaci\u00f3n en liderazgo, coaching, g\u00e9nero y pol\u00edticas p\u00fablicas.<\/p>\n<p><span><\/span><\/p>\n<p>[\/et_pb_toggle][\/et_pb_column][et_pb_column type=\u00bb1_4&#8243; _builder_version=\u00bb4.27.4&#8243; _module_preset=\u00bbdefault\u00bb global_colors_info=\u00bb{}\u00bb][et_pb_team_member name=\u00bbJonny Mauricio Elizalde Aguilera\u00bb image_url=\u00bbhttps:\/\/www.upla.cl\/facultad\/ingenieria\/wp-content\/uploads\/2025\/06\/faroupla.png.png\u00bb admin_label=\u00bbMar\u00eda Fernanda Agudelo Vizcaino\u00bb _builder_version=\u00bb4.27.4&#8243; _module_preset=\u00bbdefault\u00bb header_text_color=\u00bb#592c00&#8243; position_font=\u00bb|800|||||||\u00bb position_text_color=\u00bb#316d1e\u00bb body_link_font=\u00bb||||on|||#009BDB|\u00bb width=\u00bb80%\u00bb custom_margin=\u00bb||||false|false\u00bb border_radii_image=\u00bbon|180px|180px|180px|180px\u00bb border_width_all_image=\u00bb3px\u00bb border_color_all_image=\u00bb#592c00&#8243; global_colors_info=\u00bb{}\u00bb]<\/p>\n<p><strong>Correo electr\u00f3nico:<span>\u00a0<\/span><br \/><a href=\"mailto:jonny.elizalde@upla.cl\" target=\"_blank\" rel=\"noopener\">jonny.elizalde@upla.<wbr \/>cl<\/a><\/strong><\/p>\n<p><a href=\"mailto:mbruno@upla.cl\" target=\"_blank\" rel=\"noopener\" title=\"mbruno@upla.cl\"><\/a><a href=\"mailto:lespinoza@upla.cl\" target=\"_blank\" rel=\"noopener\" title=\"lespinoza@upla.cl\" style=\"font-size: 14px;\"><\/a>Ingeniero Mec\u00e1nico, PUCV.<\/p>\n<div><\/div>\n<p>Mag\u00edster en Gesti\u00f3n Ambiental, UV.<\/p>\n<p>M\u00e1ster en Energ\u00edas Renovables y eficiencia energ\u00e9tica, Euroinnova.<span style=\"font-size: 14px;\"><\/span><\/p>\n<p>&nbsp;<\/p>\n<p>[\/et_pb_team_member][\/et_pb_column][et_pb_column type=\u00bb1_4&#8243; _builder_version=\u00bb4.27.4&#8243; _module_preset=\u00bbdefault\u00bb global_colors_info=\u00bb{}\u00bb][et_pb_team_member name=\u00bbLuis Andres Espinoza Brito \u00bb image_url=\u00bbhttps:\/\/www.upla.cl\/facultad\/ingenieria\/wp-content\/uploads\/2025\/08\/ESPINOZA.jpg\u00bb admin_label=\u00bbMar\u00eda Fernanda Agudelo Vizcaino\u00bb _builder_version=\u00bb4.27.4&#8243; _module_preset=\u00bbdefault\u00bb header_text_color=\u00bb#592c00&#8243; position_font=\u00bb|800|||||||\u00bb position_text_color=\u00bb#316d1e\u00bb body_link_font=\u00bb||||on|||#009BDB|\u00bb width=\u00bb80%\u00bb custom_margin=\u00bb||||false|false\u00bb border_radii_image=\u00bbon|180px|180px|180px|180px\u00bb border_width_all_image=\u00bb3px\u00bb border_color_all_image=\u00bb#592c00&#8243; global_colors_info=\u00bb{}\u00bb]<\/p>\n<p><strong>Correo electr\u00f3nico:<\/strong><br \/><a href=\"mailto:mbruno@upla.cl\" target=\"_blank\" rel=\"noopener\" title=\"mbruno@upla.cl\"><\/a><a href=\"mailto:lespinoza@upla.cl\" target=\"_blank\" rel=\"noopener\" title=\"lespinoza@upla.cl\">lespinoza@upla.cl<\/a><\/p>\n<p>Doctor en Educaci\u00f3n, Universidad de Playa Ancha, Chile.<\/p>\n<p>Mag\u00edster en Gesti\u00f3n para la Integraci\u00f3n Regional, Universidad de Playa Ancha, Chile.<\/p>\n<p>Ingeniero Civil Industrial, Pontificia Universidad Cat\u00f3lica de Valpara\u00edso, Chile.<span style=\"font-size: 14px;\">.<\/span><\/p>\n<p><span><a href=\"https:\/\/www.researchgate.net\/profile\/Luis-Espinoza-17\" target=\"_blank\" rel=\"noopener\"><\/a><a href=\"https:\/\/www.researchgate.net\/profile\/Luis-Espinoza-17\" target=\"_blank\" rel=\"noopener\"><img loading=\"lazy\" decoding=\"async\" src=\"https:\/\/upload.wikimedia.org\/wikipedia\/commons\/thumb\/5\/5e\/ResearchGate_icon_SVG.svg\/2048px-ResearchGate_icon_SVG.svg.png\" alt=\"File:ResearchGate icon SVG.svg - Wikimedia Commons\" width=\"25\" height=\"25\" \/><\/a> <a href=\"https:\/\/orcid.org\/0000-0003-0600-7126\" target=\"_blank\" rel=\"noopener\" title=\"ORCID\"><img loading=\"lazy\" decoding=\"async\" src=\"https:\/\/upload.wikimedia.org\/wikipedia\/commons\/thumb\/0\/06\/ORCID_iD.svg\/2048px-ORCID_iD.svg.png\" jsaction=\"\" class=\"sFlh5c FyHeAf iPVvYb\" alt=\"File:ORCID iD.svg - Wikimedia Commons\" jsname=\"kn3ccd\" width=\"25\" height=\"25\" \/><\/a><\/span><\/p>\n<p>[\/et_pb_team_member][et_pb_toggle title=\u00bbM\u00e1s informaci\u00f3n\u00bb open_toggle_background_color=\u00bb#FFFFFF\u00bb closed_toggle_background_color=\u00bb#FFFFFF\u00bb icon_color=\u00bb#009bdb\u00bb _builder_version=\u00bb4.27.4&#8243; _module_preset=\u00bbdefault\u00bb width=\u00bb80%\u00bb custom_margin=\u00bb5%||||false|false\u00bb border_radii=\u00bbon|15px|15px|15px|15px\u00bb border_color_all=\u00bb#009bdb\u00bb border_style_all=\u00bboutset\u00bb global_colors_info=\u00bb{}\u00bb]<\/p>\n<p><strong>Especialidad en docencia:<\/strong><br \/>Comportamiento Organizacional, Simulaci\u00f3n, Investigaci\u00f3n de Operaciones, Planificaci\u00f3n Estrat\u00e9gica.<\/p>\n<p><strong>Especialidad en Investigaci\u00f3n:<\/strong><br \/>Ense\u00f1anza de la Ingenier\u00eda, Econom\u00eda.<\/p>\n<p>[\/et_pb_toggle][\/et_pb_column][\/et_pb_row][et_pb_row column_structure=\u00bb1_4,1_4,1_4,1_4&#8243; _builder_version=\u00bb4.27.4&#8243; _module_preset=\u00bbdefault\u00bb min_height=\u00bb711.3px\u00bb global_colors_info=\u00bb{}\u00bb][et_pb_column type=\u00bb1_4&#8243; _builder_version=\u00bb4.27.4&#8243; _module_preset=\u00bbdefault\u00bb global_colors_info=\u00bb{}\u00bb][et_pb_team_member name=\u00bbClaudio Marcelo Gamero Henriquez\u00bb image_url=\u00bbhttps:\/\/www.upla.cl\/facultad\/ingenieria\/wp-content\/uploads\/2025\/08\/GAMERO.jpg\u00bb admin_label=\u00bbMar\u00eda Fernanda Agudelo Vizcaino\u00bb _builder_version=\u00bb4.27.4&#8243; _module_preset=\u00bbdefault\u00bb header_text_color=\u00bb#592c00&#8243; position_font=\u00bb|800|||||||\u00bb position_text_color=\u00bb#316d1e\u00bb body_link_font=\u00bb||||on|||#009BDB|\u00bb width=\u00bb80%\u00bb custom_margin=\u00bb||||false|false\u00bb border_radii_image=\u00bbon|180px|180px|180px|180px\u00bb border_width_all_image=\u00bb3px\u00bb border_color_all_image=\u00bb#592c00&#8243; global_colors_info=\u00bb{}\u00bb]<\/p>\n<p><strong>Correo electr\u00f3nico:<\/strong><br \/><a href=\"mailto:claudio.gamero@upla.cl\" target=\"_blank\" rel=\"noopener\" title=\"claudio.gamero@upla.cl\">claudio.gamero@upla.cl<\/a><\/p>\n<p>Doctor (c) en Ciencias Econ\u00f3micas, Facultad de Ciencias Econ\u00f3micas, Universidad de Buenos Aires, Argentina.<\/p>\n<p>Investigador en el Observatorio Cultural, Facultad de Ciencias Econ\u00f3micas, Universidad de Buenos Aires, Argentina.<\/p>\n<p>Mag\u00edster en Control de Gesti\u00f3n, Pontificia Universidad Cat\u00f3lica de Valpara\u00edso, Chile.<\/p>\n<p>Ingeniero Comercial, Universidad de Valpara\u00edso, Chile.<\/p>\n<p style=\"text-align: left;\"><a href=\"Sintesys.cl\"><span><img loading=\"lazy\" decoding=\"async\" src=\"https:\/\/images.vexels.com\/media\/users\/3\/205387\/isolated\/preview\/9e5a4a16e78a187fc3e47fc6e2c5f03a-trazo-de-icono-de-sitio-web-de-internet.png\" alt=\"Logo de sitio web dise\u00f1o editable\" width=\"25\" height=\"25\" \/><\/span><\/a><a href=\"https:\/\/cl.linkedin.com\/in\/claudio-gamero-henr%C3%ADquez-219b66b1\" target=\"_blank\" rel=\"noopener\"><span> <\/span><\/a><a href=\"https:\/\/cl.linkedin.com\/in\/claudio-gamero-henr%C3%ADquez-219b66b1\" target=\"_blank\" rel=\"noopener\"><span><img loading=\"lazy\" decoding=\"async\" src=\"https:\/\/pngimg.com\/d\/linkedIn_PNG27.png\" alt=\"LinkedIn logo PNG transparent image download, size: 2400x2400px\" width=\"25\" height=\"25\" \/><\/span><\/a><\/p>\n<p>[\/et_pb_team_member][et_pb_toggle title=\u00bbM\u00e1s informaci\u00f3n\u00bb open_toggle_background_color=\u00bb#FFFFFF\u00bb closed_toggle_background_color=\u00bb#FFFFFF\u00bb icon_color=\u00bb#009bdb\u00bb _builder_version=\u00bb4.27.4&#8243; _module_preset=\u00bbdefault\u00bb width=\u00bb80%\u00bb custom_margin=\u00bb5%||||false|false\u00bb border_radii=\u00bbon|15px|15px|15px|15px\u00bb border_color_all=\u00bb#009bdb\u00bb border_style_all=\u00bboutset\u00bb global_colors_info=\u00bb{}\u00bb]<\/p>\n<p><strong>Intereses de investigaci\u00f3n:<\/strong><br \/><span>Econom\u00eda social y cooperativa,<\/span><br \/><span>Sistemas y complejidad en organizaciones horizontales.<\/span><\/p>\n<p>[\/et_pb_toggle][\/et_pb_column][et_pb_column type=\u00bb1_4&#8243; _builder_version=\u00bb4.27.4&#8243; _module_preset=\u00bbdefault\u00bb global_colors_info=\u00bb{}\u00bb][et_pb_team_member name=\u00bbPaz Abigail Hidalgo Astudillo\u00bb image_url=\u00bbhttps:\/\/www.upla.cl\/facultad\/ingenieria\/wp-content\/uploads\/2025\/06\/faroupla.png.png\u00bb admin_label=\u00bbMar\u00eda Fernanda Agudelo Vizcaino\u00bb _builder_version=\u00bb4.27.4&#8243; _module_preset=\u00bbdefault\u00bb header_text_color=\u00bb#592c00&#8243; position_font=\u00bb|800|||||||\u00bb position_text_color=\u00bb#316d1e\u00bb body_link_font=\u00bb||||on|||#009BDB|\u00bb width=\u00bb80%\u00bb border_radii_image=\u00bbon|180px|180px|180px|180px\u00bb border_width_all_image=\u00bb3px\u00bb border_color_all_image=\u00bb#592c00&#8243; global_colors_info=\u00bb{}\u00bb]<\/p>\n<p><strong>Correo electr\u00f3nico:<br \/><span><a href=\"mailto:paz.hidalgo@upla.cl\">paz.hidalgo@upla.cl<\/a><\/span><br \/><\/strong><\/p>\n<p><strong><span><\/span><\/strong><\/p>\n<div>\n<p>Ingeniero Comercial Universidad del Mar.<br \/><span style=\"font-size: 14px;\">\u00a0<\/span><\/p>\n<\/div>\n<div>\n<p>Magister en Finanzas y Comercio Internacional Universidad de Barcelona.<br \/><span style=\"font-size: 14px;\">\u00a0<\/span><\/p>\n<\/div>\n<div>\n<p>Magister (e) Educaci\u00f3n Universidad del Mar.<br \/><span style=\"font-size: 14px;\">\u00a0<\/span><\/p>\n<\/div>\n<div>Doctorando en Ciencias Empresariales Northen\u00a0International University<\/div>\n<p>[\/et_pb_team_member][\/et_pb_column][et_pb_column type=\u00bb1_4&#8243; _builder_version=\u00bb4.27.4&#8243; _module_preset=\u00bbdefault\u00bb global_colors_info=\u00bb{}\u00bb][et_pb_team_member name=\u00bbCamilo Angel Pe\u00f1a Ramirez\u00bb image_url=\u00bbhttps:\/\/www.upla.cl\/facultad\/ingenieria\/wp-content\/uploads\/2025\/08\/PENA.jpg\u00bb admin_label=\u00bbMar\u00eda Fernanda Agudelo Vizcaino\u00bb _builder_version=\u00bb4.27.4&#8243; _module_preset=\u00bbdefault\u00bb header_text_color=\u00bb#592c00&#8243; position_font=\u00bb|800|||||||\u00bb position_text_color=\u00bb#316d1e\u00bb body_link_font=\u00bb||||on|||#009BDB|\u00bb width=\u00bb80%\u00bb custom_margin=\u00bb||||false|false\u00bb border_radii_image=\u00bbon|180px|180px|180px|180px\u00bb border_width_all_image=\u00bb3px\u00bb border_color_all_image=\u00bb#592c00&#8243; global_colors_info=\u00bb{}\u00bb]<\/p>\n<p><strong>Correo electr\u00f3nico:<\/strong><br \/><a href=\"mailto:miguel.guevara@upla.cl\" target=\"_blank\" rel=\"noopener\" title=\"miguel.guevara@upla.cl\">miguel.guevara@upla.cl<\/a><\/p>\n<p><span>Doctor en Administraci\u00f3n, Facultad de Econom\u00eda, Negocios y Contabilidad, Universidad de S\u00e3o Paulo, Brasil.<\/span><\/p>\n<p><span>Doctor en Ciencias de la Administraci\u00f3n, Facultad de Administraci\u00f3n y Econom\u00eda, Universidad de Santiago de Chile, Chile.<\/span><\/p>\n<p><span>MBA, Universidad de Deusto, Espa\u00f1a.<\/span><\/p>\n<p><span>Ingeniero Civil Industrial, Pontificia Universidad Cat\u00f3lica de Valpara\u00edso, Chile.<\/span><\/p>\n<p><a href=\"https:\/\/orcid.org\/0000-0002-1535-8510.\" target=\"_blank\" rel=\"noopener\" title=\"ORCID\"><img loading=\"lazy\" decoding=\"async\" src=\"https:\/\/upload.wikimedia.org\/wikipedia\/commons\/thumb\/0\/06\/ORCID_iD.svg\/2048px-ORCID_iD.svg.png\" jsaction=\"\" class=\"sFlh5c FyHeAf iPVvYb\" alt=\"File:ORCID iD.svg - Wikimedia Commons\" jsname=\"kn3ccd\" width=\"25\" height=\"25\" \/> <span><\/span><\/a><a href=\"%20https:\/\/scholar.google.com\/citations?user=KolRSdkAAAAJ&amp;hl=es.\"><img loading=\"lazy\" decoding=\"async\" src=\"https:\/\/alfred.app\/workflows\/alfredapp\/google-scholar-suggest\/icon.png\" alt=\"Alfred Gallery \u2022 Workflows \u2022 Google Scholar Suggest\" width=\"29\" height=\"29\" \/><\/a><\/p>\n<p>[\/et_pb_team_member][et_pb_toggle title=\u00bbM\u00e1s informaci\u00f3n\u00bb open_toggle_background_color=\u00bb#FFFFFF\u00bb closed_toggle_background_color=\u00bb#FFFFFF\u00bb icon_color=\u00bb#009bdb\u00bb _builder_version=\u00bb4.27.4&#8243; _module_preset=\u00bbdefault\u00bb width=\u00bb80%\u00bb custom_margin=\u00bb5%||||false|false\u00bb border_radii=\u00bbon|15px|15px|15px|15px\u00bb border_color_all=\u00bb#009bdb\u00bb border_style_all=\u00bboutset\u00bb global_colors_info=\u00bb{}\u00bb]<\/p>\n<p><strong>Especialidad en docencia:<\/strong><br \/><span>Investigaci\u00f3n de operaciones, estrategia, administraci\u00f3n, gesti\u00f3n innovaci\u00f3n, emprendimiento.<\/span><\/p>\n<p><strong>Especialidad en Investigaci\u00f3n:<\/strong><br \/><span>Redes de negocios, peque\u00f1a empresa, gesti\u00f3n de innovaci\u00f3n, emprendimiento, educaci\u00f3n emprendedora.<\/span><\/p>\n<p>[\/et_pb_toggle][\/et_pb_column][et_pb_column type=\u00bb1_4&#8243; _builder_version=\u00bb4.27.4&#8243; _module_preset=\u00bbdefault\u00bb global_colors_info=\u00bb{}\u00bb][et_pb_team_member name=\u00bbDiego Alonso Pezo Rivera\u00bb image_url=\u00bbhttps:\/\/www.upla.cl\/facultad\/ingenieria\/wp-content\/uploads\/2025\/08\/PEZO.jpg\u00bb admin_label=\u00bbMar\u00eda Fernanda Agudelo Vizcaino\u00bb _builder_version=\u00bb4.27.4&#8243; _module_preset=\u00bbdefault\u00bb header_text_color=\u00bb#592c00&#8243; position_font=\u00bb|800|||||||\u00bb position_text_color=\u00bb#316d1e\u00bb body_link_font=\u00bb||||on|||#009BDB|\u00bb width=\u00bb80%\u00bb custom_margin=\u00bb||||false|false\u00bb border_radii_image=\u00bbon|180px|180px|180px|180px\u00bb border_width_all_image=\u00bb3px\u00bb border_color_all_image=\u00bb#592c00&#8243; global_colors_info=\u00bb{}\u00bb]<\/p>\n<p><strong>Correo electr\u00f3nico:<\/strong><br \/><a href=\"mailto:diego.pezo@upla.cl\" target=\"_blank\" rel=\"noopener\">diego.pezo@upla.cl<\/a><\/p>\n<p>Magister en Ahorro Energ\u00e9tico y Sostenibilidad, Universidad Polit\u00e9cnica de Catalunya.<\/p>\n<p>Ingeniero Civil Industrial: Universidad T\u00e9cnica Federico Santa Mar\u00eda<\/p>\n<p>&nbsp;<\/p>\n<p>&nbsp;<\/p>\n<p>[\/et_pb_team_member][et_pb_toggle title=\u00bbM\u00e1s informaci\u00f3n\u00bb open_toggle_background_color=\u00bb#FFFFFF\u00bb closed_toggle_background_color=\u00bb#FFFFFF\u00bb icon_color=\u00bb#009bdb\u00bb _builder_version=\u00bb4.27.4&#8243; _module_preset=\u00bbdefault\u00bb width=\u00bb80%\u00bb custom_margin=\u00bb5%||||false|false\u00bb border_radii=\u00bbon|15px|15px|15px|15px\u00bb border_color_all=\u00bb#009bdb\u00bb border_style_all=\u00bboutset\u00bb global_colors_info=\u00bb{}\u00bb]<\/p>\n<p><strong>Intereses de Investigaci\u00f3n:<\/strong><br \/>Tecnolog\u00eda y Econom\u00eda Social, Gesti\u00f3n Colectiva de Recursos Naturales.<\/p>\n<p>Energ\u00edas Renovables, Metalmec\u00e1nica.<\/p>\n<p><strong>Participante:<\/strong><br \/>Miembro de la Red Universitaria de Econom\u00eda Social y Solidaria (RUESS).<\/p>\n<p>Presidente de la Fundaci\u00f3n Nudo de Agua<br \/>Red Universitaria Latinoamericana de Tecnolog\u00eda Social.<\/p>\n<p>Asesor de Cooperativas y Organizaciones de la Econom\u00eda Social de Trabajo, Pesqueras, Campesinas y de Consumo.<\/p>\n<p>[\/et_pb_toggle][\/et_pb_column][\/et_pb_row][et_pb_row column_structure=\u00bb1_4,1_4,1_4,1_4&#8243; _builder_version=\u00bb4.27.4&#8243; _module_preset=\u00bbdefault\u00bb global_colors_info=\u00bb{}\u00bb][et_pb_column type=\u00bb1_4&#8243; _builder_version=\u00bb4.27.4&#8243; _module_preset=\u00bbdefault\u00bb global_colors_info=\u00bb{}\u00bb][et_pb_team_member name=\u00bbOmar Edgardo Rojas Brito\u00bb image_url=\u00bbhttps:\/\/www.upla.cl\/facultad\/ingenieria\/wp-content\/uploads\/2025\/06\/faroupla.png.png\u00bb admin_label=\u00bbMar\u00eda Fernanda Agudelo Vizcaino\u00bb _builder_version=\u00bb4.27.4&#8243; _module_preset=\u00bbdefault\u00bb header_text_color=\u00bb#592c00&#8243; position_font=\u00bb|800|||||||\u00bb position_text_color=\u00bb#316d1e\u00bb body_link_font=\u00bb||||on|||#009BDB|\u00bb width=\u00bb80%\u00bb border_radii_image=\u00bbon|180px|180px|180px|180px\u00bb border_width_all_image=\u00bb3px\u00bb border_color_all_image=\u00bb#592c00&#8243; global_colors_info=\u00bb{}\u00bb]<\/p>\n<p><strong>Correo electr\u00f3nico:<br \/><a href=\"mailto:omar.rojas.brito@gmail.com\">omar.rojas.brito@gmail.com<\/a><\/strong><\/p>\n<p>Mag\u00edster en Gesti\u00f3n Estrat\u00e9gica P\u00fablica y Desarrollo Local, Universidad del Mar, Chile.<\/p>\n<p>Ingeniero Comercial, Universidad de Valpara\u00edso, Chile.<\/p>\n<p><span><a href=\"https:\/\/www.researchgate.net\/profile\/Omar-Rojas-Brito\" target=\"_blank\" rel=\"noopener\"><img loading=\"lazy\" decoding=\"async\" src=\"https:\/\/upload.wikimedia.org\/wikipedia\/commons\/thumb\/5\/5e\/ResearchGate_icon_SVG.svg\/2048px-ResearchGate_icon_SVG.svg.png\" alt=\"File:ResearchGate icon SVG.svg - Wikimedia Commons\" width=\"25\" height=\"25\" \/><\/a><\/span><\/p>\n<p>[\/et_pb_team_member][et_pb_toggle title=\u00bbM\u00e1s informaci\u00f3n\u00bb open_toggle_background_color=\u00bb#FFFFFF\u00bb closed_toggle_background_color=\u00bb#FFFFFF\u00bb icon_color=\u00bb#009bdb\u00bb _builder_version=\u00bb4.27.4&#8243; _module_preset=\u00bbdefault\u00bb width=\u00bb80%\u00bb custom_margin=\u00bb5%||||false|false\u00bb border_radii=\u00bbon|15px|15px|15px|15px\u00bb border_color_all=\u00bb#009bdb\u00bb border_style_all=\u00bboutset\u00bb global_colors_info=\u00bb{}\u00bb]<\/p>\n<p><strong>Especialidad:<\/strong><br \/><span>Pol\u00edticas P\u00fablicas, Macroeconom\u00eda, Microeconom\u00eda, Econom\u00eda Empresarial y Finanzas, Ingenier\u00eda Econ\u00f3mica, Planificaci\u00f3n Estrat\u00e9gica.<\/span><\/p>\n<p>[\/et_pb_toggle][\/et_pb_column][et_pb_column type=\u00bb1_4&#8243; _builder_version=\u00bb4.27.4&#8243; _module_preset=\u00bbdefault\u00bb global_colors_info=\u00bb{}\u00bb][\/et_pb_column][et_pb_column type=\u00bb1_4&#8243; _builder_version=\u00bb4.27.4&#8243; _module_preset=\u00bbdefault\u00bb global_colors_info=\u00bb{}\u00bb][\/et_pb_column][et_pb_column type=\u00bb1_4&#8243; _builder_version=\u00bb4.27.4&#8243; _module_preset=\u00bbdefault\u00bb global_colors_info=\u00bb{}\u00bb][\/et_pb_column][\/et_pb_row][\/et_pb_section][et_pb_section fb_built=\u00bb1&#8243; disabled_on=\u00bboff|off|off\u00bb _builder_version=\u00bb4.27.4&#8243; custom_padding=\u00bb0px|0px|48.55px|0px\u00bb global_colors_info=\u00bb{}\u00bb][et_pb_row _builder_version=\u00bb4.27.4&#8243; _module_preset=\u00bbdefault\u00bb global_colors_info=\u00bb{}\u00bb][et_pb_column type=\u00bb4_4&#8243; _builder_version=\u00bb4.27.4&#8243; _module_preset=\u00bbdefault\u00bb global_colors_info=\u00bb{}\u00bb][et_pb_text _builder_version=\u00bb4.27.4&#8243; _module_preset=\u00bbdefault\u00bb custom_margin=\u00bb5%||5%||true|false\u00bb global_colors_info=\u00bb{}\u00bb]<\/p>\n<h3>Departamento de Ciencias de la Ingenier\u00eda para la Sostenibilidad<\/h3>\n<p>[\/et_pb_text][\/et_pb_column][\/et_pb_row][et_pb_row column_structure=\u00bb1_4,1_4,1_4,1_4&#8243; _builder_version=\u00bb4.27.4&#8243; _module_preset=\u00bbdefault\u00bb custom_padding=\u00bb||16px|||\u00bb global_colors_info=\u00bb{}\u00bb][et_pb_column type=\u00bb1_4&#8243; _builder_version=\u00bb4.27.4&#8243; _module_preset=\u00bbdefault\u00bb global_colors_info=\u00bb{}\u00bb][et_pb_team_member name=\u00bbMarisol Andrea Belmonte Soto\u00bb image_url=\u00bbhttps:\/\/www.upla.cl\/facultad\/ingenieria\/wp-content\/uploads\/2025\/08\/MARISOL.jpg\u00bb admin_label=\u00bbMar\u00eda Fernanda Agudelo Vizcaino\u00bb _builder_version=\u00bb4.27.4&#8243; _module_preset=\u00bbdefault\u00bb header_text_color=\u00bb#592c00&#8243; position_font=\u00bb|800|||||||\u00bb position_text_color=\u00bb#316d1e\u00bb body_link_font=\u00bb||||on|||#009BDB|\u00bb width=\u00bb80%\u00bb border_radii_image=\u00bbon|180px|180px|180px|180px\u00bb border_width_all_image=\u00bb3px\u00bb border_color_all_image=\u00bb#592c00&#8243; global_colors_info=\u00bb{}\u00bb]<\/p>\n<p><strong>Correo electr\u00f3nico:<\/strong><span><br \/><\/span><a href=\"mailto:marisol.belmonte@upla.cl\" target=\"_blank\" rel=\"noopener\" title=\"marisol.belmonte@upla.cl\">marisol.belmonte@upla.cl<\/a><\/p>\n<p><span>Postdoctora, Escuela de Ingenier\u00eda Bioqu\u00edmica, Pontificia Universidad Cat\u00f3lica de Valpara\u00edso, Chile<\/span><\/p>\n<p><span>Doctora en Ciencias Ambientales, menci\u00f3n en Sistemas Acu\u00e1ticos Continentales, Universidad de Concepci\u00f3n, Concepci\u00f3n, Chile.<\/span><\/p>\n<p><span>Bi\u00f3loga, menci\u00f3n en Bases y Gesti\u00f3n del Medio Ambiente, Universidad de Concepci\u00f3n, Concepci\u00f3n, Chile.<\/span>\u00a0<\/p>\n<p><span><a href=\"https:\/\/orcid.org\/0000-0002-3337-9649\" target=\"_blank\" rel=\"noopener\"><img loading=\"lazy\" decoding=\"async\" src=\"https:\/\/upload.wikimedia.org\/wikipedia\/commons\/thumb\/5\/5e\/ResearchGate_icon_SVG.svg\/2048px-ResearchGate_icon_SVG.svg.png\" alt=\"File:ResearchGate icon SVG.svg - Wikimedia Commons\" width=\"25\" height=\"25\" \/><\/a>\u00a0 <a href=\"https:\/\/orcid.org\/0000-0002-3337-9649\" target=\"_blank\" rel=\"noopener\" title=\"ORCID\"><img loading=\"lazy\" decoding=\"async\" src=\"https:\/\/upload.wikimedia.org\/wikipedia\/commons\/thumb\/0\/06\/ORCID_iD.svg\/2048px-ORCID_iD.svg.png\" jsaction=\"\" class=\"sFlh5c FyHeAf iPVvYb\" alt=\"File:ORCID iD.svg - Wikimedia Commons\" jsname=\"kn3ccd\" width=\"25\" height=\"25\" \/> <\/a><a href=\"https:\/\/scholar.google.com\/citations?hl=es&amp;authuser=1&amp;user=XjcDFw8AAAAJ\" target=\"_blank\" rel=\"noopener\"><img loading=\"lazy\" decoding=\"async\" src=\"https:\/\/alfred.app\/workflows\/alfredapp\/google-scholar-suggest\/icon.png\" alt=\"Alfred Gallery \u2022 Workflows \u2022 Google Scholar Suggest\" width=\"29\" height=\"29\" \/><\/a><a href=\"https:\/\/orcid.org\/0000-0002-7299-1988\" target=\"_blank\" rel=\"noopener\" title=\"ORCID\"><\/a><\/span><\/p>\n<p>[\/et_pb_team_member][et_pb_toggle title=\u00bbM\u00e1s informaci\u00f3n\u00bb open_toggle_background_color=\u00bb#FFFFFF\u00bb closed_toggle_background_color=\u00bb#FFFFFF\u00bb icon_color=\u00bb#009bdb\u00bb _builder_version=\u00bb4.27.4&#8243; _module_preset=\u00bbdefault\u00bb width=\u00bb80%\u00bb custom_margin=\u00bb5%||||false|false\u00bb border_radii=\u00bbon|15px|15px|15px|15px\u00bb border_color_all=\u00bb#009bdb\u00bb border_style_all=\u00bboutset\u00bb global_colors_info=\u00bb{}\u00bb]<\/p>\n<p><strong>Intereses de investigaci\u00f3n:<\/strong><br \/><span>Aguas residuales (dom\u00e9sticas, agroindustriales), Tratamiento biol\u00f3gico de aguas residuales (biotecnolog\u00eda), Eliminaci\u00f3n biol\u00f3gica de la materia org\u00e1nica y nitr\u00f3geno, Valorizaci\u00f3n del agua residual.<\/span><\/p>\n<p>[\/et_pb_toggle][\/et_pb_column][et_pb_column type=\u00bb1_4&#8243; _builder_version=\u00bb4.27.4&#8243; _module_preset=\u00bbdefault\u00bb global_colors_info=\u00bb{}\u00bb][et_pb_team_member name=\u00bbEnrique Martin Cort\u00e9s Toro\u00bb image_url=\u00bbhttps:\/\/www.upla.cl\/facultad\/ingenieria\/wp-content\/uploads\/2025\/06\/faroupla.png.png\u00bb admin_label=\u00bbMar\u00eda Fernanda Agudelo Vizcaino\u00bb _builder_version=\u00bb4.27.4&#8243; _module_preset=\u00bbdefault\u00bb header_text_color=\u00bb#592c00&#8243; position_font=\u00bb|800|||||||\u00bb position_text_color=\u00bb#316d1e\u00bb body_link_font=\u00bb||||on|||#009BDB|\u00bb width=\u00bb80%\u00bb custom_margin=\u00bb||||false|false\u00bb border_radii_image=\u00bbon|180px|180px|180px|180px\u00bb border_width_all_image=\u00bb3px\u00bb border_color_all_image=\u00bb#592c00&#8243; global_colors_info=\u00bb{}\u00bb]<\/p>\n<p><strong>Correo electr\u00f3nico:<\/strong><br \/><a href=\"mailto:mbruno@upla.cl\" target=\"_blank\" rel=\"noopener\" title=\"mbruno@upla.cl\">mbruno@upla.cl<\/a><\/p>\n<p>Doctor en Ingenier\u00eda Inform\u00e1tica, Pontificia Universidad Cat\u00f3lica de Valpara\u00edso, Chile.<\/p>\n<p>Mag\u00edster en Ciencias de la Ingenier\u00eda Inform\u00e1tica, Pontificia Universidad Cat\u00f3lica de Valpara\u00edso, Chile.<\/p>\n<p>Mag\u00edster en Ingenier\u00eda Inform\u00e1tica, Pontificia Universidad Cat\u00f3lica de Valpara\u00edso, Chile.<\/p>\n<p>Mag\u00edster en Ciencias de la Ingenier\u00eda con menci\u00f3n en Ingenier\u00eda Qu\u00edmica, Pontificia Universidad Cat\u00f3lica de Valpara\u00edso, Chile.<\/p>\n<p>Ingeniero Civil Qu\u00edmico, Universidad Cat\u00f3lica de Valpara\u00edso, Chile.<\/p>\n<p><a href=\"https:\/\/www.researchgate.net\/profile\/Enrique-Cortes-4\" style=\"font-size: 14px;\" target=\"_blank\" rel=\"noopener\"><img loading=\"lazy\" decoding=\"async\" src=\"https:\/\/upload.wikimedia.org\/wikipedia\/commons\/thumb\/5\/5e\/ResearchGate_icon_SVG.svg\/2048px-ResearchGate_icon_SVG.svg.png\" alt=\"File:ResearchGate icon SVG.svg - Wikimedia Commons\" width=\"25\" height=\"25\" \/><\/a><span style=\"font-size: 14px;\">\u00a0 <\/span><a href=\"https:\/\/orcid.org\/0000-0002-7299-1988\" target=\"_blank\" rel=\"noopener\" title=\"ORCID\" style=\"font-size: 14px;\"><img loading=\"lazy\" decoding=\"async\" src=\"https:\/\/upload.wikimedia.org\/wikipedia\/commons\/thumb\/0\/06\/ORCID_iD.svg\/2048px-ORCID_iD.svg.png\" jsaction=\"\" class=\"sFlh5c FyHeAf iPVvYb\" alt=\"File:ORCID iD.svg - Wikimedia Commons\" jsname=\"kn3ccd\" width=\"25\" height=\"25\" \/><\/a><\/p>\n<p>&nbsp;<\/p>\n<p>[\/et_pb_team_member][et_pb_toggle title=\u00bbM\u00e1s informaci\u00f3n\u00bb open_toggle_background_color=\u00bb#FFFFFF\u00bb closed_toggle_background_color=\u00bb#FFFFFF\u00bb icon_color=\u00bb#009bdb\u00bb _builder_version=\u00bb4.27.4&#8243; _module_preset=\u00bbdefault\u00bb width=\u00bb80%\u00bb custom_margin=\u00bb5%||||false|false\u00bb border_radii=\u00bbon|15px|15px|15px|15px\u00bb border_color_all=\u00bb#009bdb\u00bb border_style_all=\u00bboutset\u00bb global_colors_info=\u00bb{}\u00bb]<\/p>\n<p><strong>Intereses de investigaci\u00f3n<\/strong><br \/><span>M\u00e9todos y t\u00e9cnicas de aplicabilidad social, IoT, Cloud, Agro inform\u00e1tica, Videojuegos serios, Inteligencia artificial, Inteligencia Computacional.<br \/><\/span><br \/><strong>Participaciones<\/strong><br \/><span>Miembro de IEEE, Cap\u00edtulo Chile IEEE Computational Intelligence Society, IEEE Computer Society, IEEE Cloud Computing Community, IEEE Smart Cities; y Asociaci\u00f3n Chilena de Reconocimiento de Patrones ACHIRP.<br \/><\/span><br \/><span>Representante y Coordinador de la Red Internacional en Desarrollo y Producci\u00f3n de Videojuegos ante Facultad de Ingenier\u00eda, Universidad de Playa Ancha, y IEEE CIS Chile.<br \/><\/span><br \/><span>Coordinador y representante ante Facultad de Ingenier\u00eda, Universidad de Playa Ancha, en la red de colaboraci\u00f3n del proyecto CITES Servicio de Recursos H\u00eddricos.<br \/><\/span><br \/><span>Integrante y representante ante la Universidad de Playa Ancha en la red tem\u00e1tica RIES-CIES Centro Interuniversitario de Envejecimiento Saludable del Consejo de Rectores de Universidades del Estado de Chile.<\/span><\/p>\n<p>[\/et_pb_toggle][\/et_pb_column][et_pb_column type=\u00bb1_4&#8243; _builder_version=\u00bb4.27.4&#8243; _module_preset=\u00bbdefault\u00bb global_colors_info=\u00bb{}\u00bb][et_pb_team_member name=\u00bbXimena Cristina Espinoza Ortiz\u00bb image_url=\u00bbhttps:\/\/www.upla.cl\/facultad\/ingenieria\/wp-content\/uploads\/2025\/08\/XIMENA.jpg\u00bb admin_label=\u00bbMar\u00eda Fernanda Agudelo Vizcaino\u00bb _builder_version=\u00bb4.27.4&#8243; _module_preset=\u00bbdefault\u00bb header_text_color=\u00bb#592c00&#8243; position_font=\u00bb|800|||||||\u00bb position_text_color=\u00bb#316d1e\u00bb body_link_font=\u00bb||||on|||#009BDB|\u00bb width=\u00bb80%\u00bb custom_margin=\u00bb||||false|false\u00bb border_radii_image=\u00bbon|180px|180px|180px|180px\u00bb border_width_all_image=\u00bb3px\u00bb border_color_all_image=\u00bb#592c00&#8243; global_colors_info=\u00bb{}\u00bb]<\/p>\n<p><strong>Correo electr\u00f3nico:<\/strong><br \/><a href=\"mailto:xespinoz@upla.cl\">xespinoz@upla.cl<\/a><\/p>\n<p>Doctora (c) en Ense\u00f1anza de las Ciencias, Universidad de Burgos, Espa\u00f1a.<\/p>\n<p>Mag\u00edster en Ense\u00f1anza de las Ciencias, Universidad de Playa Ancha, Chile.<\/p>\n<p>Ingeniera Civil Qu\u00edmica, Pontificia Universidad Cat\u00f3lica de Valpara\u00edso, Chile.<\/p>\n<p><span><a href=\"https:\/\/www.researchgate.net\/profile\/Ximena-Espinoza\" target=\"_blank\" rel=\"noopener\"><img loading=\"lazy\" decoding=\"async\" src=\"https:\/\/upload.wikimedia.org\/wikipedia\/commons\/thumb\/5\/5e\/ResearchGate_icon_SVG.svg\/2048px-ResearchGate_icon_SVG.svg.png\" alt=\"File:ResearchGate icon SVG.svg - Wikimedia Commons\" width=\"25\" height=\"25\" \/><\/a>\u00a0 <a href=\"https:\/\/orcid.org\/0000-0001-9411-9595\" target=\"_blank\" rel=\"noopener\" title=\"ORCID\"><img loading=\"lazy\" decoding=\"async\" src=\"https:\/\/upload.wikimedia.org\/wikipedia\/commons\/thumb\/0\/06\/ORCID_iD.svg\/2048px-ORCID_iD.svg.png\" jsaction=\"\" class=\"sFlh5c FyHeAf iPVvYb\" alt=\"File:ORCID iD.svg - Wikimedia Commons\" jsname=\"kn3ccd\" width=\"25\" height=\"25\" \/> <\/a><a href=\"%20https:\/\/scholar.google.com\/citations?hl=es&amp;user=1dEYLHUAAAAJ\"><img loading=\"lazy\" decoding=\"async\" src=\"https:\/\/alfred.app\/workflows\/alfredapp\/google-scholar-suggest\/icon.png\" alt=\"Alfred Gallery \u2022 Workflows \u2022 Google Scholar Suggest\" width=\"29\" height=\"29\" \/><\/a><\/span><\/p>\n<p>[\/et_pb_team_member][et_pb_toggle title=\u00bbM\u00e1s informaci\u00f3n\u00bb open_toggle_background_color=\u00bb#FFFFFF\u00bb closed_toggle_background_color=\u00bb#FFFFFF\u00bb icon_color=\u00bb#009bdb\u00bb _builder_version=\u00bb4.27.4&#8243; _module_preset=\u00bbdefault\u00bb width=\u00bb80%\u00bb custom_margin=\u00bb5%||||false|false\u00bb border_radii=\u00bbon|15px|15px|15px|15px\u00bb border_color_all=\u00bb#009bdb\u00bb border_style_all=\u00bboutset\u00bb global_colors_info=\u00bb{}\u00bb]<\/p>\n<p><strong>Especialidad:<\/strong><br \/>Ingenier\u00eda de procesos industriales, Ingenier\u00eda t\u00e9rmica, Conservaci\u00f3n de Energ\u00eda, Termodin\u00e1mica aplicada a Ingenier\u00eda, Procesos de aprendizaje en Ingenier\u00eda.<\/p>\n<p>[\/et_pb_toggle][\/et_pb_column][et_pb_column type=\u00bb1_4&#8243; _builder_version=\u00bb4.27.4&#8243; _module_preset=\u00bbdefault\u00bb global_colors_info=\u00bb{}\u00bb][et_pb_team_member name=\u00bbGabriela Gallardo Aliaga\u00bb image_url=\u00bbhttps:\/\/www.upla.cl\/facultad\/ingenieria\/wp-content\/uploads\/2025\/08\/GABRIELA.jpg\u00bb admin_label=\u00bbMar\u00eda Fernanda Agudelo Vizcaino\u00bb _builder_version=\u00bb4.27.4&#8243; _module_preset=\u00bbdefault\u00bb header_text_color=\u00bb#592c00&#8243; position_font=\u00bb|800|||||||\u00bb position_text_color=\u00bb#316d1e\u00bb body_link_font=\u00bb||||on|||#009BDB|\u00bb width=\u00bb80%\u00bb custom_margin=\u00bb||||false|false\u00bb border_radii_image=\u00bbon|180px|180px|180px|180px\u00bb border_width_all_image=\u00bb3px\u00bb border_color_all_image=\u00bb#592c00&#8243; global_colors_info=\u00bb{}\u00bb]<\/p>\n<p><strong>Correo electr\u00f3nico:<\/strong><br \/><a href=\"mailto:gabriela.gallardo@upla.cl\">gabriela.gallardo@upla.cl<\/a><\/p>\n<p>Mag\u00edster en Mecanismos de Desarrollo Limpio y Eficiencia Energ\u00e9tica, Pontificia Universidad Cat\u00f3lica de Valpara\u00edso, Chile.<\/p>\n<p>Ingeniero Ambiental, Licenciada en Ingenier\u00eda Ambiental, Universidad de Valpara\u00edso, Chile.<\/p>\n<p>&nbsp;<\/p>\n<p>[\/et_pb_team_member][et_pb_toggle title=\u00bbM\u00e1s informaci\u00f3n\u00bb open_toggle_background_color=\u00bb#FFFFFF\u00bb closed_toggle_background_color=\u00bb#FFFFFF\u00bb icon_color=\u00bb#009bdb\u00bb _builder_version=\u00bb4.27.4&#8243; _module_preset=\u00bbdefault\u00bb width=\u00bb80%\u00bb custom_margin=\u00bb5%||||false|false\u00bb border_radii=\u00bbon|15px|15px|15px|15px\u00bb border_color_all=\u00bb#009bdb\u00bb border_style_all=\u00bboutset\u00bb global_colors_info=\u00bb{}\u00bb]<\/p>\n<p><span><strong>Especialidad:<\/strong><br \/>Gesti\u00f3n ambiental y energ\u00e9tica nacional e internacional, Elaboraci\u00f3n de proyectos con eficiencia energ\u00e9tica y\/o energ\u00edas renovables no convencionales, Legislaci\u00f3n Ambiental nacional e internacional.<br \/><strong><\/strong><\/span><\/p>\n<p><span><strong>Intereses de investigaci\u00f3n:<\/strong><br \/>Comercio de Emisiones, Permisos de emisi\u00f3n transables, Pol\u00edticas Ambientales y Econom\u00eda circular.<\/span><\/p>\n<p>[\/et_pb_toggle][\/et_pb_column][\/et_pb_row][et_pb_row column_structure=\u00bb1_4,1_4,1_4,1_4&#8243; _builder_version=\u00bb4.27.4&#8243; _module_preset=\u00bbdefault\u00bb global_colors_info=\u00bb{}\u00bb][et_pb_column type=\u00bb1_4&#8243; _builder_version=\u00bb4.27.4&#8243; _module_preset=\u00bbdefault\u00bb global_colors_info=\u00bb{}\u00bb][et_pb_team_member name=\u00bbVer\u00f3nica Cecilia Meza Ram\u00edrez \u00bb image_url=\u00bbhttps:\/\/www.upla.cl\/facultad\/ingenieria\/wp-content\/uploads\/2025\/08\/VERONICA.jpg\u00bb admin_label=\u00bbMar\u00eda Fernanda Agudelo Vizcaino\u00bb _builder_version=\u00bb4.27.4&#8243; _module_preset=\u00bbdefault\u00bb header_text_color=\u00bb#592c00&#8243; position_font=\u00bb|800|||||||\u00bb position_text_color=\u00bb#316d1e\u00bb body_link_font=\u00bb||||on|||#009BDB|\u00bb width=\u00bb80%\u00bb border_radii_image=\u00bbon|180px|180px|180px|180px\u00bb border_width_all_image=\u00bb3px\u00bb border_color_all_image=\u00bb#592c00&#8243; global_colors_info=\u00bb{}\u00bb]<\/p>\n<p><strong>Correo electr\u00f3nico:<\/strong><span><br \/><a href=\"mailto:veronica.meza@upla.cl\" target=\"_blank\" rel=\"noopener\" title=\"veronica.meza@upla.cl\">veronica.meza@upla.cl<\/a><\/span><\/p>\n<p><span>Mag\u00edster en Gesti\u00f3n y Planificaci\u00f3n Educacional, Universidad Diego Portales, Chile.<\/span><\/p>\n<p><span><br \/>Mag\u00edster en Gesti\u00f3n Ambiental, Universidad de Valpara\u00edso, Chile.<\/span><\/p>\n<p><span><br \/>Ingeniera Agr\u00f3noma, Pontificia Universidad Cat\u00f3lica de Valpara\u00edso, Chile.<\/span><span><\/span><\/p>\n<p>&nbsp;<\/p>\n<p><span><a href=\"https:\/\/www.researchgate.net\/profile\/Veronica-Meza-Ramirez\" target=\"_blank\" rel=\"noopener\"><img loading=\"lazy\" decoding=\"async\" src=\"https:\/\/upload.wikimedia.org\/wikipedia\/commons\/thumb\/5\/5e\/ResearchGate_icon_SVG.svg\/2048px-ResearchGate_icon_SVG.svg.png\" alt=\"File:ResearchGate icon SVG.svg - Wikimedia Commons\" width=\"25\" height=\"25\" \/><\/a>\u00a0 <a href=\"https:\/\/orcid.org\/0000-0001-8175-9294\" target=\"_blank\" rel=\"noopener\" title=\"ORCID\"><img loading=\"lazy\" decoding=\"async\" src=\"https:\/\/upload.wikimedia.org\/wikipedia\/commons\/thumb\/0\/06\/ORCID_iD.svg\/2048px-ORCID_iD.svg.png\" jsaction=\"\" class=\"sFlh5c FyHeAf iPVvYb\" alt=\"File:ORCID iD.svg - Wikimedia Commons\" jsname=\"kn3ccd\" width=\"25\" height=\"25\" \/> <\/a><a href=\"%20https:\/\/scholar.google.com\/citations?hl=es&amp;user=aPygcXUAAAAJ\"><img loading=\"lazy\" decoding=\"async\" src=\"https:\/\/alfred.app\/workflows\/alfredapp\/google-scholar-suggest\/icon.png\" alt=\"Alfred Gallery \u2022 Workflows \u2022 Google Scholar Suggest\" width=\"29\" height=\"29\" \/><\/a><\/span><\/p>\n<p>[\/et_pb_team_member][et_pb_toggle title=\u00bbM\u00e1s informaci\u00f3n\u00bb open_toggle_background_color=\u00bb#FFFFFF\u00bb closed_toggle_background_color=\u00bb#FFFFFF\u00bb icon_color=\u00bb#009bdb\u00bb _builder_version=\u00bb4.27.4&#8243; _module_preset=\u00bbdefault\u00bb width=\u00bb80%\u00bb custom_margin=\u00bb5%||||false|false\u00bb border_radii=\u00bbon|15px|15px|15px|15px\u00bb border_color_all=\u00bb#009bdb\u00bb border_style_all=\u00bboutset\u00bb global_colors_info=\u00bb{}\u00bb]<\/p>\n<p><strong>L\u00edneas de investigaci\u00f3n:<\/strong><br \/><span>Fertilidad del suelo, Evaluaci\u00f3n de impacto ambiental, An\u00e1lisis de suelo, Sustentabilidad, Conservaci\u00f3n del suelo y el agua, Biorremediaci\u00f3n.<\/span><\/p>\n<p>[\/et_pb_toggle][\/et_pb_column][et_pb_column type=\u00bb1_4&#8243; _builder_version=\u00bb4.27.4&#8243; _module_preset=\u00bbdefault\u00bb global_colors_info=\u00bb{}\u00bb][et_pb_team_member name=\u00bbEva Andrea Soto Acevedo\u00bb image_url=\u00bbhttps:\/\/www.upla.cl\/facultad\/ingenieria\/wp-content\/uploads\/2025\/08\/EVASOTO.jpg\u00bb admin_label=\u00bbMar\u00eda Fernanda Agudelo Vizcaino\u00bb _builder_version=\u00bb4.27.4&#8243; _module_preset=\u00bbdefault\u00bb header_text_color=\u00bb#592c00&#8243; position_font=\u00bb|800|||||||\u00bb position_text_color=\u00bb#316d1e\u00bb body_link_font=\u00bb||||on|||#009BDB|\u00bb width=\u00bb80%\u00bb custom_margin=\u00bb||||false|false\u00bb border_radii_image=\u00bbon|180px|180px|180px|180px\u00bb border_width_all_image=\u00bb3px\u00bb border_color_all_image=\u00bb#592c00&#8243; global_colors_info=\u00bb{}\u00bb]<\/p>\n<p><strong>Correo electr\u00f3nico:<\/strong><br \/><a href=\"mailto:javiera.norambuena@upla.cl\" target=\"_blank\" rel=\"noopener\">e<strong><\/strong><\/a><strong><a href=\"mailto:esoto@upla.cl\" target=\"_blank\" rel=\"noopener\">soto@upla.cl<\/a><\/strong><a href=\"mailto:mbruno@upla.cl\" target=\"_blank\" rel=\"noopener\" title=\"mbruno@upla.cl\"><\/a><\/p>\n<p><span>D<\/span>octora en Educaci\u00f3n, Instituto de Estudios Superiores de la Red Iberoamericana de Academias de Investigaci\u00f3n (RESIBAI), Secretar\u00eda de Educaci\u00f3n P\u00fabica, M\u00e9xico.<\/p>\n<p><span>Mag\u00edster en Ciencias de la Ingenier\u00eda, menci\u00f3n en Bioqu\u00edmica, Pontificia Universidad Cat\u00f3lica de Valpara\u00edso, Chile.<\/span><\/p>\n<p><span>Ingeniero Civil Bioqu\u00edmico, Pontificia Universidad Cat\u00f3lica de Valpara\u00edso, Chile.<\/span><\/p>\n<p><span><a href=\"%20https:\/\/scholar.google.com\/citations?user=PFYL1zUAAAAJ&amp;hl=es\"><img loading=\"lazy\" decoding=\"async\" src=\"https:\/\/alfred.app\/workflows\/alfredapp\/google-scholar-suggest\/icon.png\" alt=\"Alfred Gallery \u2022 Workflows \u2022 Google Scholar Suggest\" width=\"29\" height=\"29\" \/><\/a><\/span><\/p>\n<p>[\/et_pb_team_member][et_pb_toggle title=\u00bbM\u00e1s informaci\u00f3n\u00bb open_toggle_background_color=\u00bb#FFFFFF\u00bb closed_toggle_background_color=\u00bb#FFFFFF\u00bb icon_color=\u00bb#009bdb\u00bb _builder_version=\u00bb4.27.4&#8243; _module_preset=\u00bbdefault\u00bb width=\u00bb80%\u00bb custom_margin=\u00bb5%||||false|false\u00bb border_radii=\u00bbon|15px|15px|15px|15px\u00bb border_color_all=\u00bb#009bdb\u00bb border_style_all=\u00bboutset\u00bb global_colors_info=\u00bb{}\u00bb]<\/p>\n<p><strong>Participaciones:<\/strong><br \/><span>Consejera Nacional, Colegio de Ingenieros de Chile A. G.<\/span><\/p>\n<p><span>Vicepresidente Red Latinoamericana de ODS, Objetivos de Desarrollo Sostenible.<\/span><span><\/span><\/p>\n<p><span>Vicepresidente del Consejo Zonal Valpara\u00edso, Colegio de Ingenieros de Chile A.G.<\/span><\/p>\n<p><span>Integrante del Consejo de la Sociedad Civil (COSOC) Regi\u00f3n de Valpara\u00edso, Ministerio de Energ\u00eda.<\/span><span><\/span><\/p>\n<p>&nbsp;<\/p>\n<p>[\/et_pb_toggle][\/et_pb_column][et_pb_column type=\u00bb1_4&#8243; _builder_version=\u00bb4.27.4&#8243; _module_preset=\u00bbdefault\u00bb global_colors_info=\u00bb{}\u00bb][et_pb_team_member name=\u00bbEstela Tapia Venegas\u00bb image_url=\u00bbhttps:\/\/www.upla.cl\/facultad\/ingenieria\/wp-content\/uploads\/2025\/07\/ESTELA.jpg\u00bb admin_label=\u00bbMar\u00eda Fernanda Agudelo Vizcaino\u00bb _builder_version=\u00bb4.27.4&#8243; _module_preset=\u00bbdefault\u00bb header_text_color=\u00bb#592c00&#8243; position_font=\u00bb|800|||||||\u00bb position_text_color=\u00bb#316d1e\u00bb body_link_font=\u00bb||||on|||#009BDB|\u00bb width=\u00bb80%\u00bb custom_margin=\u00bb||||false|false\u00bb border_radii_image=\u00bbon|180px|180px|180px|180px\u00bb border_width_all_image=\u00bb3px\u00bb border_color_all_image=\u00bb#592c00&#8243; global_colors_info=\u00bb{}\u00bb]<\/p>\n<p><strong>Correo electr\u00f3nico:<br \/><\/strong><a href=\"mailto:estela.tapia@upla.cl\" target=\"_blank\" rel=\"noopener\" title=\"estela.tapia@upla.cl\">estela.tapia@upla.cl<\/a><a href=\"mailto:gabriela.gallardo@upla.cl\"><\/a><\/p>\n<p>Doctora en Biotecnolog\u00eda, Universidad T\u00e9cnica Federico Santa Mar\u00eda y Pontificia Universidad Cat\u00f3lica de Valpara\u00edso, Chile.<\/p>\n<p>Mag\u00edster en Ciencias de la Ingenier\u00eda con menci\u00f3n en Ingenier\u00eda Bioqu\u00edmica, Pontificia Universidad Cat\u00f3lica de Valpara\u00edso.<\/p>\n<p>Ingenier\u00eda Civil Bioqu\u00edmica, Pontificia Universidad Cat\u00f3lica de Valpara\u00edso.<\/p>\n<p>&nbsp;<\/p>\n<p><strong>\u00a0<\/strong><\/p>\n<p>[\/et_pb_team_member][et_pb_toggle title=\u00bbM\u00e1s informaci\u00f3n\u00bb open_toggle_background_color=\u00bb#FFFFFF\u00bb closed_toggle_background_color=\u00bb#FFFFFF\u00bb icon_color=\u00bb#009bdb\u00bb _builder_version=\u00bb4.27.4&#8243; _module_preset=\u00bbdefault\u00bb width=\u00bb80%\u00bb custom_margin=\u00bb5%||||false|false\u00bb border_radii=\u00bbon|15px|15px|15px|15px\u00bb border_color_all=\u00bb#009bdb\u00bb border_style_all=\u00bboutset\u00bb global_colors_info=\u00bb{}\u00bb]<\/p>\n<p><strong>Especialidad:<\/strong><br \/><span>Producci\u00f3n de bioenerg\u00eda, Tratamiento biol\u00f3gico de aguas residuales, Biorrefiner\u00eda e Ingenier\u00eda de ecosistemas microbianos.<\/span><\/p>\n<p>[\/et_pb_toggle][\/et_pb_column][et_pb_column type=\u00bb1_4&#8243; _builder_version=\u00bb4.27.4&#8243; _module_preset=\u00bbdefault\u00bb global_colors_info=\u00bb{}\u00bb][\/et_pb_column][\/et_pb_row][\/et_pb_section][et_pb_section fb_built=\u00bb1&#8243; admin_label=\u00bbAccesos\u00bb module_id=\u00bbotros accesos\u00bb _builder_version=\u00bb3.0.97&#8243; min_height=\u00bb171.3px\u00bb custom_margin=\u00bb||-35px|||\u00bb custom_padding=\u00bb0px|0px|1px|0px\u00bb global_module=\u00bb104612&#8243; global_colors_info=\u00bb{}\u00bb][et_pb_row use_custom_gutter=\u00bbon\u00bb make_equal=\u00bbon\u00bb admin_label=\u00bbrow\u00bb module_class=\u00bb et_pb_row_fullwidth\u00bb _builder_version=\u00bb4.16&#8243; width=\u00bb100%\u00bb width_tablet=\u00bb100%\u00bb width_phone=\u00bb\u00bb width_last_edited=\u00bbon|desktop\u00bb max_width=\u00bb100%\u00bb max_width_tablet=\u00bb100%\u00bb max_width_phone=\u00bb\u00bb max_width_last_edited=\u00bbon|desktop\u00bb custom_padding=\u00bb0px|0px|24.2667px|0px\u00bb make_fullwidth=\u00bbon\u00bb global_colors_info=\u00bb{}\u00bb][et_pb_column type=\u00bb4_4&#8243; _builder_version=\u00bb4.16&#8243; background_color=\u00bb#009bdb\u00bb custom_padding=\u00bb|||\u00bb global_colors_info=\u00bb{}\u00bb custom_padding__hover=\u00bb|||\u00bb][et_pb_cta title=\u00bbACCESOS\u00bb _builder_version=\u00bb4.16&#8243; header_font_size=\u00bb20&#8243; use_background_color=\u00bboff\u00bb background_size=\u00bbinitial\u00bb background_position=\u00bbtop_left\u00bb background_repeat=\u00bbrepeat\u00bb text_orientation=\u00bbleft\u00bb custom_margin=\u00bb|||50px\u00bb custom_padding=\u00bb15px||0px|\u00bb saved_tabs=\u00bball\u00bb global_colors_info=\u00bb{}\u00bb button_text_size__hover_enabled=\u00bboff\u00bb button_one_text_size__hover_enabled=\u00bboff\u00bb button_two_text_size__hover_enabled=\u00bboff\u00bb button_text_color__hover_enabled=\u00bboff\u00bb button_one_text_color__hover_enabled=\u00bboff\u00bb button_two_text_color__hover_enabled=\u00bboff\u00bb button_border_width__hover_enabled=\u00bboff\u00bb button_one_border_width__hover_enabled=\u00bboff\u00bb button_two_border_width__hover_enabled=\u00bboff\u00bb button_border_color__hover_enabled=\u00bboff\u00bb button_one_border_color__hover_enabled=\u00bboff\u00bb button_two_border_color__hover_enabled=\u00bboff\u00bb button_border_radius__hover_enabled=\u00bboff\u00bb button_one_border_radius__hover_enabled=\u00bboff\u00bb button_two_border_radius__hover_enabled=\u00bboff\u00bb button_letter_spacing__hover_enabled=\u00bboff\u00bb button_one_letter_spacing__hover_enabled=\u00bboff\u00bb button_two_letter_spacing__hover_enabled=\u00bboff\u00bb button_bg_color__hover_enabled=\u00bboff\u00bb button_one_bg_color__hover_enabled=\u00bboff\u00bb button_two_bg_color__hover_enabled=\u00bboff\u00bb][\/et_pb_cta][\/et_pb_column][\/et_pb_row][et_pb_row column_structure=\u00bb1_4,1_4,1_4,1_4&#8243; _builder_version=\u00bb4.16&#8243; background_size=\u00bbinitial\u00bb background_position=\u00bbtop_left\u00bb background_repeat=\u00bbrepeat\u00bb custom_padding=\u00bb0px|0px|0px|0px\u00bb global_colors_info=\u00bb{}\u00bb][et_pb_column type=\u00bb1_4&#8243; _builder_version=\u00bb4.16&#8243; custom_padding=\u00bb|||\u00bb global_colors_info=\u00bb{}\u00bb custom_padding__hover=\u00bb|||\u00bb][et_pb_text _builder_version=\u00bb4.16&#8243; text_font=\u00bbLato||||\u00bb text_text_color=\u00bb#000000&#8243; global_colors_info=\u00bb{}\u00bb]<\/p>\n<ul style=\"list-style-type: disc;\">\n<li><span style=\"color: #000000;\"><a style=\"color: #000000;\" href=\"https:\/\/acceso.upla.cl\/sinte\/Login.aspx?ReturnUrl=%2fsinte%2f\" target=\"_blank\" rel=\"noopener noreferrer\">Sistema integrado<\/a><\/span><\/li>\n<li><span style=\"color: #000000;\"><a style=\"color: #000000;\" href=\"https:\/\/accounts.google.com\/signin\/v2\/identifier?continue=https%3A%2F%2Fmail.google.com%2Fmail%2F&amp;service=mail&amp;hd=alumnos.upla.cl&amp;sacu=1&amp;flowName=GlifWebSignIn&amp;flowEntry=AddSession\" target=\"_blank\" rel=\"noopener noreferrer\">Correo del estudiante<\/a><\/span><\/li>\n<li><span style=\"color: #000000;\"><a style=\"color: #000000;\" href=\"https:\/\/accounts.google.com\/signin\/v2\/identifier?continue=https%3A%2F%2Fmail.google.com%2Fmail%2F&amp;service=mail&amp;hd=upla.cl&amp;sacu=1&amp;flowName=GlifWebSignIn&amp;flowEntry=AddSession\" target=\"_blank\" rel=\"noopener noreferrer\">Correo institucional<\/a><\/span><\/li>\n<li><span style=\"color: #000000;\"><a href=\"http:\/\/www.upla.cl\/\" target=\"_blank\" rel=\"noopener noreferrer\"><span style=\"color: #000000;\">Sitio web institucional<\/span><\/a><\/span><\/li>\n<\/ul>\n<p>[\/et_pb_text][et_pb_divider show_divider=\u00bboff\u00bb _builder_version=\u00bb4.27.4&#8243; _module_preset=\u00bbdefault\u00bb global_colors_info=\u00bb{}\u00bb][\/et_pb_divider][et_pb_divider show_divider=\u00bboff\u00bb _builder_version=\u00bb4.27.4&#8243; _module_preset=\u00bbdefault\u00bb global_colors_info=\u00bb{}\u00bb][\/et_pb_divider][\/et_pb_column][et_pb_column type=\u00bb1_4&#8243; _builder_version=\u00bb4.16&#8243; custom_padding=\u00bb|||\u00bb global_colors_info=\u00bb{}\u00bb custom_padding__hover=\u00bb|||\u00bb][et_pb_text _builder_version=\u00bb4.16&#8243; global_colors_info=\u00bb{}\u00bb]<\/p>\n<ul style=\"list-style-type: disc;\">\n<li><span style=\"color: #000000;\"><a style=\"color: #000000;\" href=\"http:\/\/dgde.upla.cl\/\" target=\"_blank\" rel=\"noopener noreferrer\">Beneficios<\/a><\/span><\/li>\n<li><span style=\"color: #000000;\"><a style=\"color: #000000;\" href=\"http:\/\/www.upla.cl\/admision\/\" target=\"_blank\" rel=\"noopener noreferrer\">Admisi\u00f3n<\/a><\/span><\/li>\n<li><span style=\"color: #000000;\"><a style=\"color: #000000;\" href=\"http:\/\/www.upla.cl\/postgrado\/\" target=\"_blank\" rel=\"noopener noreferrer\">Postgrado<\/a><\/span><\/li>\n<\/ul>\n<p>[\/et_pb_text][\/et_pb_column][et_pb_column type=\u00bb1_4&#8243; _builder_version=\u00bb4.16&#8243; custom_padding=\u00bb|||\u00bb global_colors_info=\u00bb{}\u00bb custom_padding__hover=\u00bb|||\u00bb][et_pb_text _builder_version=\u00bb4.27.4&#8243; global_colors_info=\u00bb{}\u00bb]<\/p>\n<ul style=\"list-style-type: disc;\">\n<li><a href=\"http:\/\/www.upla.cl\/gestioncurricular\/\" target=\"_blank\" rel=\"noopener noreferrer\"><span style=\"color: #000000;\">Gesti\u00f3n curricular<\/span><\/a><\/li>\n<li><span style=\"color: #000000;\"><a style=\"color: #000000;\" href=\"http:\/\/www.upla.cl\/titulosygrados\/\" target=\"_blank\" rel=\"noopener noreferrer\">T\u00edtulos y grados<\/a><\/span><\/li>\n<li><span style=\"color: #000000;\"><a style=\"color: #000000;\" href=\"http:\/\/sitios.upla.cl\/aranceles\/\" target=\"_blank\" rel=\"noopener noreferrer\">Aranceles y cr\u00e9dito<\/a><\/span><\/li>\n<\/ul>\n<p>[\/et_pb_text][\/et_pb_column][et_pb_column type=\u00bb1_4&#8243; _builder_version=\u00bb4.16&#8243; custom_padding=\u00bb|||\u00bb global_colors_info=\u00bb{}\u00bb custom_padding__hover=\u00bb|||\u00bb][et_pb_text _builder_version=\u00bb4.27.4&#8243; _module_preset=\u00bbdefault\u00bb global_colors_info=\u00bb{}\u00bb]<\/p>\n<ul style=\"list-style-type: disc;\">\n<li><span style=\"color: #000000;\"><a style=\"color: #000000;\" href=\"http:\/\/www.upla.cl\/bibliotecas\/\" target=\"_blank\" rel=\"noopener noreferrer\">Biblioteca<\/a><\/span><\/li>\n<li><span style=\"color: #000000;\"> <a style=\"color: #000000;\" href=\"http:\/\/eaula.upla.cl\/moodle\/index.php\" target=\"_blank\" rel=\"noopener noreferrer\">Eaula<\/a> <\/span><\/li>\n<li><span style=\"color: #000000;\"><a style=\"color: #000000;\" href=\"https:\/\/acceso.upla.cl\/Contacto_Institucional\/\" target=\"_blank\" rel=\"noopener noreferrer\">Contacto institucional<\/a><\/span><\/li>\n<\/ul>\n<p>[\/et_pb_text][\/et_pb_column][\/et_pb_row][\/et_pb_section][et_pb_section fb_built=\u00bb1&#8243; _builder_version=\u00bb4.27.4&#8243; _module_preset=\u00bbdefault\u00bb background_color=\u00bb#bce3fa\u00bb min_height=\u00bb100px\u00bb custom_margin=\u00bb23px||-128px|||\u00bb global_colors_info=\u00bb{}\u00bb][\/et_pb_section]<\/p>\n","protected":false},"excerpt":{"rendered":"<p>Departamento de Ciencia de Datos e Inform\u00e1ticaCorreo electr\u00f3nico: mbruno@upla.cl\u200b Doctor en Investigaci\u00f3n, Universit\u00e1 degli Studi de Firenze, Italia. Ingeniero de Ejecuci\u00f3n en Inform\u00e1tica, Universidad T\u00e9cnica Federico Santa Mar\u00eda, Valpara\u00edso, Chile.Intereses de investigaci\u00f3nM\u00e9todos y t\u00e9cnicas de aplicabilidad social, IoT, Cloud, Agro inform\u00e1tica, Videojuegos serios, Inteligencia artificial, Inteligencia Computacional. ParticipacionesMiembro de IEEE, Cap\u00edtulo Chile IEEE Computational Intelligence [&hellip;]<\/p>\n","protected":false},"author":1,"featured_media":0,"parent":0,"menu_order":0,"comment_status":"closed","ping_status":"closed","template":"","meta":{"_et_pb_use_builder":"on","_et_pb_old_content":"","_et_gb_content_width":"","_joinchat":[],"footnotes":""},"class_list":["post-99618","page","type-page","status-publish","hentry"],"_links":{"self":[{"href":"https:\/\/www.upla.cl\/facultad\/ingenieria\/wp-json\/wp\/v2\/pages\/99618","targetHints":{"allow":["GET"]}}],"collection":[{"href":"https:\/\/www.upla.cl\/facultad\/ingenieria\/wp-json\/wp\/v2\/pages"}],"about":[{"href":"https:\/\/www.upla.cl\/facultad\/ingenieria\/wp-json\/wp\/v2\/types\/page"}],"author":[{"embeddable":true,"href":"https:\/\/www.upla.cl\/facultad\/ingenieria\/wp-json\/wp\/v2\/users\/1"}],"replies":[{"embeddable":true,"href":"https:\/\/www.upla.cl\/facultad\/ingenieria\/wp-json\/wp\/v2\/comments?post=99618"}],"version-history":[{"count":130,"href":"https:\/\/www.upla.cl\/facultad\/ingenieria\/wp-json\/wp\/v2\/pages\/99618\/revisions"}],"predecessor-version":[{"id":129084,"href":"https:\/\/www.upla.cl\/facultad\/ingenieria\/wp-json\/wp\/v2\/pages\/99618\/revisions\/129084"}],"wp:attachment":[{"href":"https:\/\/www.upla.cl\/facultad\/ingenieria\/wp-json\/wp\/v2\/media?parent=99618"}],"curies":[{"name":"wp","href":"https:\/\/api.w.org\/{rel}","templated":true}]}}