{"id":99285,"date":"2021-08-30T09:23:24","date_gmt":"2021-08-30T13:23:24","guid":{"rendered":"https:\/\/www.upla.cl\/facultad\/cienciaseducacion\/?page_id=99285"},"modified":"2025-10-28T18:16:45","modified_gmt":"2025-10-28T21:16:45","slug":"magister-en-creacion-de-ambientes-propicios-para-el-aprendizaje-mencion-en-convivencia-escolar","status":"publish","type":"page","link":"https:\/\/www.upla.cl\/facultad\/cienciaseducacion\/postgrado\/magister-en-creacion-de-ambientes-propicios-para-el-aprendizaje-mencion-en-convivencia-escolar\/","title":{"rendered":"Mag\u00edster en Creaci\u00f3n de Ambientes Propicios para el Aprendizaje, menci\u00f3n en Convivencia Escolar"},"content":{"rendered":"<p>[et_pb_section fb_built=\u00bb1&#8243; fullwidth=\u00bbon\u00bb _builder_version=\u00bb4.16&#8243; _module_preset=\u00bbdefault\u00bb global_colors_info=\u00bb{}\u00bb][et_pb_fullwidth_post_title meta=\u00bboff\u00bb featured_placement=\u00bbbackground\u00bb _builder_version=\u00bb4.16&#8243; _module_preset=\u00bbdefault\u00bb title_text_color=\u00bb#FFFFFF\u00bb background_color=\u00bb#B55103&#8243; background_image=\u00bbhttps:\/\/www.upla.cl\/facultad\/cienciaseducacion\/wp-content\/uploads\/2021\/07\/casacentral_patio_1920x1080.jpg\u00bb background_position=\u00bbtop_center\u00bb background_blend=\u00bbmultiply\u00bb custom_padding=\u00bb13.1%||13.1%||true|false\u00bb global_colors_info=\u00bb{}\u00bb][\/et_pb_fullwidth_post_title][\/et_pb_section][et_pb_section fb_built=\u00bb1&#8243; _builder_version=\u00bb4.16&#8243; global_colors_info=\u00bb{}\u00bb][et_pb_row column_structure=\u00bb3_4,1_4&#8243; use_custom_gutter=\u00bbon\u00bb _builder_version=\u00bb4.16&#8243; global_colors_info=\u00bb{}\u00bb][et_pb_column type=\u00bb3_4&#8243; _builder_version=\u00bb4.16&#8243; custom_padding=\u00bb|||\u00bb global_colors_info=\u00bb{}\u00bb custom_padding__hover=\u00bb|||\u00bb][et_pb_accordion icon_color=\u00bb#b55103&#8243; admin_label=\u00bbAcorde\u00f3n: ficha programa\u00bb _builder_version=\u00bb4.25.0&#8243; global_colors_info=\u00bb{}\u00bb][et_pb_accordion_item title=\u00bbMenci\u00f3n\u00bb open=\u00bbon\u00bb _builder_version=\u00bb4.16&#8243; global_colors_info=\u00bb{}\u00bb]&nbsp;<\/p>\n<p>Convivencia Escolar.<br \/>\n[\/et_pb_accordion_item][et_pb_accordion_item title=\u00bbPresentaci\u00f3n\u00bb _builder_version=\u00bb4.16&#8243; global_colors_info=\u00bb{}\u00bb open=\u00bboff\u00bb]El programa tiene como objetivo desarrollar competencias que permitan a los graduados comprender y abordar mejor los problemas de convivencia que se suscitan en las instituciones educacionales, tales como violencia escolar, propiciando establecer como parte de la cultura escolar el fomento de manera plena de actividades que potencien la convivencia social. El graduado ser\u00e1 capaz de intervenir educativamente en las din\u00e1micas particulares del contexto escolar, creando ambientes favorables para el aprendizaje de los estudiantes.<br \/>\n[\/et_pb_accordion_item][et_pb_accordion_item title=\u00bbPlan de estudios\u00bb _builder_version=\u00bb4.16&#8243; global_colors_info=\u00bb{}\u00bb open=\u00bboff\u00bb]<\/p>\n<table border=\"1\" width=\"100%\" cellpadding=\"1\">\n<tbody>\n<tr>\n<td><strong>Primer semestre<\/strong><\/td>\n<td><strong>Tercer semestre<\/strong><\/td>\n<\/tr>\n<tr>\n<td>\n<ul>\n<li>Escuela y Familia Pedag\u00f3gica: Variables Psicol\u00f3gicas Cruciales en el Comportamiento Escolar.<\/li>\n<li>Conflictos entre Profesores y Alumnos: Enfoques Psicosociales y Comunicativos.<\/li>\n<li>Inteligencia Emocional para Mejorar las Relaciones Personales.<\/li>\n<\/ul>\n<\/td>\n<td>\n<ul>\n<li>\u00a0Hitos en el Desarrollo Psicol\u00f3gico de los Alumnos.<\/li>\n<li>Violencia Escolar.<\/li>\n<li>M\u00e9todos de Investigaci\u00f3n Cualitativa Aplicada a Contextos Educativos Diversos y Complejos.<\/li>\n<li>Seminario Interactivo<\/li>\n<\/ul>\n<\/td>\n<\/tr>\n<tr>\n<td><strong>Segundo semestre<\/strong><\/td>\n<td><strong>Cuarto semestre<\/strong><\/td>\n<\/tr>\n<tr>\n<td>\n<ul>\n<li>Representaciones de los Profesores sobre su Propio Trabajo Educacional.<\/li>\n<li>Gesti\u00f3n de la Convivencia Escolar.<\/li>\n<li>Taller de Desarrollo de Proyectos de Intervenci\u00f3n Pedag\u00f3gica y Propuesta de Investigaci\u00f3n.<\/li>\n<li>An\u00e1lisis de Pr\u00e1cticas.<\/li>\n<\/ul>\n<\/td>\n<td>\n<ul>\n<li>Desarrollo de Tesis.<\/li>\n<\/ul>\n<\/td>\n<\/tr>\n<\/tbody>\n<\/table>\n<p>[\/et_pb_accordion_item][et_pb_accordion_item title=\u00bbCuerpo acad\u00e9mico\u00bb _builder_version=\u00bb4.16&#8243; global_colors_info=\u00bb{}\u00bb open=\u00bboff\u00bb]<\/p>\n<p><strong>Claudia Carrasco Aguilar<\/strong><br \/> Doctora en Ciencias de la Educaci\u00f3n, Universidad de Granada, Espa\u00f1a.<\/p>\n<p><strong>Cristina Julio Maturana<\/strong><br \/>Doctora en Educaci\u00f3n, Universidad Humanismo Cristiano Santiago, Chile<\/p>\n<p><strong>Daysi Reinoso Salinas<\/strong><br \/>Doctora en Psicolog\u00eda, Universidad de Oviedo, Espa\u00f1a.<\/p>\n<p><strong>Alejandro Gallardo Jaque<\/strong><br \/>Doctor en Educaci\u00f3n, Universidad de Girona, Espa\u00f1a<\/p>\n<p><strong>Ivette Doll Castillo<\/strong><br \/> Doctora \u00a9 en Educaci\u00f3n, Universidad de Almer\u00eda, Espa\u00f1a<\/p>\n<p><strong>Javier Vergara Nu\u00f1ez<\/strong><br \/> Doctor en Ciencias de la Educaci\u00f3n, Universidad Cat\u00f3lica de Lovaina, B\u00e9lgica<\/p>\n<p><strong>Mar\u00eda Liliana Delgadillo<\/strong><br \/> Doctora en Educaci\u00f3n, Universidad de Playa Ancha, Chile<\/p>\n<p><strong>Ver\u00f3nica Past\u00e9n Valenzuela<\/strong><br \/> Doctora en Ling\u00fc\u00edstica, Pontificia Universidad Cat\u00f3lica de Valpara\u00edso, Chile<\/p>\n<p><strong>Jos\u00e9 Cerpa L\u00f3pez<\/strong><br \/> Mag\u00edster en Educaci\u00f3n, menci\u00f3n en Curr\u00edculum, Pontificia Universidad Cat\u00f3lica de Valpara\u00edso, Chile<\/p>\n<p>[\/et_pb_accordion_item][et_pb_accordion_item title=\u00bbModalidad\u00bb _builder_version=\u00bb4.16&#8243; global_colors_info=\u00bb{}\u00bb open=\u00bboff\u00bb]Presencial.<br \/>\n[\/et_pb_accordion_item][et_pb_accordion_item title=\u00bbRequisitos\u00bb _builder_version=\u00bb4.16&#8243; global_colors_info=\u00bb{}\u00bb open=\u00bboff\u00bb]Los postulantes a los programas de postgrado dictados por la universidad, deber\u00e1n acompa\u00f1ar a sus solicitudes de ingreso la siguiente\u00a0documentaci\u00f3n:<\/p>\n<ol>\n<li>Certificado de Licenciatura y\/o T\u00edtulo Profesional (<span class=\"s1\">original o fotocopia legalizada ante notario<\/span>).<\/li>\n<li>Concentraci\u00f3n de notas\u00a0original o fotocopia\u00a0 legalizada ante notario.<\/li>\n<li>Curr\u00edculum vitae.<\/li>\n<li>Dos informes que avalen las capacidades personales y profesionales del postulante para realizar el programa. Trat\u00e1ndose de postulantes a un doctorado, al menos uno de ellos debe provenir de un acad\u00e9mico universitario con quien haya trabajado el postulante.<\/li>\n<li>Patrocinio o autorizaci\u00f3n de la instituci\u00f3n a la cual pertenece, solo cuando corresponda.<\/li>\n<li>Otros antecedentes establecidos por reglamento espec\u00edfico del programa al que postula.<\/li>\n<li>Dos fotos tama\u00f1o carnet, a color, con nombre y RUT.<\/li>\n<li>Fotocopia c\u00e9dula de identidad por ambos lados.<\/li>\n<\/ol>\n<p>[\/et_pb_accordion_item][et_pb_accordion_item title=\u00bbDuraci\u00f3n\u00bb _builder_version=\u00bb4.16&#8243; global_colors_info=\u00bb{}\u00bb open=\u00bboff\u00bb]Cuatro semestres.<br \/>\n[\/et_pb_accordion_item][et_pb_accordion_item title=\u00bbCoordinaci\u00f3n\u00bb _builder_version=\u00bb4.16&#8243; global_colors_info=\u00bb{}\u00bb open=\u00bboff\u00bb]<\/p>\n<p><strong>Ana Mar\u00eda M\u00e9ndez Cowell<\/strong><br \/>Mag\u00edster en Evaluaci\u00f3n Educacional, Universidad de Playa Ancha, Chile.<br \/>Correo electr\u00f3nico: <a href=\"mailto:amendez@upla.cl\" target=\"_blank\" rel=\"noopener\" title=\"amendez@upla.cl\">amendez@upla.cl<\/a><\/p>\n<p>[\/et_pb_accordion_item][et_pb_accordion_item title=\u00bbConsejo del programa\u00bb _builder_version=\u00bb4.16&#8243; global_colors_info=\u00bb{}\u00bb open=\u00bboff\u00bb]<\/p>\n<ul>\n<li>Daysi Reinoso Salinas, doctora en Psicolog\u00eda, Universidad de Oviedo, Espa\u00f1a.<\/li>\n<li>Javier Vergara N\u00fa\u00f1ez, doctor en Ciencias de la Educaci\u00f3n, Universidad Cat\u00f3lica de Lovaina, B\u00e9lgica.<\/li>\n<li>Alejandro Gallardo Jaque, doctor en Educaci\u00f3n, Universidad de Girona, Espa\u00f1a.<\/li>\n<li>Ver\u00f3nica Past\u00e9n Valenzuela, doctora en L\u00edng\u00fc\u00edstica, Pontificia Universidad Cat\u00f3lica de Valpara\u00edso, Chile.<\/li>\n<li>Ivette Doll Castillo, doctora (c) en Educaci\u00f3n, Universidad de Almer\u00eda, Espa\u00f1a.<\/li>\n<\/ul>\n<p>[\/et_pb_accordion_item][et_pb_accordion_item title=\u00bbUnidad acad\u00e9mica responsable\u00bb _builder_version=\u00bb4.16&#8243; global_colors_info=\u00bb{}\u00bb open=\u00bboff\u00bb]<a href=\"http:\/\/www.upla.cl\/cienciaseducacion\/\" target=\"_blank\" rel=\"noopener noreferrer\">Facultad de Ciencias de la Educaci\u00f3n<\/a><br \/>\n[\/et_pb_accordion_item][et_pb_accordion_item title=\u00bbM\u00e1s informaci\u00f3n\u00bb _builder_version=\u00bb4.16&#8243; global_colors_info=\u00bb{}\u00bb open=\u00bboff\u00bb]<\/p>\n<p><a href=\"mailto:escueladepostgrado@upla.cl\" target=\"_blank\" rel=\"noopener noreferrer\">escueladepostgrado@upla.cl<\/a><\/p>\n<p><a href=\"https:\/\/goo.gl\/maps\/PV1LCBRp4ZR2\" target=\"_blank\" rel=\"noopener noreferrer\">Traslavi\u00f1a 450, Vi\u00f1a del Mar, Chile (click para ver el mapa).<\/a><\/p>\n<p>Avenida Playa Ancha N\u00ba 850, quinto piso de la Casa Central, Valpara\u00edso.<\/p>\n<p>Tel\u00e9fonos: <a href=\"tel:+56322205080\" title=\"+56 32 2205080\">+56 32 2205080<\/a> \/ <a href=\"tel:+56322205197\" title=\"+56 32 2205197\">+56 32 2205197<\/a><\/p>\n<p>Facebook: <a href=\"https:\/\/www.facebook.com\/PostgradoUPLA\" target=\"_blank\" rel=\"noopener noreferrer\">PostgradoUPLA<\/a><\/p>\n<p>[\/et_pb_accordion_item][et_pb_accordion_item title=\u00bbFecha de inicio\u00bb _builder_version=\u00bb4.16&#8243; global_colors_info=\u00bb{}\u00bb open=\u00bboff\u00bb]Por confirmar.[\/et_pb_accordion_item][et_pb_accordion_item title=\u00bbD\u00edas y horarios\u00bb _builder_version=\u00bb4.16&#8243; global_colors_info=\u00bb{}\u00bb open=\u00bboff\u00bb]<\/p>\n<ul>\n<li>S\u00e1bados de 9.00 a 18.00 horas.<\/li>\n<\/ul>\n<p>[\/et_pb_accordion_item][et_pb_accordion_item title=\u00bbPostulaciones\u00bb _builder_version=\u00bb4.25.0&#8243; global_colors_info=\u00bb{}\u00bb open=\u00bboff\u00bb]Abiertas.[\/et_pb_accordion_item][\/et_pb_accordion][\/et_pb_column][et_pb_column type=\u00bb1_4&#8243; _builder_version=\u00bb4.16&#8243; custom_padding=\u00bb|||\u00bb global_colors_info=\u00bb{}\u00bb custom_padding__hover=\u00bb|||\u00bb][et_pb_button button_url=\u00bbhttps:\/\/acceso.upla.cl\/fichadepostulacion\/Aplicacion\/WfPostulacionPostGrado.aspx\u00bb button_text=\u00bbPostula aqu\u00ed\u00bb admin_label=\u00bbBot\u00f3n Solicita m\u00e1s informaci\u00f3n sobre nuestros programas\u00bb _builder_version=\u00bb4.25.0&#8243; global_colors_info=\u00bb{}\u00bb button_text_size__hover_enabled=\u00bboff\u00bb button_one_text_size__hover_enabled=\u00bboff\u00bb button_two_text_size__hover_enabled=\u00bboff\u00bb button_text_color__hover_enabled=\u00bboff\u00bb button_one_text_color__hover_enabled=\u00bboff\u00bb button_two_text_color__hover_enabled=\u00bboff\u00bb button_border_width__hover_enabled=\u00bboff\u00bb button_one_border_width__hover_enabled=\u00bboff\u00bb button_two_border_width__hover_enabled=\u00bboff\u00bb button_border_color__hover_enabled=\u00bboff\u00bb button_one_border_color__hover_enabled=\u00bboff\u00bb button_two_border_color__hover_enabled=\u00bboff\u00bb button_border_radius__hover_enabled=\u00bboff\u00bb button_one_border_radius__hover_enabled=\u00bboff\u00bb button_two_border_radius__hover_enabled=\u00bboff\u00bb button_letter_spacing__hover_enabled=\u00bboff\u00bb button_one_letter_spacing__hover_enabled=\u00bboff\u00bb button_two_letter_spacing__hover_enabled=\u00bboff\u00bb button_bg_color__hover_enabled=\u00bboff\u00bb button_one_bg_color__hover_enabled=\u00bboff\u00bb button_two_bg_color__hover_enabled=\u00bboff\u00bb][\/et_pb_button][et_pb_button button_url=\u00bbhttps:\/\/www.upla.cl\/postgrado\/formulario-de-solicitud-de-informacion-de-programas\/\u00bb button_text=\u00bbSolicita m\u00e1s informaci\u00f3n sobre este programas\u00bb admin_label=\u00bbBot\u00f3n Solicita m\u00e1s informaci\u00f3n sobre nuestros programas\u00bb _builder_version=\u00bb4.16&#8243; global_colors_info=\u00bb{}\u00bb button_text_size__hover_enabled=\u00bboff\u00bb button_one_text_size__hover_enabled=\u00bboff\u00bb button_two_text_size__hover_enabled=\u00bboff\u00bb button_text_color__hover_enabled=\u00bboff\u00bb button_one_text_color__hover_enabled=\u00bboff\u00bb button_two_text_color__hover_enabled=\u00bboff\u00bb button_border_width__hover_enabled=\u00bboff\u00bb button_one_border_width__hover_enabled=\u00bboff\u00bb button_two_border_width__hover_enabled=\u00bboff\u00bb button_border_color__hover_enabled=\u00bboff\u00bb button_one_border_color__hover_enabled=\u00bboff\u00bb button_two_border_color__hover_enabled=\u00bboff\u00bb button_border_radius__hover_enabled=\u00bboff\u00bb button_one_border_radius__hover_enabled=\u00bboff\u00bb button_two_border_radius__hover_enabled=\u00bboff\u00bb button_letter_spacing__hover_enabled=\u00bboff\u00bb button_one_letter_spacing__hover_enabled=\u00bboff\u00bb button_two_letter_spacing__hover_enabled=\u00bboff\u00bb button_bg_color__hover_enabled=\u00bboff\u00bb button_one_bg_color__hover_enabled=\u00bboff\u00bb button_two_bg_color__hover_enabled=\u00bboff\u00bb][\/et_pb_button][et_pb_button button_url=\u00bbhttps:\/\/www.upla.cl\/postgrado\/escuela-de-postgrado\/aranceles\/\u00bb button_text=\u00bbAranceles\u00bb admin_label=\u00bbBot\u00f3n aranceles\u00bb _builder_version=\u00bb4.16&#8243; global_colors_info=\u00bb{}\u00bb button_text_size__hover_enabled=\u00bboff\u00bb button_one_text_size__hover_enabled=\u00bboff\u00bb button_two_text_size__hover_enabled=\u00bboff\u00bb button_text_color__hover_enabled=\u00bboff\u00bb button_one_text_color__hover_enabled=\u00bboff\u00bb button_two_text_color__hover_enabled=\u00bboff\u00bb button_border_width__hover_enabled=\u00bboff\u00bb button_one_border_width__hover_enabled=\u00bboff\u00bb button_two_border_width__hover_enabled=\u00bboff\u00bb button_border_color__hover_enabled=\u00bboff\u00bb button_one_border_color__hover_enabled=\u00bboff\u00bb button_two_border_color__hover_enabled=\u00bboff\u00bb button_border_radius__hover_enabled=\u00bboff\u00bb button_one_border_radius__hover_enabled=\u00bboff\u00bb button_two_border_radius__hover_enabled=\u00bboff\u00bb button_letter_spacing__hover_enabled=\u00bboff\u00bb button_one_letter_spacing__hover_enabled=\u00bboff\u00bb button_two_letter_spacing__hover_enabled=\u00bboff\u00bb button_bg_color__hover_enabled=\u00bboff\u00bb button_one_bg_color__hover_enabled=\u00bboff\u00bb button_two_bg_color__hover_enabled=\u00bboff\u00bb][\/et_pb_button][et_pb_button button_url=\u00bbhttps:\/\/www.upla.cl\/postgrado\/escuela-de-postgrado\/becas-de-postgrado\/\u00bb button_text=\u00bbBecas\u00bb admin_label=\u00bbBot\u00f3n becas\u00bb _builder_version=\u00bb4.16&#8243; global_colors_info=\u00bb{}\u00bb button_text_size__hover_enabled=\u00bboff\u00bb button_one_text_size__hover_enabled=\u00bboff\u00bb button_two_text_size__hover_enabled=\u00bboff\u00bb button_text_color__hover_enabled=\u00bboff\u00bb button_one_text_color__hover_enabled=\u00bboff\u00bb button_two_text_color__hover_enabled=\u00bboff\u00bb button_border_width__hover_enabled=\u00bboff\u00bb button_one_border_width__hover_enabled=\u00bboff\u00bb button_two_border_width__hover_enabled=\u00bboff\u00bb button_border_color__hover_enabled=\u00bboff\u00bb button_one_border_color__hover_enabled=\u00bboff\u00bb button_two_border_color__hover_enabled=\u00bboff\u00bb button_border_radius__hover_enabled=\u00bboff\u00bb button_one_border_radius__hover_enabled=\u00bboff\u00bb button_two_border_radius__hover_enabled=\u00bboff\u00bb button_letter_spacing__hover_enabled=\u00bboff\u00bb button_one_letter_spacing__hover_enabled=\u00bboff\u00bb button_two_letter_spacing__hover_enabled=\u00bboff\u00bb button_bg_color__hover_enabled=\u00bboff\u00bb button_one_bg_color__hover_enabled=\u00bboff\u00bb button_two_bg_color__hover_enabled=\u00bboff\u00bb][\/et_pb_button][\/et_pb_column][\/et_pb_row][\/et_pb_section]<\/p>\n","protected":false},"excerpt":{"rendered":"<p>&nbsp; Convivencia Escolar. El programa tiene como objetivo desarrollar competencias que permitan a los graduados comprender y abordar mejor los problemas de convivencia que se suscitan en las instituciones educacionales, [&hellip;]<\/p>\n","protected":false},"author":1,"featured_media":99290,"parent":84,"menu_order":1,"comment_status":"closed","ping_status":"closed","template":"","meta":{"_et_pb_use_builder":"on","_et_pb_old_content":"","_et_gb_content_width":"","footnotes":""},"class_list":["post-99285","page","type-page","status-publish","has-post-thumbnail","hentry"],"_links":{"self":[{"href":"https:\/\/www.upla.cl\/facultad\/cienciaseducacion\/wp-json\/wp\/v2\/pages\/99285","targetHints":{"allow":["GET"]}}],"collection":[{"href":"https:\/\/www.upla.cl\/facultad\/cienciaseducacion\/wp-json\/wp\/v2\/pages"}],"about":[{"href":"https:\/\/www.upla.cl\/facultad\/cienciaseducacion\/wp-json\/wp\/v2\/types\/page"}],"author":[{"embeddable":true,"href":"https:\/\/www.upla.cl\/facultad\/cienciaseducacion\/wp-json\/wp\/v2\/users\/1"}],"replies":[{"embeddable":true,"href":"https:\/\/www.upla.cl\/facultad\/cienciaseducacion\/wp-json\/wp\/v2\/comments?post=99285"}],"version-history":[{"count":0,"href":"https:\/\/www.upla.cl\/facultad\/cienciaseducacion\/wp-json\/wp\/v2\/pages\/99285\/revisions"}],"up":[{"embeddable":true,"href":"https:\/\/www.upla.cl\/facultad\/cienciaseducacion\/wp-json\/wp\/v2\/pages\/84"}],"wp:featuredmedia":[{"embeddable":true,"href":"https:\/\/www.upla.cl\/facultad\/cienciaseducacion\/wp-json\/wp\/v2\/media\/99290"}],"wp:attachment":[{"href":"https:\/\/www.upla.cl\/facultad\/cienciaseducacion\/wp-json\/wp\/v2\/media?parent=99285"}],"curies":[{"name":"wp","href":"https:\/\/api.w.org\/{rel}","templated":true}]}}