{"id":42,"date":"2017-04-26T16:49:54","date_gmt":"2017-04-26T19:49:54","guid":{"rendered":"http:\/\/www.upla.cl\/facultad\/cienciaseducacion\/?page_id=42"},"modified":"2026-03-13T14:37:19","modified_gmt":"2026-03-13T17:37:19","slug":"facultad","status":"publish","type":"page","link":"https:\/\/www.upla.cl\/facultad\/cienciaseducacion\/facultad\/","title":{"rendered":"Facultad"},"content":{"rendered":"<p>[et_pb_section fb_built=\u00bb1&#8243; fullwidth=\u00bbon\u00bb _builder_version=\u00bb4.16&#8243; _module_preset=\u00bbdefault\u00bb global_colors_info=\u00bb{}\u00bb][et_pb_fullwidth_post_title meta=\u00bboff\u00bb featured_placement=\u00bbbackground\u00bb _builder_version=\u00bb4.17.4&#8243; _module_preset=\u00bbdefault\u00bb title_text_color=\u00bb#FFFFFF\u00bb background_color=\u00bb#B55103&#8243; background_image=\u00bbhttps:\/\/www.upla.cl\/facultad\/cienciaseducacion\/wp-content\/uploads\/2021\/07\/casacentral_patio_1920x1080.jpg\u00bb background_blend=\u00bbmultiply\u00bb custom_padding=\u00bb13%||13%||true|false\u00bb global_colors_info=\u00bb{}\u00bb][\/et_pb_fullwidth_post_title][\/et_pb_section][et_pb_section fb_built=\u00bb1&#8243; _builder_version=\u00bb4.16&#8243; _module_preset=\u00bbdefault\u00bb global_colors_info=\u00bb{}\u00bb][et_pb_row column_structure=\u00bb1_4,3_4&#8243; _builder_version=\u00bb4.16&#8243; _module_preset=\u00bbdefault\u00bb global_colors_info=\u00bb{}\u00bb][et_pb_column type=\u00bb1_4&#8243; _builder_version=\u00bb4.16&#8243; _module_preset=\u00bbdefault\u00bb global_colors_info=\u00bb{}\u00bb][et_pb_team_member name=\u00bbSilvia Sarzoza Herrera\u00bb position=\u00bbDecana\u00bb image_url=\u00bbhttps:\/\/www.upla.cl\/facultad\/cienciaseducacion\/wp-content\/uploads\/2021\/07\/20210719_facultad_educacion_decana_silviasarzona.jpg\u00bb admin_label=\u00bbDecana de la Facultad de Ciencias de la Educaci\u00f3n UPLA &#8211; Silvia Sarzoza Herrera\u00bb _builder_version=\u00bb4.22.2&#8243; _module_preset=\u00bbdefault\u00bb header_font=\u00bb|800|||||||\u00bb header_font_size=\u00bb22px\u00bb position_font=\u00bb|800||on|||||\u00bb position_text_color=\u00bb#ea5b0c\u00bb position_font_size=\u00bb18px\u00bb custom_margin=\u00bb||50px|||\u00bb border_radii_image=\u00bbon|180px|180px|180px|180px\u00bb border_width_all_image=\u00bb7px\u00bb border_color_all_image=\u00bb#ea5b0c\u00bb global_colors_info=\u00bb{}\u00bb][\/et_pb_team_member][et_pb_team_member name=\u00bbSecretaria Acad\u00e9mica\u00bb position=\u00bbAndrea Castillo Villal\u00f3n\u00bb image_url=\u00bbhttps:\/\/www.upla.cl\/facultad\/cienciaseducacion\/wp-content\/uploads\/2021\/07\/20210726_facultad_educacion_secretariaacademica.jpg\u00bb admin_label=\u00bbSecretaria Acad\u00e9mica\u00bb _builder_version=\u00bb4.16&#8243; _module_preset=\u00bbdefault\u00bb position_font=\u00bb|800|||||||\u00bb position_text_color=\u00bb#B55103&#8243; body_link_font=\u00bb||||on|||#009BDB|\u00bb border_radii_image=\u00bbon|180px|180px|180px|180px\u00bb border_width_all_image=\u00bb7px\u00bb border_color_all_image=\u00bb#EA5B0C\u00bb global_colors_info=\u00bb{}\u00bb]<\/p>\n<p><strong>Correo electr\u00f3nico:<\/strong> <a href=\"mailto:acastillo@upla.cl\" target=\"_blank\" rel=\"noopener\" title=\"acastillo@upla.cl\">acastillo@upla.cl<\/a><\/p>\n<p>[\/et_pb_team_member][\/et_pb_column][et_pb_column type=\u00bb3_4&#8243; _builder_version=\u00bb4.16&#8243; _module_preset=\u00bbdefault\u00bb global_colors_info=\u00bb{}\u00bb][et_pb_text _builder_version=\u00bb4.22.2&#8243; _module_preset=\u00bbdefault\u00bb global_colors_info=\u00bb{}\u00bb]<\/p>\n<p>Estimada comunidad de la Facultad de Ciencias de la Educaci\u00f3n de la Universidad de Playa Ancha, futuras y futuros estudiantes, egresadas y egresados, empleadoras y empleadores, usuarias y usuarios en general de este sitio web:<\/p>\n<p>Hoy, m\u00e1s que nunca, a la luz de las transformaciones que est\u00e1 viviendo el sistema nacional de educaci\u00f3n y, en especial, el sistema de educaci\u00f3n superior, junto al creciente proceso de su internacionalizaci\u00f3n y los correspondientes desaf\u00edos de reestructuraci\u00f3n institucional, estoy convencida de que nuestra facultad debe posicionarse con altura de miras y protagonismo en asumir su complejidad en forma participativa, respondiendo a la aspiraci\u00f3n de un proyecto colectivo que sea co-construido por todas y todos.<\/p>\n<p>Es tiempo de aplicar en nuestras pr\u00e1cticas cotidianas de convivencia acad\u00e9mica, aquellos principios y valores \u00e9ticos que las actuales tendencias te\u00f3ricas en el campo de la pedagog\u00eda fundamentan como imperativos: la integraci\u00f3n de saberes te\u00f3ricos y pr\u00e1cticos en la formaci\u00f3n, la reflexi\u00f3n cr\u00edtica y anal\u00edtica sobre los cambios tecnoculturales y sus efectos socioeducativos, la articulaci\u00f3n de redes de cooperaci\u00f3n acad\u00e9mica en la investigaci\u00f3n, y redes profesionales para el intercambio de experiencias, la inclusi\u00f3n de las diferencias, curr\u00edculum, entre otros.<\/p>\n<p>Nada de lo anterior, ser\u00e1 posible si no partimos de la premisa de constituirnos como una comunidad acad\u00e9mica sentipensante, activa y propositiva, a partir del trabajo colaborativo, que oriente y garantice el logro de metas de excelencia, cada d\u00eda m\u00e1s complejas y sometidas a su actualizaci\u00f3n, mediante el examen evaluativo y exhaustivo de nuevos criterios integrales de acreditaci\u00f3n institucional, en di\u00e1logo con los respectivos procesos de mejora de nuestras carreras y programas.<\/p>\n<p>En tal sentido, invito a todas y todos a convocarnos como comunidad, m\u00e1s all\u00e1 de nuestras leg\u00edtimas diferencias y sensibilidades, a definir nuevos caminos de entendimiento en torno a la educaci\u00f3n del Siglo XXI, desde un proyecto acad\u00e9mico regional, situado en las propias y particulares problem\u00e1ticas del sistema educativo, pero abierto y dialogante con los contextos de transformaci\u00f3n que vive Latinoam\u00e9rica y el sistema-mundo, especialmente afectados por las consecuencias de la pandemia sociosanitaria y las interrogantes abiertas sobre los efectos del distanciamiento social y la virtualizaci\u00f3n formativa.<\/p>\n<p>[\/et_pb_text][\/et_pb_column][\/et_pb_row][\/et_pb_section][et_pb_section fb_built=\u00bb1&#8243; _builder_version=\u00bb4.16&#8243; _module_preset=\u00bbdefault\u00bb background_color=\u00bb#BCE3FA\u00bb global_colors_info=\u00bb{}\u00bb][et_pb_row column_structure=\u00bb1_2,1_2&#8243; _builder_version=\u00bb4.16&#8243; _module_preset=\u00bbdefault\u00bb global_colors_info=\u00bb{}\u00bb][et_pb_column type=\u00bb1_2&#8243; _builder_version=\u00bb4.16&#8243; _module_preset=\u00bbdefault\u00bb global_colors_info=\u00bb{}\u00bb][et_pb_blurb title=\u00bbMisi\u00f3n\u00bb use_icon=\u00bbon\u00bb font_icon=\u00bb&#x69;||divi||400&#8243; icon_color=\u00bb#009BDB\u00bb _builder_version=\u00bb4.16&#8243; _module_preset=\u00bbdefault\u00bb header_text_align=\u00bbcenter\u00bb header_text_color=\u00bb#B55103&#8243; body_text_align=\u00bbcenter\u00bb global_colors_info=\u00bb{}\u00bb]La Facultad de Ciencias de la Educaci\u00f3n es una unidad acad\u00e9mica cuya misi\u00f3n es generar y desarrollar conocimientos en educaci\u00f3n y pedagog\u00eda, concordantes con las demandas de las personas en sociedad[\/et_pb_blurb][\/et_pb_column][et_pb_column type=\u00bb1_2&#8243; _builder_version=\u00bb4.16&#8243; _module_preset=\u00bbdefault\u00bb global_colors_info=\u00bb{}\u00bb][et_pb_blurb title=\u00bbVisi\u00f3n\u00bb use_icon=\u00bbon\u00bb font_icon=\u00bb&#x69;||divi||400&#8243; icon_color=\u00bb#009BDB\u00bb _builder_version=\u00bb4.16&#8243; _module_preset=\u00bbdefault\u00bb header_text_align=\u00bbcenter\u00bb header_text_color=\u00bb#B55103&#8243; body_text_align=\u00bbcenter\u00bb global_colors_info=\u00bb{}\u00bb]<\/p>\n<p>La Facultad de Ciencias de la Educaci\u00f3n aspira a ser reconocida y distinguida, en el \u00e1mbito interno, nacional e internacional, por la calidad y excelencia en la formaci\u00f3n de profesionales, licenciados y graduados en educaci\u00f3n, adem\u00e1s de la contribuci\u00f3n en la formaci\u00f3n integral de los profesionales de las otras carreras de la instituci\u00f3n, mediante su capacidad de reflexi\u00f3n y aportaci\u00f3n, desde su perspectiva cient\u00edfica y humanista, al desarrollo de la Educaci\u00f3n, en particular y de la sociedad en general.<\/p>\n<p>[\/et_pb_blurb][\/et_pb_column][\/et_pb_row][\/et_pb_section][et_pb_section fb_built=\u00bb1&#8243; _builder_version=\u00bb4.16&#8243; _module_preset=\u00bbdefault\u00bb background_color=\u00bb#000000&#8243; global_colors_info=\u00bb{}\u00bb][et_pb_row _builder_version=\u00bb4.24.2&#8243; _module_preset=\u00bbdefault\u00bb width=\u00bb90%\u00bb global_colors_info=\u00bb{}\u00bb][et_pb_column type=\u00bb4_4&#8243; _builder_version=\u00bb4.16&#8243; _module_preset=\u00bbdefault\u00bb global_colors_info=\u00bb{}\u00bb][et_pb_blurb title=\u00bbValores\u00bb use_icon=\u00bbon\u00bb font_icon=\u00bb&#x69;||divi||400&#8243; icon_color=\u00bb#009BDB\u00bb content_max_width=\u00bb1100px\u00bb _builder_version=\u00bb4.16&#8243; _module_preset=\u00bbdefault\u00bb header_text_align=\u00bbcenter\u00bb header_text_color=\u00bb#BCE3FA\u00bb body_text_align=\u00bbcenter\u00bb body_text_color=\u00bb#FFFFFF\u00bb body_font_size=\u00bb18px\u00bb global_colors_info=\u00bb{}\u00bb]<\/p>\n<p>La Facultad de Ciencias de la Educaci\u00f3n se define como una unidad acad\u00e9mica interdisciplinaria que agrupa a un cuerpo de personas con el prop\u00f3sito de ense\u00f1ar e investigar en el \u00e1rea de la educaci\u00f3n y en las \u00e1reas afines del conocimiento superior.<\/p>\n<p>Como parte integrante de la Universidad, hace suyo los valores laicos y proyecta su quehacer en una dimensi\u00f3n cultural universal a trav\u00e9s de una perspectiva latinoamericana, considerando para estos efectos, la realidad regional, nacional e internacional. Esta realidad es asumida institucionalmente a trav\u00e9s de diversas acciones: docencia, investigaci\u00f3n, extensi\u00f3n, asesor\u00edas y asistencias t\u00e9cnicas a nivel regional, nacional e internacional y la creaci\u00f3n de centros de estudios en distintas disciplinas.<\/p>\n<p>El equipo docente de la facultad asume las tareas de formar a las nuevas generaciones de profesores para atender los distintos niveles que forman el sistema educativo de nuestro pa\u00eds. De ella dependen directamente las carreras de Educaci\u00f3n Parvularia, Pedagog\u00eda en Educaci\u00f3n Diferencial y Pedagog\u00eda en Educaci\u00f3n B\u00e1sica. Adem\u00e1s, presta servicios en el n\u00facleo de formaci\u00f3n pedag\u00f3gica de todas las carreras de Pedagog\u00eda en Educaci\u00f3n Media.<\/p>\n<p>[\/et_pb_blurb][\/et_pb_column][\/et_pb_row][\/et_pb_section][et_pb_section fb_built=\u00bb1&#8243; _builder_version=\u00bb4.27.4&#8243; _module_preset=\u00bbdefault\u00bb background_color=\u00bb#BCE3FA\u00bb global_colors_info=\u00bb{}\u00bb][et_pb_row _builder_version=\u00bb4.24.2&#8243; _module_preset=\u00bbdefault\u00bb width=\u00bb90%\u00bb global_colors_info=\u00bb{}\u00bb][et_pb_column type=\u00bb4_4&#8243; _builder_version=\u00bb4.16&#8243; _module_preset=\u00bbdefault\u00bb global_colors_info=\u00bb{}\u00bb][et_pb_text _builder_version=\u00bb4.27.4&#8243; _module_preset=\u00bbdefault\u00bb global_colors_info=\u00bb{}\u00bb]<\/p>\n<h3 style=\"text-align: center;\">Planes de Desarrollo de la Facultad<\/h3>\n<p>[\/et_pb_text][\/et_pb_column][\/et_pb_row][et_pb_row column_structure=\u00bb1_2,1_2&#8243; _builder_version=\u00bb4.24.2&#8243; _module_preset=\u00bbdefault\u00bb width=\u00bb90%\u00bb global_colors_info=\u00bb{}\u00bb][et_pb_column type=\u00bb1_2&#8243; _builder_version=\u00bb4.16&#8243; _module_preset=\u00bbdefault\u00bb global_colors_info=\u00bb{}\u00bb][et_pb_blurb title=\u00bbAjuste del Plan de Desarrollo de la Facultad de Ciencias de la Educaci\u00f3n 2024-2030&#8243; content_max_width=\u00bb1100px\u00bb _builder_version=\u00bb4.27.4&#8243; _module_preset=\u00bbdefault\u00bb header_text_align=\u00bbcenter\u00bb header_text_color=\u00bb#000000&#8243; body_text_align=\u00bbcenter\u00bb body_text_color=\u00bb#FFFFFF\u00bb body_font_size=\u00bb18px\u00bb global_colors_info=\u00bb{}\u00bb]        <div class=\"embedpress-document-embed ose-document ep-doc-d7fcf3f3b136871a304a78937b86779c\" style=\"width: 800px; height: 600px;; max-width:100%; display: block\">\n                                    <iframe title=\"20250709_fac-cs-educacion_ajustepd\" allowfullscreen=\"true\" mozallowfullscreen=\"true\" webkitallowfullscreen=\"true\" style=\"width: 800px; height: 600px;; max-width:100%; display: inline-block\" data-emsrc=\"https:\/\/www.upla.cl\/facultad\/cienciaseducacion\/wp-content\/uploads\/2025\/07\/20250709_fac-cs-educacion_ajustepd.pdf\" data-emid=\"embedpress-pdf-shortcode\" class=\"embedpress-embed-document-pdf embedpress-pdf-shortcode\" src=\"https:\/\/www.upla.cl\/facultad\/cienciaseducacion\/wp-admin\/admin-ajax.php?action=get_viewer&#038;file=https%3A%2F%2Fwww.upla.cl%2Ffacultad%2Fcienciaseducacion%2Fwp-content%2Fuploads%2F2025%2F07%2F20250709_fac-cs-educacion_ajustepd.pdf#key=dGhlbWVNb2RlPWRlZmF1bHQmdG9vbGJhcj10cnVlJmxhenlMb2FkPWZhbHNlJnBvc2l0aW9uPXRvcCZwcmVzZW50YXRpb249dHJ1ZSZkb3dubG9hZD10cnVlJmNvcHlfdGV4dD10cnVlJmFkZF90ZXh0PXRydWUmZHJhdz10cnVlJmRvY19yb3RhdGlvbj10cnVlJmFkZF9pbWFnZT10cnVlJmRvY19kZXRhaWxzPXRydWUmc2VsZWN0aW9uX3Rvb2w9MCZzY3JvbGxpbmc9LTEmc3ByZWFkcz0tMSZ6b29tX2luPXRydWUmem9vbV9vdXQ9dHJ1ZSZmaXRfdmlldz10cnVlJmJvb2ttYXJrPXRydWUmc291bmQ9dHJ1ZSZmbGlwYm9va190b29sYmFyX3Bvc2l0aW9uPWJvdHRvbSZwYWdlTnVtYmVyPTEmd2F0ZXJtYXJrX3RleHQ9JndhdGVybWFya19mb250X3NpemU9NDgmd2F0ZXJtYXJrX2NvbG9yPSUyMzAwMDAwMCZ3YXRlcm1hcmtfb3BhY2l0eT0xNSZ3YXRlcm1hcmtfc3R5bGU9Y2VudGVy\" frameborder=\"0\">\n                        <\/iframe>\n                    <p class=\"embedpress-el-powered\">Powered By EmbedPress<\/p>        <\/div>\n\n[\/et_pb_blurb][\/et_pb_column][et_pb_column type=\u00bb1_2&#8243; _builder_version=\u00bb4.16&#8243; _module_preset=\u00bbdefault\u00bb global_colors_info=\u00bb{}\u00bb][et_pb_blurb title=\u00bbPlan de Desarrollo de la Facultad de Ciencias de la Educaci\u00f3n 2016-2025&#8243; content_max_width=\u00bb1100px\u00bb _builder_version=\u00bb4.27.4&#8243; _module_preset=\u00bbdefault\u00bb header_text_align=\u00bbcenter\u00bb header_text_color=\u00bb#000000&#8243; body_text_align=\u00bbcenter\u00bb body_text_color=\u00bb#FFFFFF\u00bb body_font_size=\u00bb18px\u00bb global_colors_info=\u00bb{}\u00bb]<\/p>\n        <div class=\"embedpress-document-embed ose-document ep-doc-d7fcf3f3b136871a304a78937b86779c\" style=\"width: 800px; height: 600px;; max-width:100%; display: block\">\n                                    <iframe title=\"Plan de Desarrollo de la Facultad de Ciencias de la Educaci\u00f3n de la Universidad de Playa Ancha\" allowfullscreen=\"true\" mozallowfullscreen=\"true\" webkitallowfullscreen=\"true\" style=\"width: 800px; height: 600px;; max-width:100%; display: inline-block\" data-emsrc=\"https:\/\/www.upla.cl\/facultad\/cienciaseducacion\/wp-content\/uploads\/2022\/07\/20220728_facultad_educacion_plandedesarrollo.pdf\" data-emid=\"embedpress-pdf-shortcode\" class=\"embedpress-embed-document-pdf embedpress-pdf-shortcode\" src=\"https:\/\/www.upla.cl\/facultad\/cienciaseducacion\/wp-admin\/admin-ajax.php?action=get_viewer&#038;file=https%3A%2F%2Fwww.upla.cl%2Ffacultad%2Fcienciaseducacion%2Fwp-content%2Fuploads%2F2022%2F07%2F20220728_facultad_educacion_plandedesarrollo.pdf#key=dGhlbWVNb2RlPWRlZmF1bHQmdG9vbGJhcj10cnVlJmxhenlMb2FkPWZhbHNlJnBvc2l0aW9uPXRvcCZwcmVzZW50YXRpb249dHJ1ZSZkb3dubG9hZD10cnVlJmNvcHlfdGV4dD10cnVlJmFkZF90ZXh0PXRydWUmZHJhdz10cnVlJmRvY19yb3RhdGlvbj10cnVlJmFkZF9pbWFnZT10cnVlJmRvY19kZXRhaWxzPXRydWUmc2VsZWN0aW9uX3Rvb2w9MCZzY3JvbGxpbmc9LTEmc3ByZWFkcz0tMSZ6b29tX2luPXRydWUmem9vbV9vdXQ9dHJ1ZSZmaXRfdmlldz10cnVlJmJvb2ttYXJrPXRydWUmc291bmQ9dHJ1ZSZmbGlwYm9va190b29sYmFyX3Bvc2l0aW9uPWJvdHRvbSZwYWdlTnVtYmVyPTEmd2F0ZXJtYXJrX3RleHQ9JndhdGVybWFya19mb250X3NpemU9NDgmd2F0ZXJtYXJrX2NvbG9yPSUyMzAwMDAwMCZ3YXRlcm1hcmtfb3BhY2l0eT0xNSZ3YXRlcm1hcmtfc3R5bGU9Y2VudGVy\" frameborder=\"0\">\n                        <\/iframe>\n                    <p class=\"embedpress-el-powered\">Powered By EmbedPress<\/p>        <\/div>\n\n\n<p>[\/et_pb_blurb][\/et_pb_column][\/et_pb_row][et_pb_row _builder_version=\u00bb4.24.2&#8243; _module_preset=\u00bbdefault\u00bb width=\u00bb90%\u00bb global_colors_info=\u00bb{}\u00bb][et_pb_column type=\u00bb4_4&#8243; _builder_version=\u00bb4.16&#8243; _module_preset=\u00bbdefault\u00bb global_colors_info=\u00bb{}\u00bb][et_pb_text _builder_version=\u00bb4.27.4&#8243; _module_preset=\u00bbdefault\u00bb global_colors_info=\u00bb{}\u00bb]<\/p>\n<h3 style=\"text-align: center;\">Memorias<\/h3>\n<p>[\/et_pb_text][\/et_pb_column][\/et_pb_row][et_pb_row column_structure=\u00bb1_3,1_3,1_3&#8243; _builder_version=\u00bb4.24.2&#8243; _module_preset=\u00bbdefault\u00bb width=\u00bb90%\u00bb global_colors_info=\u00bb{}\u00bb][et_pb_column type=\u00bb1_3&#8243; _builder_version=\u00bb4.16&#8243; _module_preset=\u00bbdefault\u00bb global_colors_info=\u00bb{}\u00bb][et_pb_blurb title=\u00bbMemoria 2025&#8243; content_max_width=\u00bb1100px\u00bb _builder_version=\u00bb4.27.5&#8243; _module_preset=\u00bbdefault\u00bb header_text_align=\u00bbcenter\u00bb header_text_color=\u00bb#000000&#8243; body_text_align=\u00bbcenter\u00bb body_text_color=\u00bb#FFFFFF\u00bb body_font_size=\u00bb18px\u00bb global_colors_info=\u00bb{}\u00bb]<\/p>\n        <div class=\"embedpress-document-embed ose-document ep-doc-d7fcf3f3b136871a304a78937b86779c\" style=\"width: 800px; height: 600px;; max-width:100%; display: block\">\n                                    <iframe title=\"20260302_facultad-cs-educacion_memoria2025\" allowfullscreen=\"true\" mozallowfullscreen=\"true\" webkitallowfullscreen=\"true\" style=\"width: 800px; height: 600px;; max-width:100%; display: inline-block\" data-emsrc=\"https:\/\/www.upla.cl\/facultad\/cienciaseducacion\/wp-content\/uploads\/2026\/03\/20260302_facultad-cs-educacion_memoria2025.pdf\" data-emid=\"embedpress-pdf-shortcode\" class=\"embedpress-embed-document-pdf embedpress-pdf-shortcode\" src=\"https:\/\/www.upla.cl\/facultad\/cienciaseducacion\/wp-admin\/admin-ajax.php?action=get_viewer&#038;file=https%3A%2F%2Fwww.upla.cl%2Ffacultad%2Fcienciaseducacion%2Fwp-content%2Fuploads%2F2026%2F03%2F20260302_facultad-cs-educacion_memoria2025.pdf#key=dGhlbWVNb2RlPWRlZmF1bHQmdG9vbGJhcj10cnVlJmxhenlMb2FkPWZhbHNlJnBvc2l0aW9uPXRvcCZwcmVzZW50YXRpb249dHJ1ZSZkb3dubG9hZD10cnVlJmNvcHlfdGV4dD10cnVlJmFkZF90ZXh0PXRydWUmZHJhdz10cnVlJmRvY19yb3RhdGlvbj10cnVlJmFkZF9pbWFnZT10cnVlJmRvY19kZXRhaWxzPXRydWUmc2VsZWN0aW9uX3Rvb2w9MCZzY3JvbGxpbmc9LTEmc3ByZWFkcz0tMSZ6b29tX2luPXRydWUmem9vbV9vdXQ9dHJ1ZSZmaXRfdmlldz10cnVlJmJvb2ttYXJrPXRydWUmc291bmQ9dHJ1ZSZmbGlwYm9va190b29sYmFyX3Bvc2l0aW9uPWJvdHRvbSZwYWdlTnVtYmVyPTEmd2F0ZXJtYXJrX3RleHQ9JndhdGVybWFya19mb250X3NpemU9NDgmd2F0ZXJtYXJrX2NvbG9yPSUyMzAwMDAwMCZ3YXRlcm1hcmtfb3BhY2l0eT0xNSZ3YXRlcm1hcmtfc3R5bGU9Y2VudGVy\" frameborder=\"0\">\n                        <\/iframe>\n                    <p class=\"embedpress-el-powered\">Powered By EmbedPress<\/p>        <\/div>\n\n\n<p>[\/et_pb_blurb][\/et_pb_column][et_pb_column type=\u00bb1_3&#8243; _builder_version=\u00bb4.16&#8243; _module_preset=\u00bbdefault\u00bb global_colors_info=\u00bb{}\u00bb][et_pb_blurb title=\u00bbMemoria 2024&#8243; content_max_width=\u00bb1100px\u00bb _builder_version=\u00bb4.27.4&#8243; _module_preset=\u00bbdefault\u00bb header_text_align=\u00bbcenter\u00bb header_text_color=\u00bb#000000&#8243; body_text_align=\u00bbcenter\u00bb body_text_color=\u00bb#FFFFFF\u00bb body_font_size=\u00bb18px\u00bb global_colors_info=\u00bb{}\u00bb]<\/p>\n        <div class=\"embedpress-document-embed ose-document ep-doc-d7fcf3f3b136871a304a78937b86779c\" style=\"width: 800px; height: 600px;; max-width:100%; display: block\">\n                                    <iframe title=\"20250402_fac-educacion_memoria2024\" allowfullscreen=\"true\" mozallowfullscreen=\"true\" webkitallowfullscreen=\"true\" style=\"width: 800px; height: 600px;; max-width:100%; display: inline-block\" data-emsrc=\"https:\/\/www.upla.cl\/facultad\/cienciaseducacion\/wp-content\/uploads\/2025\/04\/20250402_fac-educacion_memoria2024.pdf\" data-emid=\"embedpress-pdf-shortcode\" class=\"embedpress-embed-document-pdf embedpress-pdf-shortcode\" src=\"https:\/\/www.upla.cl\/facultad\/cienciaseducacion\/wp-admin\/admin-ajax.php?action=get_viewer&#038;file=https%3A%2F%2Fwww.upla.cl%2Ffacultad%2Fcienciaseducacion%2Fwp-content%2Fuploads%2F2025%2F04%2F20250402_fac-educacion_memoria2024.pdf#key=dGhlbWVNb2RlPWRlZmF1bHQmdG9vbGJhcj10cnVlJmxhenlMb2FkPWZhbHNlJnBvc2l0aW9uPXRvcCZwcmVzZW50YXRpb249dHJ1ZSZkb3dubG9hZD10cnVlJmNvcHlfdGV4dD10cnVlJmFkZF90ZXh0PXRydWUmZHJhdz10cnVlJmRvY19yb3RhdGlvbj10cnVlJmFkZF9pbWFnZT10cnVlJmRvY19kZXRhaWxzPXRydWUmc2VsZWN0aW9uX3Rvb2w9MCZzY3JvbGxpbmc9LTEmc3ByZWFkcz0tMSZ6b29tX2luPXRydWUmem9vbV9vdXQ9dHJ1ZSZmaXRfdmlldz10cnVlJmJvb2ttYXJrPXRydWUmc291bmQ9dHJ1ZSZmbGlwYm9va190b29sYmFyX3Bvc2l0aW9uPWJvdHRvbSZwYWdlTnVtYmVyPTEmd2F0ZXJtYXJrX3RleHQ9JndhdGVybWFya19mb250X3NpemU9NDgmd2F0ZXJtYXJrX2NvbG9yPSUyMzAwMDAwMCZ3YXRlcm1hcmtfb3BhY2l0eT0xNSZ3YXRlcm1hcmtfc3R5bGU9Y2VudGVy\" frameborder=\"0\">\n                        <\/iframe>\n                    <p class=\"embedpress-el-powered\">Powered By EmbedPress<\/p>        <\/div>\n\n\n<p>[\/et_pb_blurb][\/et_pb_column][et_pb_column type=\u00bb1_3&#8243; _builder_version=\u00bb4.16&#8243; _module_preset=\u00bbdefault\u00bb global_colors_info=\u00bb{}\u00bb][et_pb_blurb title=\u00bbMemoria 2023&#8243; content_max_width=\u00bb1100px\u00bb _builder_version=\u00bb4.27.4&#8243; _module_preset=\u00bbdefault\u00bb header_text_align=\u00bbcenter\u00bb header_text_color=\u00bb#000000&#8243; body_text_align=\u00bbcenter\u00bb body_text_color=\u00bb#FFFFFF\u00bb body_font_size=\u00bb18px\u00bb global_colors_info=\u00bb{}\u00bb]<\/p>\n        <div class=\"embedpress-document-embed ose-document ep-doc-d7fcf3f3b136871a304a78937b86779c\" style=\"width: 800px; height: 600px;; max-width:100%; display: block\">\n                                    <iframe title=\"20240229_facultad_educacion_memoria\" allowfullscreen=\"true\" mozallowfullscreen=\"true\" webkitallowfullscreen=\"true\" style=\"width: 800px; height: 600px;; max-width:100%; display: inline-block\" data-emsrc=\"https:\/\/www.upla.cl\/facultad\/cienciaseducacion\/wp-content\/uploads\/2024\/03\/20240229_facultad_educacion_memoria.pdf\" data-emid=\"embedpress-pdf-shortcode\" class=\"embedpress-embed-document-pdf embedpress-pdf-shortcode\" src=\"https:\/\/www.upla.cl\/facultad\/cienciaseducacion\/wp-admin\/admin-ajax.php?action=get_viewer&#038;file=https%3A%2F%2Fwww.upla.cl%2Ffacultad%2Fcienciaseducacion%2Fwp-content%2Fuploads%2F2024%2F03%2F20240229_facultad_educacion_memoria.pdf#key=dGhlbWVNb2RlPWRlZmF1bHQmdG9vbGJhcj10cnVlJmxhenlMb2FkPWZhbHNlJnBvc2l0aW9uPXRvcCZwcmVzZW50YXRpb249dHJ1ZSZkb3dubG9hZD10cnVlJmNvcHlfdGV4dD10cnVlJmFkZF90ZXh0PXRydWUmZHJhdz10cnVlJmRvY19yb3RhdGlvbj10cnVlJmFkZF9pbWFnZT10cnVlJmRvY19kZXRhaWxzPXRydWUmc2VsZWN0aW9uX3Rvb2w9MCZzY3JvbGxpbmc9LTEmc3ByZWFkcz0tMSZ6b29tX2luPXRydWUmem9vbV9vdXQ9dHJ1ZSZmaXRfdmlldz10cnVlJmJvb2ttYXJrPXRydWUmc291bmQ9dHJ1ZSZmbGlwYm9va190b29sYmFyX3Bvc2l0aW9uPWJvdHRvbSZwYWdlTnVtYmVyPTEmd2F0ZXJtYXJrX3RleHQ9JndhdGVybWFya19mb250X3NpemU9NDgmd2F0ZXJtYXJrX2NvbG9yPSUyMzAwMDAwMCZ3YXRlcm1hcmtfb3BhY2l0eT0xNSZ3YXRlcm1hcmtfc3R5bGU9Y2VudGVy\" frameborder=\"0\">\n                        <\/iframe>\n                    <p class=\"embedpress-el-powered\">Powered By EmbedPress<\/p>        <\/div>\n\n\n<p>[\/et_pb_blurb][\/et_pb_column][\/et_pb_row][\/et_pb_section][et_pb_section fb_built=\u00bb1&#8243; _builder_version=\u00bb4.16&#8243; _module_preset=\u00bbdefault\u00bb global_colors_info=\u00bb{}\u00bb][et_pb_row _builder_version=\u00bb4.16&#8243; _module_preset=\u00bbdefault\u00bb custom_padding=\u00bb8px||15px|||\u00bb global_colors_info=\u00bb{}\u00bb][et_pb_column type=\u00bb4_4&#8243; _builder_version=\u00bb4.16&#8243; _module_preset=\u00bbdefault\u00bb global_colors_info=\u00bb{}\u00bb][et_pb_blurb title=\u00bbDirecciones de Departamentos\u00bb use_icon=\u00bbon\u00bb font_icon=\u00bb&#xe0df;||divi||400&#8243; icon_color=\u00bb#009BDB\u00bb content_max_width=\u00bb1100px\u00bb _builder_version=\u00bb4.16&#8243; _module_preset=\u00bbdefault\u00bb header_text_align=\u00bbcenter\u00bb header_text_color=\u00bb#000000&#8243; body_text_align=\u00bbcenter\u00bb body_text_color=\u00bb#FFFFFF\u00bb body_font_size=\u00bb18px\u00bb global_colors_info=\u00bb{}\u00bb][\/et_pb_blurb][\/et_pb_column][\/et_pb_row][et_pb_row column_structure=\u00bb1_5,1_5,1_5,1_5,1_5&#8243; _builder_version=\u00bb4.16&#8243; _module_preset=\u00bbdefault\u00bb custom_padding=\u00bb||4px|||\u00bb global_colors_info=\u00bb{}\u00bb][et_pb_column type=\u00bb1_5&#8243; _builder_version=\u00bb4.16&#8243; _module_preset=\u00bbdefault\u00bb global_colors_info=\u00bb{}\u00bb][\/et_pb_column][et_pb_column type=\u00bb1_5&#8243; _builder_version=\u00bb4.16&#8243; _module_preset=\u00bbdefault\u00bb global_colors_info=\u00bb{}\u00bb][et_pb_team_member name=\u00bbDirectora del Departamento de Pedagog\u00eda\u00bb position=\u00bbMarta Casta\u00f1eda Meneses\u00bb image_url=\u00bbhttps:\/\/www.upla.cl\/facultad\/cienciaseducacion\/wp-content\/uploads\/2021\/07\/20210726_facultad_educacion_directora_departamento_basica.jpg\u00bb admin_label=\u00bbDirectora Departamento Educaci\u00f3n B\u00e1sica\u00bb _builder_version=\u00bb4.27.0&#8243; _module_preset=\u00bbdefault\u00bb position_font=\u00bb|800|||||||\u00bb position_text_color=\u00bb#B55103&#8243; body_link_font=\u00bb||||on|||#009BDB|\u00bb text_orientation=\u00bbleft\u00bb border_radii_image=\u00bbon|180px|180px|180px|180px\u00bb border_width_all_image=\u00bb7px\u00bb border_color_all_image=\u00bb#EA5B0C\u00bb global_colors_info=\u00bb{}\u00bb]<strong>Correo electr\u00f3nico:<\/strong> <a href=\"mailto:dep.pedagogia@upla.cl\" target=\"_blank\" rel=\"noopener\" title=\"dep.pedagogia@upla.cl\"> dep.pedagogia@upla.cl <\/a>[\/et_pb_team_member][\/et_pb_column][et_pb_column type=\u00bb1_5&#8243; _builder_version=\u00bb4.16&#8243; _module_preset=\u00bbdefault\u00bb global_colors_info=\u00bb{}\u00bb][\/et_pb_column][et_pb_column type=\u00bb1_5&#8243; _builder_version=\u00bb4.16&#8243; _module_preset=\u00bbdefault\u00bb global_colors_info=\u00bb{}\u00bb][et_pb_team_member name=\u00bbDirectora del Departamento de Ciencias de la Educaci\u00f3n\u00bb position=\u00bbAna Mar\u00eda Madariaga Meza\u00bb image_url=\u00bbhttps:\/\/www.upla.cl\/facultad\/cienciaseducacion\/wp-content\/uploads\/2021\/09\/480_madariagaana.jpg\u00bb admin_label=\u00bbMargarita Opazo UPLA\u00bb _builder_version=\u00bb4.19.4&#8243; _module_preset=\u00bbdefault\u00bb position_font=\u00bb|800|||||||\u00bb position_text_color=\u00bb#B55103&#8243; body_link_font=\u00bb||||on|||#009BDB|\u00bb border_radii_image=\u00bbon|180px|180px|180px|180px\u00bb border_width_all_image=\u00bb7px\u00bb border_color_all_image=\u00bb#EA5B0C\u00bb global_colors_info=\u00bb{}\u00bb]<\/p>\n<p><strong>Correo electr\u00f3nico:\u00a0<\/strong><a href=\"mailto:madariag@upla.cl\">madariag@upla.cl<\/a><\/p>\n<p>[\/et_pb_team_member][\/et_pb_column][et_pb_column type=\u00bb1_5&#8243; _builder_version=\u00bb4.16&#8243; _module_preset=\u00bbdefault\u00bb global_colors_info=\u00bb{}\u00bb][\/et_pb_column][\/et_pb_row][\/et_pb_section][et_pb_section fb_built=\u00bb1&#8243; _builder_version=\u00bb4.16&#8243; _module_preset=\u00bbdefault\u00bb background_color=\u00bb#f2f2f2&#8243; global_colors_info=\u00bb{}\u00bb][et_pb_row _builder_version=\u00bb4.16&#8243; _module_preset=\u00bbdefault\u00bb custom_padding=\u00bb44px||15px|||\u00bb global_colors_info=\u00bb{}\u00bb][et_pb_column type=\u00bb4_4&#8243; _builder_version=\u00bb4.16&#8243; _module_preset=\u00bbdefault\u00bb global_colors_info=\u00bb{}\u00bb][et_pb_blurb title=\u00bbDirecciones de carreras\u00bb use_icon=\u00bbon\u00bb font_icon=\u00bb&#xe0df;||divi||400&#8243; icon_color=\u00bb#009BDB\u00bb content_max_width=\u00bb1100px\u00bb _builder_version=\u00bb4.16&#8243; _module_preset=\u00bbdefault\u00bb header_text_align=\u00bbcenter\u00bb header_text_color=\u00bb#000000&#8243; body_text_align=\u00bbcenter\u00bb body_text_color=\u00bb#FFFFFF\u00bb body_font_size=\u00bb18px\u00bb global_colors_info=\u00bb{}\u00bb][\/et_pb_blurb][\/et_pb_column][\/et_pb_row][et_pb_row column_structure=\u00bb1_5,1_5,1_5,1_5,1_5&#8243; _builder_version=\u00bb4.16&#8243; _module_preset=\u00bbdefault\u00bb custom_padding=\u00bb||4px|||\u00bb global_colors_info=\u00bb{}\u00bb][et_pb_column type=\u00bb1_5&#8243; _builder_version=\u00bb4.16&#8243; _module_preset=\u00bbdefault\u00bb global_colors_info=\u00bb{}\u00bb][et_pb_team_member name=\u00bbDirectora de carrera de Pedagog\u00eda en Educaci\u00f3n B\u00e1sica\u00bb position=\u00bbMarcela Sep\u00falveda Riveros\u00bb image_url=\u00bbhttps:\/\/www.upla.cl\/facultad\/cienciaseducacion\/wp-content\/uploads\/2021\/08\/480_sepulvedamarcela.jpg\u00bb admin_label=\u00bbDirectora Departamento Educaci\u00f3n B\u00e1sica vespertina\u00bb _builder_version=\u00bb4.27.0&#8243; _module_preset=\u00bbdefault\u00bb position_font=\u00bb|800|||||||\u00bb position_text_color=\u00bb#B55103&#8243; body_link_font=\u00bb||||on|||#009BDB|\u00bb border_radii_image=\u00bbon|180px|180px|180px|180px\u00bb border_width_all_image=\u00bb7px\u00bb border_color_all_image=\u00bb#EA5B0C\u00bb global_colors_info=\u00bb{}\u00bb]<strong>Correo electr\u00f3nico:<\/strong> <a href=\"mailto: direccion.ped.basica@upla.cl \"> direccion.ped.basica@upla.cl  <\/a>[\/et_pb_team_member][\/et_pb_column][et_pb_column type=\u00bb1_5&#8243; _builder_version=\u00bb4.16&#8243; _module_preset=\u00bbdefault\u00bb global_colors_info=\u00bb{}\u00bb][\/et_pb_column][et_pb_column type=\u00bb1_5&#8243; _builder_version=\u00bb4.16&#8243; _module_preset=\u00bbdefault\u00bb global_colors_info=\u00bb{}\u00bb][et_pb_team_member name=\u00bbDirectora de carrera de Pedagog\u00eda en Educaci\u00f3n Diferencial\u00bb position=\u00bbIvette Doll Castillo\u00bb image_url=\u00bbhttps:\/\/www.upla.cl\/facultad\/cienciaseducacion\/wp-content\/uploads\/2021\/08\/480_doll.jpg\u00bb admin_label=\u00bbIvette Doll Castillo\u00bb _builder_version=\u00bb4.27.0&#8243; _module_preset=\u00bbdefault\u00bb position_font=\u00bb|800|||||||\u00bb position_text_color=\u00bb#B55103&#8243; body_link_font=\u00bb||||on|||#009BDB|\u00bb border_radii_image=\u00bbon|180px|180px|180px|180px\u00bb border_width_all_image=\u00bb7px\u00bb border_color_all_image=\u00bb#EA5B0C\u00bb global_colors_info=\u00bb{}\u00bb]<\/p>\n<p><strong>Correo electr\u00f3nico:<\/strong> <a title=\"educacion.diferencial@upla.cl\" href=\"mailto:educacion.diferencial@upla.cl\" target=\"_blank\" rel=\"noopener\"> educacion.diferencial@upla.cl <\/a><\/p>\n<p>[\/et_pb_team_member][\/et_pb_column][et_pb_column type=\u00bb1_5&#8243; _builder_version=\u00bb4.16&#8243; _module_preset=\u00bbdefault\u00bb global_colors_info=\u00bb{}\u00bb][\/et_pb_column][et_pb_column type=\u00bb1_5&#8243; _builder_version=\u00bb4.16&#8243; _module_preset=\u00bbdefault\u00bb global_colors_info=\u00bb{}\u00bb][et_pb_team_member name=\u00bbDirectora de la carrera de Educaci\u00f3n Parvularia\u00bb position=\u00bbPamela D\u00edaz Suazo\u00bb image_url=\u00bbhttps:\/\/www.upla.cl\/facultad\/cienciaseducacion\/wp-content\/uploads\/2021\/07\/20210726_facultad_educacion_directora_departamento_parvularia.jpg\u00bb _builder_version=\u00bb4.16&#8243; _module_preset=\u00bbdefault\u00bb position_font=\u00bb|800|||||||\u00bb position_text_color=\u00bb#B55103&#8243; body_link_font=\u00bb||||on|||#009BDB|\u00bb border_radii_image=\u00bbon|180px|180px|180px|180px\u00bb border_width_all_image=\u00bb7px\u00bb border_color_all_image=\u00bb#EA5B0C\u00bb global_colors_info=\u00bb{}\u00bb]<\/p>\n<p><strong>Correo electr\u00f3nico:<\/strong> <a href=\"mailto:padiaz@upla.cl\" target=\"_blank\" rel=\"noopener\" title=\"padiaz@upla.cl\">padiaz@upla.cl<\/a><\/p>\n<p>[\/et_pb_team_member][\/et_pb_column][\/et_pb_row][\/et_pb_section][et_pb_section fb_built=\u00bb1&#8243; _builder_version=\u00bb4.16&#8243; _module_preset=\u00bbdefault\u00bb global_colors_info=\u00bb{}\u00bb][et_pb_row _builder_version=\u00bb4.16&#8243; _module_preset=\u00bbdefault\u00bb custom_padding=\u00bb8px||15px|||\u00bb global_colors_info=\u00bb{}\u00bb][et_pb_column type=\u00bb4_4&#8243; _builder_version=\u00bb4.16&#8243; _module_preset=\u00bbdefault\u00bb global_colors_info=\u00bb{}\u00bb][et_pb_blurb title=\u00bbCoordinaciones\u00bb use_icon=\u00bbon\u00bb font_icon=\u00bb&#xe0df;||divi||400&#8243; icon_color=\u00bb#009BDB\u00bb content_max_width=\u00bb1100px\u00bb _builder_version=\u00bb4.16&#8243; _module_preset=\u00bbdefault\u00bb header_text_align=\u00bbcenter\u00bb header_text_color=\u00bb#000000&#8243; body_text_align=\u00bbcenter\u00bb body_text_color=\u00bb#FFFFFF\u00bb body_font_size=\u00bb18px\u00bb global_colors_info=\u00bb{}\u00bb][\/et_pb_blurb][\/et_pb_column][\/et_pb_row][et_pb_row column_structure=\u00bb1_5,1_5,1_5,1_5,1_5&#8243; _builder_version=\u00bb4.27.4&#8243; _module_preset=\u00bbdefault\u00bb global_colors_info=\u00bb{}\u00bb][et_pb_column type=\u00bb1_5&#8243; _builder_version=\u00bb4.27.4&#8243; _module_preset=\u00bbdefault\u00bb global_colors_info=\u00bb{}\u00bb][\/et_pb_column][et_pb_column type=\u00bb1_5&#8243; _builder_version=\u00bb4.27.4&#8243; _module_preset=\u00bbdefault\u00bb global_colors_info=\u00bb{}\u00bb][\/et_pb_column][et_pb_column type=\u00bb1_5&#8243; _builder_version=\u00bb4.27.4&#8243; _module_preset=\u00bbdefault\u00bb global_colors_info=\u00bb{}\u00bb][et_pb_team_member name=\u00bbCoordinaci\u00f3n de Pr\u00e1cticas Profesionales Institucionales\u00bb position=\u00bbDaysi Reinoso Salinas\u00bb image_url=\u00bbhttps:\/\/www.upla.cl\/facultad\/cienciaseducacion\/wp-content\/uploads\/2021\/08\/480_reinosodaysi.jpg\u00bb admin_label=\u00bbCoordinaci\u00f3n de Pr\u00e1cticas Profesionales\u00bb _builder_version=\u00bb4.23.4&#8243; _module_preset=\u00bbdefault\u00bb position_font=\u00bb|800|||||||\u00bb position_text_color=\u00bb#B55103&#8243; body_link_font=\u00bb||||on|||#009BDB|\u00bb min_height=\u00bb415px\u00bb height=\u00bb415px\u00bb max_height=\u00bb415px\u00bb border_radii_image=\u00bbon|180px|180px|180px|180px\u00bb border_width_all_image=\u00bb7px\u00bb border_color_all_image=\u00bb#EA5B0C\u00bb global_colors_info=\u00bb{}\u00bb]<\/p>\n<p><strong>Correo electr\u00f3nico:<\/strong> <a href=\"mailto:dreinoso@upla.cl\">dreinoso@upla.cl<\/a><\/p>\n<p>[\/et_pb_team_member][\/et_pb_column][et_pb_column type=\u00bb1_5&#8243; _builder_version=\u00bb4.27.4&#8243; _module_preset=\u00bbdefault\u00bb global_colors_info=\u00bb{}\u00bb][\/et_pb_column][et_pb_column type=\u00bb1_5&#8243; _builder_version=\u00bb4.27.4&#8243; _module_preset=\u00bbdefault\u00bb global_colors_info=\u00bb{}\u00bb][\/et_pb_column][\/et_pb_row][et_pb_row column_structure=\u00bb1_6,1_6,1_6,1_6,1_6,1_6&#8243; use_custom_gutter=\u00bbon\u00bb disabled_on=\u00bbon|on|on\u00bb _builder_version=\u00bb4.16&#8243; _module_preset=\u00bbdefault\u00bb width=\u00bb90%\u00bb custom_padding=\u00bb||4px|||\u00bb disabled=\u00bbon\u00bb global_colors_info=\u00bb{}\u00bb][et_pb_column type=\u00bb1_6&#8243; _builder_version=\u00bb4.16&#8243; _module_preset=\u00bbdefault\u00bb global_colors_info=\u00bb{}\u00bb][et_pb_team_member name=\u00bbCoordinadora de Acreditaci\u00f3n\u00bb position=\u00bbMarta Casta\u00f1eda Meneses\u00bb image_url=\u00bbhttps:\/\/www.upla.cl\/facultad\/cienciaseducacion\/wp-content\/uploads\/2021\/08\/480_castaneda.jpg\u00bb admin_label=\u00bbCoordinadora de Acreditaci\u00f3n\u00bb _builder_version=\u00bb4.16.0&#8243; _module_preset=\u00bbdefault\u00bb position_font=\u00bb|800|||||||\u00bb position_text_color=\u00bb#B55103&#8243; body_link_font=\u00bb||||on|||#009BDB|\u00bb min_height=\u00bb415px\u00bb height=\u00bb415px\u00bb max_height=\u00bb415px\u00bb border_radii_image=\u00bbon|180px|180px|180px|180px\u00bb border_width_all_image=\u00bb7px\u00bb border_color_all_image=\u00bb#EA5B0C\u00bb global_colors_info=\u00bb{}\u00bb]<\/p>\n<p><strong>Correo electr\u00f3nico:<\/strong> <a href=\"mailto:marta.castaneda@upla.cl\">marta.castaneda@upla.cl<\/a><\/p>\n<p>[\/et_pb_team_member][et_pb_blurb title=\u00bbPlan de trabajo de la Coordinaci\u00f3n\u00bb url=\u00bbhttps:\/\/www.upla.cl\/facultad\/cienciaseducacion\/wp-content\/uploads\/2021\/07\/20210722_facultad_educacion_coordinacion_acreditacion.pdf\u00bb url_new_window=\u00bbon\u00bb use_icon=\u00bbon\u00bb font_icon=\u00bb&#xe071;||divi||400&#8243; icon_color=\u00bb#FFFFFF\u00bb icon_placement=\u00bbleft\u00bb image_icon_width=\u00bb60px\u00bb admin_label=\u00bbPlan de trabajo Coordinaci\u00f3n Acreditaci\u00f3n\u00bb _builder_version=\u00bb4.16&#8243; _module_preset=\u00bbdefault\u00bb header_text_color=\u00bb#FFFFFF\u00bb body_text_color=\u00bb#000000&#8243; background_color=\u00bb#009BDB\u00bb custom_padding=\u00bb5%|5%|5%|5%|true|true\u00bb link_option_url=\u00bbhttps:\/\/www.upla.cl\/facultad\/cienciaseducacion\/wp-content\/uploads\/2021\/07\/20210722_facultad_educacion_coordinacion_acreditacion.pdf\u00bb link_option_url_new_window=\u00bbon\u00bb icon_font_size=\u00bb60px\u00bb global_colors_info=\u00bb{}\u00bb background__hover_enabled=\u00bbon|desktop\u00bb background_color__hover=\u00bb#E35000&#8243; background_enable_color__hover=\u00bbon\u00bb transform_styles__hover_enabled=\u00bbon|hover\u00bb transform_scale__hover_enabled=\u00bbon|hover\u00bb transform_translate__hover_enabled=\u00bbon|desktop\u00bb transform_rotate__hover_enabled=\u00bbon|desktop\u00bb transform_skew__hover_enabled=\u00bbon|desktop\u00bb transform_origin__hover_enabled=\u00bbon|desktop\u00bb transform_scale__hover=\u00bb90%|90%\u00bb]<\/p>\n<p>Descarga pdf<\/p>\n<p>[\/et_pb_blurb][\/et_pb_column][et_pb_column type=\u00bb1_6&#8243; _builder_version=\u00bb4.16&#8243; _module_preset=\u00bbdefault\u00bb global_colors_info=\u00bb{}\u00bb][et_pb_team_member name=\u00bbCoordinadora de Desarrollo Estudiantil\u00bb position=\u00bbGiselle Escarpentier Feliu\u00bb image_url=\u00bbhttps:\/\/www.upla.cl\/facultad\/cienciaseducacion\/wp-content\/uploads\/2021\/07\/20210729_facultad_educacion_coordinadora_basica_vespertina.jpg\u00bb admin_label=\u00bbDirectora Departamento Educaci\u00f3n B\u00e1sica vespertina\u00bb _builder_version=\u00bb4.16&#8243; _module_preset=\u00bbdefault\u00bb position_font=\u00bb|800|||||||\u00bb position_text_color=\u00bb#B55103&#8243; body_link_font=\u00bb||||on|||#009BDB|\u00bb min_height=\u00bb415px\u00bb height=\u00bb415px\u00bb max_height=\u00bb415px\u00bb border_radii_image=\u00bbon|180px|180px|180px|180px\u00bb border_width_all_image=\u00bb7px\u00bb border_color_all_image=\u00bb#EA5B0C\u00bb global_colors_info=\u00bb{}\u00bb]<\/p>\n<p><strong>Correo electr\u00f3nico:<\/strong> <a href=\"mailto:gescarpentier@upla.cl\" target=\"_blank\" rel=\"noopener\" title=\"gescarpentier@upla.cl\">gescarpentier@upla.cl<\/a><\/p>\n<p>[\/et_pb_team_member][et_pb_blurb title=\u00bbPlan de trabajo de la Coordinaci\u00f3n\u00bb url=\u00bbhttps:\/\/www.upla.cl\/facultad\/cienciaseducacion\/wp-content\/uploads\/2021\/07\/20210722_facultad_educacion_coordinacion_desarrolloestudiantil.pdf\u00bb url_new_window=\u00bbon\u00bb use_icon=\u00bbon\u00bb font_icon=\u00bb&#xe071;||divi||400&#8243; icon_color=\u00bb#FFFFFF\u00bb icon_placement=\u00bbleft\u00bb image_icon_width=\u00bb60px\u00bb admin_label=\u00bbPlan de trabajo Coordinaci\u00f3n de Desarrollo Estudiantil\u00bb _builder_version=\u00bb4.16&#8243; _module_preset=\u00bbdefault\u00bb header_text_color=\u00bb#FFFFFF\u00bb body_text_color=\u00bb#000000&#8243; background_color=\u00bb#009BDB\u00bb custom_padding=\u00bb5%|5%|5%|5%|true|true\u00bb link_option_url=\u00bbhttps:\/\/www.upla.cl\/facultad\/cienciaseducacion\/wp-content\/uploads\/2021\/07\/20210722_facultad_educacion_coordinacion_desarrolloestudiantil.pdf\u00bb link_option_url_new_window=\u00bbon\u00bb icon_font_size=\u00bb60px\u00bb global_colors_info=\u00bb{}\u00bb background__hover_enabled=\u00bbon|desktop\u00bb background_color__hover=\u00bb#E35000&#8243; background_enable_color__hover=\u00bbon\u00bb transform_styles__hover_enabled=\u00bbon|hover\u00bb transform_scale__hover_enabled=\u00bbon|hover\u00bb transform_translate__hover_enabled=\u00bbon|desktop\u00bb transform_rotate__hover_enabled=\u00bbon|desktop\u00bb transform_skew__hover_enabled=\u00bbon|desktop\u00bb transform_origin__hover_enabled=\u00bbon|desktop\u00bb transform_scale__hover=\u00bb90%|90%\u00bb]<\/p>\n<p>Descarga pdf<\/p>\n<p>[\/et_pb_blurb][\/et_pb_column][et_pb_column type=\u00bb1_6&#8243; _builder_version=\u00bb4.16&#8243; _module_preset=\u00bbdefault\u00bb global_colors_info=\u00bb{}\u00bb][et_pb_team_member name=\u00bbCoordinaci\u00f3n de Investigaci\u00f3n\u00bb position=\u00bbJorge Gaona Bustamante\u00bb image_url=\u00bbhttps:\/\/www.upla.cl\/facultad\/cienciaseducacion\/wp-content\/uploads\/2023\/04\/2023_0403_jorgegaona.jpg\u00bb admin_label=\u00bbCoordinador de investigaci\u00f3n\u00bb _builder_version=\u00bb4.27.4&#8243; _module_preset=\u00bbdefault\u00bb position_font=\u00bb|800|||||||\u00bb position_text_color=\u00bb#B55103&#8243; body_link_font=\u00bb||||on|||#009BDB|\u00bb module_alignment=\u00bbleft\u00bb min_height=\u00bb415px\u00bb height=\u00bb415px\u00bb max_height=\u00bb415px\u00bb border_radii_image=\u00bbon|180px|180px|180px|180px\u00bb border_width_all_image=\u00bb7px\u00bb border_color_all_image=\u00bb#EA5B0C\u00bb global_colors_info=\u00bb{}\u00bb]<\/p>\n<p><strong>Correo electr\u00f3nico:\u00a0<\/strong><a href=\"mailto:jorge.ganona@upla.cl\">jorge.ganona@upla.cl<\/a><\/p>\n<p>[\/et_pb_team_member][et_pb_blurb title=\u00bbPlan de trabajo de la Coordinaci\u00f3n\u00bb url=\u00bbhttps:\/\/www.upla.cl\/facultad\/cienciaseducacion\/wp-content\/uploads\/2021\/07\/20210722_facultad_educacion_coordinacion_investigacion.pdf\u00bb url_new_window=\u00bbon\u00bb use_icon=\u00bbon\u00bb font_icon=\u00bb&#xe071;||divi||400&#8243; icon_color=\u00bb#FFFFFF\u00bb icon_placement=\u00bbleft\u00bb image_icon_width=\u00bb60px\u00bb admin_label=\u00bbPlan de trabajo Coordinaci\u00f3n de Investigaci\u00f3n\u00bb _builder_version=\u00bb4.16&#8243; _module_preset=\u00bbdefault\u00bb header_text_color=\u00bb#FFFFFF\u00bb body_text_color=\u00bb#000000&#8243; background_color=\u00bb#009BDB\u00bb custom_padding=\u00bb5%|5%|5%|5%|true|true\u00bb link_option_url=\u00bbhttps:\/\/www.upla.cl\/facultad\/cienciaseducacion\/wp-content\/uploads\/2021\/07\/20210722_facultad_educacion_coordinacion_investigacion.pdf\u00bb link_option_url_new_window=\u00bbon\u00bb icon_font_size=\u00bb60px\u00bb global_colors_info=\u00bb{}\u00bb background__hover_enabled=\u00bbon|desktop\u00bb background_color__hover=\u00bb#E35000&#8243; background_enable_color__hover=\u00bbon\u00bb transform_styles__hover_enabled=\u00bbon|hover\u00bb transform_scale__hover_enabled=\u00bbon|hover\u00bb transform_translate__hover_enabled=\u00bbon|desktop\u00bb transform_rotate__hover_enabled=\u00bbon|desktop\u00bb transform_skew__hover_enabled=\u00bbon|desktop\u00bb transform_origin__hover_enabled=\u00bbon|desktop\u00bb transform_scale__hover=\u00bb90%|90%\u00bb]<\/p>\n<p>Descarga pdf<\/p>\n<p>[\/et_pb_blurb][\/et_pb_column][et_pb_column type=\u00bb1_6&#8243; _builder_version=\u00bb4.16&#8243; _module_preset=\u00bbdefault\u00bb global_colors_info=\u00bb{}\u00bb][et_pb_team_member name=\u00bbCoordinadora de Vinculaci\u00f3n con el Medio\u00bb position=\u00bbDaisy Gonzalez Parada\u00bb image_url=\u00bbhttps:\/\/www.upla.cl\/facultad\/cienciaseducacion\/wp-content\/uploads\/2021\/08\/480_gonzalez.jpg\u00bb _builder_version=\u00bb4.20.4&#8243; _module_preset=\u00bbdefault\u00bb position_font=\u00bb|800|||||||\u00bb position_text_color=\u00bb#B55103&#8243; body_link_font=\u00bb||||on|||#009BDB|\u00bb min_height=\u00bb415px\u00bb height=\u00bb415px\u00bb max_height=\u00bb415px\u00bb border_radii_image=\u00bbon|180px|180px|180px|180px\u00bb border_width_all_image=\u00bb7px\u00bb border_color_all_image=\u00bb#EA5B0C\u00bb global_colors_info=\u00bb{}\u00bb]<\/p>\n<p><strong>Correo electr\u00f3nico:<\/strong> <a href=\"mailto:daisy.gonzalez@upla.cl\">daisy.gonzalez@upla.cl<\/a><\/p>\n<p>[\/et_pb_team_member][et_pb_blurb title=\u00bbPlan de trabajo de la Coordinaci\u00f3n\u00bb url=\u00bbhttps:\/\/www.upla.cl\/facultad\/cienciaseducacion\/wp-content\/uploads\/2021\/07\/20210722_facultad_educacion_coordinacion_viculacionconelmedio.pdf\u00bb url_new_window=\u00bbon\u00bb use_icon=\u00bbon\u00bb font_icon=\u00bb&#xe071;||divi||400&#8243; icon_color=\u00bb#FFFFFF\u00bb icon_placement=\u00bbleft\u00bb image_icon_width=\u00bb60px\u00bb admin_label=\u00bbPlan de trabajo Coordinaci\u00f3n de Vinculaci\u00f3n con el Medio\u00bb _builder_version=\u00bb4.16&#8243; _module_preset=\u00bbdefault\u00bb header_text_color=\u00bb#FFFFFF\u00bb body_text_color=\u00bb#000000&#8243; background_color=\u00bb#009BDB\u00bb custom_padding=\u00bb5%|5%|5%|5%|true|true\u00bb link_option_url=\u00bbhttps:\/\/www.upla.cl\/facultad\/cienciaseducacion\/wp-content\/uploads\/2021\/07\/20210722_facultad_educacion_coordinacion_viculacionconelmedio.pdf\u00bb link_option_url_new_window=\u00bbon\u00bb icon_font_size=\u00bb60px\u00bb global_colors_info=\u00bb{}\u00bb background__hover_enabled=\u00bbon|desktop\u00bb background_color__hover=\u00bb#E35000&#8243; background_enable_color__hover=\u00bbon\u00bb transform_styles__hover_enabled=\u00bbon|hover\u00bb transform_scale__hover_enabled=\u00bbon|hover\u00bb transform_translate__hover_enabled=\u00bbon|desktop\u00bb transform_rotate__hover_enabled=\u00bbon|desktop\u00bb transform_skew__hover_enabled=\u00bbon|desktop\u00bb transform_origin__hover_enabled=\u00bbon|desktop\u00bb transform_scale__hover=\u00bb90%|90%\u00bb]<\/p>\n<p>Descarga pdf<\/p>\n<p>[\/et_pb_blurb][\/et_pb_column][et_pb_column type=\u00bb1_6&#8243; _builder_version=\u00bb4.16&#8243; _module_preset=\u00bbdefault\u00bb global_colors_info=\u00bb{}\u00bb][\/et_pb_column][et_pb_column type=\u00bb1_6&#8243; _builder_version=\u00bb4.16&#8243; _module_preset=\u00bbdefault\u00bb global_colors_info=\u00bb{}\u00bb][\/et_pb_column][\/et_pb_row][\/et_pb_section][et_pb_section fb_built=\u00bb1&#8243; _builder_version=\u00bb4.16&#8243; _module_preset=\u00bbdefault\u00bb background_color=\u00bb#f2f2f2&#8243; global_colors_info=\u00bb{}\u00bb][et_pb_row _builder_version=\u00bb4.16&#8243; _module_preset=\u00bbdefault\u00bb custom_padding=\u00bb44px||15px|||\u00bb global_colors_info=\u00bb{}\u00bb][et_pb_column type=\u00bb4_4&#8243; _builder_version=\u00bb4.16&#8243; _module_preset=\u00bbdefault\u00bb global_colors_info=\u00bb{}\u00bb][et_pb_blurb title=\u00bbConsejo de Facultad\u00bb use_icon=\u00bbon\u00bb font_icon=\u00bb&#xe0df;||divi||400&#8243; icon_color=\u00bb#009BDB\u00bb content_max_width=\u00bb1100px\u00bb _builder_version=\u00bb4.16&#8243; _module_preset=\u00bbdefault\u00bb header_text_align=\u00bbcenter\u00bb header_text_color=\u00bb#000000&#8243; body_text_align=\u00bbcenter\u00bb body_text_color=\u00bb#FFFFFF\u00bb body_font_size=\u00bb18px\u00bb global_colors_info=\u00bb{}\u00bb][\/et_pb_blurb][\/et_pb_column][\/et_pb_row][et_pb_row column_structure=\u00bb1_4,1_4,1_4,1_4&#8243; _builder_version=\u00bb4.16&#8243; _module_preset=\u00bbdefault\u00bb custom_padding=\u00bb||4px|||\u00bb global_colors_info=\u00bb{}\u00bb][et_pb_column type=\u00bb1_4&#8243; _builder_version=\u00bb4.16&#8243; _module_preset=\u00bbdefault\u00bb global_colors_info=\u00bb{}\u00bb][et_pb_team_member name=\u00bbDaisy Gonz\u00e1lez Parada\u00bb image_url=\u00bbhttps:\/\/www.upla.cl\/facultad\/cienciaseducacion\/wp-content\/uploads\/2021\/07\/20210729_facultad_educacion_coordinadora_acreditacion.jpg\u00bb admin_label=\u00bbCoordinadora de Acreditaci\u00f3n\u00bb _builder_version=\u00bb4.16&#8243; _module_preset=\u00bbdefault\u00bb position_font=\u00bb|800|||||||\u00bb position_text_color=\u00bb#B55103&#8243; body_link_font=\u00bb||||on|||#009BDB|\u00bb border_radii_image=\u00bbon|180px|180px|180px|180px\u00bb border_width_all_image=\u00bb7px\u00bb border_color_all_image=\u00bb#EA5B0C\u00bb global_colors_info=\u00bb{}\u00bb]<\/p>\n<p><strong>Correo electr\u00f3nico:\u00a0<\/strong><a title=\"daisy.gonzalez@upla.cl\" href=\"mailto:daisy.gonzalez@upla.cl\" target=\"_blank\" rel=\"noopener\">daisy.gonzalez@upla.cl<\/a><\/p>\n<p>[\/et_pb_team_member][\/et_pb_column][et_pb_column type=\u00bb1_4&#8243; _builder_version=\u00bb4.16&#8243; _module_preset=\u00bbdefault\u00bb global_colors_info=\u00bb{}\u00bb][et_pb_team_member name=\u00bbMar\u00eda Teresa Hidalgo Neira\u00bb image_url=\u00bbhttps:\/\/www.upla.cl\/facultad\/cienciaseducacion\/wp-content\/uploads\/2021\/08\/480_hidalgomaria.jpg\u00bb admin_label=\u00bbJavier Vergara N\u00fa\u00f1ez\u00bb _builder_version=\u00bb4.22.2&#8243; _module_preset=\u00bbdefault\u00bb position_font=\u00bb|800|||||||\u00bb position_text_color=\u00bb#B55103&#8243; body_link_font=\u00bb||||on|||#009BDB|\u00bb border_radii_image=\u00bbon|620px|620px|620px|620px\u00bb border_width_all_image=\u00bb7px\u00bb border_color_all_image=\u00bb#EA5B0C\u00bb global_colors_info=\u00bb{}\u00bb]<\/p>\n<p><strong>Correo electr\u00f3nico:<\/strong> <a href=\"mailto:thidalgo@upla.cl\">thidalgo@upla.cl<\/a><\/p>\n<p>[\/et_pb_team_member][\/et_pb_column][et_pb_column type=\u00bb1_4&#8243; _builder_version=\u00bb4.16&#8243; _module_preset=\u00bbdefault\u00bb global_colors_info=\u00bb{}\u00bb][et_pb_team_member name=\u00bbLilian Arellano Rodr\u00edguez\u00bb image_url=\u00bbhttps:\/\/www.upla.cl\/facultad\/cienciaseducacion\/wp-content\/uploads\/2021\/08\/480_arellano.jpg\u00bb admin_label=\u00bbLilian Arellano\u00bb _builder_version=\u00bb4.23&#8243; _module_preset=\u00bbdefault\u00bb position_font=\u00bb|800|||||||\u00bb position_text_color=\u00bb#B55103&#8243; body_link_font=\u00bb||||on|||#009BDB|\u00bb border_radii_image=\u00bbon|620px|620px|620px|620px\u00bb border_width_all_image=\u00bb7px\u00bb border_color_all_image=\u00bb#EA5B0C\u00bb global_colors_info=\u00bb{}\u00bb]<\/p>\n<p><strong>Correo electr\u00f3nico:<\/strong> <a href=\"mailto:lilian.arellano@upla.cl\">lilian.arellano@upla.cl<\/a><\/p>\n<p>[\/et_pb_team_member][\/et_pb_column][et_pb_column type=\u00bb1_4&#8243; _builder_version=\u00bb4.16&#8243; _module_preset=\u00bbdefault\u00bb global_colors_info=\u00bb{}\u00bb][et_pb_team_member name=\u00bbLuisa Fuentes Jara\u00bb position=\u00bbConsejera Representante Equipo Administrativo\u00bb image_url=\u00bbhttps:\/\/www.upla.cl\/facultad\/cienciaseducacion\/wp-content\/uploads\/2021\/08\/fuentesluisa.jpg\u00bb admin_label=\u00bbConsejera Representante Equipo Administrativo\u00bb _builder_version=\u00bb4.27.0&#8243; _module_preset=\u00bbdefault\u00bb position_font=\u00bb|800|||||||\u00bb position_text_color=\u00bb#B55103&#8243; body_link_font=\u00bb||||on|||#009BDB|\u00bb border_radii_image=\u00bbon|180px|180px|180px|180px\u00bb border_width_all_image=\u00bb7px\u00bb border_color_all_image=\u00bb#EA5B0C\u00bb global_colors_info=\u00bb{}\u00bb]<\/p>\n<p><strong>Correo electr\u00f3nico:<\/strong> <a href=\"mailto:luisa.fuentes@upla.cl\">luisa.fuentes@upla.cl<\/a><\/p>\n<p>[\/et_pb_team_member][\/et_pb_column][\/et_pb_row][et_pb_row use_custom_gutter=\u00bbon\u00bb gutter_width=\u00bb1&#8243; make_equal=\u00bbon\u00bb _builder_version=\u00bb4.17.4&#8243; _module_preset=\u00bbdefault\u00bb max_width=\u00bb2560px\u00bb global_module=\u00bb99617&#8243; saved_tabs=\u00bball\u00bb global_colors_info=\u00bb{}\u00bb][et_pb_column type=\u00bb4_4&#8243; _builder_version=\u00bb4.17.4&#8243; _module_preset=\u00bbdefault\u00bb global_colors_info=\u00bb{}\u00bb][et_pb_blurb title=\u00bbActas del Consejo\u00bb url=\u00bbhttps:\/\/www.upla.cl\/facultad\/cienciaseducacion\/facultad\/actas-del-consejo-de-facultad\/\u00bb use_icon=\u00bbon\u00bb font_icon=\u00bb&#x69;||divi||400&#8243; icon_color=\u00bb#FFFFFF\u00bb icon_placement=\u00bbleft\u00bb image_icon_width=\u00bb90px\u00bb content_max_width=\u00bb1100px\u00bb admin_label=\u00bbActas del Consejo\u00bb _builder_version=\u00bb4.17.4&#8243; _module_preset=\u00bbdefault\u00bb header_font=\u00bb|||on|||||\u00bb header_font_size=\u00bb30px\u00bb body_font_size=\u00bb20px\u00bb background_color=\u00bb#B55103&#8243; background_layout=\u00bbdark\u00bb width=\u00bb100%\u00bb custom_padding=\u00bb30px|30px|30px|30px|true|true\u00bb link_option_url=\u00bbhttps:\/\/www.upla.cl\/facultad\/cienciaseducacion\/facultad\/actas-del-consejo-de-facultad\/\u00bb box_shadow_style=\u00bbpreset2&#8243; global_colors_info=\u00bb{}\u00bb transform_styles__hover_enabled=\u00bbon|hover\u00bb transform_scale__hover_enabled=\u00bbon|hover\u00bb transform_translate__hover_enabled=\u00bbon|desktop\u00bb transform_rotate__hover_enabled=\u00bbon|desktop\u00bb transform_skew__hover_enabled=\u00bbon|desktop\u00bb transform_origin__hover_enabled=\u00bbon|desktop\u00bb transform_scale__hover=\u00bb95%|95%\u00bb]<\/p>\n<p>Revisa aqu\u00ed las actas del Consejo de la Facultad de Ciencias de la Educaci\u00f3n<\/p>\n<p>[\/et_pb_blurb][\/et_pb_column][\/et_pb_row][\/et_pb_section][et_pb_section fb_built=\u00bb1&#8243; _builder_version=\u00bb4.16&#8243; _module_preset=\u00bbdefault\u00bb global_colors_info=\u00bb{}\u00bb][et_pb_row _builder_version=\u00bb4.16&#8243; _module_preset=\u00bbdefault\u00bb custom_padding=\u00bb8px||15px|||\u00bb global_colors_info=\u00bb{}\u00bb][et_pb_column type=\u00bb4_4&#8243; _builder_version=\u00bb4.16&#8243; _module_preset=\u00bbdefault\u00bb global_colors_info=\u00bb{}\u00bb][et_pb_blurb title=\u00bbProgramas disciplinarios\u00bb use_icon=\u00bbon\u00bb font_icon=\u00bb&#xe0df;||divi||400&#8243; icon_color=\u00bb#009BDB\u00bb content_max_width=\u00bb1100px\u00bb _builder_version=\u00bb4.16&#8243; _module_preset=\u00bbdefault\u00bb header_text_align=\u00bbcenter\u00bb header_text_color=\u00bb#000000&#8243; body_text_align=\u00bbcenter\u00bb body_text_color=\u00bb#FFFFFF\u00bb body_font_size=\u00bb18px\u00bb global_colors_info=\u00bb{}\u00bb][\/et_pb_blurb][\/et_pb_column][\/et_pb_row][et_pb_row column_structure=\u00bb1_5,1_5,1_5,1_5,1_5&#8243; use_custom_gutter=\u00bbon\u00bb _builder_version=\u00bb4.22.2&#8243; _module_preset=\u00bbdefault\u00bb width=\u00bb90%\u00bb custom_padding=\u00bb||4px|||\u00bb global_colors_info=\u00bb{}\u00bb][et_pb_column type=\u00bb1_5&#8243; _builder_version=\u00bb4.16&#8243; _module_preset=\u00bbdefault\u00bb global_colors_info=\u00bb{}\u00bb][et_pb_blurb title=\u00bbPrograma de Desarrollo Disciplinario de Orientaci\u00f3n Educacional\u00bb url=\u00bbhttps:\/\/www.upla.cl\/facultad\/cienciaseducacion\/wp-content\/uploads\/2021\/08\/20210830_programadisciplinario_orientacion.pdf\u00bb url_new_window=\u00bbon\u00bb use_icon=\u00bbon\u00bb font_icon=\u00bb&#xe0f6;||divi||400&#8243; icon_color=\u00bb#009BDB\u00bb icon_placement=\u00bbleft\u00bb image_icon_width=\u00bb40px\u00bb _builder_version=\u00bb4.27.0&#8243; _module_preset=\u00bbdefault\u00bb min_height=\u00bb210px\u00bb min_height_tablet=\u00bb210px\u00bb min_height_phone=\u00bb210px\u00bb min_height_last_edited=\u00bbon|phone\u00bb height=\u00bb210px\u00bb height_tablet=\u00bb210px\u00bb height_phone=\u00bb210px\u00bb height_last_edited=\u00bbon|phone\u00bb max_height=\u00bb210px\u00bb max_height_tablet=\u00bb210px\u00bb max_height_phone=\u00bb210px\u00bb max_height_last_edited=\u00bbon|phone\u00bb custom_padding=\u00bb||4px|||\u00bb link_option_url=\u00bbhttps:\/\/www.upla.cl\/facultad\/cienciaseducacion\/wp-content\/uploads\/2021\/08\/20210830_programadisciplinario_orientacion.pdf\u00bb link_option_url_new_window=\u00bbon\u00bb icon_font_size=\u00bb40px\u00bb global_colors_info=\u00bb{}\u00bb]<\/p>\n<p>Revisa aqu\u00ed el plan de trabajo 2021.<\/p>\n<p>[\/et_pb_blurb][et_pb_team_member name=\u00bbMargarita Opazo Salvatierra\u00bb position=\u00bbCoordinadora\u00bb image_url=\u00bbhttps:\/\/www.upla.cl\/facultad\/cienciaseducacion\/wp-content\/uploads\/2021\/08\/480_opazo.jpg\u00bb admin_label=\u00bbMargarita Opazo Salvatierra\u00bb _builder_version=\u00bb4.16&#8243; _module_preset=\u00bbdefault\u00bb position_font=\u00bb|800|||||||\u00bb position_text_color=\u00bb#B55103&#8243; body_link_font=\u00bb||||on|||#009BDB|\u00bb custom_padding=\u00bb||||false|false\u00bb border_radii_image=\u00bbon|180px|180px|180px|180px\u00bb border_width_all_image=\u00bb7px\u00bb border_color_all_image=\u00bb#EA5B0C\u00bb global_colors_info=\u00bb{}\u00bb]<\/p>\n<p><strong>Correo electr\u00f3nico:<\/strong> <a title=\"mopazo@upla.cl\" href=\"mailto:mopazo@upla.cl\" target=\"_blank\" rel=\"noopener\">mopazo@upla.cl<\/a><\/p>\n<p>[\/et_pb_team_member][\/et_pb_column][et_pb_column type=\u00bb1_5&#8243; _builder_version=\u00bb4.16&#8243; _module_preset=\u00bbdefault\u00bb global_colors_info=\u00bb{}\u00bb][et_pb_blurb title=\u00bbPrograma Disciplinario de Educaci\u00f3n de Adultos y Procesos Formativos\u00bb url=\u00bbhttps:\/\/www.upla.cl\/facultad\/cienciaseducacion\/wp-content\/uploads\/2021\/08\/20210830_programadisciplinario_jovenesyadultos.pdf\u00bb url_new_window=\u00bbon\u00bb use_icon=\u00bbon\u00bb font_icon=\u00bb&#x69;||divi||400&#8243; icon_color=\u00bb#009BDB\u00bb icon_placement=\u00bbleft\u00bb image_icon_width=\u00bb40px\u00bb _builder_version=\u00bb4.27.0&#8243; _module_preset=\u00bbdefault\u00bb min_height=\u00bb210px\u00bb min_height_tablet=\u00bb210px\u00bb min_height_phone=\u00bb210px\u00bb min_height_last_edited=\u00bbon|phone\u00bb height=\u00bb210px\u00bb height_tablet=\u00bb210px\u00bb height_phone=\u00bb210px\u00bb height_last_edited=\u00bbon|phone\u00bb max_height=\u00bb210px\u00bb max_height_tablet=\u00bb210px\u00bb max_height_phone=\u00bb210px\u00bb max_height_last_edited=\u00bbon|phone\u00bb link_option_url=\u00bbhttps:\/\/www.upla.cl\/facultad\/cienciaseducacion\/wp-content\/uploads\/2021\/08\/20210830_programadisciplinario_jovenesyadultos.pdf\u00bb link_option_url_new_window=\u00bbon\u00bb icon_font_size=\u00bb40px\u00bb global_colors_info=\u00bb{}\u00bb]<\/p>\n<p>Revisa aqu\u00ed el plan de trabajo 2021.<\/p>\n<p>[\/et_pb_blurb][et_pb_team_member name=\u00bbVioleta Acu\u00f1a Collado\u00bb position=\u00bbCoordinadora\u00bb image_url=\u00bbhttps:\/\/www.upla.cl\/facultad\/cienciaseducacion\/wp-content\/uploads\/2021\/07\/acunavioleta.jpg\u00bb admin_label=\u00bbVioleta Acu\u00f1a Collado\u00bb _builder_version=\u00bb4.16&#8243; _module_preset=\u00bbdefault\u00bb position_font=\u00bb|800|||||||\u00bb position_text_color=\u00bb#B55103&#8243; body_link_font=\u00bb||||on|||#009BDB|\u00bb border_radii_image=\u00bbon|180px|180px|180px|180px\u00bb border_width_all_image=\u00bb7px\u00bb border_color_all_image=\u00bb#EA5B0C\u00bb global_colors_info=\u00bb{}\u00bb]<\/p>\n<p><strong>Correo electr\u00f3nico:<\/strong> <a title=\"v-acuna@upla.cl\" href=\"mailto:v-acuna@upla.cl\" target=\"_blank\" rel=\"noopener\">v-acuna@upla.cl<\/a><\/p>\n<p>[\/et_pb_team_member][\/et_pb_column][et_pb_column type=\u00bb1_5&#8243; _builder_version=\u00bb4.16&#8243; _module_preset=\u00bbdefault\u00bb global_colors_info=\u00bb{}\u00bb][et_pb_blurb title=\u00bbPrograma Disciplinario de Educaci\u00f3n en Derechos Humanos (DD.HH)\u00bb url=\u00bbhttps:\/\/www.upla.cl\/facultad\/cienciaseducacion\/wp-content\/uploads\/2021\/08\/20210830_programadisciplinario_derechoshumanos.pdf\u00bb url_new_window=\u00bbon\u00bb use_icon=\u00bbon\u00bb font_icon=\u00bb&#xe0ff;||divi||400&#8243; icon_color=\u00bb#009BDB\u00bb icon_placement=\u00bbleft\u00bb image_icon_width=\u00bb40px\u00bb _builder_version=\u00bb4.27.0&#8243; _module_preset=\u00bbdefault\u00bb min_height=\u00bb210px\u00bb min_height_tablet=\u00bb210px\u00bb min_height_phone=\u00bb210px\u00bb min_height_last_edited=\u00bbon|phone\u00bb height=\u00bb210px\u00bb height_tablet=\u00bb210px\u00bb height_phone=\u00bb210px\u00bb height_last_edited=\u00bbon|phone\u00bb max_height=\u00bb210px\u00bb max_height_tablet=\u00bb210px\u00bb max_height_phone=\u00bb210px\u00bb max_height_last_edited=\u00bbon|phone\u00bb link_option_url=\u00bbhttps:\/\/www.upla.cl\/facultad\/cienciaseducacion\/wp-content\/uploads\/2021\/08\/20210830_programadisciplinario_derechoshumanos.pdf\u00bb link_option_url_new_window=\u00bbon\u00bb icon_font_size=\u00bb40px\u00bb global_colors_info=\u00bb{}\u00bb]<\/p>\n<p>Revisa aqu\u00ed el plan de trabajo 2021.<\/p>\n<p>[\/et_pb_blurb][et_pb_team_member name=\u00bbDaysi Reinoso Salinas\u00bb position=\u00bbCoordinadora\u00bb image_url=\u00bbhttps:\/\/www.upla.cl\/facultad\/cienciaseducacion\/wp-content\/uploads\/2021\/08\/480_reinosodaysi.jpg\u00bb admin_label=\u00bbDaysi Reinoso Salinas\u00bb _builder_version=\u00bb4.16&#8243; _module_preset=\u00bbdefault\u00bb position_font=\u00bb|800|||||||\u00bb position_text_color=\u00bb#B55103&#8243; body_link_font=\u00bb||||on|||#009BDB|\u00bb border_radii_image=\u00bbon|180px|180px|180px|180px\u00bb border_width_all_image=\u00bb7px\u00bb border_color_all_image=\u00bb#EA5B0C\u00bb global_colors_info=\u00bb{}\u00bb]<\/p>\n<p><strong>Correo electr\u00f3nico:<\/strong> <a title=\"dreinoso@upla.cl\" href=\"mailto:reinoso@upla.cl\" target=\"_blank\" rel=\"noopener\">dreinoso@upla.cl<\/a><\/p>\n<p>[\/et_pb_team_member][\/et_pb_column][et_pb_column type=\u00bb1_5&#8243; _builder_version=\u00bb4.16&#8243; _module_preset=\u00bbdefault\u00bb global_colors_info=\u00bb{}\u00bb][et_pb_blurb title=\u00bbPrograma Licenciatura en Educaci\u00f3n\u00bb url_new_window=\u00bbon\u00bb use_icon=\u00bbon\u00bb font_icon=\u00bb&#xf19c;||fa||900&#8243; icon_color=\u00bb#009BDB\u00bb icon_placement=\u00bbleft\u00bb image_icon_width=\u00bb40px\u00bb _builder_version=\u00bb4.27.0&#8243; _module_preset=\u00bbdefault\u00bb min_height=\u00bb210px\u00bb min_height_tablet=\u00bb210px\u00bb min_height_phone=\u00bb210px\u00bb min_height_last_edited=\u00bbon|phone\u00bb height=\u00bb210px\u00bb height_tablet=\u00bb210px\u00bb height_phone=\u00bb210px\u00bb height_last_edited=\u00bbon|phone\u00bb max_height=\u00bb210px\u00bb max_height_tablet=\u00bb210px\u00bb max_height_phone=\u00bb210px\u00bb max_height_last_edited=\u00bbon|phone\u00bb custom_padding=\u00bb||4px|||\u00bb link_option_url_new_window=\u00bbon\u00bb icon_font_size=\u00bb40px\u00bb global_colors_info=\u00bb{}\u00bb][\/et_pb_blurb][et_pb_team_member name=\u00bbJavier Vergara N\u00fa\u00f1ez\u00bb position=\u00bbCoordinador\u00bb image_url=\u00bbhttps:\/\/www.upla.cl\/facultad\/cienciaseducacion\/wp-content\/uploads\/2021\/08\/480_vergarajavier.jpg\u00bb admin_label=\u00bbCoordinadora de Acreditaci\u00f3n\u00bb _builder_version=\u00bb4.27.0&#8243; _module_preset=\u00bbdefault\u00bb position_font=\u00bb|800|||||||\u00bb position_text_color=\u00bb#B55103&#8243; body_link_font=\u00bb||||on|||#009BDB|\u00bb min_height=\u00bb415px\u00bb height=\u00bb415px\u00bb max_height=\u00bb415px\u00bb border_radii_image=\u00bbon|180px|180px|180px|180px\u00bb border_width_all_image=\u00bb7px\u00bb border_color_all_image=\u00bb#EA5B0C\u00bb global_colors_info=\u00bb{}\u00bb]<\/p>\n<p><strong>Correo electr\u00f3nico:<\/strong> <a href=\"mailto:jvergara@upla.cl\">jvergara@upla.cl<\/a><\/p>\n<p>[\/et_pb_team_member][\/et_pb_column][et_pb_column type=\u00bb1_5&#8243; _builder_version=\u00bb4.16&#8243; _module_preset=\u00bbdefault\u00bb global_colors_info=\u00bb{}\u00bb][et_pb_blurb title=\u00bbPrograma Licenciatura Multimodal (modalidad virtual)\u00bb url_new_window=\u00bbon\u00bb use_icon=\u00bbon\u00bb font_icon=\u00bb&#xf19c;||fa||900&#8243; icon_color=\u00bb#009BDB\u00bb icon_placement=\u00bbleft\u00bb image_icon_width=\u00bb40px\u00bb _builder_version=\u00bb4.27.4&#8243; _module_preset=\u00bbdefault\u00bb min_height=\u00bb210px\u00bb min_height_tablet=\u00bb210px\u00bb min_height_phone=\u00bb210px\u00bb min_height_last_edited=\u00bbon|phone\u00bb height=\u00bb210px\u00bb height_tablet=\u00bb210px\u00bb height_phone=\u00bb210px\u00bb height_last_edited=\u00bbon|phone\u00bb max_height=\u00bb210px\u00bb max_height_tablet=\u00bb210px\u00bb max_height_phone=\u00bb210px\u00bb max_height_last_edited=\u00bbon|phone\u00bb custom_padding=\u00bb||4px|||\u00bb link_option_url_new_window=\u00bbon\u00bb icon_font_size=\u00bb40px\u00bb global_colors_info=\u00bb{}\u00bb][\/et_pb_blurb][et_pb_team_member name=\u00bbDaisy Gonz\u00e1lez Parada\u00bb position=\u00bbCoordinadora\u00bb image_url=\u00bbhttps:\/\/www.upla.cl\/facultad\/cienciaseducacion\/wp-content\/uploads\/2021\/07\/20210729_facultad_educacion_coordinadora_acreditacion.jpg\u00bb admin_label=\u00bbCoordinadora de Acreditaci\u00f3n\u00bb _builder_version=\u00bb4.27.4&#8243; _module_preset=\u00bbdefault\u00bb position_font=\u00bb|800|||||||\u00bb position_text_color=\u00bb#B55103&#8243; body_link_font=\u00bb||||on|||#009BDB|\u00bb border_radii_image=\u00bbon|180px|180px|180px|180px\u00bb border_width_all_image=\u00bb7px\u00bb border_color_all_image=\u00bb#EA5B0C\u00bb global_colors_info=\u00bb{}\u00bb]<\/p>\n<p><strong>Correo electr\u00f3nico:\u00a0<\/strong><a title=\"daisy.gonzalez@upla.cl\" href=\"mailto:daisy.gonzalez@upla.cl\" target=\"_blank\" rel=\"noopener\">daisy.gonzalez@upla.cl<\/a><\/p>\n<p>[\/et_pb_team_member][\/et_pb_column][\/et_pb_row][\/et_pb_section][et_pb_section fb_built=\u00bb1&#8243; _builder_version=\u00bb4.16&#8243; _module_preset=\u00bbdefault\u00bb background_color=\u00bb#f2f2f2&#8243; global_colors_info=\u00bb{}\u00bb][et_pb_row _builder_version=\u00bb4.16&#8243; _module_preset=\u00bbdefault\u00bb custom_padding=\u00bb44px||15px|||\u00bb global_colors_info=\u00bb{}\u00bb][et_pb_column type=\u00bb4_4&#8243; _builder_version=\u00bb4.16&#8243; _module_preset=\u00bbdefault\u00bb global_colors_info=\u00bb{}\u00bb][et_pb_blurb title=\u00bbComisi\u00f3n de Evaluadora\u00bb use_icon=\u00bbon\u00bb font_icon=\u00bb&#xe0df;||divi||400&#8243; icon_color=\u00bb#009BDB\u00bb content_max_width=\u00bb1100px\u00bb _builder_version=\u00bb4.16.0&#8243; _module_preset=\u00bbdefault\u00bb header_text_align=\u00bbcenter\u00bb header_text_color=\u00bb#000000&#8243; body_text_align=\u00bbcenter\u00bb body_text_color=\u00bb#FFFFFF\u00bb body_font_size=\u00bb18px\u00bb global_colors_info=\u00bb{}\u00bb][\/et_pb_blurb][\/et_pb_column][\/et_pb_row][et_pb_row column_structure=\u00bb1_6,1_6,1_6,1_6,1_6,1_6&#8243; _builder_version=\u00bb4.16.0&#8243; _module_preset=\u00bbdefault\u00bb custom_padding=\u00bb||4px|||\u00bb global_colors_info=\u00bb{}\u00bb][et_pb_column type=\u00bb1_6&#8243; _builder_version=\u00bb4.16&#8243; _module_preset=\u00bbdefault\u00bb global_colors_info=\u00bb{}\u00bb][et_pb_team_member name=\u00bbVioleta Acu\u00f1a Collado\u00bb position=\u00bbTitular\u00bb image_url=\u00bbhttps:\/\/www.upla.cl\/facultad\/cienciaseducacion\/wp-content\/uploads\/2021\/07\/acunavioleta.jpg\u00bb admin_label=\u00bbVioleta Acu\u00f1a Collado\u00bb _builder_version=\u00bb4.27.4&#8243; _module_preset=\u00bbdefault\u00bb position_font=\u00bb|800|||||||\u00bb position_text_color=\u00bb#B55103&#8243; body_link_font=\u00bb||||on|||#009BDB|\u00bb border_radii_image=\u00bbon|620px|620px|620px|620px\u00bb border_width_all_image=\u00bb7px\u00bb border_color_all_image=\u00bb#EA5B0C\u00bb global_colors_info=\u00bb{}\u00bb]<\/p>\n<p><strong>Correo electr\u00f3nico:<\/strong> <a href=\"mailto:v-acuna@upla.cl\">v-acuna@upla.cl<\/a><\/p>\n<p>[\/et_pb_team_member][\/et_pb_column][et_pb_column type=\u00bb1_6&#8243; _builder_version=\u00bb4.16&#8243; _module_preset=\u00bbdefault\u00bb global_colors_info=\u00bb{}\u00bb][et_pb_team_member name=\u00bbMar\u00eda Jacqueline Rojas R\u00edos\u00bb position=\u00bbTitular\u00bb image_url=\u00bbhttps:\/\/www.upla.cl\/facultad\/cienciaseducacion\/wp-content\/uploads\/2021\/08\/480_rojasmaria.jpg\u00bb admin_label=\u00bbMar\u00eda Jacqueline Rojas R\u00edos\u00bb _builder_version=\u00bb4.27.4&#8243; _module_preset=\u00bbdefault\u00bb position_font=\u00bb|800|||||||\u00bb position_text_color=\u00bb#B55103&#8243; body_link_font=\u00bb||||on|||#009BDB|\u00bb border_radii_image=\u00bbon|620px|620px|620px|620px\u00bb border_width_all_image=\u00bb7px\u00bb border_color_all_image=\u00bb#EA5B0C\u00bb global_colors_info=\u00bb{}\u00bb]<\/p>\n<p><strong>Correo electr\u00f3nico:\u00a0<\/strong><a href=\"mailto:mjrojas@upla.cl\">mjrojas@upla.cl<\/a><\/p>\n<p>[\/et_pb_team_member][\/et_pb_column][et_pb_column type=\u00bb1_6&#8243; _builder_version=\u00bb4.16&#8243; _module_preset=\u00bbdefault\u00bb global_colors_info=\u00bb{}\u00bb][et_pb_team_member name=\u00bbMargarita Opazo Salvatierra\u00bb position=\u00bbTitular\u00bb image_url=\u00bbhttps:\/\/www.upla.cl\/facultad\/cienciaseducacion\/wp-content\/uploads\/2021\/08\/480_opazo.jpg\u00bb admin_label=\u00bbMargarita Opazo\u00bb _builder_version=\u00bb4.27.4&#8243; _module_preset=\u00bbdefault\u00bb position_font=\u00bb|800|||||||\u00bb position_text_color=\u00bb#B55103&#8243; body_link_font=\u00bb||||on|||#009BDB|\u00bb border_radii_image=\u00bbon|620px|620px|620px|620px\u00bb border_width_all_image=\u00bb7px\u00bb border_color_all_image=\u00bb#EA5B0C\u00bb global_colors_info=\u00bb{}\u00bb]<\/p>\n<p><strong>Correo electr\u00f3nico:\u00a0<\/strong><a href=\"mailto:mopazo@upla.cl\">mopazo@upla.cl<\/a><\/p>\n<p>[\/et_pb_team_member][\/et_pb_column][et_pb_column type=\u00bb1_6&#8243; _builder_version=\u00bb4.16&#8243; _module_preset=\u00bbdefault\u00bb global_colors_info=\u00bb{}\u00bb][et_pb_team_member name=\u00bbAlejandro Verdugo Pe\u00f1aloza\u00bb position=\u00bbSuplente\u00bb image_url=\u00bbhttps:\/\/www.upla.cl\/facultad\/cienciaseducacion\/wp-content\/uploads\/2021\/08\/480_verdugo.jpg\u00bb admin_label=\u00bbAlejandro Verdugo Pe\u00f1aloza\u00bb _builder_version=\u00bb4.27.4&#8243; _module_preset=\u00bbdefault\u00bb position_font=\u00bb|800|||||||\u00bb position_text_color=\u00bb#B55103&#8243; body_link_font=\u00bb||||on|||#009BDB|\u00bb border_radii_image=\u00bbon|620px|620px|620px|620px\u00bb border_width_all_image=\u00bb7px\u00bb border_color_all_image=\u00bb#EA5B0C\u00bb global_colors_info=\u00bb{}\u00bb]<\/p>\n<p><strong>Correo electr\u00f3nico:\u00a0<\/strong><a href=\"mailto:averdugo@upla.cl\">averdugo@upla.cl<\/a><\/p>\n<p>[\/et_pb_team_member][\/et_pb_column][et_pb_column type=\u00bb1_6&#8243; _builder_version=\u00bb4.16&#8243; _module_preset=\u00bbdefault\u00bb global_colors_info=\u00bb{}\u00bb][et_pb_team_member name=\u00bbMarcela Lara Catal\u00e1n\u00bb position=\u00bbSuplente\u00bb image_url=\u00bbhttps:\/\/www.upla.cl\/facultad\/cienciaseducacion\/wp-content\/uploads\/2021\/08\/480_laramarcela.jpg\u00bb admin_label=\u00bbMarcela Lara Catal\u00e1n\u00bb _builder_version=\u00bb4.27.4&#8243; _module_preset=\u00bbdefault\u00bb position_font=\u00bb|800|||||||\u00bb position_text_color=\u00bb#B55103&#8243; body_link_font=\u00bb||||on|||#009BDB|\u00bb border_radii_image=\u00bbon|620px|620px|620px|620px\u00bb border_width_all_image=\u00bb7px\u00bb border_color_all_image=\u00bb#EA5B0C\u00bb global_colors_info=\u00bb{}\u00bb]<\/p>\n<p><strong>Correo electr\u00f3nico:<\/strong> <a href=\"mailto:mlara@upla.cl\">mlara@upla.cl<\/a><\/p>\n<p>[\/et_pb_team_member][\/et_pb_column][et_pb_column type=\u00bb1_6&#8243; _builder_version=\u00bb4.16&#8243; _module_preset=\u00bbdefault\u00bb global_colors_info=\u00bb{}\u00bb][et_pb_team_member name=\u00bbOctavio Poblete Christie\u00bb position=\u00bbSuplente\u00bb image_url=\u00bbhttps:\/\/www.upla.cl\/facultad\/cienciaseducacion\/wp-content\/uploads\/2023\/04\/2023_0403_opoblete.jpg\u00bb admin_label=\u00bbOctavio Poblete Christie\u00bb _builder_version=\u00bb4.27.4&#8243; _module_preset=\u00bbdefault\u00bb position_font=\u00bb|800|||||||\u00bb position_text_color=\u00bb#B55103&#8243; body_link_font=\u00bb||||on|||#009BDB|\u00bb border_radii_image=\u00bbon|620px|620px|620px|620px\u00bb border_width_all_image=\u00bb7px\u00bb border_color_all_image=\u00bb#EA5B0C\u00bb global_colors_info=\u00bb{}\u00bb]<\/p>\n<p><strong>Correo electr\u00f3nico:<\/strong> <a href=\"mailto:octavio.poblete@upla.cl\">octavio.poblete@upla.cl<\/a><\/p>\n<p>[\/et_pb_team_member][\/et_pb_column][\/et_pb_row][\/et_pb_section][et_pb_section fb_built=\u00bb1&#8243; _builder_version=\u00bb4.16&#8243; _module_preset=\u00bbdefault\u00bb global_colors_info=\u00bb{}\u00bb][et_pb_row _builder_version=\u00bb4.16&#8243; _module_preset=\u00bbdefault\u00bb custom_padding=\u00bb8px||15px|||\u00bb global_colors_info=\u00bb{}\u00bb][et_pb_column type=\u00bb4_4&#8243; _builder_version=\u00bb4.16&#8243; _module_preset=\u00bbdefault\u00bb global_colors_info=\u00bb{}\u00bb][et_pb_blurb title=\u00bbRepresentantes en comisiones curriculares\u00bb use_icon=\u00bbon\u00bb font_icon=\u00bb&#xe0df;||divi||400&#8243; icon_color=\u00bb#009BDB\u00bb content_max_width=\u00bb1100px\u00bb _builder_version=\u00bb4.16&#8243; _module_preset=\u00bbdefault\u00bb header_text_align=\u00bbcenter\u00bb header_text_color=\u00bb#000000&#8243; body_text_align=\u00bbcenter\u00bb body_text_color=\u00bb#FFFFFF\u00bb body_font_size=\u00bb18px\u00bb global_colors_info=\u00bb{}\u00bb][\/et_pb_blurb][\/et_pb_column][\/et_pb_row][et_pb_row column_structure=\u00bb1_6,1_6,1_6,1_6,1_6,1_6&#8243; _builder_version=\u00bb4.16&#8243; _module_preset=\u00bbdefault\u00bb custom_padding=\u00bb||4px|||\u00bb global_colors_info=\u00bb{}\u00bb][et_pb_column type=\u00bb1_6&#8243; _builder_version=\u00bb4.16&#8243; _module_preset=\u00bbdefault\u00bb global_colors_info=\u00bb{}\u00bb][et_pb_blurb title=\u00bbComisi\u00f3n Curricular de Educaci\u00f3n Parvularia\u00bb url=\u00bb#\u00bb url_new_window=\u00bbon\u00bb use_icon=\u00bbon\u00bb font_icon=\u00bb&#xe104;||divi||400&#8243; icon_color=\u00bb#009BDB\u00bb icon_placement=\u00bbleft\u00bb image_icon_width=\u00bb40px\u00bb _builder_version=\u00bb4.16&#8243; _module_preset=\u00bbdefault\u00bb link_option_url=\u00bb#\u00bb link_option_url_new_window=\u00bbon\u00bb icon_font_size=\u00bb40px\u00bb global_colors_info=\u00bb{}\u00bb]<\/p>\n<p>Dra. Daysi Reinoso Salinas<\/p>\n<p>[\/et_pb_blurb][\/et_pb_column][et_pb_column type=\u00bb1_6&#8243; _builder_version=\u00bb4.16&#8243; _module_preset=\u00bbdefault\u00bb global_colors_info=\u00bb{}\u00bb][et_pb_blurb title=\u00bbComisi\u00f3n Curricular de Pedagog\u00eda en Artes Pl\u00e1sticas\u00bb url=\u00bb#\u00bb url_new_window=\u00bbon\u00bb use_icon=\u00bbon\u00bb font_icon=\u00bb&#xe005;||divi||400&#8243; icon_color=\u00bb#009BDB\u00bb icon_placement=\u00bbleft\u00bb image_icon_width=\u00bb40px\u00bb _builder_version=\u00bb4.16&#8243; _module_preset=\u00bbdefault\u00bb link_option_url=\u00bb#\u00bb link_option_url_new_window=\u00bbon\u00bb icon_font_size=\u00bb40px\u00bb global_colors_info=\u00bb{}\u00bb]<\/p>\n<p>Dra. Daysi Reinoso Salinas<\/p>\n<p>Mg. Claudio Valenzuela Gonz\u00e1lez<\/p>\n<p>[\/et_pb_blurb][\/et_pb_column][et_pb_column type=\u00bb1_6&#8243; _builder_version=\u00bb4.16&#8243; _module_preset=\u00bbdefault\u00bb global_colors_info=\u00bb{}\u00bb][et_pb_blurb title=\u00bbComisi\u00f3n Curricular de Pedagog\u00eda en Biolog\u00eda y Ciencias\u00bb url=\u00bb#\u00bb url_new_window=\u00bbon\u00bb use_icon=\u00bbon\u00bb font_icon=\u00bb&#xe08a;||divi||400&#8243; icon_color=\u00bb#009BDB\u00bb icon_placement=\u00bbleft\u00bb image_icon_width=\u00bb40px\u00bb _builder_version=\u00bb4.16&#8243; _module_preset=\u00bbdefault\u00bb link_option_url=\u00bb#\u00bb link_option_url_new_window=\u00bbon\u00bb icon_font_size=\u00bb40px\u00bb global_colors_info=\u00bb{}\u00bb]<\/p>\n<p>Mg. Karen Cuevas Sol\u00eds<\/p>\n<p>[\/et_pb_blurb][\/et_pb_column][et_pb_column type=\u00bb1_6&#8243; _builder_version=\u00bb4.16&#8243; _module_preset=\u00bbdefault\u00bb global_colors_info=\u00bb{}\u00bb][et_pb_blurb title=\u00bbComisi\u00f3n Curricular de Pedagog\u00eda en Castellano\u00bb url=\u00bb#\u00bb url_new_window=\u00bbon\u00bb use_icon=\u00bbon\u00bb font_icon=\u00bb&#xe022;||divi||400&#8243; icon_color=\u00bb#009BDB\u00bb icon_placement=\u00bbleft\u00bb image_icon_width=\u00bb40px\u00bb _builder_version=\u00bb4.16&#8243; _module_preset=\u00bbdefault\u00bb link_option_url=\u00bb#\u00bb link_option_url_new_window=\u00bbon\u00bb icon_font_size=\u00bb40px\u00bb global_colors_info=\u00bb{}\u00bb]<\/p>\n<p>Pendiente<\/p>\n<p>[\/et_pb_blurb][\/et_pb_column][et_pb_column type=\u00bb1_6&#8243; _builder_version=\u00bb4.16&#8243; _module_preset=\u00bbdefault\u00bb global_colors_info=\u00bb{}\u00bb][et_pb_blurb title=\u00bbComisi\u00f3n Curricular de Pedagog\u00eda en Educaci\u00f3n B\u00e1sica\u00bb url=\u00bb#\u00bb url_new_window=\u00bbon\u00bb use_icon=\u00bbon\u00bb font_icon=\u00bb&#xe107;||divi||400&#8243; icon_color=\u00bb#009BDB\u00bb icon_placement=\u00bbleft\u00bb image_icon_width=\u00bb40px\u00bb _builder_version=\u00bb4.16&#8243; _module_preset=\u00bbdefault\u00bb link_option_url=\u00bb#\u00bb link_option_url_new_window=\u00bbon\u00bb icon_font_size=\u00bb40px\u00bb global_colors_info=\u00bb{}\u00bb]<\/p>\n<p>Mg. Carlos Hern\u00e1ndez Valenzuela<\/p>\n<p>Mg. Ana Mar\u00eda M\u00e9ndez Cowell<\/p>\n<p>[\/et_pb_blurb][\/et_pb_column][et_pb_column type=\u00bb1_6&#8243; _builder_version=\u00bb4.16&#8243; _module_preset=\u00bbdefault\u00bb global_colors_info=\u00bb{}\u00bb][et_pb_blurb title=\u00bbComisi\u00f3n Curricular de Pedagog\u00eda en Educaci\u00f3n Diferencial\u00bb url=\u00bb#\u00bb url_new_window=\u00bbon\u00bb use_icon=\u00bbon\u00bb font_icon=\u00bb&#xe102;||divi||400&#8243; icon_color=\u00bb#009BDB\u00bb icon_placement=\u00bbleft\u00bb image_icon_width=\u00bb40px\u00bb _builder_version=\u00bb4.16&#8243; _module_preset=\u00bbdefault\u00bb link_option_url=\u00bb#\u00bb link_option_url_new_window=\u00bbon\u00bb icon_font_size=\u00bb40px\u00bb global_colors_info=\u00bb{}\u00bb]<\/p>\n<p>Mg. Paola Esparza Guti\u00e9rrez<\/p>\n<p>[\/et_pb_blurb][\/et_pb_column][\/et_pb_row][et_pb_row column_structure=\u00bb1_6,1_6,1_6,1_6,1_6,1_6&#8243; _builder_version=\u00bb4.16&#8243; _module_preset=\u00bbdefault\u00bb custom_padding=\u00bb||4px|||\u00bb global_colors_info=\u00bb{}\u00bb][et_pb_column type=\u00bb1_6&#8243; _builder_version=\u00bb4.16&#8243; _module_preset=\u00bbdefault\u00bb global_colors_info=\u00bb{}\u00bb][et_pb_blurb title=\u00bbComisi\u00f3n Curricular de Pedagog\u00eda en Educaci\u00f3n F\u00edsica\u00bb url=\u00bb#\u00bb url_new_window=\u00bbon\u00bb use_icon=\u00bbon\u00bb font_icon=\u00bb&#xe0f8;||divi||400&#8243; icon_color=\u00bb#009BDB\u00bb icon_placement=\u00bbleft\u00bb image_icon_width=\u00bb40px\u00bb _builder_version=\u00bb4.16&#8243; _module_preset=\u00bbdefault\u00bb link_option_url=\u00bb#\u00bb link_option_url_new_window=\u00bbon\u00bb icon_font_size=\u00bb40px\u00bb global_colors_info=\u00bb{}\u00bb]<\/p>\n<p>Dr Javier Vergara N\u00fa\u00f1ez<\/p>\n<p>[\/et_pb_blurb][\/et_pb_column][et_pb_column type=\u00bb1_6&#8243; _builder_version=\u00bb4.16&#8243; _module_preset=\u00bbdefault\u00bb global_colors_info=\u00bb{}\u00bb][et_pb_blurb title=\u00bbComisi\u00f3n Curricular de Pedagog\u00eda en Educaci\u00f3n Musical\u00bb url=\u00bb#\u00bb url_new_window=\u00bbon\u00bb use_icon=\u00bbon\u00bb font_icon=\u00bb&#xe611;||divi||400&#8243; icon_color=\u00bb#009BDB\u00bb icon_placement=\u00bbleft\u00bb image_icon_width=\u00bb40px\u00bb _builder_version=\u00bb4.16&#8243; _module_preset=\u00bbdefault\u00bb link_option_url=\u00bb#\u00bb link_option_url_new_window=\u00bbon\u00bb icon_font_size=\u00bb40px\u00bb global_colors_info=\u00bb{}\u00bb]<\/p>\n<p>Dr. Alejandro Gallardo Jaque<\/p>\n<p>[\/et_pb_blurb][\/et_pb_column][et_pb_column type=\u00bb1_6&#8243; _builder_version=\u00bb4.16&#8243; _module_preset=\u00bbdefault\u00bb global_colors_info=\u00bb{}\u00bb][et_pb_blurb title=\u00bbComisi\u00f3n Curricular de Pedagog\u00eda en F\u00edsica\u00bb url=\u00bb#\u00bb url_new_window=\u00bbon\u00bb use_icon=\u00bbon\u00bb font_icon=\u00bb&#xe038;||divi||400&#8243; icon_color=\u00bb#009BDB\u00bb icon_placement=\u00bbleft\u00bb image_icon_width=\u00bb40px\u00bb _builder_version=\u00bb4.16&#8243; _module_preset=\u00bbdefault\u00bb link_option_url=\u00bb#\u00bb link_option_url_new_window=\u00bbon\u00bb icon_font_size=\u00bb40px\u00bb global_colors_info=\u00bb{}\u00bb]<\/p>\n<p>Dra. Daysi Reinoso Salinas<\/p>\n<p>[\/et_pb_blurb][\/et_pb_column][et_pb_column type=\u00bb1_6&#8243; _builder_version=\u00bb4.16&#8243; _module_preset=\u00bbdefault\u00bb global_colors_info=\u00bb{}\u00bb][et_pb_blurb title=\u00bbComisi\u00f3n Curricular de Pedagog\u00eda en Qu\u00edmica y Ciencias\u00bb url=\u00bb#\u00bb url_new_window=\u00bbon\u00bb use_icon=\u00bbon\u00bb font_icon=\u00bb&#xe00a;||divi||400&#8243; icon_color=\u00bb#009BDB\u00bb icon_placement=\u00bbleft\u00bb image_icon_width=\u00bb40px\u00bb _builder_version=\u00bb4.16&#8243; _module_preset=\u00bbdefault\u00bb link_option_url=\u00bb#\u00bb link_option_url_new_window=\u00bbon\u00bb icon_font_size=\u00bb40px\u00bb global_colors_info=\u00bb{}\u00bb]<\/p>\n<p>Dra. Sylvia Moraga Toledo<\/p>\n<p>[\/et_pb_blurb][\/et_pb_column][et_pb_column type=\u00bb1_6&#8243; _builder_version=\u00bb4.16&#8243; _module_preset=\u00bbdefault\u00bb global_colors_info=\u00bb{}\u00bb][et_pb_blurb title=\u00bbComisi\u00f3n Curricular de Terapia Ocupacional\u00bb url=\u00bb#\u00bb url_new_window=\u00bbon\u00bb use_icon=\u00bbon\u00bb font_icon=\u00bb&#x77;||divi||400&#8243; icon_color=\u00bb#009BDB\u00bb icon_placement=\u00bbleft\u00bb image_icon_width=\u00bb40px\u00bb _builder_version=\u00bb4.16&#8243; _module_preset=\u00bbdefault\u00bb link_option_url=\u00bb#\u00bb link_option_url_new_window=\u00bbon\u00bb icon_font_size=\u00bb40px\u00bb global_colors_info=\u00bb{}\u00bb]<\/p>\n<p>Mg. Claudio Valenzuela Gonz\u00e1lez<\/p>\n<p>[\/et_pb_blurb][\/et_pb_column][et_pb_column type=\u00bb1_6&#8243; _builder_version=\u00bb4.16&#8243; _module_preset=\u00bbdefault\u00bb global_colors_info=\u00bb{}\u00bb][\/et_pb_column][\/et_pb_row][\/et_pb_section][et_pb_section fb_built=\u00bb1&#8243; _builder_version=\u00bb4.27.5&#8243; _module_preset=\u00bbdefault\u00bb hover_enabled=\u00bb0&#8243; global_colors_info=\u00bb{}\u00bb sticky_enabled=\u00bb0&#8243; background_color=\u00bb#f4f4f4&#8243;][et_pb_row _builder_version=\u00bb4.16&#8243; _module_preset=\u00bbdefault\u00bb custom_padding=\u00bb8px||15px|||\u00bb global_colors_info=\u00bb{}\u00bb][et_pb_column type=\u00bb4_4&#8243; _builder_version=\u00bb4.16&#8243; _module_preset=\u00bbdefault\u00bb global_colors_info=\u00bb{}\u00bb][et_pb_blurb title=\u00bbRepresentantes en el Senado Universitario\u00bb use_icon=\u00bbon\u00bb font_icon=\u00bb&#xe0df;||divi||400&#8243; icon_color=\u00bb#009BDB\u00bb content_max_width=\u00bb1100px\u00bb _builder_version=\u00bb4.27.5&#8243; _module_preset=\u00bbdefault\u00bb header_text_align=\u00bbcenter\u00bb header_text_color=\u00bb#000000&#8243; body_text_align=\u00bbcenter\u00bb body_text_color=\u00bb#FFFFFF\u00bb body_font_size=\u00bb18px\u00bb hover_enabled=\u00bb0&#8243; global_colors_info=\u00bb{}\u00bb sticky_enabled=\u00bb0&#8243;][\/et_pb_blurb][\/et_pb_column][\/et_pb_row][et_pb_row column_structure=\u00bb1_4,1_4,1_4,1_4&#8243; _builder_version=\u00bb4.16&#8243; _module_preset=\u00bbdefault\u00bb custom_padding=\u00bb||4px|||\u00bb global_colors_info=\u00bb{}\u00bb][et_pb_column type=\u00bb1_4&#8243; _builder_version=\u00bb4.16&#8243; _module_preset=\u00bbdefault\u00bb global_colors_info=\u00bb{}\u00bb][et_pb_team_member name=\u00bbVer\u00f3nica Past\u00e9n Valenzuela\u00bb image_url=\u00bbhttps:\/\/upla.cl\/senado\/wp-content\/uploads\/2025\/10\/veronica-pasten.jpg\u00bb admin_label=\u00bbVioleta Acu\u00f1a Collado\u00bb _builder_version=\u00bb4.27.5&#8243; _module_preset=\u00bbdefault\u00bb position_font=\u00bb|800|||||||\u00bb position_text_color=\u00bb#B55103&#8243; body_link_font=\u00bb||||on|||#009BDB|\u00bb hover_enabled=\u00bb0&#8243; border_radii_image=\u00bbon|620px|620px|620px|620px\u00bb border_width_all_image=\u00bb7px\u00bb border_color_all_image=\u00bb#EA5B0C\u00bb global_colors_info=\u00bb{}\u00bb sticky_enabled=\u00bb0&#8243; header_text_color=\u00bb#009BDB\u00bb]<\/p>\n<p><strong>Comisiones:<\/strong><\/p>\n<p>&gt; Docencia universitaria: programas de pregrado y postgrado.<\/p>\n<p>[\/et_pb_team_member][\/et_pb_column][et_pb_column type=\u00bb1_4&#8243; _builder_version=\u00bb4.16&#8243; _module_preset=\u00bbdefault\u00bb global_colors_info=\u00bb{}\u00bb][et_pb_team_member name=\u00bbAuristela Hormazabal Soto\u00bb image_url=\u00bbhttps:\/\/upla.cl\/senado\/wp-content\/uploads\/2025\/10\/auristela_hormazabal.jpeg\u00bb admin_label=\u00bbVioleta Acu\u00f1a Collado\u00bb _builder_version=\u00bb4.27.5&#8243; _module_preset=\u00bbdefault\u00bb position_font=\u00bb|800|||||||\u00bb position_text_color=\u00bb#B55103&#8243; body_link_font=\u00bb||||on|||#009BDB|\u00bb hover_enabled=\u00bb0&#8243; border_radii_image=\u00bbon|620px|620px|620px|620px\u00bb border_width_all_image=\u00bb7px\u00bb border_color_all_image=\u00bb#EA5B0C\u00bb global_colors_info=\u00bb{}\u00bb sticky_enabled=\u00bb0&#8243; header_text_color=\u00bb#009BDB\u00bb]<\/p>\n<p><strong>Comisiones:<\/strong><\/p>\n<p><span>&gt; Docencia universitaria: programas de pregrado y postgrado.<\/span><\/p>\n<p>[\/et_pb_team_member][\/et_pb_column][et_pb_column type=\u00bb1_4&#8243; _builder_version=\u00bb4.16&#8243; _module_preset=\u00bbdefault\u00bb global_colors_info=\u00bb{}\u00bb][et_pb_team_member name=\u00bbVioleta Acu\u00f1a Collado\u00bb image_url=\u00bbhttps:\/\/upla.cl\/senado\/wp-content\/uploads\/2025\/10\/acunavioleta.jpg\u00bb admin_label=\u00bbVioleta Acu\u00f1a Collado\u00bb _builder_version=\u00bb4.27.5&#8243; _module_preset=\u00bbdefault\u00bb position_font=\u00bb|800|||||||\u00bb position_text_color=\u00bb#B55103&#8243; body_link_font=\u00bb||||on|||#009BDB|\u00bb hover_enabled=\u00bb0&#8243; border_radii_image=\u00bbon|620px|620px|620px|620px\u00bb border_width_all_image=\u00bb7px\u00bb border_color_all_image=\u00bb#EA5B0C\u00bb global_colors_info=\u00bb{}\u00bb sticky_enabled=\u00bb0&#8243; header_text_color=\u00bb#009BDB\u00bb]<\/p>\n<p><strong>Comisiones:<\/strong><\/p>\n<p>&gt; Docencia universitaria: programas de pregrado y postgrado.<\/p>\n<p>&gt; Investigaci\u00f3n y creaci\u00f3n art\u00edstica.<\/p>\n<p>&gt; Innovaci\u00f3n y vinculaci\u00f3n con el medio.<\/p>\n<p>[\/et_pb_team_member][\/et_pb_column][et_pb_column type=\u00bb1_4&#8243; _builder_version=\u00bb4.16&#8243; _module_preset=\u00bbdefault\u00bb global_colors_info=\u00bb{}\u00bb][et_pb_team_member name=\u00bbPatricio Ib\u00e1\u00f1ez Le\u00f3n\u00bb image_url=\u00bbhttps:\/\/upla.cl\/senado\/wp-content\/uploads\/2025\/10\/ibanezpatricio.jpg\u00bb admin_label=\u00bbVioleta Acu\u00f1a Collado\u00bb _builder_version=\u00bb4.27.5&#8243; _module_preset=\u00bbdefault\u00bb position_font=\u00bb|800|||||||\u00bb position_text_color=\u00bb#B55103&#8243; body_link_font=\u00bb||||on|||#009BDB|\u00bb hover_enabled=\u00bb0&#8243; border_radii_image=\u00bbon|620px|620px|620px|620px\u00bb border_width_all_image=\u00bb7px\u00bb border_color_all_image=\u00bb#EA5B0C\u00bb global_colors_info=\u00bb{}\u00bb sticky_enabled=\u00bb0&#8243; header_text_color=\u00bb#009BDB\u00bb]<\/p>\n<p><strong>Comisiones:<\/strong><\/p>\n<p>&gt; Gesti\u00f3n institucional y organizacional.<\/p>\n<p>&gt; Reglamento de elecciones.<\/p>\n<p>[\/et_pb_team_member][\/et_pb_column][\/et_pb_row][\/et_pb_section][et_pb_section fb_built=\u00bb1&#8243; _builder_version=\u00bb4.27.5&#8243; _module_preset=\u00bbdefault\u00bb background_color=\u00bb#FFFFFF\u00bb hover_enabled=\u00bb0&#8243; global_colors_info=\u00bb{}\u00bb sticky_enabled=\u00bb0&#8243;][et_pb_row _builder_version=\u00bb4.16&#8243; _module_preset=\u00bbdefault\u00bb custom_padding=\u00bb8px||15px|||\u00bb global_colors_info=\u00bb{}\u00bb][et_pb_column type=\u00bb4_4&#8243; _builder_version=\u00bb4.16&#8243; _module_preset=\u00bbdefault\u00bb global_colors_info=\u00bb{}\u00bb][et_pb_blurb title=\u00bbComit\u00e9 Editorial de la Facultad\u00bb use_icon=\u00bbon\u00bb font_icon=\u00bb&#xe0df;||divi||400&#8243; icon_color=\u00bb#009BDB\u00bb content_max_width=\u00bb1100px\u00bb _builder_version=\u00bb4.27.0&#8243; _module_preset=\u00bbdefault\u00bb header_text_align=\u00bbcenter\u00bb header_text_color=\u00bb#000000&#8243; body_text_align=\u00bbcenter\u00bb body_text_color=\u00bb#FFFFFF\u00bb body_font_size=\u00bb18px\u00bb global_colors_info=\u00bb{}\u00bb][\/et_pb_blurb][\/et_pb_column][\/et_pb_row][et_pb_row column_structure=\u00bb1_5,1_5,1_5,1_5,1_5&#8243; _builder_version=\u00bb4.16&#8243; _module_preset=\u00bbdefault\u00bb custom_padding=\u00bb||4px|||\u00bb global_colors_info=\u00bb{}\u00bb][et_pb_column type=\u00bb1_5&#8243; _builder_version=\u00bb4.16&#8243; _module_preset=\u00bbdefault\u00bb global_colors_info=\u00bb{}\u00bb][et_pb_team_member name=\u00bbFernando Mandujano Bustamante\u00bb image_url=\u00bbhttps:\/\/www.upla.cl\/facultad\/cienciaseducacion\/wp-content\/uploads\/2021\/08\/480_mandujano.jpg\u00bb admin_label=\u00bbVioleta Acu\u00f1a Collado\u00bb _builder_version=\u00bb4.27.4&#8243; _module_preset=\u00bbdefault\u00bb position_font=\u00bb|800|||||||\u00bb position_text_color=\u00bb#B55103&#8243; body_link_font=\u00bb||||on|||#009BDB|\u00bb border_radii_image=\u00bbon|620px|620px|620px|620px\u00bb border_width_all_image=\u00bb7px\u00bb border_color_all_image=\u00bb#EA5B0C\u00bb global_colors_info=\u00bb{}\u00bb]<\/p>\n<p><strong>Correo electr\u00f3nico:<\/strong> <a href=\"mailto:fm@upla.cl\">fm@upla.cl<\/a><\/p>\n<p>[\/et_pb_team_member][\/et_pb_column][et_pb_column type=\u00bb1_5&#8243; _builder_version=\u00bb4.16&#8243; _module_preset=\u00bbdefault\u00bb global_colors_info=\u00bb{}\u00bb][et_pb_team_member name=\u00bbOctavio Poblete Christie\u00bb image_url=\u00bbhttps:\/\/www.upla.cl\/facultad\/cienciaseducacion\/wp-content\/uploads\/2023\/04\/2023_0403_opoblete.jpg\u00bb admin_label=\u00bbOctavio Poblete Christie\u00bb _builder_version=\u00bb4.27.4&#8243; _module_preset=\u00bbdefault\u00bb position_font=\u00bb|800|||||||\u00bb position_text_color=\u00bb#B55103&#8243; body_link_font=\u00bb||||on|||#009BDB|\u00bb border_radii_image=\u00bbon|620px|620px|620px|620px\u00bb border_width_all_image=\u00bb7px\u00bb border_color_all_image=\u00bb#EA5B0C\u00bb global_colors_info=\u00bb{}\u00bb]<\/p>\n<p><strong>Correo electr\u00f3nico:<\/strong> <a href=\"mailto:octavio.poblete@upla.cl\">octavio.poblete@upla.cl<\/a><\/p>\n<p>[\/et_pb_team_member][\/et_pb_column][et_pb_column type=\u00bb1_5&#8243; _builder_version=\u00bb4.16&#8243; _module_preset=\u00bbdefault\u00bb global_colors_info=\u00bb{}\u00bb][et_pb_team_member name=\u00bbJos\u00e9 Miguel Olivares Villarroel\u00bb image_url=\u00bbhttps:\/\/www.upla.cl\/facultad\/cienciaseducacion\/wp-content\/uploads\/2023\/04\/2023_0403_josemanuelolivares.-JPG.jpg\u00bb admin_label=\u00bbJos\u00e9 Miguel Olivares Villarroel\u00bb _builder_version=\u00bb4.27.4&#8243; _module_preset=\u00bbdefault\u00bb position_font=\u00bb|800|||||||\u00bb position_text_color=\u00bb#B55103&#8243; body_link_font=\u00bb||||on|||#009BDB|\u00bb border_radii_image=\u00bbon|620px|620px|620px|620px\u00bb border_width_all_image=\u00bb7px\u00bb border_color_all_image=\u00bb#EA5B0C\u00bb global_colors_info=\u00bb{}\u00bb]<\/p>\n<p><strong>Correo electr\u00f3nico:<\/strong> <a href=\"mailto:octavio.poblete@upla.cl\">octavio.poblete@upla.cl<\/a><\/p>\n<p>[\/et_pb_team_member][\/et_pb_column][et_pb_column type=\u00bb1_5&#8243; _builder_version=\u00bb4.16&#8243; _module_preset=\u00bbdefault\u00bb global_colors_info=\u00bb{}\u00bb][\/et_pb_column][et_pb_column type=\u00bb1_5&#8243; _builder_version=\u00bb4.16&#8243; _module_preset=\u00bbdefault\u00bb global_colors_info=\u00bb{}\u00bb][\/et_pb_column][\/et_pb_row][\/et_pb_section][et_pb_section fb_built=\u00bb1&#8243; _builder_version=\u00bb4.27.5&#8243; _module_preset=\u00bbdefault\u00bb background_color=\u00bb#f4f4f4&#8243; hover_enabled=\u00bb0&#8243; global_colors_info=\u00bb{}\u00bb sticky_enabled=\u00bb0&#8243;][et_pb_row _builder_version=\u00bb4.16&#8243; _module_preset=\u00bbdefault\u00bb custom_padding=\u00bb44px||15px|||\u00bb global_colors_info=\u00bb{}\u00bb][et_pb_column type=\u00bb4_4&#8243; _builder_version=\u00bb4.16&#8243; _module_preset=\u00bbdefault\u00bb global_colors_info=\u00bb{}\u00bb][et_pb_blurb title=\u00bbApoyo administrativo y de servicios\u00bb use_icon=\u00bbon\u00bb font_icon=\u00bb&#xe0df;||divi||400&#8243; icon_color=\u00bb#009BDB\u00bb content_max_width=\u00bb1100px\u00bb _builder_version=\u00bb4.16&#8243; _module_preset=\u00bbdefault\u00bb header_text_align=\u00bbcenter\u00bb header_text_color=\u00bb#000000&#8243; body_text_align=\u00bbcenter\u00bb body_text_color=\u00bb#FFFFFF\u00bb body_font_size=\u00bb18px\u00bb global_colors_info=\u00bb{}\u00bb][\/et_pb_blurb][\/et_pb_column][\/et_pb_row][et_pb_row column_structure=\u00bb1_5,1_5,1_5,1_5,1_5&#8243; _builder_version=\u00bb4.16&#8243; _module_preset=\u00bbdefault\u00bb custom_padding=\u00bb||4px|||\u00bb global_colors_info=\u00bb{}\u00bb][et_pb_column type=\u00bb1_5&#8243; _builder_version=\u00bb4.16&#8243; _module_preset=\u00bbdefault\u00bb global_colors_info=\u00bb{}\u00bb][et_pb_team_member name=\u00bbAnnamar\u00eda L\u00f3pez Daneri\u00bb position=\u00bbSecretaria de la decana\u00bb image_url=\u00bbhttps:\/\/www.upla.cl\/facultad\/cienciaseducacion\/wp-content\/uploads\/2021\/08\/lopezannamaria.jpg\u00bb admin_label=\u00bbAnnamar\u00eda L\u00f3pez Daneri\u00bb _builder_version=\u00bb4.16&#8243; _module_preset=\u00bbdefault\u00bb position_font=\u00bb|800|||||||\u00bb position_text_color=\u00bb#B55103&#8243; body_link_font=\u00bb||||on|||#009BDB|\u00bb border_radii_image=\u00bbon|180px|180px|180px|180px\u00bb border_width_all_image=\u00bb7px\u00bb border_color_all_image=\u00bb#EA5B0C\u00bb global_colors_info=\u00bb{}\u00bb]<\/p>\n<p><strong>Correo electr\u00f3nico:<\/strong> <a title=\"annamaria.lopez@upla.cl\" href=\"mailto:annamaria.lopez@upla.cl\" target=\"_blank\" rel=\"noopener\">annamaria.lopez@upla.cl<\/a><\/p>\n<p>[\/et_pb_team_member][\/et_pb_column][et_pb_column type=\u00bb1_5&#8243; _builder_version=\u00bb4.16&#8243; _module_preset=\u00bbdefault\u00bb global_colors_info=\u00bb{}\u00bb][et_pb_team_member name=\u00bbJanet Goldsworthy Rojas\u00bb position=\u00bbSecretaria de la Facultad\u00bb image_url=\u00bbhttps:\/\/www.upla.cl\/facultad\/cienciaseducacion\/wp-content\/uploads\/2021\/09\/goldsworthyjanet.jpg\u00bb admin_label=\u00bbJanet Goldsworthy Rojas\u00bb _builder_version=\u00bb4.16&#8243; _module_preset=\u00bbdefault\u00bb position_font=\u00bb|800|||||||\u00bb position_text_color=\u00bb#B55103&#8243; body_link_font=\u00bb||||on|||#009BDB|\u00bb border_radii_image=\u00bbon|620px|620px|620px|620px\u00bb border_width_all_image=\u00bb7px\u00bb border_color_all_image=\u00bb#EA5B0C\u00bb global_colors_info=\u00bb{}\u00bb]<\/p>\n<p><strong>Correo electr\u00f3nico:<\/strong> <a href=\"mailto:facedu@upla.cl\">facedu@upla.cl<\/a><\/p>\n<p>[\/et_pb_team_member][\/et_pb_column][et_pb_column type=\u00bb1_5&#8243; _builder_version=\u00bb4.16&#8243; _module_preset=\u00bbdefault\u00bb global_colors_info=\u00bb{}\u00bb][et_pb_team_member name=\u00bbLeyla Astete Vel\u00e1squez\u00bb position=\u00bbSecretaria de las direcciones departamentos\u00bb image_url=\u00bbhttps:\/\/www.upla.cl\/facultad\/cienciaseducacion\/wp-content\/uploads\/2021\/09\/asteteleyla.jpg\u00bb admin_label=\u00bbLeyla Astete Vel\u00e1squez\u00bb _builder_version=\u00bb4.16&#8243; _module_preset=\u00bbdefault\u00bb position_font=\u00bb|800|||||||\u00bb position_text_color=\u00bb#B55103&#8243; body_link_font=\u00bb||||on|||#009BDB|\u00bb border_radii_image=\u00bbon|180px|180px|180px|180px\u00bb border_width_all_image=\u00bb7px\u00bb border_color_all_image=\u00bb#EA5B0C\u00bb global_colors_info=\u00bb{}\u00bb]<\/p>\n<p><strong>Correo electr\u00f3nico:<\/strong> <a href=\"mailto:leyla.astete@upla.cl\">leyla.astete@upla.cl<\/a><\/p>\n<p>[\/et_pb_team_member][\/et_pb_column][et_pb_column type=\u00bb1_5&#8243; _builder_version=\u00bb4.16&#8243; _module_preset=\u00bbdefault\u00bb global_colors_info=\u00bb{}\u00bb][et_pb_team_member name=\u00bbLira Hinojosa Miranda\u00bb position=\u00bbSecretaria de las direcciones de carrera\u00bb image_url=\u00bbhttps:\/\/www.upla.cl\/facultad\/cienciaseducacion\/wp-content\/uploads\/2021\/09\/hinojosalira.jpg\u00bb admin_label=\u00bbLira Hinojosa Miranda\u00bb _builder_version=\u00bb4.16&#8243; _module_preset=\u00bbdefault\u00bb position_font=\u00bb|800|||||||\u00bb position_text_color=\u00bb#B55103&#8243; body_link_font=\u00bb||||on|||#009BDB|\u00bb border_radii_image=\u00bbon|180px|180px|180px|180px\u00bb border_width_all_image=\u00bb7px\u00bb border_color_all_image=\u00bb#EA5B0C\u00bb global_colors_info=\u00bb{}\u00bb]<\/p>\n<p><strong>Correo electr\u00f3nico:<\/strong> <a href=\"mailto:lira.hinojosa@upla.cl\">lira.hinojosa@upla.cl<\/a><\/p>\n<p>[\/et_pb_team_member][\/et_pb_column][et_pb_column type=\u00bb1_5&#8243; _builder_version=\u00bb4.16&#8243; _module_preset=\u00bbdefault\u00bb global_colors_info=\u00bb{}\u00bb][et_pb_team_member name=\u00bbLuisa Fuentes Vargas\u00bb position=\u00bbSecretaria de programas disciplinarios\u00bb image_url=\u00bbhttps:\/\/www.upla.cl\/facultad\/cienciaseducacion\/wp-content\/uploads\/2021\/08\/fuentesluisa.jpg\u00bb admin_label=\u00bbLuisa Fuentes Vargas\u00bb _builder_version=\u00bb4.16&#8243; _module_preset=\u00bbdefault\u00bb position_font=\u00bb|800|||||||\u00bb position_text_color=\u00bb#B55103&#8243; body_link_font=\u00bb||||on|||#009BDB|\u00bb border_radii_image=\u00bbon|180px|180px|180px|180px\u00bb border_width_all_image=\u00bb7px\u00bb border_color_all_image=\u00bb#EA5B0C\u00bb global_colors_info=\u00bb{}\u00bb]<\/p>\n<p><strong>Correo electr\u00f3nico:<\/strong> <a href=\"mailto:luisa.fuentes@upla.cl\">luisa.fuentes@upla.cl<\/a><\/p>\n<p>[\/et_pb_team_member][\/et_pb_column][\/et_pb_row][\/et_pb_section][et_pb_section fb_built=\u00bb1&#8243; _builder_version=\u00bb4.16&#8243; _module_preset=\u00bbdefault\u00bb background_color=\u00bb#B55103&#8243; custom_padding=\u00bb45px||60px|||\u00bb global_colors_info=\u00bb{}\u00bb][et_pb_row _builder_version=\u00bb4.16&#8243; _module_preset=\u00bbdefault\u00bb custom_padding=\u00bb3px||3px||false|false\u00bb global_colors_info=\u00bb{}\u00bb][et_pb_column type=\u00bb4_4&#8243; _builder_version=\u00bb4.16&#8243; _module_preset=\u00bbdefault\u00bb global_colors_info=\u00bb{}\u00bb][et_pb_blurb title=\u00bbAcad\u00e9micas y acad\u00e9micos de la Facultad\u00bb url=\u00bbhttps:\/\/www.upla.cl\/facultad\/cienciaseducacion\/facultad\/academicas-y-academicos\/\u00bb use_icon=\u00bbon\u00bb font_icon=\u00bb&#xe107;||divi||400&#8243; icon_color=\u00bb#FFFFFF\u00bb icon_placement=\u00bbleft\u00bb image_icon_width=\u00bb58px\u00bb content_max_width=\u00bb1100px\u00bb _builder_version=\u00bb4.16&#8243; _module_preset=\u00bbdefault\u00bb header_font=\u00bb|800||on|||||\u00bb header_text_color=\u00bb#FFFFFF\u00bb header_font_size=\u00bb24px\u00bb body_text_color=\u00bb#FFFFFF\u00bb body_font_size=\u00bb18px\u00bb background_color=\u00bb#B55103&#8243; custom_padding=\u00bb20px|70px|20px|70px|true|true\u00bb link_option_url=\u00bbhttps:\/\/www.upla.cl\/facultad\/cienciaseducacion\/facultad\/academicas-y-academicos\/\u00bb border_color_all_image=\u00bb#000000&#8243; icon_font_size=\u00bb58px\u00bb global_colors_info=\u00bb{}\u00bb background__hover_enabled=\u00bbon|hover\u00bb background_color__hover=\u00bb#822501&#8243; background_enable_color__hover=\u00bbon\u00bb]<\/p>\n<p>Revisa ac\u00e1 el listado de docentes de la Facultad de Ciencias de la Educaci\u00f3n de la Universidad de Playa Ancha<\/p>\n<p>[\/et_pb_blurb][\/et_pb_column][\/et_pb_row][\/et_pb_section]<\/p>\n","protected":false},"excerpt":{"rendered":"<p>Correo electr\u00f3nico: acastillo@upla.clEstimada comunidad de la Facultad de Ciencias de la Educaci\u00f3n de la Universidad de Playa Ancha, futuras y futuros estudiantes, egresadas y egresados, empleadoras y empleadores, usuarias y [&hellip;]<\/p>\n","protected":false},"author":1,"featured_media":0,"parent":0,"menu_order":2,"comment_status":"closed","ping_status":"closed","template":"","meta":{"_et_pb_use_builder":"on","_et_pb_old_content":"","_et_gb_content_width":"","footnotes":""},"class_list":["post-42","page","type-page","status-publish","hentry"],"_links":{"self":[{"href":"https:\/\/www.upla.cl\/facultad\/cienciaseducacion\/wp-json\/wp\/v2\/pages\/42","targetHints":{"allow":["GET"]}}],"collection":[{"href":"https:\/\/www.upla.cl\/facultad\/cienciaseducacion\/wp-json\/wp\/v2\/pages"}],"about":[{"href":"https:\/\/www.upla.cl\/facultad\/cienciaseducacion\/wp-json\/wp\/v2\/types\/page"}],"author":[{"embeddable":true,"href":"https:\/\/www.upla.cl\/facultad\/cienciaseducacion\/wp-json\/wp\/v2\/users\/1"}],"replies":[{"embeddable":true,"href":"https:\/\/www.upla.cl\/facultad\/cienciaseducacion\/wp-json\/wp\/v2\/comments?post=42"}],"version-history":[{"count":2,"href":"https:\/\/www.upla.cl\/facultad\/cienciaseducacion\/wp-json\/wp\/v2\/pages\/42\/revisions"}],"predecessor-version":[{"id":128864,"href":"https:\/\/www.upla.cl\/facultad\/cienciaseducacion\/wp-json\/wp\/v2\/pages\/42\/revisions\/128864"}],"wp:attachment":[{"href":"https:\/\/www.upla.cl\/facultad\/cienciaseducacion\/wp-json\/wp\/v2\/media?parent=42"}],"curies":[{"name":"wp","href":"https:\/\/api.w.org\/{rel}","templated":true}]}}