{"id":107482,"date":"2024-08-29T12:00:58","date_gmt":"2024-08-29T16:00:58","guid":{"rendered":"https:\/\/www.upla.cl\/facultad\/cienciasactividadfisicaydeporte\/?page_id=107482"},"modified":"2025-07-07T14:42:37","modified_gmt":"2025-07-07T18:42:37","slug":"academicos-y-academicas","status":"publish","type":"page","link":"https:\/\/www.upla.cl\/facultad\/cienciasactividadfisicaydeporte\/academicos-y-academicas\/","title":{"rendered":"Acad\u00e9micos y Acad\u00e9micas"},"content":{"rendered":"<p>[et_pb_section fb_built=\u00bb1&#8243; fullwidth=\u00bbon\u00bb _builder_version=\u00bb4.27.4&#8243; _module_preset=\u00bbdefault\u00bb background_enable_image=\u00bboff\u00bb global_colors_info=\u00bb{}\u00bb][et_pb_fullwidth_post_title meta=\u00bboff\u00bb featured_placement=\u00bbbackground\u00bb _builder_version=\u00bb4.27.4&#8243; _module_preset=\u00bbdefault\u00bb title_text_color=\u00bb#FFFFFF\u00bb background_enable_color=\u00bboff\u00bb use_background_color_gradient=\u00bbon\u00bb background_color_gradient_stops=\u00bbrgba(0,0,0,0.39) 0%|rgba(0,0,0,0.63) 100%\u00bb background_image=\u00bbhttps:\/\/www.upla.cl\/facultad\/cienciasactividadfisicaydeporte\/wp-content\/uploads\/2024\/12\/profefacuefi-scaled.jpg\u00bb background_position=\u00bbcenter_left\u00bb background_blend=\u00bbmultiply\u00bb custom_padding=\u00bb13%||13%||true|false\u00bb title_text_shadow_style=\u00bbpreset2&#8243; global_colors_info=\u00bb{}\u00bb][\/et_pb_fullwidth_post_title][\/et_pb_section][et_pb_section fb_built=\u00bb1&#8243; admin_label=\u00bbDepartamento Ciencias de la Actividad F\u00edsica\u00bb _builder_version=\u00bb4.27.0&#8243; _module_preset=\u00bbdefault\u00bb global_colors_info=\u00bb{}\u00bb][et_pb_row admin_label=\u00bbTeatro\u00bb _builder_version=\u00bb4.25.0&#8243; _module_preset=\u00bbdefault\u00bb width=\u00bb100%\u00bb custom_margin=\u00bb|10%||10%|false|true\u00bb custom_padding=\u00bb|||0px||\u00bb global_colors_info=\u00bb{}\u00bb][et_pb_column type=\u00bb4_4&#8243; _builder_version=\u00bb4.23.1&#8243; _module_preset=\u00bbdefault\u00bb global_colors_info=\u00bb{}\u00bb][et_pb_text _builder_version=\u00bb4.27.0&#8243; _module_preset=\u00bbdefault\u00bb text_font=\u00bb|700|||||||\u00bb text_text_color=\u00bb#565656&#8243; text_font_size=\u00bb18px\u00bb header_2_text_align=\u00bbleft\u00bb header_2_text_color=\u00bb#8A1002&#8243; global_colors_info=\u00bb{}\u00bb]<\/p>\n<h2>Departamento Ciencias de la Actividad F\u00edsica<\/h2>\n<p>[\/et_pb_text][\/et_pb_column][\/et_pb_row][et_pb_row column_structure=\u00bb1_4,1_4,1_4,1_4&#8243; use_custom_gutter=\u00bbon\u00bb _builder_version=\u00bb4.25.0&#8243; _module_preset=\u00bbdefault\u00bb custom_margin=\u00bb||||false|true\u00bb custom_padding=\u00bb||4px|||\u00bb global_colors_info=\u00bb{}\u00bb][et_pb_column type=\u00bb1_4&#8243; _builder_version=\u00bb4.16&#8243; _module_preset=\u00bbdefault\u00bb global_colors_info=\u00bb{}\u00bb][et_pb_team_member name=\u00bbGonzalo Berm\u00fadez Leiva\u00bb image_url=\u00bbhttps:\/\/www.upla.cl\/facultad\/cienciasactividadfisicaydeporte\/wp-content\/uploads\/2025\/01\/20250108_gonzalo-bermudez.jpg\u00bb admin_label=\u00bbGonzalo Berm\u00fadez Leiva\u00bb _builder_version=\u00bb4.27.4&#8243; _module_preset=\u00bbdefault\u00bb header_text_color=\u00bb#8A1002&#8243; position_font=\u00bb|800|||||||\u00bb position_text_color=\u00bb#8A1002&#8243; body_link_font=\u00bb||||on|||#009BDB|\u00bb custom_margin=\u00bb||||false|true\u00bb custom_padding=\u00bb|5%||5%|false|true\u00bb border_radii_image=\u00bbon|180px|180px|180px|180px\u00bb border_width_all_image=\u00bb2px\u00bb border_color_all_image=\u00bb#8A1002&#8243; global_colors_info=\u00bb{}\u00bb]<strong>Correo electr\u00f3nico:<\/strong> <a href=\"mailto:gonzalo.bermudez@upla.cl\" target=\"_blank\" rel=\"noopener\">gonzalo.bermudez@upla.cl<\/a><\/p>\n<p>Mag\u00edster en Ergonom\u00eda, Universidad de Concepci\u00f3n, Chile.<br \/>\nDiplomado en Ergonom\u00eda, Universidad de Concepci\u00f3n, Chile.<br \/>\nLicenciado en Ciencias de la Actividad F\u00edsica, Universidad de Playa Ancha, Chile.<br \/>\nTecn\u00f3logo en Deportes y Recreaci\u00f3n, Universidad de Playa Ancha, Chile.[\/et_pb_team_member][\/et_pb_column][et_pb_column type=\u00bb1_4&#8243; _builder_version=\u00bb4.16&#8243; _module_preset=\u00bbdefault\u00bb global_colors_info=\u00bb{}\u00bb][et_pb_team_member name=\u00bbDanilo  Bernal Gonz\u00e1lez\u00bb image_url=\u00bbhttps:\/\/www.upla.cl\/facultad\/cienciasactividadfisicaydeporte\/wp-content\/uploads\/2025\/07\/danilo_bernal.jpg\u00bb admin_label=\u00bbDanilo  Bernal Gonz\u00e1lez\u00bb _builder_version=\u00bb4.27.4&#8243; _module_preset=\u00bbdefault\u00bb header_text_color=\u00bb#8A1002&#8243; position_font=\u00bb|800|||||||\u00bb position_text_color=\u00bb#8A1002&#8243; body_link_font=\u00bb||||on|||#009BDB|\u00bb custom_margin=\u00bb||||false|true\u00bb custom_padding=\u00bb|5%||5%|false|true\u00bb hover_enabled=\u00bb0&#8243; border_radii_image=\u00bbon|180px|180px|180px|180px\u00bb border_width_all_image=\u00bb2px\u00bb border_color_all_image=\u00bb#8A1002&#8243; global_colors_info=\u00bb{}\u00bb alt=\u00bbFotograf\u00eda de:<br \/>\nDanilo Bernal Gonz\u00e1lez<br \/>\nCorreo electr\u00f3nico: dbernal@upla.cl<br \/>\nMag\u00edster en Ciencias de la Actividad F\u00edsica y del Deporte, Universidad de Playa Ancha, Chile.<br \/>\nLicenciado en Educaci\u00f3n, Universidad de Playa Ancha, Chile.<br \/>\nProfesor de Educaci\u00f3n F\u00edsica, Universidad de Playa Ancha, Chile.\u00bb title_text=\u00bbdanilo_bernal\u00bb sticky_enabled=\u00bb0&#8243;]<\/p>\n<p><strong>Correo electr\u00f3nico: <\/strong><a href=\"mailto:dbernal@upla.cl\" target=\"_blank\" rel=\"noopener\">dbernal@upla.cl<\/a><\/p>\n<p>Mag\u00edster en Ciencias de la Actividad F\u00edsica y del Deporte, Universidad de Playa Ancha, Chile.<br \/>Licenciado en Educaci\u00f3n, Universidad de Playa Ancha, Chile.<br \/>Profesor de Educaci\u00f3n F\u00edsica, Universidad de Playa Ancha, Chile.<\/p>\n<p>[\/et_pb_team_member][\/et_pb_column][et_pb_column type=\u00bb1_4&#8243; _builder_version=\u00bb4.16&#8243; _module_preset=\u00bbdefault\u00bb global_colors_info=\u00bb{}\u00bb][et_pb_team_member name=\u00bbMarlene Bonvallet Villarroel\u00bb image_url=\u00bbhttps:\/\/www.upla.cl\/facultad\/cienciasactividadfisicaydeporte\/wp-content\/uploads\/2024\/11\/27112024_mbonvallet.jpg\u00bb admin_label=\u00bbMarlene Bonvallet Villarroel\u00bb _builder_version=\u00bb4.27.4&#8243; _module_preset=\u00bbdefault\u00bb header_text_color=\u00bb#8A1002&#8243; position_font=\u00bb|800|||||||\u00bb position_text_color=\u00bb#8A1002&#8243; body_link_font=\u00bb||||on|||#009BDB|\u00bb custom_margin=\u00bb||||false|true\u00bb custom_padding=\u00bb|5%||5%|false|true\u00bb border_radii_image=\u00bbon|180px|180px|180px|180px\u00bb border_width_all_image=\u00bb2px\u00bb border_color_all_image=\u00bb#8A1002&#8243; global_colors_info=\u00bb{}\u00bb]<\/p>\n<p><strong>Correo electr\u00f3nico:<br \/><\/strong><a href=\"mailto:marlene.bonvallet@upla.cl\" target=\"_blank\" rel=\"noopener\">marlene.bonvallet@upla.cl<\/a><\/p>\n<p>Doctora en Filosof\u00eda, Universidad Bolivariana de Chile.<br \/>Mag\u00edster en Ciencias de la Actividad F\u00edsica y del Deporte, Universidad de Playa Ancha, Chile.<br \/>Licenciada en Educaci\u00f3n, Universidad de Playa Ancha, Chile.<br \/>Profesora de Educaci\u00f3n F\u00edsica, Universidad de Playa Ancha, Chile.<\/p>\n<p>[\/et_pb_team_member][\/et_pb_column][et_pb_column type=\u00bb1_4&#8243; _builder_version=\u00bb4.25.1&#8243; _module_preset=\u00bbdefault\u00bb global_colors_info=\u00bb{}\u00bb][et_pb_team_member name=\u00bbHernaldo Carrasco Beltr\u00e1n\u00bb image_url=\u00bbhttps:\/\/www.upla.cl\/facultad\/cienciasactividadfisicaydeporte\/wp-content\/uploads\/2024\/11\/27112024_hcarrasco.jpg\u00bb admin_label=\u00bbHernaldo Carrasco Beltr\u00e1n\u00bb _builder_version=\u00bb4.27.4&#8243; _module_preset=\u00bbdefault\u00bb header_text_color=\u00bb#8A1002&#8243; position_font=\u00bb|800|||||||\u00bb position_text_color=\u00bb#8A1002&#8243; body_link_font=\u00bb||||on|||#009BDB|\u00bb custom_margin=\u00bb||||false|true\u00bb custom_padding=\u00bb|5%||5%|false|true\u00bb border_radii_image=\u00bbon|180px|180px|180px|180px\u00bb border_width_all_image=\u00bb2px\u00bb border_color_all_image=\u00bb#8A1002&#8243; global_colors_info=\u00bb{}\u00bb]<\/p>\n<p><strong>Correo electr\u00f3nico: <\/strong><a href=\"mailto:hernaldo.carrasco@upla.cl\" target=\"_blank\" rel=\"noopener\">hernaldo.carrasco@upla.cl<\/a><\/p>\n<p>Doctor en Ciencias de la Actividad F\u00edsica y Calidad de Vida, Universidad de Granada, Espa\u00f1a.<br \/>Mag\u00edster en Actividad F\u00edsica y Salud, Universidad Mayor, Chile.<br \/>Profesor de Educaci\u00f3n F\u00edsica, Universidad de Playa Ancha, Chile.<br \/>Licenciado en Educaci\u00f3n, Universidad de Playa Ancha, Chile.<\/p>\n<p>[\/et_pb_team_member][\/et_pb_column][\/et_pb_row][et_pb_row column_structure=\u00bb1_4,1_4,1_4,1_4&#8243; use_custom_gutter=\u00bbon\u00bb _builder_version=\u00bb4.25.0&#8243; _module_preset=\u00bbdefault\u00bb custom_margin=\u00bb||||false|true\u00bb custom_padding=\u00bb||4px|||\u00bb global_colors_info=\u00bb{}\u00bb][et_pb_column type=\u00bb1_4&#8243; _builder_version=\u00bb4.16&#8243; _module_preset=\u00bbdefault\u00bb global_colors_info=\u00bb{}\u00bb][et_pb_team_member name=\u00bbMara Gallardo Inostroza\u00bb image_url=\u00bbhttps:\/\/www.upla.cl\/facultad\/cienciasactividadfisicaydeporte\/wp-content\/uploads\/2025\/07\/mara_gallardo.jpg\u00bb admin_label=\u00bbMara Gallardo Inostroza\u00bb _builder_version=\u00bb4.27.4&#8243; _module_preset=\u00bbdefault\u00bb header_text_color=\u00bb#8A1002&#8243; position_font=\u00bb|800|||||||\u00bb position_text_color=\u00bb#8A1002&#8243; body_link_font=\u00bb||||on|||#009BDB|\u00bb custom_margin=\u00bb||||false|true\u00bb custom_padding=\u00bb|5%||5%|false|true\u00bb hover_enabled=\u00bb0&#8243; border_radii_image=\u00bbon|180px|180px|180px|180px\u00bb border_width_all_image=\u00bb2px\u00bb border_color_all_image=\u00bb#8A1002&#8243; global_colors_info=\u00bb{}\u00bb alt=\u00bbFotograf\u00eda de:<br \/>\nMara Gallardo.<br \/>\nCorreo electr\u00f3nico:\u00a0gallardo@upla.cl<\/p>\n<p>Mag\u00edster en Ciencias de la Actividad F\u00edsica y del Deporte, Universidad de Playa Ancha, Chile.<br \/>\nLicenciada en Educaci\u00f3n, Universidad de Playa Ancha, Chile.<br \/>\nProfesora de Educaci\u00f3n F\u00edsica, Universidad de Playa Ancha, Chile.\u00bb title_text=\u00bbMara Gallardo\u00bb sticky_enabled=\u00bb0&#8243;]<\/p>\n<p><strong>Correo electr\u00f3nico:\u00a0<\/strong><a href=\"mailto:gallardo@upla.cl\" target=\"_blank\" rel=\"noopener\">gallardo@upla.cl<\/a><\/p>\n<p>Mag\u00edster en Ciencias de la Actividad F\u00edsica y del Deporte, Universidad de Playa Ancha, Chile.<br \/>Licenciada en Educaci\u00f3n, Universidad de Playa Ancha, Chile.<br \/>Profesora de Educaci\u00f3n F\u00edsica, Universidad de Playa Ancha, Chile.<\/p>\n<p>[\/et_pb_team_member][\/et_pb_column][et_pb_column type=\u00bb1_4&#8243; _builder_version=\u00bb4.16&#8243; _module_preset=\u00bbdefault\u00bb global_colors_info=\u00bb{}\u00bb][et_pb_team_member name=\u00bbPaula Magn\u00e8re \u00c1valos\u00bb image_url=\u00bbhttps:\/\/www.upla.cl\/facultad\/cienciasactividadfisicaydeporte\/wp-content\/uploads\/2024\/11\/27112024_pmagnere.jpg\u00bb admin_label=\u00bbPaula Magn\u00e8re \u00c1valos\u00bb _builder_version=\u00bb4.27.4&#8243; _module_preset=\u00bbdefault\u00bb header_text_color=\u00bb#8A1002&#8243; position_font=\u00bb|800|||||||\u00bb position_text_color=\u00bb#8A1002&#8243; body_link_font=\u00bb||||on|||#009BDB|\u00bb custom_margin=\u00bb||||false|true\u00bb custom_padding=\u00bb|5%||5%|false|true\u00bb border_radii_image=\u00bbon|180px|180px|180px|180px\u00bb border_width_all_image=\u00bb2px\u00bb border_color_all_image=\u00bb#8A1002&#8243; global_colors_info=\u00bb{}\u00bb]<\/p>\n<p><strong>Correo electr\u00f3nico:\u00a0<\/strong> <a href=\"mailto:pmagnere@upla.cl\" target=\"_blank\" rel=\"noopener\">pmagnere@upla.cl<\/a><\/p>\n<p>Mag\u00edster en Ciencias de la Actividad F\u00edsica y del Deporte, Universidad de Playa Ancha, Chile.<br \/>Licenciada en Educaci\u00f3n, Universidad de Playa Ancha, Chile.<br \/>Profesora de Educaci\u00f3n F\u00edsica, Universidad de Playa Ancha, Chile.<\/p>\n<p>[\/et_pb_team_member][\/et_pb_column][et_pb_column type=\u00bb1_4&#8243; _builder_version=\u00bb4.16&#8243; _module_preset=\u00bbdefault\u00bb global_colors_info=\u00bb{}\u00bb][et_pb_team_member name=\u00bbMariela Peralta Ferroni\u00bb image_url=\u00bbhttps:\/\/www.upla.cl\/facultad\/cienciasactividadfisicaydeporte\/wp-content\/uploads\/2024\/12\/09122024_mperalta.jpg\u00bb admin_label=\u00bbMariela Peralta Ferroni\u00bb _builder_version=\u00bb4.27.4&#8243; _module_preset=\u00bbdefault\u00bb header_text_color=\u00bb#8A1002&#8243; position_font=\u00bb|800|||||||\u00bb position_text_color=\u00bb#8A1002&#8243; body_link_font=\u00bb||||on|||#009BDB|\u00bb custom_margin=\u00bb||||false|true\u00bb custom_padding=\u00bb|5%||5%|false|true\u00bb border_radii_image=\u00bbon|180px|180px|180px|180px\u00bb border_width_all_image=\u00bb2px\u00bb border_color_all_image=\u00bb#8A1002&#8243; global_colors_info=\u00bb{}\u00bb]<\/p>\n<p><strong>Correo electr\u00f3nico:\u00a0<\/strong> <a href=\"mailto:mperalta@upla.cl\" target=\"_blank\" rel=\"noopener\">mperalta@upla.cl<\/a><\/p>\n<p>Mag\u00edster en Administraci\u00f3n Educacional, Universidad de Playa Ancha, Chile.<br \/>Licenciada en Educaci\u00f3n, Universidad de Playa Ancha, Chile.<br \/>Profesora de Educaci\u00f3n F\u00edsica, Universidad de Playa Ancha, Chile.<\/p>\n<p>&nbsp;<\/p>\n<p>[\/et_pb_team_member][\/et_pb_column][et_pb_column type=\u00bb1_4&#8243; _builder_version=\u00bb4.25.1&#8243; _module_preset=\u00bbdefault\u00bb global_colors_info=\u00bb{}\u00bb][et_pb_team_member name=\u00bbAlda Reyno Freundt\u00bb image_url=\u00bbhttps:\/\/www.upla.cl\/facultad\/cienciasactividadfisicaydeporte\/wp-content\/uploads\/2024\/12\/20241220_fcafd_alda_reyno.jpg\u00bb admin_label=\u00bbAlda Reyno Freundt\u00bb _builder_version=\u00bb4.27.4&#8243; _module_preset=\u00bbdefault\u00bb header_text_color=\u00bb#8A1002&#8243; position_font=\u00bb|800|||||||\u00bb position_text_color=\u00bb#8A1002&#8243; body_link_font=\u00bb||||on|||#009BDB|\u00bb custom_margin=\u00bb||||false|true\u00bb custom_padding=\u00bb|5%||5%|false|true\u00bb border_radii_image=\u00bbon|180px|180px|180px|180px\u00bb border_width_all_image=\u00bb2px\u00bb border_color_all_image=\u00bb#8A1002&#8243; global_colors_info=\u00bb{}\u00bb]<\/p>\n<p><strong>Correo electr\u00f3nico:\u00a0<\/strong> <a href=\"mailto:areyno@upla.cl\" target=\"_blank\" rel=\"noopener\">areyno@upla.cl<\/a><\/p>\n<p>Doctora en Ciencias de la Actividad F\u00edsica y del Deporte, Universidad de Las Palmas de Gran Canaria, Espa\u00f1a.<br \/>Profesora de Educaci\u00f3n F\u00edsica, Universidad de Playa Ancha, Chile.<\/p>\n<p>[\/et_pb_team_member][\/et_pb_column][\/et_pb_row][et_pb_row column_structure=\u00bb1_4,1_4,1_4,1_4&#8243; use_custom_gutter=\u00bbon\u00bb _builder_version=\u00bb4.25.0&#8243; _module_preset=\u00bbdefault\u00bb custom_margin=\u00bb||||false|true\u00bb custom_padding=\u00bb||4px|||\u00bb global_colors_info=\u00bb{}\u00bb][et_pb_column type=\u00bb1_4&#8243; _builder_version=\u00bb4.16&#8243; _module_preset=\u00bbdefault\u00bb global_colors_info=\u00bb{}\u00bb][et_pb_team_member name=\u00bbTom\u00e1s Reyes Amigo\u00bb image_url=\u00bbhttps:\/\/www.upla.cl\/facultad\/cienciasactividadfisicaydeporte\/wp-content\/uploads\/2024\/12\/tomas_reyes-2.jpg\u00bb admin_label=\u00bbTom\u00e1s Reyes Amigo\u00bb _builder_version=\u00bb4.27.4&#8243; _module_preset=\u00bbdefault\u00bb header_text_color=\u00bb#8A1002&#8243; position_font=\u00bb|800|||||||\u00bb position_text_color=\u00bb#8A1002&#8243; body_link_font=\u00bb||||on|||#009BDB|\u00bb custom_margin=\u00bb||||false|true\u00bb custom_padding=\u00bb|5%||5%|false|true\u00bb border_radii_image=\u00bbon|180px|180px|180px|180px\u00bb border_width_all_image=\u00bb2px\u00bb border_color_all_image=\u00bb#8A1002&#8243; global_colors_info=\u00bb{}\u00bb]<\/p>\n<p><strong>Correo electr\u00f3nico:<\/strong> <a href=\"mailto:tomas.reyes@upla.cl\">tomas.reyes@upla.cl<\/a><\/p>\n<p>Postdoctor en Actividad F\u00edsica y Salud, Universidad de Porto, Portugal.<br \/>Doctor en Educaci\u00f3n F\u00edsica y Deporte, Universidad Lus\u00f3fona, Portugal.<br \/>Mag\u00edster en Ciencias de la Actividad F\u00edsica y del Deporte, Universidad de Playa Ancha, Chile.<br \/>Profesor de Educaci\u00f3n F\u00edsica y licenciado en Ciencias de la Educaci\u00f3n, Universidad de Playa Ancha, Chile.<\/p>\n<p>[\/et_pb_team_member][\/et_pb_column][et_pb_column type=\u00bb1_4&#8243; _builder_version=\u00bb4.16&#8243; _module_preset=\u00bbdefault\u00bb global_colors_info=\u00bb{}\u00bb][et_pb_team_member name=\u00bbJuan Tello Mu\u00f1oz\u00bb image_url=\u00bbhttps:\/\/www.upla.cl\/facultad\/cienciasactividadfisicaydeporte\/wp-content\/uploads\/2024\/12\/27112024_jtello.jpg\u00bb admin_label=\u00bbJuan Alejandro Tello Mu\u00f1oz\u00bb _builder_version=\u00bb4.27.4&#8243; _module_preset=\u00bbdefault\u00bb header_text_color=\u00bb#8A1002&#8243; position_font=\u00bb|800|||||||\u00bb position_text_color=\u00bb#8A1002&#8243; body_link_font=\u00bb||||on|||#009BDB|\u00bb custom_margin=\u00bb||||false|true\u00bb custom_padding=\u00bb|5%||5%|false|true\u00bb border_radii_image=\u00bbon|180px|180px|180px|180px\u00bb border_width_all_image=\u00bb2px\u00bb border_color_all_image=\u00bb#8A1002&#8243; global_colors_info=\u00bb{}\u00bb]<\/p>\n<p><strong>Correo electr\u00f3nico:\u00a0<\/strong> <a href=\"mailto:juan.tello@upla.cl\" target=\"_blank\" rel=\"noopener\">juan.tello@upla.cl<\/a><\/p>\n<p>Mag\u00edster en Ciencias de la Actividad F\u00edsica y del Deporte, Universidad de Playa Ancha, Chile<br \/>Licenciado en Educaci\u00f3n F\u00edsica, Universidad Andr\u00e9s Bello, Chile.<br \/>Profesor de Educaci\u00f3n F\u00edsica, Universidad Andr\u00e9s Bello, Chile.<br \/>Licenciado en Ciencias de la Actividad F\u00edsica, Universidad de Playa Ancha, Chile.<br \/>Tecn\u00f3logo en Deportes y Recreaci\u00f3n, Universidad de Playa Ancha, Chile.<\/p>\n<p>[\/et_pb_team_member][\/et_pb_column][et_pb_column type=\u00bb1_4&#8243; _builder_version=\u00bb4.16&#8243; _module_preset=\u00bbdefault\u00bb global_colors_info=\u00bb{}\u00bb][et_pb_team_member name=\u00bbHugo Vargas D\u00edaz\u00bb image_url=\u00bbhttps:\/\/www.upla.cl\/facultad\/cienciasactividadfisicaydeporte\/wp-content\/uploads\/2025\/07\/hugo_vargas_500.jpg\u00bb admin_label=\u00bbHugo Vargas D\u00edaz\u00bb _builder_version=\u00bb4.27.4&#8243; _module_preset=\u00bbdefault\u00bb header_text_color=\u00bb#8A1002&#8243; position_font=\u00bb|800|||||||\u00bb position_text_color=\u00bb#8A1002&#8243; body_link_font=\u00bb||||on|||#009BDB|\u00bb custom_margin=\u00bb||||false|true\u00bb custom_padding=\u00bb|5%||5%|false|true\u00bb border_radii_image=\u00bbon|180px|180px|180px|180px\u00bb border_width_all_image=\u00bb2px\u00bb border_color_all_image=\u00bb#8A1002&#8243; global_colors_info=\u00bb{}\u00bb]<\/p>\n<p><strong>Correo electr\u00f3nico:\u00a0<\/strong> <a href=\"mailto:hvargas@upla.cl\" target=\"_blank\" rel=\"noopener\">hvargas@upla.cl<\/a><\/p>\n<p>Mag\u00edster en Ciencias de la Actividad F\u00edsica y del Deporte, Universidad de Playa Ancha, Chile.<br \/>Licenciado en Educaci\u00f3n, Universidad de Playa Ancha, Chile.<br \/>Profesor de Educaci\u00f3n F\u00edsica, Universidad de Playa Ancha, Chile.<\/p>\n<p>[\/et_pb_team_member][\/et_pb_column][et_pb_column type=\u00bb1_4&#8243; _builder_version=\u00bb4.25.1&#8243; _module_preset=\u00bbdefault\u00bb global_colors_info=\u00bb{}\u00bb][et_pb_team_member name=\u00bbMarcelo Zavala Jara\u00bb image_url=\u00bbhttps:\/\/www.upla.cl\/facultad\/cienciasactividadfisicaydeporte\/wp-content\/uploads\/2025\/01\/20250108_m-zavala.jpg\u00bb admin_label=\u00bbMarcelo Zavala Jara\u00bb _builder_version=\u00bb4.27.4&#8243; _module_preset=\u00bbdefault\u00bb header_text_color=\u00bb#8A1002&#8243; position_font=\u00bb|800|||||||\u00bb position_text_color=\u00bb#8A1002&#8243; body_link_font=\u00bb||||on|||#009BDB|\u00bb custom_margin=\u00bb||||false|true\u00bb custom_padding=\u00bb|5%||5%|false|true\u00bb border_radii_image=\u00bbon|180px|180px|180px|180px\u00bb border_width_all_image=\u00bb2px\u00bb border_color_all_image=\u00bb#8A1002&#8243; global_colors_info=\u00bb{}\u00bb]<\/p>\n<p><strong>Correo electr\u00f3nico:\u00a0<\/strong> <a href=\"mailto:mzavala@upla.cl\" target=\"_blank\" rel=\"noopener\">mzavala@upla.cl<\/a><\/p>\n<p>Mag\u00edster en Ciencias de la Actividad F\u00edsica y del Deporte, Universidad de Playa Ancha, Chile.<br \/>Tecn\u00f3logo en Deportes y Recreaci\u00f3n, Universidad de Playa Ancha, Chile.<br \/>Licenciado en Educaci\u00f3n, Universidad de Playa Ancha, Chile.<br \/>Profesor de Educaci\u00f3n F\u00edsica, Universidad de Playa Ancha, Chile.<\/p>\n<p>[\/et_pb_team_member][\/et_pb_column][\/et_pb_row][\/et_pb_section][et_pb_section fb_built=\u00bb1&#8243; admin_label=\u00bbDepartamento Ciencias del Deporte\u00bb _builder_version=\u00bb4.27.0&#8243; _module_preset=\u00bbdefault\u00bb global_colors_info=\u00bb{}\u00bb][et_pb_row admin_label=\u00bbTeatro\u00bb _builder_version=\u00bb4.25.0&#8243; _module_preset=\u00bbdefault\u00bb width=\u00bb100%\u00bb custom_margin=\u00bb|10%||10%|false|true\u00bb custom_padding=\u00bb|||0px||\u00bb global_colors_info=\u00bb{}\u00bb][et_pb_column type=\u00bb4_4&#8243; _builder_version=\u00bb4.23.1&#8243; _module_preset=\u00bbdefault\u00bb global_colors_info=\u00bb{}\u00bb][et_pb_text _builder_version=\u00bb4.27.0&#8243; _module_preset=\u00bbdefault\u00bb text_font=\u00bb|700|||||||\u00bb text_text_color=\u00bb#565656&#8243; text_font_size=\u00bb18px\u00bb header_2_text_align=\u00bbleft\u00bb header_2_text_color=\u00bb#8A1002&#8243; global_colors_info=\u00bb{}\u00bb]<\/p>\n<h2>Departamento Ciencias del Deporte<\/h2>\n<p>[\/et_pb_text][\/et_pb_column][\/et_pb_row][et_pb_row column_structure=\u00bb1_4,1_4,1_4,1_4&#8243; use_custom_gutter=\u00bbon\u00bb _builder_version=\u00bb4.25.0&#8243; _module_preset=\u00bbdefault\u00bb custom_margin=\u00bb||||false|true\u00bb custom_padding=\u00bb||4px|||\u00bb global_colors_info=\u00bb{}\u00bb][et_pb_column type=\u00bb1_4&#8243; _builder_version=\u00bb4.16&#8243; _module_preset=\u00bbdefault\u00bb global_colors_info=\u00bb{}\u00bb][et_pb_team_member name=\u00bbAlejandro Adana Abril\u00bb image_url=\u00bbhttps:\/\/www.upla.cl\/facultad\/cienciasactividadfisicaydeporte\/wp-content\/uploads\/2024\/12\/27112024_aadana.jpg\u00bb admin_label=\u00bbAlejandro Adana Abril\u00bb _builder_version=\u00bb4.27.4&#8243; _module_preset=\u00bbdefault\u00bb header_text_color=\u00bb#8A1002&#8243; position_font=\u00bb|800|||||||\u00bb position_text_color=\u00bb#8A1002&#8243; body_link_font=\u00bb||||on|||#009BDB|\u00bb custom_margin=\u00bb||||false|true\u00bb custom_padding=\u00bb|5%||5%|false|true\u00bb border_radii_image=\u00bbon|180px|180px|180px|180px\u00bb border_width_all_image=\u00bb2px\u00bb border_color_all_image=\u00bb#8A1002&#8243; global_colors_info=\u00bb{}\u00bb]<\/p>\n<p><strong>Correo electr\u00f3nico:<\/strong> <a href=\"mailto:aadana@upla.cl\" target=\"_blank\" rel=\"noopener\">aadana@upla.cl<\/a><\/p>\n<p>Profesor de Estado en Educaci\u00f3n F\u00edsica, Universidad de Playa Ancha, Chile.<\/p>\n<p>[\/et_pb_team_member][\/et_pb_column][et_pb_column type=\u00bb1_4&#8243; _builder_version=\u00bb4.16&#8243; _module_preset=\u00bbdefault\u00bb global_colors_info=\u00bb{}\u00bb][et_pb_team_member name=\u00bbEnrique Arriaza Ardiles\u00bb image_url=\u00bbhttps:\/\/www.upla.cl\/facultad\/cienciasactividadfisicaydeporte\/wp-content\/uploads\/2025\/06\/20250626_enrique_arriaza.jpg\u00bb admin_label=\u00bbEnrique Arriaza Ardiles\u00bb _builder_version=\u00bb4.27.4&#8243; _module_preset=\u00bbdefault\u00bb header_text_color=\u00bb#8A1002&#8243; position_font=\u00bb|800|||||||\u00bb position_text_color=\u00bb#8A1002&#8243; body_link_font=\u00bb||||on|||#009BDB|\u00bb custom_margin=\u00bb||||false|true\u00bb custom_padding=\u00bb|5%||5%|false|true\u00bb border_radii_image=\u00bbon|180px|180px|180px|180px\u00bb border_width_all_image=\u00bb2px\u00bb border_color_all_image=\u00bb#8A1002&#8243; global_colors_info=\u00bb{}\u00bb]<\/p>\n<p><strong>Correo electr\u00f3nico:<\/strong> <a href=\"mailto:earriaza@upla.cl\" target=\"_blank\" rel=\"noopener\">earriaza@upla.cl<\/a><\/p>\n<p>Doctor en Ciencias de la Actividad F\u00edsica y del Deporte, Universidad de Las Palmas de Gran Canaria, Espa\u00f1a.<br \/>Licenciado en Educaci\u00f3n, Universidad de Playa Ancha, Chile.<br \/>Profesor de Educaci\u00f3n F\u00edsica, Universidad de Playa Ancha, Chile.<\/p>\n<p>[\/et_pb_team_member][\/et_pb_column][et_pb_column type=\u00bb1_4&#8243; _builder_version=\u00bb4.16&#8243; _module_preset=\u00bbdefault\u00bb global_colors_info=\u00bb{}\u00bb][et_pb_team_member name=\u00bbEduardo B\u00e1ez San Mart\u00edn\u00bb image_url=\u00bbhttps:\/\/www.upla.cl\/facultad\/cienciasactividadfisicaydeporte\/wp-content\/uploads\/2024\/11\/2711024_ebaez.jpg\u00bb admin_label=\u00bbEduardo B\u00e1ez San Mart\u00edn\u00bb _builder_version=\u00bb4.27.4&#8243; _module_preset=\u00bbdefault\u00bb header_text_color=\u00bb#8A1002&#8243; position_font=\u00bb|800|||||||\u00bb position_text_color=\u00bb#8A1002&#8243; body_link_font=\u00bb||||on|||#009BDB|\u00bb custom_margin=\u00bb||||false|true\u00bb custom_padding=\u00bb|5%||5%|false|true\u00bb border_radii_image=\u00bbon|180px|180px|180px|180px\u00bb border_width_all_image=\u00bb2px\u00bb border_color_all_image=\u00bb#8A1002&#8243; global_colors_info=\u00bb{}\u00bb]<\/p>\n<p><strong>Correo electr\u00f3nico:<\/strong> <a href=\"mailto:eduardo.baez@upla.cl\" target=\"_blank\" rel=\"noopener\">eduardo.baez@upla.cl<\/a><\/p>\n<p>Mag\u00edster en Medicina y Ciencias del Deporte, Universidad Mayor, Chile.<br \/>Licenciado en Ciencias de la Actividad F\u00edsica, Universidad de Playa Ancha, Chile.<br \/>Tecn\u00f3logo en Deportes y Recreaci\u00f3n, Universidad de Playa Ancha, Chile.<\/p>\n<p>[\/et_pb_team_member][\/et_pb_column][et_pb_column type=\u00bb1_4&#8243; _builder_version=\u00bb4.25.1&#8243; _module_preset=\u00bbdefault\u00bb global_colors_info=\u00bb{}\u00bb][et_pb_team_member name=\u00bbNelson Castillo Hern\u00e1ndez\u00bb image_url=\u00bbhttps:\/\/www.upla.cl\/facultad\/cienciasactividadfisicaydeporte\/wp-content\/uploads\/2025\/01\/20250108_nelson-castillo.jpg\u00bb admin_label=\u00bbNelson Castillo Hern\u00e1ndez\u00bb _builder_version=\u00bb4.27.4&#8243; _module_preset=\u00bbdefault\u00bb header_text_color=\u00bb#8A1002&#8243; position_font=\u00bb|800|||||||\u00bb position_text_color=\u00bb#8A1002&#8243; body_link_font=\u00bb||||on|||#009BDB|\u00bb custom_margin=\u00bb||||false|true\u00bb custom_padding=\u00bb|5%||5%|false|true\u00bb border_radii_image=\u00bbon|180px|180px|180px|180px\u00bb border_width_all_image=\u00bb2px\u00bb border_color_all_image=\u00bb#8A1002&#8243; global_colors_info=\u00bb{}\u00bb]<\/p>\n<p><strong>Correo electr\u00f3nico:<\/strong> <a href=\"mailto:ncastill@upla.cl\" target=\"_blank\" rel=\"noopener\">ncastill@upla.cl<\/a><\/p>\n<p>Doctor en Ciencias de la Educaci\u00f3n, Universidad de Par\u00eds Descartes, Francia.<br \/>Mag\u00edster en Ciencias de la Actividad F\u00edsica y Salud, Universidad de La Frontera, Chile.<br \/>Profesor de Estado en Educaci\u00f3n F\u00edsica, Universidad de Chile.<\/p>\n<p>[\/et_pb_team_member][\/et_pb_column][\/et_pb_row][et_pb_row column_structure=\u00bb1_4,1_4,1_4,1_4&#8243; use_custom_gutter=\u00bbon\u00bb _builder_version=\u00bb4.25.0&#8243; _module_preset=\u00bbdefault\u00bb custom_margin=\u00bb||||false|true\u00bb custom_padding=\u00bb||4px|||\u00bb global_colors_info=\u00bb{}\u00bb][et_pb_column type=\u00bb1_4&#8243; _builder_version=\u00bb4.16&#8243; _module_preset=\u00bbdefault\u00bb global_colors_info=\u00bb{}\u00bb][et_pb_team_member name=\u00bbSergio Fern\u00e1ndez Uribe\u00bb image_url=\u00bbhttps:\/\/www.upla.cl\/facultad\/cienciasactividadfisicaydeporte\/wp-content\/uploads\/2024\/12\/27112024_sfernandez.jpg\u00bb admin_label=\u00bbSergio Fern\u00e1ndez Uribe\u00bb _builder_version=\u00bb4.27.4&#8243; _module_preset=\u00bbdefault\u00bb header_text_color=\u00bb#8A1002&#8243; position_font=\u00bb|800|||||||\u00bb position_text_color=\u00bb#8A1002&#8243; body_link_font=\u00bb||||on|||#009BDB|\u00bb custom_margin=\u00bb||||false|true\u00bb custom_padding=\u00bb|5%||5%|false|true\u00bb border_radii_image=\u00bbon|180px|180px|180px|180px\u00bb border_width_all_image=\u00bb2px\u00bb border_color_all_image=\u00bb#8A1002&#8243; global_colors_info=\u00bb{}\u00bb]<\/p>\n<p><strong>Correo electr\u00f3nico:<\/strong> <a href=\"mailto:sfu@upla.cl\" target=\"_blank\" rel=\"noopener\">sfu@upla.cl<\/a><\/p>\n<p>Doctor en Ciencias de la Actividad F\u00edsica y del Deporte, Universidad de La Coru\u00f1a, Espa\u00f1a.<br \/>Licenciado en Educaci\u00f3n, Universidad de Playa Ancha, Chile.<br \/>Profesor de Educaci\u00f3n F\u00edsica, Universidad de Playa Ancha, Chile.<\/p>\n<p>[\/et_pb_team_member][\/et_pb_column][et_pb_column type=\u00bb1_4&#8243; _builder_version=\u00bb4.27.4&#8243; _module_preset=\u00bbdefault\u00bb global_colors_info=\u00bb{}\u00bb][et_pb_team_member name=\u00bbSergio Galdames Maliqueo\u00bb image_url=\u00bbhttps:\/\/www.upla.cl\/facultad\/cienciasactividadfisicaydeporte\/wp-content\/uploads\/2024\/11\/2711204_sgaldames.jpg\u00bb admin_label=\u00bbSergio Galdames Maliqueo\u00bb _builder_version=\u00bb4.27.4&#8243; _module_preset=\u00bbdefault\u00bb header_text_color=\u00bb#8A1002&#8243; position_font=\u00bb|800|||||||\u00bb position_text_color=\u00bb#8A1002&#8243; body_link_font=\u00bb||||on|||#009BDB|\u00bb custom_margin=\u00bb||||false|true\u00bb custom_padding=\u00bb|5%||5%|false|true\u00bb border_radii_image=\u00bbon|180px|180px|180px|180px\u00bb border_width_all_image=\u00bb2px\u00bb border_color_all_image=\u00bb#8A1002&#8243; global_colors_info=\u00bb{}\u00bb]<\/p>\n<p><strong>Correo electr\u00f3nico:<\/strong> <a href=\"mailto:sergio.galdames@upla.cl\" target=\"_blank\" rel=\"noopener\">sergio.galdames@upla.cl<\/a><\/p>\n<p>Mag\u00edster en Ciencias de la Actividad F\u00edsica y del Deporte, Universidad de Playa Ancha, Chile.<br \/>Licenciado en Educaci\u00f3n, Universidad de Playa Ancha, Chile.<br \/>Profesor de Educaci\u00f3n F\u00edsica, Universidad de Playa Ancha, Chile.<\/p>\n<p>[\/et_pb_team_member][\/et_pb_column][et_pb_column type=\u00bb1_4&#8243; _builder_version=\u00bb4.16&#8243; _module_preset=\u00bbdefault\u00bb global_colors_info=\u00bb{}\u00bb][et_pb_team_member name=\u00bbPamela Galleguillos Guerrero\u00bb image_url=\u00bbhttps:\/\/www.upla.cl\/facultad\/cienciasactividadfisicaydeporte\/wp-content\/uploads\/2024\/11\/27112024_spamela.jpg\u00bb admin_label=\u00bbSara Pamela Galleguillos Guerrero\u00bb _builder_version=\u00bb4.27.4&#8243; _module_preset=\u00bbdefault\u00bb header_text_color=\u00bb#8A1002&#8243; position_font=\u00bb|800|||||||\u00bb position_text_color=\u00bb#8A1002&#8243; body_link_font=\u00bb||||on|||#009BDB|\u00bb custom_margin=\u00bb||||false|true\u00bb custom_padding=\u00bb|5%||5%|false|true\u00bb border_radii_image=\u00bbon|180px|180px|180px|180px\u00bb border_width_all_image=\u00bb2px\u00bb border_color_all_image=\u00bb#8A1002&#8243; global_colors_info=\u00bb{}\u00bb]<\/p>\n<p><strong>Correo electr\u00f3nico:<\/strong> <a href=\"mailto:pgalleg@upla.cl\" target=\"_blank\" rel=\"noopener\">pgalleg@upla.cl<\/a><\/p>\n<p>Doctora en Ciencias de la Educaci\u00f3n, Universidad de Burgos, Espa\u00f1a.<br \/>Mag\u00edster en Administraci\u00f3n Educacional, Universidad de Playa Ancha, Chile.<br \/>Profesora de Educaci\u00f3n F\u00edsica, Universidad de Chile.<\/p>\n<p>[\/et_pb_team_member][\/et_pb_column][et_pb_column type=\u00bb1_4&#8243; _builder_version=\u00bb4.16&#8243; _module_preset=\u00bbdefault\u00bb global_colors_info=\u00bb{}\u00bb][et_pb_team_member name=\u00bbOsvaldo Garriga Caballero\u00bb image_url=\u00bbhttps:\/\/www.upla.cl\/facultad\/cienciasactividadfisicaydeporte\/wp-content\/uploads\/2024\/06\/faroupla.png.png\u00bb admin_label=\u00bbOsvaldo Garriga Caballero\u00bb _builder_version=\u00bb4.27.0&#8243; _module_preset=\u00bbdefault\u00bb header_text_color=\u00bb#8A1002&#8243; position_font=\u00bb|800|||||||\u00bb position_text_color=\u00bb#8A1002&#8243; body_link_font=\u00bb||||on|||#009BDB|\u00bb custom_margin=\u00bb||||false|true\u00bb custom_padding=\u00bb|5%||5%|false|true\u00bb border_radii_image=\u00bbon|180px|180px|180px|180px\u00bb border_width_all_image=\u00bb2px\u00bb border_color_all_image=\u00bb#8A1002&#8243; global_colors_info=\u00bb{}\u00bb]<strong>Correo electr\u00f3nico:<\/strong> <a href=\"mailto:ogarriga@upla.cl\" target=\"_blank\" rel=\"noopener\">ogarriga@upla.cl<\/a><\/p>\n<p>Profesor de Educaci\u00f3n F\u00edsica, Pontificia Universidad Cat\u00f3lica de Valpara\u00edso, Chile.[\/et_pb_team_member][\/et_pb_column][\/et_pb_row][et_pb_row column_structure=\u00bb1_4,1_4,1_4,1_4&#8243; use_custom_gutter=\u00bbon\u00bb _builder_version=\u00bb4.25.0&#8243; _module_preset=\u00bbdefault\u00bb custom_margin=\u00bb||||false|true\u00bb custom_padding=\u00bb||4px|||\u00bb global_colors_info=\u00bb{}\u00bb][et_pb_column type=\u00bb1_4&#8243; _builder_version=\u00bb4.16&#8243; _module_preset=\u00bbdefault\u00bb global_colors_info=\u00bb{}\u00bb][et_pb_team_member name=\u00bbPaloma G\u00f3mez Camblor\u00bb image_url=\u00bbhttps:\/\/www.upla.cl\/facultad\/cienciasactividadfisicaydeporte\/wp-content\/uploads\/2024\/12\/09122024_pgomez.jpg\u00bb admin_label=\u00bbPaloma G\u00f3mez Camblor\u00bb _builder_version=\u00bb4.27.4&#8243; _module_preset=\u00bbdefault\u00bb header_text_color=\u00bb#8A1002&#8243; position_font=\u00bb|800|||||||\u00bb position_text_color=\u00bb#8A1002&#8243; body_link_font=\u00bb||||on|||#009BDB|\u00bb custom_margin=\u00bb||||false|true\u00bb custom_padding=\u00bb|5%||5%|false|true\u00bb border_radii_image=\u00bbon|180px|180px|180px|180px\u00bb border_width_all_image=\u00bb2px\u00bb border_color_all_image=\u00bb#8A1002&#8243; global_colors_info=\u00bb{}\u00bb]<\/p>\n<p><strong>Correo electr\u00f3nico:<\/strong> <a href=\"mailto:pgomez@upla.cl\" target=\"_blank\" rel=\"noopener\">pgomez@upla.cl<\/a><\/p>\n<p>Mag\u00edster en Ciencias de la Actividad F\u00edsica y del Deporte, Universidad de Playa Ancha, Chile.<br \/>Licenciada en Ciencias de la Actividad F\u00edsica, Universidad de Playa Ancha, Chile.<br \/>Tecn\u00f3loga en Deportes y Recreaci\u00f3n, Universidad de Playa Ancha, Chile.<\/p>\n<p>[\/et_pb_team_member][\/et_pb_column][et_pb_column type=\u00bb1_4&#8243; _builder_version=\u00bb4.16&#8243; _module_preset=\u00bbdefault\u00bb global_colors_info=\u00bb{}\u00bb][et_pb_team_member name=\u00bbClaudio Hinojosa Torres\u00bb image_url=\u00bbhttps:\/\/www.upla.cl\/facultad\/cienciasactividadfisicaydeporte\/wp-content\/uploads\/2024\/12\/27112024_chinojosa.jpg\u00bb admin_label=\u00bbClaudio Hinojosa Torres\u00bb _builder_version=\u00bb4.27.4&#8243; _module_preset=\u00bbdefault\u00bb header_text_color=\u00bb#8A1002&#8243; position_font=\u00bb|800|||||||\u00bb position_text_color=\u00bb#8A1002&#8243; body_link_font=\u00bb||||on|||#009BDB|\u00bb custom_margin=\u00bb||||false|true\u00bb custom_padding=\u00bb|5%||5%|false|true\u00bb border_radii_image=\u00bbon|180px|180px|180px|180px\u00bb border_width_all_image=\u00bb2px\u00bb border_color_all_image=\u00bb#8A1002&#8243; global_colors_info=\u00bb{}\u00bb]<\/p>\n<p><strong>Correo electr\u00f3nico:<\/strong> <a href=\"mailto:claudiohinojosa@upla.cl\" target=\"_blank\" rel=\"noopener\">claudiohinojosa@upla.cl<\/a><\/p>\n<p>Doctor en Educaci\u00f3n, Universidad de Playa Ancha, Chile.<br \/><span>Mag\u00edster en Ciencias de la Actividad F\u00edsica y del Deporte, Universidad de Playa Ancha, Chile.<\/span><br \/>Licenciado en Educaci\u00f3n, Universidad de Playa Ancha, Chile.<br \/>Profesor de Educaci\u00f3n F\u00edsica, Universidad de Playa Ancha, Chile.<\/p>\n<p>[\/et_pb_team_member][\/et_pb_column][et_pb_column type=\u00bb1_4&#8243; _builder_version=\u00bb4.16&#8243; _module_preset=\u00bbdefault\u00bb global_colors_info=\u00bb{}\u00bb][et_pb_team_member name=\u00bbFrancisco Marchant Az\u00f3car\u00bb image_url=\u00bbhttps:\/\/www.upla.cl\/facultad\/cienciasactividadfisicaydeporte\/wp-content\/uploads\/2024\/11\/27112024_fmarchant.jpg\u00bb admin_label=\u00bbFrancisco Marchant Az\u00f3car\u00bb _builder_version=\u00bb4.27.4&#8243; _module_preset=\u00bbdefault\u00bb header_text_color=\u00bb#8A1002&#8243; position_font=\u00bb|800|||||||\u00bb position_text_color=\u00bb#8A1002&#8243; body_link_font=\u00bb||||on|||#009BDB|\u00bb custom_margin=\u00bb||||false|true\u00bb custom_padding=\u00bb|5%||5%|false|true\u00bb border_radii_image=\u00bbon|180px|180px|180px|180px\u00bb border_width_all_image=\u00bb2px\u00bb border_color_all_image=\u00bb#8A1002&#8243; global_colors_info=\u00bb{}\u00bb]<\/p>\n<p><strong>Correo electr\u00f3nico:<\/strong> <a href=\"mailto:fmarchan@upla.cl\" target=\"_blank\" rel=\"noopener\">fmarchan@upla.cl<\/a><\/p>\n<p>Mag\u00edster en Ciencias de la Actividad F\u00edsica y del Deporte, Universidad de Playa Ancha, Chile.<br \/>Licenciado en Educaci\u00f3n, Universidad de Playa Ancha, Chile.<br \/>Profesor de Estado en Educaci\u00f3n F\u00edsica, Universidad de Playa Ancha, Chile.<\/p>\n<p>[\/et_pb_team_member][\/et_pb_column][et_pb_column type=\u00bb1_4&#8243; _builder_version=\u00bb4.25.1&#8243; _module_preset=\u00bbdefault\u00bb global_colors_info=\u00bb{}\u00bb][et_pb_team_member name=\u00bbNelly del Carmen Orellana Arduiz\u00bb image_url=\u00bbhttps:\/\/www.upla.cl\/facultad\/cienciasactividadfisicaydeporte\/wp-content\/uploads\/2024\/11\/27112024_norellana-1.jpg\u00bb admin_label=\u00bbNelly del Carmen Orellana Arduiz\u00bb _builder_version=\u00bb4.27.4&#8243; _module_preset=\u00bbdefault\u00bb header_text_color=\u00bb#8A1002&#8243; position_font=\u00bb|800|||||||\u00bb position_text_color=\u00bb#8A1002&#8243; body_link_font=\u00bb||||on|||#009BDB|\u00bb custom_margin=\u00bb||||false|true\u00bb custom_padding=\u00bb|5%||5%|false|true\u00bb border_radii_image=\u00bbon|180px|180px|180px|180px\u00bb border_width_all_image=\u00bb2px\u00bb border_color_all_image=\u00bb#8A1002&#8243; global_colors_info=\u00bb{}\u00bb]<\/p>\n<p><strong>Correo electr\u00f3nico:<\/strong> <a href=\"mailto:norellan@upla.cl\" target=\"_blank\" rel=\"noopener\">norellan@upla.cl<\/a><\/p>\n<p>Doctora Philosophiae, Universidad de Leibniz, Alemania.<br \/>Doctora en Filosof\u00eda y Educaci\u00f3n, Universidad Nacional de Educaci\u00f3n a Distancia, Espa\u00f1a.<br \/>Mag\u00edster en Ciencias del Deporte, Universidad de Colonia, Alemania.<br \/>Licenciada en Educaci\u00f3n, Universidad Mayor, Chile.<br \/>Profesora de Estado en Educaci\u00f3n F\u00edsica, Universidad de Chile.<\/p>\n<p>[\/et_pb_team_member][\/et_pb_column][\/et_pb_row][et_pb_row column_structure=\u00bb1_4,1_4,1_4,1_4&#8243; use_custom_gutter=\u00bbon\u00bb _builder_version=\u00bb4.25.0&#8243; _module_preset=\u00bbdefault\u00bb custom_margin=\u00bb||||false|true\u00bb custom_padding=\u00bb||4px|||\u00bb global_colors_info=\u00bb{}\u00bb][et_pb_column type=\u00bb1_4&#8243; _builder_version=\u00bb4.16&#8243; _module_preset=\u00bbdefault\u00bb global_colors_info=\u00bb{}\u00bb][et_pb_team_member name=\u00bbNelson Rivera Castillo\u00bb image_url=\u00bbhttps:\/\/www.upla.cl\/facultad\/cienciasactividadfisicaydeporte\/wp-content\/uploads\/2024\/12\/27112024_nrivera.jpg\u00bb admin_label=\u00bbNelson Rivera Castillo\u00bb _builder_version=\u00bb4.27.4&#8243; _module_preset=\u00bbdefault\u00bb header_text_color=\u00bb#8A1002&#8243; position_font=\u00bb|800|||||||\u00bb position_text_color=\u00bb#8A1002&#8243; body_link_font=\u00bb||||on|||#009BDB|\u00bb custom_margin=\u00bb||||false|true\u00bb custom_padding=\u00bb|5%||5%|false|true\u00bb border_radii_image=\u00bbon|180px|180px|180px|180px\u00bb border_width_all_image=\u00bb2px\u00bb border_color_all_image=\u00bb#8A1002&#8243; global_colors_info=\u00bb{}\u00bb]<\/p>\n<p><strong>Correo electr\u00f3nico:<\/strong> <a href=\"mailto:nrivera@upla.cl\" target=\"_blank\" rel=\"noopener\">nrivera@upla.cl<\/a><\/p>\n<p>Mag\u00edster en Ciencias de la Actividad F\u00edsica y del Deporte, Universidad de Playa Ancha, Chile.<br \/>Licenciado en Ciencias de la Actividad F\u00edsica, Universidad de Playa Ancha, Chile.<br \/>Tecn\u00f3logo en Deportes y Recreaci\u00f3n, Universidad de Playa Ancha, Chile.<\/p>\n<p>[\/et_pb_team_member][\/et_pb_column][et_pb_column type=\u00bb1_4&#8243; _builder_version=\u00bb4.16&#8243; _module_preset=\u00bbdefault\u00bb global_colors_info=\u00bb{}\u00bb][et_pb_team_member name=\u00bb\u00d3scar Rubio Varas\u00bb image_url=\u00bbhttps:\/\/www.upla.cl\/facultad\/cienciasactividadfisicaydeporte\/wp-content\/uploads\/2024\/12\/27112024_orubio.jpg\u00bb admin_label=\u00bb\u00d3scar Rubio Varas\u00bb _builder_version=\u00bb4.27.4&#8243; _module_preset=\u00bbdefault\u00bb header_text_color=\u00bb#8A1002&#8243; position_font=\u00bb|800|||||||\u00bb position_text_color=\u00bb#8A1002&#8243; body_link_font=\u00bb||||on|||#009BDB|\u00bb custom_margin=\u00bb||||false|true\u00bb custom_padding=\u00bb|5%||5%|false|true\u00bb border_radii_image=\u00bbon|180px|180px|180px|180px\u00bb border_width_all_image=\u00bb2px\u00bb border_color_all_image=\u00bb#8A1002&#8243; global_colors_info=\u00bb{}\u00bb]<\/p>\n<p><strong>Correo electr\u00f3nico:<\/strong> <a href=\"mailto:oscar.rubio@upla.cl\" target=\"_blank\" rel=\"noopener\">oscar.rubio@upla.cl<\/a><\/p>\n<p>Mag\u00edster en Entrenamiento Deportivo, Universidad Mayor, Chile.<br \/>Licenciado en Ciencias de la Actividad F\u00edsica, Universidad de Playa Ancha, Chile.<br \/>Tecn\u00f3logo en Deportes y Recreaci\u00f3n, Universidad de Playa Ancha, Chile.<\/p>\n<p>[\/et_pb_team_member][\/et_pb_column][et_pb_column type=\u00bb1_4&#8243; _builder_version=\u00bb4.16&#8243; _module_preset=\u00bbdefault\u00bb global_colors_info=\u00bb{}\u00bb][et_pb_team_member name=\u00bbFelipe Vallejo Reyes\u00bb image_url=\u00bbhttps:\/\/www.upla.cl\/facultad\/cienciasactividadfisicaydeporte\/wp-content\/uploads\/2025\/07\/felipe_vallejo.jpg\u00bb admin_label=\u00bbFelipe Vallejo Reyes\u00bb _builder_version=\u00bb4.27.4&#8243; _module_preset=\u00bbdefault\u00bb header_text_color=\u00bb#8A1002&#8243; position_font=\u00bb|800|||||||\u00bb position_text_color=\u00bb#8A1002&#8243; body_link_font=\u00bb||||on|||#009BDB|\u00bb custom_margin=\u00bb||||false|true\u00bb custom_padding=\u00bb|5%||5%|false|true\u00bb border_radii_image=\u00bbon|180px|180px|180px|180px\u00bb border_width_all_image=\u00bb2px\u00bb border_color_all_image=\u00bb#8A1002&#8243; global_colors_info=\u00bb{}\u00bb]<\/p>\n<p><strong>Correo electr\u00f3nico:<\/strong> <a href=\"mailto:fvallejo@upla.cl\" target=\"_blank\" rel=\"noopener\">fvallejo@upla.cl<\/a><\/p>\n<p>Doctor en Ling\u00fc\u00edstica, Pontificia Universidad Cat\u00f3lica de Chile.<br \/>Psic\u00f3logo, Pontificia Universidad Cat\u00f3lica de Chile.<\/p>\n<p>[\/et_pb_team_member][\/et_pb_column][et_pb_column type=\u00bb1_4&#8243; _builder_version=\u00bb4.25.1&#8243; _module_preset=\u00bbdefault\u00bb global_colors_info=\u00bb{}\u00bb][\/et_pb_column][\/et_pb_row][\/et_pb_section][et_pb_section fb_built=\u00bb1&#8243; admin_label=\u00bbSecci\u00f3n footer\u00bb _builder_version=\u00bb4.22.2&#8243; _module_preset=\u00bbdefault\u00bb background_color=\u00bb#e5e5e5&#8243; background_enable_image=\u00bboff\u00bb min_height=\u00bb144.2px\u00bb custom_margin=\u00bb2px|||||\u00bb custom_padding=\u00bb50px||3px|||\u00bb border_width_top=\u00bb1px\u00bb border_color_top=\u00bbRGBA(255,255,255,0)\u00bb border_style_top=\u00bboutset\u00bb global_module=\u00bb108765&#8243; saved_tabs=\u00bball\u00bb collapsed=\u00bboff\u00bb global_colors_info=\u00bb{}\u00bb][et_pb_row column_structure=\u00bb1_4,1_4,1_4,1_4&#8243; _builder_version=\u00bb4.27.0&#8243; _module_preset=\u00bbdefault\u00bb width=\u00bb90%\u00bb max_width=\u00bb2560px\u00bb min_height=\u00bb247.9px\u00bb custom_margin=\u00bb|auto|23px|auto|false|false\u00bb custom_padding=\u00bb|20px||20px|false|true\u00bb global_colors_info=\u00bb{}\u00bb][et_pb_column type=\u00bb1_4&#8243; _builder_version=\u00bb4.20.4&#8243; _module_preset=\u00bbdefault\u00bb global_colors_info=\u00bb{}\u00bb][et_pb_image src=\u00bbhttps:\/\/www.upla.cl\/facultad\/cienciasactividadfisicaydeporte\/wp-content\/uploads\/2024\/08\/im-upla.png\u00bb alt=\u00bbUniversidad de Playa Ancha\u00bb title_text=\u00bbim-upla\u00bb url=\u00bbhttps:\/\/www.upla.cl\/portada\/\u00bb align_tablet=\u00bb\u00bb align_phone=\u00bbcenter\u00bb align_last_edited=\u00bbon|phone\u00bb _builder_version=\u00bb4.22.2&#8243; _module_preset=\u00bbdefault\u00bb custom_padding_tablet=\u00bb\u00bb custom_padding_phone=\u00bb|30px||30px|false|true\u00bb custom_padding_last_edited=\u00bbon|phone\u00bb global_colors_info=\u00bb{}\u00bb][\/et_pb_image][et_pb_text _builder_version=\u00bb4.27.4&#8243; _module_preset=\u00bbdefault\u00bb text_text_color=\u00bb#565656&#8243; text_font_size=\u00bb15px\u00bb text_line_height=\u00bb1.2em\u00bb custom_padding=\u00bb|10px|||false|false\u00bb custom_padding_tablet=\u00bb|10px|||false|false\u00bb custom_padding_phone=\u00bb|30px||30px|false|true\u00bb custom_padding_last_edited=\u00bbon|phone\u00bb text_orientation_tablet=\u00bb\u00bb text_orientation_phone=\u00bbcenter\u00bb text_orientation_last_edited=\u00bbon|desktop\u00bb global_colors_info=\u00bb{}\u00bb]<\/p>\n<p style=\"text-align: left;\"><strong>Facultad de Ciencias de la Actividad F\u00edsica y del Deporte de la Universidad de Playa Ancha<\/strong><\/p>\n<p style=\"text-align: left;\"><span style=\"color: #565656;\"><strong>Edificio Punt\u00e1ngeles<\/strong><br \/>Avenida Playa Ancha 850, Valpara\u00edso.<\/span><\/p>\n<p>&nbsp;<\/p>\n<p>[\/et_pb_text][et_pb_code _builder_version=\u00bb4.27.4&#8243; _module_preset=\u00bbdefault\u00bb global_colors_info=\u00bb{}\u00bb]<iframe src=\"https:\/\/www.google.com\/maps\/embed?pb=!1m18!1m12!1m3!1d3345.2084548804673!2d-71.64271698412513!3d-33.02463818317201!2m3!1f0!2f0!3f0!3m2!1i1024!2i768!4f13.1!3m3!1m2!1s0x9689e6c652de7003%3A0xa579cafc465127e2!2sPlaya%20Ancha%20850%2C%20Valpara%C3%ADso!5e0!3m2!1ses!2scl!4v1642458013526!5m2!1ses!2scl\" width=\"600\" height=\"300\" style=\"border:0;\" allowfullscreen=\"\" loading=\"lazy\"><\/iframe>[\/et_pb_code][\/et_pb_column][et_pb_column type=\u00bb1_4&#8243; _builder_version=\u00bb4.20.4&#8243; _module_preset=\u00bbdefault\u00bb global_colors_info=\u00bb{}\u00bb][et_pb_image src=\u00bbhttps:\/\/www.upla.cl\/portada\/wp-content\/uploads\/2025\/03\/20250311_upla_acreditada_2022-2027-color.png\u00bb alt=\u00bbUPLA_acreditada_2022-2027&#8243; title_text=\u00bbupla_acreditada_2022-2027-color\u00bb url=\u00bbhttps:\/\/www.upla.cl\/calidad\/acreditacion\/\u00bb url_new_window=\u00bbon\u00bb align_tablet=\u00bb\u00bb align_phone=\u00bbcenter\u00bb align_last_edited=\u00bbon|phone\u00bb _builder_version=\u00bb4.27.4&#8243; _module_preset=\u00bbdefault\u00bb width_tablet=\u00bb\u00bb width_phone=\u00bb60%\u00bb width_last_edited=\u00bbon|phone\u00bb custom_margin=\u00bb-10px||||false|false\u00bb custom_margin_tablet=\u00bb\u00bb custom_margin_phone=\u00bb\u00bb custom_margin_last_edited=\u00bbon|desktop\u00bb custom_padding=\u00bb||0px|||\u00bb global_colors_info=\u00bb{}\u00bb][\/et_pb_image][et_pb_divider color=\u00bb#009bdb\u00bb divider_position=\u00bbcenter\u00bb disabled_on=\u00bboff|off|on\u00bb _builder_version=\u00bb4.22.2&#8243; _module_preset=\u00bbdefault\u00bb global_colors_info=\u00bb{}\u00bb][\/et_pb_divider][et_pb_text _builder_version=\u00bb4.22.2&#8243; _module_preset=\u00bbdefault\u00bb text_font=\u00bb|700|||||||\u00bb text_text_color=\u00bb#565656&#8243; text_line_height=\u00bb1.2em\u00bb header_text_align_tablet=\u00bb\u00bb header_text_align_phone=\u00bbcenter\u00bb header_text_align_last_edited=\u00bbon|phone\u00bb global_colors_info=\u00bb{}\u00bb]<\/p>\n<p style=\"text-align: center;\"><strong>Buscar en UPLA.cl:<\/strong><\/p>\n<p style=\"text-align: right;\"><strong><\/strong><\/p>\n<form id=\"accesos\" action=\"\" style=\"text-align: center;\"><select name=\"sitio\" onchange=\"window.location = (document.forms.accesos.sitio[document.forms.accesos.sitio.selectedIndex].value);\"><option>Acceso directo:<\/option><option value=\"http:\/\/www.upla.cl\/\">UPLA.cl<\/option><option value=\"http:\/\/sitios.upla.cl\/universidad\/\">La Universidad<\/option><option value=\"http:\/\/sitios.upla.cl\/organigrama\/\">Organigrama<\/option><option value=\"http:\/\/www.upla.cl\/calidad\/acreditacion-upla\/\">Acreditaci\u00f3n<\/option><option value=\"http:\/\/sitios.upla.cl\/campus\/\">Campus &#8211; C\u00f3mo llegar<\/option><option value=\"http:\/\/sitios.upla.cl\/san_felipe\/\">Campus San Felipe<\/option><option value=\"http:\/\/www.upla.cl\/bibliotecas\/\">Bibliotecas<\/option><option value=\"http:\/\/sitios.upla.cl\/principales_oficinas\/\">Oficinas y unidades acad\u00e9micas<\/option><option value=\"http:\/\/sitios.upla.cl\/calendario_academico\/\">Calendario Acad\u00e9mico<\/option><option value=\"http:\/\/sitios.upla.cl\/dgrrii\/\">Relaciones Internacionales<\/option><option value=\"http:\/\/sitios.upla.cl\/egresados\/index.html\">Egresados<\/option><option value=\"http:\/\/alumnos.upla.cl\/webmail\/\">Correo electr\u00f3nico estudiantes<\/option><option value=\"http:\/\/sitios.upla.cl\/dae\/\">Desarrollo Estudiantil<\/option><option value=\"https:\/\/www.upla.cl\/admision\/ayudas-estudiantiles\/\">Becas y Ayudas<\/option><option value=\"http:\/\/sitios.upla.cl\/dae\/serv_medico.html\">Servicio M\u00e9dico<\/option><option value=\"http:\/\/sitios.upla.cl\/soupa\/\">Serv. de Orientaci\u00f3n Universitaria<\/option><option value=\"http:\/\/sitios.upla.cl\/practicas\/\">Pr\u00e1cticas<\/option><option value=\"http:\/\/sitios.upla.cl\/titulosygrados\/\">T\u00edtulos y Grados<\/option><option value=\"https:\/\/www.recaudaciones.bancochile.cl\/cliente\/pgdr\/appfront\/Pag_Login.aspx?IdCon=19\">Portal de Pagos<\/option><option value=\"http:\/\/webmail.upla.cl\/\">Correo electr\u00f3nico institucional<\/option><option value=\"http:\/\/sitios.upla.cl\/proy_investigacion\/\">Direcci\u00f3n General de Investigaci\u00f3n<\/option><option value=\"http:\/\/sitios.upla.cl\/dapei\/\">Planificaci\u00f3n Estrat\u00e9gica<\/option><option value=\"http:\/\/www.upla.cl\/calidad\/\">DIRGECAL<\/option><option value=\"http:\/\/www.arteupla.cl\/\">Arte<\/option><option value=\"http:\/\/creal.upla.cl\/humanidades\/\">Humanidades<\/option><option value=\"http:\/\/www.upla.cl\/educacion\/\">Cs. de la Educaci\u00f3n<\/option><option value=\"http:\/\/www.upla.cl\/actividadfisica\/\">Cs. de la Act. F\u00edsica y del Deporte<\/option><option value=\"http:\/\/www.upla.cl\/ciencias\">Ciencias Naturales y Exactas<\/option><option value=\"http:\/\/www.upla.cl\/cienciasdelasalud\/\">Ciencias de la Salud<\/option><option value=\"http:\/\/www.upla.cl\/facultades\/facultaddecienciassociales.html\">Ciencias Sociales<\/option><option value=\"http:\/\/www.upla.cl\/ingenieria\">Ingenier\u00eda<\/option><\/select><\/form>\n<p>[\/et_pb_text][\/et_pb_column][et_pb_column type=\u00bb1_4&#8243; _builder_version=\u00bb4.22.2&#8243; _module_preset=\u00bbdefault\u00bb global_colors_info=\u00bb{}\u00bb][et_pb_blurb title=\u00bbConoce nuestras facultades\u00bb _builder_version=\u00bb4.22.2&#8243; _module_preset=\u00bbdefault\u00bb header_font=\u00bbLato|700|||||||\u00bb header_text_color=\u00bb#565656&#8243; header_font_size=\u00bb16px\u00bb body_font=\u00bbLato||||||||\u00bb body_font_size=\u00bb15px\u00bb min_height=\u00bb338.6px\u00bb custom_padding=\u00bb|10px|0px||false|false\u00bb custom_padding_tablet=\u00bb|10px|||false|false\u00bb custom_padding_phone=\u00bb|30px||30px|false|true\u00bb custom_padding_last_edited=\u00bbon|phone\u00bb header_text_align_tablet=\u00bb\u00bb header_text_align_phone=\u00bbcenter\u00bb header_text_align_last_edited=\u00bbon|phone\u00bb body_text_color_last_edited=\u00bboff|desktop\u00bb text_orientation_tablet=\u00bb\u00bb text_orientation_phone=\u00bbleft\u00bb text_orientation_last_edited=\u00bbon|phone\u00bb global_colors_info=\u00bb{}\u00bb body_text_color__hover_enabled=\u00bbon|desktop\u00bb body_text_color__hover=\u00bb#009bdb\u00bb]<\/p>\n<p><span style=\"color: #009bdb;\">\u00a0<\/span><\/p>\n<p><span style=\"color: #009bdb;\"><a href=\"https:\/\/www.upla.cl\/sanfelipe\/\" target=\"_blank\" rel=\"noopener\" style=\"color: #009bdb3;\">&gt; Campus San Felipe<\/a><\/span><\/p>\n<p><span style=\"color: #009bdb;\"><a href=\"https:\/\/www.arteupla.cl\/\" target=\"_blank\" rel=\"noopener\" style=\"color: #009bdb;\">&gt; Facultad de Arte<\/a><\/span><\/p>\n<p><span style=\"color: #009bdb;\"><a href=\"https:\/\/www.upla.cl\/cienciasactividadfisicaydeporte\/\" target=\"_blank\" rel=\"noopener\" style=\"color: #009bdb;\">&gt; Facultad de Ciencias de Actividad F\u00edsica y del Deporte<\/a><\/span><\/p>\n<p><span style=\"color: #009bdb;\"><a href=\"https:\/\/www.upla.cl\/cienciaseducacion\/\" target=\"_blank\" rel=\"noopener\" style=\"color: #009bdb;\">&gt;Facultad de Ciencias de la Educaci\u00f3n<\/a><\/span><\/p>\n<p><span style=\"color: #009bdb;\"><a href=\"https:\/\/www.upla.cl\/cienciassalud\/\" target=\"_blank\" rel=\"noopener\" style=\"color: #009bdb;\">&gt; Facultad de Ciencias de la Salud<\/a><\/span><\/p>\n<p><span style=\"color: #009bdb;\"><a href=\"https:\/\/upla.cl\/facultad\/cienciasnaturalesyexactas\/\" target=\"_blank\" rel=\"noopener\" style=\"color: #009bdb;\">&gt; Facultad de Ciencias Naturales y Exactas<\/a><\/span><\/p>\n<p><span style=\"color: #009bdb;\"><a href=\"https:\/\/www.upla.cl\/csociales\/\" target=\"_blank\" rel=\"noopener\" style=\"color: #009bdb;\">&gt; Facultad de Ciencias Sociales<\/a><\/span><\/p>\n<p><span style=\"color: #009bdb;\"><a href=\"https:\/\/upla.cl\/facultad\/humanidades\/\" target=\"_blank\" rel=\"noopener\" style=\"color: #009bdb;\">&gt; Facultad de Humanidades<\/a><\/span><\/p>\n<p><span style=\"color: #009bdb;\"><a href=\"https:\/\/www.upla.cl\/facultad\/ingenieria\/\" target=\"_blank\" rel=\"noopener\" style=\"color: #009bdb;\">&gt; Facultad de Ingenier\u00eda<\/a><\/span><\/p>\n<p>[\/et_pb_blurb][et_pb_divider color=\u00bb#009bdb\u00bb divider_position=\u00bbcenter\u00bb disabled_on=\u00bboff|off|on\u00bb _builder_version=\u00bb4.22.2&#8243; _module_preset=\u00bbdefault\u00bb global_colors_info=\u00bb{}\u00bb][\/et_pb_divider][\/et_pb_column][et_pb_column type=\u00bb1_4&#8243; _builder_version=\u00bb4.20.4&#8243; _module_preset=\u00bbdefault\u00bb global_colors_info=\u00bb{}\u00bb][et_pb_blurb title=\u00bbCont\u00e1ctanos\u00bb _builder_version=\u00bb4.27.0&#8243; _module_preset=\u00bbdefault\u00bb header_font=\u00bbLato|700|||||||\u00bb header_text_color=\u00bb#565656&#8243; header_font_size=\u00bb16px\u00bb body_font=\u00bbLato||||||||\u00bb body_font_size=\u00bb15px\u00bb min_height=\u00bb338.6px\u00bb custom_padding=\u00bb|10px|0px||false|false\u00bb custom_padding_tablet=\u00bb|10px|||false|false\u00bb custom_padding_phone=\u00bb|30px||30px|false|true\u00bb custom_padding_last_edited=\u00bbon|phone\u00bb header_text_align_tablet=\u00bb\u00bb header_text_align_phone=\u00bbcenter\u00bb header_text_align_last_edited=\u00bbon|phone\u00bb body_text_color_last_edited=\u00bboff|desktop\u00bb text_orientation_tablet=\u00bb\u00bb text_orientation_phone=\u00bbleft\u00bb text_orientation_last_edited=\u00bbon|phone\u00bb global_colors_info=\u00bb{}\u00bb body_text_color__hover_enabled=\u00bbon|desktop\u00bb body_text_color__hover=\u00bb#009bdb\u00bb]<\/p>\n<style id=\"wpforms-css-vars-108798\">\n\t\t\t\t#wpforms-108798 {\n\t\t\t\t\n\t\t\t}\n\t\t\t<\/style><div class=\"wpforms-container wpforms-container-full wpforms-render-modern\" id=\"wpforms-108798\"><form id=\"wpforms-form-108798\" class=\"wpforms-validate wpforms-form wpforms-ajax-form\" data-formid=\"108798\" method=\"post\" enctype=\"multipart\/form-data\" action=\"\/facultad\/cienciasactividadfisicaydeporte\/wp-json\/wp\/v2\/pages\/107482\" data-token=\"abcdd20c2c6119866f2bef7479e57445\" data-token-time=\"1777484922\"><noscript class=\"wpforms-error-noscript\">Por favor, activa JavaScript en tu navegador para completar este formulario.<\/noscript><div id=\"wpforms-error-noscript\" style=\"display: none;\">Por favor, activa JavaScript en tu navegador para completar este formulario.<\/div><div class=\"wpforms-field-container\">\t\t<div id=\"wpforms-108798-field_4-container\"\n\t\t\tclass=\"wpforms-field wpforms-field-text\"\n\t\t\tdata-field-type=\"text\"\n\t\t\tdata-field-id=\"4\"\n\t\t\t>\n\t\t\t<label class=\"wpforms-field-label\" for=\"wpforms-108798-field_4\" >apellido Mensaje Correo<\/label>\n\t\t\t<input type=\"text\" id=\"wpforms-108798-field_4\" class=\"wpforms-field-medium\" name=\"wpforms[fields][4]\" >\n\t\t<\/div>\n\t\t<div id=\"wpforms-108798-field_1-container\" class=\"wpforms-field wpforms-field-name\" data-field-id=\"1\"><label class=\"wpforms-field-label\" for=\"wpforms-108798-field_1\">Nombre y apellido <span class=\"wpforms-required-label\" aria-hidden=\"true\">*<\/span><\/label><input type=\"text\" id=\"wpforms-108798-field_1\" class=\"wpforms-field-medium wpforms-field-required\" name=\"wpforms[fields][1]\" aria-errormessage=\"wpforms-108798-field_1-error\" required><\/div><div id=\"wpforms-108798-field_2-container\" class=\"wpforms-field wpforms-field-email\" data-field-id=\"2\"><label class=\"wpforms-field-label\" for=\"wpforms-108798-field_2\">Correo electr\u00f3nico <span class=\"wpforms-required-label\" aria-hidden=\"true\">*<\/span><\/label><input type=\"email\" id=\"wpforms-108798-field_2\" class=\"wpforms-field-medium wpforms-field-required\" name=\"wpforms[fields][2]\" spellcheck=\"false\" aria-errormessage=\"wpforms-108798-field_2-error\" required><\/div><div id=\"wpforms-108798-field_3-container\" class=\"wpforms-field wpforms-field-textarea\" data-field-id=\"3\"><label class=\"wpforms-field-label\" for=\"wpforms-108798-field_3\">Mensaje <span class=\"wpforms-required-label\" aria-hidden=\"true\">*<\/span><\/label><textarea id=\"wpforms-108798-field_3\" class=\"wpforms-field-small wpforms-field-required\" name=\"wpforms[fields][3]\" aria-errormessage=\"wpforms-108798-field_3-error\" required><\/textarea><\/div><script>\n\t\t\t\t( function() {\n\t\t\t\t\tconst style = document.createElement( 'style' );\n\t\t\t\t\tstyle.appendChild( document.createTextNode( '#wpforms-108798-field_4-container { position: absolute !important; overflow: hidden !important; display: inline !important; height: 1px !important; width: 1px !important; z-index: -1000 !important; padding: 0 !important; } #wpforms-108798-field_4-container input { visibility: hidden; } #wpforms-conversational-form-page #wpforms-108798-field_4-container label { counter-increment: none; }' ) );\n\t\t\t\t\tdocument.head.appendChild( style );\n\t\t\t\t\tdocument.currentScript?.remove();\n\t\t\t\t} )();\n\t\t\t<\/script><\/div><!-- .wpforms-field-container --><div class=\"wpforms-submit-container\" ><input type=\"hidden\" name=\"wpforms[id]\" value=\"108798\"><input type=\"hidden\" name=\"page_title\" value=\"\"><input type=\"hidden\" name=\"page_url\" value=\"https:\/\/www.upla.cl\/facultad\/cienciasactividadfisicaydeporte\/wp-json\/wp\/v2\/pages\/107482\"><input type=\"hidden\" name=\"url_referer\" value=\"\"><button type=\"submit\" name=\"wpforms[submit]\" id=\"wpforms-submit-108798\" class=\"wpforms-submit\" data-alt-text=\"Enviando...\" data-submit-text=\"Enviar\" aria-live=\"assertive\" value=\"wpforms-submit\">Enviar<\/button><img loading=\"lazy\" decoding=\"async\" src=\"https:\/\/www.upla.cl\/facultad\/cienciasactividadfisicaydeporte\/wp-content\/plugins\/wpforms-lite\/assets\/images\/submit-spin.svg\" class=\"wpforms-submit-spinner\" style=\"display: none;\" width=\"26\" height=\"26\" alt=\"Cargando\"><\/div><\/form><\/div>  <!-- .wpforms-container -->\n<p>[\/et_pb_blurb][\/et_pb_column][\/et_pb_row][\/et_pb_section]<\/p>\n","protected":false},"excerpt":{"rendered":"<p>Aqu\u00ed podr\u00e1s encontrar toda la informaci\u00f3n de los acad\u00e9micos y acad\u00e9micas de la Facultad de Ciencias de la Actividad F\u00edsica, esta facultad se divide en dos departamentos: Departamento Ciencias del Deporte y Departamento Ciencias de la Actividad F\u00edsica. <\/p>\n","protected":false},"author":4,"featured_media":0,"parent":0,"menu_order":0,"comment_status":"closed","ping_status":"closed","template":"","meta":{"_et_pb_use_builder":"on","_et_pb_old_content":"","_et_gb_content_width":"","footnotes":""},"class_list":["post-107482","page","type-page","status-publish","hentry"],"_links":{"self":[{"href":"https:\/\/www.upla.cl\/facultad\/cienciasactividadfisicaydeporte\/wp-json\/wp\/v2\/pages\/107482","targetHints":{"allow":["GET"]}}],"collection":[{"href":"https:\/\/www.upla.cl\/facultad\/cienciasactividadfisicaydeporte\/wp-json\/wp\/v2\/pages"}],"about":[{"href":"https:\/\/www.upla.cl\/facultad\/cienciasactividadfisicaydeporte\/wp-json\/wp\/v2\/types\/page"}],"author":[{"embeddable":true,"href":"https:\/\/www.upla.cl\/facultad\/cienciasactividadfisicaydeporte\/wp-json\/wp\/v2\/users\/4"}],"replies":[{"embeddable":true,"href":"https:\/\/www.upla.cl\/facultad\/cienciasactividadfisicaydeporte\/wp-json\/wp\/v2\/comments?post=107482"}],"version-history":[{"count":38,"href":"https:\/\/www.upla.cl\/facultad\/cienciasactividadfisicaydeporte\/wp-json\/wp\/v2\/pages\/107482\/revisions"}],"predecessor-version":[{"id":109219,"href":"https:\/\/www.upla.cl\/facultad\/cienciasactividadfisicaydeporte\/wp-json\/wp\/v2\/pages\/107482\/revisions\/109219"}],"wp:attachment":[{"href":"https:\/\/www.upla.cl\/facultad\/cienciasactividadfisicaydeporte\/wp-json\/wp\/v2\/media?parent=107482"}],"curies":[{"name":"wp","href":"https:\/\/api.w.org\/{rel}","templated":true}]}}