{"id":107460,"date":"2024-08-23T14:59:49","date_gmt":"2024-08-23T18:59:49","guid":{"rendered":"https:\/\/www.upla.cl\/facultad\/cienciasactividadfisicaydeporte\/?page_id=107460"},"modified":"2025-06-04T12:10:58","modified_gmt":"2025-06-04T16:10:58","slug":"diplomado-actividad-fisica-en-el-curso-de-la-vida","status":"publish","type":"page","link":"https:\/\/www.upla.cl\/facultad\/cienciasactividadfisicaydeporte\/diplomado-actividad-fisica-en-el-curso-de-la-vida\/","title":{"rendered":"Diplomado Actividad F\u00edsica en el Curso de la Vida"},"content":{"rendered":"<p>[et_pb_section fb_built=\u00bb1&#8243; fullwidth=\u00bbon\u00bb _builder_version=\u00bb4.27.4&#8243; _module_preset=\u00bbdefault\u00bb hover_enabled=\u00bb0&#8243; global_colors_info=\u00bb{}\u00bb sticky_enabled=\u00bb0&#8243;][et_pb_fullwidth_post_title meta=\u00bboff\u00bb featured_placement=\u00bbbackground\u00bb _builder_version=\u00bb4.27.4&#8243; _module_preset=\u00bbdefault\u00bb title_font=\u00bb|700||on|||||\u00bb title_text_align=\u00bbleft\u00bb title_text_color=\u00bb#FFFFFF\u00bb title_font_size=\u00bb35px\u00bb background_enable_color=\u00bboff\u00bb background_image=\u00bbhttps:\/\/www.upla.cl\/facultad\/cienciasactividadfisicaydeporte\/wp-content\/uploads\/2025\/06\/20250513_diplomado-actividad-fisica_fondo-banner.jpg\u00bb background_blend=\u00bbluminosity\u00bb min_height=\u00bb554px\u00bb custom_padding=\u00bb225px||225px||true|false\u00bb hover_enabled=\u00bb0&#8243; title_text_shadow_style=\u00bbpreset2&#8243; global_colors_info=\u00bb{}\u00bb sticky_enabled=\u00bb0&#8243; title_text=\u00bb20250513_diplomado-actividad-fisica_fondo-banner\u00bb][\/et_pb_fullwidth_post_title][\/et_pb_section][et_pb_section fb_built=\u00bb1&#8243; _builder_version=\u00bb4.16&#8243; custom_margin=\u00bb100px|||||\u00bb custom_padding=\u00bb0px|||||\u00bb global_colors_info=\u00bb{}\u00bb][et_pb_row column_structure=\u00bb2_3,1_3&#8243; use_custom_gutter=\u00bbon\u00bb gutter_width=\u00bb2&#8243; _builder_version=\u00bb4.24.2&#8243; custom_margin=\u00bb|||76px|false|false\u00bb custom_padding=\u00bb3px||0px|||\u00bb global_colors_info=\u00bb{}\u00bb][et_pb_column type=\u00bb2_3&#8243; _builder_version=\u00bb4.16&#8243; custom_padding=\u00bb|||\u00bb global_colors_info=\u00bb{}\u00bb custom_padding__hover=\u00bb|||\u00bb][et_pb_video src=\u00bbhttps:\/\/youtu.be\/FG14ie6alxo\u00bb src_webm=\u00bbhttps:\/\/www.youtube.com\/watch?v=tBzvI3cHF7c\u00bb _builder_version=\u00bb4.27.0&#8243; _module_preset=\u00bbdefault\u00bb global_colors_info=\u00bb{}\u00bb][\/et_pb_video][\/et_pb_column][et_pb_column type=\u00bb1_3&#8243; _builder_version=\u00bb4.16&#8243; custom_padding=\u00bb|||\u00bb global_colors_info=\u00bb{}\u00bb custom_padding__hover=\u00bb|||\u00bb][et_pb_accordion open_toggle_text_color=\u00bb#8A1002&#8243; admin_label=\u00bbAcorde\u00f3n: ficha programa\u00bb _builder_version=\u00bb4.27.0&#8243; toggle_level=\u00bbh3&#8243; toggle_font_size=\u00bb30px\u00bb closed_toggle_font_size=\u00bb18px\u00bb custom_margin=\u00bb|-123px||||\u00bb global_colors_info=\u00bb{}\u00bb][et_pb_accordion_item title=\u00bbPresentaci\u00f3n\u00bb open=\u00bbon\u00bb _builder_version=\u00bb4.27.0&#8243; global_colors_info=\u00bb{}\u00bb]Este diplomado busca desarrollar competencias que permitan un desenvolvimiento acorde a los cambios que se presentan en la pr\u00e1ctica de actividad f\u00edsica, en los diferentes grupos etarios que componen la sociedad, bajo una s\u00f3lida base cient\u00edfica que permita la aplicaci\u00f3n de estrategias que contribuyan a la pr\u00e1ctica de actividad f\u00edsica con un compromiso social y \u00e9tico al servicio del ser humano.[\/et_pb_accordion_item][\/et_pb_accordion][et_pb_team_member name=\u00bbCoordinador\u00bb position=\u00bbTom\u00e1s Reyes Amigo\u00bb admin_label=\u00bbDirecci\u00f3n de carrera\u00bb _builder_version=\u00bb4.27.0&#8243; _module_preset=\u00bbdefault\u00bb header_text_align=\u00bbleft\u00bb header_text_color=\u00bb#8A1002&#8243; header_font_size=\u00bb20px\u00bb header_line_height=\u00bb0.3em\u00bb body_font=\u00bb||||||||\u00bb body_text_align=\u00bbleft\u00bb body_text_color=\u00bb#004562&#8243; position_font=\u00bb|600|||||||\u00bb position_text_align=\u00bbleft\u00bb position_text_color=\u00bb#565656&#8243; position_line_height=\u00bb1.8em\u00bb text_orientation=\u00bbleft\u00bb width=\u00bb100%\u00bb max_width=\u00bb90%\u00bb max_width_tablet=\u00bb100%\u00bb max_width_phone=\u00bb70%\u00bb max_width_last_edited=\u00bbon|desktop\u00bb module_alignment=\u00bbcenter\u00bb custom_margin=\u00bb||||false|false\u00bb custom_padding=\u00bb||||false|false\u00bb header_text_align_tablet=\u00bbcenter\u00bb header_text_align_phone=\u00bbcenter\u00bb header_text_align_last_edited=\u00bbon|phone\u00bb border_color_left=\u00bb#BCE3FA\u00bb border_color_all_image=\u00bb#004562&#8243; global_colors_info=\u00bb{}\u00bb]<\/p>\n<p style=\"text-align: left;\"><a href=\"mailto:programas.virtual@upla.cl\">programas.virtual@upla.cl<\/a><\/p>\n<p>[\/et_pb_team_member][et_pb_text _builder_version=\u00bb4.27.0&#8243; _module_preset=\u00bbdefault\u00bb text_text_color=\u00bb#565656&#8243; custom_padding=\u00bb|||6%|false|false\u00bb global_colors_info=\u00bb{}\u00bb]<\/p>\n<p><strong>Decreto de Creaci\u00f3n:<\/strong><br \/><a href=\"https:\/\/www.upla.cl\/transparencia\/wp-content\/uploads\/2023\/05\/20230515_normasorganicas_abr-2023_dto_exto_0239-2023.pdf\" target=\"_blank\" rel=\"noopener\" title=\"Decreto Exento N\u00ba 0329\/2023\">Decreto Exento N\u00ba 0329\/2023<\/a><\/p>\n<p>[\/et_pb_text][et_pb_blurb title=\u00bbM\u00e1s informaci\u00f3n\u00bb url=\u00bbhttps:\/\/www.upla.cl\/diplomados\/project\/actividadfisica\/\u00bb url_new_window=\u00bbon\u00bb use_icon=\u00bbon\u00bb font_icon=\u00bb&#xe046;||divi||400&#8243; icon_color=\u00bb#FFFFFF\u00bb icon_placement=\u00bbleft\u00bb image_icon_width=\u00bb50px\u00bb content_max_width=\u00bb596px\u00bb admin_label=\u00bbMatr\u00edcula de postgrado\u00bb _builder_version=\u00bb4.27.0&#8243; _module_preset=\u00bbdefault\u00bb header_font=\u00bb|800|||||||\u00bb header_text_color=\u00bb#FFFFFF\u00bb header_font_size=\u00bb23px\u00bb body_font=\u00bb|600|||||||\u00bb body_text_color=\u00bb#FFFFFF\u00bb body_font_size=\u00bb13px\u00bb background_color=\u00bb#8A1002&#8243; width=\u00bb100%\u00bb max_width=\u00bb100%\u00bb custom_margin=\u00bb|-74px|47px|2px||\u00bb custom_padding=\u00bb20px|29px|20px|29px|true|true\u00bb link_option_url=\u00bbhttps:\/\/www.upla.cl\/diplomados\/project\/actividadfisica\/\u00bb link_option_url_new_window=\u00bbon\u00bb border_radii=\u00bboff||15px||15px\u00bb border_color_all_image=\u00bb#004562&#8243; global_colors_info=\u00bb{}\u00bb header_text_color__hover_enabled=\u00bbon|hover\u00bb header_text_color__hover=\u00bb#bce3fa\u00bb icon_color__hover_enabled=\u00bbon|hover\u00bb icon_color__hover=\u00bb#bce3fa\u00bb]<\/p>\n<p>En el sitio de Diplomados UPLA.<\/p>\n<p>[\/et_pb_blurb][\/et_pb_column][\/et_pb_row][\/et_pb_section][et_pb_section fb_built=\u00bb1&#8243; admin_label=\u00bbSecci\u00f3n footer\u00bb _builder_version=\u00bb4.22.2&#8243; _module_preset=\u00bbdefault\u00bb background_color=\u00bb#e5e5e5&#8243; background_enable_image=\u00bboff\u00bb min_height=\u00bb144.2px\u00bb custom_margin=\u00bb2px|||||\u00bb custom_padding=\u00bb50px||3px|||\u00bb border_width_top=\u00bb1px\u00bb border_color_top=\u00bbRGBA(255,255,255,0)\u00bb border_style_top=\u00bboutset\u00bb global_module=\u00bb108765&#8243; saved_tabs=\u00bball\u00bb collapsed=\u00bboff\u00bb global_colors_info=\u00bb{}\u00bb][et_pb_row column_structure=\u00bb1_4,1_4,1_4,1_4&#8243; _builder_version=\u00bb4.27.0&#8243; _module_preset=\u00bbdefault\u00bb width=\u00bb90%\u00bb max_width=\u00bb2560px\u00bb min_height=\u00bb247.9px\u00bb custom_margin=\u00bb|auto|23px|auto|false|false\u00bb custom_padding=\u00bb|20px||20px|false|true\u00bb global_colors_info=\u00bb{}\u00bb][et_pb_column type=\u00bb1_4&#8243; _builder_version=\u00bb4.20.4&#8243; _module_preset=\u00bbdefault\u00bb global_colors_info=\u00bb{}\u00bb][et_pb_image src=\u00bbhttps:\/\/www.upla.cl\/facultad\/cienciasactividadfisicaydeporte\/wp-content\/uploads\/2024\/08\/im-upla.png\u00bb alt=\u00bbUniversidad de Playa Ancha\u00bb title_text=\u00bbim-upla\u00bb url=\u00bbhttps:\/\/www.upla.cl\/portada\/\u00bb align_tablet=\u00bb\u00bb align_phone=\u00bbcenter\u00bb align_last_edited=\u00bbon|phone\u00bb _builder_version=\u00bb4.22.2&#8243; _module_preset=\u00bbdefault\u00bb custom_padding_tablet=\u00bb\u00bb custom_padding_phone=\u00bb|30px||30px|false|true\u00bb custom_padding_last_edited=\u00bbon|phone\u00bb global_colors_info=\u00bb{}\u00bb][\/et_pb_image][et_pb_text _builder_version=\u00bb4.27.4&#8243; _module_preset=\u00bbdefault\u00bb text_text_color=\u00bb#565656&#8243; text_font_size=\u00bb15px\u00bb text_line_height=\u00bb1.2em\u00bb custom_padding=\u00bb|10px|||false|false\u00bb custom_padding_tablet=\u00bb|10px|||false|false\u00bb custom_padding_phone=\u00bb|30px||30px|false|true\u00bb custom_padding_last_edited=\u00bbon|phone\u00bb text_orientation_tablet=\u00bb\u00bb text_orientation_phone=\u00bbcenter\u00bb text_orientation_last_edited=\u00bbon|desktop\u00bb global_colors_info=\u00bb{}\u00bb]<\/p>\n<p style=\"text-align: left;\"><strong>Facultad de Ciencias de la Actividad F\u00edsica y del Deporte de la Universidad de Playa Ancha<\/strong><\/p>\n<p style=\"text-align: left;\"><span style=\"color: #565656;\"><strong>Edificio Punt\u00e1ngeles<\/strong><br \/>Avenida Playa Ancha 850, Valpara\u00edso.<\/span><\/p>\n<p>&nbsp;<\/p>\n<p>[\/et_pb_text][et_pb_code _builder_version=\u00bb4.27.4&#8243; _module_preset=\u00bbdefault\u00bb global_colors_info=\u00bb{}\u00bb]<iframe src=\"https:\/\/www.google.com\/maps\/embed?pb=!1m18!1m12!1m3!1d3345.2084548804673!2d-71.64271698412513!3d-33.02463818317201!2m3!1f0!2f0!3f0!3m2!1i1024!2i768!4f13.1!3m3!1m2!1s0x9689e6c652de7003%3A0xa579cafc465127e2!2sPlaya%20Ancha%20850%2C%20Valpara%C3%ADso!5e0!3m2!1ses!2scl!4v1642458013526!5m2!1ses!2scl\" width=\"600\" height=\"300\" style=\"border:0;\" allowfullscreen=\"\" loading=\"lazy\"><\/iframe>[\/et_pb_code][\/et_pb_column][et_pb_column type=\u00bb1_4&#8243; _builder_version=\u00bb4.20.4&#8243; _module_preset=\u00bbdefault\u00bb global_colors_info=\u00bb{}\u00bb][et_pb_image src=\u00bbhttps:\/\/www.upla.cl\/portada\/wp-content\/uploads\/2025\/03\/20250311_upla_acreditada_2022-2027-color.png\u00bb alt=\u00bbUPLA_acreditada_2022-2027&#8243; title_text=\u00bbupla_acreditada_2022-2027-color\u00bb url=\u00bbhttps:\/\/www.upla.cl\/calidad\/acreditacion\/\u00bb url_new_window=\u00bbon\u00bb align_tablet=\u00bb\u00bb align_phone=\u00bbcenter\u00bb align_last_edited=\u00bbon|phone\u00bb _builder_version=\u00bb4.27.4&#8243; _module_preset=\u00bbdefault\u00bb width_tablet=\u00bb\u00bb width_phone=\u00bb60%\u00bb width_last_edited=\u00bbon|phone\u00bb custom_margin=\u00bb-10px||||false|false\u00bb custom_margin_tablet=\u00bb\u00bb custom_margin_phone=\u00bb\u00bb custom_margin_last_edited=\u00bbon|desktop\u00bb custom_padding=\u00bb||0px|||\u00bb global_colors_info=\u00bb{}\u00bb][\/et_pb_image][et_pb_divider color=\u00bb#009bdb\u00bb divider_position=\u00bbcenter\u00bb disabled_on=\u00bboff|off|on\u00bb _builder_version=\u00bb4.22.2&#8243; _module_preset=\u00bbdefault\u00bb global_colors_info=\u00bb{}\u00bb][\/et_pb_divider][et_pb_text _builder_version=\u00bb4.22.2&#8243; _module_preset=\u00bbdefault\u00bb text_font=\u00bb|700|||||||\u00bb text_text_color=\u00bb#565656&#8243; text_line_height=\u00bb1.2em\u00bb header_text_align_tablet=\u00bb\u00bb header_text_align_phone=\u00bbcenter\u00bb header_text_align_last_edited=\u00bbon|phone\u00bb global_colors_info=\u00bb{}\u00bb]<\/p>\n<p style=\"text-align: center;\"><strong>Buscar en UPLA.cl:<\/strong><\/p>\n<p style=\"text-align: right;\"><strong><\/strong><\/p>\n<form id=\"accesos\" action=\"\" style=\"text-align: center;\"><select name=\"sitio\" onchange=\"window.location = (document.forms.accesos.sitio[document.forms.accesos.sitio.selectedIndex].value);\"><option>Acceso directo:<\/option><option value=\"http:\/\/www.upla.cl\/\">UPLA.cl<\/option><option value=\"http:\/\/sitios.upla.cl\/universidad\/\">La Universidad<\/option><option value=\"http:\/\/sitios.upla.cl\/organigrama\/\">Organigrama<\/option><option value=\"http:\/\/www.upla.cl\/calidad\/acreditacion-upla\/\">Acreditaci\u00f3n<\/option><option value=\"http:\/\/sitios.upla.cl\/campus\/\">Campus &#8211; C\u00f3mo llegar<\/option><option value=\"http:\/\/sitios.upla.cl\/san_felipe\/\">Campus San Felipe<\/option><option value=\"http:\/\/www.upla.cl\/bibliotecas\/\">Bibliotecas<\/option><option value=\"http:\/\/sitios.upla.cl\/principales_oficinas\/\">Oficinas y unidades acad\u00e9micas<\/option><option value=\"http:\/\/sitios.upla.cl\/calendario_academico\/\">Calendario Acad\u00e9mico<\/option><option value=\"http:\/\/sitios.upla.cl\/dgrrii\/\">Relaciones Internacionales<\/option><option value=\"http:\/\/sitios.upla.cl\/egresados\/index.html\">Egresados<\/option><option value=\"http:\/\/alumnos.upla.cl\/webmail\/\">Correo electr\u00f3nico estudiantes<\/option><option value=\"http:\/\/sitios.upla.cl\/dae\/\">Desarrollo Estudiantil<\/option><option value=\"https:\/\/www.upla.cl\/admision\/ayudas-estudiantiles\/\">Becas y Ayudas<\/option><option value=\"http:\/\/sitios.upla.cl\/dae\/serv_medico.html\">Servicio M\u00e9dico<\/option><option value=\"http:\/\/sitios.upla.cl\/soupa\/\">Serv. de Orientaci\u00f3n Universitaria<\/option><option value=\"http:\/\/sitios.upla.cl\/practicas\/\">Pr\u00e1cticas<\/option><option value=\"http:\/\/sitios.upla.cl\/titulosygrados\/\">T\u00edtulos y Grados<\/option><option value=\"https:\/\/www.recaudaciones.bancochile.cl\/cliente\/pgdr\/appfront\/Pag_Login.aspx?IdCon=19\">Portal de Pagos<\/option><option value=\"http:\/\/webmail.upla.cl\/\">Correo electr\u00f3nico institucional<\/option><option value=\"http:\/\/sitios.upla.cl\/proy_investigacion\/\">Direcci\u00f3n General de Investigaci\u00f3n<\/option><option value=\"http:\/\/sitios.upla.cl\/dapei\/\">Planificaci\u00f3n Estrat\u00e9gica<\/option><option value=\"http:\/\/www.upla.cl\/calidad\/\">DIRGECAL<\/option><option value=\"http:\/\/www.arteupla.cl\/\">Arte<\/option><option value=\"http:\/\/creal.upla.cl\/humanidades\/\">Humanidades<\/option><option value=\"http:\/\/www.upla.cl\/educacion\/\">Cs. de la Educaci\u00f3n<\/option><option value=\"http:\/\/www.upla.cl\/actividadfisica\/\">Cs. de la Act. F\u00edsica y del Deporte<\/option><option value=\"http:\/\/www.upla.cl\/ciencias\">Ciencias Naturales y Exactas<\/option><option value=\"http:\/\/www.upla.cl\/cienciasdelasalud\/\">Ciencias de la Salud<\/option><option value=\"http:\/\/www.upla.cl\/facultades\/facultaddecienciassociales.html\">Ciencias Sociales<\/option><option value=\"http:\/\/www.upla.cl\/ingenieria\">Ingenier\u00eda<\/option><\/select><\/form>\n<p>[\/et_pb_text][\/et_pb_column][et_pb_column type=\u00bb1_4&#8243; _builder_version=\u00bb4.22.2&#8243; _module_preset=\u00bbdefault\u00bb global_colors_info=\u00bb{}\u00bb][et_pb_blurb title=\u00bbConoce nuestras facultades\u00bb _builder_version=\u00bb4.22.2&#8243; _module_preset=\u00bbdefault\u00bb header_font=\u00bbLato|700|||||||\u00bb header_text_color=\u00bb#565656&#8243; header_font_size=\u00bb16px\u00bb body_font=\u00bbLato||||||||\u00bb body_font_size=\u00bb15px\u00bb min_height=\u00bb338.6px\u00bb custom_padding=\u00bb|10px|0px||false|false\u00bb custom_padding_tablet=\u00bb|10px|||false|false\u00bb custom_padding_phone=\u00bb|30px||30px|false|true\u00bb custom_padding_last_edited=\u00bbon|phone\u00bb header_text_align_tablet=\u00bb\u00bb header_text_align_phone=\u00bbcenter\u00bb header_text_align_last_edited=\u00bbon|phone\u00bb body_text_color_last_edited=\u00bboff|desktop\u00bb text_orientation_tablet=\u00bb\u00bb text_orientation_phone=\u00bbleft\u00bb text_orientation_last_edited=\u00bbon|phone\u00bb global_colors_info=\u00bb{}\u00bb body_text_color__hover_enabled=\u00bbon|desktop\u00bb body_text_color__hover=\u00bb#009bdb\u00bb]<\/p>\n<p><span style=\"color: #009bdb;\">\u00a0<\/span><\/p>\n<p><span style=\"color: #009bdb;\"><a href=\"https:\/\/www.upla.cl\/sanfelipe\/\" target=\"_blank\" rel=\"noopener\" style=\"color: #009bdb3;\">&gt; Campus San Felipe<\/a><\/span><\/p>\n<p><span style=\"color: #009bdb;\"><a href=\"https:\/\/www.arteupla.cl\/\" target=\"_blank\" rel=\"noopener\" style=\"color: #009bdb;\">&gt; Facultad de Arte<\/a><\/span><\/p>\n<p><span style=\"color: #009bdb;\"><a href=\"https:\/\/www.upla.cl\/cienciasactividadfisicaydeporte\/\" target=\"_blank\" rel=\"noopener\" style=\"color: #009bdb;\">&gt; Facultad de Ciencias de Actividad F\u00edsica y del Deporte<\/a><\/span><\/p>\n<p><span style=\"color: #009bdb;\"><a href=\"https:\/\/www.upla.cl\/cienciaseducacion\/\" target=\"_blank\" rel=\"noopener\" style=\"color: #009bdb;\">&gt;Facultad de Ciencias de la Educaci\u00f3n<\/a><\/span><\/p>\n<p><span style=\"color: #009bdb;\"><a href=\"https:\/\/www.upla.cl\/cienciassalud\/\" target=\"_blank\" rel=\"noopener\" style=\"color: #009bdb;\">&gt; Facultad de Ciencias de la Salud<\/a><\/span><\/p>\n<p><span style=\"color: #009bdb;\"><a href=\"https:\/\/upla.cl\/facultad\/cienciasnaturalesyexactas\/\" target=\"_blank\" rel=\"noopener\" style=\"color: #009bdb;\">&gt; Facultad de Ciencias Naturales y Exactas<\/a><\/span><\/p>\n<p><span style=\"color: #009bdb;\"><a href=\"https:\/\/www.upla.cl\/csociales\/\" target=\"_blank\" rel=\"noopener\" style=\"color: #009bdb;\">&gt; Facultad de Ciencias Sociales<\/a><\/span><\/p>\n<p><span style=\"color: #009bdb;\"><a href=\"https:\/\/upla.cl\/facultad\/humanidades\/\" target=\"_blank\" rel=\"noopener\" style=\"color: #009bdb;\">&gt; Facultad de Humanidades<\/a><\/span><\/p>\n<p><span style=\"color: #009bdb;\"><a href=\"https:\/\/www.upla.cl\/facultad\/ingenieria\/\" target=\"_blank\" rel=\"noopener\" style=\"color: #009bdb;\">&gt; Facultad de Ingenier\u00eda<\/a><\/span><\/p>\n<p>[\/et_pb_blurb][et_pb_divider color=\u00bb#009bdb\u00bb divider_position=\u00bbcenter\u00bb disabled_on=\u00bboff|off|on\u00bb _builder_version=\u00bb4.22.2&#8243; _module_preset=\u00bbdefault\u00bb global_colors_info=\u00bb{}\u00bb][\/et_pb_divider][\/et_pb_column][et_pb_column type=\u00bb1_4&#8243; _builder_version=\u00bb4.20.4&#8243; _module_preset=\u00bbdefault\u00bb global_colors_info=\u00bb{}\u00bb][et_pb_blurb title=\u00bbCont\u00e1ctanos\u00bb _builder_version=\u00bb4.27.0&#8243; _module_preset=\u00bbdefault\u00bb header_font=\u00bbLato|700|||||||\u00bb header_text_color=\u00bb#565656&#8243; header_font_size=\u00bb16px\u00bb body_font=\u00bbLato||||||||\u00bb body_font_size=\u00bb15px\u00bb min_height=\u00bb338.6px\u00bb custom_padding=\u00bb|10px|0px||false|false\u00bb custom_padding_tablet=\u00bb|10px|||false|false\u00bb custom_padding_phone=\u00bb|30px||30px|false|true\u00bb custom_padding_last_edited=\u00bbon|phone\u00bb header_text_align_tablet=\u00bb\u00bb header_text_align_phone=\u00bbcenter\u00bb header_text_align_last_edited=\u00bbon|phone\u00bb body_text_color_last_edited=\u00bboff|desktop\u00bb text_orientation_tablet=\u00bb\u00bb text_orientation_phone=\u00bbleft\u00bb text_orientation_last_edited=\u00bbon|phone\u00bb global_colors_info=\u00bb{}\u00bb body_text_color__hover_enabled=\u00bbon|desktop\u00bb body_text_color__hover=\u00bb#009bdb\u00bb]<\/p>\n<style id=\"wpforms-css-vars-108798\">\n\t\t\t\t#wpforms-108798 {\n\t\t\t\t\n\t\t\t}\n\t\t\t<\/style><div class=\"wpforms-container wpforms-container-full wpforms-render-modern\" id=\"wpforms-108798\"><form id=\"wpforms-form-108798\" class=\"wpforms-validate wpforms-form wpforms-ajax-form\" data-formid=\"108798\" method=\"post\" enctype=\"multipart\/form-data\" action=\"\/facultad\/cienciasactividadfisicaydeporte\/wp-json\/wp\/v2\/pages\/107460\" data-token=\"abcdd20c2c6119866f2bef7479e57445\" data-token-time=\"1777484922\"><noscript class=\"wpforms-error-noscript\">Por favor, activa JavaScript en tu navegador para completar este formulario.<\/noscript><div id=\"wpforms-error-noscript\" style=\"display: none;\">Por favor, activa JavaScript en tu navegador para completar este formulario.<\/div><div class=\"wpforms-field-container\">\t\t<div id=\"wpforms-108798-field_4-container\"\n\t\t\tclass=\"wpforms-field wpforms-field-text\"\n\t\t\tdata-field-type=\"text\"\n\t\t\tdata-field-id=\"4\"\n\t\t\t>\n\t\t\t<label class=\"wpforms-field-label\" for=\"wpforms-108798-field_4\" >Nombre y Mensaje<\/label>\n\t\t\t<input type=\"text\" id=\"wpforms-108798-field_4\" class=\"wpforms-field-medium\" name=\"wpforms[fields][4]\" >\n\t\t<\/div>\n\t\t<div id=\"wpforms-108798-field_1-container\" class=\"wpforms-field wpforms-field-name\" data-field-id=\"1\"><label class=\"wpforms-field-label\" for=\"wpforms-108798-field_1\">Nombre y apellido <span class=\"wpforms-required-label\" aria-hidden=\"true\">*<\/span><\/label><input type=\"text\" id=\"wpforms-108798-field_1\" class=\"wpforms-field-medium wpforms-field-required\" name=\"wpforms[fields][1]\" aria-errormessage=\"wpforms-108798-field_1-error\" required><\/div><div id=\"wpforms-108798-field_2-container\" class=\"wpforms-field wpforms-field-email\" data-field-id=\"2\"><label class=\"wpforms-field-label\" for=\"wpforms-108798-field_2\">Correo electr\u00f3nico <span class=\"wpforms-required-label\" aria-hidden=\"true\">*<\/span><\/label><input type=\"email\" id=\"wpforms-108798-field_2\" class=\"wpforms-field-medium wpforms-field-required\" name=\"wpforms[fields][2]\" spellcheck=\"false\" aria-errormessage=\"wpforms-108798-field_2-error\" required><\/div><div id=\"wpforms-108798-field_3-container\" class=\"wpforms-field wpforms-field-textarea\" data-field-id=\"3\"><label class=\"wpforms-field-label\" for=\"wpforms-108798-field_3\">Mensaje <span class=\"wpforms-required-label\" aria-hidden=\"true\">*<\/span><\/label><textarea id=\"wpforms-108798-field_3\" class=\"wpforms-field-small wpforms-field-required\" name=\"wpforms[fields][3]\" aria-errormessage=\"wpforms-108798-field_3-error\" required><\/textarea><\/div><script>\n\t\t\t\t( function() {\n\t\t\t\t\tconst style = document.createElement( 'style' );\n\t\t\t\t\tstyle.appendChild( document.createTextNode( '#wpforms-108798-field_4-container { position: absolute !important; overflow: hidden !important; display: inline !important; height: 1px !important; width: 1px !important; z-index: -1000 !important; padding: 0 !important; } #wpforms-108798-field_4-container input { visibility: hidden; } #wpforms-conversational-form-page #wpforms-108798-field_4-container label { counter-increment: none; }' ) );\n\t\t\t\t\tdocument.head.appendChild( style );\n\t\t\t\t\tdocument.currentScript?.remove();\n\t\t\t\t} )();\n\t\t\t<\/script><\/div><!-- .wpforms-field-container --><div class=\"wpforms-submit-container\" ><input type=\"hidden\" name=\"wpforms[id]\" value=\"108798\"><input type=\"hidden\" name=\"page_title\" value=\"\"><input type=\"hidden\" name=\"page_url\" value=\"https:\/\/www.upla.cl\/facultad\/cienciasactividadfisicaydeporte\/wp-json\/wp\/v2\/pages\/107460\"><input type=\"hidden\" name=\"url_referer\" value=\"\"><button type=\"submit\" name=\"wpforms[submit]\" id=\"wpforms-submit-108798\" class=\"wpforms-submit\" data-alt-text=\"Enviando...\" data-submit-text=\"Enviar\" aria-live=\"assertive\" value=\"wpforms-submit\">Enviar<\/button><img loading=\"lazy\" decoding=\"async\" src=\"https:\/\/www.upla.cl\/facultad\/cienciasactividadfisicaydeporte\/wp-content\/plugins\/wpforms-lite\/assets\/images\/submit-spin.svg\" class=\"wpforms-submit-spinner\" style=\"display: none;\" width=\"26\" height=\"26\" alt=\"Cargando\"><\/div><\/form><\/div>  <!-- .wpforms-container -->\n<p>[\/et_pb_blurb][\/et_pb_column][\/et_pb_row][\/et_pb_section]<\/p>\n","protected":false},"excerpt":{"rendered":"<p>Este diplomado busca desarrollar competencias que permitan un desenvolvimiento acorde a los cambios que se presentan en la pr\u00e1ctica de actividad f\u00edsica, en los diferentes grupos etarios que componen la sociedad, bajo una s\u00f3lida base cient\u00edfica que permita la aplicaci\u00f3n de estrategias que contribuyan a la pr\u00e1ctica de actividad f\u00edsica con un compromiso social y \u00e9tico al servicio del ser humano.<br \/>\nEl programa se encuentra dirigido a profesoras y profesores de Educaci\u00f3n F\u00edsica, tecn\u00f3logas y tecn\u00f3logos en Deporte, licenciadas y licenciados en Ciencias de la Actividad F\u00edsica, t\u00e9cnicas y t\u00e9cnicos deportivos, preparadoras y preparadores f\u00edsicos, como tambi\u00e9n egresadas y egresados de carreras afines. <\/p>\n","protected":false},"author":4,"featured_media":0,"parent":0,"menu_order":0,"comment_status":"closed","ping_status":"closed","template":"","meta":{"_et_pb_use_builder":"on","_et_pb_old_content":"","_et_gb_content_width":"","footnotes":""},"class_list":["post-107460","page","type-page","status-publish","hentry"],"_links":{"self":[{"href":"https:\/\/www.upla.cl\/facultad\/cienciasactividadfisicaydeporte\/wp-json\/wp\/v2\/pages\/107460","targetHints":{"allow":["GET"]}}],"collection":[{"href":"https:\/\/www.upla.cl\/facultad\/cienciasactividadfisicaydeporte\/wp-json\/wp\/v2\/pages"}],"about":[{"href":"https:\/\/www.upla.cl\/facultad\/cienciasactividadfisicaydeporte\/wp-json\/wp\/v2\/types\/page"}],"author":[{"embeddable":true,"href":"https:\/\/www.upla.cl\/facultad\/cienciasactividadfisicaydeporte\/wp-json\/wp\/v2\/users\/4"}],"replies":[{"embeddable":true,"href":"https:\/\/www.upla.cl\/facultad\/cienciasactividadfisicaydeporte\/wp-json\/wp\/v2\/comments?post=107460"}],"version-history":[{"count":9,"href":"https:\/\/www.upla.cl\/facultad\/cienciasactividadfisicaydeporte\/wp-json\/wp\/v2\/pages\/107460\/revisions"}],"predecessor-version":[{"id":109163,"href":"https:\/\/www.upla.cl\/facultad\/cienciasactividadfisicaydeporte\/wp-json\/wp\/v2\/pages\/107460\/revisions\/109163"}],"wp:attachment":[{"href":"https:\/\/www.upla.cl\/facultad\/cienciasactividadfisicaydeporte\/wp-json\/wp\/v2\/media?parent=107460"}],"curies":[{"name":"wp","href":"https:\/\/api.w.org\/{rel}","templated":true}]}}