{"id":107430,"date":"2024-08-23T11:35:25","date_gmt":"2024-08-23T15:35:25","guid":{"rendered":"https:\/\/www.upla.cl\/facultad\/cienciasactividadfisicaydeporte\/?page_id=107430"},"modified":"2025-10-24T09:32:38","modified_gmt":"2025-10-24T12:32:38","slug":"pedagogia-en-educacion-fisica","status":"publish","type":"page","link":"https:\/\/www.upla.cl\/facultad\/cienciasactividadfisicaydeporte\/pedagogia-en-educacion-fisica\/","title":{"rendered":"Pedagog\u00eda en Educaci\u00f3n F\u00edsica"},"content":{"rendered":"<p>[et_pb_section fb_built=\u00bb1&#8243; admin_label=\u00bbBanner carrera con info instant\u00e1nea\u00bb _builder_version=\u00bb4.27.4&#8243; use_background_color_gradient=\u00bbon\u00bb background_color_gradient_stops=\u00bbrgba(0,0,0,0.5) 0%|#a8a8a8 100%\u00bb background_color_gradient_overlays_image=\u00bbon\u00bb background_color_gradient_start=\u00bbrgba(150,105,97,0.67)\u00bb background_color_gradient_end=\u00bbrgba(2,0,76,0.84)\u00bb background_image=\u00bbhttps:\/\/www.upla.cl\/facultad\/cienciasactividadfisicaydeporte\/wp-content\/uploads\/2024\/11\/20112024_efi_inicio.jpg\u00bb background_position=\u00bbtop_center\u00bb background_vertical_offset=\u00bb35%\u00bb custom_margin=\u00bb|||\u00bb custom_padding=\u00bb2.5%||10.3%|||\u00bb hover_enabled=\u00bb0&#8243; global_colors_info=\u00bb{}\u00bb title_text=\u00bb20112024_efi_inicio\u00bb sticky_enabled=\u00bb0&#8243;][et_pb_row column_structure=\u00bb1_2,1_2&#8243; _builder_version=\u00bb4.19.3&#8243; _module_preset=\u00bbdefault\u00bb global_colors_info=\u00bb{}\u00bb][et_pb_column type=\u00bb1_2&#8243; _builder_version=\u00bb4.19.3&#8243; _module_preset=\u00bbdefault\u00bb global_colors_info=\u00bb{}\u00bb][et_pb_cta title=\u00bbPedagog\u00eda en Educaci\u00f3n F\u00edsica\u00bb button_url=\u00bb#\u00bb _builder_version=\u00bb4.27.4&#8243; header_level=\u00bbh1&#8243; header_font=\u00bbLato|900||on|||||\u00bb header_font_size=\u00bb40px\u00bb header_letter_spacing=\u00bb1px\u00bb header_line_height=\u00bb1.2em\u00bb body_font=\u00bbLato||||||||\u00bb body_font_size=\u00bb18px\u00bb use_background_color=\u00bboff\u00bb text_orientation=\u00bbleft\u00bb max_width=\u00bb750px\u00bb module_alignment=\u00bbleft\u00bb custom_margin=\u00bb61px|||||\u00bb animation_style=\u00bbfold\u00bb animation_intensity_fold=\u00bb16%\u00bb header_font_size_tablet=\u00bb46px\u00bb header_font_size_phone=\u00bb\u00bb header_font_size_last_edited=\u00bbon|tablet\u00bb header_text_shadow_style=\u00bbpreset3&#8243; header_text_shadow_color=\u00bbrgba(0,0,0,0.6)\u00bb text_shadow_style=\u00bbpreset3&#8243; button_letter_spacing_hover=\u00bb2px\u00bb global_colors_info=\u00bb%91%93&#8243; button_text_size__hover_enabled=\u00bboff\u00bb button_one_text_size__hover_enabled=\u00bboff\u00bb button_two_text_size__hover_enabled=\u00bboff\u00bb button_text_color__hover_enabled=\u00bboff\u00bb button_one_text_color__hover_enabled=\u00bboff\u00bb button_two_text_color__hover_enabled=\u00bboff\u00bb button_border_width__hover_enabled=\u00bboff\u00bb button_one_border_width__hover_enabled=\u00bboff\u00bb button_two_border_width__hover_enabled=\u00bboff\u00bb button_border_color__hover_enabled=\u00bboff\u00bb button_one_border_color__hover_enabled=\u00bboff\u00bb button_two_border_color__hover_enabled=\u00bboff\u00bb button_border_radius__hover_enabled=\u00bboff\u00bb button_one_border_radius__hover_enabled=\u00bboff\u00bb button_two_border_radius__hover_enabled=\u00bboff\u00bb button_letter_spacing__hover_enabled=\u00bbon\u00bb button_letter_spacing__hover=\u00bb2px\u00bb button_one_letter_spacing__hover_enabled=\u00bboff\u00bb button_two_letter_spacing__hover_enabled=\u00bboff\u00bb button_bg_color__hover_enabled=\u00bboff\u00bb button_one_bg_color__hover_enabled=\u00bboff\u00bb button_two_bg_color__hover_enabled=\u00bboff\u00bb]<\/p>\n<p>T\u00edtulo: <strong>Profesor o Profesora de Educaci\u00f3n F\u00edsica<\/strong><br \/>Grado Acad\u00e9mico: Licenciado o Licenciada en Educaci\u00f3n<br \/>Campus <strong>Valpara\u00edso<\/strong> \/ Carrera Diurna Duraci\u00f3n: 10 semestres<\/p>\n<p>[\/et_pb_cta][et_pb_blurb title=\u00bbAcreditaci\u00f3n\u00bb url=\u00bbhttps:\/\/www.upla.cl\/calidad\/acreditacion\/carreras-pregrado-acreditadas-2\/\u00bb url_new_window=\u00bbon\u00bb use_icon=\u00bbon\u00bb font_icon=\u00bb&#x5a;||divi||400&#8243; icon_color=\u00bb#009966&#8243; icon_placement=\u00bbleft\u00bb image_icon_width=\u00bb39px\u00bb content_max_width=\u00bb1100px\u00bb _builder_version=\u00bb4.27.4&#8243; _module_preset=\u00bbdefault\u00bb header_font=\u00bb|700|||||||\u00bb header_text_color=\u00bb#686868&#8243; header_font_size=\u00bb25px\u00bb body_font=\u00bb|700|||||||\u00bb body_text_color=\u00bb#0C71C3&#8243; body_font_size=\u00bb18px\u00bb body_link_text_color=\u00bb#0C71C3&#8243; background_color=\u00bbrgba(255,255,255,0.64)\u00bb custom_padding=\u00bb20px|50px|20px|50px|true|true\u00bb link_option_url=\u00bbhttps:\/\/www.upla.cl\/calidad\/acreditacion\/carreras-pregrado-acreditadas-2\/\u00bb link_option_url_new_window=\u00bbon\u00bb border_radii=\u00bbon|10px|10px|10px|10px\u00bb box_shadow_style=\u00bbpreset1&#8243; icon_font_size=\u00bb39px\u00bb saved_tabs=\u00bball\u00bb global_colors_info=\u00bb{}\u00bb transform_styles__hover_enabled=\u00bbon|hover\u00bb transform_scale__hover_enabled=\u00bbon|hover\u00bb transform_translate__hover_enabled=\u00bbon|desktop\u00bb transform_rotate__hover_enabled=\u00bbon|desktop\u00bb transform_skew__hover_enabled=\u00bbon|desktop\u00bb transform_origin__hover_enabled=\u00bbon|desktop\u00bb transform_scale__hover=\u00bb95%|95%\u00bb]<\/p>\n<p>Revisa el estado de la acreditaci\u00f3n de esta carrera en <a href=\"https:\/\/www.upla.cl\/calidad\/acreditacion\/carreras-pregrado-acreditadas-2\/\" target=\"_blank\" rel=\"noopener\" title=\"Estado de acreditaci\u00f3n de carreras UPLA\"><span style=\"text-decoration: underline;\"><strong>este enlace<\/strong><\/span><\/a><\/p>\n<p>[\/et_pb_blurb][\/et_pb_column][et_pb_column type=\u00bb1_2&#8243; _builder_version=\u00bb4.19.3&#8243; _module_preset=\u00bbdefault\u00bb global_colors_info=\u00bb{}\u00bb][\/et_pb_column][\/et_pb_row][\/et_pb_section][et_pb_section fb_built=\u00bb1&#8243; admin_label=\u00bbPerfil y bienvenida\u00bb _builder_version=\u00bb4.22.1&#8243; _module_preset=\u00bbdefault\u00bb custom_margin=\u00bb||0px||false|false\u00bb custom_padding=\u00bb54px|0px|50px|0px|false|false\u00bb global_colors_info=\u00bb{}\u00bb][et_pb_row column_structure=\u00bb1_2,1_2&#8243; use_custom_gutter=\u00bbon\u00bb _builder_version=\u00bb4.27.4&#8243; _module_preset=\u00bbdefault\u00bb background_color=\u00bb#FFFFFF\u00bb max_width=\u00bb2560px\u00bb min_height=\u00bb427px\u00bb custom_margin=\u00bb-10%||12px||false|false\u00bb custom_margin_tablet=\u00bb-10%||12px||false|false\u00bb custom_margin_phone=\u00bb-150px||||false|false\u00bb custom_margin_last_edited=\u00bbon|phone\u00bb custom_padding=\u00bb9px|0px|90px|0px|false|false\u00bb animation_style=\u00bbslide\u00bb border_radii=\u00bbon|15px|15px|15px|15px\u00bb border_width_top=\u00bb18px\u00bb border_color_top=\u00bb#8a1002&#8243; border_style_top=\u00bboutset\u00bb box_shadow_style=\u00bbpreset3&#8243; box_shadow_vertical=\u00bb39px\u00bb box_shadow_blur=\u00bb80px\u00bb global_colors_info=\u00bb{}\u00bb][et_pb_column type=\u00bb1_2&#8243; _builder_version=\u00bb4.22.1&#8243; _module_preset=\u00bbdefault\u00bb global_colors_info=\u00bb{}\u00bb][et_pb_blurb image_icon_background_color=\u00bb#bdc1c9&#8243; image_icon_width=\u00bb19px\u00bb icon_alignment=\u00bbleft\u00bb icon_alignment_tablet=\u00bbleft\u00bb icon_alignment_phone=\u00bbleft\u00bb icon_alignment_last_edited=\u00bbon|desktop\u00bb admin_label=\u00bbperfil del egresado\/a\u00bb _builder_version=\u00bb4.27.4&#8243; _module_preset=\u00bbdefault\u00bb header_level=\u00bbh2&#8243; header_font=\u00bbLato|900|||||||\u00bb header_text_align=\u00bbleft\u00bb header_text_color=\u00bb#004562&#8243; header_font_size=\u00bb25px\u00bb body_font=\u00bbLato||||||||\u00bb body_text_align=\u00bbleft\u00bb body_text_color=\u00bb#565656&#8243; body_line_height=\u00bb1.6em\u00bb image_icon_custom_padding=\u00bb25px|25px|25px|25px|true|true\u00bb text_orientation=\u00bbcenter\u00bb custom_margin=\u00bb||||false|false\u00bb custom_padding=\u00bb5%||5%|8%|true|false\u00bb animation=\u00bboff\u00bb border_radii_image=\u00bbon|100%|100%|100%|100%\u00bb global_colors_info=\u00bb{}\u00bb]<\/p>\n<h1><span style=\"color: #808080;\"><strong>Perfil<\/strong><\/span><\/h1>\n<p>[\/et_pb_blurb][et_pb_blurb image_icon_background_color=\u00bb#bdc1c9&#8243; image_icon_width=\u00bb19px\u00bb icon_alignment=\u00bbleft\u00bb icon_alignment_tablet=\u00bbleft\u00bb icon_alignment_phone=\u00bbleft\u00bb icon_alignment_last_edited=\u00bbon|desktop\u00bb admin_label=\u00bbperfil del egresado\/a\u00bb _builder_version=\u00bb4.27.4&#8243; _module_preset=\u00bbdefault\u00bb header_level=\u00bbh2&#8243; header_font=\u00bbLato|900|||||||\u00bb header_text_align=\u00bbleft\u00bb header_text_color=\u00bb#004562&#8243; header_font_size=\u00bb25px\u00bb body_font=\u00bbLato||||||||\u00bb body_text_align=\u00bbleft\u00bb body_text_color=\u00bb#565656&#8243; body_line_height=\u00bb1.6em\u00bb image_icon_custom_padding=\u00bb25px|25px|25px|25px|true|true\u00bb text_orientation=\u00bbcenter\u00bb custom_margin=\u00bb||||false|false\u00bb custom_padding=\u00bb|8%||8%|false|true\u00bb animation=\u00bboff\u00bb border_radii_image=\u00bbon|100%|100%|100%|100%\u00bb global_colors_info=\u00bb{}\u00bb]<\/p>\n<p>La carrera de Pedagog\u00eda en Educaci\u00f3n F\u00edsica de la Universidad de Playa Ancha forma profesionales comprometidos \u00e9tico-socialmente bajo principios universitarios estatales, p\u00fablicos y regionales. El egresado y egresada demuestra el dominio de tres \u00e1mbitos fundamentales: Gesti\u00f3n Pedag\u00f3gica, Intervenci\u00f3n Disciplinar y Desarrollo Profesional con Vinculaci\u00f3n al Medio.<\/p>\n<p>En Gesti\u00f3n Pedag\u00f3gica, dise\u00f1a, implementa y eval\u00faa procesos de ense\u00f1anza-aprendizaje contextualizados, aplicando estrategias did\u00e1cticas innovadoras e inclusivas con reflexi\u00f3n cr\u00edtica continua. La Intervenci\u00f3n Disciplinar se basa en conocimientos especializados de ciencias de la actividad f\u00edsica, movimiento humano y salud, desarrollando programas fundamentados cient\u00edficamente que promueven desarrollo motriz, condici\u00f3n f\u00edsica y bienestar integral en el ciclo vital de la persona. El Desarrollo Profesional enfatiza el aprendizaje continuo, investigaci\u00f3n educativa y vinculaci\u00f3n bidireccional con la comunidad.<\/p>\n<p>El profesional egresado y egresada promueve estilos de vida activos y saludables en diversos contextos, actuando con pensamiento cr\u00edtico e inclusivo. Gestiona procesos pedag\u00f3gicos adaptados a la diversidad, aplicando fundamentos biol\u00f3gicos, motrices y socioculturales. Se comunica efectivamente integrando TIC, colabora en equipos multidisciplinarios y ejerce con responsabilidad social, respetando derechos humanos, equidad de g\u00e9nero y sustentabilidad, contribuyendo activamente al desarrollo territorial y comunitario.<\/p>\n<p>[\/et_pb_blurb][\/et_pb_column][et_pb_column type=\u00bb1_2&#8243; _builder_version=\u00bb4.22.1&#8243; _module_preset=\u00bbdefault\u00bb global_colors_info=\u00bb{}\u00bb][et_pb_video src=\u00bbhttps:\/\/youtu.be\/Qrixocif-mA\u00bb src_webm=\u00bbhttps:\/\/youtu.be\/Qrixocif-mA\u00bb admin_label=\u00bbPromocional\u00bb _builder_version=\u00bb4.27.4&#8243; _module_preset=\u00bbdefault\u00bb custom_margin=\u00bb||||false|false\u00bb custom_padding=\u00bb20%|3%||3%|false|true\u00bb global_colors_info=\u00bb{}\u00bb][\/et_pb_video][et_pb_text _builder_version=\u00bb4.27.4&#8243; _module_preset=\u00bbdefault\u00bb text_orientation=\u00bbcenter\u00bb custom_margin=\u00bb||||false|false\u00bb custom_padding=\u00bb5%||0%||false|false\u00bb custom_padding_tablet=\u00bb5%||||false|false\u00bb custom_padding_phone=\u00bb5%||||false|false\u00bb custom_padding_last_edited=\u00bbon|desktop\u00bb global_colors_info=\u00bb{}\u00bb]<\/p>\n<p><strong>Directora de carrera<\/strong><br \/>Marlene Bonvallet Villarroel<br \/><a href=\"mailto:direccion_educacionfisica@upla.cl\">direccion_educacionfisica@upla.cl<\/a><\/p>\n<p>&nbsp;<\/p>\n<p>[\/et_pb_text][et_pb_button button_url=\u00bbhttps:\/\/www.upla.cl\/admision\/carreras-profesionales\/facultad-de-ciencias-de-la-actividad-fisica-y-del-deporte\/pedagogia-en-educacion-fisica-2\/\u00bb url_new_window=\u00bbon\u00bb button_text=\u00bbM\u00e1s informaci\u00f3n en el sitio de Admisi\u00f3n\u00bb button_alignment=\u00bbcenter\u00bb admin_label=\u00bbbot\u00f3n de postulaci\u00f3n\u00bb _builder_version=\u00bb4.27.4&#8243; _module_preset=\u00bbdefault\u00bb custom_button=\u00bbon\u00bb button_text_size=\u00bb16px\u00bb button_text_color=\u00bb#ffffff\u00bb button_bg_color=\u00bb#8a1002&#8243; button_border_width=\u00bb0px\u00bb button_border_radius=\u00bb6px\u00bb button_letter_spacing=\u00bb0px\u00bb button_font=\u00bbLato|700|||||||\u00bb button_icon=\u00bb&#x35;||divi||400&#8243; custom_margin=\u00bb|5%||5%|false|true\u00bb custom_margin_tablet=\u00bb|25px||25px|true|true\u00bb custom_margin_phone=\u00bb20px||||false|false\u00bb custom_margin_last_edited=\u00bbon|tablet\u00bb animation_style=\u00bbzoom\u00bb button_bg_color_last_edited=\u00bboff|tablet\u00bb box_shadow_style=\u00bbpreset3&#8243; box_shadow_color=\u00bbrgba(250,127,40,0.4)\u00bb global_colors_info=\u00bb{}\u00bb button_bg_color__hover_enabled=\u00bbon|hover\u00bb button_bg_color__hover=\u00bb#009bcd\u00bb button_bg_enable_color__hover=\u00bbon\u00bb][\/et_pb_button][\/et_pb_column][\/et_pb_row][\/et_pb_section][et_pb_section fb_built=\u00bb1&#8243; admin_label=\u00bbBecas y beneficios\u00bb _builder_version=\u00bb4.22.1&#8243; _module_preset=\u00bbdefault\u00bb custom_margin=\u00bb||0px||false|false\u00bb custom_padding=\u00bb50px|0px|0px|0px|false|false\u00bb global_module=\u00bb107437&#8243; saved_tabs=\u00bball\u00bb global_colors_info=\u00bb{}\u00bb][et_pb_row column_structure=\u00bb1_3,1_3,1_3&#8243; use_custom_gutter=\u00bbon\u00bb gutter_width=\u00bb1.2&#8243; custom_padding_last_edited=\u00bbon|phone\u00bb _builder_version=\u00bb4.22.2&#8243; _module_preset=\u00bbdefault\u00bb background_color=\u00bbRGBA(255,255,255,0)\u00bb max_width=\u00bb2560px\u00bb min_height=\u00bb350px\u00bb custom_margin=\u00bb-3.3%|auto|10px|auto|false|true\u00bb custom_padding=\u00bb50px|0px|14px|0px|false|false\u00bb custom_padding_tablet=\u00bb\u00bb custom_padding_phone=\u00bb0px|0px|14px|0px|false|false\u00bb animation_style=\u00bbslide\u00bb animation_direction=\u00bbbottom\u00bb animation_intensity_slide=\u00bb6%\u00bb animation_starting_opacity=\u00bb100%\u00bb animation_starting_opacity_tablet=\u00bb100%\u00bb animation_starting_opacity_phone=\u00bb100%\u00bb animation_starting_opacity_last_edited=\u00bbon|desktop\u00bb border_radii=\u00bbon|15px|15px|15px|15px\u00bb border_color_top=\u00bbRGBA(255,255,255,0)\u00bb border_style_top=\u00bboutset\u00bb global_colors_info=\u00bb{}\u00bb][et_pb_column type=\u00bb1_3&#8243; _builder_version=\u00bb4.22.1&#8243; _module_preset=\u00bbdefault\u00bb global_colors_info=\u00bb{}\u00bb][et_pb_text _builder_version=\u00bb4.22.2&#8243; _module_preset=\u00bbdefault\u00bb text_font=\u00bb|800|||||||\u00bb text_text_color=\u00bb#004562&#8243; text_font_size=\u00bb25px\u00bb text_line_height=\u00bb1.6em\u00bb header_2_font=\u00bb|700|||||||\u00bb header_2_text_align=\u00bbleft\u00bb header_2_text_color=\u00bb#565656&#8243; header_2_font_size=\u00bb32px\u00bb text_orientation=\u00bbcenter\u00bb custom_padding=\u00bb20px||20px|30px|false|false\u00bb global_colors_info=\u00bb{}\u00bb]<\/p>\n<h2 style=\"text-align: left;\">Becas y beneficios<\/h2>\n<p>[\/et_pb_text][\/et_pb_column][et_pb_column type=\u00bb1_3&#8243; _builder_version=\u00bb4.22.1&#8243; _module_preset=\u00bbdefault\u00bb global_colors_info=\u00bb{}\u00bb][et_pb_blurb title=\u00bbBeneficios estudiantiles estatales para la Educaci\u00f3n Superior\u00bb url=\u00bbhttps:\/\/portal.beneficiosestudiantiles.cl\/\u00bb url_new_window=\u00bbon\u00bb image=\u00bbhttps:\/\/www.upla.cl\/facultad\/cienciasactividadfisicaydeporte\/wp-content\/uploads\/2024\/08\/sliderbanner_gratuidad.jpg\u00bb _builder_version=\u00bb4.27.0&#8243; _module_preset=\u00bbdefault\u00bb header_text_color=\u00bb#009bdb\u00bb body_text_color=\u00bb#565656&#8243; body_line_height=\u00bb1.2em\u00bb custom_padding=\u00bb|||5%|false|false\u00bb animation_direction=\u00bbright\u00bb animation=\u00bbright\u00bb link_option_url=\u00bbhttps:\/\/portal.beneficiosestudiantiles.cl\/\u00bb link_option_url_new_window=\u00bbon\u00bb border_radii_image=\u00bbon|5px|5px|5px|5px\u00bb box_shadow_style_image=\u00bbpreset3&#8243; global_colors_info=\u00bb{}\u00bb]<\/p>\n<p>Ingresa al portal de beneficios.<\/p>\n<p>[\/et_pb_blurb][\/et_pb_column][et_pb_column type=\u00bb1_3&#8243; _builder_version=\u00bb4.22.1&#8243; _module_preset=\u00bbdefault\u00bb global_colors_info=\u00bb{}\u00bb][et_pb_blurb title=\u00bbBeneficios de la Direcci\u00f3n General de Desarrollo Estudiantil UPLA\u00bb url=\u00bbhttps:\/\/www.upla.cl\/desarrolloestudiantil\/\u00bb url_new_window=\u00bbon\u00bb image=\u00bbhttps:\/\/www.upla.cl\/facultad\/cienciasactividadfisicaydeporte\/wp-content\/uploads\/2024\/08\/20230913_becasybeneficios-dgde.png\u00bb _builder_version=\u00bb4.27.0&#8243; _module_preset=\u00bbdefault\u00bb header_text_color=\u00bb#009bdb\u00bb body_text_color=\u00bb#565656&#8243; body_line_height=\u00bb1.2em\u00bb background_enable_image=\u00bboff\u00bb custom_padding=\u00bb|||5%|false|false\u00bb animation_direction=\u00bbright\u00bb animation=\u00bbright\u00bb link_option_url=\u00bbhttps:\/\/www.upla.cl\/desarrolloestudiantil\/\u00bb link_option_url_new_window=\u00bbon\u00bb border_radii_image=\u00bbon|5px|5px|5px|5px\u00bb box_shadow_style_image=\u00bbpreset3&#8243; global_colors_info=\u00bb{}\u00bb]<\/p>\n<p>Aqu\u00ed encontrar\u00e1s informaci\u00f3n sobre nuestras becas.<\/p>\n<p>[\/et_pb_blurb][\/et_pb_column][\/et_pb_row][\/et_pb_section][et_pb_section fb_built=\u00bb1&#8243; admin_label=\u00bbSecci\u00f3n footer\u00bb _builder_version=\u00bb4.22.2&#8243; _module_preset=\u00bbdefault\u00bb background_color=\u00bb#e5e5e5&#8243; background_enable_image=\u00bboff\u00bb min_height=\u00bb144.2px\u00bb custom_margin=\u00bb2px|||||\u00bb custom_padding=\u00bb50px||3px|||\u00bb border_width_top=\u00bb1px\u00bb border_color_top=\u00bbRGBA(255,255,255,0)\u00bb border_style_top=\u00bboutset\u00bb global_module=\u00bb108765&#8243; saved_tabs=\u00bball\u00bb collapsed=\u00bboff\u00bb global_colors_info=\u00bb{}\u00bb][et_pb_row column_structure=\u00bb1_4,1_4,1_4,1_4&#8243; _builder_version=\u00bb4.27.0&#8243; _module_preset=\u00bbdefault\u00bb width=\u00bb90%\u00bb max_width=\u00bb2560px\u00bb min_height=\u00bb247.9px\u00bb custom_margin=\u00bb|auto|23px|auto|false|false\u00bb custom_padding=\u00bb|20px||20px|false|true\u00bb global_colors_info=\u00bb{}\u00bb][et_pb_column type=\u00bb1_4&#8243; _builder_version=\u00bb4.20.4&#8243; _module_preset=\u00bbdefault\u00bb global_colors_info=\u00bb{}\u00bb][et_pb_image src=\u00bbhttps:\/\/www.upla.cl\/facultad\/cienciasactividadfisicaydeporte\/wp-content\/uploads\/2024\/08\/im-upla.png\u00bb alt=\u00bbUniversidad de Playa Ancha\u00bb title_text=\u00bbim-upla\u00bb url=\u00bbhttps:\/\/www.upla.cl\/portada\/\u00bb align_tablet=\u00bb\u00bb align_phone=\u00bbcenter\u00bb align_last_edited=\u00bbon|phone\u00bb _builder_version=\u00bb4.22.2&#8243; _module_preset=\u00bbdefault\u00bb custom_padding_tablet=\u00bb\u00bb custom_padding_phone=\u00bb|30px||30px|false|true\u00bb custom_padding_last_edited=\u00bbon|phone\u00bb global_colors_info=\u00bb{}\u00bb][\/et_pb_image][et_pb_text _builder_version=\u00bb4.27.4&#8243; _module_preset=\u00bbdefault\u00bb text_text_color=\u00bb#565656&#8243; text_font_size=\u00bb15px\u00bb text_line_height=\u00bb1.2em\u00bb custom_padding=\u00bb|10px|||false|false\u00bb custom_padding_tablet=\u00bb|10px|||false|false\u00bb custom_padding_phone=\u00bb|30px||30px|false|true\u00bb custom_padding_last_edited=\u00bbon|phone\u00bb text_orientation_tablet=\u00bb\u00bb text_orientation_phone=\u00bbcenter\u00bb text_orientation_last_edited=\u00bbon|desktop\u00bb global_colors_info=\u00bb{}\u00bb]<\/p>\n<p style=\"text-align: left;\"><strong>Facultad de Ciencias de la Actividad F\u00edsica y del Deporte de la Universidad de Playa Ancha<\/strong><\/p>\n<p style=\"text-align: left;\"><span style=\"color: #565656;\"><strong>Edificio Punt\u00e1ngeles<\/strong><br \/>Avenida Playa Ancha 850, Valpara\u00edso.<\/span><\/p>\n<p>&nbsp;<\/p>\n<p>[\/et_pb_text][et_pb_code _builder_version=\u00bb4.27.4&#8243; _module_preset=\u00bbdefault\u00bb global_colors_info=\u00bb{}\u00bb]<iframe src=\"https:\/\/www.google.com\/maps\/embed?pb=!1m18!1m12!1m3!1d3345.2084548804673!2d-71.64271698412513!3d-33.02463818317201!2m3!1f0!2f0!3f0!3m2!1i1024!2i768!4f13.1!3m3!1m2!1s0x9689e6c652de7003%3A0xa579cafc465127e2!2sPlaya%20Ancha%20850%2C%20Valpara%C3%ADso!5e0!3m2!1ses!2scl!4v1642458013526!5m2!1ses!2scl\" width=\"600\" height=\"300\" style=\"border:0;\" allowfullscreen=\"\" loading=\"lazy\"><\/iframe>[\/et_pb_code][\/et_pb_column][et_pb_column type=\u00bb1_4&#8243; _builder_version=\u00bb4.20.4&#8243; _module_preset=\u00bbdefault\u00bb global_colors_info=\u00bb{}\u00bb][et_pb_image src=\u00bbhttps:\/\/www.upla.cl\/portada\/wp-content\/uploads\/2025\/03\/20250311_upla_acreditada_2022-2027-color.png\u00bb alt=\u00bbUPLA_acreditada_2022-2027&#8243; title_text=\u00bbupla_acreditada_2022-2027-color\u00bb url=\u00bbhttps:\/\/www.upla.cl\/calidad\/acreditacion\/\u00bb url_new_window=\u00bbon\u00bb align_tablet=\u00bb\u00bb align_phone=\u00bbcenter\u00bb align_last_edited=\u00bbon|phone\u00bb _builder_version=\u00bb4.27.4&#8243; _module_preset=\u00bbdefault\u00bb width_tablet=\u00bb\u00bb width_phone=\u00bb60%\u00bb width_last_edited=\u00bbon|phone\u00bb custom_margin=\u00bb-10px||||false|false\u00bb custom_margin_tablet=\u00bb\u00bb custom_margin_phone=\u00bb\u00bb custom_margin_last_edited=\u00bbon|desktop\u00bb custom_padding=\u00bb||0px|||\u00bb global_colors_info=\u00bb{}\u00bb][\/et_pb_image][et_pb_divider color=\u00bb#009bdb\u00bb divider_position=\u00bbcenter\u00bb disabled_on=\u00bboff|off|on\u00bb _builder_version=\u00bb4.22.2&#8243; _module_preset=\u00bbdefault\u00bb global_colors_info=\u00bb{}\u00bb][\/et_pb_divider][et_pb_text _builder_version=\u00bb4.22.2&#8243; _module_preset=\u00bbdefault\u00bb text_font=\u00bb|700|||||||\u00bb text_text_color=\u00bb#565656&#8243; text_line_height=\u00bb1.2em\u00bb header_text_align_tablet=\u00bb\u00bb header_text_align_phone=\u00bbcenter\u00bb header_text_align_last_edited=\u00bbon|phone\u00bb global_colors_info=\u00bb{}\u00bb]<\/p>\n<p style=\"text-align: center;\"><strong>Buscar en UPLA.cl:<\/strong><\/p>\n<p style=\"text-align: right;\"><strong><\/strong><\/p>\n<form id=\"accesos\" action=\"\" style=\"text-align: center;\"><select name=\"sitio\" onchange=\"window.location = (document.forms.accesos.sitio[document.forms.accesos.sitio.selectedIndex].value);\"><option>Acceso directo:<\/option><option value=\"http:\/\/www.upla.cl\/\">UPLA.cl<\/option><option value=\"http:\/\/sitios.upla.cl\/universidad\/\">La Universidad<\/option><option value=\"http:\/\/sitios.upla.cl\/organigrama\/\">Organigrama<\/option><option value=\"http:\/\/www.upla.cl\/calidad\/acreditacion-upla\/\">Acreditaci\u00f3n<\/option><option value=\"http:\/\/sitios.upla.cl\/campus\/\">Campus &#8211; C\u00f3mo llegar<\/option><option value=\"http:\/\/sitios.upla.cl\/san_felipe\/\">Campus San Felipe<\/option><option value=\"http:\/\/www.upla.cl\/bibliotecas\/\">Bibliotecas<\/option><option value=\"http:\/\/sitios.upla.cl\/principales_oficinas\/\">Oficinas y unidades acad\u00e9micas<\/option><option value=\"http:\/\/sitios.upla.cl\/calendario_academico\/\">Calendario Acad\u00e9mico<\/option><option value=\"http:\/\/sitios.upla.cl\/dgrrii\/\">Relaciones Internacionales<\/option><option value=\"http:\/\/sitios.upla.cl\/egresados\/index.html\">Egresados<\/option><option value=\"http:\/\/alumnos.upla.cl\/webmail\/\">Correo electr\u00f3nico estudiantes<\/option><option value=\"http:\/\/sitios.upla.cl\/dae\/\">Desarrollo Estudiantil<\/option><option value=\"https:\/\/www.upla.cl\/admision\/ayudas-estudiantiles\/\">Becas y Ayudas<\/option><option value=\"http:\/\/sitios.upla.cl\/dae\/serv_medico.html\">Servicio M\u00e9dico<\/option><option value=\"http:\/\/sitios.upla.cl\/soupa\/\">Serv. de Orientaci\u00f3n Universitaria<\/option><option value=\"http:\/\/sitios.upla.cl\/practicas\/\">Pr\u00e1cticas<\/option><option value=\"http:\/\/sitios.upla.cl\/titulosygrados\/\">T\u00edtulos y Grados<\/option><option value=\"https:\/\/www.recaudaciones.bancochile.cl\/cliente\/pgdr\/appfront\/Pag_Login.aspx?IdCon=19\">Portal de Pagos<\/option><option value=\"http:\/\/webmail.upla.cl\/\">Correo electr\u00f3nico institucional<\/option><option value=\"http:\/\/sitios.upla.cl\/proy_investigacion\/\">Direcci\u00f3n General de Investigaci\u00f3n<\/option><option value=\"http:\/\/sitios.upla.cl\/dapei\/\">Planificaci\u00f3n Estrat\u00e9gica<\/option><option value=\"http:\/\/www.upla.cl\/calidad\/\">DIRGECAL<\/option><option value=\"http:\/\/www.arteupla.cl\/\">Arte<\/option><option value=\"http:\/\/creal.upla.cl\/humanidades\/\">Humanidades<\/option><option value=\"http:\/\/www.upla.cl\/educacion\/\">Cs. de la Educaci\u00f3n<\/option><option value=\"http:\/\/www.upla.cl\/actividadfisica\/\">Cs. de la Act. F\u00edsica y del Deporte<\/option><option value=\"http:\/\/www.upla.cl\/ciencias\">Ciencias Naturales y Exactas<\/option><option value=\"http:\/\/www.upla.cl\/cienciasdelasalud\/\">Ciencias de la Salud<\/option><option value=\"http:\/\/www.upla.cl\/facultades\/facultaddecienciassociales.html\">Ciencias Sociales<\/option><option value=\"http:\/\/www.upla.cl\/ingenieria\">Ingenier\u00eda<\/option><\/select><\/form>\n<p>[\/et_pb_text][\/et_pb_column][et_pb_column type=\u00bb1_4&#8243; _builder_version=\u00bb4.22.2&#8243; _module_preset=\u00bbdefault\u00bb global_colors_info=\u00bb{}\u00bb][et_pb_blurb title=\u00bbConoce nuestras facultades\u00bb _builder_version=\u00bb4.22.2&#8243; _module_preset=\u00bbdefault\u00bb header_font=\u00bbLato|700|||||||\u00bb header_text_color=\u00bb#565656&#8243; header_font_size=\u00bb16px\u00bb body_font=\u00bbLato||||||||\u00bb body_font_size=\u00bb15px\u00bb min_height=\u00bb338.6px\u00bb custom_padding=\u00bb|10px|0px||false|false\u00bb custom_padding_tablet=\u00bb|10px|||false|false\u00bb custom_padding_phone=\u00bb|30px||30px|false|true\u00bb custom_padding_last_edited=\u00bbon|phone\u00bb header_text_align_tablet=\u00bb\u00bb header_text_align_phone=\u00bbcenter\u00bb header_text_align_last_edited=\u00bbon|phone\u00bb body_text_color_last_edited=\u00bboff|desktop\u00bb text_orientation_tablet=\u00bb\u00bb text_orientation_phone=\u00bbleft\u00bb text_orientation_last_edited=\u00bbon|phone\u00bb global_colors_info=\u00bb{}\u00bb body_text_color__hover_enabled=\u00bbon|desktop\u00bb body_text_color__hover=\u00bb#009bdb\u00bb]<\/p>\n<p><span style=\"color: #009bdb;\">\u00a0<\/span><\/p>\n<p><span style=\"color: #009bdb;\"><a href=\"https:\/\/www.upla.cl\/sanfelipe\/\" target=\"_blank\" rel=\"noopener\" style=\"color: #009bdb3;\">&gt; Campus San Felipe<\/a><\/span><\/p>\n<p><span style=\"color: #009bdb;\"><a href=\"https:\/\/www.arteupla.cl\/\" target=\"_blank\" rel=\"noopener\" style=\"color: #009bdb;\">&gt; Facultad de Arte<\/a><\/span><\/p>\n<p><span style=\"color: #009bdb;\"><a href=\"https:\/\/www.upla.cl\/cienciasactividadfisicaydeporte\/\" target=\"_blank\" rel=\"noopener\" style=\"color: #009bdb;\">&gt; Facultad de Ciencias de Actividad F\u00edsica y del Deporte<\/a><\/span><\/p>\n<p><span style=\"color: #009bdb;\"><a href=\"https:\/\/www.upla.cl\/cienciaseducacion\/\" target=\"_blank\" rel=\"noopener\" style=\"color: #009bdb;\">&gt;Facultad de Ciencias de la Educaci\u00f3n<\/a><\/span><\/p>\n<p><span style=\"color: #009bdb;\"><a href=\"https:\/\/www.upla.cl\/cienciassalud\/\" target=\"_blank\" rel=\"noopener\" style=\"color: #009bdb;\">&gt; Facultad de Ciencias de la Salud<\/a><\/span><\/p>\n<p><span style=\"color: #009bdb;\"><a href=\"https:\/\/upla.cl\/facultad\/cienciasnaturalesyexactas\/\" target=\"_blank\" rel=\"noopener\" style=\"color: #009bdb;\">&gt; Facultad de Ciencias Naturales y Exactas<\/a><\/span><\/p>\n<p><span style=\"color: #009bdb;\"><a href=\"https:\/\/www.upla.cl\/csociales\/\" target=\"_blank\" rel=\"noopener\" style=\"color: #009bdb;\">&gt; Facultad de Ciencias Sociales<\/a><\/span><\/p>\n<p><span style=\"color: #009bdb;\"><a href=\"https:\/\/upla.cl\/facultad\/humanidades\/\" target=\"_blank\" rel=\"noopener\" style=\"color: #009bdb;\">&gt; Facultad de Humanidades<\/a><\/span><\/p>\n<p><span style=\"color: #009bdb;\"><a href=\"https:\/\/www.upla.cl\/facultad\/ingenieria\/\" target=\"_blank\" rel=\"noopener\" style=\"color: #009bdb;\">&gt; Facultad de Ingenier\u00eda<\/a><\/span><\/p>\n<p>[\/et_pb_blurb][et_pb_divider color=\u00bb#009bdb\u00bb divider_position=\u00bbcenter\u00bb disabled_on=\u00bboff|off|on\u00bb _builder_version=\u00bb4.22.2&#8243; _module_preset=\u00bbdefault\u00bb global_colors_info=\u00bb{}\u00bb][\/et_pb_divider][\/et_pb_column][et_pb_column type=\u00bb1_4&#8243; _builder_version=\u00bb4.20.4&#8243; _module_preset=\u00bbdefault\u00bb global_colors_info=\u00bb{}\u00bb][et_pb_blurb title=\u00bbCont\u00e1ctanos\u00bb _builder_version=\u00bb4.27.0&#8243; _module_preset=\u00bbdefault\u00bb header_font=\u00bbLato|700|||||||\u00bb header_text_color=\u00bb#565656&#8243; header_font_size=\u00bb16px\u00bb body_font=\u00bbLato||||||||\u00bb body_font_size=\u00bb15px\u00bb min_height=\u00bb338.6px\u00bb custom_padding=\u00bb|10px|0px||false|false\u00bb custom_padding_tablet=\u00bb|10px|||false|false\u00bb custom_padding_phone=\u00bb|30px||30px|false|true\u00bb custom_padding_last_edited=\u00bbon|phone\u00bb header_text_align_tablet=\u00bb\u00bb header_text_align_phone=\u00bbcenter\u00bb header_text_align_last_edited=\u00bbon|phone\u00bb body_text_color_last_edited=\u00bboff|desktop\u00bb text_orientation_tablet=\u00bb\u00bb text_orientation_phone=\u00bbleft\u00bb text_orientation_last_edited=\u00bbon|phone\u00bb global_colors_info=\u00bb{}\u00bb body_text_color__hover_enabled=\u00bbon|desktop\u00bb body_text_color__hover=\u00bb#009bdb\u00bb]<\/p>\n<style id=\"wpforms-css-vars-108798\">\n\t\t\t\t#wpforms-108798 {\n\t\t\t\t\n\t\t\t}\n\t\t\t<\/style><div class=\"wpforms-container wpforms-container-full wpforms-render-modern\" id=\"wpforms-108798\"><form id=\"wpforms-form-108798\" class=\"wpforms-validate wpforms-form wpforms-ajax-form\" data-formid=\"108798\" method=\"post\" enctype=\"multipart\/form-data\" action=\"\/facultad\/cienciasactividadfisicaydeporte\/wp-json\/wp\/v2\/pages\/107430\" data-token=\"f39b51ea4a57f30658710929e543a7bd\" data-token-time=\"1777698991\"><noscript class=\"wpforms-error-noscript\">Por favor, activa JavaScript en tu navegador para completar este formulario.<\/noscript><div id=\"wpforms-error-noscript\" style=\"display: none;\">Por favor, activa JavaScript en tu navegador para completar este formulario.<\/div><div class=\"wpforms-field-container\"><div id=\"wpforms-108798-field_1-container\" class=\"wpforms-field wpforms-field-name\" data-field-id=\"1\"><label class=\"wpforms-field-label\" for=\"wpforms-108798-field_1\">Nombre y apellido <span class=\"wpforms-required-label\" aria-hidden=\"true\">*<\/span><\/label><input type=\"text\" id=\"wpforms-108798-field_1\" class=\"wpforms-field-medium wpforms-field-required\" name=\"wpforms[fields][1]\" aria-errormessage=\"wpforms-108798-field_1-error\" required><\/div>\t\t<div id=\"wpforms-108798-field_4-container\"\n\t\t\tclass=\"wpforms-field wpforms-field-text\"\n\t\t\tdata-field-type=\"text\"\n\t\t\tdata-field-id=\"4\"\n\t\t\t>\n\t\t\t<label class=\"wpforms-field-label\" for=\"wpforms-108798-field_4\" >y Mensaje Nombre<\/label>\n\t\t\t<input type=\"text\" id=\"wpforms-108798-field_4\" class=\"wpforms-field-medium\" name=\"wpforms[fields][4]\" >\n\t\t<\/div>\n\t\t<div id=\"wpforms-108798-field_2-container\" class=\"wpforms-field wpforms-field-email\" data-field-id=\"2\"><label class=\"wpforms-field-label\" for=\"wpforms-108798-field_2\">Correo electr\u00f3nico <span class=\"wpforms-required-label\" aria-hidden=\"true\">*<\/span><\/label><input type=\"email\" id=\"wpforms-108798-field_2\" class=\"wpforms-field-medium wpforms-field-required\" name=\"wpforms[fields][2]\" spellcheck=\"false\" aria-errormessage=\"wpforms-108798-field_2-error\" required><\/div><div id=\"wpforms-108798-field_3-container\" class=\"wpforms-field wpforms-field-textarea\" data-field-id=\"3\"><label class=\"wpforms-field-label\" for=\"wpforms-108798-field_3\">Mensaje <span class=\"wpforms-required-label\" aria-hidden=\"true\">*<\/span><\/label><textarea id=\"wpforms-108798-field_3\" class=\"wpforms-field-small wpforms-field-required\" name=\"wpforms[fields][3]\" aria-errormessage=\"wpforms-108798-field_3-error\" required><\/textarea><\/div><script>\n\t\t\t\t( function() {\n\t\t\t\t\tconst style = document.createElement( 'style' );\n\t\t\t\t\tstyle.appendChild( document.createTextNode( '#wpforms-108798-field_4-container { position: absolute !important; overflow: hidden !important; display: inline !important; height: 1px !important; width: 1px !important; z-index: -1000 !important; padding: 0 !important; } #wpforms-108798-field_4-container input { visibility: hidden; } #wpforms-conversational-form-page #wpforms-108798-field_4-container label { counter-increment: none; }' ) );\n\t\t\t\t\tdocument.head.appendChild( style );\n\t\t\t\t\tdocument.currentScript?.remove();\n\t\t\t\t} )();\n\t\t\t<\/script><\/div><!-- .wpforms-field-container --><div class=\"wpforms-submit-container\" ><input type=\"hidden\" name=\"wpforms[id]\" value=\"108798\"><input type=\"hidden\" name=\"page_title\" value=\"\"><input type=\"hidden\" name=\"page_url\" value=\"https:\/\/www.upla.cl\/facultad\/cienciasactividadfisicaydeporte\/wp-json\/wp\/v2\/pages\/107430\"><input type=\"hidden\" name=\"url_referer\" value=\"\"><button type=\"submit\" name=\"wpforms[submit]\" id=\"wpforms-submit-108798\" class=\"wpforms-submit\" data-alt-text=\"Enviando...\" data-submit-text=\"Enviar\" aria-live=\"assertive\" value=\"wpforms-submit\">Enviar<\/button><img loading=\"lazy\" decoding=\"async\" src=\"https:\/\/www.upla.cl\/facultad\/cienciasactividadfisicaydeporte\/wp-content\/plugins\/wpforms-lite\/assets\/images\/submit-spin.svg\" class=\"wpforms-submit-spinner\" style=\"display: none;\" width=\"26\" height=\"26\" alt=\"Cargando\"><\/div><\/form><\/div>  <!-- .wpforms-container -->\n<p>[\/et_pb_blurb][\/et_pb_column][\/et_pb_row][\/et_pb_section]<\/p>\n","protected":false},"excerpt":{"rendered":"<p>El egresado y la egresada de la carrera de Pedagog\u00eda en Educaci\u00f3n F\u00edsica de la Universidad de Playa Ancha destaca por su responsabilidad, compromiso, perseverancia y proactividad, acorde a los valores \u00e9ticos y morales de la sociedad. Es un o una profesional del campo de la educaci\u00f3n que conoce c\u00f3mo aprenden sus estudiantes y es capaz de derivar coherentemente estrategias de trabajo, de acuerdo a la caracterizaci\u00f3n realizada.<\/p>\n","protected":false},"author":4,"featured_media":107335,"parent":0,"menu_order":0,"comment_status":"closed","ping_status":"closed","template":"","meta":{"_et_pb_use_builder":"on","_et_pb_old_content":"","_et_gb_content_width":"","footnotes":""},"class_list":["post-107430","page","type-page","status-publish","has-post-thumbnail","hentry"],"_links":{"self":[{"href":"https:\/\/www.upla.cl\/facultad\/cienciasactividadfisicaydeporte\/wp-json\/wp\/v2\/pages\/107430","targetHints":{"allow":["GET"]}}],"collection":[{"href":"https:\/\/www.upla.cl\/facultad\/cienciasactividadfisicaydeporte\/wp-json\/wp\/v2\/pages"}],"about":[{"href":"https:\/\/www.upla.cl\/facultad\/cienciasactividadfisicaydeporte\/wp-json\/wp\/v2\/types\/page"}],"author":[{"embeddable":true,"href":"https:\/\/www.upla.cl\/facultad\/cienciasactividadfisicaydeporte\/wp-json\/wp\/v2\/users\/4"}],"replies":[{"embeddable":true,"href":"https:\/\/www.upla.cl\/facultad\/cienciasactividadfisicaydeporte\/wp-json\/wp\/v2\/comments?post=107430"}],"version-history":[{"count":26,"href":"https:\/\/www.upla.cl\/facultad\/cienciasactividadfisicaydeporte\/wp-json\/wp\/v2\/pages\/107430\/revisions"}],"predecessor-version":[{"id":129006,"href":"https:\/\/www.upla.cl\/facultad\/cienciasactividadfisicaydeporte\/wp-json\/wp\/v2\/pages\/107430\/revisions\/129006"}],"wp:featuredmedia":[{"embeddable":true,"href":"https:\/\/www.upla.cl\/facultad\/cienciasactividadfisicaydeporte\/wp-json\/wp\/v2\/media\/107335"}],"wp:attachment":[{"href":"https:\/\/www.upla.cl\/facultad\/cienciasactividadfisicaydeporte\/wp-json\/wp\/v2\/media?parent=107430"}],"curies":[{"name":"wp","href":"https:\/\/api.w.org\/{rel}","templated":true}]}}