{"id":67,"date":"2018-05-08T12:54:42","date_gmt":"2018-05-08T15:54:42","guid":{"rendered":"http:\/\/www.upla.cl\/desarrolloestudiantil\/?page_id=67"},"modified":"2025-03-19T17:55:44","modified_gmt":"2025-03-19T20:55:44","slug":"calidad-de-vida","status":"publish","type":"page","link":"https:\/\/www.upla.cl\/desarrolloestudiantil\/calidad-de-vida\/","title":{"rendered":"Calidad de Vida"},"content":{"rendered":"<p>[et_pb_section fb_built=\u00bb1&#8243; fullwidth=\u00bbon\u00bb admin_label=\u00bbSecci\u00f3n\u00bb _builder_version=\u00bb4.16&#8243; background_color=\u00bbrgba(0,0,0,0.34)\u00bb background_image=\u00bbhttps:\/\/www.upla.cl\/desarrolloestudiantil\/wp-content\/uploads\/2018\/09\/Feria-Alimentaci\u00f3n-Saludable-2017-10-1.jpg\u00bb background_position=\u00bbtop_left\u00bb background_blend=\u00bbmultiply\u00bb custom_padding=\u00bb0px|0px|110px|0px|false|false\u00bb global_colors_info=\u00bb{}\u00bb][et_pb_fullwidth_post_title meta=\u00bboff\u00bb featured_image=\u00bboff\u00bb text_color=\u00bblight\u00bb _builder_version=\u00bb4.23.1&#8243; background_size=\u00bbinitial\u00bb background_position=\u00bbtop_left\u00bb background_repeat=\u00bbrepeat\u00bb title_text_shadow_style=\u00bbpreset2&#8243; global_colors_info=\u00bb{}\u00bb][\/et_pb_fullwidth_post_title][\/et_pb_section][et_pb_section fb_built=\u00bb1&#8243; _builder_version=\u00bb4.16&#8243; custom_margin=\u00bb-7px|||||\u00bb custom_padding=\u00bb67px|0px|16px|0px|false|false\u00bb global_colors_info=\u00bb{}\u00bb][et_pb_row column_structure=\u00bb1_5,3_5,1_5&#8243; _builder_version=\u00bb4.23.1&#8243; background_size=\u00bbinitial\u00bb background_position=\u00bbtop_left\u00bb background_repeat=\u00bbrepeat\u00bb custom_padding=\u00bb0px|0px|16px|0px|false|false\u00bb border_width_bottom=\u00bb1px\u00bb border_color_bottom=\u00bb#009bdb\u00bb border_style_bottom=\u00bbdashed\u00bb global_colors_info=\u00bb{}\u00bb][et_pb_column type=\u00bb1_5&#8243; _builder_version=\u00bb4.16&#8243; custom_padding=\u00bb|||\u00bb global_colors_info=\u00bb{}\u00bb custom_padding__hover=\u00bb|||\u00bb][et_pb_image src=\u00bbhttps:\/\/www.upla.cl\/desarrolloestudiantil\/wp-content\/uploads\/2023\/11\/20231122_saludable.png\u00bb title_text=\u00bb20231122_saludable\u00bb _builder_version=\u00bb4.23.1&#8243; _module_preset=\u00bbdefault\u00bb global_colors_info=\u00bb{}\u00bb][\/et_pb_image][\/et_pb_column][et_pb_column type=\u00bb3_5&#8243; _builder_version=\u00bb4.16&#8243; custom_padding=\u00bb|||\u00bb global_colors_info=\u00bb{}\u00bb custom_padding__hover=\u00bb|||\u00bb][et_pb_text _builder_version=\u00bb4.23.1&#8243; _module_preset=\u00bbdefault\u00bb global_colors_info=\u00bb{}\u00bb]<\/p>\n<h3>L\u00ednea de Alimentaci\u00f3n Saludable<\/h3>\n<p><span style=\"font-weight: 400;\">Esta l\u00ednea se orienta a promover un estilo de vida saludable, a trav\u00e9s de la educaci\u00f3n de buenos h\u00e1bitos alimenticios en la comunidad universitaria. Para ello, se coordinan acciones con instituciones p\u00fablicas, red salud y carreras afines de la Universidad de Playa Ancha, se identifican factores de riesgos alimentarios en estudiantes UPLA y se realizan actividades tales como: ferias saludables, stands educativos itinerantes, medici\u00f3n de estado nutricional, seminarios, entre otras.<br \/><\/span><\/p>\n<p>[\/et_pb_text][\/et_pb_column][et_pb_column type=\u00bb1_5&#8243; _builder_version=\u00bb4.16&#8243; custom_padding=\u00bb|||\u00bb global_colors_info=\u00bb{}\u00bb custom_padding__hover=\u00bb|||\u00bb][et_pb_team_member name=\u00bbKaren Calfucura Galdames\u00bb position=\u00bbAsistente social\u00bb admin_label=\u00bbPersona encargada: Karen Calfucura\u00bb _builder_version=\u00bb4.27.0&#8243; global_colors_info=\u00bb{}\u00bb]<\/p>\n<p>Correo electr\u00f3nico: <a href=\"mailto:karen.calfucura@upla.cl\">karen.calfucura@upla.cl<\/a><br \/>Tel\u00e9fono: <a href=\"tel:+56322205208\">+56 32 2205208<\/a><\/p>\n<p>[\/et_pb_team_member][\/et_pb_column][\/et_pb_row][\/et_pb_section][et_pb_section fb_built=\u00bb1&#8243; _builder_version=\u00bb4.16&#8243; custom_padding=\u00bb30px|0px|14px|0px|false|false\u00bb global_colors_info=\u00bb{}\u00bb][et_pb_row column_structure=\u00bb1_5,3_5,1_5&#8243; _builder_version=\u00bb4.23.1&#8243; background_size=\u00bbinitial\u00bb background_position=\u00bbtop_left\u00bb background_repeat=\u00bbrepeat\u00bb custom_padding=\u00bb0px|0px|53px|0px|false|false\u00bb border_width_bottom=\u00bb1px\u00bb border_color_bottom=\u00bb#009bdb\u00bb border_style_bottom=\u00bbdashed\u00bb global_colors_info=\u00bb{}\u00bb][et_pb_column type=\u00bb1_5&#8243; _builder_version=\u00bb4.16&#8243; custom_padding=\u00bb|||\u00bb global_colors_info=\u00bb{}\u00bb custom_padding__hover=\u00bb|||\u00bb][et_pb_image src=\u00bbhttps:\/\/www.upla.cl\/desarrolloestudiantil\/wp-content\/uploads\/2023\/11\/aficiones.png\u00bb title_text=\u00bbaficiones\u00bb _builder_version=\u00bb4.23.1&#8243; _module_preset=\u00bbdefault\u00bb global_colors_info=\u00bb{}\u00bb][\/et_pb_image][\/et_pb_column][et_pb_column type=\u00bb3_5&#8243; _builder_version=\u00bb4.16&#8243; custom_padding=\u00bb|||\u00bb global_colors_info=\u00bb{}\u00bb custom_padding__hover=\u00bb|||\u00bb][et_pb_text _builder_version=\u00bb4.23.1&#8243; _module_preset=\u00bbdefault\u00bb global_colors_info=\u00bb{}\u00bb]<\/p>\n<h3>L\u00ednea de Uso del Tiempo Libre<\/h3>\n<p>La l\u00ednea del Uso del Tiempo Libre se enfoca en que parte relevante de la salud y el bienestar de las y los estudiantes, se relaciona con el tiempo que tienen para poder distraerse de sus actividades cotidianas.<\/p>\n<p>Se valida el hecho de que la recreaci\u00f3n es un derecho fundamental del ser humano y es necesario para su formaci\u00f3n integral, ya que beneficia a las personas en el sentido cultural, f\u00edsico y espiritual.<\/p>\n<p>Por su parte, la DGDE realiza acciones para esta l\u00ednea mediante la <a href=\"https:\/\/www.upla.cl\/desarrolloestudiantil\/deportes-y-recreacion\/\" title=\"Direcci\u00f3n de Deportes y Recreaci\u00f3n\">Direcci\u00f3n de Deportes y Recreaci\u00f3n<\/a>, la cual posee una serie de actividades que est\u00e1n ligadas al reciente planteamiento.<\/p>\n<p>[\/et_pb_text][\/et_pb_column][et_pb_column type=\u00bb1_5&#8243; _builder_version=\u00bb4.16&#8243; custom_padding=\u00bb|||\u00bb global_colors_info=\u00bb{}\u00bb custom_padding__hover=\u00bb|||\u00bb][et_pb_team_member name=\u00bbJorge Guzm\u00e1n Jim\u00e9nez\u00bb position=\u00bbDirector de Deportes y Recreaci\u00f3n\u00bb admin_label=\u00bbPersona Jorge Guzm\u00e1n Jim\u00e9nez\u00bb _builder_version=\u00bb4.23.1&#8243; global_colors_info=\u00bb{}\u00bb]Correo electr\u00f3nico: <a href=\"mailto:jorge.guzman@upla.cl\">jorge.guzman@upla.cl<\/a><br \/>\nTel\u00e9fono:\u00a0<a href=\"tel:+56322205295\">+56 32 2205295<\/a>[\/et_pb_team_member][\/et_pb_column][\/et_pb_row][\/et_pb_section][et_pb_section fb_built=\u00bb1&#8243; _builder_version=\u00bb4.16&#8243; custom_padding=\u00bb30px|0px|14px|0px|false|false\u00bb global_colors_info=\u00bb{}\u00bb][et_pb_row column_structure=\u00bb1_5,3_5,1_5&#8243; _builder_version=\u00bb4.23.1&#8243; background_size=\u00bbinitial\u00bb background_position=\u00bbtop_left\u00bb background_repeat=\u00bbrepeat\u00bb custom_padding=\u00bb0px|0px|60px|0px|false|false\u00bb border_width_bottom=\u00bb1px\u00bb border_color_bottom=\u00bb#009dbd\u00bb border_style_bottom=\u00bbdashed\u00bb global_colors_info=\u00bb{}\u00bb][et_pb_column type=\u00bb1_5&#8243; _builder_version=\u00bb4.16&#8243; custom_padding=\u00bb|||\u00bb global_colors_info=\u00bb{}\u00bb custom_padding__hover=\u00bb|||\u00bb][et_pb_image src=\u00bbhttps:\/\/www.upla.cl\/desarrolloestudiantil\/wp-content\/uploads\/2023\/11\/2023122_afectividad.png\u00bb title_text=\u00bb2023122_afectividad\u00bb _builder_version=\u00bb4.23.1&#8243; _module_preset=\u00bbdefault\u00bb custom_padding=\u00bb|10%||10%|false|true\u00bb global_colors_info=\u00bb{}\u00bb][\/et_pb_image][\/et_pb_column][et_pb_column type=\u00bb3_5&#8243; _builder_version=\u00bb4.16&#8243; custom_padding=\u00bb|||\u00bb global_colors_info=\u00bb{}\u00bb custom_padding__hover=\u00bb|||\u00bb][et_pb_text _builder_version=\u00bb4.23.1&#8243; _module_preset=\u00bbdefault\u00bb global_colors_info=\u00bb{}\u00bb]<\/p>\n<h3>L\u00ednea de Afectividad y Sexualidad<\/h3>\n<p>Entrega informaci\u00f3n sobre sexualidad responsable y sin riesgo, poniendo \u00e9nfasis en el autocuidado y en las buenas pr\u00e1cticas en las relaciones de pareja a trav\u00e9s de acciones que en diversas oportunidades se han visto asociadas a la labor del Programa Interuniversitario Alerta de Prevenci\u00f3n de VIH\/SIDA.<\/p>\n<p>[\/et_pb_text][et_pb_text _builder_version=\u00bb4.27.0&#8243; _module_preset=\u00bbdefault\u00bb global_colors_info=\u00bb{}\u00bb]<\/p>\n<h3>Programa Interuniversitario Alerta<\/h3>\n<p>El Programa Interuniversitario Alerta, compuesto por las cuatro casas de estudios del Consejo de Rectores de Valpara\u00edso, trabaja en la prevenci\u00f3n y detecci\u00f3n del VIH\/SIDA y otras infecciones de transmisi\u00f3n sexual, mediante trabajo en redes con el Seremi de Salud y otros organismos civiles, capacitando a profesionales como consejeros y a estudiantes como monitores del Programa.[\/et_pb_text][\/et_pb_column][et_pb_column type=\u00bb1_5&#8243; _builder_version=\u00bb4.16&#8243; custom_padding=\u00bb|||\u00bb global_colors_info=\u00bb{}\u00bb custom_padding__hover=\u00bb|||\u00bb][et_pb_team_member name=\u00bbPatricia Correa Araneda\u00bb position=\u00bbAsistente Social &#8211; Encargada\u00bb admin_label=\u00bbPersona Hilda Patricia Correa\u00bb _builder_version=\u00bb4.23.1&#8243; custom_padding=\u00bb||||false|false\u00bb global_colors_info=\u00bb{}\u00bb]Correo electr\u00f3nico: <a href=\"mailto:hcorrea@upla.cl\">hcorrea@upla.cl<\/a><br \/>\nTel\u00e9fono: <a href=\"tel:+56322205207\">+56 32 22205207<\/a>[\/et_pb_team_member][et_pb_team_member name=\u00bbClaudia Ojeda Corrotea\u00bb position=\u00bbAsistente social &#8211; Encargada\u00bb admin_label=\u00bbPersona encargada: Hilda Patricia Correa\u00bb _builder_version=\u00bb4.23.1&#8243; global_colors_info=\u00bb{}\u00bb]Correo electr\u00f3nico: <a href=\"mailto:claudia.ojeda@upla.cl\">claudia.ojeda@upla.cl<\/a><br \/>\nTel\u00e9fono: <a href=\"tel:+56322205140\">+56 32 22205140<\/a>[\/et_pb_team_member][et_pb_image src=\u00bbhttps:\/\/www.upla.cl\/desarrolloestudiantil\/wp-content\/uploads\/2023\/11\/logo-alerta.png\u00bb title_text=\u00bblogo-alerta\u00bb url=\u00bbhttps:\/\/www.programaalerta.cl\/\u00bb url_new_window=\u00bbon\u00bb _builder_version=\u00bb4.23.1&#8243; _module_preset=\u00bbdefault\u00bb global_colors_info=\u00bb{}\u00bb][\/et_pb_image][\/et_pb_column][\/et_pb_row][\/et_pb_section][et_pb_section fb_built=\u00bb1&#8243; _builder_version=\u00bb4.16&#8243; custom_padding=\u00bb30px|0px|16.796875px|0px|false|false\u00bb global_colors_info=\u00bb{}\u00bb][et_pb_row column_structure=\u00bb1_5,3_5,1_5&#8243; _builder_version=\u00bb4.23.1&#8243; background_size=\u00bbinitial\u00bb background_position=\u00bbtop_left\u00bb background_repeat=\u00bbrepeat\u00bb custom_padding=\u00bb0px|0px|16px|0px|false|false\u00bb border_width_bottom=\u00bb1px\u00bb border_color_bottom=\u00bb#009dbd\u00bb border_style_bottom=\u00bbdashed\u00bb global_colors_info=\u00bb{}\u00bb][et_pb_column type=\u00bb1_5&#8243; _builder_version=\u00bb4.16&#8243; custom_padding=\u00bb|||\u00bb global_colors_info=\u00bb{}\u00bb custom_padding__hover=\u00bb|||\u00bb][et_pb_image src=\u00bbhttps:\/\/www.upla.cl\/desarrolloestudiantil\/wp-content\/uploads\/2023\/11\/20231122_no-alcohol.png\u00bb title_text=\u00bb20231122_no-alcohol\u00bb _builder_version=\u00bb4.23.1&#8243; _module_preset=\u00bbdefault\u00bb custom_padding=\u00bb|5%||5%|false|true\u00bb global_colors_info=\u00bb{}\u00bb][\/et_pb_image][\/et_pb_column][et_pb_column type=\u00bb3_5&#8243; _builder_version=\u00bb4.16&#8243; custom_padding=\u00bb|||\u00bb global_colors_info=\u00bb{}\u00bb custom_padding__hover=\u00bb|||\u00bb][et_pb_text _builder_version=\u00bb4.23.1&#8243; _module_preset=\u00bbdefault\u00bb global_colors_info=\u00bb{}\u00bb]<\/p>\n<h3>Prevenci\u00f3n de Drogas y Alcohol en Educaci\u00f3n Superior<\/h3>\n<p><span style=\"font-weight: 400;\">El programa busca gestionar el riesgo ante el consumo de alcohol, drogas y otras sustancias, con la intenci\u00f3n de sensibilizar diversas realidades estudiantiles para instalar y fortalecer una cultura preventiva en el espacio educativo. Para ello, se participa en dos redes: la primera corresponde al Programa Interuniversitario Consciente que pertenece al <\/span><a href=\"http:\/\/consejoderectoresvalparaiso.cl\/\" rel=\"nofollow noopener\" target=\"_blank\"><span style=\"font-weight: 400;\">Consejo de Rectores de Valpara\u00edso<\/span><\/a><span style=\"font-weight: 400;\"> y la segunda a la Red PRES, compuesta por instituciones de Educaci\u00f3n Superior de la quinta regi\u00f3n y el <\/span><a href=\"http:\/\/www.senda.gob.cl\/\" rel=\"nofollow noopener\" target=\"_blank\"><span style=\"font-weight: 400;\">Servicio Nacional para la Prevenci\u00f3n y Rehabilitaci\u00f3n del Consumo de Drogas y Alcohol (Senda)<\/span><\/a><span style=\"font-weight: 400;\">.<\/span><\/p>\n<p>[\/et_pb_text][et_pb_text _builder_version=\u00bb4.23.1&#8243; _module_preset=\u00bbdefault\u00bb global_colors_info=\u00bb{}\u00bb]<\/p>\n<h3>Programa Interuniversitario Consciente<\/h3>\n<p><span style=\"font-weight: 400;\">El Programa Interuniversitario Consciente surge el a\u00f1o 2016 en respuesta a la inquietud de los rectores de las cuatro universidades del <\/span><a href=\"http:\/\/consejoderectoresvalparaiso.cl\/\" rel=\"nofollow noopener\" target=\"_blank\"><span style=\"font-weight: 400;\">Consejo de Rectores de Valpara\u00edso (CRUV)<\/span><\/a><span style=\"font-weight: 400;\">, con el fin de promover conductas de autocuidado frente al consumo de alcohol, tabaco y otras sustancias.<\/span><\/p>\n<p>[\/et_pb_text][et_pb_text _builder_version=\u00bb4.23.1&#8243; _module_preset=\u00bbdefault\u00bb global_colors_info=\u00bb{}\u00bb]<\/p>\n<h3><strong>Red PRES<\/strong><\/h3>\n<p><b>La Red de Prevenci\u00f3n de Educaci\u00f3n Superior <\/b><span style=\"font-weight: 400;\">est\u00e1 compuesta por diversas casas de estudios de la Regi\u00f3n de Valpara\u00edso, como la Universidad de Playa Ancha, en conjunto con el <\/span><b>Servicio Nacional para la Prevenci\u00f3n y Rehabilitaci\u00f3n del Consumo de Drogas y Alcohol <\/b><span style=\"font-weight: 400;\">(Senda). Desde 2008 la red orienta a las diversas estrategias de prevenci\u00f3n y promoci\u00f3n de gesti\u00f3n del riesgo en el consumo de alcohol y drogas, potenciando una mejor calidad de vida en los estudiantes de Educaci\u00f3n Superior.<\/span><\/p>\n<p>[\/et_pb_text][\/et_pb_column][et_pb_column type=\u00bb1_5&#8243; _builder_version=\u00bb4.16&#8243; custom_padding=\u00bb|||\u00bb global_colors_info=\u00bb{}\u00bb custom_padding__hover=\u00bb|||\u00bb][et_pb_team_member name=\u00bbXimena Urrea Vicencio \u00bb position=\u00bbAsistente social &#8211; Encargada\u00bb admin_label=\u00bbPersona encargada: Ximena Urrea Vicencio\u00bb _builder_version=\u00bb4.23.1&#8243; global_colors_info=\u00bb{}\u00bb]Correo electr\u00f3nico: <a href=\"mailto:ximena.urrea@upla.cl\">ximena.urrea@upla.cl<\/a><br \/>\nTel\u00e9fono: <a href=\"tel:+56322205085\">+56 32 2205085<\/a>[\/et_pb_team_member][et_pb_team_member name=\u00bbMar\u00eda Pilar Silva Ortiz\u00bb position=\u00bbAsistente social &#8211; Encargada\u00bb admin_label=\u00bbPersona encargada: Ximena Urrea Vicencio\u00bb _builder_version=\u00bb4.23.1&#8243; global_colors_info=\u00bb{}\u00bb]Correo electr\u00f3nico: <a href=\"mailto:pilar.silva@upla.cl\">pilar.silva@upla.cl<\/a><br \/>\nTel\u00e9fono: <a href=\"tel:+56322205139\">+56 32 2205139<\/a>[\/et_pb_team_member][et_pb_image src=\u00bbhttps:\/\/www.upla.cl\/desarrolloestudiantil\/wp-content\/uploads\/2023\/11\/programa-consciente.png\u00bb title_text=\u00bbprograma-consciente\u00bb _builder_version=\u00bb4.23.1&#8243; _module_preset=\u00bbdefault\u00bb global_colors_info=\u00bb{}\u00bb][\/et_pb_image][\/et_pb_column][\/et_pb_row][\/et_pb_section][et_pb_section fb_built=\u00bb1&#8243; _builder_version=\u00bb4.16&#8243; custom_padding=\u00bb30px|0px|16.796875px|0px|false|false\u00bb global_colors_info=\u00bb{}\u00bb][et_pb_row column_structure=\u00bb1_5,3_5,1_5&#8243; _builder_version=\u00bb4.16&#8243; background_size=\u00bbinitial\u00bb background_position=\u00bbtop_left\u00bb background_repeat=\u00bbrepeat\u00bb custom_margin=\u00bb|auto|65px|auto||\u00bb custom_padding=\u00bb0px|0px|16px|0px|false|false\u00bb global_colors_info=\u00bb{}\u00bb][et_pb_column type=\u00bb1_5&#8243; _builder_version=\u00bb4.16&#8243; custom_padding=\u00bb|||\u00bb global_colors_info=\u00bb{}\u00bb custom_padding__hover=\u00bb|||\u00bb][et_pb_image src=\u00bbhttps:\/\/www.upla.cl\/desarrolloestudiantil\/wp-content\/uploads\/2023\/11\/20231122_comunidad.png\u00bb title_text=\u00bb20231122_comunidad\u00bb _builder_version=\u00bb4.23.1&#8243; _module_preset=\u00bbdefault\u00bb custom_padding=\u00bb|5%||5%|false|true\u00bb global_colors_info=\u00bb{}\u00bb][\/et_pb_image][\/et_pb_column][et_pb_column type=\u00bb3_5&#8243; _builder_version=\u00bb4.16&#8243; custom_padding=\u00bb|||\u00bb global_colors_info=\u00bb{}\u00bb custom_padding__hover=\u00bb|||\u00bb][et_pb_text _builder_version=\u00bb4.23.1&#8243; _module_preset=\u00bbdefault\u00bb custom_padding=\u00bb||0px|||\u00bb global_colors_info=\u00bb{}\u00bb]<\/p>\n<h3>L\u00ednea Intercultural<\/h3>\n<p>La Direcci\u00f3n General de Desarrollo Estudiantil en su intenci\u00f3n de cumplir con la misi\u00f3n institucional de la Universidad de Playa Ancha, los objetivos de la unidad, los requerimientos de los estudiantes y las ganas de retribuir a la comunidad, inici\u00f3 un trabajo de rescate, promoci\u00f3n y difusi\u00f3n tanto de la cultura, la identidad y lo mejor de los valores que la interculturalidad ofrece.<\/p>\n<p>Esta labor se traduce en una serie de acciones y actividades que se realizan durante el a\u00f1o, con el fin de abrir un espacio a los distintos pueblos originarios a trav\u00e9s de muestras de artesan\u00eda, vestuario, hierbas medicinales, hortalizas org\u00e1nicas, as\u00ed como tambi\u00e9n de danza, m\u00fasica, rituales, celebraciones, seminarios, encuentros, conversatorios y colaboraciones con organizaciones, comunidades y distintos organismos relacionados con la tem\u00e1tica.<\/p>\n<p>[\/et_pb_text][\/et_pb_column][et_pb_column type=\u00bb1_5&#8243; _builder_version=\u00bb4.16&#8243; custom_padding=\u00bb|||\u00bb global_colors_info=\u00bb{}\u00bb custom_padding__hover=\u00bb|||\u00bb][et_pb_team_member name=\u00bbKaren Calfucura Galdames\u00bb position=\u00bbAsistente social &#8211; Encargada\u00bb admin_label=\u00bbPersona encargada: Karen Calfucura\u00bb _builder_version=\u00bb4.23.1&#8243; global_colors_info=\u00bb{}\u00bb]<\/p>\n<p>Correo electr\u00f3nico: <a href=\"mailto:karen.calfucura@upla.cl\">karen.calfucura@upla.cl<\/a><br \/>Tel\u00e9fono: <a href=\"tel:+56322205208\">+56 32 2205208<\/a><\/p>\n<p>[\/et_pb_team_member][\/et_pb_column][\/et_pb_row][\/et_pb_section][et_pb_section fb_built=\u00bb1&#8243; admin_label=\u00bbAccesos\u00bb module_id=\u00bbotros accesos\u00bb _builder_version=\u00bb4.16&#8243; custom_padding=\u00bb0px|0px|1px|0px||\u00bb locked=\u00bboff\u00bb global_colors_info=\u00bb{}\u00bb][et_pb_row use_custom_gutter=\u00bbon\u00bb gutter_width=\u00bb1&#8243; make_equal=\u00bbon\u00bb admin_label=\u00bbrow\u00bb module_class=\u00bb et_pb_row_fullwidth\u00bb _builder_version=\u00bb4.23.1&#8243; width=\u00bb100%\u00bb width_tablet=\u00bb100%\u00bb width_phone=\u00bb\u00bb width_last_edited=\u00bbon|desktop\u00bb max_width=\u00bb100%\u00bb max_width_tablet=\u00bb100%\u00bb max_width_phone=\u00bb\u00bb max_width_last_edited=\u00bbon|desktop\u00bb custom_padding=\u00bb0px|0px|24.2667px|0px\u00bb make_fullwidth=\u00bbon\u00bb global_colors_info=\u00bb{}\u00bb][et_pb_column type=\u00bb4_4&#8243; _builder_version=\u00bb4.23.1&#8243; background_color=\u00bb#009bdb\u00bb custom_padding=\u00bb|||\u00bb border_radii=\u00bboff|15px|15px||\u00bb global_colors_info=\u00bb{}\u00bb custom_padding__hover=\u00bb|||\u00bb][et_pb_cta title=\u00bbACCESOS\u00bb _builder_version=\u00bb4.23.1&#8243; header_font_size=\u00bb20&#8243; background_enable_color=\u00bboff\u00bb background_size=\u00bbinitial\u00bb background_position=\u00bbtop_left\u00bb background_repeat=\u00bbrepeat\u00bb text_orientation=\u00bbleft\u00bb min_height=\u00bb41px\u00bb custom_margin=\u00bb|50px|-24px|50px||true\u00bb custom_padding=\u00bb15px||0px|||\u00bb saved_tabs=\u00bball\u00bb global_colors_info=\u00bb{}\u00bb button_text_size__hover_enabled=\u00bboff\u00bb button_text_size__hover=\u00bbnull\u00bb button_one_text_size__hover_enabled=\u00bboff\u00bb button_one_text_size__hover=\u00bbnull\u00bb button_two_text_size__hover_enabled=\u00bboff\u00bb button_two_text_size__hover=\u00bbnull\u00bb button_text_color__hover_enabled=\u00bboff\u00bb button_text_color__hover=\u00bbnull\u00bb button_one_text_color__hover_enabled=\u00bboff\u00bb button_one_text_color__hover=\u00bbnull\u00bb button_two_text_color__hover_enabled=\u00bboff\u00bb button_two_text_color__hover=\u00bbnull\u00bb button_border_width__hover_enabled=\u00bboff\u00bb button_border_width__hover=\u00bbnull\u00bb button_one_border_width__hover_enabled=\u00bboff\u00bb button_one_border_width__hover=\u00bbnull\u00bb button_two_border_width__hover_enabled=\u00bboff\u00bb button_two_border_width__hover=\u00bbnull\u00bb button_border_color__hover_enabled=\u00bboff\u00bb button_border_color__hover=\u00bbnull\u00bb button_one_border_color__hover_enabled=\u00bboff\u00bb button_one_border_color__hover=\u00bbnull\u00bb button_two_border_color__hover_enabled=\u00bboff\u00bb button_two_border_color__hover=\u00bbnull\u00bb button_border_radius__hover_enabled=\u00bboff\u00bb button_border_radius__hover=\u00bbnull\u00bb button_one_border_radius__hover_enabled=\u00bboff\u00bb button_one_border_radius__hover=\u00bbnull\u00bb button_two_border_radius__hover_enabled=\u00bboff\u00bb button_two_border_radius__hover=\u00bbnull\u00bb button_letter_spacing__hover_enabled=\u00bboff\u00bb button_letter_spacing__hover=\u00bbnull\u00bb button_one_letter_spacing__hover_enabled=\u00bboff\u00bb button_one_letter_spacing__hover=\u00bbnull\u00bb button_two_letter_spacing__hover_enabled=\u00bboff\u00bb button_two_letter_spacing__hover=\u00bbnull\u00bb button_bg_color__hover_enabled=\u00bboff\u00bb button_bg_color__hover=\u00bbnull\u00bb button_one_bg_color__hover_enabled=\u00bboff\u00bb button_one_bg_color__hover=\u00bbnull\u00bb button_two_bg_color__hover_enabled=\u00bboff\u00bb button_two_bg_color__hover=\u00bbnull\u00bb][\/et_pb_cta][\/et_pb_column][\/et_pb_row][et_pb_row column_structure=\u00bb1_4,1_4,1_4,1_4&#8243; _builder_version=\u00bb4.23.1&#8243; background_size=\u00bbinitial\u00bb background_position=\u00bbtop_left\u00bb background_repeat=\u00bbrepeat\u00bb custom_padding=\u00bb0px|0px|17px|0px|false|false\u00bb global_colors_info=\u00bb{}\u00bb][et_pb_column type=\u00bb1_4&#8243; _builder_version=\u00bb4.16&#8243; custom_padding=\u00bb|||\u00bb global_colors_info=\u00bb{}\u00bb custom_padding__hover=\u00bb|||\u00bb][et_pb_text _builder_version=\u00bb4.23.1&#8243; text_font=\u00bbLato||||\u00bb text_text_color=\u00bb#565656&#8243; global_colors_info=\u00bb{}\u00bb]<\/p>\n<ul style=\"list-style-type: disc;\">\n<li><span style=\"color: #565656;\"><a style=\"color: #565656;\" href=\"https:\/\/acceso.upla.cl\/sinte\/Login.aspx?ReturnUrl=%2fsinte%2f\" target=\"_blank\" rel=\"noopener noreferrer nofollow\">Sistema Integrado Institucional<\/a><\/span><\/li>\n<li><span style=\"color: #565656;\"><a style=\"color: #565656;\" href=\"https:\/\/accounts.google.com\/signin\/v2\/identifier?continue=https%3A%2F%2Fmail.google.com%2Fmail%2F&amp;service=mail&amp;hd=alumnos.upla.cl&amp;sacu=1&amp;flowName=GlifWebSignIn&amp;flowEntry=AddSession\" target=\"_blank\" rel=\"noopener noreferrer nofollow\">Correo del Estudiante<\/a><\/span><\/li>\n<li><span style=\"color: #565656;\"><a href=\"http:\/\/www.upla.cl\/\" target=\"_blank\" rel=\"noopener noreferrer\"><span style=\"color: #565656;\">Sitio Web Institucional<\/span><\/a><\/span><\/li>\n<li><span style=\"color: #565656;\"><a style=\"color: #565656;\" href=\"http:\/\/eaula.upla.cl\/moodle\/index.php\" target=\"_blank\" rel=\"noopener noreferrer nofollow\">E-Aula<\/a> <\/span><\/li>\n<li><span style=\"color: #565656;\"><a style=\"color: #565656;\" href=\"https:\/\/acceso.upla.cl\/Contacto_Institucional\/\" target=\"_blank\" rel=\"noopener noreferrer nofollow\">Contacto Institucional<\/a><\/span><span style=\"color: #565656;\"><span style=\"color: #565656;\"><\/span><\/span><\/li>\n<\/ul>\n<p>[\/et_pb_text][\/et_pb_column][et_pb_column type=\u00bb1_4&#8243; _builder_version=\u00bb4.16&#8243; custom_padding=\u00bb|||\u00bb global_colors_info=\u00bb{}\u00bb custom_padding__hover=\u00bb|||\u00bb][et_pb_text _builder_version=\u00bb4.23.1&#8243; text_text_color=\u00bb#565656&#8243; global_colors_info=\u00bb{}\u00bb]<\/p>\n<ul style=\"list-style-type: disc;\">\n<li><span style=\"color: #565656;\"><a style=\"color: #565656;\" href=\"https:\/\/www.upla.cl\/desarrolloestudiantil\/beneficios-estudiantiles-externos\/\" target=\"_blank\" rel=\"noopener noreferrer\">Beneficios<\/a><\/span><\/li>\n<li><span style=\"color: #565656;\"><a style=\"color: #565656;\" href=\"http:\/\/www.upla.cl\/admision\/\" target=\"_blank\" rel=\"noopener noreferrer\">Admisi\u00f3n<\/a><\/span><\/li>\n<li><span style=\"color: #565656;\"><a style=\"color: #565656;\" href=\"http:\/\/www.upla.cl\/postgrado\/\" target=\"_blank\" rel=\"noopener noreferrer\">Postgrado<\/a><\/span><\/li>\n<\/ul>\n<p>[\/et_pb_text][\/et_pb_column][et_pb_column type=\u00bb1_4&#8243; _builder_version=\u00bb4.16&#8243; custom_padding=\u00bb|||\u00bb global_colors_info=\u00bb{}\u00bb custom_padding__hover=\u00bb|||\u00bb][et_pb_text _builder_version=\u00bb4.23.1&#8243; text_text_color=\u00bb#565656&#8243; global_colors_info=\u00bb{}\u00bb]<\/p>\n<ul style=\"list-style-type: disc;\">\n<li><a href=\"http:\/\/www.upla.cl\/gestioncurricular\/\" target=\"_blank\" rel=\"noopener noreferrer\"><span style=\"color: #565656;\">Secretar\u00eda de Estudios<\/span><\/a><\/li>\n<li><span style=\"color: #565656;\"><a style=\"color: #565656;\" href=\"http:\/\/www.upla.cl\/titulosygrados\/\" target=\"_blank\" rel=\"noopener noreferrer\">T\u00edtulos y Grados<\/a><\/span><\/li>\n<li><span style=\"color: #565656;\"><a style=\"color: #565656;\" href=\"http:\/\/sitios.upla.cl\/aranceles\/\" target=\"_blank\" rel=\"noopener noreferrer nofollow\">Aranceles y Cr\u00e9dito<\/a><\/span><\/li>\n<li><span style=\"color: #565656;\"><a style=\"color: #565656;\" href=\"http:\/\/www.upla.cl\/bibliotecas\/\" target=\"_blank\" rel=\"noopener noreferrer\">Sistema de Bibliotecas<\/a><\/span><\/li>\n<\/ul>\n<p>[\/et_pb_text][\/et_pb_column][et_pb_column type=\u00bb1_4&#8243; _builder_version=\u00bb4.16&#8243; custom_padding=\u00bb|||\u00bb global_colors_info=\u00bb{}\u00bb custom_padding__hover=\u00bb|||\u00bb][et_pb_image src=\u00bbhttps:\/\/www.upla.cl\/portada\/wp-content\/uploads\/2025\/03\/20250311_upla_acreditada_2022-2027-color.png\u00bb alt=\u00bbUPLA Acreditada\u00bb title_text=\u00bbUPLA Acreditada\u00bb url=\u00bbhttps:\/\/www.upla.cl\/calidad\/acreditacion\/\u00bb force_fullwidth=\u00bbon\u00bb align_tablet=\u00bbcenter\u00bb align_phone=\u00bb\u00bb align_last_edited=\u00bbon|desktop\u00bb admin_label=\u00bbHeader admisi\u00f3n Upla: acreditaci\u00f3n\u00bb _builder_version=\u00bb4.27.4&#8243; hover_enabled=\u00bb0&#8243; global_colors_info=\u00bb{}\u00bb url_new_window=\u00bbon\u00bb sticky_enabled=\u00bb0&#8243;]<\/p>\n<p>\u00a0<\/p>\n<p>[\/et_pb_image][\/et_pb_column][\/et_pb_row][\/et_pb_section]<\/p>\n","protected":false},"excerpt":{"rendered":"<p>L\u00ednea de Alimentaci\u00f3n Saludable Esta l\u00ednea se orienta a promover un estilo de vida saludable, a trav\u00e9s de la educaci\u00f3n de buenos h\u00e1bitos alimenticios en la comunidad universitaria. Para ello, se coordinan acciones con instituciones p\u00fablicas, red salud y carreras afines de la Universidad de Playa Ancha, se identifican factores de riesgos alimentarios en estudiantes [&hellip;]<\/p>\n","protected":false},"author":1,"featured_media":105128,"parent":0,"menu_order":6,"comment_status":"closed","ping_status":"closed","template":"","meta":{"_et_pb_use_builder":"on","_et_pb_old_content":"","_et_gb_content_width":"","footnotes":""},"class_list":["post-67","page","type-page","status-publish","has-post-thumbnail","hentry"],"_links":{"self":[{"href":"https:\/\/www.upla.cl\/desarrolloestudiantil\/wp-json\/wp\/v2\/pages\/67","targetHints":{"allow":["GET"]}}],"collection":[{"href":"https:\/\/www.upla.cl\/desarrolloestudiantil\/wp-json\/wp\/v2\/pages"}],"about":[{"href":"https:\/\/www.upla.cl\/desarrolloestudiantil\/wp-json\/wp\/v2\/types\/page"}],"author":[{"embeddable":true,"href":"https:\/\/www.upla.cl\/desarrolloestudiantil\/wp-json\/wp\/v2\/users\/1"}],"replies":[{"embeddable":true,"href":"https:\/\/www.upla.cl\/desarrolloestudiantil\/wp-json\/wp\/v2\/comments?post=67"}],"version-history":[{"count":0,"href":"https:\/\/www.upla.cl\/desarrolloestudiantil\/wp-json\/wp\/v2\/pages\/67\/revisions"}],"wp:featuredmedia":[{"embeddable":true,"href":"https:\/\/www.upla.cl\/desarrolloestudiantil\/wp-json\/wp\/v2\/media\/105128"}],"wp:attachment":[{"href":"https:\/\/www.upla.cl\/desarrolloestudiantil\/wp-json\/wp\/v2\/media?parent=67"}],"curies":[{"name":"wp","href":"https:\/\/api.w.org\/{rel}","templated":true}]}}