{"id":63,"date":"2018-05-08T12:53:28","date_gmt":"2018-05-08T15:53:28","guid":{"rendered":"http:\/\/www.upla.cl\/desarrolloestudiantil\/?page_id=63"},"modified":"2025-03-19T17:53:54","modified_gmt":"2025-03-19T20:53:54","slug":"beneficios-estudiantiles-upla","status":"publish","type":"page","link":"https:\/\/www.upla.cl\/desarrolloestudiantil\/beneficios-estudiantiles-upla\/","title":{"rendered":"Beneficios Estudiantiles UPLA"},"content":{"rendered":"<p>[et_pb_section fb_built=\u00bb1&#8243; fullwidth=\u00bbon\u00bb _builder_version=\u00bb4.16&#8243; background_color=\u00bb#bcbcbc\u00bb background_image=\u00bbhttps:\/\/www.upla.cl\/desarrolloestudiantil\/wp-content\/uploads\/2018\/06\/casacentral.png\u00bb background_blend=\u00bbmultiply\u00bb custom_padding=\u00bb0px|0px|110px|0px|false|false\u00bb global_colors_info=\u00bb{}\u00bb][et_pb_fullwidth_post_title meta=\u00bboff\u00bb featured_image=\u00bboff\u00bb text_color=\u00bblight\u00bb _builder_version=\u00bb4.16&#8243; title_font_size=\u00bb28px\u00bb background_size=\u00bbinitial\u00bb background_position=\u00bbtop_left\u00bb background_repeat=\u00bbrepeat\u00bb global_colors_info=\u00bb{}\u00bb]<br \/>\n[\/et_pb_fullwidth_post_title][\/et_pb_section][et_pb_section fb_built=\u00bb1&#8243; _builder_version=\u00bb4.23.1&#8243; background_color=\u00bbRGBA(255,255,255,0)\u00bb custom_padding=\u00bb55px|0px|16.796875px|0px|false|false\u00bb border_color_bottom=\u00bb#009bdb\u00bb border_style_bottom=\u00bbdashed\u00bb global_colors_info=\u00bb{}\u00bb][et_pb_row _builder_version=\u00bb4.16&#8243; background_size=\u00bbinitial\u00bb background_position=\u00bbtop_left\u00bb background_repeat=\u00bbrepeat\u00bb global_colors_info=\u00bb{}\u00bb][et_pb_column type=\u00bb4_4&#8243; _builder_version=\u00bb4.16&#8243; custom_padding=\u00bb|||\u00bb global_colors_info=\u00bb{}\u00bb custom_padding__hover=\u00bb|||\u00bb][et_pb_text admin_label=\u00bbT\u00edtulo Seguro de accidente escolar\u00bb _builder_version=\u00bb4.16&#8243; global_colors_info=\u00bb{}\u00bb]<\/p>\n<h2>Seguros de Accidente Escolar (Instructivos)\u00a0<\/h2>\n<p>&nbsp;<\/p>\n<p>[\/et_pb_text][\/et_pb_column][\/et_pb_row][et_pb_row column_structure=\u00bb2_3,1_3&#8243; _builder_version=\u00bb4.16&#8243; background_size=\u00bbinitial\u00bb background_position=\u00bbtop_left\u00bb background_repeat=\u00bbrepeat\u00bb custom_padding=\u00bb0px|0px|16px|0px|false|false\u00bb global_colors_info=\u00bb{}\u00bb][et_pb_column type=\u00bb2_3&#8243; _builder_version=\u00bb4.16&#8243; custom_padding=\u00bb|||\u00bb global_colors_info=\u00bb{}\u00bb custom_padding__hover=\u00bb|||\u00bb][et_pb_toggle title=\u00bbEstudiantes Pregrado e Instituto Tecnol\u00f3gico UPLA (diurnos y vespertinos)\u00bb open_toggle_text_color=\u00bb#009bdb\u00bb open_toggle_background_color=\u00bb#FFFFFF\u00bb closed_toggle_background_color=\u00bb#FFFFFF\u00bb icon_color=\u00bb#009bdb\u00bb open_icon_color=\u00bb#009bdb\u00bb admin_label=\u00bbConmutador beca de salud\u00bb _builder_version=\u00bb4.23.1&#8243; title_level=\u00bbh4&#8243; body_line_height=\u00bb1.3em\u00bb border_radii=\u00bbon|15px|15px|15px|15px\u00bb border_color_all=\u00bb#009bdb\u00bb border_style_all=\u00bboutset\u00bb global_colors_info=\u00bb{}\u00bb]<\/p>\n<p><strong>1.- SEGURO DE ACCIDENTES ESTATAL<\/strong><\/p>\n<p><strong>\u00a0<\/strong>El art\u00edculo 3\u00ba de la Ley N\u00ba 16.744, establece lo siguiente: estar\u00e1n protegidos por el Seguro Escolar todos los y las estudiantes que sufran alg\u00fan tipo de accidente a causa o con ocasi\u00f3n de sus estudios o en la realizaci\u00f3n de su pr\u00e1ctica profesional.<\/p>\n<p>A su vez, las y los estudiantes del \u00e1rea de la salud que desarrollan su pr\u00e1ctica profesional u otras actividades acad\u00e9micas en centros de atenci\u00f3n m\u00e9dica, se encuentran mayormente expuestos y expuestas a contagio de COVID-19. Por ello, en atenci\u00f3n al alto riesgo, el seguro operar\u00e1 en caso de contagios y s\u00f3lo para estos efectos como un accidente, \u00fanicamente durante su pr\u00e1ctica profesional u otras actividades acad\u00e9micas en dichos centros de atenci\u00f3n m\u00e9dica.<\/p>\n<p><strong>1.1.- Accidentes en trayecto<\/strong><\/p>\n<p>En caso de accidente por traslado desde el domicilio a la universidad o al lugar de pr\u00e1ctica profesional (o viceversa), el o la estudiante estar\u00e1 cubierto por el Seguro Escolar Estatal, el cual le permitir\u00e1 ser atendido o atendida en cualquier establecimiento del Sistema de Salud P\u00fablica de forma gratuita. Tambi\u00e9n, tendr\u00e1 la opci\u00f3n de hacer valer el Seguro Obligatorio de Accidentes Personales (SOAP), exigido por la Ley de Tr\u00e1nsito a todos los veh\u00edculos motorizados del pa\u00eds, y que entrega cobertura a quien conduce, a sus pasajeros y a cualquier otra persona (transe\u00fante o ciclista) que se vea involucrada en un accidente de tr\u00e1nsito.<\/p>\n<p>El o la estudiante se debe trasladar al hospital m\u00e1s cercano y avisar a su director o directora de carrera, quien se contactar\u00e1 con la asistente social encargada del seguro para que remita digitalmente el formulario de denuncio de accidentes para presentar en el recinto hospitalario.<\/p>\n<p><strong>1.2.- Accidentes en la Universidad<\/strong><\/p>\n<p>Si el accidente ocurre al interior de la Universidad, en cualquiera de sus campus o sedes, debe dirigirse al Centro Universitaria para la Salud y el Bienestar (CUSABI), donde ser\u00e1 atendido por el m\u00e9dico de turno, quien, si as\u00ed lo estima necesario, le derivar\u00e1 (seg\u00fan la gravedad) al Servicio de Urgencia del Hospital estatal m\u00e1s cercano. Para ello, en el tercer piso del Edificio Institucional (Av. Guillermo Gonz\u00e1lez de Hontaneda 855), se otorgar\u00e1 el formulario de denuncio respectivo que debe presentar en el centro de salud.<\/p>\n<p><strong>1.3- C\u00f3mo opera<\/strong><\/p>\n<p>Este seguro se encuentra vigente para todos y todas las estudiantes de la Universidad y opera s\u00f3lo con entidades estatales, ya sea Cesfam u Hospitales en todo el territorio nacional, y no tiene l\u00edmite de cobertura. S\u00f3lo basta que se produzca un accidente para que se active mediante la derivaci\u00f3n de parte de la casa de estudios. Es importante se\u00f1alar que el o la estudiante siempre debe dar aviso a su director o directora de carrera, quien notificar\u00e1 la situaci\u00f3n a la encargada del seguro.<\/p>\n<p>&nbsp;<\/p>\n<p><strong>2.- <\/strong><b>SEGURO DE ACCIDENTES CONTRATADO CON COMPA\u00d1\u00cdA DE SEGUROS<\/b><\/p>\n<p><span style=\"font-weight: 400;\">Este seguro cubre las carreras de alto riesgo f\u00edsico, adem\u00e1s de pr\u00e1cticas deportivas, tempranas o profesionales que realicen las y los estudiantes de la Universidad.<\/span><\/p>\n<p><span style=\"font-weight: 400;\">La p\u00f3liza de seguro actualmente opera con la compa\u00f1\u00eda <\/span><b>HDI <\/b><span style=\"font-weight: 400;\">y cubre<strong> 100 Unidades de Fomento<\/strong> <strong>(UF)<\/strong> anuales.<\/span><\/p>\n<p><span style=\"font-weight: 400;\">Para la atenci\u00f3n del estudiante accidentado o accidentada, existe un convenio con <\/span><b>RedSalud Valpara\u00edso<\/b><span style=\"font-weight: 400;\"> (ex Cl\u00ednica Valpara\u00edso).<\/span><\/p>\n<p><b>\u00bfQu\u00e9 se entiende por accidente seg\u00fan lo definido por las Compa\u00f1\u00edas de Seguros?<\/b><\/p>\n<p><span style=\"font-weight: 400;\">Se entiende por accidente todo suceso imprevisto, involuntario, repentino y fortuito causado por medios externos que afectan en su organismo al asegurado o asegurada, tales como: <em>lesiones corporales causadas por ahogamiento y asfixia, heridas de armas de fuego, dilaceraciones, quemaduras de cualquier especie, estados septic\u00e9micos, torceduras y desgarramientos por esfuerzos repentinos, infecciones a causa de heridas externas e involuntarias, fracturas, luxaciones, cortaduras, golpes y ca\u00eddas.<\/em><\/span><\/p>\n<p><b>\u00bfQu\u00e9 se entiende por enfermedad, seg\u00fan lo definido por las Compa\u00f1\u00edas de Seguros?<\/b><\/p>\n<p><span style=\"font-weight: 400;\">Enfermedad es una alteraci\u00f3n leve o grave del funcionamiento normal de un organismo o de alguna de sus partes, debido a una causa interna o externa, es decir: <\/span><em><span style=\"font-weight: 400;\">afecciones mentales como la depresi\u00f3n, ansiedad, crisis de p\u00e1nico, etc.; o asma, c\u00e1ncer, diabetes, cardiopat\u00edas, hipertensi\u00f3n arterial, entre otras.<\/span><\/em><\/p>\n<p><span style=\"font-weight: 400;\">En caso que un o una estudiante presente s\u00edntomas como desmayos, descompensaciones, crisis nerviosas, entre otras, debido a una enfermedad que padece, debe ser trasladado o trasladada al servicio de emergencia del hospital estatal m\u00e1s cercano y hacer uso de su previsi\u00f3n de salud, ya que <\/span><b>s\u00f3lo existe un seguro de accidentes y no un seguro de salud.<\/b><\/p>\n<p><span style=\"font-weight: 400;\">En caso de requerir ser trasladado o trasladada, se debe llamar la <\/span><b>ambulancia al 131<\/b><span style=\"font-weight: 400;\">, o se debe consultar al <\/span><b>director de Operaciones de la Universidad de Playa Ancha <\/b><b>(<\/b><b>+56 32 2205871)<\/b><b>,<\/b><span style=\"font-weight: 400;\"> si existe la posibilidad de ser trasladado o trasladada en un veh\u00edculo institucional, siempre y cuando <strong>no sea un caso de gravedad<\/strong>, donde necesariamente se requiera de una ambulancia.\u00a0<\/span><\/p>\n<p><span style=\"font-weight: 400;\"><\/span><\/p>\n<p><b>El protocolo establecido para hacer uso del seguro, es el siguiente<\/b><span style=\"font-weight: 400;\">:<\/span><\/p>\n<p><span style=\"font-weight: 400;\">1.-<strong> En caso de sufrir un accidente<\/strong>, el o la estudiante <\/span><span style=\"font-weight: 400;\">(o su acompa\u00f1ante),<\/span><span style=\"font-weight: 400;\"> debe notificar a su director o directora de carrera en caso.<\/span><\/p>\n<p><span style=\"font-weight: 400;\">2.- El director o directora se comunicar\u00e1 con la asistente social encargada del seguro y le entregar\u00e1 los datos del o de la estudiante, para ser contactado o contactada por ella.\u00a0<\/span><\/p>\n<ul>\n<li style=\"font-weight: 400;\" aria-level=\"1\"><span style=\"font-weight: 400;\">Si el <\/span><b>accidente ocurre en la universidad<\/b><span style=\"font-weight: 400;\">, debe acudir o ser llevado al Centro Universitario para la Salud y el Bienestar (Cusabi), donde se le brindar\u00e1 atenci\u00f3n. <\/span><span style=\"font-weight: 400;\">Si es necesario que le atienda un o una especialista, se le derivar\u00e1 a <\/span><b>RedSalud Valpara\u00edso<\/b><span style=\"font-weight: 400;\"> (ex Cl\u00ednica Valpara\u00edso), con el <\/span><b>formulario de denuncio<\/b><span style=\"font-weight: 400;\"> que debe presentar en la cl\u00ednica.\u00a0<\/span><\/li>\n<\/ul>\n<ul>\n<li style=\"font-weight: 400;\" aria-level=\"1\"><span style=\"font-weight: 400;\">Si el <\/span><b>accidente ocurre fuera de los recintos universitarios<\/b><span style=\"font-weight: 400;\">, debe dirigirse directamente a la cl\u00ednica y, a la vez, avisarle a su director o directora de carrera, quien se comunicar\u00e1 con la asistente social para contactarlo o contactarla y completar el formulario denuncio.<\/span><\/li>\n<\/ul>\n<p><span style=\"font-weight: 400;\">3.- <\/span><b>RedSalud Valpara\u00edso<\/b><span style=\"font-weight: 400;\"> (ex Cl\u00ednica Valpara\u00edso), cuenta con una n\u00f3mina de estudiantes UPLA asegurados o aseguradas, por lo que las y los alumnos que acudan directamente, ser\u00e1n atendidos de inmediato.<\/span><\/p>\n<p><span style=\"font-weight: 400;\"><strong>Importante:<\/strong> en caso de que en ese instante no cuente con el formulario de denuncio, el accidentado o accidentada deber\u00e1 firmar un pagar\u00e9, mientras regulariza el formulario de denuncio del accidente, el cual se debe completar tras ser contactado o contactada desde la Direcci\u00f3n General de Desarrollo Estudiantil (DGDE).<\/span><\/p>\n<p><span style=\"font-weight: 400;\">4.- Este formulario de denuncio firmado y timbrado por la DGDE<\/span><span style=\"font-weight: 400;\">, <\/span><span style=\"font-weight: 400;\">debe ser presentado en la cl\u00ednica para que le devuelvan el pagar\u00e9.<\/span><\/p>\n<p><b>Practicantes en regiones<\/b><\/p>\n<p><span style=\"font-weight: 400;\">Si el o la estudiante realiza su <\/span><b>pr\u00e1ctica en regiones<\/b><span style=\"font-weight: 400;\"> y sufre un accidente en el centro de pr\u00e1ctica o en el trayecto, deber\u00e1 hacer uso del <\/span><b>Seguro de Accidente Estatal<\/b><span style=\"font-weight: 400;\">, dado que la Universidad de Playa Ancha no posee convenios con cl\u00ednicas fuera de la ciudad de Valpara\u00edso.\u00a0<\/span><\/p>\n<p><span style=\"font-weight: 400;\">Sin embargo, si desea atenderse de forma particular haciendo uso de su previsi\u00f3n, los gastos ser\u00e1n reembolsados hasta un m\u00e1ximo de 100 UF anuales, por lo que de debe comunicarse de forma urgente con el coordinador o coordinadora de pr\u00e1ctica, quien informar\u00e1 lo sucedido a la asistente social encargada del seguro, con la finalidad de contactar al o a la estudiante para completar el el formulario de denuncio.<\/span><\/p>\n<p>&nbsp;<\/p>\n<p>[\/et_pb_toggle][et_pb_toggle title=\u00bbEstudiantes Postgrado\u00bb open_toggle_text_color=\u00bb#009bdb\u00bb open_toggle_background_color=\u00bb#FFFFFF\u00bb closed_toggle_background_color=\u00bb#FFFFFF\u00bb icon_color=\u00bb#009bdb\u00bb open_icon_color=\u00bb#009bdb\u00bb admin_label=\u00bbConmutador beca de salud\u00bb _builder_version=\u00bb4.23.1&#8243; title_level=\u00bbh4&#8243; body_line_height=\u00bb1.3em\u00bb border_radii=\u00bbon|15px|15px|15px|15px\u00bb border_color_all=\u00bb#009bdb\u00bb border_style_all=\u00bboutset\u00bb global_colors_info=\u00bb{}\u00bb]<\/p>\n<p>S\u00f3lo tienen derecho al Seguro de Accidente Estatal.<\/p>\n<p>[\/et_pb_toggle][\/et_pb_column][et_pb_column type=\u00bb1_3&#8243; _builder_version=\u00bb4.16&#8243; custom_padding=\u00bb|||\u00bb global_colors_info=\u00bb{}\u00bb custom_padding__hover=\u00bb|||\u00bb][et_pb_team_member name=\u00bbHilda Patricia Correa Araneda\u00bb position=\u00bbAsistente social &#8211; Encargada\u00bb admin_label=\u00bbPersona encargada: Hilda Patricia Correa Araneda\u00bb _builder_version=\u00bb4.23.1&#8243; global_colors_info=\u00bb{}\u00bb]Tel\u00e9fono: <a href=\"tel:+56322205207\">+56 32 2205207<\/a><br \/>\nCorreo electr\u00f3nico:\u00a0<a href=\"mailto:hcorrea@upla.cl\">hcorrea@upla.cl<\/a>[\/et_pb_team_member][\/et_pb_column][\/et_pb_row][\/et_pb_section][et_pb_section fb_built=\u00bb1&#8243; _builder_version=\u00bb4.16&#8243; custom_padding=\u00bb30px|0px|16.796875px|0px|false|false\u00bb global_colors_info=\u00bb{}\u00bb][et_pb_row column_structure=\u00bb2_3,1_3&#8243; _builder_version=\u00bb4.16&#8243; background_size=\u00bbinitial\u00bb background_position=\u00bbtop_left\u00bb background_repeat=\u00bbrepeat\u00bb custom_padding=\u00bb0px|0px|16px|0px|false|false\u00bb global_colors_info=\u00bb{}\u00bb][et_pb_column type=\u00bb2_3&#8243; _builder_version=\u00bb4.16&#8243; custom_padding=\u00bb|||\u00bb global_colors_info=\u00bb{}\u00bb custom_padding__hover=\u00bb|||\u00bb][et_pb_text admin_label=\u00bbT\u00edtulo Seguro de accidente escolar\u00bb _builder_version=\u00bb4.23.1&#8243; global_colors_info=\u00bb{}\u00bb]<\/p>\n<h2>Pr\u00e9stamos de Urgencia<\/h2>\n<p>&nbsp;<\/p>\n<p>[\/et_pb_text][et_pb_toggle title=\u00bbDescripci\u00f3n\u00bb open=\u00bbon\u00bb open_toggle_text_color=\u00bb#009bdb\u00bb open_toggle_background_color=\u00bb#FFFFFF\u00bb closed_toggle_background_color=\u00bb#FFFFFF\u00bb icon_color=\u00bb#009bdb\u00bb open_icon_color=\u00bb#009bdb\u00bb admin_label=\u00bbConmutador beca de salud\u00bb _builder_version=\u00bb4.23.1&#8243; title_text_color=\u00bb#565656&#8243; title_level=\u00bbh4&#8243; body_line_height=\u00bb1.3em\u00bb border_radii=\u00bbon|15px|15px|15px|15px\u00bb border_color_all=\u00bb#009bdb\u00bb border_style_all=\u00bboutset\u00bb global_colors_info=\u00bb{}\u00bb]<\/p>\n<p>La Universidad de Playa Ancha tiene a disposici\u00f3n de todos sus estudiantes la posibilidad de acceder a una ayuda econ\u00f3mica monetaria cuando se encuentren en una situaci\u00f3n de dificultad de esta \u00edndole durante el a\u00f1o acad\u00e9mico.<\/p>\n<p>[\/et_pb_toggle][et_pb_toggle title=\u00bbCausales\u00bb open_toggle_text_color=\u00bb#009bdb\u00bb open_toggle_background_color=\u00bb#FFFFFF\u00bb closed_toggle_background_color=\u00bb#FFFFFF\u00bb icon_color=\u00bb#009bdb\u00bb open_icon_color=\u00bb#009bdb\u00bb admin_label=\u00bbConmutador beca de salud\u00bb _builder_version=\u00bb4.23.1&#8243; title_text_color=\u00bb#565656&#8243; title_level=\u00bbh4&#8243; body_line_height=\u00bb1.3em\u00bb custom_padding=\u00bb20px|||||\u00bb border_radii=\u00bbon|15px|15px|15px|15px\u00bb border_color_all=\u00bb#009bdb\u00bb border_style_all=\u00bboutset\u00bb global_colors_info=\u00bb{}\u00bb]<\/p>\n<p>El estudiante podr\u00e1 acceder a esta prestaci\u00f3n si cumple con las siguientes causales:<\/p>\n<ol>\n<li>Situaci\u00f3n de salud del alumno y\/o un integrante de su grupo familiar.<\/li>\n<li>Dificultades para cancelar el alojamiento del alumno.<\/li>\n<li>Cualquier otra dificultad de car\u00e1cter socioecon\u00f3mico complejo.<\/li>\n<li>Se excluye pr\u00e9stamo para matr\u00edcula o pago de arancel.<\/li>\n<\/ol>\n<p>Cabe destacar que todas las causales presentadas estar\u00e1n sujetas a previa evaluaci\u00f3n. Para acceder a la solicitud del pr\u00e9stamo, debe solicitar una hora de entrevista con la asistente social a cargo del programa, quien le guiar\u00e1 y orientar\u00e1 para la tramitaci\u00f3n de la ayuda. En la entrevista deber\u00e1 presentar una carta dirigida al director general de Desarrollo Estudiantil, Gregorio Silva D\u00edaz, explicando el motivo de su solicitud.<\/p>\n<p>[\/et_pb_toggle][\/et_pb_column][et_pb_column type=\u00bb1_3&#8243; _builder_version=\u00bb4.16&#8243; custom_padding=\u00bb|||\u00bb global_colors_info=\u00bb{}\u00bb custom_padding__hover=\u00bb|||\u00bb][et_pb_team_member name=\u00bbMar\u00eda Pilar Silva Ortiz\u00bb position=\u00bbAsistente social &#8211; Encargada\u00bb admin_label=\u00bbPersona encargada: Karen Calfucura\u00bb _builder_version=\u00bb4.23.1&#8243; global_colors_info=\u00bb{}\u00bb]<span style=\"font-size: 14px;\">Tel\u00e9fono: <\/span><a style=\"font-size: 14px;\" href=\"tel:+56322205139\">+56 32 2205139<\/a> <span style=\"font-size: 14px;\"><br \/>\nCorreo electr\u00f3nico: <\/span><a style=\"font-size: 14px;\" href=\"mailto:karen.calfucura@upla.cl\">pilar.silva@upla.cl<\/a><span style=\"font-size: 14px;\">\u00a0<\/span>[\/et_pb_team_member][\/et_pb_column][\/et_pb_row][\/et_pb_section][et_pb_section fb_built=\u00bb1&#8243; _builder_version=\u00bb4.16&#8243; custom_padding=\u00bb30px|0px|16.796875px|0px|false|false\u00bb global_colors_info=\u00bb{}\u00bb][et_pb_row column_structure=\u00bb2_3,1_3&#8243; _builder_version=\u00bb4.16&#8243; background_size=\u00bbinitial\u00bb background_position=\u00bbtop_left\u00bb background_repeat=\u00bbrepeat\u00bb custom_padding=\u00bb0px|0px|17px|0px|false|false\u00bb global_colors_info=\u00bb{}\u00bb][et_pb_column type=\u00bb2_3&#8243; _builder_version=\u00bb4.16&#8243; custom_padding=\u00bb|||\u00bb global_colors_info=\u00bb{}\u00bb custom_padding__hover=\u00bb|||\u00bb][et_pb_text admin_label=\u00bbT\u00edtulo Seguro de accidente escolar\u00bb _builder_version=\u00bb4.23.1&#8243; global_colors_info=\u00bb{}\u00bb]<\/p>\n<h2>Beca Jard\u00edn Infantil (Colmenita y Hormoguitas de Aconcagua)<\/h2>\n<p>&nbsp;<\/p>\n<p>[\/et_pb_text][et_pb_toggle title=\u00bbDescripci\u00f3n\u00bb open=\u00bbon\u00bb open_toggle_text_color=\u00bb#009bdb\u00bb open_toggle_background_color=\u00bb#FFFFFF\u00bb closed_toggle_background_color=\u00bb#FFFFFF\u00bb icon_color=\u00bb#009bdb\u00bb open_icon_color=\u00bb#009bdb\u00bb admin_label=\u00bbConmutador beca de salud\u00bb _builder_version=\u00bb4.23.1&#8243; title_text_color=\u00bb#565656&#8243; title_level=\u00bbh4&#8243; body_line_height=\u00bb1.3em\u00bb border_radii=\u00bbon|15px|15px|15px|15px\u00bb border_color_all=\u00bb#009bdb\u00bb border_style_all=\u00bboutset\u00bb global_colors_info=\u00bb{}\u00bb]<\/p>\n<p>Beneficio destinado a otorgar atenci\u00f3n profesional y t\u00e9cnica del \u00e1rea de la Educaci\u00f3n Parvularia, para el cuidado y desarrollo de los ni\u00f1os y ni\u00f1as. Se encuentra dirigido a madres y padres estudiantes, que cumplen con los requisitos estipulados por Junji e Integra.<\/p>\n<p>En Valpara\u00edso, a trav\u00e9s del <strong>Jard\u00edn Infantil Colmenita<\/strong> (en convenio con Junji), se apoya a los y las estudiantes que son padres y madres; mientras que en el campus San Felipe, privilegiando su cercan\u00eda, se han realizado coordinaciones con el <strong>Jard\u00edn Infantil Hormiguitas de Aconcagua<\/strong>, perteneciente a la Fundaci\u00f3n Integra.<\/p>\n<p>&nbsp;<\/p>\n<p>[\/et_pb_toggle][et_pb_toggle title=\u00bbRequisitos\u00bb open_toggle_text_color=\u00bb#009bdb\u00bb open_toggle_background_color=\u00bb#FFFFFF\u00bb closed_toggle_background_color=\u00bb#FFFFFF\u00bb icon_color=\u00bb#009bdb\u00bb open_icon_color=\u00bb#009bdb\u00bb admin_label=\u00bbConmutador beca de salud\u00bb _builder_version=\u00bb4.23.1&#8243; title_text_color=\u00bb#565656&#8243; title_level=\u00bbh4&#8243; body_line_height=\u00bb1.3em\u00bb border_radii=\u00bbon|15px|15px|15px|15px\u00bb border_color_all=\u00bb#009bdb\u00bb border_style_all=\u00bboutset\u00bb global_colors_info=\u00bb{}\u00bb]<\/p>\n<p>El hijo o hija debe tener entre ochenta y cinco d\u00edas y cuatro a\u00f1os con once meses de vida (al 31 de marzo de cada a\u00f1o).<br \/>Ser estudiante regular de la Universidad de Playa Ancha.<br \/>Poseer Registro Social de Hogares actualizado a la fecha de postulaci\u00f3n. Presentar la cartola del\u00a0Registro Social de Hogares.<br \/>Certificado de Nacimiento del ni\u00f1o o ni\u00f1a. Debe tomarse en cuenta que las estudiantes embarazadas e interesadas en postular, deben acudir una vez que haya nacido su hijo o hija, pues se requiere el n\u00famero de RUT del beb\u00e9 para la inscripci\u00f3n.<br \/>Poseer registro de vacunas al d\u00eda del ni\u00f1o o ni\u00f1a que postula.<\/p>\n<p>Los cupos est\u00e1n sujetos a disponibilidad de vacantes.<\/p>\n<p>Para consultas y postulaciones contactar a:<\/p>\n<p><strong>Campus Valpara\u00edso e Independencia<\/strong><br \/>Karen Morales, asistente social.<br \/>Correo:\u00a0<a href=\"mailto:karen.morales@upla.cl\" target=\"_blank\" rel=\"noopener\">karen.morales@upla.cl<\/a><\/p>\n<p><strong>Campus San Felipe:<\/strong><br \/>Karina G\u00f3mez, coordinadora de Desarrollo Estudiantil (San Felipe).<br \/>Correo: <a href=\"mailto:karina.gomez@upla.cl.\" target=\"_blank\" rel=\"noopener\">karina.gomez@upla.cl<\/a><\/p>\n<p>[\/et_pb_toggle][\/et_pb_column][et_pb_column type=\u00bb1_3&#8243; _builder_version=\u00bb4.16&#8243; custom_padding=\u00bb|||\u00bb global_colors_info=\u00bb{}\u00bb custom_padding__hover=\u00bb|||\u00bb][et_pb_team_member name=\u00bbMar\u00eda Pilar Silva Ortiz\u00bb position=\u00bbAsistente social &#8211; Encargada\u00bb admin_label=\u00bbPersona encargada: Karen Calfucura\u00bb _builder_version=\u00bb4.23.1&#8243; global_colors_info=\u00bb{}\u00bb]<span style=\"font-size: 14px;\">Tel\u00e9fono: <\/span><a style=\"font-size: 14px;\" href=\"tel:+56322205139\">+56 32 2205139<\/a> <span style=\"font-size: 14px;\"><br \/>\nCorreo electr\u00f3nico: <\/span><a style=\"font-size: 14px;\" href=\"mailto:karen.calfucura@upla.cl\">pilar.silva@upla.cl<\/a><span style=\"font-size: 14px;\">\u00a0<\/span>[\/et_pb_team_member][et_pb_image src=\u00bbhttps:\/\/www.upla.cl\/desarrolloestudiantil\/wp-content\/uploads\/2023\/11\/20231113_logojunji.png\u00bb title_text=\u00bb20231113_logojunji\u00bb url=\u00bbhttps:\/\/www.junji.gob.cl\/\u00bb url_new_window=\u00bbon\u00bb _builder_version=\u00bb4.23.1&#8243; _module_preset=\u00bbdefault\u00bb width=\u00bb50%\u00bb module_alignment=\u00bbleft\u00bb global_colors_info=\u00bb{}\u00bb][\/et_pb_image][et_pb_team_member name=\u00bbKarina G\u00f3mez Zuloaga\u00bb position=\u00bbDirectora de Desarrollo Estudiantil San Felipe \u2013 Jard\u00edn Infantil Hormiguitas de Aconcagua (INTEGRA)\u00bb admin_label=\u00bbPersona encargada: Karen Calfucura\u00bb _builder_version=\u00bb4.27.0&#8243; global_colors_info=\u00bb{}\u00bb]<\/p>\n<p>Correo electr\u00f3nico: <a href=\"mailto:karina.gomez@upla.cl\" target=\"_blank\" rel=\"noopener\" title=\"Enviar correo a Karina G\u00f3mez\">karina.gomez@upla.cl<\/a><\/p>\n<p>[\/et_pb_team_member][et_pb_image src=\u00bbhttps:\/\/www.upla.cl\/desarrolloestudiantil\/wp-content\/uploads\/2023\/11\/20231113_logointegra.png\u00bb title_text=\u00bb20231113_logointegra\u00bb url=\u00bbhttp:\/\/www.integra.cl\/\u00bb url_new_window=\u00bbon\u00bb _builder_version=\u00bb4.23.1&#8243; _module_preset=\u00bbdefault\u00bb width=\u00bb80%\u00bb module_alignment=\u00bbleft\u00bb global_colors_info=\u00bb{}\u00bb][\/et_pb_image][\/et_pb_column][\/et_pb_row][\/et_pb_section][et_pb_section fb_built=\u00bb1&#8243; admin_label=\u00bbAccesos\u00bb module_id=\u00bbotros accesos\u00bb _builder_version=\u00bb4.16&#8243; custom_padding=\u00bb0px|0px|1px|0px||\u00bb global_colors_info=\u00bb{}\u00bb][et_pb_row use_custom_gutter=\u00bbon\u00bb gutter_width=\u00bb1&#8243; make_equal=\u00bbon\u00bb admin_label=\u00bbrow\u00bb module_class=\u00bb et_pb_row_fullwidth\u00bb _builder_version=\u00bb4.23.1&#8243; width=\u00bb100%\u00bb width_tablet=\u00bb100%\u00bb width_phone=\u00bb\u00bb width_last_edited=\u00bbon|desktop\u00bb max_width=\u00bb100%\u00bb max_width_tablet=\u00bb100%\u00bb max_width_phone=\u00bb\u00bb max_width_last_edited=\u00bbon|desktop\u00bb custom_padding=\u00bb0px|0px|24.2667px|0px\u00bb make_fullwidth=\u00bbon\u00bb global_colors_info=\u00bb{}\u00bb][et_pb_column type=\u00bb4_4&#8243; _builder_version=\u00bb4.23.1&#8243; background_color=\u00bb#009bdb\u00bb custom_padding=\u00bb|||\u00bb border_radii=\u00bboff|15px|15px||\u00bb global_colors_info=\u00bb{}\u00bb custom_padding__hover=\u00bb|||\u00bb][et_pb_cta title=\u00bbACCESOS\u00bb _builder_version=\u00bb4.23.1&#8243; header_font_size=\u00bb20&#8243; background_enable_color=\u00bboff\u00bb background_size=\u00bbinitial\u00bb background_position=\u00bbtop_left\u00bb background_repeat=\u00bbrepeat\u00bb text_orientation=\u00bbleft\u00bb min_height=\u00bb41px\u00bb custom_margin=\u00bb|50px|-24px|50px||true\u00bb custom_padding=\u00bb15px||0px|||\u00bb saved_tabs=\u00bball\u00bb global_colors_info=\u00bb{}\u00bb button_text_size__hover_enabled=\u00bboff\u00bb button_text_size__hover=\u00bbnull\u00bb button_one_text_size__hover_enabled=\u00bboff\u00bb button_one_text_size__hover=\u00bbnull\u00bb button_two_text_size__hover_enabled=\u00bboff\u00bb button_two_text_size__hover=\u00bbnull\u00bb button_text_color__hover_enabled=\u00bboff\u00bb button_text_color__hover=\u00bbnull\u00bb button_one_text_color__hover_enabled=\u00bboff\u00bb button_one_text_color__hover=\u00bbnull\u00bb button_two_text_color__hover_enabled=\u00bboff\u00bb button_two_text_color__hover=\u00bbnull\u00bb button_border_width__hover_enabled=\u00bboff\u00bb button_border_width__hover=\u00bbnull\u00bb button_one_border_width__hover_enabled=\u00bboff\u00bb button_one_border_width__hover=\u00bbnull\u00bb button_two_border_width__hover_enabled=\u00bboff\u00bb button_two_border_width__hover=\u00bbnull\u00bb button_border_color__hover_enabled=\u00bboff\u00bb button_border_color__hover=\u00bbnull\u00bb button_one_border_color__hover_enabled=\u00bboff\u00bb button_one_border_color__hover=\u00bbnull\u00bb button_two_border_color__hover_enabled=\u00bboff\u00bb button_two_border_color__hover=\u00bbnull\u00bb button_border_radius__hover_enabled=\u00bboff\u00bb button_border_radius__hover=\u00bbnull\u00bb button_one_border_radius__hover_enabled=\u00bboff\u00bb button_one_border_radius__hover=\u00bbnull\u00bb button_two_border_radius__hover_enabled=\u00bboff\u00bb button_two_border_radius__hover=\u00bbnull\u00bb button_letter_spacing__hover_enabled=\u00bboff\u00bb button_letter_spacing__hover=\u00bbnull\u00bb button_one_letter_spacing__hover_enabled=\u00bboff\u00bb button_one_letter_spacing__hover=\u00bbnull\u00bb button_two_letter_spacing__hover_enabled=\u00bboff\u00bb button_two_letter_spacing__hover=\u00bbnull\u00bb button_bg_color__hover_enabled=\u00bboff\u00bb button_bg_color__hover=\u00bbnull\u00bb button_one_bg_color__hover_enabled=\u00bboff\u00bb button_one_bg_color__hover=\u00bbnull\u00bb button_two_bg_color__hover_enabled=\u00bboff\u00bb button_two_bg_color__hover=\u00bbnull\u00bb][\/et_pb_cta][\/et_pb_column][\/et_pb_row][et_pb_row column_structure=\u00bb1_4,1_4,1_4,1_4&#8243; _builder_version=\u00bb4.23.1&#8243; background_size=\u00bbinitial\u00bb background_position=\u00bbtop_left\u00bb background_repeat=\u00bbrepeat\u00bb custom_padding=\u00bb0px|0px|17px|0px|false|false\u00bb global_colors_info=\u00bb{}\u00bb][et_pb_column type=\u00bb1_4&#8243; _builder_version=\u00bb4.16&#8243; custom_padding=\u00bb|||\u00bb global_colors_info=\u00bb{}\u00bb custom_padding__hover=\u00bb|||\u00bb][et_pb_text _builder_version=\u00bb4.23.1&#8243; text_font=\u00bbLato||||\u00bb text_text_color=\u00bb#565656&#8243; global_colors_info=\u00bb{}\u00bb]<\/p>\n<ul style=\"list-style-type: disc;\">\n<li><span style=\"color: #565656;\"><a style=\"color: #565656;\" href=\"https:\/\/acceso.upla.cl\/sinte\/Login.aspx?ReturnUrl=%2fsinte%2f\" target=\"_blank\" rel=\"noopener noreferrer nofollow\">Sistema Integrado Institucional<\/a><\/span><\/li>\n<li><span style=\"color: #565656;\"><a style=\"color: #565656;\" href=\"https:\/\/accounts.google.com\/signin\/v2\/identifier?continue=https%3A%2F%2Fmail.google.com%2Fmail%2F&amp;service=mail&amp;hd=alumnos.upla.cl&amp;sacu=1&amp;flowName=GlifWebSignIn&amp;flowEntry=AddSession\" target=\"_blank\" rel=\"noopener noreferrer nofollow\">Correo del Estudiante<\/a><\/span><\/li>\n<li><span style=\"color: #565656;\"><a href=\"http:\/\/www.upla.cl\/\" target=\"_blank\" rel=\"noopener noreferrer\"><span style=\"color: #565656;\">Sitio Web Institucional<\/span><\/a><\/span><\/li>\n<li><span style=\"color: #565656;\"><a style=\"color: #565656;\" href=\"http:\/\/eaula.upla.cl\/moodle\/index.php\" target=\"_blank\" rel=\"noopener noreferrer nofollow\">E-Aula<\/a> <\/span><\/li>\n<li><span style=\"color: #565656;\"><a style=\"color: #565656;\" href=\"https:\/\/acceso.upla.cl\/Contacto_Institucional\/\" target=\"_blank\" rel=\"noopener noreferrer nofollow\">Contacto Institucional<\/a><\/span><span style=\"color: #565656;\"><span style=\"color: #565656;\"><\/span><\/span><\/li>\n<\/ul>\n<p>[\/et_pb_text][\/et_pb_column][et_pb_column type=\u00bb1_4&#8243; _builder_version=\u00bb4.16&#8243; custom_padding=\u00bb|||\u00bb global_colors_info=\u00bb{}\u00bb custom_padding__hover=\u00bb|||\u00bb][et_pb_text _builder_version=\u00bb4.23.1&#8243; text_text_color=\u00bb#565656&#8243; global_colors_info=\u00bb{}\u00bb]<\/p>\n<ul style=\"list-style-type: disc;\">\n<li><span style=\"color: #565656;\"><a style=\"color: #565656;\" href=\"https:\/\/www.upla.cl\/desarrolloestudiantil\/beneficios-estudiantiles-externos\/\" target=\"_blank\" rel=\"noopener noreferrer\">Beneficios<\/a><\/span><\/li>\n<li><span style=\"color: #565656;\"><a style=\"color: #565656;\" href=\"http:\/\/www.upla.cl\/admision\/\" target=\"_blank\" rel=\"noopener noreferrer\">Admisi\u00f3n<\/a><\/span><\/li>\n<li><span style=\"color: #565656;\"><a style=\"color: #565656;\" href=\"http:\/\/www.upla.cl\/postgrado\/\" target=\"_blank\" rel=\"noopener noreferrer\">Postgrado<\/a><\/span><\/li>\n<\/ul>\n<p>[\/et_pb_text][\/et_pb_column][et_pb_column type=\u00bb1_4&#8243; _builder_version=\u00bb4.16&#8243; custom_padding=\u00bb|||\u00bb global_colors_info=\u00bb{}\u00bb custom_padding__hover=\u00bb|||\u00bb][et_pb_text _builder_version=\u00bb4.23.1&#8243; text_text_color=\u00bb#565656&#8243; global_colors_info=\u00bb{}\u00bb]<\/p>\n<ul style=\"list-style-type: disc;\">\n<li><a href=\"http:\/\/www.upla.cl\/gestioncurricular\/\" target=\"_blank\" rel=\"noopener noreferrer\"><span style=\"color: #565656;\">Secretar\u00eda de Estudios<\/span><\/a><\/li>\n<li><span style=\"color: #565656;\"><a style=\"color: #565656;\" href=\"http:\/\/www.upla.cl\/titulosygrados\/\" target=\"_blank\" rel=\"noopener noreferrer\">T\u00edtulos y Grados<\/a><\/span><\/li>\n<li><span style=\"color: #565656;\"><a style=\"color: #565656;\" href=\"http:\/\/sitios.upla.cl\/aranceles\/\" target=\"_blank\" rel=\"noopener noreferrer nofollow\">Aranceles y Cr\u00e9dito<\/a><\/span><\/li>\n<li><span style=\"color: #565656;\"><a style=\"color: #565656;\" href=\"http:\/\/www.upla.cl\/bibliotecas\/\" target=\"_blank\" rel=\"noopener noreferrer\">Sistema de Bibliotecas<\/a><\/span><\/li>\n<\/ul>\n<p>[\/et_pb_text][\/et_pb_column][et_pb_column type=\u00bb1_4&#8243; _builder_version=\u00bb4.16&#8243; custom_padding=\u00bb|||\u00bb global_colors_info=\u00bb{}\u00bb custom_padding__hover=\u00bb|||\u00bb][et_pb_image src=\u00bbhttps:\/\/www.upla.cl\/portada\/wp-content\/uploads\/2025\/03\/20250311_upla_acreditada_2022-2027-color.png\u00bb alt=\u00bbUPLA Acreditada\u00bb title_text=\u00bbUPLA Acreditada\u00bb url=\u00bbhttps:\/\/www.upla.cl\/calidad\/acreditacion\/\u00bb force_fullwidth=\u00bbon\u00bb align_tablet=\u00bbcenter\u00bb align_phone=\u00bb\u00bb align_last_edited=\u00bbon|desktop\u00bb admin_label=\u00bbHeader admisi\u00f3n Upla: acreditaci\u00f3n\u00bb _builder_version=\u00bb4.27.4&#8243; hover_enabled=\u00bb0&#8243; global_colors_info=\u00bb{}\u00bb url_new_window=\u00bbon\u00bb sticky_enabled=\u00bb0&#8243;]<\/p>\n<p>\u00a0<\/p>\n<p>[\/et_pb_image][\/et_pb_column][\/et_pb_row][\/et_pb_section]<\/p>\n","protected":false},"excerpt":{"rendered":"<p>Seguros de Accidente Escolar (Instructivos)\u00a0 &nbsp;1.- SEGURO DE ACCIDENTES ESTATAL \u00a0El art\u00edculo 3\u00ba de la Ley N\u00ba 16.744, establece lo siguiente: estar\u00e1n protegidos por el Seguro Escolar todos los y las estudiantes que sufran alg\u00fan tipo de accidente a causa o con ocasi\u00f3n de sus estudios o en la realizaci\u00f3n de su pr\u00e1ctica profesional. A [&hellip;]<\/p>\n","protected":false},"author":1,"featured_media":131,"parent":0,"menu_order":4,"comment_status":"closed","ping_status":"closed","template":"","meta":{"_et_pb_use_builder":"on","_et_pb_old_content":"","_et_gb_content_width":"","footnotes":""},"class_list":["post-63","page","type-page","status-publish","has-post-thumbnail","hentry"],"_links":{"self":[{"href":"https:\/\/www.upla.cl\/desarrolloestudiantil\/wp-json\/wp\/v2\/pages\/63","targetHints":{"allow":["GET"]}}],"collection":[{"href":"https:\/\/www.upla.cl\/desarrolloestudiantil\/wp-json\/wp\/v2\/pages"}],"about":[{"href":"https:\/\/www.upla.cl\/desarrolloestudiantil\/wp-json\/wp\/v2\/types\/page"}],"author":[{"embeddable":true,"href":"https:\/\/www.upla.cl\/desarrolloestudiantil\/wp-json\/wp\/v2\/users\/1"}],"replies":[{"embeddable":true,"href":"https:\/\/www.upla.cl\/desarrolloestudiantil\/wp-json\/wp\/v2\/comments?post=63"}],"version-history":[{"count":0,"href":"https:\/\/www.upla.cl\/desarrolloestudiantil\/wp-json\/wp\/v2\/pages\/63\/revisions"}],"wp:featuredmedia":[{"embeddable":true,"href":"https:\/\/www.upla.cl\/desarrolloestudiantil\/wp-json\/wp\/v2\/media\/131"}],"wp:attachment":[{"href":"https:\/\/www.upla.cl\/desarrolloestudiantil\/wp-json\/wp\/v2\/media?parent=63"}],"curies":[{"name":"wp","href":"https:\/\/api.w.org\/{rel}","templated":true}]}}