{"id":138,"date":"2018-06-27T14:59:34","date_gmt":"2018-06-27T18:59:34","guid":{"rendered":"http:\/\/www.upla.cl\/desarrolloestudiantil\/?page_id=138"},"modified":"2026-04-22T15:35:04","modified_gmt":"2026-04-22T19:35:04","slug":"cusabi","status":"publish","type":"page","link":"https:\/\/www.upla.cl\/desarrolloestudiantil\/cusabi\/","title":{"rendered":"Centro Universitario para la Salud y el Bienestar"},"content":{"rendered":"<p>[et_pb_section fb_built=\u00bb1&#8243; fullwidth=\u00bbon\u00bb _builder_version=\u00bb4.23.1&#8243; background_color=\u00bbrgba(11,45,193,0.02)\u00bb background_image=\u00bbhttps:\/\/www.upla.cl\/desarrolloestudiantil\/wp-content\/uploads\/2018\/06\/esfingomanometro.png\u00bb background_blend=\u00bbmultiply\u00bb custom_padding=\u00bb0px|0px|0px|0px|false|false\u00bb global_colors_info=\u00bb{}\u00bb][et_pb_fullwidth_post_title meta=\u00bboff\u00bb featured_placement=\u00bbbackground\u00bb text_color=\u00bblight\u00bb _builder_version=\u00bb4.23.1&#8243; custom_padding=\u00bb||160px|||\u00bb title_text_shadow_style=\u00bbpreset2&#8243; global_colors_info=\u00bb{}\u00bb][\/et_pb_fullwidth_post_title][\/et_pb_section][et_pb_section fb_built=\u00bb1&#8243; specialty=\u00bbon\u00bb _builder_version=\u00bb4.27.4&#8243; custom_padding=\u00bb16.796875px|0px|0|0px|false|false\u00bb global_colors_info=\u00bb{}\u00bb][et_pb_column type=\u00bb2_3&#8243; specialty_columns=\u00bb2&#8243; _builder_version=\u00bb4.16&#8243; custom_padding=\u00bb|||\u00bb global_colors_info=\u00bb{}\u00bb custom_padding__hover=\u00bb|||\u00bb][et_pb_row_inner admin_label=\u00bbFila\u00bb _builder_version=\u00bb4.16&#8243; global_colors_info=\u00bb{}\u00bb][et_pb_column_inner saved_specialty_column_type=\u00bb2_3&#8243; _builder_version=\u00bb4.16&#8243; custom_padding=\u00bb|||\u00bb global_colors_info=\u00bb{}\u00bb custom_padding__hover=\u00bb|||\u00bb][et_pb_text _builder_version=\u00bb4.23.1&#8243; _module_preset=\u00bbdefault\u00bb custom_margin=\u00bb||36px|||\u00bb global_colors_info=\u00bb{}\u00bb]<\/p>\n<h3><span>Descripci\u00f3n<\/span><\/h3>\n<p><span><\/span><\/p>\n<p><span>El Centro Universitario para la Salud y el Bienestar (CUSABI), integra saberes y disciplinas orientadas al cuidado y atenci\u00f3n prioritaria de nuestra comunidad estudiantil. Tambi\u00e9n, recibe a personas provenientes de distintos sectores del Gran Valpara\u00edso, quienes buscan ayuda en los laboratorios y campos cl\u00ednicos de la Facultad de Ciencias de la Salud.<\/span><\/p>\n<p>Integra servicios como medicina general, odontolog\u00eda y obstetricia, adem\u00e1s del colectivo de trabajo que representan las y los psic\u00f3logos del Centro para el Desarrollo Psicosocial (CDP). Entre los saberes que se promueven desde la Facultad de Salud, est\u00e1n los laboratorios de Fonoaudiolog\u00eda, Terapia Ocupacional, Kinesiolog\u00eda y Nutrici\u00f3n, espacios que, adem\u00e1s, posibilitan el aprendizaje significativo de estudiantes que se forman en estas disciplinas.<\/p>\n<p>[\/et_pb_text][\/et_pb_column_inner][\/et_pb_row_inner][et_pb_row_inner admin_label=\u00bbFila\u00bb _builder_version=\u00bb4.16&#8243; custom_padding=\u00bb0|0px|0|0px|false|false\u00bb global_colors_info=\u00bb{}\u00bb][et_pb_column_inner saved_specialty_column_type=\u00bb2_3&#8243; _builder_version=\u00bb4.16&#8243; custom_padding=\u00bb|||\u00bb global_colors_info=\u00bb{}\u00bb custom_padding__hover=\u00bb|||\u00bb][et_pb_text _builder_version=\u00bb4.16&#8243; custom_margin=\u00bb||1px|||\u00bb global_colors_info=\u00bb{}\u00bb]<\/p>\n<h3>Prestaciones<\/h3>\n<p>[\/et_pb_text][\/et_pb_column_inner][\/et_pb_row_inner][et_pb_row_inner admin_label=\u00bbFila\u00bb _builder_version=\u00bb4.16&#8243; custom_padding=\u00bb29px|0px|14px|0px|false|false\u00bb global_colors_info=\u00bb{}\u00bb][et_pb_column_inner saved_specialty_column_type=\u00bb2_3&#8243; _builder_version=\u00bb4.16&#8243; custom_padding=\u00bb|||\u00bb global_colors_info=\u00bb{}\u00bb custom_padding__hover=\u00bb|||\u00bb][et_pb_toggle title=\u00bbEdificio Institucional\u00bb open_toggle_text_color=\u00bb#009bdb\u00bb open_toggle_background_color=\u00bb#FFFFFF\u00bb closed_toggle_background_color=\u00bb#009bdb\u00bb icon_color=\u00bb#FFFFFF\u00bb toggle_icon=\u00bb&#x43;||divi||400&#8243; open_icon_color=\u00bb#009bdb\u00bb admin_label=\u00bbConmutador Atenci\u00f3n M\u00e9dica\u00bb _builder_version=\u00bb4.23.1&#8243; title_text_color=\u00bb#FFFFFF\u00bb title_level=\u00bbh4&#8243; body_line_height=\u00bb1.3em\u00bb border_radii=\u00bboff|20px||20px|\u00bb border_width_all=\u00bb0px\u00bb border_color_all=\u00bb#009bdb\u00bb border_style_all=\u00bboutset\u00bb global_colors_info=\u00bb{}\u00bb]<\/p>\n<ul>\n<li>Medicina General<\/li>\n<li>Matrona<\/li>\n<li>T\u00e9cnico en Odontolog\u00eda<\/li>\n<li>T\u00e9cnico en Enfermer\u00eda<\/li>\n<li>Psic\u00f3loga (Centro para el Desarrollo Psicosocial)<\/li>\n<\/ul>\n<p><strong>Para solicitud de horas,<\/strong> puede hacerlo de forma presencial, telef\u00f3nica al<strong> +32 2205142,<\/strong> v\u00eda correo electr\u00f3nico <a href=\"mailto:cusabi@upla.cl\"><strong>cusabi@upla.cl<\/strong><\/a> o al WhatsApp<strong> +56 961583468.<\/strong><\/p>\n<p><strong>Horario de atenci\u00f3n: <\/strong>de lunes a viernes de 08.45 a 17.30 horas.<\/p>\n<p>&nbsp;<\/p>\n<p>[\/et_pb_toggle][et_pb_toggle title=\u00bbCampus San Felipe\u00bb open_toggle_text_color=\u00bb#009bdb\u00bb open_toggle_background_color=\u00bb#FFFFFF\u00bb closed_toggle_background_color=\u00bb#005b7c\u00bb icon_color=\u00bb#FFFFFF\u00bb toggle_icon=\u00bb&#x43;||divi||400&#8243; open_icon_color=\u00bb#009bdb\u00bb admin_label=\u00bbConmutador Consultas ginecol\u00f3gicas\u00bb _builder_version=\u00bb4.23.1&#8243; title_text_color=\u00bb#FFFFFF\u00bb title_level=\u00bbh4&#8243; body_line_height=\u00bb1.3em\u00bb background_color=\u00bb#009bdb\u00bb border_radii=\u00bboff|20px||20px|\u00bb border_width_all=\u00bb0px\u00bb border_color_all=\u00bb#009bdb\u00bb border_style_all=\u00bboutset\u00bb global_colors_info=\u00bb{}\u00bb]<\/p>\n<ul>\n<li>Medicina General<\/li>\n<li>Matrona<\/li>\n<li>T\u00e9cnico en Odontolog\u00eda<\/li>\n<li>T\u00e9cnico en Enfermer\u00eda<\/li>\n<li>Psic\u00f3loga (Centro para el Desarrollo Psicosocial)<\/li>\n<\/ul>\n<p><strong>Para solicitud de horas,<\/strong> puede hacerlo de forma presencial, telef\u00f3nica al<strong> +32 2205624<\/strong> o\u00a0v\u00eda correo electr\u00f3nico <strong><a href=\"mailto:cusabi@upla.cl\">cusabi@upla.cl.<\/a><\/strong><\/p>\n<p><strong>Horario de atenci\u00f3n: <\/strong>de lunes a viernes de 09.00 a 18.00 horas.<\/p>\n<p>[\/et_pb_toggle][\/et_pb_column_inner][\/et_pb_row_inner][et_pb_row_inner admin_label=\u00bbFila\u00bb _builder_version=\u00bb4.16&#8243; custom_padding=\u00bb0|0px|4px|0px|false|false\u00bb global_colors_info=\u00bb{}\u00bb][et_pb_column_inner saved_specialty_column_type=\u00bb2_3&#8243; _builder_version=\u00bb4.16&#8243; custom_padding=\u00bb|||\u00bb global_colors_info=\u00bb{}\u00bb custom_padding__hover=\u00bb|||\u00bb][et_pb_text _builder_version=\u00bb4.27.4&#8243; custom_margin=\u00bb80px|||||\u00bb global_colors_info=\u00bb{}\u00bb]<\/p>\n<h3>Laboratorios Disciplinares<\/h3>\n<p>[\/et_pb_text][et_pb_toggle title=\u00bbFonoaudiolog\u00eda\u00bb open=\u00bbon\u00bb open_toggle_text_color=\u00bb#009bdb\u00bb open_toggle_background_color=\u00bb#FFFFFF\u00bb closed_toggle_background_color=\u00bb#FFFFFF\u00bb icon_color=\u00bb#009bdb\u00bb open_icon_color=\u00bb#009bdb\u00bb admin_label=\u00bbConmutador Atenci\u00f3n M\u00e9dica\u00bb _builder_version=\u00bb4.27.4&#8243; title_text_color=\u00bb#565656&#8243; title_level=\u00bbh4&#8243; body_line_height=\u00bb1.3em\u00bb border_radii=\u00bbon|15px|15px|15px|15px\u00bb border_color_all=\u00bb#009bdb\u00bb border_style_all=\u00bboutset\u00bb global_colors_info=\u00bb{}\u00bb]<\/p>\n<ul>\n<li><strong>Fonoaudiolog\u00eda en Cl\u00ednica Vocal<\/strong><\/li>\n<li><strong> M\u00e9dico Otorrinolaring\u00f3logo<\/strong><\/li>\n<\/ul>\n<p><span>Para solicitud de horas, contactarse a trav\u00e9s de correo electr\u00f3nico:\u00a0 <strong><a href=\"mailto:fonoaudiologia_labvoz@upla.cl\">fonoaudiologia_labvoz@upla.cl<\/a><\/strong><\/span><\/p>\n<p><strong>Horario de atenci\u00f3n:<\/strong>\u00a0lunes a viernes de 08.00 a 17.00 horas.<\/p>\n<p>[\/et_pb_toggle][et_pb_toggle title=\u00bbKinesiolog\u00eda\u00bb open=\u00bbon\u00bb open_toggle_text_color=\u00bb#009bdb\u00bb open_toggle_background_color=\u00bb#FFFFFF\u00bb closed_toggle_background_color=\u00bb#FFFFFF\u00bb icon_color=\u00bb#009bdb\u00bb open_icon_color=\u00bb#009bdb\u00bb admin_label=\u00bbConmutador Atenci\u00f3n M\u00e9dica\u00bb _builder_version=\u00bb4.23&#8243; title_text_color=\u00bb#565656&#8243; title_level=\u00bbh4&#8243; body_line_height=\u00bb1.3em\u00bb border_radii=\u00bbon|15px|15px|15px|15px\u00bb border_color_all=\u00bb#009bdb\u00bb border_style_all=\u00bboutset\u00bb global_colors_info=\u00bb{}\u00bb]<\/p>\n<ul>\n<li><span> <\/span><strong>Sesiones Kinesiol\u00f3gicas<\/strong><\/li>\n<\/ul>\n<p><span>Al momento de solicitar hora, debe presentar certificado m\u00e9dico que indique el tipo de tratamiento que requiere. De igual forma, se puede enviar correo a <strong><a href=\"mailto:sesiones.kine@upla.cl\">sesiones.kine@upla.cl.<\/a><\/strong><\/span><\/p>\n<p><strong>Horario de atenci\u00f3n: <\/strong>lunes, martes y jueves de 09.00 a 17.30 horas.<\/p>\n<p>[\/et_pb_toggle][et_pb_toggle title=\u00bbTerapia Ocupacional\u00bb open=\u00bbon\u00bb open_toggle_text_color=\u00bb#009bdb\u00bb open_toggle_background_color=\u00bb#FFFFFF\u00bb closed_toggle_background_color=\u00bb#FFFFFF\u00bb icon_color=\u00bb#009bdb\u00bb open_icon_color=\u00bb#009bdb\u00bb admin_label=\u00bbConmutador Atenci\u00f3n M\u00e9dica\u00bb _builder_version=\u00bb4.23.1&#8243; title_text_color=\u00bb#565656&#8243; title_level=\u00bbh4&#8243; body_line_height=\u00bb1.3em\u00bb border_radii=\u00bbon|15px|15px|15px|15px\u00bb border_color_all=\u00bb#009bdb\u00bb border_style_all=\u00bboutset\u00bb global_colors_info=\u00bb{}\u00bb]<\/p>\n<ul>\n<li><span> <\/span><strong>Sesiones de Terapia Ocupacional Infantil<\/strong><\/li>\n<\/ul>\n<p><span>Solicitud de horas a trav\u00e9s del correo electr\u00f3nico: <strong><a href=\"mailto:macarena.sanchez@upla.cl\">macarena.sanchez@upla.cl <\/a><\/strong>o <strong><a href=\"mailto:laboratoriotoinfancia@upla.cl\">laboratoriotoinfancia@upla.cl.<\/a><\/strong><\/span><\/p>\n<p><strong>Horario de atenci\u00f3n: <\/strong>lunes, martes, mi\u00e9rcoles y viernes de 09.00 a 18.00 horas.<\/p>\n<p>[\/et_pb_toggle][et_pb_toggle title=\u00bbNutricionista\u00bb open=\u00bbon\u00bb open_toggle_text_color=\u00bb#009bdb\u00bb open_toggle_background_color=\u00bb#FFFFFF\u00bb closed_toggle_background_color=\u00bb#FFFFFF\u00bb icon_color=\u00bb#009bdb\u00bb open_icon_color=\u00bb#009bdb\u00bb admin_label=\u00bbConmutador Atenci\u00f3n M\u00e9dica\u00bb _builder_version=\u00bb4.23.1&#8243; title_text_color=\u00bb#565656&#8243; title_level=\u00bbh4&#8243; body_line_height=\u00bb1.3em\u00bb border_radii=\u00bbon|15px|15px|15px|15px\u00bb border_color_all=\u00bb#009bdb\u00bb border_style_all=\u00bboutset\u00bb global_colors_info=\u00bb{}\u00bb]<\/p>\n<ul>\n<li><span> <\/span><strong>Atenciones Nutricionales<\/strong><\/li>\n<\/ul>\n<p><span>Para solicitud de horas, puede hacerlo de forma presencial, telef\u00f3nica al <strong>32 2205142 &#8211; 32\u00a0 2205071<\/strong>, v\u00eda correo electr\u00f3nico <a href=\"mailto:cusabi@upla.cl\"><strong>cusabi@upla.cl<\/strong> <\/a>o escribiendo al WhatsApp <strong>+56 961583468.<\/strong><\/span><\/p>\n<p><strong>Horario de atenci\u00f3n: <\/strong>lunes a viernes de 08.00 a 17.00 horas.<\/p>\n<p>[\/et_pb_toggle][et_pb_toggle title=\u00bbCentro para el Desarrollo Psicosocial\u00bb open=\u00bbon\u00bb open_toggle_text_color=\u00bb#009bdb\u00bb open_toggle_background_color=\u00bb#FFFFFF\u00bb closed_toggle_background_color=\u00bb#FFFFFF\u00bb icon_color=\u00bb#009bdb\u00bb open_icon_color=\u00bb#009bdb\u00bb admin_label=\u00bbConmutador Atenci\u00f3n M\u00e9dica\u00bb _builder_version=\u00bb4.23.1&#8243; title_text_color=\u00bb#565656&#8243; title_level=\u00bbh4&#8243; body_line_height=\u00bb1.3em\u00bb border_radii=\u00bbon|15px|15px|15px|15px\u00bb border_color_all=\u00bb#009bdb\u00bb border_style_all=\u00bboutset\u00bb global_colors_info=\u00bb{}\u00bb]<\/p>\n<p><span><strong>Horario de atenci\u00f3n:<\/strong> lunes a viernes de 08.45 a 18.00 horas.<\/span><\/p>\n<p><span>Procedimiento para solicitar hora:<\/span><\/p>\n<ul>\n<li><span> <\/span><span>Debes acercarte al director de carrera y manifestarle la necesidad de atenci\u00f3n psicol\u00f3gica.<\/span><\/li>\n<li><span> <\/span><span>El director de carrera enviar\u00e1 un correo al CDP solicitando atenci\u00f3n.<\/span><\/li>\n<li><span> <\/span><span>CDP te contactar\u00e1 v\u00eda correo institucional.<\/span><\/li>\n<\/ul>\n<p><strong>*Actualmente no hay agenda, a ra\u00edz de la gran demanda estudiantil.<\/strong><\/p>\n<p>[\/et_pb_toggle][\/et_pb_column_inner][\/et_pb_row_inner][et_pb_row_inner _builder_version=\u00bb4.27.4&#8243; _module_preset=\u00bbdefault\u00bb custom_margin=\u00bb54px|||||\u00bb global_colors_info=\u00bb{}\u00bb][et_pb_column_inner saved_specialty_column_type=\u00bb2_3&#8243; _builder_version=\u00bb4.27.4&#8243; _module_preset=\u00bbdefault\u00bb global_colors_info=\u00bb{}\u00bb][et_pb_blurb image=\u00bbhttps:\/\/www.upla.cl\/desarrolloestudiantil\/wp-content\/uploads\/2018\/06\/semo_atencion03.png\u00bb icon_placement=\u00bbleft\u00bb image_icon_width=\u00bb300px\u00bb content_max_width=\u00bb1100px\u00bb image_tablet=\u00bbhttps:\/\/www.upla.cl\/desarrolloestudiantil\/wp-content\/uploads\/2018\/06\/semo_atencion03.png\u00bb image_phone=\u00bb\u00bb image_last_edited=\u00bbon|desktop\u00bb _builder_version=\u00bb4.27.4&#8243; _module_preset=\u00bbdefault\u00bb custom_padding=\u00bb0px|||||\u00bb border_radii=\u00bboff|15px||15px|\u00bb border_width_all=\u00bb1px\u00bb border_color_all=\u00bb#0C71C3&#8243; border_style_all=\u00bboutset\u00bb border_radii_image=\u00bboff|15px|||\u00bb box_shadow_style=\u00bbpreset3&#8243; global_colors_info=\u00bb{}\u00bb]<\/p>\n<p>&nbsp;<\/p>\n<h3>Se recomienda<\/h3>\n<ul>\n<li>Cumplir con las citaciones solicitadas.<\/li>\n<li>Avisar con tiempo si no puede acudir.<\/li>\n<\/ul>\n<p>[\/et_pb_blurb][\/et_pb_column_inner][\/et_pb_row_inner][\/et_pb_column][et_pb_column type=\u00bb1_3&#8243; _builder_version=\u00bb4.16&#8243; custom_padding=\u00bb|||\u00bb global_colors_info=\u00bb{}\u00bb custom_padding__hover=\u00bb|||\u00bb][et_pb_text _builder_version=\u00bb4.27.4&#8243; custom_margin=\u00bb||2%|10%|false|false\u00bb custom_padding=\u00bb22px|||||\u00bb global_colors_info=\u00bb{}\u00bb]<\/p>\n<h2>Equipo<\/h2>\n<p>[\/et_pb_text][et_pb_team_member name=\u00bbAndrea Olgu\u00edn Tapia\u00bb position=\u00bbAdministradora Centro Universitario para la Salud y el Bienestar (CUSABI)\u00bb image_url=\u00bbhttps:\/\/www.upla.cl\/desarrolloestudiantil\/wp-content\/uploads\/2024\/11\/28112024_dgde_aolguin.jpg\u00bb admin_label=\u00bbDecana de la Facultad de Ciencias de la Actividad F\u00edsica y del Deporte\u00bb _builder_version=\u00bb4.27.4&#8243; _module_preset=\u00bbdefault\u00bb body_text_color=\u00bb#565656&#8243; position_text_align=\u00bbleft\u00bb width=\u00bb80%\u00bb custom_margin=\u00bb|||10%|false|false\u00bb custom_padding=\u00bb|5%||5%|false|true\u00bb border_radii_image=\u00bbon|180px|180px|180px|180px\u00bb border_width_all_image=\u00bb2px\u00bb border_color_all_image=\u00bb#009bdb\u00bb locked=\u00bboff\u00bb global_colors_info=\u00bb{}\u00bb]<\/p>\n<p>Correo electr\u00f3nico: <a href=\"mailto:andrea.olguin@upla.cl\">andrea.olguin@upla.cl<\/a><br \/>Tel\u00e9fono: <a href=\"tel:+56322205442\">+56322205442<\/a><\/p>\n<p>[\/et_pb_team_member][et_pb_text _builder_version=\u00bb4.27.4&#8243; custom_margin=\u00bb43px||10.2%|10%|false|false\u00bb custom_padding=\u00bb22px|||||\u00bb global_colors_info=\u00bb{}\u00bb]<\/p>\n<h2>Equipo T\u00e9cnicos en enfermer\u00eda<\/h2>\n<p>[\/et_pb_text][et_pb_text admin_label=\u00bbCampus San Felipe\u00bb _builder_version=\u00bb4.27.4&#8243; text_text_color=\u00bbRGBA(255,255,255,0)\u00bb header_3_text_color=\u00bb#565656&#8243; custom_margin=\u00bb|||10%|false|false\u00bb locked=\u00bboff\u00bb global_colors_info=\u00bb{}\u00bb]<\/p>\n<h3>Campus Valpara\u00edso<\/h3>\n<p>[\/et_pb_text][et_pb_team_member name=\u00bbRos\u00e9 \u00d3rdenes Soto\u00bb position=\u00bbT\u00e9cnico en enfermer\u00eda de nivel superior (TENS)\u00bb image_url=\u00bbhttps:\/\/www.upla.cl\/desarrolloestudiantil\/wp-content\/uploads\/2024\/11\/28112024_dgde_rordenes.jpg\u00bb admin_label=\u00bbBoris Cristi\u00e1n Gonz\u00e1lez L\u00f3pez\u00bb _builder_version=\u00bb4.27.4&#8243; body_text_color=\u00bb#565656&#8243; position_text_align=\u00bbleft\u00bb width=\u00bb80%\u00bb custom_margin=\u00bb|10%||10%|false|true\u00bb custom_padding=\u00bb|5%||5%|false|true\u00bb border_radii_image=\u00bbon|180px|180px|180px|180px\u00bb border_width_all_image=\u00bb2px\u00bb border_color_all_image=\u00bb#009bdb\u00bb global_colors_info=\u00bb{}\u00bb]<\/p>\n<div>Correo electr\u00f3nico: <a href=\"mailto:rose.ordenes@upla.cl\" target=\"_blank\" rel=\"noopener\">rose.ordenes@upla.cl<\/a><\/div>\n<div>Tel\u00e9fono:\u00a0<a href=\"tel:+5620322205444\">+56 32 2205444<\/a><\/div>\n<p>[\/et_pb_team_member][et_pb_team_member name=\u00bbAnnelord Torres Liebig\u00bb position=\u00bbT\u00e9cnico en enfermer\u00eda de nivel superior (TENS)\u00bb image_url=\u00bbhttps:\/\/www.upla.cl\/desarrolloestudiantil\/wp-content\/uploads\/2024\/11\/28112024_dgde_atorres.jpg\u00bb position_tablet=\u00bbAsistente Social\u00bb position_phone=\u00bbAsistente Social\u00bb position_last_edited=\u00bbon|desktop\u00bb admin_label=\u00bbMar\u00eda Loreto Olivares Espinoza\u00bb _builder_version=\u00bb4.27.4&#8243; body_text_color=\u00bb#565656&#8243; width=\u00bb80%\u00bb custom_margin=\u00bb||50px|10%|false|false\u00bb custom_padding=\u00bb|5%||5%|false|true\u00bb border_radii_image=\u00bbon|180px|180px|180px|180px\u00bb border_width_all_image=\u00bb2px\u00bb border_color_all_image=\u00bb#009bdb\u00bb global_colors_info=\u00bb{}\u00bb]<\/p>\n<div>Correo electr\u00f3nico: <a href=\"mailto:annelord.torres@upla.cl\" target=\"_blank\" rel=\"noopener\">annelord.torres@upla.cl<\/a><\/div>\n<div>Tel\u00e9fono:\u00a0<a href=\"tel:+5620322205444\">+56 32 2205142<\/a><\/div>\n<p>[\/et_pb_team_member][et_pb_team_member name=\u00bbMarcia S\u00e1ez Baeza\u00bb position=\u00bbT\u00e9cnico en enfermer\u00eda de nivel superior (TENS)\u00bb image_url=\u00bbhttps:\/\/www.upla.cl\/desarrolloestudiantil\/wp-content\/uploads\/2024\/11\/28112024_dgde_msaez.jpg\u00bb admin_label=\u00bbPilar Lobos M\u00e9ndez\u00bb _builder_version=\u00bb4.27.4&#8243; body_text_color=\u00bb#565656&#8243; width=\u00bb80%\u00bb custom_margin=\u00bb||50px|10%|false|false\u00bb custom_padding=\u00bb|5%||5%|false|true\u00bb border_radii_image=\u00bbon|180px|180px|180px|180px\u00bb border_width_all_image=\u00bb2px\u00bb border_color_all_image=\u00bb#009bdb\u00bb global_colors_info=\u00bb{}\u00bb]<\/p>\n<div>Correo electr\u00f3nico: <a href=\"mailto:marcia.saez@upla.cl\" target=\"_blank\" rel=\"noopener\">marcia.saez@upla.cl<\/a><\/div>\n<div>Tel\u00e9fono:\u00a0<a href=\"tel:+5620322205071\">+56 32 2205071<\/a><\/div>\n<p>[\/et_pb_team_member][et_pb_text admin_label=\u00bbCampus San Felipe\u00bb _builder_version=\u00bb4.27.4&#8243; text_text_color=\u00bbRGBA(255,255,255,0)\u00bb header_3_text_color=\u00bb#565656&#8243; custom_margin=\u00bb|||10%|false|false\u00bb custom_padding=\u00bb||||false|true\u00bb locked=\u00bboff\u00bb global_colors_info=\u00bb{}\u00bb]<\/p>\n<h3>Campus San Felipe<\/h3>\n<p>[\/et_pb_text][et_pb_team_member name=\u00bbPaula L\u00f3pez Jim\u00e9nez\u00bb position=\u00bbT\u00e9cnico en enfermer\u00eda de nivel superior (TENS)\u00bb image_url=\u00bbhttps:\/\/www.upla.cl\/desarrolloestudiantil\/wp-content\/uploads\/2024\/11\/28112024_dgde_plopez.jpg\u00bb admin_label=\u00bbKarina G\u00f3mez Zuloaga\u00bb _builder_version=\u00bb4.27.4&#8243; body_text_color=\u00bb#565656&#8243; width=\u00bb80%\u00bb custom_margin=\u00bb||20%|10%|false|false\u00bb custom_padding=\u00bb|5%||5%|false|true\u00bb border_radii_image=\u00bbon|180px|180px|180px|180px\u00bb border_width_all_image=\u00bb2px\u00bb border_color_all_image=\u00bb#009bdb\u00bb global_colors_info=\u00bb{}\u00bb]<\/p>\n<div>Correo electr\u00f3nico: <a href=\"mailto:paula.lopez@upla.cl\" target=\"_blank\" rel=\"noopener\">paula.lopez@upla.cl<\/a><\/div>\n<div>Tel\u00e9fono:\u00a0<a href=\"tel:+5620322205624\">+56 32 2205624<\/a><\/div>\n<p>[\/et_pb_team_member][\/et_pb_column][\/et_pb_section][et_pb_section fb_built=\u00bb1&#8243; admin_label=\u00bbAccesos\u00bb module_id=\u00bbotros accesos\u00bb _builder_version=\u00bb4.16&#8243; custom_padding=\u00bb0px|0px|1px|0px||\u00bb global_colors_info=\u00bb{}\u00bb][et_pb_row use_custom_gutter=\u00bbon\u00bb gutter_width=\u00bb1&#8243; make_equal=\u00bbon\u00bb admin_label=\u00bbrow\u00bb module_class=\u00bb et_pb_row_fullwidth\u00bb _builder_version=\u00bb4.23.1&#8243; width=\u00bb100%\u00bb width_tablet=\u00bb100%\u00bb width_phone=\u00bb\u00bb width_last_edited=\u00bbon|desktop\u00bb max_width=\u00bb100%\u00bb max_width_tablet=\u00bb100%\u00bb max_width_phone=\u00bb\u00bb max_width_last_edited=\u00bbon|desktop\u00bb custom_padding=\u00bb0px|0px|24.2667px|0px\u00bb make_fullwidth=\u00bbon\u00bb global_colors_info=\u00bb{}\u00bb][et_pb_column type=\u00bb4_4&#8243; _builder_version=\u00bb4.23.1&#8243; background_color=\u00bb#009bdb\u00bb custom_padding=\u00bb|||\u00bb border_radii=\u00bboff|15px|15px||\u00bb global_colors_info=\u00bb{}\u00bb custom_padding__hover=\u00bb|||\u00bb][et_pb_cta title=\u00bbACCESOS\u00bb _builder_version=\u00bb4.23.1&#8243; header_font_size=\u00bb20&#8243; background_enable_color=\u00bboff\u00bb background_size=\u00bbinitial\u00bb background_position=\u00bbtop_left\u00bb background_repeat=\u00bbrepeat\u00bb text_orientation=\u00bbleft\u00bb min_height=\u00bb41px\u00bb custom_margin=\u00bb|50px|-24px|50px||true\u00bb custom_padding=\u00bb15px||0px|||\u00bb saved_tabs=\u00bball\u00bb global_colors_info=\u00bb{}\u00bb button_text_size__hover_enabled=\u00bboff\u00bb button_text_size__hover=\u00bbnull\u00bb button_one_text_size__hover_enabled=\u00bboff\u00bb button_one_text_size__hover=\u00bbnull\u00bb button_two_text_size__hover_enabled=\u00bboff\u00bb button_two_text_size__hover=\u00bbnull\u00bb button_text_color__hover_enabled=\u00bboff\u00bb button_text_color__hover=\u00bbnull\u00bb button_one_text_color__hover_enabled=\u00bboff\u00bb button_one_text_color__hover=\u00bbnull\u00bb button_two_text_color__hover_enabled=\u00bboff\u00bb button_two_text_color__hover=\u00bbnull\u00bb button_border_width__hover_enabled=\u00bboff\u00bb button_border_width__hover=\u00bbnull\u00bb button_one_border_width__hover_enabled=\u00bboff\u00bb button_one_border_width__hover=\u00bbnull\u00bb button_two_border_width__hover_enabled=\u00bboff\u00bb button_two_border_width__hover=\u00bbnull\u00bb button_border_color__hover_enabled=\u00bboff\u00bb button_border_color__hover=\u00bbnull\u00bb button_one_border_color__hover_enabled=\u00bboff\u00bb button_one_border_color__hover=\u00bbnull\u00bb button_two_border_color__hover_enabled=\u00bboff\u00bb button_two_border_color__hover=\u00bbnull\u00bb button_border_radius__hover_enabled=\u00bboff\u00bb button_border_radius__hover=\u00bbnull\u00bb button_one_border_radius__hover_enabled=\u00bboff\u00bb button_one_border_radius__hover=\u00bbnull\u00bb button_two_border_radius__hover_enabled=\u00bboff\u00bb button_two_border_radius__hover=\u00bbnull\u00bb button_letter_spacing__hover_enabled=\u00bboff\u00bb button_letter_spacing__hover=\u00bbnull\u00bb button_one_letter_spacing__hover_enabled=\u00bboff\u00bb button_one_letter_spacing__hover=\u00bbnull\u00bb button_two_letter_spacing__hover_enabled=\u00bboff\u00bb button_two_letter_spacing__hover=\u00bbnull\u00bb button_bg_color__hover_enabled=\u00bboff\u00bb button_bg_color__hover=\u00bbnull\u00bb button_one_bg_color__hover_enabled=\u00bboff\u00bb button_one_bg_color__hover=\u00bbnull\u00bb button_two_bg_color__hover_enabled=\u00bboff\u00bb button_two_bg_color__hover=\u00bbnull\u00bb][\/et_pb_cta][\/et_pb_column][\/et_pb_row][et_pb_row column_structure=\u00bb1_4,1_4,1_4,1_4&#8243; _builder_version=\u00bb4.23.1&#8243; background_size=\u00bbinitial\u00bb background_position=\u00bbtop_left\u00bb background_repeat=\u00bbrepeat\u00bb custom_padding=\u00bb0px|0px|17px|0px|false|false\u00bb global_colors_info=\u00bb{}\u00bb][et_pb_column type=\u00bb1_4&#8243; _builder_version=\u00bb4.16&#8243; custom_padding=\u00bb|||\u00bb global_colors_info=\u00bb{}\u00bb custom_padding__hover=\u00bb|||\u00bb][et_pb_text _builder_version=\u00bb4.23.1&#8243; text_font=\u00bbLato||||\u00bb text_text_color=\u00bb#565656&#8243; global_colors_info=\u00bb{}\u00bb]<\/p>\n<ul style=\"list-style-type: disc;\">\n<li><span style=\"color: #565656;\"><a style=\"color: #565656;\" href=\"https:\/\/acceso.upla.cl\/sinte\/Login.aspx?ReturnUrl=%2fsinte%2f\" target=\"_blank\" rel=\"noopener noreferrer nofollow\">Sistema Integrado Institucional<\/a><\/span><\/li>\n<li><span style=\"color: #565656;\"><a style=\"color: #565656;\" href=\"https:\/\/accounts.google.com\/signin\/v2\/identifier?continue=https%3A%2F%2Fmail.google.com%2Fmail%2F&amp;service=mail&amp;hd=alumnos.upla.cl&amp;sacu=1&amp;flowName=GlifWebSignIn&amp;flowEntry=AddSession\" target=\"_blank\" rel=\"noopener noreferrer nofollow\">Correo del Estudiante<\/a><\/span><\/li>\n<li><span style=\"color: #565656;\"><a href=\"http:\/\/www.upla.cl\/\" target=\"_blank\" rel=\"noopener noreferrer\"><span style=\"color: #565656;\">Sitio Web Institucional<\/span><\/a><\/span><\/li>\n<li><span style=\"color: #565656;\"><a style=\"color: #565656;\" href=\"http:\/\/eaula.upla.cl\/moodle\/index.php\" target=\"_blank\" rel=\"noopener noreferrer nofollow\">E-Aula<\/a> <\/span><\/li>\n<li><span style=\"color: #565656;\"><a style=\"color: #565656;\" href=\"https:\/\/acceso.upla.cl\/Contacto_Institucional\/\" target=\"_blank\" rel=\"noopener noreferrer nofollow\">Contacto Institucional<\/a><\/span><span style=\"color: #565656;\"><span style=\"color: #565656;\"><\/span><\/span><\/li>\n<\/ul>\n<p>[\/et_pb_text][\/et_pb_column][et_pb_column type=\u00bb1_4&#8243; _builder_version=\u00bb4.16&#8243; custom_padding=\u00bb|||\u00bb global_colors_info=\u00bb{}\u00bb custom_padding__hover=\u00bb|||\u00bb][et_pb_text _builder_version=\u00bb4.23.1&#8243; text_text_color=\u00bb#565656&#8243; global_colors_info=\u00bb{}\u00bb]<\/p>\n<ul style=\"list-style-type: disc;\">\n<li><span style=\"color: #565656;\"><a style=\"color: #565656;\" href=\"https:\/\/www.upla.cl\/desarrolloestudiantil\/beneficios-estudiantiles-externos\/\" target=\"_blank\" rel=\"noopener noreferrer\">Beneficios<\/a><\/span><\/li>\n<li><span style=\"color: #565656;\"><a style=\"color: #565656;\" href=\"http:\/\/www.upla.cl\/admision\/\" target=\"_blank\" rel=\"noopener noreferrer\">Admisi\u00f3n<\/a><\/span><\/li>\n<li><span style=\"color: #565656;\"><a style=\"color: #565656;\" href=\"http:\/\/www.upla.cl\/postgrado\/\" target=\"_blank\" rel=\"noopener noreferrer\">Postgrado<\/a><\/span><\/li>\n<\/ul>\n<p>[\/et_pb_text][\/et_pb_column][et_pb_column type=\u00bb1_4&#8243; _builder_version=\u00bb4.16&#8243; custom_padding=\u00bb|||\u00bb global_colors_info=\u00bb{}\u00bb custom_padding__hover=\u00bb|||\u00bb][et_pb_text _builder_version=\u00bb4.23.1&#8243; text_text_color=\u00bb#565656&#8243; global_colors_info=\u00bb{}\u00bb]<\/p>\n<ul style=\"list-style-type: disc;\">\n<li><a href=\"http:\/\/www.upla.cl\/gestioncurricular\/\" target=\"_blank\" rel=\"noopener noreferrer\"><span style=\"color: #565656;\">Secretar\u00eda de Estudios<\/span><\/a><\/li>\n<li><span style=\"color: #565656;\"><a style=\"color: #565656;\" href=\"http:\/\/www.upla.cl\/titulosygrados\/\" target=\"_blank\" rel=\"noopener noreferrer\">T\u00edtulos y Grados<\/a><\/span><\/li>\n<li><span style=\"color: #565656;\"><a style=\"color: #565656;\" href=\"http:\/\/sitios.upla.cl\/aranceles\/\" target=\"_blank\" rel=\"noopener noreferrer nofollow\">Aranceles y Cr\u00e9dito<\/a><\/span><\/li>\n<li><span style=\"color: #565656;\"><a style=\"color: #565656;\" href=\"http:\/\/www.upla.cl\/bibliotecas\/\" target=\"_blank\" rel=\"noopener noreferrer\">Sistema de Bibliotecas<\/a><\/span><\/li>\n<\/ul>\n<p>[\/et_pb_text][\/et_pb_column][et_pb_column type=\u00bb1_4&#8243; _builder_version=\u00bb4.16&#8243; custom_padding=\u00bb|||\u00bb global_colors_info=\u00bb{}\u00bb custom_padding__hover=\u00bb|||\u00bb][et_pb_image src=\u00bbhttps:\/\/www.upla.cl\/portada\/wp-content\/uploads\/2025\/03\/20250311_upla_acreditada_2022-2027-color.png\u00bb alt=\u00bbUPLA Acreditada\u00bb title_text=\u00bbUPLA Acreditada\u00bb url=\u00bbhttps:\/\/www.upla.cl\/calidad\/acreditacion\/\u00bb url_new_window=\u00bbon\u00bb force_fullwidth=\u00bbon\u00bb align_tablet=\u00bbcenter\u00bb align_phone=\u00bb\u00bb align_last_edited=\u00bbon|desktop\u00bb admin_label=\u00bbHeader admisi\u00f3n Upla: acreditaci\u00f3n\u00bb _builder_version=\u00bb4.27.4&#8243; global_colors_info=\u00bb{}\u00bb]<\/p>\n<p>\u00a0<\/p>\n<p>[\/et_pb_image][\/et_pb_column][\/et_pb_row][\/et_pb_section]<\/p>\n","protected":false},"excerpt":{"rendered":"<p>Descripci\u00f3n El Centro Universitario para la Salud y el Bienestar (CUSABI), integra saberes y disciplinas orientadas al cuidado y atenci\u00f3n prioritaria de nuestra comunidad estudiantil. Tambi\u00e9n, recibe a personas provenientes de distintos sectores del Gran Valpara\u00edso, quienes buscan ayuda en los laboratorios y campos cl\u00ednicos de la Facultad de Ciencias de la Salud. Integra servicios [&hellip;]<\/p>\n","protected":false},"author":1,"featured_media":0,"parent":0,"menu_order":18,"comment_status":"closed","ping_status":"closed","template":"","meta":{"_et_pb_use_builder":"on","_et_pb_old_content":"","_et_gb_content_width":"","footnotes":""},"class_list":["post-138","page","type-page","status-publish","hentry"],"_links":{"self":[{"href":"https:\/\/www.upla.cl\/desarrolloestudiantil\/wp-json\/wp\/v2\/pages\/138","targetHints":{"allow":["GET"]}}],"collection":[{"href":"https:\/\/www.upla.cl\/desarrolloestudiantil\/wp-json\/wp\/v2\/pages"}],"about":[{"href":"https:\/\/www.upla.cl\/desarrolloestudiantil\/wp-json\/wp\/v2\/types\/page"}],"author":[{"embeddable":true,"href":"https:\/\/www.upla.cl\/desarrolloestudiantil\/wp-json\/wp\/v2\/users\/1"}],"replies":[{"embeddable":true,"href":"https:\/\/www.upla.cl\/desarrolloestudiantil\/wp-json\/wp\/v2\/comments?post=138"}],"version-history":[{"count":2,"href":"https:\/\/www.upla.cl\/desarrolloestudiantil\/wp-json\/wp\/v2\/pages\/138\/revisions"}],"predecessor-version":[{"id":129552,"href":"https:\/\/www.upla.cl\/desarrolloestudiantil\/wp-json\/wp\/v2\/pages\/138\/revisions\/129552"}],"wp:attachment":[{"href":"https:\/\/www.upla.cl\/desarrolloestudiantil\/wp-json\/wp\/v2\/media?parent=138"}],"curies":[{"name":"wp","href":"https:\/\/api.w.org\/{rel}","templated":true}]}}