{"id":2182,"date":"2013-08-07T15:53:06","date_gmt":"2013-08-07T18:53:06","guid":{"rendered":"http:\/\/www.upla.cl\/calidad\/?page_id=2182"},"modified":"2025-05-22T16:48:10","modified_gmt":"2025-05-22T20:48:10","slug":"acreditacion-institucional","status":"publish","type":"page","link":"https:\/\/www.upla.cl\/calidad\/acreditacion\/acreditacion-institucional\/","title":{"rendered":"Acreditaci\u00f3n Institucional"},"content":{"rendered":"[et_pb_section fb_built=\u00bb1&#8243; fullwidth=\u00bbon\u00bb _builder_version=\u00bb4.16&#8243; global_colors_info=\u00bb{}\u00bb][et_pb_fullwidth_post_title meta=\u00bboff\u00bb featured_placement=\u00bbbackground\u00bb text_color=\u00bblight\u00bb text_background=\u00bbon\u00bb text_bg_color=\u00bbrgba(0,155,219,0.66)\u00bb _builder_version=\u00bb4.16&#8243; title_font_size=\u00bb35px\u00bb title_line_height=\u00bb1.5em\u00bb background_color=\u00bb#009bdb\u00bb background_image=\u00bbhttps:\/\/www.upla.cl\/calidad\/wp-content\/uploads\/2019\/06\/edificioinstitucional_patio.jpg\u00bb parallax=\u00bbon\u00bb parallax_method=\u00bboff\u00bb custom_padding=\u00bb200px||200px||true|false\u00bb global_colors_info=\u00bb{}\u00bb][\/et_pb_fullwidth_post_title][\/et_pb_section][et_pb_section fb_built=\u00bb1&#8243; _builder_version=\u00bb4.16&#8243; custom_padding=\u00bb0px||0px|||\u00bb top_divider_style=\u00bbarrow2&#8243; top_divider_color=\u00bb#0c71c3&#8243; top_divider_height=\u00bb20px\u00bb global_colors_info=\u00bb{}\u00bb][et_pb_row _builder_version=\u00bb4.16&#8243; background_size=\u00bbinitial\u00bb background_position=\u00bbtop_left\u00bb background_repeat=\u00bbrepeat\u00bb custom_padding=\u00bb||0px|||\u00bb global_colors_info=\u00bb{}\u00bb][et_pb_column type=\u00bb4_4&#8243; _builder_version=\u00bb4.16&#8243; custom_padding=\u00bb|||\u00bb global_colors_info=\u00bb{}\u00bb custom_padding__hover=\u00bb|||\u00bb][et_pb_blurb title=\u00bbUPLA: Universidad Acreditada\u00bb image=\u00bbhttps:\/\/www.upla.cl\/calidad\/wp-content\/uploads\/2025\/03\/UPLA_acreditada_2022-2027-editables-01.png\u00bb content_max_width=\u00bb1100px\u00bb _builder_version=\u00bb4.27.4&#8243; header_level=\u00bbh2&#8243; header_font=\u00bb|600|||||||\u00bb header_text_color=\u00bb#0c71c3&#8243; background_color=\u00bbrgba(188,227,250,0.45)\u00bb custom_padding=\u00bb20px|20px|20px|20px|true|true\u00bb border_color_all_image=\u00bb#ffffff\u00bb box_shadow_style_image=\u00bbpreset2&#8243; global_colors_info=\u00bb{}\u00bb]\n<p style=\"text-align: justify;\"><span style=\"font-family: verdana, sans-serif;\">En Mayo de 2022, la Comisi\u00f3n Nacional de Acreditaci\u00f3n resolvi\u00f3 acreditar institucionalmente a la Universidad de Playa Ancha en <strong>Nivel Avanzado<\/strong> por un per\u00edodo de <strong>cinco 5 a\u00f1os<\/strong>, desde mayo de 2022 <strong>hasta mayo de 2027<\/strong> en las \u00c1reas de <strong>Docencia de Pregrado, Gesti\u00f3n Institucional y Vinculaci\u00f3n con el Medio<\/strong>.<\/span><\/p>\n[\/et_pb_blurb][et_pb_button button_url=\u00bbhttp:\/\/www.saca.cnachile.cl\/public\/assets\/institucional\/DocumentosProcesosAcreditacion\/INST-00058-06-00\/NOTIFICACI%C3%93N%20DECISI%C3%93N\/\/UPLA-INST-00058-06-RESD-1.pdf\u00bb url_new_window=\u00bbon\u00bb button_text=\u00bbResoluci\u00f3n Exenta de Acreditaci\u00f3n Institucional N\u00b0 677&#8243; button_alignment=\u00bbcenter\u00bb _builder_version=\u00bb4.18.0&#8243; _module_preset=\u00bbdefault\u00bb custom_button=\u00bbon\u00bb button_text_color=\u00bb#FFFFFF\u00bb button_bg_color=\u00bb#0C71C3&#8243; button_border_color=\u00bb#6B6B6B\u00bb button_icon=\u00bb&#x52;||divi||400&#8243; global_colors_info=\u00bb{}\u00bb][\/et_pb_button][et_pb_button button_url=\u00bbhttps:\/\/www.upla.cl\/calidad\/wp-content\/uploads\/2021\/11\/Resumen-Ejecutivo-Informe-de-Autoevaluacion-Institucional-UPLA-2021.pdf\u00bb url_new_window=\u00bbon\u00bb button_text=\u00bbResumen Ejecutivo Informe Institucional 2021&#8243; button_alignment=\u00bbcenter\u00bb _builder_version=\u00bb4.24.2&#8243; _module_preset=\u00bbdefault\u00bb custom_button=\u00bbon\u00bb button_text_color=\u00bb#FFFFFF\u00bb button_bg_color=\u00bb#0C71C3&#8243; button_border_color=\u00bb#6B6B6B\u00bb button_icon=\u00bb&#x52;||divi||400&#8243; global_colors_info=\u00bb{}\u00bb][\/et_pb_button][\/et_pb_column][\/et_pb_row][\/et_pb_section][et_pb_section fb_built=\u00bb1&#8243; _builder_version=\u00bb4.16&#8243; custom_margin=\u00bb40px|||||\u00bb custom_padding=\u00bb0px||4px||false|false\u00bb top_divider_style=\u00bbarrow3&#8243; top_divider_color=\u00bb#0c71c3&#8243; global_colors_info=\u00bb{}\u00bb][et_pb_row _builder_version=\u00bb4.16&#8243; custom_margin=\u00bb||||false|false\u00bb custom_padding=\u00bb101px||0px||false|false\u00bb global_colors_info=\u00bb{}\u00bb][et_pb_column type=\u00bb4_4&#8243; _builder_version=\u00bb4.16&#8243; global_colors_info=\u00bb{}\u00bb][et_pb_text _builder_version=\u00bb4.17.0&#8243; header_2_text_color=\u00bb#0c71c3&#8243; header_3_text_color=\u00bb#0c71c3&#8243; custom_padding=\u00bb31px||23px|||\u00bb inline_fonts=\u00bbABeeZee,Alata\u00bb global_colors_info=\u00bb{}\u00bb]\n<h2 style=\"text-align: center;\"><span style=\"font-family: Alata; font-weight: normal; font-size: xx-large;\"><strong>Hist\u00f3rico de acreditaci\u00f3n institucional<\/strong><\/span><\/h2>\n[\/et_pb_text][\/et_pb_column][\/et_pb_row][et_pb_row column_structure=\u00bb1_2,1_2&#8243; use_custom_gutter=\u00bbon\u00bb gutter_width=\u00bb1&#8243; make_equal=\u00bbon\u00bb disabled_on=\u00bboff|off|off\u00bb _builder_version=\u00bb4.17.6&#8243; module_alignment=\u00bbcenter\u00bb min_height=\u00bb548px\u00bb custom_margin=\u00bb1px|||0px|false|false\u00bb custom_padding=\u00bb21px||||false|false\u00bb global_colors_info=\u00bb{}\u00bb][et_pb_column type=\u00bb1_2&#8243; _builder_version=\u00bb4.17.6&#8243; background_color=\u00bb#bce3fa\u00bb custom_padding=\u00bb3px||3px||true|false\u00bb global_colors_info=\u00bb{}\u00bb][et_pb_text _builder_version=\u00bb4.18.0&#8243; _module_preset=\u00bbdefault\u00bb custom_padding=\u00bb32px|||||\u00bb global_colors_info=\u00bb{}\u00bb]\n<h2 style=\"text-align: center;\"><strong>CUARTO PROCESO DE<\/strong><\/h2>\n<h2 style=\"text-align: center;\"><strong>ACREDITACI\u00d3N INSTITUCIONAL<\/strong><\/h2>\n[\/et_pb_text][et_pb_blurb title=\u00bbAcuerdo de Acreditaci\u00f3n Institucional N\u00ba 383 CNA-Chile\u00bb image_icon_background_color=\u00bb#009bdb\u00bb icon_placement=\u00bbleft\u00bb image_icon_width=\u00bb27px\u00bb content_max_width=\u00bb1100px\u00bb admin_label=\u00bb2008-2012&#8243; _builder_version=\u00bb4.17.6&#8243; header_text_color=\u00bb#009bdb\u00bb header_font_size=\u00bb27px\u00bb background_color=\u00bbrgba(255,255,255,0.97)\u00bb image_icon_custom_padding=\u00bb8px|8px|8px|8px|false|false\u00bb custom_margin=\u00bb20px|27px|20px|27px|true|true\u00bb custom_padding=\u00bb20px|20px|20px|20px|true|true\u00bb border_color_all=\u00bb#e35000&#8243; border_radii_image=\u00bbon|100%|100%|100%|100%\u00bb border_width_all_image=\u00bb2px\u00bb border_color_all_image=\u00bb#ffffff\u00bb box_shadow_style=\u00bbpreset4&#8243; icon_font_size=\u00bb27px\u00bb use_circle=\u00bbon\u00bb use_circle_border=\u00bbon\u00bb circle_border_color=\u00bb#ffffff\u00bb circle_color=\u00bb#009bdb\u00bb global_colors_info=\u00bb{}\u00bb image_icon_background_color__sticky_enabled=\u00bb#7EBEC5&#8243; image_icon_background_color__sticky=\u00bb#7EBEC5&#8243;]\n<p>La Comisi\u00f3n Nacional de Acreditaci\u00f3n (CNA-Chile) acredit\u00f3 por <strong>5\u00a0a\u00f1os<\/strong> a la Universidad de Playa Ancha en los \u00e1mbitos de <strong>Gesti\u00f3n Institucional y Docencia de Pregrado y Vinculaci\u00f3n con el Medio (2016-2021)<\/strong>.[su_document url=\u00bbhttps:\/\/www.upla.cl\/calidad\/wp-content\/uploads\/2022\/08\/Resolucion-de-Acreditacion-No383-5-anos.pdf\u00bb width=\u00bb1100&#8243; height=\u00bb1600&#8243;]\n[\/et_pb_blurb][et_pb_code _builder_version=\u00bb4.16&#8243; global_colors_info=\u00bb{}\u00bb][\/et_pb_code][\/et_pb_column][et_pb_column type=\u00bb1_2&#8243; _builder_version=\u00bb4.16&#8243; background_color=\u00bb#009bdb\u00bb custom_padding=\u00bb3px||3px||true|false\u00bb global_colors_info=\u00bb{}\u00bb][et_pb_text _builder_version=\u00bb4.18.0&#8243; _module_preset=\u00bbdefault\u00bb custom_padding=\u00bb32px|||||\u00bb global_colors_info=\u00bb{}\u00bb]\n<h2 style=\"text-align: center;\"><strong>TERCER PROCESO DE<\/strong><\/h2>\n<h2 style=\"text-align: center;\"><strong>ACREDITACI\u00d3N INSTITUCIONAL<\/strong><\/h2>\n[\/et_pb_text][et_pb_blurb title=\u00bbAcuerdo de Acreditaci\u00f3n Institucional N\u00ba 179 CNA-Chile\u00bb image_icon_background_color=\u00bb#004562&#8243; icon_placement=\u00bbleft\u00bb image_icon_width=\u00bb27px\u00bb content_max_width=\u00bb1100px\u00bb _builder_version=\u00bb4.17.6&#8243; header_text_color=\u00bb#009bdb\u00bb header_font_size=\u00bb27px\u00bb background_color=\u00bbrgba(255,255,255,0.97)\u00bb image_icon_custom_padding=\u00bb8px|8px|8px|8px|false|false\u00bb custom_margin=\u00bb20px|30px|20px|30px|true|true\u00bb custom_padding=\u00bb20px|20px|20px|20px|true|true\u00bb border_color_all=\u00bb#e35000&#8243; border_radii_image=\u00bbon|100%|100%|100%|100%\u00bb border_width_all_image=\u00bb2px\u00bb border_color_all_image=\u00bb#ffffff\u00bb box_shadow_style=\u00bbpreset4&#8243; icon_font_size=\u00bb27px\u00bb use_circle=\u00bbon\u00bb use_circle_border=\u00bbon\u00bb circle_border_color=\u00bb#ffffff\u00bb circle_color=\u00bb#004562&#8243; global_colors_info=\u00bb{}\u00bb image_icon_background_color__sticky_enabled=\u00bb#7EBEC5&#8243; image_icon_background_color__sticky=\u00bb#7EBEC5&#8243;]\n<p>Documento da cuenta de la acreditaci\u00f3n por <strong>4\u00a0a\u00f1os<\/strong> a la Universidad de Playa Ancha en los \u00e1mbitos de <strong>Gesti\u00f3n Institucional, Docencia de Pregrado y Vinculaci\u00f3n con el Medio (2012-2016).<\/strong>[su_document url=\u00bbhttps:\/\/www.upla.cl\/calidad\/wp-content\/uploads\/2012\/12\/Acuerdo-de-Acreditaci\u00f3n-Institucional-N\u00ba1791.pdf\u00bb width=\u00bb1100&#8243; height=\u00bb1600&#8243;]\n[\/et_pb_blurb][\/et_pb_column][\/et_pb_row][et_pb_row column_structure=\u00bb1_2,1_2&#8243; use_custom_gutter=\u00bbon\u00bb gutter_width=\u00bb1&#8243; make_equal=\u00bbon\u00bb disabled_on=\u00bboff|off|off\u00bb _builder_version=\u00bb4.17.6&#8243; module_alignment=\u00bbcenter\u00bb min_height=\u00bb548px\u00bb custom_margin=\u00bb1px|||0px|false|false\u00bb custom_padding=\u00bb21px||||false|false\u00bb global_colors_info=\u00bb{}\u00bb][et_pb_column type=\u00bb1_2&#8243; _builder_version=\u00bb4.17.6&#8243; background_color=\u00bb#bce3fa\u00bb custom_padding=\u00bb3px||3px||true|false\u00bb global_colors_info=\u00bb{}\u00bb][et_pb_code _builder_version=\u00bb4.16&#8243; global_colors_info=\u00bb{}\u00bb][\/et_pb_code][et_pb_text _builder_version=\u00bb4.18.0&#8243; _module_preset=\u00bbdefault\u00bb custom_padding=\u00bb32px|||||\u00bb global_colors_info=\u00bb{}\u00bb]\n<h2 style=\"text-align: center;\"><strong>SEGUNDO PROCESO DE<\/strong><\/h2>\n<h2 style=\"text-align: center;\"><strong>ACREDITACI\u00d3N INSTITUCIONAL<\/strong><\/h2>\n[\/et_pb_text][et_pb_blurb title=\u00bbAcuerdo de Acreditaci\u00f3n Institucional N\u00ba 059 CNA-Chile\u00bb image_icon_background_color=\u00bb#009bdb\u00bb icon_placement=\u00bbleft\u00bb image_icon_width=\u00bb27px\u00bb content_max_width=\u00bb1100px\u00bb admin_label=\u00bb2008-2012&#8243; _builder_version=\u00bb4.17.6&#8243; header_text_color=\u00bb#009bdb\u00bb header_font_size=\u00bb27px\u00bb background_color=\u00bbrgba(255,255,255,0.97)\u00bb image_icon_custom_padding=\u00bb8px|8px|8px|8px|false|false\u00bb custom_margin=\u00bb20px|27px|20px|27px|true|true\u00bb custom_padding=\u00bb20px|20px|20px|20px|true|true\u00bb border_color_all=\u00bb#e35000&#8243; border_radii_image=\u00bbon|100%|100%|100%|100%\u00bb border_width_all_image=\u00bb2px\u00bb border_color_all_image=\u00bb#ffffff\u00bb box_shadow_style=\u00bbpreset4&#8243; icon_font_size=\u00bb27px\u00bb use_circle=\u00bbon\u00bb use_circle_border=\u00bbon\u00bb circle_border_color=\u00bb#ffffff\u00bb circle_color=\u00bb#009bdb\u00bb global_colors_info=\u00bb{}\u00bb image_icon_background_color__sticky_enabled=\u00bb#7EBEC5&#8243; image_icon_background_color__sticky=\u00bb#7EBEC5&#8243;]\n<p>La Comisi\u00f3n Nacional de Acreditaci\u00f3n (CNA-Chile) acredit\u00f3 por <strong>3\u00a0a\u00f1os<\/strong> a la Universidad de Playa Ancha en los \u00e1mbitos de <strong>Gesti\u00f3n Institucional y Docencia de Pregrado (2008-2012)<\/strong>.[su_document url=\u00bbhttps:\/\/www.cnachile.cl\/res\/inst\/RES-INST-00058-05.pdf\u00bb width=\u00bb1100&#8243; height=\u00bb1600&#8243;]\n[\/et_pb_blurb][\/et_pb_column][et_pb_column type=\u00bb1_2&#8243; _builder_version=\u00bb4.16&#8243; background_color=\u00bb#009bdb\u00bb custom_padding=\u00bb3px||3px||true|false\u00bb global_colors_info=\u00bb{}\u00bb][et_pb_text _builder_version=\u00bb4.18.0&#8243; _module_preset=\u00bbdefault\u00bb custom_margin=\u00bb2px|||||\u00bb custom_padding=\u00bb32px|||||\u00bb global_colors_info=\u00bb{}\u00bb]\n<h2 style=\"text-align: center;\"><strong>PRIMER PROCESO DE<\/strong><\/h2>\n<h2 style=\"text-align: center;\"><strong>ACREDITACI\u00d3N INSTITUCIONAL<\/strong><\/h2>\n[\/et_pb_text][et_pb_blurb title=\u00bbAcuerdo de Acreditaci\u00f3n Institucional N\u00ba 91 &#8211; CNAP-Chile\u00bb image_icon_background_color=\u00bb#bce3fa\u00bb icon_placement=\u00bbleft\u00bb image_icon_width=\u00bb27px\u00bb content_max_width=\u00bb1100px\u00bb admin_label=\u00bb2008-2012&#8243; _builder_version=\u00bb4.17.6&#8243; header_text_color=\u00bb#009bdb\u00bb header_font_size=\u00bb27px\u00bb background_color=\u00bbrgba(255,255,255,0.97)\u00bb image_icon_custom_padding=\u00bb8px|8px|8px|8px|false|false\u00bb custom_margin=\u00bb20px|30px|20px|30px|true|true\u00bb custom_padding=\u00bb20px|20px|20px|20px|true|true\u00bb border_color_all=\u00bb#e35000&#8243; border_radii_image=\u00bbon|100%|100%|100%|100%\u00bb border_width_all_image=\u00bb2px\u00bb border_color_all_image=\u00bb#ffffff\u00bb box_shadow_style=\u00bbpreset4&#8243; icon_font_size=\u00bb27px\u00bb use_circle=\u00bbon\u00bb use_circle_border=\u00bbon\u00bb circle_border_color=\u00bb#ffffff\u00bb circle_color=\u00bb#bce3fa\u00bb global_colors_info=\u00bb{}\u00bb image_icon_background_color__sticky_enabled=\u00bb#7EBEC5&#8243; image_icon_background_color__sticky=\u00bb#7EBEC5&#8243;]\n<p>La Comisi\u00f3n Nacional de Acreditaci\u00f3n de Pregrado (CNAP-Chile) acredit\u00f3 por <strong>2\u00a0a\u00f1os<\/strong> a la Universidad de Playa Ancha en los \u00e1mbitos de <strong>Gesti\u00f3n Institucional y Docencia de Pregrado (2006-2008)<\/strong>.[su_document url=\u00bbhttps:\/\/www.cnachile.cl\/res\/inst\/RES-INST-00058-05.pdf\u00bb width=\u00bb1100&#8243; height=\u00bb1600&#8243;]\n[\/et_pb_blurb][\/et_pb_column][\/et_pb_row][\/et_pb_section][et_pb_section fb_built=\u00bb1&#8243; _builder_version=\u00bb4.16&#8243; custom_margin=\u00bb40px|||||\u00bb custom_padding=\u00bb0px||4px||false|false\u00bb top_divider_style=\u00bbarrow3&#8243; top_divider_color=\u00bb#0c71c3&#8243; global_colors_info=\u00bb{}\u00bb][et_pb_row _builder_version=\u00bb4.16&#8243; custom_margin=\u00bb||||false|false\u00bb custom_padding=\u00bb101px||0px||false|false\u00bb global_colors_info=\u00bb{}\u00bb][et_pb_column type=\u00bb4_4&#8243; _builder_version=\u00bb4.16&#8243; global_colors_info=\u00bb{}\u00bb][et_pb_text _builder_version=\u00bb4.17.0&#8243; header_2_text_color=\u00bb#0c71c3&#8243; header_3_text_color=\u00bb#0c71c3&#8243; custom_padding=\u00bb31px||23px|||\u00bb inline_fonts=\u00bbABeeZee,Alata\u00bb global_colors_info=\u00bb{}\u00bb]\n<h2 style=\"text-align: center;\"><span style=\"font-family: Alata; font-weight: normal; font-size: xx-large;\"><strong>Proceso de Autoevaluaci\u00f3n 2019-2021<\/strong><\/span><\/h2>\n[\/et_pb_text][\/et_pb_column][\/et_pb_row][\/et_pb_section][et_pb_section fb_built=\u00bb1&#8243; _builder_version=\u00bb4.16&#8243; custom_padding=\u00bb0px||0px|||\u00bb locked=\u00bboff\u00bb global_colors_info=\u00bb{}\u00bb][et_pb_row _builder_version=\u00bb4.16&#8243; _module_preset=\u00bbdefault\u00bb global_colors_info=\u00bb{}\u00bb][et_pb_column type=\u00bb4_4&#8243; _builder_version=\u00bb4.16&#8243; _module_preset=\u00bbdefault\u00bb global_colors_info=\u00bb{}\u00bb][et_pb_text _builder_version=\u00bb4.16&#8243; header_3_text_color=\u00bb#0c71c3&#8243; custom_padding=\u00bb19px||14px|||\u00bb global_colors_info=\u00bb{}\u00bb]\n<h1 style=\"text-align: center;\"><strong><span style=\"color: #009bdb; font-size: xx-large;\">Comisi\u00f3n Central de Autoevaluaci\u00f3n Institucional<\/span><\/strong><\/h1>\n[\/et_pb_text][\/et_pb_column][\/et_pb_row][et_pb_row column_structure=\u00bb1_3,2_3&#8243; _builder_version=\u00bb4.16&#8243; background_size=\u00bbinitial\u00bb background_position=\u00bbtop_left\u00bb background_repeat=\u00bbrepeat\u00bb global_colors_info=\u00bb{}\u00bb][et_pb_column type=\u00bb1_3&#8243; _builder_version=\u00bb4.16&#8243; custom_padding=\u00bb|||\u00bb global_colors_info=\u00bb{}\u00bb custom_padding__hover=\u00bb|||\u00bb][et_pb_text _builder_version=\u00bb4.16&#8243; link_option_url=\u00bbhttps:\/\/www.upla.cl\/calidad\/wp-content\/uploads\/2019\/06\/2019_0520_dto_exto_0448-2019_comisionautoevaluacion.pdf\u00bb global_colors_info=\u00bb{}\u00bb]\n<blockquote>\n<h1><strong><span style=\"color: #333333;\">Decreto Exento 0448\/2019<\/span><\/strong><\/h1>\n<\/blockquote>\n<h2><span style=\"color: #333333;\">Aprueba creaci\u00f3n de Comisi\u00f3n Central de Autoevaluaci\u00f3n Institucional<\/span><\/h2>\n[su_document url=\u00bbhttps:\/\/www.upla.cl\/calidad\/wp-content\/uploads\/2019\/06\/2019_0520_dto_exto_0448-2019_comisionautoevaluacion.pdf\u00bb width=\u00bb1100&#8243; height=\u00bb1600&#8243;]\n[\/et_pb_text][\/et_pb_column][et_pb_column type=\u00bb2_3&#8243; _builder_version=\u00bb4.16&#8243; custom_padding=\u00bb|||\u00bb global_colors_info=\u00bb{}\u00bb custom_padding__hover=\u00bb|||\u00bb][et_pb_text _builder_version=\u00bb4.16&#8243; global_colors_info=\u00bb{}\u00bb]\n<h1 style=\"text-align: justify;\"><span style=\"font-family: inherit; font-weight: normal; font-size: large;\">Por ser una instituci\u00f3n de educaci\u00f3n superior cuyos fines esenciales son el cultivo, la transmisi\u00f3n y el incremento del saber; por su atenci\u00f3n a la docencia, la investigaci\u00f3n y la extensi\u00f3n; por su car\u00e1cter de universidad estatal, que le exige criterios y est\u00e1ndares de calidad; atendiendo a la normativa legal que establece la necesidad de determinar mecanismos que permitan coordinar e implementar los procesos de gesti\u00f3n, evaluaci\u00f3n y aseguramiento de la calidad, as\u00ed como los procesos de acreditaci\u00f3n institucionales, as\u00ed como tambi\u00e9n de programas y carreras; por el reconocimiento de la autoevaluaci\u00f3n como un proceso partitivo de an\u00e1lisis y evaluaci\u00f3n del quehacer universitario, la Universidad de Playa Ancha, a partir del 16 de mayo de 2019 cuenta con una <strong>Comisi\u00f3n Central de Autoevaluaci\u00f3n Institucional<\/strong>, encargada de dirigir, gestionar, promover y\/o ponderar los procesos de autoevaluaci\u00f3n, con el objeto de coordinar planes y acciones que permitan elaborar el informe de autoevaluaci\u00f3n institucional, en el contexto de los planes de mejora, los prop\u00f3sitos y fines de la Universidad.<\/span><\/h1>\n[\/et_pb_text][\/et_pb_column][\/et_pb_row][et_pb_row _builder_version=\u00bb4.16&#8243; _module_preset=\u00bbdefault\u00bb global_colors_info=\u00bb{}\u00bb][et_pb_column type=\u00bb4_4&#8243; _builder_version=\u00bb4.16&#8243; _module_preset=\u00bbdefault\u00bb global_colors_info=\u00bb{}\u00bb][et_pb_text _builder_version=\u00bb4.16&#8243; header_3_text_color=\u00bb#0c71c3&#8243; custom_padding=\u00bb19px||14px|||\u00bb global_colors_info=\u00bb{}\u00bb]\n<h1 style=\"text-align: center;\"><strong><span style=\"color: #009bdb; font-size: xx-large;\">Desarrollo del Proceso de Autoevaluaci\u00f3n Institucional 2019-2021<\/span><\/strong><\/h1>\n[\/et_pb_text][\/et_pb_column][\/et_pb_row][et_pb_row _builder_version=\u00bb4.16&#8243; _module_preset=\u00bbdefault\u00bb global_colors_info=\u00bb{}\u00bb][et_pb_column type=\u00bb4_4&#8243; _builder_version=\u00bb4.16&#8243; _module_preset=\u00bbdefault\u00bb global_colors_info=\u00bb{}\u00bb][et_pb_text _builder_version=\u00bb4.16&#8243; text_font=\u00bb||||||||\u00bb text_line_height=\u00bb2em\u00bb header_font=\u00bb||||||||\u00bb header_2_font=\u00bbWork Sans|700|||||||\u00bb header_2_font_size=\u00bb25px\u00bb header_2_line_height=\u00bb1.5em\u00bb width=\u00bb100%\u00bb max_width_tablet=\u00bb\u00bb max_width_phone=\u00bb\u00bb max_width_last_edited=\u00bbon|tablet\u00bb custom_margin=\u00bb||-3px|||\u00bb custom_padding=\u00bb0px||0px|||\u00bb header_2_font_size_tablet=\u00bb30px\u00bb header_2_font_size_phone=\u00bb15px\u00bb header_2_font_size_last_edited=\u00bbon|desktop\u00bb locked=\u00bboff\u00bb inline_fonts=\u00bbGeorgia\u00bb global_colors_info=\u00bb{}\u00bb header_font_size__hover=\u00bb30px\u00bb header_font_size__hover_enabled=\u00bb30px\u00bb header_letter_spacing__hover=\u00bb0px\u00bb header_letter_spacing__hover_enabled=\u00bb0px\u00bb header_text_shadow_style__hover=\u00bbnone\u00bb header_text_shadow_style__hover_enabled=\u00bbnone\u00bb header_text_shadow_color__hover=\u00bbrgba(0,0,0,0.4)\u00bb header_text_shadow_color__hover_enabled=\u00bbrgba(0,0,0,0.4)\u00bb header_2_font_size__hover=\u00bb26px\u00bb header_2_font_size__hover_enabled=\u00bb26px\u00bb header_2_letter_spacing__hover=\u00bb0px\u00bb header_2_letter_spacing__hover_enabled=\u00bb0px\u00bb header_2_line_height__hover=\u00bb1em\u00bb header_2_line_height__hover_enabled=\u00bb1em\u00bb header_2_text_shadow_style__hover=\u00bbnone\u00bb header_2_text_shadow_style__hover_enabled=\u00bbnone\u00bb header_2_text_shadow_color__hover=\u00bbrgba(0,0,0,0.4)\u00bb header_2_text_shadow_color__hover_enabled=\u00bbrgba(0,0,0,0.4)\u00bb header_3_font_size__hover=\u00bb22px\u00bb header_3_font_size__hover_enabled=\u00bb22px\u00bb header_3_letter_spacing__hover=\u00bb0px\u00bb header_3_letter_spacing__hover_enabled=\u00bb0px\u00bb header_3_line_height__hover=\u00bb1em\u00bb header_3_line_height__hover_enabled=\u00bb1em\u00bb header_3_text_shadow_style__hover=\u00bbnone\u00bb header_3_text_shadow_style__hover_enabled=\u00bbnone\u00bb header_3_text_shadow_color__hover=\u00bbrgba(0,0,0,0.4)\u00bb header_3_text_shadow_color__hover_enabled=\u00bbrgba(0,0,0,0.4)\u00bb header_4_font_size__hover=\u00bb18px\u00bb header_4_font_size__hover_enabled=\u00bb18px\u00bb header_4_letter_spacing__hover=\u00bb0px\u00bb header_4_letter_spacing__hover_enabled=\u00bb0px\u00bb header_4_line_height__hover=\u00bb1em\u00bb header_4_line_height__hover_enabled=\u00bb1em\u00bb header_4_text_shadow_style__hover=\u00bbnone\u00bb header_4_text_shadow_style__hover_enabled=\u00bbnone\u00bb header_4_text_shadow_color__hover=\u00bbrgba(0,0,0,0.4)\u00bb header_4_text_shadow_color__hover_enabled=\u00bbrgba(0,0,0,0.4)\u00bb header_5_font_size__hover=\u00bb16px\u00bb header_5_font_size__hover_enabled=\u00bb16px\u00bb header_5_letter_spacing__hover=\u00bb0px\u00bb header_5_letter_spacing__hover_enabled=\u00bb0px\u00bb header_5_line_height__hover=\u00bb1em\u00bb header_5_line_height__hover_enabled=\u00bb1em\u00bb header_5_text_shadow_style__hover=\u00bbnone\u00bb header_5_text_shadow_style__hover_enabled=\u00bbnone\u00bb header_5_text_shadow_color__hover=\u00bbrgba(0,0,0,0.4)\u00bb header_5_text_shadow_color__hover_enabled=\u00bbrgba(0,0,0,0.4)\u00bb header_6_font_size__hover=\u00bb14px\u00bb header_6_font_size__hover_enabled=\u00bb14px\u00bb header_6_letter_spacing__hover=\u00bb0px\u00bb header_6_letter_spacing__hover_enabled=\u00bb0px\u00bb header_6_line_height__hover=\u00bb1em\u00bb header_6_line_height__hover_enabled=\u00bb1em\u00bb header_6_text_shadow_style__hover=\u00bbnone\u00bb header_6_text_shadow_style__hover_enabled=\u00bbnone\u00bb header_6_text_shadow_color__hover=\u00bbrgba(0,0,0,0.4)\u00bb header_6_text_shadow_color__hover_enabled=\u00bbrgba(0,0,0,0.4)\u00bb text_letter_spacing__hover=\u00bb0px\u00bb text_letter_spacing__hover_enabled=\u00bb0px\u00bb text_text_shadow_style__hover=\u00bbnone\u00bb text_text_shadow_style__hover_enabled=\u00bbnone\u00bb text_text_shadow_color__hover=\u00bbrgba(0,0,0,0.4)\u00bb text_text_shadow_color__hover_enabled=\u00bbrgba(0,0,0,0.4)\u00bb]\n<p><span style=\"font-size: large;\">La <span style=\"color: #009bdb;\">Universidad de Playa Ancha<\/span> se encuentra en plena Fase 10 del Proceso de Acreditaci\u00f3n Institucional, correspondiente a la <span style=\"text-decoration: underline;\"><a href=\"https:\/\/www.upla.cl\/calidad\/2021\/11\/11\/dra-teresa-bruna-valiente-es-muy-importante-que-la-comunidad-upla-se-informe-de-forma-activa-durante-toda-la-fase-de-difusion-de-resultados-de-autoevaluacion-institucional\/\" target=\"_blank\" rel=\"noopener\">etapa de difusi\u00f3n de los principales resultados de la Autoevaluaci\u00f3n Institucional<\/a><\/span> y preparaci\u00f3n para la Visita de Pares Evaluadores Externos, en el contexto de su actual Proceso de Evaluaci\u00f3n ante la <span style=\"color: #009bdb;\">Comisi\u00f3n Nacional de Acreditaci\u00f3n (CNA)<\/span>.<\/span><\/p>\n<p><span style=\"font-size: large;\"><\/span><\/p>\n<p><span style=\"font-size: large;\">El proceso de Autoevaluaci\u00f3n Institucional cont\u00f3 con un trabajo comprometido y coordinado, <span style=\"text-decoration: underline;\"><a href=\"https:\/\/www.upla.cl\/noticias\/2019\/05\/22\/proceso-de-acreditacion-rector-sanhueza-llama-a-todos-a-sumarse-a-la-cultura-de-la-calidad\/\" target=\"_blank\" rel=\"noopener\">el que fue oficializado el 22 de mayo de 2019 en nuestra Aula Magna<\/a><\/span>, Dr. Felix Morales Pettorino, en un acto solemne donde se constituy\u00f3 la <span style=\"color: #009bdb;\">Comisi\u00f3n Central de Autoevaluaci\u00f3n Institucional<\/span> (oficializada mediante el <span style=\"text-decoration: underline;\"><a href=\"https:\/\/www.upla.cl\/calidad\/wp-content\/uploads\/2019\/06\/2019_0520_dto_exto_0448-2019_comisionautoevaluacion.pdf\" target=\"_blank\" rel=\"noopener\">Decreto Exento N\u00b0 448\/2019<\/a><\/span>). Esta comisi\u00f3n fue presidida por nuestro <span style=\"color: #009bdb;\">Rector, Patricio Sanhueza Vivanco e integrada de forma permanente por el Gabinete de Rector\u00eda, Decanos y Decanas de las ocho Facultades, Vicerrectores, Vicerrectoras, Directores y Directoras Generales de Unidades UPLA e Instituto Tecnol\u00f3gico<\/span>.<\/span><\/p>\n<p><span style=\"font-size: large;\"><\/span><\/p>\n<p><span style=\"font-size: large;\">Una vez <span style=\"text-decoration: underline;\"><a href=\"https:\/\/www.upla.cl\/calidad\/2019\/06\/26\/upla-inicio-fase-clave-en-proceso-de-aseguramiento-de-la-calidad-2021\/\" target=\"_blank\" rel=\"noopener\">oficializada la Comisi\u00f3n Central de Autoevaluaci\u00f3n Institucional<\/a><\/span> se crearon tres <span style=\"color: #009bdb;\">Subcomisiones por \u00c1reas de Acreditaci\u00f3n: Gesti\u00f3n Institucional, Docencia de Pregrado y Vinculaci\u00f3n con el Medio<\/span>. Adem\u00e1s, se cre\u00f3 la <span style=\"color: #000000;\">Subcomisi\u00f3n de \u00c1rea de Investigaci\u00f3n<\/span> la que finalmente se integr\u00f3 en las Subcomisiones de Docencia y Vinculaci\u00f3n.<\/span><\/p>\n<p><span style=\"font-size: large;\">Constituida la Comisi\u00f3n Central de Autoevaluaci\u00f3n Institucional y la organizaci\u00f3n de las Subcomisiones por \u00c1rea, se ha desarrollado el Proceso en 12 Fases.<\/span><\/p>\n<p><span style=\"font-size: large;\"><\/span><\/p>\n[\/et_pb_text][\/et_pb_column][\/et_pb_row][et_pb_row column_structure=\u00bb1_2,1_2&#8243; _builder_version=\u00bb4.16&#8243; _module_preset=\u00bbdefault\u00bb global_colors_info=\u00bb{}\u00bb][et_pb_column type=\u00bb1_2&#8243; _builder_version=\u00bb4.16&#8243; _module_preset=\u00bbdefault\u00bb global_colors_info=\u00bb{}\u00bb][et_pb_text _builder_version=\u00bb4.16&#8243; text_font=\u00bb||||||||\u00bb text_line_height=\u00bb2em\u00bb header_font=\u00bb||||||||\u00bb header_2_font=\u00bbWork Sans|700|||||||\u00bb header_2_font_size=\u00bb25px\u00bb header_2_line_height=\u00bb1.5em\u00bb width=\u00bb100%\u00bb max_width_tablet=\u00bb\u00bb max_width_phone=\u00bb\u00bb max_width_last_edited=\u00bbon|tablet\u00bb custom_margin=\u00bb||-3px|||\u00bb custom_padding=\u00bb0px||0px|||\u00bb header_2_font_size_tablet=\u00bb30px\u00bb header_2_font_size_phone=\u00bb15px\u00bb header_2_font_size_last_edited=\u00bbon|desktop\u00bb locked=\u00bboff\u00bb inline_fonts=\u00bbGeorgia\u00bb global_colors_info=\u00bb{}\u00bb header_font_size__hover=\u00bb30px\u00bb header_font_size__hover_enabled=\u00bb30px\u00bb header_letter_spacing__hover=\u00bb0px\u00bb header_letter_spacing__hover_enabled=\u00bb0px\u00bb header_text_shadow_style__hover=\u00bbnone\u00bb header_text_shadow_style__hover_enabled=\u00bbnone\u00bb header_text_shadow_color__hover=\u00bbrgba(0,0,0,0.4)\u00bb header_text_shadow_color__hover_enabled=\u00bbrgba(0,0,0,0.4)\u00bb header_2_font_size__hover=\u00bb26px\u00bb header_2_font_size__hover_enabled=\u00bb26px\u00bb header_2_letter_spacing__hover=\u00bb0px\u00bb header_2_letter_spacing__hover_enabled=\u00bb0px\u00bb header_2_line_height__hover=\u00bb1em\u00bb header_2_line_height__hover_enabled=\u00bb1em\u00bb header_2_text_shadow_style__hover=\u00bbnone\u00bb header_2_text_shadow_style__hover_enabled=\u00bbnone\u00bb header_2_text_shadow_color__hover=\u00bbrgba(0,0,0,0.4)\u00bb header_2_text_shadow_color__hover_enabled=\u00bbrgba(0,0,0,0.4)\u00bb header_3_font_size__hover=\u00bb22px\u00bb header_3_font_size__hover_enabled=\u00bb22px\u00bb header_3_letter_spacing__hover=\u00bb0px\u00bb header_3_letter_spacing__hover_enabled=\u00bb0px\u00bb header_3_line_height__hover=\u00bb1em\u00bb header_3_line_height__hover_enabled=\u00bb1em\u00bb header_3_text_shadow_style__hover=\u00bbnone\u00bb header_3_text_shadow_style__hover_enabled=\u00bbnone\u00bb header_3_text_shadow_color__hover=\u00bbrgba(0,0,0,0.4)\u00bb header_3_text_shadow_color__hover_enabled=\u00bbrgba(0,0,0,0.4)\u00bb header_4_font_size__hover=\u00bb18px\u00bb header_4_font_size__hover_enabled=\u00bb18px\u00bb header_4_letter_spacing__hover=\u00bb0px\u00bb header_4_letter_spacing__hover_enabled=\u00bb0px\u00bb header_4_line_height__hover=\u00bb1em\u00bb header_4_line_height__hover_enabled=\u00bb1em\u00bb header_4_text_shadow_style__hover=\u00bbnone\u00bb header_4_text_shadow_style__hover_enabled=\u00bbnone\u00bb header_4_text_shadow_color__hover=\u00bbrgba(0,0,0,0.4)\u00bb header_4_text_shadow_color__hover_enabled=\u00bbrgba(0,0,0,0.4)\u00bb header_5_font_size__hover=\u00bb16px\u00bb header_5_font_size__hover_enabled=\u00bb16px\u00bb header_5_letter_spacing__hover=\u00bb0px\u00bb header_5_letter_spacing__hover_enabled=\u00bb0px\u00bb header_5_line_height__hover=\u00bb1em\u00bb header_5_line_height__hover_enabled=\u00bb1em\u00bb header_5_text_shadow_style__hover=\u00bbnone\u00bb header_5_text_shadow_style__hover_enabled=\u00bbnone\u00bb header_5_text_shadow_color__hover=\u00bbrgba(0,0,0,0.4)\u00bb header_5_text_shadow_color__hover_enabled=\u00bbrgba(0,0,0,0.4)\u00bb header_6_font_size__hover=\u00bb14px\u00bb header_6_font_size__hover_enabled=\u00bb14px\u00bb header_6_letter_spacing__hover=\u00bb0px\u00bb header_6_letter_spacing__hover_enabled=\u00bb0px\u00bb header_6_line_height__hover=\u00bb1em\u00bb header_6_line_height__hover_enabled=\u00bb1em\u00bb header_6_text_shadow_style__hover=\u00bbnone\u00bb header_6_text_shadow_style__hover_enabled=\u00bbnone\u00bb header_6_text_shadow_color__hover=\u00bbrgba(0,0,0,0.4)\u00bb header_6_text_shadow_color__hover_enabled=\u00bbrgba(0,0,0,0.4)\u00bb text_letter_spacing__hover=\u00bb0px\u00bb text_letter_spacing__hover_enabled=\u00bb0px\u00bb text_text_shadow_style__hover=\u00bbnone\u00bb text_text_shadow_style__hover_enabled=\u00bbnone\u00bb text_text_shadow_color__hover=\u00bbrgba(0,0,0,0.4)\u00bb text_text_shadow_color__hover_enabled=\u00bbrgba(0,0,0,0.4)\u00bb]\n<p><span style=\"font-size: large;\"><\/span><span style=\"font-size: large;\"><\/span><span style=\"font-size: large;\">Esta organizaci\u00f3n permiti\u00f3 que las diferentes instancias institucionales como Vicerrector\u00edas, Decanaturas y Direcciones contaran con facultades para promover y agenciar el Proceso de Autoevaluaci\u00f3n, el que consider\u00f3, entre otros, el desarrollo de diversas acciones para la identificaci\u00f3n de fortalezas y debilidades con respecto a los mecanismos para la verificaci\u00f3n del cumplimiento oportuno y satisfactorio de los objetivos y prop\u00f3sitos institucionales definidos.<\/span><\/p>\n<p><span style=\"font-size: large;\">A nivel central se realiz\u00f3 peri\u00f3dicamente un monitoreo de los compromisos institucionales desde el C\u00edrculo de Calidad, a partir de 2016 a la fecha. La instituci\u00f3n desde la activaci\u00f3n del proceso en mayo de 2019, y previamente en la elaboraci\u00f3n de informes de gesti\u00f3n correspondientes al primer quinquenio evaluativo (2016-2020) del PDEI 2016-2025, ha estado trabajando activamente en estos procesos. El Gabinete de Rector\u00eda incorpor\u00f3 a sus sesiones como invitada permanente a la Direcci\u00f3n General de Gesti\u00f3n de la Calidad (DIRGECAL), representada por su Directora General, Dra. Teresa Bruna Valiente (Secretar\u00eda Ejecutiva de Autoevaluaci\u00f3n Institucional) para visualizar, en cada t\u00f3pico abordado, al igual que en el Comit\u00e9 de Desarrollo, para aportar al despliegue de los compromisos y de los avances de los procesos institucionales con miras a la renovaci\u00f3n del estado de Acreditaci\u00f3n Institucional.<\/span><\/p>\n<p><span style=\"font-size: large;\">En este sentido, la DIRGECAL apoy\u00f3 t\u00e9cnicamente (*) a las Subcomisiones que fueron integrando al trabajo autoevaluativo informaci\u00f3n cuantitativa y cualitativa proporcionada, con el fin de apoyarlas en la elaboraci\u00f3n de los Informes de Avances de Subcomisiones de Autoevaluaci\u00f3n. Cada subcomisi\u00f3n env\u00edo a la DIRGECAL sus informes de avances en los meses de mayo, junio, septiembre y noviembre de 2020. Posteriormente, durante el a\u00f1o 2021, se continu\u00f3 trabajando en el Informe de Autoevaluaci\u00f3n Institucional afinando detalles y editando el documento.<\/span><span style=\"font-size: large;\"><\/span><\/p>\n<p><span style=\"font-size: large;\"><\/span><\/p>\n<p><span style=\"font-size: large;\"><\/span><\/p>\n[\/et_pb_text][\/et_pb_column][et_pb_column type=\u00bb1_2&#8243; _builder_version=\u00bb4.16&#8243; _module_preset=\u00bbdefault\u00bb global_colors_info=\u00bb{}\u00bb][et_pb_text _builder_version=\u00bb4.16&#8243; _module_preset=\u00bbdefault\u00bb background_color=\u00bb#D6D6D6&#8243; custom_margin=\u00bb0px|||||\u00bb custom_padding=\u00bb22px|15px|16px|18px||\u00bb locked=\u00bboff\u00bb global_colors_info=\u00bb{}\u00bb]\n<p><span style=\"font-size: x-large;\"><strong>(*) Apoyo t\u00e9cnico de la Direcci\u00f3n General de Gesti\u00f3n de la Calidad<\/strong><\/span><\/p>\n<p><span style=\"font-size: x-large;\"><strong><\/strong><\/span><\/p>\n<p><span style=\"font-size: x-large;\"><strong><\/strong><\/span><\/p>\n<ul>\n<li>Inducci\u00f3n y capacitaci\u00f3n de los equipos para la conducci\u00f3n del proceso entre los meses de junio y agosto de 2019, por medio de reuniones sistem\u00e1ticas del Gabinete de Rector\u00eda y con la participaci\u00f3n regular de los miembros claves.<\/li>\n<li>Transferencia respecto al monitoreo de los avances y al cumplimiento de los compromisos del proceso de acreditaci\u00f3n precedente, principalmente en lo que se refiere al Plan de Mejora Institucional (PMI) del informe anterior, y las debilidades identificadas en la resoluci\u00f3n de la CNA que se integr\u00f3 al Plan de Mejora Institucional Consolidado.<\/li>\n<li>Transferencia de las Fichas Descriptivas para la Mejora Continua (instrumento creado en el proceso anterior) de todas las unidades administrativas y acad\u00e9micas de la UPLA, lo que constituy\u00f3 el primer ejercicio auto evaluativo y participativo de la comunidad en su conjunto. El trabajo realizado en estas fichas aport\u00f3 los primeros nudos cr\u00edticos, los que sirvieron de base para el trabajo de cada subcomisi\u00f3n. Como medio de verificador de este proceso, se cuenta con un total de 14 macro fichas, que incluyen todas las dependencias administrativas y acad\u00e9micas de la Universidad.<\/li>\n<li>Tambi\u00e9n, se comparti\u00f3 a los y las integrantes de la Comisi\u00f3n Central y Subcomisiones por \u00c1rea, el documento: \u201cMarco de Referencia para la Autoevaluaci\u00f3n Institucional\u201d, el cual contiene el enfoque y sistema de calidad de la Universidad de Playa Ancha.<\/li>\n<li>Resultados y an\u00e1lisis estad\u00edstico de la <span style=\"text-decoration: underline;\"><a href=\"https:\/\/www.upla.cl\/noticias\/2020\/03\/11\/se-inicia-consulta-a-informantes-clave-para-el-proceso-de-autoevaluacion-institucional\/\" target=\"_blank\" rel=\"noopener\">Consulta de Informantes Claves<\/a><\/span>, tanto internos como externos (Agosto 2019 &#8211; Agosto 2020)<\/li>\n<\/ul>\n[\/et_pb_text][\/et_pb_column][\/et_pb_row][et_pb_row _builder_version=\u00bb4.16&#8243; _module_preset=\u00bbdefault\u00bb global_colors_info=\u00bb{}\u00bb][et_pb_column type=\u00bb4_4&#8243; _builder_version=\u00bb4.16&#8243; _module_preset=\u00bbdefault\u00bb global_colors_info=\u00bb{}\u00bb][et_pb_text _builder_version=\u00bb4.16&#8243; header_3_text_color=\u00bb#0c71c3&#8243; custom_padding=\u00bb19px||14px|||\u00bb global_colors_info=\u00bb{}\u00bb]\n<h1 style=\"text-align: center;\"><strong><span style=\"color: #009bdb; font-size: xx-large;\">\u00a0Noticias del Proceso de Autoevaluaci\u00f3n Institucional 2019-2021<\/span><\/strong><\/h1>\n[\/et_pb_text][\/et_pb_column][\/et_pb_row][et_pb_row _builder_version=\u00bb4.16&#8243; background_size=\u00bbinitial\u00bb background_position=\u00bbtop_left\u00bb background_repeat=\u00bbrepeat\u00bb global_colors_info=\u00bb{}\u00bb][et_pb_column type=\u00bb4_4&#8243; _builder_version=\u00bb4.16&#8243; custom_padding=\u00bb|||\u00bb global_colors_info=\u00bb{}\u00bb custom_padding__hover=\u00bb|||\u00bb][et_pb_blog fullwidth=\u00bboff\u00bb posts_number=\u00bb20&#8243; include_categories=\u00bb98&#8243; meta_date=\u00bbj M Y\u00bb show_more=\u00bbon\u00bb show_author=\u00bboff\u00bb show_categories=\u00bboff\u00bb show_excerpt=\u00bboff\u00bb admin_label=\u00bbNoticias sobre autoevaluaci\u00f3n\u00bb _builder_version=\u00bb4.22.2&#8243; background_color=\u00bb#e5e5e5&#8243; background_enable_image=\u00bboff\u00bb min_height=\u00bb144.2px\u00bb custom_margin=\u00bb2px|||||\u00bb custom_padding=\u00bb50px||3px|||\u00bb border_width_top=\u00bb1px\u00bb border_color_top=\u00bbRGBA(255,255,255,0)\u00bb border_style_top=\u00bboutset\u00bb global_colors_info=\u00bb{}\u00bb][\/et_pb_blog][\/et_pb_column][\/et_pb_row][\/et_pb_section]\n","protected":false},"excerpt":{"rendered":"<p>En Mayo de 2022, la Comisi\u00f3n Nacional de Acreditaci\u00f3n resolvi\u00f3 acreditar institucionalmente a la Universidad de Playa Ancha en Nivel Avanzado por un per\u00edodo de cinco 5 a\u00f1os, desde mayo de 2022 hasta mayo de 2027 en las \u00c1reas de Docencia de Pregrado, Gesti\u00f3n Institucional y Vinculaci\u00f3n con el Medio.Hist\u00f3rico de acreditaci\u00f3n institucionalCUARTO PROCESO DE [&hellip;]<\/p>\n","protected":false},"author":2,"featured_media":127217,"parent":2152,"menu_order":2,"comment_status":"closed","ping_status":"closed","template":"","meta":{"_et_pb_use_builder":"on","_et_pb_old_content":"<table><tbody><tr style=\"background-color: #0099cc;\"><td colspan=\"2\"><h2 style=\"text-align: center;\"><strong><span style=\"color: #ffffff;\">UNIVERSIDAD ACREDITADA<\/span><\/strong><\/h2><p style=\"text-align: center;\"><strong><span style=\"color: #f5f5dc;\">La Comisi\u00f3n Nacional de Acreditaci\u00f3n resolvi\u00f3 acreditar institucionalmente a la Universidad de Playa Ancha por un periodo de 5 a\u00f1os a partir del 27 de septiembre de 2016 hasta el 27 de septiembre de 2021, en las \u00e1reas de Gesti\u00f3n Institucional, Docencia de Pregrado y Vinculaci\u00f3n con el Medio.<\/span><\/strong><\/p><\/td><\/tr><tr><td style=\"text-align: center;\"><img class=\"aligncenter wp-image-3768\" src=\"https:\/\/www.upla.cl\/calidad\/wp-content\/uploads\/2013\/08\/2016_1110_upla_acreditacion5.png\" alt=\"2016_1110_upla_acreditacion5\" width=\"486\" height=\"77\" \/><\/td><td><a style=\"line-height: 19px;\" href=\"https:\/\/www.upla.cl\/calidad\/wp-content\/uploads\/2017\/01\/Resoluci\u00f3n-de-Acreditaci\u00f3n-N\u00ba383-5-a\u00f1os.pdf\" target=\"_blank\" rel=\"noopener\"><img class=\"aligncenter\" src=\"https:\/\/www.upla.cl\/calidad\/wp-content\/uploads\/2013\/07\/boton-leer-acuerdo.jpg\" alt=\"BOTON_leer_acuerdo\" width=\"58\" height=\"58\" \/><\/a><\/td><\/tr><tr><td colspan=\"2\"><span style=\"line-height: 19px;\"><span style=\"line-height: 19px;\"><a href=\"https:\/\/www.upla.cl\/calidad\/wp-content\/uploads\/2012\/05\/casacentral1.jpg\" rel=\"lightbox\"><img class=\"aligncenter\" title=\"casa_central\" src=\"https:\/\/www.upla.cl\/calidad\/wp-content\/uploads\/2012\/05\/casacentral1.jpg\" alt=\"\" width=\"630\" height=\"314\" \/><\/a> <\/span><\/span><\/td><\/tr><tr><td colspan=\"2\">\u00a0<\/td><\/tr><tr style=\"background-color: #708090;\"><td style=\"text-align: center;\" colspan=\"2\"><span style=\"color: #ffffff;\"><strong>Mas informaci\u00f3n<\/strong><\/span><\/td><\/tr><tr style=\"background-color: #d6eef6;\"><td style=\"text-align: center;\"><span style=\"color: #666666;\"><strong>Proceso de Acreditaci\u00f3n Institucional 2016.<br \/>\"Acreditaci\u00f3n. Participar y Saber\"<\/strong><\/span><\/td><td style=\"text-align: center;\"><a href=\"http:\/\/www.upla.cl\/nuestrauniversidad\/2016\/04\/28\/nuestra-universidad\/\" target=\"_blank\" rel=\"noopener\"><img class=\"aligncenter wp-image-3749\" src=\"https:\/\/www.upla.cl\/calidad\/wp-content\/uploads\/2016\/10\/proceso-de-acreditacion-2016.jpg\" alt=\"proceso-de-acreditacion-2016\" width=\"139\" height=\"62\" \/><\/a><\/td><\/tr><tr style=\"background-color: #d6eef6;\"><td style=\"text-align: center;\"><span style=\"color: #666666;\"><strong>Acuerdos de Acreditaci\u00f3n anteriores<\/strong><\/span><\/td><td style=\"text-align: center;\"><a href=\"https:\/\/www.upla.cl\/calidad\/acreditacion-upla\/acreditacion-institucional\/historico-de-acreditacion\/\"><img class=\"wp-image-1838 aligncenter\" src=\"https:\/\/www.upla.cl\/calidad\/wp-content\/uploads\/2012\/05\/Historico-Acreditacion-Institucional.jpg\" alt=\"Historico Acreditacion Institucional\" width=\"139\" height=\"62\" \/><\/a><\/td><\/tr><\/tbody><\/table><p>\u00a0<\/p>","_et_gb_content_width":"","footnotes":""},"class_list":["post-2182","page","type-page","status-publish","has-post-thumbnail","hentry"],"_links":{"self":[{"href":"https:\/\/www.upla.cl\/calidad\/wp-json\/wp\/v2\/pages\/2182","targetHints":{"allow":["GET"]}}],"collection":[{"href":"https:\/\/www.upla.cl\/calidad\/wp-json\/wp\/v2\/pages"}],"about":[{"href":"https:\/\/www.upla.cl\/calidad\/wp-json\/wp\/v2\/types\/page"}],"author":[{"embeddable":true,"href":"https:\/\/www.upla.cl\/calidad\/wp-json\/wp\/v2\/users\/2"}],"replies":[{"embeddable":true,"href":"https:\/\/www.upla.cl\/calidad\/wp-json\/wp\/v2\/comments?post=2182"}],"version-history":[{"count":92,"href":"https:\/\/www.upla.cl\/calidad\/wp-json\/wp\/v2\/pages\/2182\/revisions"}],"predecessor-version":[{"id":130793,"href":"https:\/\/www.upla.cl\/calidad\/wp-json\/wp\/v2\/pages\/2182\/revisions\/130793"}],"up":[{"embeddable":true,"href":"https:\/\/www.upla.cl\/calidad\/wp-json\/wp\/v2\/pages\/2152"}],"wp:featuredmedia":[{"embeddable":true,"href":"https:\/\/www.upla.cl\/calidad\/wp-json\/wp\/v2\/media\/127217"}],"wp:attachment":[{"href":"https:\/\/www.upla.cl\/calidad\/wp-json\/wp\/v2\/media?parent=2182"}],"curies":[{"name":"wp","href":"https:\/\/api.w.org\/{rel}","templated":true}]}}