{"id":5896,"date":"2015-12-02T17:47:44","date_gmt":"2015-12-02T20:47:44","guid":{"rendered":"http:\/\/www.upla.cl\/admision\/?page_id=5896"},"modified":"2021-01-07T11:03:00","modified_gmt":"2021-01-07T14:03:00","slug":"san-felipe","status":"publish","type":"page","link":"https:\/\/www.upla.cl\/admision\/san-felipe\/","title":{"rendered":"San Felipe"},"content":{"rendered":"<p>[et_pb_section fb_built=\u00bb1&#8243; admin_label=\u00bbCabecera Admisi\u00f3n\u00bb _builder_version=\u00bb4.5.3&#8243; custom_margin=\u00bb||29px||false|false\u00bb custom_padding=\u00bb0|0px|0|0px|false|false\u00bb global_module=\u00bb96166&#8243; collapsed=\u00bboff\u00bb][et_pb_row use_custom_gutter=\u00bbon\u00bb gutter_width=\u00bb1&#8243; make_equal=\u00bbon\u00bb module_class=\u00bb et_pb_row_fullwidth\u00bb _builder_version=\u00bb4.5.3&#8243; width=\u00bb100%\u00bb width_tablet=\u00bb100%\u00bb width_phone=\u00bb\u00bb width_last_edited=\u00bbon|desktop\u00bb max_width=\u00bb100%\u00bb max_width_tablet=\u00bb100%\u00bb max_width_phone=\u00bb\u00bb max_width_last_edited=\u00bbon|desktop\u00bb custom_margin=\u00bb|auto|12px|auto||\u00bb custom_padding=\u00bb0|0px|0|0px|false|false\u00bb make_fullwidth=\u00bbon\u00bb][et_pb_column type=\u00bb4_4&#8243; _builder_version=\u00bb3.25&#8243; custom_padding=\u00bb|||\u00bb custom_padding__hover=\u00bb|||\u00bb][et_pb_image src=\u00bbhttps:\/\/www.upla.cl\/admision\/wp-content\/uploads\/2020\/09\/20200821_admision_grafica2021_headeradmision.jpg\u00bb alt=\u00bbAdmisi\u00f3n 2021 &#8211; Header\u00bb title_text=\u00bbAdmisi\u00f3n 2021 &#8211; Header\u00bb url=\u00bbhttps:\/\/www.upla.cl\/admision\u00bb force_fullwidth=\u00bbon\u00bb align_tablet=\u00bbcenter\u00bb align_phone=\u00bb\u00bb align_last_edited=\u00bbon|desktop\u00bb admin_label=\u00bbCabecera admisi\u00f3n 2018&#8243; _builder_version=\u00bb4.6.5&#8243;][\/et_pb_image][\/et_pb_column][\/et_pb_row][et_pb_row use_custom_gutter=\u00bbon\u00bb gutter_width=\u00bb1&#8243; _builder_version=\u00bb4.4.9&#8243; width=\u00bb95%\u00bb max_width=\u00bb2560px\u00bb custom_margin=\u00bb29px|auto|15px|auto|false|false\u00bb custom_padding=\u00bb1%|1%|1%|1%|true|true\u00bb box_shadow_style=\u00bbpreset1&#8243;][et_pb_column type=\u00bb4_4&#8243; _builder_version=\u00bb4.4.9&#8243;][et_pb_text _builder_version=\u00bb4.5.6&#8243; header_2_font=\u00bb|800||on|||||\u00bb header_2_text_color=\u00bb#e35000&#8243; text_orientation=\u00bbcenter\u00bb]<\/p>\n<h2>V\u00edas de admisi\u00f3n<\/h2>\n<p>[\/et_pb_text][et_pb_menu menu_id=\u00bb29&#8243; menu_style=\u00bbcentered\u00bb menu_icon_color=\u00bb#009bdb\u00bb menu_icon_font_size=\u00bb25px\u00bb _builder_version=\u00bb4.5.6&#8243; menu_font=\u00bb|600|||||||\u00bb menu_font_size=\u00bb15px\u00bb menu_text_color__hover_enabled=\u00bbon|hover\u00bb menu_text_color__hover=\u00bb#009bdb\u00bb][\/et_pb_menu][\/et_pb_column][\/et_pb_row][\/et_pb_section][et_pb_section fb_built=\u00bb1&#8243; fullwidth=\u00bbon\u00bb _builder_version=\u00bb4.0.7&#8243;][et_pb_fullwidth_image src=\u00bbhttps:\/\/www.upla.cl\/admision\/wp-content\/uploads\/2019\/12\/IMG_7799-scaled.jpg\u00bb _builder_version=\u00bb4.0.7&#8243;][\/et_pb_fullwidth_image][\/et_pb_section][et_pb_section fb_built=\u00bb1&#8243; admin_label=\u00bbsection\u00bb _builder_version=\u00bb3.22&#8243;][et_pb_row column_structure=\u00bb1_2,1_2&#8243; admin_label=\u00bbrow\u00bb _builder_version=\u00bb3.25&#8243; background_size=\u00bbinitial\u00bb background_position=\u00bbtop_left\u00bb background_repeat=\u00bbrepeat\u00bb][et_pb_column type=\u00bb1_2&#8243; _builder_version=\u00bb3.25&#8243; custom_padding=\u00bb|||\u00bb custom_padding__hover=\u00bb|||\u00bb][et_pb_text admin_label=\u00bbText\u00bb _builder_version=\u00bb4.0.7&#8243; background_size=\u00bbinitial\u00bb background_position=\u00bbtop_left\u00bb background_repeat=\u00bbrepeat\u00bb custom_padding=\u00bb44px|||||\u00bb]<\/p>\n<h1>Carreras en el Campus San Felipe<\/h1>\n<p>&nbsp;<\/p>\n<p><a title=\"Ingenier\u00eda en Inform\u00e1tica\" href=\"https:\/\/www.upla.cl\/admision\/carreras-profesionales\/facultad-de-ingenieria\/ingenieria-en-informatica-san-felipe\/\" target=\"_blank\" rel=\"noopener noreferrer\">Ingenier\u00eda Inform\u00e1tica<\/a><\/p>\n<p><a title=\"Pedagog\u00eda en Castellano\" href=\"https:\/\/www.upla.cl\/admision\/carreras-profesionales\/facultad-de-humanidades\/pedagogia-en-castellano-san-felipe\/\" target=\"_blank\" rel=\"noopener noreferrer\">Pedagog\u00eda en Castellano<\/a><\/p>\n<p><a title=\"Pedagog\u00eda en Educaci\u00f3n Diferencial\" href=\"https:\/\/www.upla.cl\/admision\/carreras-profesionales\/facultad-de-ciencias-de-laeducacion\/pedagogia-en-educacion-diferencial-san-felipe\/\" target=\"_blank\" rel=\"noopener noreferrer\">Pedagog\u00eda en Educaci\u00f3n Diferencial<\/a><\/p>\n<p><a title=\"Pedagog\u00eda en Historia y Geograf\u00eda\" href=\"https:\/\/www.upla.cl\/admision\/carreras-profesionales\/facultad-de-humanidades\/pedagogia-en-historia-y-geografia-san-felipe\/\" target=\"_blank\" rel=\"noopener noreferrer\">Pedagog\u00eda en Historia y Geograf\u00eda<\/a><\/p>\n<p><a title=\"Pedagog\u00eda en Ingl\u00e9s\" href=\"https:\/\/www.upla.cl\/admision\/carreras-profesionales\/facultad-de-humanidades\/pedagogia-en-ingles-san-felipe\/\" target=\"_blank\" rel=\"noopener noreferrer\">Pedagog\u00eda en Ingl\u00e9s<\/a><\/p>\n<h1><a href=\"https:\/\/www.upla.cl\/admision\/conocenos\/campus-san-felipe\/\" target=\"_blank\" rel=\"noopener noreferrer\">Con\u00f3cenos<\/a><\/h1>\n<h2><a title=\"V\u00edas de Admisi\u00f3n\" href=\"https:\/\/www.upla.cl\/admision\/vias-de-admision\/\">Inf\u00f3rmate sobre las V\u00edas de Admisi\u00f3n<\/a><\/h2>\n<p>&nbsp;<\/p>\n<p>[\/et_pb_text][\/et_pb_column][et_pb_column type=\u00bb1_2&#8243; _builder_version=\u00bb3.25&#8243; custom_padding=\u00bb|||\u00bb custom_padding__hover=\u00bb|||\u00bb][et_pb_sidebar area=\u00bbet_pb_widget_area_1&#8243; _builder_version=\u00bb4.5.3&#8243; _module_preset=\u00bbdefault\u00bb custom_padding=\u00bb15%||||false|false\u00bb][\/et_pb_sidebar][\/et_pb_column][\/et_pb_row][\/et_pb_section]<\/p>\n","protected":false},"excerpt":{"rendered":"<p>V\u00edas de admisi\u00f3nCarreras en el Campus San Felipe &nbsp; Ingenier\u00eda Inform\u00e1tica Pedagog\u00eda en Castellano Pedagog\u00eda en Educaci\u00f3n Diferencial Pedagog\u00eda en Historia y Geograf\u00eda Pedagog\u00eda en Ingl\u00e9s Con\u00f3cenos Inf\u00f3rmate sobre las V\u00edas de Admisi\u00f3n &nbsp;<\/p>\n","protected":false},"author":7,"featured_media":95275,"parent":0,"menu_order":12,"comment_status":"closed","ping_status":"closed","template":"","meta":{"_et_pb_use_builder":"on","_et_pb_old_content":"<a title=\"Educaci\u00f3n Parvularia\" href=\"https:\/\/www.upla.cl\/admision\/carreras-profesionales\/facultad-de-ciencias-de-laeducacion\/educacion-parvularia-san-felipe\/\" target=\"_blank\">Educaci\u00f3n Parvularia<\/a>\r\n\r\n<a title=\"Ingenier\u00eda en Inform\u00e1tica\" href=\"https:\/\/www.upla.cl\/admision\/carreras-profesionales\/facultad-de-ingenieria\/ingenieria-en-informatica-san-felipe\/\" target=\"_blank\">Ingenier\u00eda Inform\u00e1tica<\/a>\r\n\r\n<a title=\"Pedagog\u00eda en Castellano\" href=\"https:\/\/www.upla.cl\/admision\/carreras-profesionales\/facultad-de-humanidades\/pedagogia-en-castellano-san-felipe\/\" target=\"_blank\">Pedagog\u00eda en Castellano<\/a>\r\n\r\n<a title=\"Pedagog\u00eda en Educaci\u00f3n Diferencial\" href=\"https:\/\/www.upla.cl\/admision\/carreras-profesionales\/facultad-de-ciencias-de-laeducacion\/pedagogia-en-educacion-diferencial-san-felipe\/\" target=\"_blank\">Pedagog\u00eda en Educaci\u00f3n Diferencial<\/a>\r\n\r\n<a title=\"Pedagog\u00eda en Historia y Geograf\u00eda\" href=\"https:\/\/www.upla.cl\/admision\/carreras-profesionales\/facultad-de-humanidades\/pedagogia-en-historia-y-geografia-san-felipe\/\" target=\"_blank\">Pedagog\u00eda en Historia y Geograf\u00eda<\/a>\r\n\r\n<a title=\"Pedagog\u00eda en Ingl\u00e9s\" href=\"https:\/\/www.upla.cl\/admision\/carreras-profesionales\/facultad-de-humanidades\/pedagogia-en-ingles-san-felipe\/\" target=\"_blank\">Pedagog\u00eda en Ingl\u00e9s<\/a>\r\n<h1><a href=\"https:\/\/www.upla.cl\/admision\/conocenos\/campus-san-felipe\/\" target=\"_blank\">Con\u00f3cenos<\/a><\/h1>\r\n<h2><a title=\"V\u00edas de Admisi\u00f3n\" href=\"https:\/\/www.upla.cl\/admision\/vias-de-admision\/\">Inf\u00f3rmate sobre las V\u00edas de Admisi\u00f3n<\/a><\/h2>\r\n\u00a0","_et_gb_content_width":"","footnotes":""},"class_list":["post-5896","page","type-page","status-publish","has-post-thumbnail","hentry"],"_links":{"self":[{"href":"https:\/\/www.upla.cl\/admision\/wp-json\/wp\/v2\/pages\/5896","targetHints":{"allow":["GET"]}}],"collection":[{"href":"https:\/\/www.upla.cl\/admision\/wp-json\/wp\/v2\/pages"}],"about":[{"href":"https:\/\/www.upla.cl\/admision\/wp-json\/wp\/v2\/types\/page"}],"author":[{"embeddable":true,"href":"https:\/\/www.upla.cl\/admision\/wp-json\/wp\/v2\/users\/7"}],"replies":[{"embeddable":true,"href":"https:\/\/www.upla.cl\/admision\/wp-json\/wp\/v2\/comments?post=5896"}],"version-history":[{"count":0,"href":"https:\/\/www.upla.cl\/admision\/wp-json\/wp\/v2\/pages\/5896\/revisions"}],"wp:featuredmedia":[{"embeddable":true,"href":"https:\/\/www.upla.cl\/admision\/wp-json\/wp\/v2\/media\/95275"}],"wp:attachment":[{"href":"https:\/\/www.upla.cl\/admision\/wp-json\/wp\/v2\/media?parent=5896"}],"curies":[{"name":"wp","href":"https:\/\/api.w.org\/{rel}","templated":true}]}}