{"id":107,"date":"2012-11-19T22:29:21","date_gmt":"2012-11-19T22:29:21","guid":{"rendered":"http:\/\/www.upla.cl\/admision2013\/?page_id=107"},"modified":"2026-01-08T17:16:41","modified_gmt":"2026-01-08T20:16:41","slug":"bibliotecologia","status":"publish","type":"page","link":"https:\/\/www.upla.cl\/admision\/carreras-profesionales\/facultad-de-ciencias-sociales\/bibliotecologia\/","title":{"rendered":"Bibliotecolog\u00eda"},"content":{"rendered":"<p>[et_pb_section fb_built=\u00bb1&#8243; admin_label=\u00bbBanner carrera con info instant\u00e1nea\u00bb _builder_version=\u00bb4.27.4&#8243; use_background_color_gradient=\u00bbon\u00bb background_color_gradient_stops=\u00bbrgba(0,158,249,0.46) 0%|rgba(0,69,98,0.69) 100%\u00bb background_color_gradient_overlays_image=\u00bbon\u00bb background_color_gradient_start=\u00bbrgba(150,105,97,0.67)\u00bb background_color_gradient_end=\u00bbrgba(2,0,76,0.84)\u00bb background_image=\u00bbhttps:\/\/www.upla.cl\/admision\/wp-content\/uploads\/2023\/09\/bibliotecologia-2.jpg\u00bb background_position=\u00bbtop_center\u00bb custom_margin=\u00bb|||\u00bb custom_padding=\u00bb2.5%||10.3%|||\u00bb global_colors_info=\u00bb{}\u00bb][et_pb_row column_structure=\u00bb1_2,1_2&#8243; _builder_version=\u00bb4.19.3&#8243; _module_preset=\u00bbdefault\u00bb global_colors_info=\u00bb{}\u00bb][et_pb_column type=\u00bb1_2&#8243; _builder_version=\u00bb4.19.3&#8243; _module_preset=\u00bbdefault\u00bb global_colors_info=\u00bb{}\u00bb][et_pb_cta title=\u00bbBibliotecolog\u00eda\u00bb button_url=\u00bb#\u00bb _builder_version=\u00bb4.22.2&#8243; header_level=\u00bbh1&#8243; header_font=\u00bbLato|900||on|||||\u00bb header_font_size=\u00bb40px\u00bb header_letter_spacing=\u00bb1px\u00bb header_line_height=\u00bb1.2em\u00bb body_font=\u00bbLato||||||||\u00bb body_font_size=\u00bb18px\u00bb body_line_height=\u00bb1.5em\u00bb use_background_color=\u00bboff\u00bb text_orientation=\u00bbleft\u00bb max_width=\u00bb750px\u00bb module_alignment=\u00bbleft\u00bb custom_margin=\u00bb61px|||||\u00bb animation_style=\u00bbfold\u00bb animation_intensity_fold=\u00bb16%\u00bb header_font_size_tablet=\u00bb46px\u00bb header_font_size_phone=\u00bb\u00bb header_font_size_last_edited=\u00bbon|tablet\u00bb header_text_shadow_style=\u00bbpreset3&#8243; header_text_shadow_color=\u00bbrgba(0,0,0,0.6)\u00bb text_shadow_style=\u00bbpreset3&#8243; button_letter_spacing_hover=\u00bb2px\u00bb global_colors_info=\u00bb%91%93&#8243; button_text_size__hover_enabled=\u00bboff\u00bb button_one_text_size__hover_enabled=\u00bboff\u00bb button_two_text_size__hover_enabled=\u00bboff\u00bb button_text_color__hover_enabled=\u00bboff\u00bb button_one_text_color__hover_enabled=\u00bboff\u00bb button_two_text_color__hover_enabled=\u00bboff\u00bb button_border_width__hover_enabled=\u00bboff\u00bb button_one_border_width__hover_enabled=\u00bboff\u00bb button_two_border_width__hover_enabled=\u00bboff\u00bb button_border_color__hover_enabled=\u00bboff\u00bb button_one_border_color__hover_enabled=\u00bboff\u00bb button_two_border_color__hover_enabled=\u00bboff\u00bb button_border_radius__hover_enabled=\u00bboff\u00bb button_one_border_radius__hover_enabled=\u00bboff\u00bb button_two_border_radius__hover_enabled=\u00bboff\u00bb button_letter_spacing__hover_enabled=\u00bbon\u00bb button_letter_spacing__hover=\u00bb2px\u00bb button_one_letter_spacing__hover_enabled=\u00bboff\u00bb button_two_letter_spacing__hover_enabled=\u00bboff\u00bb button_bg_color__hover_enabled=\u00bboff\u00bb button_one_bg_color__hover_enabled=\u00bboff\u00bb button_two_bg_color__hover_enabled=\u00bboff\u00bb]<\/p>\n<p>T\u00edtulo: <strong>Bibliotec\u00f3logo o Bibliotec\u00f3loga<\/strong><br \/>Grado Acad\u00e9mico: Licenciada o Licenciado en Ciencias de la Documentaci\u00f3n<br \/>Campus <strong>Valpara\u00edso<\/strong> \/ Carrera Diurna<br \/>Duraci\u00f3n: 10 semestres<br \/>C\u00f3digo: 26080<\/p>\n<p>&nbsp;<\/p>\n<p>[\/et_pb_cta][\/et_pb_column][et_pb_column type=\u00bb1_2&#8243; _builder_version=\u00bb4.19.3&#8243; _module_preset=\u00bbdefault\u00bb global_colors_info=\u00bb{}\u00bb][\/et_pb_column][\/et_pb_row][\/et_pb_section][et_pb_section fb_built=\u00bb1&#8243; admin_label=\u00bbPerfil y bienvenida\u00bb _builder_version=\u00bb4.22.1&#8243; _module_preset=\u00bbdefault\u00bb custom_margin=\u00bb||0px||false|false\u00bb custom_padding=\u00bb54px|0px|50px|0px|false|false\u00bb global_colors_info=\u00bb{}\u00bb][et_pb_row column_structure=\u00bb1_2,1_2&#8243; use_custom_gutter=\u00bbon\u00bb _builder_version=\u00bb4.22.1&#8243; _module_preset=\u00bbdefault\u00bb background_color=\u00bb#FFFFFF\u00bb max_width=\u00bb2560px\u00bb min_height=\u00bb427px\u00bb custom_margin=\u00bb-10%||12px||false|false\u00bb custom_margin_tablet=\u00bb-10%||12px||false|false\u00bb custom_margin_phone=\u00bb-150px||||false|false\u00bb custom_margin_last_edited=\u00bbon|phone\u00bb custom_padding=\u00bb20px|0px|50px|0px|false|false\u00bb animation_style=\u00bbslide\u00bb border_radii=\u00bbon|15px|15px|15px|15px\u00bb border_width_top=\u00bb18px\u00bb border_color_top=\u00bb#004562&#8243; border_style_top=\u00bboutset\u00bb box_shadow_style=\u00bbpreset3&#8243; box_shadow_vertical=\u00bb39px\u00bb box_shadow_blur=\u00bb80px\u00bb global_colors_info=\u00bb{}\u00bb][et_pb_column type=\u00bb1_2&#8243; _builder_version=\u00bb4.22.1&#8243; _module_preset=\u00bbdefault\u00bb global_colors_info=\u00bb{}\u00bb][et_pb_text _builder_version=\u00bb4.22.2&#8243; _module_preset=\u00bbdefault\u00bb text_font=\u00bb|800|||||||\u00bb text_text_color=\u00bb#004562&#8243; text_font_size=\u00bb25px\u00bb text_line_height=\u00bb1.6em\u00bb header_2_font=\u00bb|700|||||||\u00bb header_2_text_align=\u00bbleft\u00bb header_2_text_color=\u00bb#565656&#8243; header_2_font_size=\u00bb32px\u00bb text_orientation=\u00bbcenter\u00bb custom_padding=\u00bb50px||20px|30px|false|false\u00bb global_colors_info=\u00bb{}\u00bb]<\/p>\n<h2 style=\"text-align: left;\">Perfil<\/h2>\n<p>[\/et_pb_text][et_pb_blurb image_icon_background_color=\u00bb#bdc1c9&#8243; image_icon_width=\u00bb19px\u00bb icon_alignment=\u00bbleft\u00bb icon_alignment_tablet=\u00bbleft\u00bb icon_alignment_phone=\u00bbleft\u00bb icon_alignment_last_edited=\u00bbon|desktop\u00bb admin_label=\u00bbperfil del egresado\/a\u00bb _builder_version=\u00bb4.23.1&#8243; _module_preset=\u00bbdefault\u00bb header_level=\u00bbh2&#8243; header_font=\u00bbLato|900|||||||\u00bb header_text_align=\u00bbleft\u00bb header_text_color=\u00bb#004562&#8243; header_font_size=\u00bb25px\u00bb body_font=\u00bbLato||||||||\u00bb body_text_align=\u00bbleft\u00bb body_text_color=\u00bb#565656&#8243; body_line_height=\u00bb1.6em\u00bb image_icon_custom_padding=\u00bb25px|25px|25px|25px|true|true\u00bb text_orientation=\u00bbcenter\u00bb custom_margin=\u00bb-23px|||||\u00bb custom_padding=\u00bb30px|28px||30px|false|false\u00bb animation=\u00bboff\u00bb border_radii_image=\u00bbon|100%|100%|100%|100%\u00bb global_colors_info=\u00bb{}\u00bb]<\/p>\n<p><span>El egresado y la egresada de la carrera de Bibliotecolog\u00eda de la Universidad de Playa Ancha poseen competencias en las \u00e1reas de desarrollo, organizaci\u00f3n, gesti\u00f3n e investigaci\u00f3n de las tecnolog\u00edas de la informaci\u00f3n y de la comunicaci\u00f3n. Procura ser un agente social y cultural para su comunidad, capaz de dominar sistemas de informaci\u00f3n para automatizar procesos, organizar unidades de informaci\u00f3n y desarrollar en las y los usuarios habilidades para la b\u00fasqueda, acceso, evaluaci\u00f3n y difusi\u00f3n de la informaci\u00f3n. <\/span><\/p>\n<p>[\/et_pb_blurb][\/et_pb_column][et_pb_column type=\u00bb1_2&#8243; _builder_version=\u00bb4.22.1&#8243; _module_preset=\u00bbdefault\u00bb global_colors_info=\u00bb{}\u00bb][et_pb_video src=\u00bbhttps:\/\/youtu.be\/x2pXB2bF5v8&#8243; src_webm=\u00bbhttps:\/\/youtu.be\/x2pXB2bF5v8&#8243; disabled_on=\u00bboff|off|off\u00bb admin_label=\u00bbPromocional\u00bb _builder_version=\u00bb4.27.4&#8243; _module_preset=\u00bbdefault\u00bb custom_padding=\u00bb20px|30px|20px|30px|true|true\u00bb global_colors_info=\u00bb{}\u00bb][\/et_pb_video][et_pb_team_member name=\u00bbDirectora de carrera\u00bb position=\u00bbCamila Calisto Breiding\u00bb admin_label=\u00bbDirecci\u00f3n de carrera\u00bb _builder_version=\u00bb4.27.4&#8243; _module_preset=\u00bbdefault\u00bb header_text_align=\u00bbcenter\u00bb header_text_color=\u00bb#004562&#8243; header_font_size=\u00bb20px\u00bb header_line_height=\u00bb0.3em\u00bb body_font=\u00bb||||||||\u00bb body_text_align=\u00bbcenter\u00bb body_text_color=\u00bb#004562&#8243; position_font=\u00bb|600|||||||\u00bb position_text_align=\u00bbcenter\u00bb position_text_color=\u00bb#565656&#8243; position_line_height=\u00bb1.8em\u00bb text_orientation=\u00bbcenter\u00bb width=\u00bb100%\u00bb max_width=\u00bb90%\u00bb max_width_tablet=\u00bb100%\u00bb max_width_phone=\u00bb70%\u00bb max_width_last_edited=\u00bbon|desktop\u00bb module_alignment=\u00bbcenter\u00bb custom_margin=\u00bb||||false|false\u00bb custom_margin_tablet=\u00bb0%||||false|false\u00bb custom_margin_phone=\u00bb0%||||false|false\u00bb custom_margin_last_edited=\u00bbon|tablet\u00bb custom_padding=\u00bb10px||||false|false\u00bb header_text_align_tablet=\u00bbcenter\u00bb header_text_align_phone=\u00bbcenter\u00bb header_text_align_last_edited=\u00bbon|phone\u00bb border_color_all_image=\u00bb#004562&#8243; global_colors_info=\u00bb{}\u00bb]<\/p>\n<p style=\"text-align: center;\"><a href=\"mailto:direccion.bibliotecologia@upla.cl\">direccion.bibliotecologia@upla.cl<\/a><\/p>\n<p>[\/et_pb_team_member][et_pb_button button_url=\u00bbhttps:\/\/upla.cl\/facultad\/cienciassociales\/\u00bb url_new_window=\u00bbon\u00bb button_text=\u00bbIngresa al sitio de la Facultad de Ciencias Sociales\u00bb button_alignment=\u00bbcenter\u00bb admin_label=\u00bbbot\u00f3n de postulaci\u00f3n\u00bb _builder_version=\u00bb4.27.5&#8243; _module_preset=\u00bbdefault\u00bb custom_button=\u00bbon\u00bb button_text_size=\u00bb16px\u00bb button_text_color=\u00bb#ffffff\u00bb button_bg_color=\u00bb#004562&#8243; button_border_width=\u00bb0px\u00bb button_border_radius=\u00bb6px\u00bb button_letter_spacing=\u00bb0px\u00bb button_font=\u00bbLato|700|||||||\u00bb button_icon=\u00bb&#x35;||divi||400&#8243; animation_style=\u00bbzoom\u00bb hover_enabled=\u00bb0&#8243; button_bg_color_last_edited=\u00bboff|tablet\u00bb box_shadow_style=\u00bbpreset3&#8243; box_shadow_color=\u00bbrgba(250,127,40,0.4)\u00bb global_colors_info=\u00bb{}\u00bb button_bg_color__hover_enabled=\u00bbon|hover\u00bb button_bg_color__hover=\u00bb#009bcd\u00bb button_bg_enable_color__hover=\u00bbon\u00bb sticky_enabled=\u00bb0&#8243;][\/et_pb_button][\/et_pb_column][\/et_pb_row][\/et_pb_section][et_pb_section fb_built=\u00bb1&#8243; admin_label=\u00bbCampo-aranceles y requisitos\u00bb _builder_version=\u00bb4.22.1&#8243; _module_preset=\u00bbdefault\u00bb custom_margin=\u00bb||0px||false|false\u00bb custom_padding=\u00bb30px|0px|50px|0px|false|false\u00bb global_colors_info=\u00bb{}\u00bb][et_pb_row column_structure=\u00bb1_3,1_3,1_3&#8243; use_custom_gutter=\u00bbon\u00bb gutter_width=\u00bb1.2&#8243; _builder_version=\u00bb4.22.2&#8243; _module_preset=\u00bbdefault\u00bb background_color=\u00bbRGBA(255,255,255,0)\u00bb max_width=\u00bb2560px\u00bb min_height=\u00bb398px\u00bb custom_margin=\u00bb0%|auto|10px|auto|false|true\u00bb custom_padding=\u00bb19px|0px|3px|0px|false|false\u00bb animation_style=\u00bbslide\u00bb animation_direction=\u00bbbottom\u00bb animation_intensity_slide=\u00bb6%\u00bb animation_starting_opacity=\u00bb100%\u00bb animation_starting_opacity_tablet=\u00bb100%\u00bb animation_starting_opacity_phone=\u00bb100%\u00bb animation_starting_opacity_last_edited=\u00bbon|desktop\u00bb border_color_all=\u00bb#0C71C3&#8243; border_style_all=\u00bboutset\u00bb border_color_top=\u00bbRGBA(255,255,255,0)\u00bb border_style_top=\u00bboutset\u00bb border_width_bottom=\u00bb1px\u00bb border_color_bottom=\u00bb#009bdb\u00bb global_colors_info=\u00bb{}\u00bb][et_pb_column type=\u00bb1_3&#8243; _builder_version=\u00bb4.22.1&#8243; _module_preset=\u00bbdefault\u00bb global_colors_info=\u00bb{}\u00bb][et_pb_blurb title=\u00bbCampo laboral\u00bb image_icon_background_color=\u00bb#bdc1c9&#8243; content_last_edited=\u00bboff|desktop\u00bb _builder_version=\u00bb4.22.2&#8243; _module_preset=\u00bbdefault\u00bb header_level=\u00bbh2&#8243; header_font=\u00bbLato|900|||||||\u00bb header_text_align=\u00bbleft\u00bb header_text_color=\u00bb#565656&#8243; header_font_size=\u00bb25px\u00bb body_font=\u00bbLato||||||||\u00bb body_text_align=\u00bbleft\u00bb body_text_color=\u00bb#565656&#8243; body_line_height=\u00bb1.6em\u00bb image_icon_custom_padding=\u00bb25px|25px|25px|25px|true|true\u00bb text_orientation=\u00bbcenter\u00bb custom_padding=\u00bb30px|||30px|false|false\u00bb animation=\u00bboff\u00bb border_radii_image=\u00bbon|100%|100%|100%|100%\u00bb global_colors_info=\u00bb{}\u00bb]<\/p>\n<p>Su campo laboral es amplio, m\u00e1s a\u00fan si se considera que esta disciplina s\u00f3lo se imparte en la UPLA (a nivel regional). El egresado o egresada puede desempe\u00f1arse en unidades de informaci\u00f3n como bibliotecas, archivos, centros de documentaci\u00f3n y oficinas de informaciones, reclamos y sugerencias (OIRs), entre otros.<\/p>\n<p>En la empresa privada, puede hacerlo en organismos de gobierno y medios de comunicaci\u00f3n como agentes en la gesti\u00f3n, organizaci\u00f3n y tratamiento de la informaci\u00f3n para la toma de decisiones. A su vez, puede ejercer independientemente a trav\u00e9s de consultor\u00edas y\/o empresas de servicios de informaci\u00f3n.<\/p>\n<p>&nbsp;<\/p>\n<p>[\/et_pb_blurb][\/et_pb_column][et_pb_column type=\u00bb1_3&#8243; _builder_version=\u00bb4.22.1&#8243; _module_preset=\u00bbdefault\u00bb global_colors_info=\u00bb{}\u00bb][et_pb_text _builder_version=\u00bb4.23.1&#8243; _module_preset=\u00bbdefault\u00bb text_font=\u00bb|800|||||||\u00bb text_text_color=\u00bb#565656&#8243; text_font_size=\u00bb25px\u00bb text_line_height=\u00bb1.6em\u00bb text_orientation=\u00bbcenter\u00bb custom_padding=\u00bb20px||||false|false\u00bb global_colors_info=\u00bb{}\u00bb]<\/p>\n<p style=\"text-align: center;\">Valores 2026<\/p>\n<p>[\/et_pb_text][et_pb_text _builder_version=\u00bb4.23.1&#8243; _module_preset=\u00bbdefault\u00bb text_font=\u00bbLato||||||||\u00bb text_text_color=\u00bb#565656&#8243; text_line_height=\u00bb1.8em\u00bb header_4_font=\u00bbLato|900|||||||\u00bb header_4_text_color=\u00bb#009bdb\u00bb header_4_font_size=\u00bb25px\u00bb text_orientation=\u00bbcenter\u00bb custom_margin=\u00bb20px|20px|40px|20px|false|false\u00bb global_colors_info=\u00bb{}\u00bb]<\/p>\n<p>Matr\u00edcula<\/p>\n<h4>$185.000<\/h4>\n<p>Arancel Anual<\/p>\n<h4>$3.960.000<\/h4>\n<p>[\/et_pb_text][et_pb_text _builder_version=\u00bb4.22.2&#8243; _module_preset=\u00bbdefault\u00bb text_text_color=\u00bb#565656&#8243; text_line_height=\u00bb1.6em\u00bb text_orientation=\u00bbcenter\u00bb custom_margin=\u00bb-27px|||||\u00bb global_colors_info=\u00bb{}\u00bb]<\/p>\n<p><a href=\"https:\/\/www.upla.cl\/admision\/aranceles\/\" target=\"_blank\" rel=\"noopener\">Revisa la informaci\u00f3n de Aranceles<\/a><\/p>\n<p>[\/et_pb_text][\/et_pb_column][et_pb_column type=\u00bb1_3&#8243; _builder_version=\u00bb4.22.1&#8243; _module_preset=\u00bbdefault\u00bb global_colors_info=\u00bb{}\u00bb][et_pb_blurb title=\u00bbRequisitos de ingreso\u00bb image_icon_background_color=\u00bb#bdc1c9&#8243; content_last_edited=\u00bboff|desktop\u00bb _builder_version=\u00bb4.27.2&#8243; _module_preset=\u00bbdefault\u00bb header_level=\u00bbh2&#8243; header_font=\u00bbLato|900|||||||\u00bb header_text_align=\u00bbleft\u00bb header_text_color=\u00bb#565656&#8243; header_font_size=\u00bb25px\u00bb body_font=\u00bbLato||||||||\u00bb body_text_align=\u00bbleft\u00bb body_text_color=\u00bb#565656&#8243; body_line_height=\u00bb1.6em\u00bb image_icon_custom_padding=\u00bb25px|25px|25px|25px|true|true\u00bb text_orientation=\u00bbcenter\u00bb custom_padding=\u00bb30px|||30px|false|false\u00bb animation=\u00bboff\u00bb border_radii_image=\u00bbon|100%|100%|100%|100%\u00bb global_colors_info=\u00bb{}\u00bb]<\/p>\n<ul>\n<li>Ponderaci\u00f3n NEM: 30%<\/li>\n<li>Ponderaci\u00f3n Ranking: 30%<\/li>\n<li>Competencia Lectora: 20%<\/li>\n<li>Competendia Matem\u00e1tica 1 (M1): 10%<\/li>\n<li>Historia y Ciencias Sociales o Ciencias: 10%<\/li>\n<li>Puntaje M\u00ednimo Promedio (PMP): Competencia Lectora y Competencia Matem\u00e1tica 1: 458 puntos.<\/li>\n<\/ul>\n<p>[\/et_pb_blurb][\/et_pb_column][\/et_pb_row][\/et_pb_section][et_pb_section fb_built=\u00bb1&#8243; _builder_version=\u00bb4.27.4&#8243; _module_preset=\u00bbdefault\u00bb custom_padding=\u00bb||||true|false\u00bb global_module=\u00bb125312&#8243; saved_tabs=\u00bball\u00bb global_colors_info=\u00bb{}\u00bb][et_pb_row column_structure=\u00bb1_5,1_5,1_5,1_5,1_5&#8243; use_custom_gutter=\u00bbon\u00bb gutter_width=\u00bb1.2&#8243; admin_label=\u00bbBotones de postulaci\u00f3n\u00bb _builder_version=\u00bb4.22.2&#8243; _module_preset=\u00bbdefault\u00bb background_color=\u00bbRGBA(255,255,255,0)\u00bb max_width=\u00bb2560px\u00bb min_height=\u00bb250px\u00bb custom_margin=\u00bb-2px|auto||auto|false|true\u00bb custom_padding=\u00bb19px|0px|50px|0px|false|false\u00bb animation_style=\u00bbslide\u00bb animation_direction=\u00bbbottom\u00bb animation_intensity_slide=\u00bb6%\u00bb animation_starting_opacity=\u00bb100%\u00bb animation_starting_opacity_tablet=\u00bb100%\u00bb animation_starting_opacity_phone=\u00bb100%\u00bb animation_starting_opacity_last_edited=\u00bbon|desktop\u00bb border_color_all=\u00bbRGBA(255,255,255,0)\u00bb border_style_all=\u00bboutset\u00bb border_style_top=\u00bboutset\u00bb global_colors_info=\u00bb{}\u00bb][et_pb_column type=\u00bb1_5&#8243; _builder_version=\u00bb4.22.1&#8243; _module_preset=\u00bbdefault\u00bb global_colors_info=\u00bb{}\u00bb][et_pb_blurb title=\u00bbAdmisi\u00f3n regular\u00bb image_icon_background_color=\u00bb#bdc1c9&#8243; image_icon_width=\u00bb19px\u00bb icon_alignment=\u00bbleft\u00bb content_last_edited=\u00bboff|desktop\u00bb _builder_version=\u00bb4.22.2&#8243; _module_preset=\u00bbdefault\u00bb header_level=\u00bbh2&#8243; header_font=\u00bbLato|900|||||||\u00bb header_text_align=\u00bbcenter\u00bb header_text_color=\u00bb#009bdb\u00bb header_font_size=\u00bb25px\u00bb body_font=\u00bbLato||||||||\u00bb body_text_align=\u00bbcenter\u00bb body_text_color=\u00bb#565656&#8243; body_line_height=\u00bb1.6em\u00bb image_icon_custom_padding=\u00bb25px|25px|25px|25px|true|true\u00bb custom_padding=\u00bb30px|10px||6px|false|false\u00bb custom_padding_tablet=\u00bb30px||||false|false\u00bb custom_padding_phone=\u00bb|10px||10px|false|true\u00bb custom_padding_last_edited=\u00bbon|phone\u00bb animation=\u00bboff\u00bb border_radii_image=\u00bbon|100%|100%|100%|100%\u00bb global_colors_info=\u00bb{}\u00bb]<\/p>\n<p>Postulaci\u00f3n v\u00eda puntaje de Prueba de Acceso a la Educaci\u00f3n Superior (PAES).<\/p>\n<p>[\/et_pb_blurb][et_pb_button button_url=\u00bbhttps:\/\/www.upla.cl\/admision\/vias-de-admision\/via-regular\/\u00bb button_text=\u00bbVer m\u00e1s\u00bb button_alignment=\u00bbcenter\u00bb admin_label=\u00bbbot\u00f3n de postulaci\u00f3n\u00bb _builder_version=\u00bb4.22.2&#8243; _module_preset=\u00bbdefault\u00bb custom_button=\u00bbon\u00bb button_text_size=\u00bb16px\u00bb button_text_color=\u00bb#ffffff\u00bb button_bg_color=\u00bb#009bcd\u00bb button_border_width=\u00bb0px\u00bb button_border_radius=\u00bb6px\u00bb button_letter_spacing=\u00bb0px\u00bb button_font=\u00bbLato|700|||||||\u00bb button_icon=\u00bb&#x35;||divi||400&#8243; animation_style=\u00bbzoom\u00bb button_bg_color_last_edited=\u00bboff|tablet\u00bb box_shadow_style=\u00bbpreset3&#8243; box_shadow_color=\u00bbrgba(250,127,40,0.4)\u00bb global_colors_info=\u00bb{}\u00bb button_bg_color__hover_enabled=\u00bbon|desktop\u00bb button_bg_color__hover=\u00bb#009bcd\u00bb button_bg_enable_color__hover=\u00bbon\u00bb][\/et_pb_button][\/et_pb_column][et_pb_column type=\u00bb1_5&#8243; _builder_version=\u00bb4.22.1&#8243; _module_preset=\u00bbdefault\u00bb global_colors_info=\u00bb{}\u00bb][et_pb_blurb title=\u00bbAdmisi\u00f3n especial\u00bb image_icon_background_color=\u00bb#bdc1c9&#8243; image_icon_width=\u00bb19px\u00bb icon_alignment=\u00bbleft\u00bb content_last_edited=\u00bboff|desktop\u00bb _builder_version=\u00bb4.22.2&#8243; _module_preset=\u00bbdefault\u00bb header_level=\u00bbh2&#8243; header_font=\u00bbLato|900|||||||\u00bb header_text_align=\u00bbcenter\u00bb header_text_color=\u00bb#009bdb\u00bb header_font_size=\u00bb25px\u00bb body_font=\u00bbLato||||||||\u00bb body_text_align=\u00bbcenter\u00bb body_text_color=\u00bb#565656&#8243; body_line_height=\u00bb1.6em\u00bb image_icon_custom_padding=\u00bb25px|25px|25px|25px|true|true\u00bb custom_padding=\u00bb30px|||10px|false|false\u00bb custom_padding_tablet=\u00bb30px||||false|false\u00bb custom_padding_phone=\u00bb30px|10px||10px|false|true\u00bb custom_padding_last_edited=\u00bbon|phone\u00bb animation=\u00bboff\u00bb border_radii_image=\u00bbon|100%|100%|100%|100%\u00bb global_colors_info=\u00bb{}\u00bb]<\/p>\n<p>Revisa aqu\u00ed las alternativas de ingreso por v\u00edas especiales a nuestras carreras.<\/p>\n<p>[\/et_pb_blurb][et_pb_button button_url=\u00bbhttps:\/\/www.upla.cl\/admision\/vias-de-admision\/admision-especial\/\u00bb button_text=\u00bbVer m\u00e1s\u00bb button_alignment=\u00bbcenter\u00bb admin_label=\u00bbbot\u00f3n de postulaci\u00f3n\u00bb _builder_version=\u00bb4.22.2&#8243; _module_preset=\u00bbdefault\u00bb custom_button=\u00bbon\u00bb button_text_size=\u00bb16px\u00bb button_text_color=\u00bb#ffffff\u00bb button_bg_color=\u00bb#009bcd\u00bb button_border_width=\u00bb0px\u00bb button_border_radius=\u00bb6px\u00bb button_letter_spacing=\u00bb0px\u00bb button_font=\u00bbLato|700|||||||\u00bb button_icon=\u00bb&#x35;||divi||400&#8243; animation_style=\u00bbzoom\u00bb button_bg_color_last_edited=\u00bboff|tablet\u00bb box_shadow_style=\u00bbpreset3&#8243; box_shadow_color=\u00bbrgba(250,127,40,0.4)\u00bb global_colors_info=\u00bb{}\u00bb button_bg_color__hover_enabled=\u00bbon|hover\u00bb button_bg_color__hover=\u00bb#009bcd\u00bb button_bg_enable_color__hover=\u00bbon\u00bb][\/et_pb_button][\/et_pb_column][et_pb_column type=\u00bb1_5&#8243; _builder_version=\u00bb4.22.1&#8243; _module_preset=\u00bbdefault\u00bb global_colors_info=\u00bb{}\u00bb][et_pb_blurb title=\u00bbPACE\u00bb image_icon_background_color=\u00bb#bdc1c9&#8243; image_icon_width=\u00bb19px\u00bb icon_alignment=\u00bbleft\u00bb content_last_edited=\u00bboff|desktop\u00bb _builder_version=\u00bb4.22.2&#8243; _module_preset=\u00bbdefault\u00bb header_level=\u00bbh2&#8243; header_font=\u00bbLato|900|||||||\u00bb header_text_align=\u00bbcenter\u00bb header_text_color=\u00bb#009bdb\u00bb header_font_size=\u00bb25px\u00bb body_font=\u00bbLato||||||||\u00bb body_text_align=\u00bbcenter\u00bb body_text_color=\u00bb#565656&#8243; body_line_height=\u00bb1.6em\u00bb image_icon_custom_padding=\u00bb25px|25px|25px|25px|true|true\u00bb custom_padding=\u00bb30px|||10px|false|false\u00bb custom_padding_tablet=\u00bb30px||||false|false\u00bb custom_padding_phone=\u00bb30px|10px||10px|false|true\u00bb custom_padding_last_edited=\u00bbon|phone\u00bb animation=\u00bboff\u00bb border_radii_image=\u00bbon|100%|100%|100%|100%\u00bb global_colors_info=\u00bb{}\u00bb]<\/p>\n<p><span>Programa de Acompa\u00f1amiento y Acceso a la Educaci\u00f3n Superior.<\/span><\/p>\n<p>[\/et_pb_blurb][et_pb_button button_url=\u00bbhttps:\/\/www.upla.cl\/pace\u00bb button_text=\u00bbVer m\u00e1s\u00bb button_alignment=\u00bbcenter\u00bb admin_label=\u00bbbot\u00f3n de postulaci\u00f3n\u00bb _builder_version=\u00bb4.22.2&#8243; _module_preset=\u00bbdefault\u00bb custom_button=\u00bbon\u00bb button_text_size=\u00bb16px\u00bb button_text_color=\u00bb#ffffff\u00bb button_bg_color=\u00bb#009bcd\u00bb button_border_width=\u00bb0px\u00bb button_border_radius=\u00bb6px\u00bb button_letter_spacing=\u00bb0px\u00bb button_font=\u00bbLato|700|||||||\u00bb button_icon=\u00bb&#x35;||divi||400&#8243; animation_style=\u00bbzoom\u00bb button_bg_color_last_edited=\u00bboff|tablet\u00bb box_shadow_style=\u00bbpreset3&#8243; box_shadow_color=\u00bbrgba(250,127,40,0.4)\u00bb global_colors_info=\u00bb{}\u00bb button_bg_color__hover_enabled=\u00bbon|hover\u00bb button_bg_color__hover=\u00bb#009bcd\u00bb button_bg_enable_color__hover=\u00bbon\u00bb][\/et_pb_button][\/et_pb_column][et_pb_column type=\u00bb1_5&#8243; _builder_version=\u00bb4.22.1&#8243; _module_preset=\u00bbdefault\u00bb global_colors_info=\u00bb{}\u00bb][et_pb_blurb title=\u00bbProped\u00e9uticos\u00bb image_icon_background_color=\u00bb#bdc1c9&#8243; image_icon_width=\u00bb19px\u00bb icon_alignment=\u00bbleft\u00bb content_last_edited=\u00bboff|desktop\u00bb _builder_version=\u00bb4.22.2&#8243; _module_preset=\u00bbdefault\u00bb header_level=\u00bbh2&#8243; header_font=\u00bbLato|900|||||||\u00bb header_text_align=\u00bbcenter\u00bb header_text_color=\u00bb#009bdb\u00bb header_font_size=\u00bb25px\u00bb body_font=\u00bbLato||||||||\u00bb body_text_align=\u00bbcenter\u00bb body_text_color=\u00bb#565656&#8243; body_line_height=\u00bb1.6em\u00bb image_icon_custom_padding=\u00bb25px|25px|25px|25px|true|true\u00bb custom_padding=\u00bb30px|||14px|false|false\u00bb custom_padding_tablet=\u00bb30px||||false|false\u00bb custom_padding_phone=\u00bb30px|10px||10px|false|true\u00bb custom_padding_last_edited=\u00bbon|phone\u00bb animation=\u00bboff\u00bb border_radii_image=\u00bbon|100%|100%|100%|100%\u00bb global_colors_info=\u00bb{}\u00bb]<\/p>\n<p><span>Programa de preparaci\u00f3n para ingresar a la educaci\u00f3n superior.<\/span><\/p>\n<p>[\/et_pb_blurb][et_pb_button button_url=\u00bbhttps:\/\/www.upla.cl\/admision\/propedeuticos\/\u00bb button_text=\u00bbVer m\u00e1s\u00bb button_alignment=\u00bbcenter\u00bb admin_label=\u00bbbot\u00f3n de postulaci\u00f3n\u00bb _builder_version=\u00bb4.22.2&#8243; _module_preset=\u00bbdefault\u00bb custom_button=\u00bbon\u00bb button_text_size=\u00bb16px\u00bb button_text_color=\u00bb#ffffff\u00bb button_bg_color=\u00bb#009bcd\u00bb button_border_width=\u00bb0px\u00bb button_border_radius=\u00bb6px\u00bb button_letter_spacing=\u00bb0px\u00bb button_font=\u00bbLato|700|||||||\u00bb button_icon=\u00bb&#x35;||divi||400&#8243; animation_style=\u00bbzoom\u00bb button_bg_color_last_edited=\u00bboff|tablet\u00bb box_shadow_style=\u00bbpreset3&#8243; box_shadow_color=\u00bbrgba(250,127,40,0.4)\u00bb global_colors_info=\u00bb{}\u00bb button_bg_color__hover_enabled=\u00bbon|hover\u00bb button_bg_color__hover=\u00bb#009bcd\u00bb button_bg_enable_color__hover=\u00bbon\u00bb][\/et_pb_button][\/et_pb_column][et_pb_column type=\u00bb1_5&#8243; _builder_version=\u00bb4.22.1&#8243; _module_preset=\u00bbdefault\u00bb global_colors_info=\u00bb{}\u00bb][et_pb_blurb title=\u00bbHabilitaci\u00f3n pedag\u00f3gica\u00bb image_icon_background_color=\u00bb#bdc1c9&#8243; image_icon_width=\u00bb19px\u00bb icon_alignment=\u00bbleft\u00bb content_last_edited=\u00bboff|desktop\u00bb _builder_version=\u00bb4.22.2&#8243; _module_preset=\u00bbdefault\u00bb header_level=\u00bbh2&#8243; header_font=\u00bbLato|900|||||||\u00bb header_text_align=\u00bbcenter\u00bb header_text_color=\u00bb#009bdb\u00bb header_font_size=\u00bb25px\u00bb body_font=\u00bbLato||||||||\u00bb body_text_align=\u00bbcenter\u00bb body_text_color=\u00bb#565656&#8243; body_line_height=\u00bb1.6em\u00bb image_icon_custom_padding=\u00bb25px|25px|25px|25px|true|true\u00bb custom_padding=\u00bb30px||||false|false\u00bb custom_padding_tablet=\u00bb30px||||false|false\u00bb custom_padding_phone=\u00bb30px|10px||10px|false|true\u00bb custom_padding_last_edited=\u00bbon|phone\u00bb animation=\u00bboff\u00bb border_radii_image=\u00bbon|100%|100%|100%|100%\u00bb global_colors_info=\u00bb{}\u00bb]<\/p>\n<p><span>V\u00eda de admisi\u00f3n para matr\u00edcula en pedagog\u00edas.<\/span><\/p>\n<p>[\/et_pb_blurb][et_pb_button button_url=\u00bbhttps:\/\/www.upla.cl\/admision\/habilitacion-pedagogica\/\u00bb button_text=\u00bbVer m\u00e1s\u00bb button_alignment=\u00bbcenter\u00bb admin_label=\u00bbbot\u00f3n de postulaci\u00f3n\u00bb _builder_version=\u00bb4.22.2&#8243; _module_preset=\u00bbdefault\u00bb custom_button=\u00bbon\u00bb button_text_size=\u00bb16px\u00bb button_text_color=\u00bb#ffffff\u00bb button_bg_color=\u00bb#009bcd\u00bb button_border_width=\u00bb0px\u00bb button_border_radius=\u00bb6px\u00bb button_letter_spacing=\u00bb0px\u00bb button_font=\u00bbLato|700|||||||\u00bb button_icon=\u00bb&#x35;||divi||400&#8243; animation_style=\u00bbzoom\u00bb button_bg_color_last_edited=\u00bboff|tablet\u00bb box_shadow_style=\u00bbpreset3&#8243; box_shadow_color=\u00bbrgba(250,127,40,0.4)\u00bb global_colors_info=\u00bb{}\u00bb button_bg_color__hover_enabled=\u00bbon|hover\u00bb button_bg_color__hover=\u00bb#009bcd\u00bb button_bg_enable_color__hover=\u00bbon\u00bb][\/et_pb_button][\/et_pb_column][\/et_pb_row][\/et_pb_section][et_pb_section fb_built=\u00bb1&#8243; admin_label=\u00bbMalla curricular\u00bb _builder_version=\u00bb4.22.1&#8243; _module_preset=\u00bbdefault\u00bb background_color=\u00bb#f4f4f4&#8243; custom_margin=\u00bb||0px||false|false\u00bb custom_padding=\u00bb50px|0px|50px|0px|false|false\u00bb global_colors_info=\u00bb{}\u00bb][et_pb_row use_custom_gutter=\u00bbon\u00bb gutter_width=\u00bb1.2&#8243; custom_padding_last_edited=\u00bbon|phone\u00bb _builder_version=\u00bb4.22.1&#8243; _module_preset=\u00bbdefault\u00bb background_color=\u00bbRGBA(255,255,255,0)\u00bb max_width=\u00bb2560px\u00bb min_height=\u00bb100px\u00bb min_height_tablet=\u00bb100px\u00bb min_height_phone=\u00bb100px\u00bb min_height_last_edited=\u00bbon|phone\u00bb custom_margin=\u00bb-3.3%|auto|10px|auto|false|true\u00bb custom_padding=\u00bb19px|0px|50px|0px|false|false\u00bb custom_padding_tablet=\u00bb19px|0px|50px|0px|false|false\u00bb custom_padding_phone=\u00bb0px|0px|0px|0px|true|false\u00bb animation_style=\u00bbslide\u00bb animation_direction=\u00bbbottom\u00bb animation_intensity_slide=\u00bb6%\u00bb animation_starting_opacity=\u00bb100%\u00bb animation_starting_opacity_tablet=\u00bb100%\u00bb animation_starting_opacity_phone=\u00bb100%\u00bb animation_starting_opacity_last_edited=\u00bbon|desktop\u00bb border_radii=\u00bbon|15px|15px|15px|15px\u00bb border_color_top=\u00bbRGBA(255,255,255,0)\u00bb border_style_top=\u00bboutset\u00bb global_colors_info=\u00bb{}\u00bb][et_pb_column type=\u00bb4_4&#8243; _builder_version=\u00bb4.22.1&#8243; _module_preset=\u00bbdefault\u00bb global_colors_info=\u00bb{}\u00bb][et_pb_text _builder_version=\u00bb4.22.2&#8243; _module_preset=\u00bbdefault\u00bb text_font=\u00bb|800|||||||\u00bb text_text_color=\u00bb#004562&#8243; text_font_size=\u00bb25px\u00bb text_line_height=\u00bb1.6em\u00bb header_2_font=\u00bb|700|||||||\u00bb header_2_text_align=\u00bbleft\u00bb header_2_text_color=\u00bb#565656&#8243; header_2_font_size=\u00bb32px\u00bb text_orientation=\u00bbcenter\u00bb custom_padding=\u00bb20px||20px|30px|false|false\u00bb global_colors_info=\u00bb{}\u00bb]<\/p>\n<h2 style=\"text-align: left;\">Malla curricular<\/h2>\n<p>[\/et_pb_text][\/et_pb_column][\/et_pb_row][et_pb_row column_structure=\u00bb1_3,1_3,1_3&#8243; _builder_version=\u00bb4.22.1&#8243; _module_preset=\u00bbdefault\u00bb custom_padding=\u00bb29px||29px|||\u00bb border_color_all=\u00bb#009bdb\u00bb border_style_all=\u00bboutset\u00bb border_width_bottom=\u00bb1px\u00bb border_color_bottom=\u00bb#009bdb\u00bb border_style_bottom=\u00bboutset\u00bb global_colors_info=\u00bb{}\u00bb][et_pb_column type=\u00bb1_3&#8243; _builder_version=\u00bb4.22.1&#8243; _module_preset=\u00bbdefault\u00bb global_colors_info=\u00bb{}\u00bb][et_pb_text _builder_version=\u00bb4.22.2&#8243; _module_preset=\u00bbdefault\u00bb text_font=\u00bbLato|900|||||||\u00bb text_text_color=\u00bbRGBA(255,255,255,0)\u00bb text_font_size=\u00bb25px\u00bb header_font_size=\u00bb26px\u00bb header_2_font=\u00bb|800|||||||\u00bb header_2_text_align=\u00bbright\u00bb header_2_text_color=\u00bb#565656&#8243; header_2_font_size=\u00bb25px\u00bb background_color=\u00bbRGBA(255,255,255,0)\u00bb text_orientation=\u00bbcenter\u00bb custom_margin=\u00bb||||false|false\u00bb custom_padding=\u00bb10px|||26px|false|false\u00bb border_radii=\u00bboff||||\u00bb global_colors_info=\u00bb{}\u00bb]<\/p>\n<h2 style=\"text-align: left;\">Primer a\u00f1o<\/h2>\n<p>[\/et_pb_text][\/et_pb_column][et_pb_column type=\u00bb1_3&#8243; _builder_version=\u00bb4.22.1&#8243; _module_preset=\u00bbdefault\u00bb global_colors_info=\u00bb{}\u00bb][et_pb_text _builder_version=\u00bb4.22.2&#8243; _module_preset=\u00bbdefault\u00bb text_font=\u00bbLato||||||||\u00bb text_text_color=\u00bb#565656&#8243; text_line_height=\u00bb1.2em\u00bb header_2_font=\u00bb||||||||\u00bb header_2_text_color=\u00bb#0C71C3&#8243; header_3_text_color=\u00bb#009bdb\u00bb min_height_tablet=\u00bb\u00bb min_height_phone=\u00bb\u00bb min_height_last_edited=\u00bbon|tablet\u00bb height_tablet=\u00bb\u00bb height_phone=\u00bb\u00bb height_last_edited=\u00bbon|phone\u00bb custom_padding=\u00bb2px|0px|2px|0px|true|true\u00bb border_radii=\u00bboff|||20px|\u00bb border_color_all=\u00bb#009bdb\u00bb border_style_all=\u00bboutset\u00bb global_colors_info=\u00bb{}\u00bb height__hover_enabled=\u00bboff|desktop\u00bb]<\/p>\n<h3>Primer semestre<\/h3>\n<p>&gt; Catalogaci\u00f3n<\/p>\n<p>&gt; Historia del Libro y la Biblioteca<\/p>\n<p>&gt; Introducci\u00f3n a la Bibliotecolog\u00eda y a la Documentaci\u00f3n<\/p>\n<p>&gt; Teor\u00eda de la Comunicaci\u00f3n<\/p>\n<p>&gt; Ingl\u00e9s I<\/p>\n<p>&gt; Filosof\u00eda y Ciencias<\/p>\n<p>[\/et_pb_text][\/et_pb_column][et_pb_column type=\u00bb1_3&#8243; _builder_version=\u00bb4.22.1&#8243; _module_preset=\u00bbdefault\u00bb global_colors_info=\u00bb{}\u00bb][et_pb_text _builder_version=\u00bb4.22.2&#8243; _module_preset=\u00bbdefault\u00bb text_font=\u00bbLato||||||||\u00bb text_text_color=\u00bb#565656&#8243; text_line_height=\u00bb1.2em\u00bb header_2_font=\u00bb||||||||\u00bb header_2_text_color=\u00bb#0C71C3&#8243; header_3_text_color=\u00bb#009bdb\u00bb min_height_tablet=\u00bb\u00bb min_height_phone=\u00bb\u00bb min_height_last_edited=\u00bbon|tablet\u00bb height_tablet=\u00bb\u00bb height_phone=\u00bb\u00bb height_last_edited=\u00bbon|phone\u00bb custom_padding=\u00bb2px|0px|2px|0px|true|true\u00bb border_radii=\u00bboff|||20px|\u00bb border_color_all=\u00bb#009bdb\u00bb border_style_all=\u00bboutset\u00bb global_colors_info=\u00bb{}\u00bb height__hover_enabled=\u00bboff|desktop\u00bb]<\/p>\n<h3>Segundo semestre<\/h3>\n<p>&gt; Catalogaci\u00f3n II<\/p>\n<p>&gt; Administraci\u00f3n General\u00a0<\/p>\n<p>&gt; M\u00e9todos de Investigaci\u00f3n Bibliogr\u00e1fica<\/p>\n<p>&gt; Expresi\u00f3n Oral y Escrita<\/p>\n<p>&gt; Ingl\u00e9s II<\/p>\n<p>&gt; Selecci\u00f3n y Adquisici\u00f3n del Material Bibliogr\u00e1fico y no Libro<\/p>\n<p>[\/et_pb_text][\/et_pb_column][\/et_pb_row][et_pb_row column_structure=\u00bb1_3,1_3,1_3&#8243; _builder_version=\u00bb4.22.1&#8243; _module_preset=\u00bbdefault\u00bb custom_padding=\u00bb29px||29px|||\u00bb border_radii=\u00bboff||||\u00bb border_color_all=\u00bbRGBA(255,255,255,0)\u00bb border_color_top=\u00bbRGBA(255,255,255,0)\u00bb border_color_right=\u00bbRGBA(255,255,255,0)\u00bb border_width_bottom=\u00bb1px\u00bb border_color_bottom=\u00bb#009bdb\u00bb border_style_bottom=\u00bboutset\u00bb border_color_left=\u00bbRGBA(255,255,255,0)\u00bb border_style_left=\u00bboutset\u00bb global_colors_info=\u00bb{}\u00bb][et_pb_column type=\u00bb1_3&#8243; _builder_version=\u00bb4.22.1&#8243; _module_preset=\u00bbdefault\u00bb global_colors_info=\u00bb{}\u00bb][et_pb_text _builder_version=\u00bb4.22.2&#8243; _module_preset=\u00bbdefault\u00bb text_font=\u00bbLato|900|||||||\u00bb text_text_color=\u00bbRGBA(255,255,255,0)\u00bb text_font_size=\u00bb25px\u00bb header_font_size=\u00bb26px\u00bb header_2_font=\u00bb|800|||||||\u00bb header_2_text_align=\u00bbright\u00bb header_2_text_color=\u00bb#565656&#8243; header_2_font_size=\u00bb25px\u00bb background_color=\u00bbRGBA(255,255,255,0)\u00bb text_orientation=\u00bbcenter\u00bb custom_margin=\u00bb||||false|false\u00bb custom_padding=\u00bb10px|||26px|false|false\u00bb border_radii=\u00bboff||||\u00bb global_colors_info=\u00bb{}\u00bb]<\/p>\n<h2 style=\"text-align: left;\">Segundo a\u00f1o<\/h2>\n<p>[\/et_pb_text][\/et_pb_column][et_pb_column type=\u00bb1_3&#8243; _builder_version=\u00bb4.22.1&#8243; _module_preset=\u00bbdefault\u00bb global_colors_info=\u00bb{}\u00bb][et_pb_text _builder_version=\u00bb4.22.2&#8243; _module_preset=\u00bbdefault\u00bb text_font=\u00bbLato||||||||\u00bb text_text_color=\u00bb#565656&#8243; text_line_height=\u00bb1.2em\u00bb header_2_font=\u00bb||||||||\u00bb header_2_text_color=\u00bb#0C71C3&#8243; header_3_text_color=\u00bb#009bdb\u00bb min_height_tablet=\u00bb\u00bb min_height_phone=\u00bb\u00bb min_height_last_edited=\u00bbon|tablet\u00bb height_tablet=\u00bb\u00bb height_phone=\u00bb\u00bb height_last_edited=\u00bbon|phone\u00bb custom_padding=\u00bb2px|0px|2px|0px|true|true\u00bb border_radii=\u00bboff|||20px|\u00bb border_color_all=\u00bb#009bdb\u00bb border_style_all=\u00bboutset\u00bb global_colors_info=\u00bb{}\u00bb height__hover_enabled=\u00bboff|desktop\u00bb]<\/p>\n<h3>Tercer semestre<\/h3>\n<p>&gt; Sistemas de Clasificaci\u00f3n Bibliogr\u00e1fica<\/p>\n<p>&gt; Gesti\u00f3n de Unidades de Informaci\u00f3n I<\/p>\n<p>&gt; Literatura General<\/p>\n<p>&gt; Computaci\u00f3n<\/p>\n<p>&gt; Ingl\u00e9s T\u00e9cnico I<\/p>\n<p>&gt; Formaci\u00f3n General I<\/p>\n<p>[\/et_pb_text][\/et_pb_column][et_pb_column type=\u00bb1_3&#8243; _builder_version=\u00bb4.22.1&#8243; _module_preset=\u00bbdefault\u00bb global_colors_info=\u00bb{}\u00bb][et_pb_text _builder_version=\u00bb4.22.2&#8243; _module_preset=\u00bbdefault\u00bb text_font=\u00bbLato||||||||\u00bb text_text_color=\u00bb#565656&#8243; text_line_height=\u00bb1.2em\u00bb header_2_font=\u00bb||||||||\u00bb header_2_text_color=\u00bb#0C71C3&#8243; header_3_text_color=\u00bb#009bdb\u00bb min_height_tablet=\u00bb\u00bb min_height_phone=\u00bb\u00bb min_height_last_edited=\u00bbon|tablet\u00bb height_tablet=\u00bb\u00bb height_phone=\u00bb\u00bb height_last_edited=\u00bbon|phone\u00bb custom_padding=\u00bb2px|0px|2px|0px|true|true\u00bb border_radii=\u00bboff|||20px|\u00bb border_color_all=\u00bb#009bdb\u00bb border_style_all=\u00bboutset\u00bb global_colors_info=\u00bb{}\u00bb height__hover_enabled=\u00bboff|desktop\u00bb]<\/p>\n<h3>Cuarto semestre<\/h3>\n<p>&gt; Clasificaci\u00f3n<\/p>\n<p>&gt; Gesti\u00f3n de Unidades de Informaci\u00f3n II<\/p>\n<p>&gt; Literatura Chilena<\/p>\n<p>&gt; Organizaci\u00f3n y Manejo de Archivos<\/p>\n<p>&gt; Ingl\u00e9s T\u00e9cnico II<\/p>\n<p>&gt; M\u00e9todos de Investigaci\u00f3n Cient\u00edfica<\/p>\n<p>[\/et_pb_text][\/et_pb_column][\/et_pb_row][et_pb_row column_structure=\u00bb1_3,1_3,1_3&#8243; _builder_version=\u00bb4.22.1&#8243; _module_preset=\u00bbdefault\u00bb custom_padding=\u00bb29px||29px|||\u00bb border_color_all=\u00bb#009bdb\u00bb border_style_all=\u00bboutset\u00bb border_width_bottom=\u00bb1px\u00bb border_color_bottom=\u00bb#009bdb\u00bb border_style_bottom=\u00bboutset\u00bb global_colors_info=\u00bb{}\u00bb][et_pb_column type=\u00bb1_3&#8243; _builder_version=\u00bb4.22.1&#8243; _module_preset=\u00bbdefault\u00bb global_colors_info=\u00bb{}\u00bb][et_pb_text _builder_version=\u00bb4.22.2&#8243; _module_preset=\u00bbdefault\u00bb text_font=\u00bbLato|900|||||||\u00bb text_text_color=\u00bbRGBA(255,255,255,0)\u00bb text_font_size=\u00bb25px\u00bb header_font_size=\u00bb26px\u00bb header_2_font=\u00bb|800|||||||\u00bb header_2_text_align=\u00bbright\u00bb header_2_text_color=\u00bb#565656&#8243; header_2_font_size=\u00bb25px\u00bb background_color=\u00bbRGBA(255,255,255,0)\u00bb text_orientation=\u00bbcenter\u00bb custom_margin=\u00bb||||false|false\u00bb custom_padding=\u00bb10px|||26px|false|false\u00bb border_radii=\u00bboff||||\u00bb global_colors_info=\u00bb{}\u00bb]<\/p>\n<h2 style=\"text-align: left;\">Tercer a\u00f1o<\/h2>\n<p>[\/et_pb_text][\/et_pb_column][et_pb_column type=\u00bb1_3&#8243; _builder_version=\u00bb4.22.1&#8243; _module_preset=\u00bbdefault\u00bb global_colors_info=\u00bb{}\u00bb][et_pb_text _builder_version=\u00bb4.22.2&#8243; _module_preset=\u00bbdefault\u00bb text_font=\u00bbLato||||||||\u00bb text_text_color=\u00bb#565656&#8243; text_line_height=\u00bb1.2em\u00bb header_2_font=\u00bb||||||||\u00bb header_2_text_color=\u00bb#0C71C3&#8243; header_3_text_color=\u00bb#009bdb\u00bb min_height_tablet=\u00bb\u00bb min_height_phone=\u00bb\u00bb min_height_last_edited=\u00bbon|tablet\u00bb height_tablet=\u00bb\u00bb height_phone=\u00bb\u00bb height_last_edited=\u00bbon|phone\u00bb custom_padding=\u00bb2px|0px|2px|0px|true|true\u00bb border_radii=\u00bboff|||20px|\u00bb border_color_all=\u00bb#009bdb\u00bb border_style_all=\u00bboutset\u00bb global_colors_info=\u00bb{}\u00bb height__hover_enabled=\u00bboff|desktop\u00bb]<\/p>\n<h3>Quinto semestre<\/h3>\n<p>&gt; Archivolog\u00eda<\/p>\n<p>&gt; Referencia y Fuentes de Informaci\u00f3n<\/p>\n<p>&gt; Publicaciones Seriadas<\/p>\n<p>&gt; Catalogaci\u00f3n y Clasificaci\u00f3n Material No Libro<\/p>\n<p>&gt; Franc\u00e9s I<\/p>\n<p>&gt; Historia Universal<\/p>\n<p>[\/et_pb_text][\/et_pb_column][et_pb_column type=\u00bb1_3&#8243; _builder_version=\u00bb4.22.1&#8243; _module_preset=\u00bbdefault\u00bb global_colors_info=\u00bb{}\u00bb][et_pb_text _builder_version=\u00bb4.22.2&#8243; _module_preset=\u00bbdefault\u00bb text_font=\u00bbLato||||||||\u00bb text_text_color=\u00bb#565656&#8243; text_line_height=\u00bb1.2em\u00bb header_2_font=\u00bb||||||||\u00bb header_2_text_color=\u00bb#0C71C3&#8243; header_3_text_color=\u00bb#009bdb\u00bb min_height_tablet=\u00bb\u00bb min_height_phone=\u00bb\u00bb min_height_last_edited=\u00bbon|tablet\u00bb height_tablet=\u00bb\u00bb height_phone=\u00bb\u00bb height_last_edited=\u00bbon|phone\u00bb custom_padding=\u00bb2px|0px|2px|0px|true|true\u00bb border_radii=\u00bboff|||20px|\u00bb border_color_all=\u00bb#009bdb\u00bb border_style_all=\u00bboutset\u00bb global_colors_info=\u00bb{}\u00bb height__hover_enabled=\u00bboff|desktop\u00bb]<\/p>\n<h3>Sexto semestre<\/h3>\n<p>&gt; Fundamentos de la Bibliograf\u00eda<\/p>\n<p>&gt; Formatos<\/p>\n<p>&gt; Formaci\u00f3n General II\u00a0<\/p>\n<p>&gt; Estad\u00edstica<\/p>\n<p>&gt; Franc\u00e9s II\u00a0<\/p>\n<p>&gt; Historia de Chile<\/p>\n<p>[\/et_pb_text][\/et_pb_column][\/et_pb_row][et_pb_row column_structure=\u00bb1_3,1_3,1_3&#8243; _builder_version=\u00bb4.22.1&#8243; _module_preset=\u00bbdefault\u00bb custom_padding=\u00bb29px||0px|||\u00bb border_radii=\u00bboff||||\u00bb border_color_all=\u00bbRGBA(255,255,255,0)\u00bb border_color_top=\u00bbRGBA(255,255,255,0)\u00bb border_color_right=\u00bbRGBA(255,255,255,0)\u00bb border_width_bottom=\u00bb1px\u00bb border_color_bottom=\u00bb#009bdb\u00bb border_style_bottom=\u00bboutset\u00bb border_color_left=\u00bbRGBA(255,255,255,0)\u00bb border_style_left=\u00bboutset\u00bb global_colors_info=\u00bb{}\u00bb][et_pb_column type=\u00bb1_3&#8243; _builder_version=\u00bb4.22.1&#8243; _module_preset=\u00bbdefault\u00bb global_colors_info=\u00bb{}\u00bb][et_pb_text _builder_version=\u00bb4.22.2&#8243; _module_preset=\u00bbdefault\u00bb text_font=\u00bbLato|900|||||||\u00bb text_text_color=\u00bbRGBA(255,255,255,0)\u00bb text_font_size=\u00bb25px\u00bb header_font_size=\u00bb26px\u00bb header_2_font=\u00bb|800|||||||\u00bb header_2_text_align=\u00bbright\u00bb header_2_text_color=\u00bb#565656&#8243; header_2_font_size=\u00bb25px\u00bb background_color=\u00bbRGBA(255,255,255,0)\u00bb text_orientation=\u00bbcenter\u00bb custom_margin=\u00bb||||false|false\u00bb custom_padding=\u00bb10px|||26px|false|false\u00bb border_radii=\u00bboff||||\u00bb global_colors_info=\u00bb{}\u00bb]<\/p>\n<h2 style=\"text-align: left;\">Cuarto a\u00f1o<\/h2>\n<p>[\/et_pb_text][\/et_pb_column][et_pb_column type=\u00bb1_3&#8243; _builder_version=\u00bb4.22.1&#8243; _module_preset=\u00bbdefault\u00bb global_colors_info=\u00bb{}\u00bb][et_pb_text _builder_version=\u00bb4.22.2&#8243; _module_preset=\u00bbdefault\u00bb text_font=\u00bbLato||||||||\u00bb text_text_color=\u00bb#565656&#8243; text_line_height=\u00bb1.2em\u00bb header_2_font=\u00bb||||||||\u00bb header_2_text_color=\u00bb#0C71C3&#8243; header_3_text_color=\u00bb#009bdb\u00bb min_height_tablet=\u00bb\u00bb min_height_phone=\u00bb\u00bb min_height_last_edited=\u00bbon|tablet\u00bb height_tablet=\u00bb\u00bb height_phone=\u00bb\u00bb height_last_edited=\u00bbon|phone\u00bb custom_padding=\u00bb2px|0px|2px|0px|true|true\u00bb border_radii=\u00bboff|||20px|\u00bb border_color_all=\u00bb#009bdb\u00bb border_style_all=\u00bboutset\u00bb global_colors_info=\u00bb{}\u00bb height__hover_enabled=\u00bboff|desktop\u00bb]<\/p>\n<h3>S\u00e9ptimo semestre<\/h3>\n<p>&gt; Informaci\u00f3n Documental<\/p>\n<p>&gt; Lenguaje de Indizaci\u00f3n<\/p>\n<p>&gt; Base de Datos<\/p>\n<p>&gt; Estudio y Educaci\u00f3n de Usuarios<\/p>\n<p>&gt; Alem\u00e1n I<\/p>\n<p>&gt; \u00c9tica Profesional<\/p>\n<p>&nbsp;<\/p>\n<p>&nbsp;<\/p>\n<p>[\/et_pb_text][\/et_pb_column][et_pb_column type=\u00bb1_3&#8243; _builder_version=\u00bb4.22.1&#8243; _module_preset=\u00bbdefault\u00bb global_colors_info=\u00bb{}\u00bb][et_pb_text _builder_version=\u00bb4.22.2&#8243; _module_preset=\u00bbdefault\u00bb text_font=\u00bbLato||||||||\u00bb text_text_color=\u00bb#565656&#8243; text_line_height=\u00bb1.2em\u00bb header_2_font=\u00bb||||||||\u00bb header_2_text_color=\u00bb#0C71C3&#8243; header_3_text_color=\u00bb#009bdb\u00bb min_height_tablet=\u00bb\u00bb min_height_phone=\u00bb\u00bb min_height_last_edited=\u00bbon|tablet\u00bb height_tablet=\u00bb\u00bb height_phone=\u00bb\u00bb height_last_edited=\u00bbon|phone\u00bb custom_padding=\u00bb2px|0px|2px|0px|true|true\u00bb border_radii=\u00bboff|||20px|\u00bb border_color_all=\u00bb#009bdb\u00bb border_style_all=\u00bboutset\u00bb global_colors_info=\u00bb{}\u00bb height__hover_enabled=\u00bboff|desktop\u00bb]<\/p>\n<h3>Octavo semestre<\/h3>\n<p>&gt; Documentaci\u00f3n Cient\u00edfica\u00a0<\/p>\n<p>&gt; Ling\u00fc\u00edstica y Documentaci\u00f3n<\/p>\n<p>&gt; Comercializaci\u00f3n de los Servicios de Informaci\u00f3n<\/p>\n<p>&gt; Servicios de Informaci\u00f3n en L\u00ednea<\/p>\n<p>&gt; Alem\u00e1n II<\/p>\n<p>&gt; Taller de Proyectos<\/p>\n<p>&gt; Relaciones Humanas<\/p>\n<p>&nbsp;<\/p>\n<p>&nbsp;<\/p>\n<p>[\/et_pb_text][\/et_pb_column][\/et_pb_row][et_pb_row column_structure=\u00bb1_3,1_3,1_3&#8243; _builder_version=\u00bb4.22.1&#8243; _module_preset=\u00bbdefault\u00bb custom_padding=\u00bb29px||29px|||\u00bb border_color_all=\u00bb#009bdb\u00bb border_style_all=\u00bboutset\u00bb border_color_bottom=\u00bb#009bdb\u00bb border_style_bottom=\u00bboutset\u00bb global_colors_info=\u00bb{}\u00bb][et_pb_column type=\u00bb1_3&#8243; _builder_version=\u00bb4.22.1&#8243; _module_preset=\u00bbdefault\u00bb global_colors_info=\u00bb{}\u00bb][et_pb_text _builder_version=\u00bb4.22.2&#8243; _module_preset=\u00bbdefault\u00bb text_font=\u00bbLato|900|||||||\u00bb text_text_color=\u00bbRGBA(255,255,255,0)\u00bb text_font_size=\u00bb25px\u00bb header_text_color=\u00bb#009bdb\u00bb header_font_size=\u00bb26px\u00bb header_2_font=\u00bb|800|||||||\u00bb header_2_text_align=\u00bbright\u00bb header_2_text_color=\u00bb#565656&#8243; header_2_font_size=\u00bb25px\u00bb background_color=\u00bbRGBA(255,255,255,0)\u00bb text_orientation=\u00bbcenter\u00bb custom_margin=\u00bb||||false|false\u00bb custom_padding=\u00bb10px|||26px|false|false\u00bb border_radii=\u00bboff||||\u00bb global_colors_info=\u00bb{}\u00bb]<\/p>\n<h2 style=\"text-align: left;\">Quinto a\u00f1o<\/h2>\n<p>[\/et_pb_text][\/et_pb_column][et_pb_column type=\u00bb1_3&#8243; _builder_version=\u00bb4.22.1&#8243; _module_preset=\u00bbdefault\u00bb global_colors_info=\u00bb{}\u00bb][et_pb_text _builder_version=\u00bb4.22.2&#8243; _module_preset=\u00bbdefault\u00bb text_font=\u00bbLato||||||||\u00bb text_text_color=\u00bb#565656&#8243; text_line_height=\u00bb1.2em\u00bb header_2_font=\u00bb||||||||\u00bb header_2_text_color=\u00bb#0C71C3&#8243; header_3_text_color=\u00bb#009bdb\u00bb min_height_tablet=\u00bb\u00bb min_height_phone=\u00bb\u00bb min_height_last_edited=\u00bbon|tablet\u00bb height_tablet=\u00bb\u00bb height_phone=\u00bb\u00bb height_last_edited=\u00bbon|phone\u00bb custom_padding=\u00bb2px|0px|2px|0px|true|true\u00bb border_radii=\u00bboff|||20px|\u00bb border_color_all=\u00bb#009bdb\u00bb border_style_all=\u00bboutset\u00bb global_colors_info=\u00bb{}\u00bb height__hover_enabled=\u00bboff|desktop\u00bb]<\/p>\n<h3>Noveno semestre<\/h3>\n<p>&gt; Seminario de T\u00edtulo o Memoria<\/p>\n<p>&gt; Pr\u00e1ctica Profesional<\/p>\n<p>[\/et_pb_text][\/et_pb_column][et_pb_column type=\u00bb1_3&#8243; _builder_version=\u00bb4.22.1&#8243; _module_preset=\u00bbdefault\u00bb global_colors_info=\u00bb{}\u00bb][et_pb_text _builder_version=\u00bb4.22.2&#8243; _module_preset=\u00bbdefault\u00bb text_font=\u00bbLato||||||||\u00bb text_text_color=\u00bb#565656&#8243; text_line_height=\u00bb1.2em\u00bb header_2_font=\u00bb||||||||\u00bb header_2_text_color=\u00bb#0C71C3&#8243; header_3_text_color=\u00bb#009bdb\u00bb min_height_tablet=\u00bb\u00bb min_height_phone=\u00bb\u00bb min_height_last_edited=\u00bbon|tablet\u00bb height_tablet=\u00bb\u00bb height_phone=\u00bb\u00bb height_last_edited=\u00bbon|phone\u00bb custom_padding=\u00bb2px|0px|2px|0px|true|true\u00bb border_radii=\u00bboff|||20px|\u00bb border_color_all=\u00bb#009bdb\u00bb border_style_all=\u00bboutset\u00bb global_colors_info=\u00bb{}\u00bb height__hover_enabled=\u00bboff|desktop\u00bb]<\/p>\n<h3>D\u00e9cimo semestre<\/h3>\n<p>&gt; Seminario de T\u00edtulo o Memoria (continuaci\u00f3n)<\/p>\n<p>[\/et_pb_text][\/et_pb_column][\/et_pb_row][\/et_pb_section][et_pb_section fb_built=\u00bb1&#8243; admin_label=\u00bbBecas y beneficios\u00bb module_id=\u00bbbeneficios\u00bb _builder_version=\u00bb4.27.4&#8243; _module_preset=\u00bbdefault\u00bb custom_margin=\u00bb3%||3%||true|false\u00bb custom_padding=\u00bb50px|0px|0px|0px|false|false\u00bb global_module=\u00bb125027&#8243; saved_tabs=\u00bball\u00bb global_colors_info=\u00bb{}\u00bb][et_pb_row column_structure=\u00bb1_3,1_3,1_3&#8243; use_custom_gutter=\u00bbon\u00bb gutter_width=\u00bb1.2&#8243; custom_padding_last_edited=\u00bbon|phone\u00bb _builder_version=\u00bb4.27.4&#8243; _module_preset=\u00bbdefault\u00bb background_color=\u00bbRGBA(255,255,255,0)\u00bb max_width=\u00bb2560px\u00bb min_height=\u00bb350px\u00bb custom_margin=\u00bb-3.3%|auto|10px|auto|false|true\u00bb custom_padding=\u00bb50px|0px|14px|0px|false|false\u00bb custom_padding_tablet=\u00bb\u00bb custom_padding_phone=\u00bb0px|0px|14px|0px|false|false\u00bb animation_style=\u00bbslide\u00bb animation_direction=\u00bbbottom\u00bb animation_intensity_slide=\u00bb6%\u00bb animation_starting_opacity=\u00bb100%\u00bb animation_starting_opacity_tablet=\u00bb100%\u00bb animation_starting_opacity_phone=\u00bb100%\u00bb animation_starting_opacity_last_edited=\u00bbon|desktop\u00bb border_radii=\u00bbon|15px|15px|15px|15px\u00bb border_color_top=\u00bbRGBA(255,255,255,0)\u00bb border_style_top=\u00bboutset\u00bb global_colors_info=\u00bb{}\u00bb][et_pb_column type=\u00bb1_3&#8243; _builder_version=\u00bb4.22.1&#8243; _module_preset=\u00bbdefault\u00bb global_colors_info=\u00bb{}\u00bb][et_pb_text _builder_version=\u00bb4.27.4&#8243; _module_preset=\u00bbdefault\u00bb text_font=\u00bb|800|||||||\u00bb text_text_color=\u00bb#004562&#8243; text_font_size=\u00bb25px\u00bb text_line_height=\u00bb1.6em\u00bb header_2_font=\u00bb|700|||||||\u00bb header_2_text_align=\u00bbleft\u00bb header_2_text_color=\u00bb#565656&#8243; header_2_font_size=\u00bb32px\u00bb text_orientation=\u00bbcenter\u00bb custom_padding=\u00bb20px||20px|30px|false|false\u00bb global_colors_info=\u00bb{}\u00bb]<\/p>\n<h2 style=\"text-align: left;\">Becas y beneficios<\/h2>\n<p>[\/et_pb_text][\/et_pb_column][et_pb_column type=\u00bb1_3&#8243; _builder_version=\u00bb4.22.1&#8243; _module_preset=\u00bbdefault\u00bb global_colors_info=\u00bb{}\u00bb][et_pb_blurb title=\u00bbBeneficios estudiantiles estatales para la Educaci\u00f3n Superior\u00bb url=\u00bbhttps:\/\/portal.beneficiosestudiantiles.cl\/\u00bb url_new_window=\u00bbon\u00bb image=\u00bbhttps:\/\/www.upla.cl\/admision\/wp-content\/uploads\/2025\/08\/20250829_becas-ministeriales.jpg\u00bb alt=\u00bbBanner de Becas Ministeriales\u00bb _builder_version=\u00bb4.27.4&#8243; _module_preset=\u00bbdefault\u00bb header_text_color=\u00bb#009bdb\u00bb body_text_color=\u00bb#565656&#8243; body_line_height=\u00bb1.2em\u00bb animation_direction=\u00bbright\u00bb animation=\u00bbright\u00bb link_option_url=\u00bbhttps:\/\/portal.beneficiosestudiantiles.cl\/\u00bb link_option_url_new_window=\u00bbon\u00bb border_radii_image=\u00bbon|5px|5px|5px|5px\u00bb box_shadow_style_image=\u00bbpreset3&#8243; global_colors_info=\u00bb{}\u00bb]<\/p>\n<p>Ingresa al portal de beneficios.<\/p>\n<p>[\/et_pb_blurb][\/et_pb_column][et_pb_column type=\u00bb1_3&#8243; _builder_version=\u00bb4.22.1&#8243; _module_preset=\u00bbdefault\u00bb global_colors_info=\u00bb{}\u00bb][et_pb_blurb title=\u00bbBeneficios de la Direcci\u00f3n General de Desarrollo Estudiantil UPLA\u00bb url=\u00bbhttps:\/\/www.upla.cl\/desarrolloestudiantil\/\u00bb url_new_window=\u00bbon\u00bb image=\u00bbhttps:\/\/www.upla.cl\/admision\/wp-content\/uploads\/2023\/09\/20230913_becasybeneficios-dgde.png\u00bb _builder_version=\u00bb4.27.4&#8243; _module_preset=\u00bbdefault\u00bb header_text_color=\u00bb#009bdb\u00bb body_text_color=\u00bb#565656&#8243; body_line_height=\u00bb1.2em\u00bb background_enable_image=\u00bboff\u00bb animation_direction=\u00bbright\u00bb animation=\u00bbright\u00bb link_option_url=\u00bbhttps:\/\/www.upla.cl\/desarrolloestudiantil\/\u00bb link_option_url_new_window=\u00bbon\u00bb border_radii_image=\u00bbon|5px|5px|5px|5px\u00bb box_shadow_style_image=\u00bbpreset3&#8243; global_colors_info=\u00bb{}\u00bb]<\/p>\n<p>Aqu\u00ed encontrar\u00e1s informaci\u00f3n sobre nuestras becas.<\/p>\n<p>[\/et_pb_blurb][\/et_pb_column][\/et_pb_row][\/et_pb_section][et_pb_section fb_built=\u00bb1&#8243; admin_label=\u00bbSecci\u00f3n videos\u00bb _builder_version=\u00bb4.22.1&#8243; _module_preset=\u00bbdefault\u00bb background_color=\u00bb#f4f4f4&#8243; custom_margin=\u00bb||0px||false|false\u00bb custom_padding=\u00bb50px|0px|4px|0px|false|false\u00bb global_module=\u00bb125834&#8243; saved_tabs=\u00bball\u00bb global_colors_info=\u00bb{}\u00bb][et_pb_row use_custom_gutter=\u00bbon\u00bb gutter_width=\u00bb1.2&#8243; _builder_version=\u00bb4.22.1&#8243; _module_preset=\u00bbdefault\u00bb background_color=\u00bbRGBA(255,255,255,0)\u00bb max_width=\u00bb2560px\u00bb min_height=\u00bb100px\u00bb min_height_tablet=\u00bb100px\u00bb min_height_phone=\u00bb100px\u00bb min_height_last_edited=\u00bbon|phone\u00bb custom_margin=\u00bb-3.3%|auto|10px|auto|false|true\u00bb custom_padding=\u00bb19px|0px|0px|0px|false|false\u00bb animation_style=\u00bbslide\u00bb animation_direction=\u00bbbottom\u00bb animation_intensity_slide=\u00bb6%\u00bb animation_starting_opacity=\u00bb100%\u00bb animation_starting_opacity_tablet=\u00bb100%\u00bb animation_starting_opacity_phone=\u00bb100%\u00bb animation_starting_opacity_last_edited=\u00bbon|desktop\u00bb border_radii=\u00bbon|15px|15px|15px|15px\u00bb border_color_top=\u00bbRGBA(255,255,255,0)\u00bb border_style_top=\u00bboutset\u00bb global_colors_info=\u00bb{}\u00bb][et_pb_column type=\u00bb4_4&#8243; _builder_version=\u00bb4.22.1&#8243; _module_preset=\u00bbdefault\u00bb global_colors_info=\u00bb{}\u00bb][et_pb_text _builder_version=\u00bb4.22.2&#8243; _module_preset=\u00bbdefault\u00bb text_font=\u00bb|800|||||||\u00bb text_text_color=\u00bb#004562&#8243; text_font_size=\u00bb25px\u00bb text_line_height=\u00bb1.6em\u00bb header_2_font=\u00bb|700|||||||\u00bb header_2_text_align=\u00bbleft\u00bb header_2_text_color=\u00bb#565656&#8243; header_2_font_size=\u00bb32px\u00bb text_orientation=\u00bbcenter\u00bb custom_padding=\u00bb20px||20px|30px|false|false\u00bb global_colors_info=\u00bb{}\u00bb]<\/p>\n<h2 style=\"text-align: left;\">Videos relacionados<\/h2>\n<p>[\/et_pb_text][\/et_pb_column][\/et_pb_row][et_pb_row column_structure=\u00bb1_3,1_3,1_3&#8243; use_custom_gutter=\u00bbon\u00bb gutter_width=\u00bb1.2&#8243; _builder_version=\u00bb4.22.1&#8243; _module_preset=\u00bbdefault\u00bb background_color=\u00bbRGBA(255,255,255,0)\u00bb max_width=\u00bb2560px\u00bb min_height=\u00bb311.5px\u00bb min_height_tablet=\u00bb\u00bb min_height_phone=\u00bb\u00bb min_height_last_edited=\u00bbon|phone\u00bb custom_margin=\u00bb|auto|10px|auto|false|true\u00bb custom_padding=\u00bb19px|0px|0px|0px|false|false\u00bb animation_style=\u00bbslide\u00bb animation_direction=\u00bbbottom\u00bb animation_intensity_slide=\u00bb6%\u00bb animation_starting_opacity=\u00bb100%\u00bb animation_starting_opacity_tablet=\u00bb100%\u00bb animation_starting_opacity_phone=\u00bb100%\u00bb animation_starting_opacity_last_edited=\u00bbon|desktop\u00bb border_radii=\u00bbon|15px|15px|15px|15px\u00bb border_color_top=\u00bbRGBA(255,255,255,0)\u00bb border_style_top=\u00bboutset\u00bb global_colors_info=\u00bb{}\u00bb][et_pb_column type=\u00bb1_3&#8243; _builder_version=\u00bb4.22.1&#8243; _module_preset=\u00bbdefault\u00bb global_colors_info=\u00bb{}\u00bb][et_pb_code _builder_version=\u00bb4.27.2&#8243; _module_preset=\u00bbdefault\u00bb global_colors_info=\u00bb{}\u00bb]<iframe loading=\"lazy\" width=\"1214\" height=\"683\" src=\"https:\/\/www.youtube.com\/embed\/xCc64JxuV_w\" title=\"Universidad de Playa Ancha (UPLA): Video institucional 2024\" frameborder=\"0\" allow=\"accelerometer; autoplay; clipboard-write; encrypted-media; gyroscope; picture-in-picture; web-share\" referrerpolicy=\"strict-origin-when-cross-origin\" allowfullscreen><\/iframe>[\/et_pb_code][et_pb_text _builder_version=\u00bb4.27.2&#8243; _module_preset=\u00bbdefault\u00bb text_font=\u00bb|600|||||||\u00bb text_text_color=\u00bb#009bdb\u00bb text_font_size=\u00bb25px\u00bb text_line_height=\u00bb1.1em\u00bb min_height=\u00bb24px\u00bb global_colors_info=\u00bb{}\u00bb]<\/p>\n<p style=\"text-align: center;\">Video institucional<\/p>\n<p>[\/et_pb_text][\/et_pb_column][et_pb_column type=\u00bb1_3&#8243; _builder_version=\u00bb4.22.1&#8243; _module_preset=\u00bbdefault\u00bb global_colors_info=\u00bb{}\u00bb][et_pb_code _builder_version=\u00bb4.27.2&#8243; _module_preset=\u00bbdefault\u00bb global_colors_info=\u00bb{}\u00bb]<iframe loading=\"lazy\" width=\"1214\" height=\"683\" src=\"https:\/\/www.youtube.com\/embed\/3yWOr6xQCKY\" title=\"Se instala primer Senado Universitario de la Universidad de Playa Ancha\" frameborder=\"0\" allow=\"accelerometer; autoplay; clipboard-write; encrypted-media; gyroscope; picture-in-picture; web-share\" referrerpolicy=\"strict-origin-when-cross-origin\" allowfullscreen><\/iframe>[\/et_pb_code][et_pb_text _builder_version=\u00bb4.27.2&#8243; _module_preset=\u00bbdefault\u00bb text_font=\u00bb|600|||||||\u00bb text_text_color=\u00bb#009bdb\u00bb text_font_size=\u00bb25px\u00bb text_line_height=\u00bb1.1em\u00bb min_height=\u00bb24px\u00bb global_colors_info=\u00bb{}\u00bb]<\/p>\n<p style=\"text-align: center;\">Instalaci\u00f3n del Senado Universitario<\/p>\n<p>[\/et_pb_text][\/et_pb_column][et_pb_column type=\u00bb1_3&#8243; _builder_version=\u00bb4.22.1&#8243; _module_preset=\u00bbdefault\u00bb global_colors_info=\u00bb{}\u00bb][et_pb_code _builder_version=\u00bb4.22.2&#8243; _module_preset=\u00bbdefault\u00bb global_colors_info=\u00bb{}\u00bb]<iframe loading=\"lazy\" width=\"560\" height=\"315\" src=\"https:\/\/www.youtube.com\/embed\/VwU6-XZXz24?si=er3neLw2Q4DmuRbM\" title=\"YouTube video player\" frameborder=\"0\" allow=\"accelerometer; autoplay; clipboard-write; encrypted-media; gyroscope; picture-in-picture; web-share\" allowfullscreen><\/iframe>[\/et_pb_code][et_pb_text _builder_version=\u00bb4.22.2&#8243; _module_preset=\u00bbdefault\u00bb text_font=\u00bb|600|||||||\u00bb text_text_color=\u00bb#009bdb\u00bb text_font_size=\u00bb25px\u00bb min_height=\u00bb23px\u00bb global_colors_info=\u00bb{}\u00bb]<\/p>\n<p style=\"text-align: center;\">Derechos Humanos<\/p>\n<p>[\/et_pb_text][\/et_pb_column][\/et_pb_row][\/et_pb_section][et_pb_section fb_built=\u00bb1&#8243; admin_label=\u00bb20250523_footermodelo\u00bb _builder_version=\u00bb4.27.4&#8243; _module_preset=\u00bbdefault\u00bb background_color=\u00bb#e5e5e5&#8243; background_enable_image=\u00bboff\u00bb min_height=\u00bb144.2px\u00bb custom_margin=\u00bb2px|||||\u00bb custom_padding=\u00bb50px||3px|||\u00bb border_width_top=\u00bb1px\u00bb border_color_top=\u00bbRGBA(255,255,255,0)\u00bb border_style_top=\u00bboutset\u00bb global_module=\u00bb125&#8243; saved_tabs=\u00bball\u00bb collapsed=\u00bboff\u00bb global_colors_info=\u00bb{}\u00bb][et_pb_row column_structure=\u00bb1_4,1_4,1_4,1_4&#8243; _builder_version=\u00bb4.24.3&#8243; _module_preset=\u00bbdefault\u00bb max_width=\u00bb2560px\u00bb min_height=\u00bb247.9px\u00bb custom_margin=\u00bb|auto|23px|auto|false|false\u00bb custom_padding=\u00bb|20px||20px|false|true\u00bb global_colors_info=\u00bb{}\u00bb][et_pb_column type=\u00bb1_4&#8243; _builder_version=\u00bb4.20.4&#8243; _module_preset=\u00bbdefault\u00bb global_colors_info=\u00bb{}\u00bb][et_pb_image src=\u00bbhttps:\/\/www.upla.cl\/admision\/wp-content\/uploads\/2023\/09\/im-upla.png\u00bb alt=\u00bbUniversidad de Playa Ancha\u00bb title_text=\u00bbim-upla\u00bb url=\u00bbhttps:\/\/www.upla.cl\/portada\/\u00bb align_tablet=\u00bb\u00bb align_phone=\u00bbcenter\u00bb align_last_edited=\u00bbon|phone\u00bb _builder_version=\u00bb4.22.2&#8243; _module_preset=\u00bbdefault\u00bb custom_padding_tablet=\u00bb\u00bb custom_padding_phone=\u00bb|30px||30px|false|true\u00bb custom_padding_last_edited=\u00bbon|phone\u00bb global_colors_info=\u00bb{}\u00bb][\/et_pb_image][et_pb_text _builder_version=\u00bb4.24.2&#8243; _module_preset=\u00bbdefault\u00bb text_text_color=\u00bb#565656&#8243; text_font_size=\u00bb15px\u00bb text_line_height=\u00bb1.2em\u00bb custom_padding=\u00bb|10px|||false|false\u00bb custom_padding_tablet=\u00bb|10px|||false|false\u00bb custom_padding_phone=\u00bb|30px||30px|false|true\u00bb custom_padding_last_edited=\u00bbon|phone\u00bb text_orientation_tablet=\u00bb\u00bb text_orientation_phone=\u00bbcenter\u00bb text_orientation_last_edited=\u00bbon|desktop\u00bb global_colors_info=\u00bb{}\u00bb]<\/p>\n<p style=\"text-align: left;\"><strong>Direcci\u00f3n de Admisi\u00f3n de la Universidad de Playa Ancha.<\/strong><\/p>\n<p style=\"text-align: left;\"><span style=\"color: #565656;\"><a href=\"https:\/\/goo.gl\/maps\/cgVi1ndZsMRnRehe9\" target=\"_blank\" rel=\"noopener\" style=\"color: #565656;\">Avenida Guillermo Gonz\u00e1lez de Hontaneda N\u00ba 855, Edificio Institucional, quinto piso.<\/a><\/span><\/p>\n<p>[\/et_pb_text][\/et_pb_column][et_pb_column type=\u00bb1_4&#8243; _builder_version=\u00bb4.20.4&#8243; _module_preset=\u00bbdefault\u00bb global_colors_info=\u00bb{}\u00bb][et_pb_image src=\u00bbhttps:\/\/www.upla.cl\/portada\/wp-content\/uploads\/2025\/03\/20250311_upla_acreditada_2022-2027-color.png\u00bb alt=\u00bbUPLA_acreditada_2022-2027&#8243; title_text=\u00bb20250311_upla_acreditada_2022-2027-color (1)\u00bb url=\u00bbhttps:\/\/www.upla.cl\/calidad\/acreditacion\/carreras-pregrado-acreditadas-2\/\u00bb url_new_window=\u00bbon\u00bb align_tablet=\u00bb\u00bb align_phone=\u00bbcenter\u00bb align_last_edited=\u00bbon|phone\u00bb admin_label=\u00bbGr\u00e1fica de acreditaci\u00f3n\u00bb _builder_version=\u00bb4.27.4&#8243; _module_preset=\u00bbdefault\u00bb width_tablet=\u00bb\u00bb width_phone=\u00bb60%\u00bb width_last_edited=\u00bbon|phone\u00bb custom_margin=\u00bb-10px||||false|false\u00bb custom_margin_tablet=\u00bb\u00bb custom_margin_phone=\u00bb\u00bb custom_margin_last_edited=\u00bbon|desktop\u00bb custom_padding=\u00bb||0px|||\u00bb global_colors_info=\u00bb{}\u00bb][\/et_pb_image][et_pb_divider color=\u00bb#009bdb\u00bb divider_position=\u00bbcenter\u00bb disabled_on=\u00bboff|off|on\u00bb _builder_version=\u00bb4.22.2&#8243; _module_preset=\u00bbdefault\u00bb global_colors_info=\u00bb{}\u00bb][\/et_pb_divider][\/et_pb_column][et_pb_column type=\u00bb1_4&#8243; _builder_version=\u00bb4.22.2&#8243; _module_preset=\u00bbdefault\u00bb global_colors_info=\u00bb{}\u00bb][et_pb_blurb title=\u00bbConoce nuestras facultades\u00bb _builder_version=\u00bb4.22.2&#8243; _module_preset=\u00bbdefault\u00bb header_font=\u00bbLato|700|||||||\u00bb header_text_color=\u00bb#565656&#8243; header_font_size=\u00bb16px\u00bb body_font=\u00bbLato||||||||\u00bb body_font_size=\u00bb15px\u00bb min_height=\u00bb338.6px\u00bb custom_padding=\u00bb|10px|0px||false|false\u00bb custom_padding_tablet=\u00bb|10px|||false|false\u00bb custom_padding_phone=\u00bb|30px||30px|false|true\u00bb custom_padding_last_edited=\u00bbon|phone\u00bb header_text_align_tablet=\u00bb\u00bb header_text_align_phone=\u00bbcenter\u00bb header_text_align_last_edited=\u00bbon|phone\u00bb body_text_color_last_edited=\u00bboff|desktop\u00bb text_orientation_tablet=\u00bb\u00bb text_orientation_phone=\u00bbleft\u00bb text_orientation_last_edited=\u00bbon|phone\u00bb global_colors_info=\u00bb{}\u00bb body_text_color__hover_enabled=\u00bbon|desktop\u00bb body_text_color__hover=\u00bb#009bdb\u00bb]<\/p>\n<p><span style=\"color: #009bdb;\">\u00a0<\/span><\/p>\n<p><span style=\"color: #009bdb;\"><a href=\"https:\/\/www.upla.cl\/sanfelipe\/\" target=\"_blank\" rel=\"noopener\" style=\"color: #009bdb3;\">&gt; Campus San Felipe<\/a><\/span><\/p>\n<p><span style=\"color: #009bdb;\"><a href=\"https:\/\/www.arteupla.cl\/\" target=\"_blank\" rel=\"noopener\" style=\"color: #009bdb;\">&gt; Facultad de Arte<\/a><\/span><\/p>\n<p><span style=\"color: #009bdb;\"><a href=\"https:\/\/www.upla.cl\/cienciasactividadfisicaydeporte\/\" target=\"_blank\" rel=\"noopener\" style=\"color: #009bdb;\">&gt; Facultad de Ciencias de Actividad F\u00edsica y del Deporte<\/a><\/span><\/p>\n<p><span style=\"color: #009bdb;\"><a href=\"https:\/\/www.upla.cl\/cienciaseducacion\/\" target=\"_blank\" rel=\"noopener\" style=\"color: #009bdb;\">&gt;Facultad de Ciencias de la Educaci\u00f3n<\/a><\/span><\/p>\n<p><span style=\"color: #009bdb;\"><a href=\"https:\/\/www.upla.cl\/cienciassalud\/\" target=\"_blank\" rel=\"noopener\" style=\"color: #009bdb;\">&gt; Facultad de Ciencias de la Salud<\/a><\/span><\/p>\n<p><span style=\"color: #009bdb;\"><a href=\"https:\/\/upla.cl\/facultad\/cienciasnaturalesyexactas\/\" target=\"_blank\" rel=\"noopener\" style=\"color: #009bdb;\">&gt; Facultad de Ciencias Naturales y Exactas<\/a><\/span><\/p>\n<p><span style=\"color: #009bdb;\"><a href=\"https:\/\/www.upla.cl\/csociales\/\" target=\"_blank\" rel=\"noopener\" style=\"color: #009bdb;\">&gt; Facultad de Ciencias Sociales<\/a><\/span><\/p>\n<p><span style=\"color: #009bdb;\"><a href=\"https:\/\/upla.cl\/facultad\/humanidades\/\" target=\"_blank\" rel=\"noopener\" style=\"color: #009bdb;\">&gt; Facultad de Humanidades<\/a><\/span><\/p>\n<p><span style=\"color: #009bdb;\"><a href=\"https:\/\/www.upla.cl\/facultad\/ingenieria\/\" target=\"_blank\" rel=\"noopener\" style=\"color: #009bdb;\">&gt; Facultad de Ingenier\u00eda<\/a><\/span><\/p>\n<p>[\/et_pb_blurb][et_pb_divider color=\u00bb#009bdb\u00bb divider_position=\u00bbcenter\u00bb disabled_on=\u00bboff|off|on\u00bb _builder_version=\u00bb4.22.2&#8243; _module_preset=\u00bbdefault\u00bb global_colors_info=\u00bb{}\u00bb][\/et_pb_divider][\/et_pb_column][et_pb_column type=\u00bb1_4&#8243; _builder_version=\u00bb4.20.4&#8243; _module_preset=\u00bbdefault\u00bb global_colors_info=\u00bb{}\u00bb][et_pb_text _builder_version=\u00bb4.25.2&#8243; _module_preset=\u00bbdefault\u00bb text_font=\u00bb|700|||||||\u00bb text_text_color=\u00bb#565656&#8243; text_line_height=\u00bb1.2em\u00bb header_text_align_tablet=\u00bb\u00bb header_text_align_phone=\u00bbcenter\u00bb header_text_align_last_edited=\u00bbon|phone\u00bb global_colors_info=\u00bb{}\u00bb]<\/p>\n<p style=\"text-align: center;\"><strong>Buscar en UPLA.cl:<\/strong><\/p>\n<p style=\"text-align: right;\"><strong><\/strong><\/p>\n<form id=\"accesos\" action=\"\" style=\"text-align: center;\"><select name=\"sitio\" onchange=\"window.location = (document.forms.accesos.sitio[document.forms.accesos.sitio.selectedIndex].value);\"><option>Acceso directo:<\/option><option value=\"http:\/\/www.upla.cl\/\">UPLA.cl<\/option><option value=\"http:\/\/sitios.upla.cl\/universidad\/\">La Universidad<\/option><option value=\"http:\/\/sitios.upla.cl\/organigrama\/\">Organigrama<\/option><option value=\"http:\/\/www.upla.cl\/calidad\/acreditacion-upla\/\">Acreditaci\u00f3n<\/option><option value=\"http:\/\/sitios.upla.cl\/campus\/\">Campus &#8211; C\u00f3mo llegar<\/option><option value=\"http:\/\/sitios.upla.cl\/san_felipe\/\">Campus San Felipe<\/option><option value=\"http:\/\/www.upla.cl\/bibliotecas\/\">Bibliotecas<\/option><option value=\"http:\/\/sitios.upla.cl\/principales_oficinas\/\">Oficinas y unidades acad\u00e9micas<\/option><option value=\"http:\/\/sitios.upla.cl\/calendario_academico\/\">Calendario Acad\u00e9mico<\/option><option value=\"http:\/\/sitios.upla.cl\/dgrrii\/\">Relaciones Internacionales<\/option><option value=\"http:\/\/sitios.upla.cl\/egresados\/index.html\">Egresados<\/option><option value=\"http:\/\/alumnos.upla.cl\/webmail\/\">Correo electr\u00f3nico estudiantes<\/option><option value=\"http:\/\/sitios.upla.cl\/dae\/\">Desarrollo Estudiantil<\/option><option value=\"https:\/\/www.upla.cl\/admision\/ayudas-estudiantiles\/\">Becas y Ayudas<\/option><option value=\"http:\/\/sitios.upla.cl\/dae\/serv_medico.html\">Servicio M\u00e9dico<\/option><option value=\"http:\/\/sitios.upla.cl\/soupa\/\">Serv. de Orientaci\u00f3n Universitaria<\/option><option value=\"http:\/\/sitios.upla.cl\/practicas\/\">Pr\u00e1cticas<\/option><option value=\"http:\/\/sitios.upla.cl\/titulosygrados\/\">T\u00edtulos y Grados<\/option><option value=\"https:\/\/www.recaudaciones.bancochile.cl\/cliente\/pgdr\/appfront\/Pag_Login.aspx?IdCon=19\">Portal de Pagos<\/option><option value=\"http:\/\/webmail.upla.cl\/\">Correo electr\u00f3nico institucional<\/option><option value=\"http:\/\/sitios.upla.cl\/proy_investigacion\/\">Direcci\u00f3n General de Investigaci\u00f3n<\/option><option value=\"http:\/\/sitios.upla.cl\/dapei\/\">Planificaci\u00f3n Estrat\u00e9gica<\/option><option value=\"http:\/\/www.upla.cl\/calidad\/\">DIRGECAL<\/option><option value=\"http:\/\/www.arteupla.cl\/\">Arte<\/option><option value=\"http:\/\/creal.upla.cl\/humanidades\/\">Humanidades<\/option><option value=\"http:\/\/www.upla.cl\/educacion\/\">Cs. de la Educaci\u00f3n<\/option><option value=\"http:\/\/www.upla.cl\/actividadfisica\/\">Cs. de la Act. F\u00edsica y del Deporte<\/option><option value=\"http:\/\/www.upla.cl\/ciencias\">Ciencias Naturales y Exactas<\/option><option value=\"http:\/\/www.upla.cl\/cienciasdelasalud\/\">Ciencias de la Salud<\/option><option value=\"http:\/\/www.upla.cl\/facultades\/facultaddecienciassociales.html\">Ciencias Sociales<\/option><option value=\"http:\/\/www.upla.cl\/ingenieria\">Ingenier\u00eda<\/option><\/select><\/form>\n<p>[\/et_pb_text][et_pb_text _builder_version=\u00bb4.22.2&#8243; _module_preset=\u00bbdefault\u00bb text_font=\u00bb|700|||||||\u00bb text_text_color=\u00bb#565656&#8243; text_line_height=\u00bb1.2em\u00bb header_text_align_tablet=\u00bb\u00bb header_text_align_phone=\u00bbcenter\u00bb header_text_align_last_edited=\u00bbon|phone\u00bb global_colors_info=\u00bb{}\u00bb]<\/p>\n<p style=\"text-align: center;\"><strong>S\u00edguenos en nuestras redes sociales:<\/strong><\/p>\n<p>[\/et_pb_text][et_pb_social_media_follow icon_color=\u00bb#FFFFFF\u00bb _builder_version=\u00bb4.22.2&#8243; _module_preset=\u00bbdefault\u00bb text_orientation=\u00bbcenter\u00bb text_orientation_tablet=\u00bb\u00bb text_orientation_phone=\u00bbcenter\u00bb text_orientation_last_edited=\u00bbon|phone\u00bb global_colors_info=\u00bb{}\u00bb][et_pb_social_media_follow_network social_network=\u00bbinstagram\u00bb url=\u00bbhttps:\/\/www.instagram.com\/upla_comunica\/\u00bb _builder_version=\u00bb4.20.4&#8243; _module_preset=\u00bbdefault\u00bb background_color=\u00bb#ea2c59&#8243; global_colors_info=\u00bb{}\u00bb follow_button=\u00bboff\u00bb url_new_window=\u00bbon\u00bb]instagram[\/et_pb_social_media_follow_network][et_pb_social_media_follow_network social_network=\u00bbfacebook\u00bb url=\u00bbhttps:\/\/www.facebook.com\/uplacomunica\u00bb _builder_version=\u00bb4.20.4&#8243; _module_preset=\u00bbdefault\u00bb background_color=\u00bb#3b5998&#8243; global_colors_info=\u00bb{}\u00bb follow_button=\u00bboff\u00bb url_new_window=\u00bbon\u00bb]facebook[\/et_pb_social_media_follow_network][et_pb_social_media_follow_network social_network=\u00bbtwitter\u00bb url=\u00bbhttps:\/\/twitter.com\/upla_comunica\u00bb _builder_version=\u00bb4.22.2&#8243; _module_preset=\u00bbdefault\u00bb background_color=\u00bb#000000&#8243; global_colors_info=\u00bb{}\u00bb follow_button=\u00bboff\u00bb url_new_window=\u00bbon\u00bb]twitter[\/et_pb_social_media_follow_network][et_pb_social_media_follow_network social_network=\u00bbyoutube\u00bb url=\u00bbhttps:\/\/www.youtube.com\/user\/comunicacionesupla\u00bb _builder_version=\u00bb4.20.4&#8243; _module_preset=\u00bbdefault\u00bb background_color=\u00bb#a82400&#8243; global_colors_info=\u00bb{}\u00bb follow_button=\u00bboff\u00bb url_new_window=\u00bbon\u00bb]youtube[\/et_pb_social_media_follow_network][\/et_pb_social_media_follow][\/et_pb_column][\/et_pb_row][\/et_pb_section]<\/p>\n","protected":false},"excerpt":{"rendered":"<p>T\u00edtulo: Bibliotec\u00f3logo o Bibliotec\u00f3logaGrado Acad\u00e9mico: Licenciada o Licenciado en Ciencias de la Documentaci\u00f3nCampus Valpara\u00edso \/ Carrera DiurnaDuraci\u00f3n: 10 semestresC\u00f3digo: 26080 &nbsp;PerfilEl egresado y la egresada de la carrera de Bibliotecolog\u00eda de la Universidad de Playa Ancha poseen competencias en las \u00e1reas de desarrollo, organizaci\u00f3n, gesti\u00f3n e investigaci\u00f3n de las tecnolog\u00edas de la informaci\u00f3n y de [&hellip;]<\/p>\n","protected":false},"author":7,"featured_media":7206,"parent":86,"menu_order":1,"comment_status":"closed","ping_status":"closed","template":"","meta":{"_et_pb_use_builder":"on","_et_pb_old_content":"<p><img class=\"alignleft size-full wp-image-2061\" src=\"https:\/\/www.upla.cl\/admision\/wp-content\/uploads\/2012\/11\/Bibliotecologa1.png\" alt=\"Bibliotecologia\" width=\"653\" height=\"320\" \/><\/p><p><a href=\"http:\/\/www.upla.cl\/calidad\/wp-content\/uploads\/2013\/07\/Acuerdo-Bibliotecolog%C3%ADa-2016.pdf\"><img class=\"alignleft size-large wp-image-5723\" src=\"https:\/\/www.upla.cl\/admision\/wp-content\/uploads\/2016\/05\/bibliotecolog\u00eda-e1461953990731.jpg\" alt=\"Bibliotecolog\u00eda UPLA\" width=\"630\" height=\"146\" \/><\/a><br \/> <strong>T\u00edtulo<\/strong><br \/> Bibliotec\u00f3logo.<\/p><p><strong>Grado<\/strong><br \/> Licenciado en Ciencias de la Documentaci\u00f3n.<\/p><p><strong>Duraci\u00f3n<\/strong><br \/> Diez semestres.<\/p><p><strong>Perfil<\/strong><br \/> Con competencias en las \u00e1reas de desarrollo, organizaci\u00f3n, gesti\u00f3n e investigaci\u00f3n de las tecnolog\u00edas de la informaci\u00f3n y de la comunicaci\u00f3n, procura ser un agente social y cultural para su comunidad, capaz de dominar sistemas de informaci\u00f3n para automatizar procesos, organizar unidades de informaci\u00f3n y desarrollar en sus usuarios habilidades para la b\u00fasqueda, acceso, evaluaci\u00f3n y difusi\u00f3n de la informaci\u00f3n.<\/p><p><strong>Campo<\/strong><br \/> Diverso es su campo laboral, m\u00e1s a\u00fan si se considera que esta disciplina es la \u00fanica que se imparte en la regi\u00f3n. Se puede desempe\u00f1ar en unidades de informaci\u00f3n como bibliotecas, archivos, centros de documentaci\u00f3n y oficinas de informaciones, reclamos y sugerencias (OIRs), entre otros. En la empresa privada, organismos de gobierno y medios de comunicaci\u00f3n como agentes en la gesti\u00f3n, organizaci\u00f3n y tratamiento de la informaci\u00f3n para la toma de decisiones. A su vez, puede ejercer independientemente a trav\u00e9s de consultor\u00edas y\/o empresas de servicios de informaci\u00f3n.<\/p><p><strong>Valpara\u00edso<\/strong><br \/> C\u00f3digo 26080.<\/p><p><strong>Requisitos y ponderaciones 2017<\/strong><br \/> NEM: 15%<br \/> Lenguaje y Comunicaci\u00f3n: 40%<br \/> Matem\u00e1tica: 15%<br \/> Historia y Ciencias Sociales o Ciencias: 15%<br \/> Ranking: 15%<\/p><p>Primer matriculado 2017:\u00a0682,15<br \/> \u00daltimo matriculado 2017:\u00a0473<br \/> Promedio m\u00ednimo PSU: 475<\/p><p><strong>Aranceles alumnos que ingresan en 2017<\/strong><br \/> Derechos B\u00e1sicos: $140.000.-<br \/> Arancel anual: $2.402.500.-<\/p><p><strong>Contacto<\/strong><br \/> 800320001 (L\u00ednea gratuita)<\/p><p><strong>Malla<\/strong><\/p><p><a href=\"https:\/\/www.upla.cl\/admision\/wp-content\/uploads\/2014\/09\/Malla_bibliotecologia.pdf\" target=\"_blank\" rel=\"noopener\"><img class=\"alignleft size-full wp-image-5155\" src=\"https:\/\/www.upla.cl\/admision\/wp-content\/uploads\/2014\/09\/Malla_bibliotecologia.png\" alt=\"Universidad de Playa Ancha - Admisi\u00f3n - Malla Bibliotecolog\u00eda\" width=\"640\" height=\"665\" \/><\/a><\/p><p>\u00a0<\/p><p><a href=\"https:\/\/www.upla.cl\/admision\/wp-content\/uploads\/2014\/09\/Malla_bibliotecologia.pdf\" target=\"_blank\" rel=\"noopener\">Descargar en formato pdf<\/a><\/p>","_et_gb_content_width":"","footnotes":""},"class_list":["post-107","page","type-page","status-publish","has-post-thumbnail","hentry"],"_links":{"self":[{"href":"https:\/\/www.upla.cl\/admision\/wp-json\/wp\/v2\/pages\/107","targetHints":{"allow":["GET"]}}],"collection":[{"href":"https:\/\/www.upla.cl\/admision\/wp-json\/wp\/v2\/pages"}],"about":[{"href":"https:\/\/www.upla.cl\/admision\/wp-json\/wp\/v2\/types\/page"}],"author":[{"embeddable":true,"href":"https:\/\/www.upla.cl\/admision\/wp-json\/wp\/v2\/users\/7"}],"replies":[{"embeddable":true,"href":"https:\/\/www.upla.cl\/admision\/wp-json\/wp\/v2\/comments?post=107"}],"version-history":[{"count":0,"href":"https:\/\/www.upla.cl\/admision\/wp-json\/wp\/v2\/pages\/107\/revisions"}],"up":[{"embeddable":true,"href":"https:\/\/www.upla.cl\/admision\/wp-json\/wp\/v2\/pages\/86"}],"wp:featuredmedia":[{"embeddable":true,"href":"https:\/\/www.upla.cl\/admision\/wp-json\/wp\/v2\/media\/7206"}],"wp:attachment":[{"href":"https:\/\/www.upla.cl\/admision\/wp-json\/wp\/v2\/media?parent=107"}],"curies":[{"name":"wp","href":"https:\/\/api.w.org\/{rel}","templated":true}]}}